{"id":9562,"date":"2025-06-30T07:44:12","date_gmt":"2025-06-30T05:44:12","guid":{"rendered":"https:\/\/catholiques17.fr\/tonnaycharente\/?page_id=9562"},"modified":"2025-07-07T11:43:26","modified_gmt":"2025-07-07T09:43:26","slug":"lussant","status":"publish","type":"page","link":"https:\/\/catholiques17.fr\/tonnaycharente\/nos-eglises\/lussant\/","title":{"rendered":"Lussant"},"content":{"rendered":"<p>[et_pb_section fb_built=\u00a0\u00bb1&Prime; _builder_version=\u00a0\u00bb4.27.4&Prime; _module_preset=\u00a0\u00bbdefault\u00a0\u00bb custom_padding=\u00a0\u00bb6px|||||\u00a0\u00bb global_colors_info=\u00a0\u00bb{}\u00a0\u00bb theme_builder_area=\u00a0\u00bbpost_content\u00a0\u00bb][et_pb_row _builder_version=\u00a0\u00bb4.27.4&Prime; _module_preset=\u00a0\u00bbdefault\u00a0\u00bb custom_padding=\u00a0\u00bb13px|||||\u00a0\u00bb global_colors_info=\u00a0\u00bb{}\u00a0\u00bb theme_builder_area=\u00a0\u00bbpost_content\u00a0\u00bb][et_pb_column type=\u00a0\u00bb4_4&Prime; _builder_version=\u00a0\u00bb4.27.4&Prime; _module_preset=\u00a0\u00bbdefault\u00a0\u00bb global_colors_info=\u00a0\u00bb{}\u00a0\u00bb theme_builder_area=\u00a0\u00bbpost_content\u00a0\u00bb][et_pb_image src=\u00a0\u00bbhttps:\/\/catholiques17.fr\/tonnaycharente\/wp-content\/uploads\/sites\/47\/2025\/07\/Lussant.jpg\u00a0\u00bb title_text=\u00a0\u00bbLussant\u00a0\u00bb align=\u00a0\u00bbcenter\u00a0\u00bb _builder_version=\u00a0\u00bb4.27.4&Prime; _module_preset=\u00a0\u00bbdefault\u00a0\u00bb global_colors_info=\u00a0\u00bb{}\u00a0\u00bb theme_builder_area=\u00a0\u00bbpost_content\u00a0\u00bb][\/et_pb_image][\/et_pb_column][\/et_pb_row][et_pb_row _builder_version=\u00a0\u00bb4.27.4&Prime; _module_preset=\u00a0\u00bbdefault\u00a0\u00bb hover_enabled=\u00a0\u00bb0&Prime; global_colors_info=\u00a0\u00bb{}\u00a0\u00bb theme_builder_area=\u00a0\u00bbpost_content\u00a0\u00bb sticky_enabled=\u00a0\u00bb0&Prime;][et_pb_column type=\u00a0\u00bb4_4&Prime; _builder_version=\u00a0\u00bb4.27.4&Prime; _module_preset=\u00a0\u00bbdefault\u00a0\u00bb global_colors_info=\u00a0\u00bb{}\u00a0\u00bb theme_builder_area=\u00a0\u00bbpost_content\u00a0\u00bb][et_pb_text _builder_version=\u00a0\u00bb4.27.4&Prime; _module_preset=\u00a0\u00bbdefault\u00a0\u00bb hover_enabled=\u00a0\u00bb0&Prime; global_colors_info=\u00a0\u00bb{}\u00a0\u00bb theme_builder_area=\u00a0\u00bbpost_content\u00a0\u00bb sticky_enabled=\u00a0\u00bb0&Prime;]<\/p>\n<p><strong>Lussant \u2013 \u00c9glise Saint-Pierre<br \/><\/strong><em>27 Rue de l&rsquo;\u00c9glise, 17430 Lussant<\/em> <\/p>\n<p>L\u2019\u00e9glise Saint-Pierre de Lussant est un \u00e9difice roman <strong>datant de la fin du XII\u1d49 si\u00e8cle<\/strong>. Elle a subi plusieurs remaniements au fil des si\u00e8cles : <strong>au XIV\u1d49 si\u00e8cle<\/strong> (construction du clocher actuel), <strong>au XV\u1d49 si\u00e8cle<\/strong> (ajout d\u2019une chapelle), puis \u00e0 des p\u00e9riodes ult\u00e9rieures.<\/p>\n<p>La fa\u00e7ade, refaite au XVIII\u1d49 si\u00e8cle apr\u00e8s le raccourcissement de la nef, est un simple mur droit, sans caract\u00e8re stylistique marqu\u00e9. Un petit portail en arc bris\u00e9, constitu\u00e9 de pierres anciennes, y a \u00e9t\u00e9 am\u00e9nag\u00e9. <strong>Il est orn\u00e9 d\u2019un cordon de pointes de diamant et encadr\u00e9 par des colonnes aux chapiteaux modestement sculpt\u00e9s<\/strong>.<\/p>\n<p>Le clocher, massif et de plan carr\u00e9, est solidement b\u00e2ti. Chaque face de son unique \u00e9tage est perc\u00e9e de deux longues fen\u00eatres tr\u00e8s espac\u00e9es. Un toit presque plat repose sur un entablement discret soutenu par des consoles \u00e0 quatre listels.<\/p>\n<p>Le chevet, en h\u00e9micycle, pr\u00e9sente <strong>une architecture sobre et \u00e9l\u00e9gant<\/strong>e. Il est divis\u00e9 en sept pans par de hautes colonnes s\u2019\u00e9levant du sol jusqu\u2019\u00e0 une corniche orn\u00e9e de simples mordillons. Cinq de ces pans sont perc\u00e9s de fen\u00eatres cintr\u00e9es, non d\u00e9cor\u00e9es.<\/p>\n<p><strong>La chapelle sud <\/strong>(\u00e0 droite)<strong> a vu ses murs sur\u00e9lev\u00e9s afin d\u2019abriter autrefois une salle de refuge<\/strong>. \u00c0 l\u2019int\u00e9rieur de l\u2019\u00e9glise, les deux trav\u00e9es de la nef, vo\u00fbt\u00e9es d\u2019un plafond arrondi, sont s\u00e9par\u00e9es par des colonnes aux chapiteaux finement sculpt\u00e9s. Leurs tailloirs, d\u00e9cor\u00e9s de feuilles de laurier, forment un cordon ornemental continu.<\/p>\n<p>Les fen\u00eatres en plein cintre sont largement \u00e9bras\u00e9es. <strong>Un arc en tiers-point s\u00e9pare la nef du carr\u00e9 du clocher<\/strong>, vo\u00fbt\u00e9 sur crois\u00e9e d\u2019ogives avec liernes et formerets, dont les nervures convergent vers une ouverture destin\u00e9e aux cloches.<\/p>\n<p>\u00c0 droite, on trouve <strong>une ancienne chapelle seigneuriale<\/strong>. \u00c0 gauche, au-del\u00e0 de larges baies ogivales, s&rsquo;\u00e9tend une seconde chapelle compos\u00e9e de deux trav\u00e9es. <\/p>\n<p>Enfin, de part et d\u2019autre de l\u2019entr\u00e9e principale, se dressent deux colonnes constitu\u00e9es de vestiges provenant de l\u2019<strong>ancien cimeti\u00e8re qui entourait autrefois l\u2019\u00e9glise<\/strong>. Sur les murs de fa\u00e7ade, pr\u00e8s de ces colonnes, <strong>des pierres de taille dessinent deux croix papales \u00e0 triple traverse<\/strong>.<\/p>\n<p>[\/et_pb_text][\/et_pb_column][\/et_pb_row][et_pb_row column_structure=\u00a0\u00bb1_2,1_2&Prime; _builder_version=\u00a0\u00bb4.27.4&Prime; _module_preset=\u00a0\u00bbdefault\u00a0\u00bb global_colors_info=\u00a0\u00bb{}\u00a0\u00bb theme_builder_area=\u00a0\u00bbpost_content\u00a0\u00bb][et_pb_column type=\u00a0\u00bb1_2&Prime; _builder_version=\u00a0\u00bb4.27.4&Prime; _module_preset=\u00a0\u00bbdefault\u00a0\u00bb global_colors_info=\u00a0\u00bb{}\u00a0\u00bb theme_builder_area=\u00a0\u00bbpost_content\u00a0\u00bb][et_pb_image src=\u00a0\u00bbhttps:\/\/catholiques17.fr\/tonnaycharente\/wp-content\/uploads\/sites\/47\/2025\/07\/Lussant2.jpg\u00a0\u00bb title_text=\u00a0\u00bbLussant2&Prime; _builder_version=\u00a0\u00bb4.27.4&Prime; _module_preset=\u00a0\u00bbdefault\u00a0\u00bb global_colors_info=\u00a0\u00bb{}\u00a0\u00bb theme_builder_area=\u00a0\u00bbpost_content\u00a0\u00bb][\/et_pb_image][\/et_pb_column][et_pb_column type=\u00a0\u00bb1_2&Prime; _builder_version=\u00a0\u00bb4.27.4&Prime; _module_preset=\u00a0\u00bbdefault\u00a0\u00bb global_colors_info=\u00a0\u00bb{}\u00a0\u00bb theme_builder_area=\u00a0\u00bbpost_content\u00a0\u00bb][et_pb_image src=\u00a0\u00bbhttps:\/\/catholiques17.fr\/tonnaycharente\/wp-content\/uploads\/sites\/47\/2025\/07\/Lussant3.jpg\u00a0\u00bb title_text=\u00a0\u00bbLussant3&Prime; _builder_version=\u00a0\u00bb4.27.4&Prime; _module_preset=\u00a0\u00bbdefault\u00a0\u00bb hover_enabled=\u00a0\u00bb0&Prime; global_colors_info=\u00a0\u00bb{}\u00a0\u00bb theme_builder_area=\u00a0\u00bbpost_content\u00a0\u00bb sticky_enabled=\u00a0\u00bb0&Prime;][\/et_pb_image][\/et_pb_column][\/et_pb_row][\/et_pb_section]<\/p>\n","protected":false},"excerpt":{"rendered":"<p>Lussant \u2013 \u00c9glise Saint-Pierre27 Rue de l&rsquo;\u00c9glise, 17430 Lussant L\u2019\u00e9glise Saint-Pierre de Lussant est un \u00e9difice roman datant de la fin du XII\u1d49 si\u00e8cle. Elle a subi plusieurs remaniements au [&hellip;]<\/p>\n","protected":false},"author":4,"featured_media":0,"parent":7319,"menu_order":0,"comment_status":"closed","ping_status":"closed","template":"","meta":{"_et_pb_use_builder":"on","_et_pb_old_content":"<!-- wp:divi\/placeholder \/-->","_et_gb_content_width":"","footnotes":""},"class_list":["post-9562","page","type-page","status-publish","hentry"],"_links":{"self":[{"href":"https:\/\/catholiques17.fr\/tonnaycharente\/wp-json\/wp\/v2\/pages\/9562","targetHints":{"allow":["GET"]}}],"collection":[{"href":"https:\/\/catholiques17.fr\/tonnaycharente\/wp-json\/wp\/v2\/pages"}],"about":[{"href":"https:\/\/catholiques17.fr\/tonnaycharente\/wp-json\/wp\/v2\/types\/page"}],"author":[{"embeddable":true,"href":"https:\/\/catholiques17.fr\/tonnaycharente\/wp-json\/wp\/v2\/users\/4"}],"replies":[{"embeddable":true,"href":"https:\/\/catholiques17.fr\/tonnaycharente\/wp-json\/wp\/v2\/comments?post=9562"}],"version-history":[{"count":4,"href":"https:\/\/catholiques17.fr\/tonnaycharente\/wp-json\/wp\/v2\/pages\/9562\/revisions"}],"predecessor-version":[{"id":9632,"href":"https:\/\/catholiques17.fr\/tonnaycharente\/wp-json\/wp\/v2\/pages\/9562\/revisions\/9632"}],"up":[{"embeddable":true,"href":"https:\/\/catholiques17.fr\/tonnaycharente\/wp-json\/wp\/v2\/pages\/7319"}],"wp:attachment":[{"href":"https:\/\/catholiques17.fr\/tonnaycharente\/wp-json\/wp\/v2\/media?parent=9562"}],"curies":[{"name":"wp","href":"https:\/\/api.w.org\/{rel}","templated":true}]}}