{"id":5214,"date":"2022-04-07T20:02:43","date_gmt":"2022-04-07T18:02:43","guid":{"rendered":"https:\/\/catholiques17.fr\/tonnaycharente\/?page_id=5214"},"modified":"2025-09-08T08:29:40","modified_gmt":"2025-09-08T06:29:40","slug":"le-pretre","status":"publish","type":"page","link":"https:\/\/catholiques17.fr\/tonnaycharente\/paroisse\/le-pretre\/","title":{"rendered":"Le pr\u00eatre"},"content":{"rendered":"<p>[et_pb_section fb_built=\u00a0\u00bb1&Prime; _builder_version=\u00a0\u00bb4.16&Prime; _module_preset=\u00a0\u00bbdefault\u00a0\u00bb custom_padding=\u00a0\u00bb3px|||||\u00a0\u00bb global_colors_info=\u00a0\u00bb{}\u00a0\u00bb theme_builder_area=\u00a0\u00bbpost_content\u00a0\u00bb][et_pb_row column_structure=\u00a0\u00bb2_5,3_5&Prime; _builder_version=\u00a0\u00bb4.21.0&Prime; _module_preset=\u00a0\u00bbdefault\u00a0\u00bb global_colors_info=\u00a0\u00bb{}\u00a0\u00bb theme_builder_area=\u00a0\u00bbpost_content\u00a0\u00bb][et_pb_column type=\u00a0\u00bb2_5&Prime; _builder_version=\u00a0\u00bb4.21.0&Prime; _module_preset=\u00a0\u00bbdefault\u00a0\u00bb global_colors_info=\u00a0\u00bb{}\u00a0\u00bb theme_builder_area=\u00a0\u00bbpost_content\u00a0\u00bb][et_pb_image src=\u00a0\u00bbhttps:\/\/catholiques17.fr\/tonnaycharente\/wp-content\/uploads\/sites\/47\/2025\/09\/votasamjosephmarie.jpeg\u00a0\u00bb title_text=\u00a0\u00bbvotasamjosephmarie\u00a0\u00bb _builder_version=\u00a0\u00bb4.27.4&Prime; _module_preset=\u00a0\u00bbdefault\u00a0\u00bb animation_style=\u00a0\u00bbslide\u00a0\u00bb animation_duration=\u00a0\u00bb950ms\u00a0\u00bb hover_enabled=\u00a0\u00bb0&Prime; border_radii=\u00a0\u00bbon|20px|20px|20px|20px\u00a0\u00bb border_color_all=\u00a0\u00bb#F49A24&Prime; global_colors_info=\u00a0\u00bb{}\u00a0\u00bb theme_builder_area=\u00a0\u00bbpost_content\u00a0\u00bb align=\u00a0\u00bbcenter\u00a0\u00bb width=\u00a0\u00bb100%\u00a0\u00bb max_width=\u00a0\u00bb100%\u00a0\u00bb sticky_enabled=\u00a0\u00bb0&Prime;][\/et_pb_image][\/et_pb_column][et_pb_column type=\u00a0\u00bb3_5&Prime; _builder_version=\u00a0\u00bb4.21.0&Prime; _module_preset=\u00a0\u00bbdefault\u00a0\u00bb global_colors_info=\u00a0\u00bb{}\u00a0\u00bb theme_builder_area=\u00a0\u00bbpost_content\u00a0\u00bb][et_pb_text _builder_version=\u00a0\u00bb4.27.4&Prime; _module_preset=\u00a0\u00bbdefault\u00a0\u00bb hover_enabled=\u00a0\u00bb0&Prime; global_colors_info=\u00a0\u00bb{}\u00a0\u00bb theme_builder_area=\u00a0\u00bbpost_content\u00a0\u00bb sticky_enabled=\u00a0\u00bb0&Prime;]<\/p>\n<p style=\"text-align: justify;\"><strong>Le P\u00e8re Joseph-Marie Vo Ta Sam est heureux de vous accueillir \u00e0 la paroisse Tonnay-Charente.<\/strong><\/p>\n<p style=\"text-align: justify;\">Vietnamien, arriv\u00e9 en France en 2007, apr\u00e8s quelques ann\u00e9es de formation de la vie religieuse pour la mission, il est entr\u00e9 au s\u00e9minaire de Notre Dame de Vie \u00e0 Venasques ( dans le Vaucluse). E<span style=\"background-color: #ffffff; font-size: 14px;\">n 2018, il a \u00e9t\u00e9 <\/span><span style=\"font-size: 14px;\">accueilli dans le Dioc\u00e8se de la Rochelle pour l&rsquo;insertion pastorale \u00e0 Rochefort. Ordonn\u00e9 pr\u00eatre en 2020 et nomm\u00e9 vicaire de la paroisse de la Rochelle centre de 2020-2024. il est nomm\u00e9 cur\u00e9 de la paroisse de Tonnay-Charente en septembre 2025.<\/span><\/p>\n<p style=\"text-align: justify;\">[\/et_pb_text][\/et_pb_column][\/et_pb_row][\/et_pb_section]<\/p>\n","protected":false},"excerpt":{"rendered":"<p>Le P\u00e8re Joseph-Marie Vo Ta Sam est heureux de vous accueillir \u00e0 la paroisse Tonnay-Charente. Vietnamien, arriv\u00e9 en France en 2007, apr\u00e8s quelques ann\u00e9es de formation de la vie religieuse [&hellip;]<\/p>\n","protected":false},"author":4,"featured_media":0,"parent":9055,"menu_order":0,"comment_status":"closed","ping_status":"closed","template":"","meta":{"_et_pb_use_builder":"on","_et_pb_old_content":"<!-- wp:divi\/placeholder \/-->","_et_gb_content_width":"","footnotes":""},"class_list":["post-5214","page","type-page","status-publish","hentry"],"_links":{"self":[{"href":"https:\/\/catholiques17.fr\/tonnaycharente\/wp-json\/wp\/v2\/pages\/5214","targetHints":{"allow":["GET"]}}],"collection":[{"href":"https:\/\/catholiques17.fr\/tonnaycharente\/wp-json\/wp\/v2\/pages"}],"about":[{"href":"https:\/\/catholiques17.fr\/tonnaycharente\/wp-json\/wp\/v2\/types\/page"}],"author":[{"embeddable":true,"href":"https:\/\/catholiques17.fr\/tonnaycharente\/wp-json\/wp\/v2\/users\/4"}],"replies":[{"embeddable":true,"href":"https:\/\/catholiques17.fr\/tonnaycharente\/wp-json\/wp\/v2\/comments?post=5214"}],"version-history":[{"count":24,"href":"https:\/\/catholiques17.fr\/tonnaycharente\/wp-json\/wp\/v2\/pages\/5214\/revisions"}],"predecessor-version":[{"id":9702,"href":"https:\/\/catholiques17.fr\/tonnaycharente\/wp-json\/wp\/v2\/pages\/5214\/revisions\/9702"}],"up":[{"embeddable":true,"href":"https:\/\/catholiques17.fr\/tonnaycharente\/wp-json\/wp\/v2\/pages\/9055"}],"wp:attachment":[{"href":"https:\/\/catholiques17.fr\/tonnaycharente\/wp-json\/wp\/v2\/media?parent=5214"}],"curies":[{"name":"wp","href":"https:\/\/api.w.org\/{rel}","templated":true}]}}