{"id":6028,"date":"2024-11-20T14:06:49","date_gmt":"2024-11-20T13:06:49","guid":{"rendered":"https:\/\/catholiques17.fr\/spm\/?page_id=6028"},"modified":"2024-11-22T11:57:51","modified_gmt":"2024-11-22T10:57:51","slug":"reconciliation","status":"publish","type":"page","link":"https:\/\/catholiques17.fr\/spm\/etapes-de-la-vie\/reconciliation\/","title":{"rendered":"R\u00e9conciliation"},"content":{"rendered":"<p>[et_pb_section fb_built=\u00a0\u00bb1&Prime; _builder_version=\u00a0\u00bb4.21.0&Prime; _module_preset=\u00a0\u00bbdefault\u00a0\u00bb custom_padding=\u00a0\u00bb1px|||||\u00a0\u00bb global_colors_info=\u00a0\u00bb{}\u00a0\u00bb theme_builder_area=\u00a0\u00bbet_body_layout\u00a0\u00bb][et_pb_row _builder_version=\u00a0\u00bb4.21.0&Prime; _module_preset=\u00a0\u00bbdefault\u00a0\u00bb custom_padding=\u00a0\u00bb3px|||||\u00a0\u00bb global_colors_info=\u00a0\u00bb{}\u00a0\u00bb theme_builder_area=\u00a0\u00bbet_body_layout\u00a0\u00bb][et_pb_column type=\u00a0\u00bb4_4&Prime; _builder_version=\u00a0\u00bb4.21.0&Prime; _module_preset=\u00a0\u00bbdefault\u00a0\u00bb global_colors_info=\u00a0\u00bb{}\u00a0\u00bb theme_builder_area=\u00a0\u00bbet_body_layout\u00a0\u00bb][et_pb_image src=\u00a0\u00bbhttps:\/\/catholiques17.fr\/spm\/wp-content\/uploads\/sites\/25\/2024\/11\/Sacrement-reconciliation-Grande.jpeg\u00a0\u00bb title_text=\u00a0\u00bbSacrement-reconciliation-Grande\u00a0\u00bb align=\u00a0\u00bbcenter\u00a0\u00bb _builder_version=\u00a0\u00bb4.21.0&Prime; _module_preset=\u00a0\u00bbdefault\u00a0\u00bb hover_enabled=\u00a0\u00bb0&Prime; global_colors_info=\u00a0\u00bb{}\u00a0\u00bb theme_builder_area=\u00a0\u00bbet_body_layout\u00a0\u00bb sticky_enabled=\u00a0\u00bb0&Prime;][\/et_pb_image][\/et_pb_column][\/et_pb_row][et_pb_row _builder_version=\u00a0\u00bb4.21.0&Prime; _module_preset=\u00a0\u00bbdefault\u00a0\u00bb global_colors_info=\u00a0\u00bb{}\u00a0\u00bb theme_builder_area=\u00a0\u00bbet_body_layout\u00a0\u00bb][et_pb_column type=\u00a0\u00bb4_4&Prime; _builder_version=\u00a0\u00bb4.21.0&Prime; _module_preset=\u00a0\u00bbdefault\u00a0\u00bb global_colors_info=\u00a0\u00bb{}\u00a0\u00bb theme_builder_area=\u00a0\u00bbet_body_layout\u00a0\u00bb][et_pb_text _builder_version=\u00a0\u00bb4.21.0&Prime; _module_preset=\u00a0\u00bbdefault\u00a0\u00bb hover_enabled=\u00a0\u00bb0&Prime; global_colors_info=\u00a0\u00bb{}\u00a0\u00bb theme_builder_area=\u00a0\u00bbet_body_layout\u00a0\u00bb sticky_enabled=\u00a0\u00bb0&Prime;]<\/p>\n<p><span>Le\u00a0<\/span><span>sacrement de la p\u00e9nitence ou de la r\u00e9conciliation\u00a0<\/span><span>est par excellence le sacrement de l\u2019amour et de la consolation de Dieu. En tout premier lieu,\u00a0<\/span><span>se confesser<\/span><span>, c\u2019est confesser l\u2019amour de Dieu et sa mis\u00e9ricorde. Et \u00e9galement se rappeler la gr\u00e2ce du\u00a0<\/span><span>bapt\u00eame<\/span><span>\u00a0qui nous a arrach\u00e9 au pouvoir du mal. Dans la suite de notre existence, le sacrement de p\u00e9nitence est un peu un nouveau bapt\u00eame.\u00a0<\/span><\/p>\n<p>[\/et_pb_text][\/et_pb_column][\/et_pb_row][et_pb_row _builder_version=\u00a0\u00bb4.21.0&Prime; _module_preset=\u00a0\u00bbdefault\u00a0\u00bb theme_builder_area=\u00a0\u00bbet_body_layout\u00a0\u00bb][et_pb_column _builder_version=\u00a0\u00bb4.21.0&Prime; _module_preset=\u00a0\u00bbdefault\u00a0\u00bb type=\u00a0\u00bb4_4&Prime; theme_builder_area=\u00a0\u00bbet_body_layout\u00a0\u00bb][et_pb_testimonial author=\u00a0\u00bbPape Fran\u00e7ois\u00a0\u00bb portrait_url=\u00a0\u00bbhttps:\/\/catholiques17.fr\/spm\/wp-content\/uploads\/sites\/25\/2024\/11\/Pape-Francois.jpg\u00a0\u00bb _builder_version=\u00a0\u00bb4.21.0&Prime; _module_preset=\u00a0\u00bbdefault\u00a0\u00bb theme_builder_area=\u00a0\u00bbet_body_layout\u00a0\u00bb hover_enabled=\u00a0\u00bb0&Prime; sticky_enabled=\u00a0\u00bb0&Prime; job_title=\u00a0\u00bbAudience g\u00e9n\u00e9rale, mercredi 19 f\u00e9vrier 2014&Prime; title_text=\u00a0\u00bbPape Fran\u00e7ois\u00a0\u00bb custom_padding=\u00a0\u00bb||32px|||\u00a0\u00bb custom_margin=\u00a0\u00bb||29px|||\u00a0\u00bb]<\/p>\n<p><span>\u00ab<\/span><em>\u00a0Chers amis, c\u00e9l\u00e9brer le sacrement de la r\u00e9conciliation signifie \u00eatre envelopp\u00e9s par une \u00e9treinte chaleureuse : c\u2019est l\u2019\u00e9treinte de la mis\u00e9ricorde infinie du P\u00e8re. Rappelons cette belle parabole du fils qui est parti de chez lui avec l\u2019argent de son h\u00e9ritage ; il a gaspill\u00e9 tout son argent et ensuite, quand il n\u2019avait plus rien, il a d\u00e9cid\u00e9 de revenir chez lui, non comme un fils, mais comme un serviteur. Il ressentait profond\u00e9ment sa faute dans son c\u0153ur et tant de honte. La surprise a \u00e9t\u00e9 que quand il commen\u00e7a \u00e0 parler, \u00e0 demander pardon, son p\u00e8re ne le laissa pas parler, il l\u2019embrassa et fit la f\u00eate. Quant \u00e0 moi je vous dis: chaque fois que nous nous confessons, Dieu nous embrasse, Dieu fait la f\u00eate ! Allons de l\u2019avant sur cette route.\u00a0<\/em><span>\u00bb<\/span><\/p>\n<p>[\/et_pb_testimonial][\/et_pb_column][\/et_pb_row][et_pb_row _builder_version=\u00a0\u00bb4.21.0&Prime; _module_preset=\u00a0\u00bbdefault\u00a0\u00bb custom_margin=\u00a0\u00bb-16px|auto||auto||\u00a0\u00bb custom_padding=\u00a0\u00bb5px|||||\u00a0\u00bb global_colors_info=\u00a0\u00bb{}\u00a0\u00bb theme_builder_area=\u00a0\u00bbet_body_layout\u00a0\u00bb][et_pb_column type=\u00a0\u00bb4_4&Prime; _builder_version=\u00a0\u00bb4.21.0&Prime; _module_preset=\u00a0\u00bbdefault\u00a0\u00bb global_colors_info=\u00a0\u00bb{}\u00a0\u00bb theme_builder_area=\u00a0\u00bbet_body_layout\u00a0\u00bb][et_pb_divider color=\u00a0\u00bb#00BAAD\u00a0\u00bb divider_weight=\u00a0\u00bb2px\u00a0\u00bb _builder_version=\u00a0\u00bb4.21.0&Prime; _module_preset=\u00a0\u00bbdefault\u00a0\u00bb global_colors_info=\u00a0\u00bb{}\u00a0\u00bb theme_builder_area=\u00a0\u00bbet_body_layout\u00a0\u00bb][\/et_pb_divider][\/et_pb_column][\/et_pb_row][et_pb_row _builder_version=\u00a0\u00bb4.21.0&Prime; _module_preset=\u00a0\u00bbdefault\u00a0\u00bb global_colors_info=\u00a0\u00bb{}\u00a0\u00bb theme_builder_area=\u00a0\u00bbet_body_layout\u00a0\u00bb custom_margin=\u00a0\u00bb-13px|auto||auto||\u00a0\u00bb][et_pb_column type=\u00a0\u00bb4_4&Prime; _builder_version=\u00a0\u00bb4.21.0&Prime; _module_preset=\u00a0\u00bbdefault\u00a0\u00bb global_colors_info=\u00a0\u00bb{}\u00a0\u00bb theme_builder_area=\u00a0\u00bbet_body_layout\u00a0\u00bb][et_pb_text _builder_version=\u00a0\u00bb4.21.0&Prime; _module_preset=\u00a0\u00bbdefault\u00a0\u00bb hover_enabled=\u00a0\u00bb0&Prime; global_colors_info=\u00a0\u00bb{}\u00a0\u00bb theme_builder_area=\u00a0\u00bbet_body_layout\u00a0\u00bb sticky_enabled=\u00a0\u00bb0&Prime;]<\/p>\n<h4><span><span style=\"color: #00baad;\">Les pr\u00eatres se tiennent \u00e0 la disposition des fid\u00e8les qui souhaiteraient vivre le sacrement de la r\u00e9conciliation.<\/span><\/span><\/h4>\n<h4><\/h4>\n<h4><span style=\"color: #00baad;\">Contactez- nous\u00a0:<\/span> <a href=\"mailto:paroissespm@gmail.com\" target=\"_blank\" rel=\"noopener\">paroissespm@gmail.com<\/a> <span style=\"color: #00baad;\">&#8211; 05\u00a008 41 02 40<\/span><\/h4>\n<p>[\/et_pb_text][\/et_pb_column][\/et_pb_row][\/et_pb_section]<\/p>\n","protected":false},"excerpt":{"rendered":"<p>Le\u00a0sacrement de la p\u00e9nitence ou de la r\u00e9conciliation\u00a0est par excellence le sacrement de l\u2019amour et de la consolation de Dieu. En tout premier lieu,\u00a0se confesser, c\u2019est confesser l\u2019amour de Dieu [&hellip;]<\/p>\n","protected":false},"author":4,"featured_media":0,"parent":6020,"menu_order":0,"comment_status":"closed","ping_status":"closed","template":"","meta":{"_et_pb_use_builder":"on","_et_pb_old_content":"<!-- wp:divi\/placeholder \/-->","_et_gb_content_width":"","footnotes":""},"class_list":["post-6028","page","type-page","status-publish","hentry"],"_links":{"self":[{"href":"https:\/\/catholiques17.fr\/spm\/wp-json\/wp\/v2\/pages\/6028","targetHints":{"allow":["GET"]}}],"collection":[{"href":"https:\/\/catholiques17.fr\/spm\/wp-json\/wp\/v2\/pages"}],"about":[{"href":"https:\/\/catholiques17.fr\/spm\/wp-json\/wp\/v2\/types\/page"}],"author":[{"embeddable":true,"href":"https:\/\/catholiques17.fr\/spm\/wp-json\/wp\/v2\/users\/4"}],"replies":[{"embeddable":true,"href":"https:\/\/catholiques17.fr\/spm\/wp-json\/wp\/v2\/comments?post=6028"}],"version-history":[{"count":3,"href":"https:\/\/catholiques17.fr\/spm\/wp-json\/wp\/v2\/pages\/6028\/revisions"}],"predecessor-version":[{"id":6144,"href":"https:\/\/catholiques17.fr\/spm\/wp-json\/wp\/v2\/pages\/6028\/revisions\/6144"}],"up":[{"embeddable":true,"href":"https:\/\/catholiques17.fr\/spm\/wp-json\/wp\/v2\/pages\/6020"}],"wp:attachment":[{"href":"https:\/\/catholiques17.fr\/spm\/wp-json\/wp\/v2\/media?parent=6028"}],"curies":[{"name":"wp","href":"https:\/\/api.w.org\/{rel}","templated":true}]}}