{"id":6022,"date":"2024-11-20T14:05:53","date_gmt":"2024-11-20T13:05:53","guid":{"rendered":"https:\/\/catholiques17.fr\/spm\/?page_id=6022"},"modified":"2024-11-22T11:25:43","modified_gmt":"2024-11-22T10:25:43","slug":"bapteme","status":"publish","type":"page","link":"https:\/\/catholiques17.fr\/spm\/etapes-de-la-vie\/bapteme\/","title":{"rendered":"Bapt\u00eame"},"content":{"rendered":"<p>[et_pb_section fb_built=\u00a0\u00bb1&Prime; theme_builder_area=\u00a0\u00bbpost_content\u00a0\u00bb _builder_version=\u00a0\u00bb4.21.0&Prime; _module_preset=\u00a0\u00bbdefault\u00a0\u00bb custom_padding=\u00a0\u00bb1px|||||\u00a0\u00bb][et_pb_row _builder_version=\u00a0\u00bb4.21.0&Prime; _module_preset=\u00a0\u00bbdefault\u00a0\u00bb theme_builder_area=\u00a0\u00bbpost_content\u00a0\u00bb custom_padding=\u00a0\u00bb3px|||||\u00a0\u00bb][et_pb_column _builder_version=\u00a0\u00bb4.21.0&Prime; _module_preset=\u00a0\u00bbdefault\u00a0\u00bb type=\u00a0\u00bb4_4&Prime; theme_builder_area=\u00a0\u00bbpost_content\u00a0\u00bb][et_pb_image src=\u00a0\u00bbhttps:\/\/catholiques17.fr\/spm\/wp-content\/uploads\/sites\/25\/2024\/11\/bapteme_1-2.jpg\u00a0\u00bb _builder_version=\u00a0\u00bb4.21.0&Prime; _module_preset=\u00a0\u00bbdefault\u00a0\u00bb theme_builder_area=\u00a0\u00bbpost_content\u00a0\u00bb hover_enabled=\u00a0\u00bb0&Prime; sticky_enabled=\u00a0\u00bb0&Prime; title_text=\u00a0\u00bbbapteme_1 (2)\u00a0\u00bb align=\u00a0\u00bbcenter\u00a0\u00bb][\/et_pb_image][\/et_pb_column][\/et_pb_row][et_pb_row _builder_version=\u00a0\u00bb4.21.0&Prime; _module_preset=\u00a0\u00bbdefault\u00a0\u00bb theme_builder_area=\u00a0\u00bbpost_content\u00a0\u00bb][et_pb_column _builder_version=\u00a0\u00bb4.21.0&Prime; _module_preset=\u00a0\u00bbdefault\u00a0\u00bb type=\u00a0\u00bb4_4&Prime; theme_builder_area=\u00a0\u00bbpost_content\u00a0\u00bb][et_pb_text _builder_version=\u00a0\u00bb4.21.0&Prime; _module_preset=\u00a0\u00bbdefault\u00a0\u00bb theme_builder_area=\u00a0\u00bbpost_content\u00a0\u00bb hover_enabled=\u00a0\u00bb0&Prime; sticky_enabled=\u00a0\u00bb0&Prime;]<\/p>\n<p><span>Le jour du bapt\u00eame, votre enfant est accueilli dans la grande famille des chr\u00e9tiens. Le nouveau baptis\u00e9 pourra compter tout au long de sa vie sur cette famille. Le\u00a0<\/span><strong>bapt\u00eame<\/strong><span>\u00a0est le premier des trois sacrements de l\u2019initiation chr\u00e9tienne que recevra votre enfant. Par le bapt\u00eame \u00a0: il re\u00e7oit de Dieu, une vie nouvelle. Par l\u2019<\/span><strong>eucharistie<\/strong><span>, la communion au Corps du Christ, cette vie sera nourrie. Par la<\/span><strong>\u00a0confirmation<\/strong><span>, cette vie nouvelle sera fortifi\u00e9e par le don de l\u2019Esprit Saint.<\/span><\/p>\n<p>[\/et_pb_text][\/et_pb_column][\/et_pb_row][et_pb_row _builder_version=\u00a0\u00bb4.21.0&Prime; _module_preset=\u00a0\u00bbdefault\u00a0\u00bb theme_builder_area=\u00a0\u00bbpost_content\u00a0\u00bb][et_pb_column _builder_version=\u00a0\u00bb4.21.0&Prime; _module_preset=\u00a0\u00bbdefault\u00a0\u00bb type=\u00a0\u00bb4_4&Prime; theme_builder_area=\u00a0\u00bbpost_content\u00a0\u00bb][et_pb_text _builder_version=\u00a0\u00bb4.21.0&Prime; _module_preset=\u00a0\u00bbdefault\u00a0\u00bb theme_builder_area=\u00a0\u00bbpost_content\u00a0\u00bb hover_enabled=\u00a0\u00bb0&Prime; sticky_enabled=\u00a0\u00bb0&Prime;]<\/p>\n<p><strong><span style=\"text-decoration: underline;\">Bapt\u00eame des enfants de moins de 6 ans<\/span><span>\u00a0<\/span>:<\/strong><\/p>\n<p>Le service d\u2019accompagnement \u00e0 la pr\u00e9paration au bapt\u00eame des enfants a pour but d\u2019aider les parents \u00e0 r\u00e9fl\u00e9chir au sens de leur d\u00e9marche, \u00e0 mieux comprendre le sens du sacrement du bapt\u00eame et \u00e0 pr\u00e9parer la c\u00e9l\u00e9bration. Les animateurs(rices) ont \u00e9t\u00e9 form\u00e9(e)s pour accueillir de jeunes parents et les aider \u00e0 exprimer leur foi ou leurs doutes. Ils peuvent r\u00e9pondre aux questions que vous pouvez vous poser sur la foi en J\u00e9sus-Christ.<\/p>\n<p><strong>La c\u00e9l\u00e9bration du bapt\u00eame de votre enfant<\/strong>\u00a0pourra avoir lieu apr\u00e8s la c\u00e9l\u00e9bration de la messe du dimanche ou au cours de la messe du samedi soir ou du dimanche matin selon le calendrier d\u00e9fini pour les messes dominicales dans les \u00e9glises de notre paroisse. La c\u00e9l\u00e9bration au cours de la messe permet d\u2019accueillir votre enfant au c\u0153ur de la communaut\u00e9 des chr\u00e9tiens.<\/p>\n<p>[\/et_pb_text][\/et_pb_column][\/et_pb_row][et_pb_row _builder_version=\u00a0\u00bb4.21.0&Prime; _module_preset=\u00a0\u00bbdefault\u00a0\u00bb theme_builder_area=\u00a0\u00bbpost_content\u00a0\u00bb][et_pb_column _builder_version=\u00a0\u00bb4.21.0&Prime; _module_preset=\u00a0\u00bbdefault\u00a0\u00bb type=\u00a0\u00bb4_4&Prime; theme_builder_area=\u00a0\u00bbpost_content\u00a0\u00bb][et_pb_text _builder_version=\u00a0\u00bb4.21.0&Prime; _module_preset=\u00a0\u00bbdefault\u00a0\u00bb theme_builder_area=\u00a0\u00bbpost_content\u00a0\u00bb hover_enabled=\u00a0\u00bb0&Prime; sticky_enabled=\u00a0\u00bb0&Prime;]<\/p>\n<p><strong><span style=\"text-decoration: underline;\">Bapt\u00eame des enfants \u00e0 partir de 7 ans et des adolescents<\/span><span>\u00a0<\/span>:\u00a0<\/strong><\/p>\n<p>L\u2019enfant ou le jeune qui s\u2019engage dans cette d\u00e9marche s\u2019y pr\u00e9pare avec son \u00e9quipe de cat\u00e9ch\u00e8se ou, pour les adolescents, l\u2019\u00e9quipe d\u2019aum\u00f4nerie.<br \/>Habituellement, le parcours s\u2019\u00e9tale sur deux ann\u00e9es scolaires. Normalement, les enfants de cet \u00e2ge qui pr\u00e9parent leur bapt\u00eame, communient la premi\u00e8re fois, le jour du bapt\u00eame. Pour le bapt\u00eame d\u2019un enfant mineur, l\u2019accord des deux parents ou des tuteurs l\u00e9gaux est indispensable.<\/p>\n<p>[\/et_pb_text][\/et_pb_column][\/et_pb_row][et_pb_row _builder_version=\u00a0\u00bb4.21.0&Prime; _module_preset=\u00a0\u00bbdefault\u00a0\u00bb theme_builder_area=\u00a0\u00bbpost_content\u00a0\u00bb][et_pb_column _builder_version=\u00a0\u00bb4.21.0&Prime; _module_preset=\u00a0\u00bbdefault\u00a0\u00bb type=\u00a0\u00bb4_4&Prime; theme_builder_area=\u00a0\u00bbpost_content\u00a0\u00bb][et_pb_text _builder_version=\u00a0\u00bb4.21.0&Prime; _module_preset=\u00a0\u00bbdefault\u00a0\u00bb theme_builder_area=\u00a0\u00bbpost_content\u00a0\u00bb hover_enabled=\u00a0\u00bb0&Prime; sticky_enabled=\u00a0\u00bb0&Prime;]<\/p>\n<p><strong><span style=\"text-decoration: underline;\">Pour un bapt\u00eame ou une confirmation d\u2019adulte<\/span><span>\u00a0<\/span>:\u00a0<\/strong><span>adresser un message \u00e0 <a href=\"mailto:paroissespm@gmail.com\" target=\"_blank\" rel=\"noopener\">paroissespm@gmail.com<\/a><\/span><\/p>\n<p>[\/et_pb_text][\/et_pb_column][\/et_pb_row][\/et_pb_section]<\/p>\n","protected":false},"excerpt":{"rendered":"<p>Le jour du bapt\u00eame, votre enfant est accueilli dans la grande famille des chr\u00e9tiens. Le nouveau baptis\u00e9 pourra compter tout au long de sa vie sur cette famille. Le\u00a0bapt\u00eame\u00a0est le [&hellip;]<\/p>\n","protected":false},"author":4,"featured_media":0,"parent":6020,"menu_order":0,"comment_status":"closed","ping_status":"closed","template":"","meta":{"_et_pb_use_builder":"on","_et_pb_old_content":"<!-- wp:divi\/placeholder \/-->","_et_gb_content_width":"","footnotes":""},"class_list":["post-6022","page","type-page","status-publish","hentry"],"_links":{"self":[{"href":"https:\/\/catholiques17.fr\/spm\/wp-json\/wp\/v2\/pages\/6022","targetHints":{"allow":["GET"]}}],"collection":[{"href":"https:\/\/catholiques17.fr\/spm\/wp-json\/wp\/v2\/pages"}],"about":[{"href":"https:\/\/catholiques17.fr\/spm\/wp-json\/wp\/v2\/types\/page"}],"author":[{"embeddable":true,"href":"https:\/\/catholiques17.fr\/spm\/wp-json\/wp\/v2\/users\/4"}],"replies":[{"embeddable":true,"href":"https:\/\/catholiques17.fr\/spm\/wp-json\/wp\/v2\/comments?post=6022"}],"version-history":[{"count":3,"href":"https:\/\/catholiques17.fr\/spm\/wp-json\/wp\/v2\/pages\/6022\/revisions"}],"predecessor-version":[{"id":6132,"href":"https:\/\/catholiques17.fr\/spm\/wp-json\/wp\/v2\/pages\/6022\/revisions\/6132"}],"up":[{"embeddable":true,"href":"https:\/\/catholiques17.fr\/spm\/wp-json\/wp\/v2\/pages\/6020"}],"wp:attachment":[{"href":"https:\/\/catholiques17.fr\/spm\/wp-json\/wp\/v2\/media?parent=6022"}],"curies":[{"name":"wp","href":"https:\/\/api.w.org\/{rel}","templated":true}]}}