{"id":4671,"date":"2021-03-25T22:08:30","date_gmt":"2021-03-25T21:08:30","guid":{"rendered":"https:\/\/catholiques17.fr\/spm\/?page_id=4671"},"modified":"2024-11-20T16:35:12","modified_gmt":"2024-11-20T15:35:12","slug":"horaires-hebdomadaires-messes-et-celebrations","status":"publish","type":"page","link":"https:\/\/catholiques17.fr\/spm\/horaires-hebdomadaires-messes-et-celebrations\/","title":{"rendered":"Horaires hebdomadaires (messes et c\u00e9l\u00e9brations)"},"content":{"rendered":"<p>[et_pb_section fb_built=\u00a0\u00bb1&Prime; admin_label=\u00a0\u00bbsection\u00a0\u00bb _builder_version=\u00a0\u00bb4.16&Prime; global_colors_info=\u00a0\u00bb{}\u00a0\u00bb theme_builder_area=\u00a0\u00bbpost_content\u00a0\u00bb custom_padding=\u00a0\u00bb1px|||||\u00a0\u00bb][et_pb_row _builder_version=\u00a0\u00bb4.21.0&Prime; _module_preset=\u00a0\u00bbdefault\u00a0\u00bb theme_builder_area=\u00a0\u00bbpost_content\u00a0\u00bb custom_padding=\u00a0\u00bb5px|||||\u00a0\u00bb][et_pb_column _builder_version=\u00a0\u00bb4.21.0&Prime; _module_preset=\u00a0\u00bbdefault\u00a0\u00bb type=\u00a0\u00bb4_4&Prime; theme_builder_area=\u00a0\u00bbpost_content\u00a0\u00bb][et_pb_image src=\u00a0\u00bbhttps:\/\/catholiques17.fr\/spm\/wp-content\/uploads\/sites\/25\/2024\/11\/Planning.jpg\u00a0\u00bb _builder_version=\u00a0\u00bb4.21.0&Prime; _module_preset=\u00a0\u00bbdefault\u00a0\u00bb theme_builder_area=\u00a0\u00bbpost_content\u00a0\u00bb title_text=\u00a0\u00bbPlanning\u00a0\u00bb hover_enabled=\u00a0\u00bb0&Prime; sticky_enabled=\u00a0\u00bb0&Prime;][\/et_pb_image][\/et_pb_column][\/et_pb_row][et_pb_row _builder_version=\u00a0\u00bb4.21.0&Prime; _module_preset=\u00a0\u00bbdefault\u00a0\u00bb theme_builder_area=\u00a0\u00bbpost_content\u00a0\u00bb][et_pb_column _builder_version=\u00a0\u00bb4.21.0&Prime; _module_preset=\u00a0\u00bbdefault\u00a0\u00bb type=\u00a0\u00bb4_4&Prime; theme_builder_area=\u00a0\u00bbpost_content\u00a0\u00bb][et_pb_text _builder_version=\u00a0\u00bb4.21.0&Prime; _module_preset=\u00a0\u00bbdefault\u00a0\u00bb theme_builder_area=\u00a0\u00bbpost_content\u00a0\u00bb hover_enabled=\u00a0\u00bb0&Prime; sticky_enabled=\u00a0\u00bb0&Prime; background_color=\u00a0\u00bb#0C71C3&Prime;]<\/p>\n<p>&nbsp;<\/p>\n<p style=\"text-align: center;\"><span style=\"color: #ffffff;\">Retrouvez ici les horaires des messes r\u00e9guli\u00e8res pour la paroisse de Saint Pierre et la paroisse de Miquelon.<\/span><br \/><span style=\"color: #ffffff;\">Pour les horaires sp\u00e9ciaux, merci de vous r\u00e9f\u00e9rer aux feuilles de semaine, sur la page d&rsquo;accueil du site (Actualit\u00e9s).<\/span><em><br \/><\/em><\/p>\n<p style=\"text-align: center;\"><em><\/em><\/p>\n<p><em><\/em><\/p>\n<p>[\/et_pb_text][\/et_pb_column][\/et_pb_row][et_pb_row _builder_version=\u00a0\u00bb4.21.0&Prime; _module_preset=\u00a0\u00bbdefault\u00a0\u00bb theme_builder_area=\u00a0\u00bbpost_content\u00a0\u00bb column_structure=\u00a0\u00bb1_2,1_2&Prime;][et_pb_column _builder_version=\u00a0\u00bb4.21.0&Prime; _module_preset=\u00a0\u00bbdefault\u00a0\u00bb type=\u00a0\u00bb1_2&Prime; theme_builder_area=\u00a0\u00bbpost_content\u00a0\u00bb][et_pb_text _builder_version=\u00a0\u00bb4.21.0&Prime; _module_preset=\u00a0\u00bbdefault\u00a0\u00bb theme_builder_area=\u00a0\u00bbpost_content\u00a0\u00bb hover_enabled=\u00a0\u00bb0&Prime; sticky_enabled=\u00a0\u00bb0&Prime;]<\/p>\n<p style=\"text-align: center;\"><strong>A Saint Pierre<\/strong>\u00a0 :<\/p>\n<p>&#8211; Lundi : messe \u00e0 18h \u00e0 la chapelle du St-Esprit<\/p>\n<p>&#8211; Mardi : c\u00e9l\u00e9bration mariale \u00e0 15h \u00e0 la chapelle de la Cath\u00e9drale.<br \/>messe \u00e0 18h<\/p>\n<p>&#8211; Mercredi : messe \u00e0 18h \u00e0 la chapelle du St-Esprit.<\/p>\n<p>&#8211; Jeudi : messe \u00e0 18h puis adoration jusqu\u2019\u00e0 19h \u00e0 la chapelle du St-Esprit.<\/p>\n<p>&#8211; Vendredi : messe \u00e0 18h \u00e0 la chapelle du St-Esprit<\/p>\n<p>&#8211; Samedi : Chapelet de la Divine Mis\u00e9ricorde \u00e0 15h et <br \/>messe dominicale \u00e0 18h \u00e0 la chapelle du St-Esprit<\/p>\n<p>&#8211; Dimanche: messe dominicale \u00e0 10h30 \u00e0 la Cath\u00e9drale<\/p>\n<p>[\/et_pb_text][\/et_pb_column][et_pb_column _builder_version=\u00a0\u00bb4.21.0&Prime; _module_preset=\u00a0\u00bbdefault\u00a0\u00bb type=\u00a0\u00bb1_2&Prime; theme_builder_area=\u00a0\u00bbpost_content\u00a0\u00bb][et_pb_text _builder_version=\u00a0\u00bb4.21.0&Prime; _module_preset=\u00a0\u00bbdefault\u00a0\u00bb theme_builder_area=\u00a0\u00bbpost_content\u00a0\u00bb hover_enabled=\u00a0\u00bb0&Prime; sticky_enabled=\u00a0\u00bb0&Prime;]<\/p>\n<p style=\"text-align: center;\"><strong>A Miquelon<\/strong> (si le temps le permet) :<\/p>\n<p>\u2013 Samedi\u00a0 : messe anticip\u00e9e du dimanche \u00e0 18h \u00e0 l&rsquo;\u00e9glise Notre-Dame des Ardilliers<\/p>\n<p>\u2013 Dimanche : messe dominicale\u00a0 \u00e0 10h \u00e0 la chapelle Ste Th\u00e9r\u00e8se \u00e0<strong>\u00a0Langlade<\/strong>\u00a0(du 15 juillet au 31 ao\u00fbt)<\/p>\n<p>[\/et_pb_text][\/et_pb_column][\/et_pb_row][\/et_pb_section]<\/p>\n","protected":false},"excerpt":{"rendered":"<p>&nbsp; Retrouvez ici les horaires des messes r\u00e9guli\u00e8res pour la paroisse de Saint Pierre et la paroisse de Miquelon.Pour les horaires sp\u00e9ciaux, merci de vous r\u00e9f\u00e9rer aux feuilles de semaine, [&hellip;]<\/p>\n","protected":false},"author":5,"featured_media":0,"parent":0,"menu_order":0,"comment_status":"closed","ping_status":"closed","template":"","meta":{"_et_pb_use_builder":"on","_et_pb_old_content":"<!-- wp:paragraph {\"backgroundColor\":\"cyan-bluish-gray\",\"textColor\":\"black\"} -->\n<p class=\"has-black-color has-cyan-bluish-gray-background-color has-text-color has-background\"><em>Ici vous pouvez retrouver les horaires des messes r\u00e9guli\u00e8res pour la paroisse de Saint Pierre et la paroisse de Miquelon.<\/em><br><em>Pour les horaires sp\u00e9ciaux, merci de vous r\u00e9f\u00e9rer aux feuilles de semaine pr\u00e9sentes dans la page \u201cActualit\u00e9s du Doyenn\u00e9\u201d<\/em><\/p>\n<!-- \/wp:paragraph -->\n\n<!-- wp:paragraph -->\n<p><strong>A Saint Pierre<\/strong>&nbsp;en la chapelle du St-Esprit (sauf avis contraire) :<br>Lundi: messe \u00e0 18h<br><br>Mardi: 15h c\u00e9l\u00e9bration mariale (chapelle de la Cath\u00e9drale)<br>messe \u00e0 18h<br><br>Mercredi: messe \u00e0 18h<br><br>Jeudi: messe \u00e0 18h puis adoration jusqu\u2019\u00e0 19h<br><br>Vendredi: messe \u00e0 18h<br><br>Samedi: 15h Chapelet de la Divine Mis\u00e9ricorde<br>messe dominicale \u00e0 18h<br><br>Dimanche: messe dominicale<br>\u00e0 10h30 cath\u00e9drale<\/p>\n<!-- \/wp:paragraph -->\n\n<!-- wp:paragraph -->\n<p><strong>A Miquelon<\/strong>&nbsp;(si le temps le permet)<br>\u00e9glise Notre-Dame des Ardilliers<br>\u2013 samedi 18h messe anticip\u00e9e du dimanche<br>\u2013 dimanche 10h messe dominicale<br>chapelle Ste Th\u00e9r\u00e8se \u00e0<strong>&nbsp;Langlade<\/strong>&nbsp;(du 15 juillet au 31 ao\u00fbt)<br>\u2013 dimanche vers 11h30<\/p>\n<!-- \/wp:paragraph -->","_et_gb_content_width":"","footnotes":""},"class_list":["post-4671","page","type-page","status-publish","hentry"],"_links":{"self":[{"href":"https:\/\/catholiques17.fr\/spm\/wp-json\/wp\/v2\/pages\/4671","targetHints":{"allow":["GET"]}}],"collection":[{"href":"https:\/\/catholiques17.fr\/spm\/wp-json\/wp\/v2\/pages"}],"about":[{"href":"https:\/\/catholiques17.fr\/spm\/wp-json\/wp\/v2\/types\/page"}],"author":[{"embeddable":true,"href":"https:\/\/catholiques17.fr\/spm\/wp-json\/wp\/v2\/users\/5"}],"replies":[{"embeddable":true,"href":"https:\/\/catholiques17.fr\/spm\/wp-json\/wp\/v2\/comments?post=4671"}],"version-history":[{"count":3,"href":"https:\/\/catholiques17.fr\/spm\/wp-json\/wp\/v2\/pages\/4671\/revisions"}],"predecessor-version":[{"id":6118,"href":"https:\/\/catholiques17.fr\/spm\/wp-json\/wp\/v2\/pages\/4671\/revisions\/6118"}],"wp:attachment":[{"href":"https:\/\/catholiques17.fr\/spm\/wp-json\/wp\/v2\/media?parent=4671"}],"curies":[{"name":"wp","href":"https:\/\/api.w.org\/{rel}","templated":true}]}}