{"id":4654,"date":"2021-03-25T22:01:31","date_gmt":"2021-03-25T21:01:31","guid":{"rendered":"https:\/\/catholiques17.fr\/spm\/?page_id=4654"},"modified":"2024-11-20T14:25:04","modified_gmt":"2024-11-20T13:25:04","slug":"chapelle-ste-therese","status":"publish","type":"page","link":"https:\/\/catholiques17.fr\/spm\/patrimoine\/chapelle-ste-therese\/","title":{"rendered":"Chapelle Ste Th\u00e9r\u00e8se (Langlade)"},"content":{"rendered":"\n<h3 class=\"wp-block-heading\">1927&nbsp;: Inauguration de la chapelle de Langlade.<\/h3>\n\n\n\n<p>Extrait du Foyer paroissial n\u00b046<\/p>\n\n\n\n<p>Dimanche , 18 septembre. \u2013 Il est 5h \u00bd. L\u2019<em>Angelus<\/em>&nbsp;est annonc\u00e9 par un joyeux carillon des trois cloches de l\u2019\u00e9glise de Saint-Pierre&nbsp;: c\u2019est le signal convenu que la f\u00eate de Langlade aura lieu aujourd\u2019hui. Hier on avait des craintes s\u00e9rieuses que les vents, cette fois encore, ne vinssent contrarier le p\u00e8lerinage projet\u00e9&nbsp;; mais, ce matin, c\u2019est la came sur la mer et le soleil promet d\u2019\u00eatre de la partie.<\/p>\n\n\n\n<p>La messe de 6h termin\u00e9e, on se h\u00e2te, \u00e0 bord du \u00ab&nbsp;Saint-Pierre&nbsp;\u00bb, de terminer les pr\u00e9paratifs du d\u00e9part, car le bateau se mettra en route d\u00e8s 7 heures. Sur le pont sup\u00e9rieur est install\u00e9 un brancard, garni de roses d\u2019o\u00f9 \u00e9merge la statue de Ste Th\u00e9r\u00e8se de l\u2019Enfant J\u00e9sus. Au m\u00e2t de misaine, un superbe pavillon, tout flambant neuf, blanc, bord\u00e9 de vert avec, au milieu, en grandes lettres brod\u00e9es, le chiffre de la ch\u00e8re Sainte&nbsp;; au grand m\u00e2t, le pavillon de la \u00ab&nbsp;Morue fran\u00e7aise&nbsp;\u00bb&nbsp;; \u00e0 l\u2019arri\u00e8re le pavillon national. Dans une toilette toute fraiche, le vapeur \u00ab&nbsp;Pro Patria&nbsp;\u00bb qui va partir \u00e0 _heures avec le grand contingent des p\u00e8lerins, est amarr\u00e9 au quai de la Douane. L\u2019excellent Commandant Ropers lui a fait arborer les m\u00eames couleurs.<\/p>\n\n\n\n<p>\u00ab&nbsp;C\u2019est l\u2019heure&nbsp;: larguez les amarres&nbsp;!&nbsp;\u00bb Et M. Eloquin, capitaine du bateau, est \u00e0 la barre, visiblement heureux de conduire son \u00ab&nbsp;saint-Pierre&nbsp;\u00bb, une vieille connaissance, \u00e0 la f\u00eate de la ch\u00e8re Sainte. A bord avaient pris place, avec Monseigneur, un groupe de Messieurs, les Religieuses et les Enfants de Marie de la paroisse. Tous les vapeurs en ce moment sur rade r\u00e9pondent au salut que le \u00ab&nbsp;Saint-Pierre&nbsp;\u00bb, de sa bruyante sir\u00e8ne, jette aux \u00e9chos. C\u2019est un concert quelque peu \u00e9tourdissant, mais qui ne manque pas d\u2019un certain cachet grandiose.<\/p>\n\n\n\n<p>On passe au large de l\u2019Ile-aux-Chiens dont une partie de la population (exactement 133 personnes) est d\u00e9j\u00e0 en route, embarqu\u00e9e sur 17 doris. Voici le \u00ab&nbsp;Frigo&nbsp;\u00bb, dans sa masse imposante et aust\u00e8re&nbsp;; plus loin, le Grand Colombier, rocher d\u2019acc\u00e8s difficile, refuge d\u2019une nu\u00e9e de calculots. Dans \u00ab&nbsp;la baie&nbsp;\u00bb, la mer est un peu houleuse, \u2013 ce qui provoque des vell\u00e9it\u00e9s de malaise chez plusieures passag\u00e8res, qui restent quand m\u00eame souriantes. Le capitaine met le cap au nord-ouest, vers la Petite Miquelon dont on longe bient\u00f4t la c\u00f4te&nbsp;; on est alors \u00e0 l\u2019abri de la brise et les conversations deviennent plus anim\u00e9es. Une heure est vite pass\u00e9e. Dans les parages du \u00ab&nbsp;Cap perc\u00e9&nbsp;\u00bb, on croise quelques doris qui filent vers Langlade. Tout \u00e0 coup, au d\u00e9tour de l\u2019&nbsp;\u00ab&nbsp;Anse au soldat&nbsp;\u00bb, la sir\u00e8ne fait entendre trois coups&nbsp;: c\u2019est l\u2019annonce de l\u2019arriv\u00e9e. Les regards se portent vers la plage&nbsp;; et de loin on salue la chapelle qui va \u00eatre inaugur\u00e9e. On aper\u00e7oit des m\u00e2ts enguirland\u00e9s supportant de grandes banderolles et formant comme des arcs de triomphe. La Chapelle, de son c\u00f4t\u00e9, appara\u00eet orn\u00e9e de verdure et d\u2019oriflammes. Avec cela un beau soleil, et une mer calme, si calme&nbsp;! Et l\u00e0-bas arrive un autre vapeur, avec les p\u00e8lerins de Miquelon&nbsp;: ils sont, dit-on, au nombre de 119, sans compter ceux d\u00e9j\u00e0 arriv\u00e9s en doris. Le \u00ab&nbsp;Daneac&nbsp;\u00bb, sous les ordres de M. D\u00e9sir\u00e9 B\u00e9chet, a hiss\u00e9 son grand pavois d\u2019o\u00f9 se d\u00e9tache fi\u00e8rement, au sommet du m\u00e2t d\u2019avant, la pavillon blanc et vert de la Sainte.<\/p>\n\n\n\n<p>On d\u00e9barque. C\u2019est vite fait, car on est tout pr\u00e8s du plain. La statue de sainte Th\u00e9r\u00e8se est descendue avec pr\u00e9caution sur le doris du Service du Port de St-Pierre, et port\u00e9e sous un d\u00f4me de verdure d\u2019o\u00f9 partira la procession.<\/p>\n\n\n\n<p>9 heures. \u2013 Le \u00ab&nbsp;Pro Patria&nbsp;\u00bb arrive \u00e0 son tour, pilot\u00e9 par M. Lebiguais. Il salue la terre de sa sir\u00e8ne puissante et jette l\u2019ancre un peu au large. Le pont para\u00eet noir de monde. Disons tout de suite que, d\u2019apr\u00e8s les carnets des Commissaires de f\u00eate, 324 tickets avaient \u00e9t\u00e9 d\u00e9livr\u00e9s aux p\u00e8lerins. Pour faciliter le d\u00e9barquement, le \u00ab&nbsp;Saint-Pierre&nbsp;\u00bb et le \u00ab&nbsp;Dangeac&nbsp;\u00bb accostent&nbsp;: les passagers y descendent de plein pied et sont alors amen\u00e9s \u00e0 quelques brasses de la plage&nbsp;; l\u00e0 les doris viennent les cueillir.<\/p>\n\n\n\n<p>Tous ont h\u00e2te d\u2019aller jusqu\u2019\u00e0 la chapelle qu\u2019on voit au loin, \u00e0 la limite de la propri\u00e9t\u00e9 Paturel. On la contourne, on admire la tour, le perron, toute la structure. On jette un regard dans l\u2019int\u00e9rieur o\u00f9 l\u2019on ne pourra p\u00e9n\u00e9trer qu\u2019apr\u00e8s la b\u00e9n\u00e9diction&nbsp;: les pavois et la vo\u00fbte sont recouverts de bois de c\u00e8dre du plus bel effet&nbsp;; dans le sanctuaire on voit un gracieux autel offert par la paroisse de Miquelon&nbsp;; le long de la corniche est fix\u00e9e une banderolle d\u2019o\u00f9 se d\u00e9tachent ces mots JE VEUX PASSER MON CIEL A FAIRE DU BIEN SUR LA TERRE. A droite et \u00e0 gauche, deux petits appartements&nbsp;: l\u2019un sert de sacristie&nbsp;; l\u2019autre de pied-\u00e0-terre pour le pr\u00eatre quand il vient dire la messe \u00e0 Langlade. Autour de la chapelle, des m\u00e2ts orn\u00e9s de mousse et de roses, reli\u00e9s entre eux par des drisses o\u00f9 flottent des oriflammes.<\/p>\n\n\n\n<p>Il est 10 heures. La cloche de la chapelle annonce que la c\u00e9r\u00e9monie va commencer. Devant l\u2019ancienne Gendarmerie, Mgr le Pr\u00e9fet Apostolique, entour\u00e9 de son Clerg\u00e9, proc\u00e8de \u00e0 la b\u00e9n\u00e9diction de la statue de la ch\u00e8re Petite Sainte. De nombreux enfants de ch\u0153ur sont l\u00e0, avec un groupe de fillettes qui portent des bouquets de roses. Des Enfants de Marie, en costume blanc, prennent sur leurs \u00e9paules le brancard o\u00f9 se trouve la sainte Image, pendant que retentit un&nbsp;<em>Magnificat<\/em>&nbsp;triomphal. Et la procession s\u2019\u00e9branle au chant de cantiques\u2026<\/p>\n\n\n\n<p>Voici la chapelle&nbsp;! La statue est plac\u00e9e derri\u00e8re la croix qui domine l\u2019autel provisoire install\u00e9 sur le perron. Les pri\u00e8res liturgiques de la b\u00e9n\u00e9diction s\u2019ach\u00e8vent&nbsp;: Sainte Th\u00e9r\u00e8se de l\u2019Enfant J\u00e9sus est devenue officiellement titulaire de ce petit sanctuaire qui lui ont d\u00e9di\u00e9 les habitants de la Colonie.<\/p>\n\n\n\n<p>La chorale des Enfants de Marie de St-Pierre entonne un superbe cantique de circonstance, puis Monseigneur, du haut du perron, adresse la parole \u00e0 la foule recueillie. Il serait trop long de relater tout ce que son c\u0153ur de p\u00e8re lui a inspir\u00e9 dans cette inoubliable circonstance. Oui&nbsp;: cette chapelle de Langlade est vraiment un acte de foi et d\u2019amour envers Dieu et Sainte Th\u00e9r\u00e8se&nbsp;! De reconnaissance aussi\u2026 Et Monseigneur \u00e9voque le souvenir de la nuit tragique du 3 au 4 f\u00e9vrier 1927 o\u00f9 le \u00ab&nbsp;Pro Patria&nbsp;\u00bb qui le ramenait \u00e0 Saint-Pierre avait manqu\u00e9 de sombrer dans ces parages. Foi et amour qui vont s\u2019achever dans une vision d\u2019esp\u00e9rance&nbsp;! car les \u00eeles de St-Pierre et Miquelon ne seront pas oubli\u00e9es par leur c\u00e9leste Protectrice&nbsp;; sur elles tomberont des roses sous forme de b\u00e9n\u00e9dictions de toutes sortes obtenues du Bon Dieu par l\u2019intercession de Sainte Th\u00e9r\u00e8se de l\u2019Enfant J\u00e9sus.<\/p>\n\n\n\n<p>La messe est dite par Monseigneur \u00e0 l\u2019intention de toutes les personnes qui ont contribu\u00e9e \u2013 et qui contribueront encore- \u00e0 l\u2019\u00e9rection et \u00e0 l\u2019embellissement de la chapelle,&nbsp;; puis pour les familles des trois paroisses de la Colonie et pour les Amis absents. Les paroissiens de Miquelon font, d\u2019une fa\u00e7on remarquable, les frais du chant, soutenus par un petit harmonium qu\u2019ils ont apport\u00e9 avec eux.<\/p>\n\n\n\n<p>La c\u00e9r\u00e9monie de l\u2019inauguration est termin\u00e9e \u00e0 11h.1\/2. Les uns apr\u00e8s les autres, la foule des p\u00e8lerins p\u00e9n\u00e8tre dans la chapelle. Beaucoup ont \u00e0 rendre gr\u00e2ce \u00e0 la ch\u00e8re Petite Sainte pour des faveurs re\u00e7ues. Puis on se disperse pour les pique-niques. Les groupes s\u2019\u00e9parpillent sur la verdure le long de la colline&nbsp;; et l\u2019on fait honneur aux provisions que chacun avait apport\u00e9es. Les v\u00eapres et la b\u00e9n\u00e9diction du Tr\u00e8s Saint Sacrement ne devant avoir lieu que vers deux heures, on aura donc le temps de faire une promenade et de s\u2019amuser. Et tout ce cher monde, la joie au c\u0153ur, passe des moments d\u00e9licieux, dans un site plein de po\u00e9sie. Ici la \u00ab&nbsp;Belle Rivi\u00e8re&nbsp;\u00bb, aupr\u00e8s de laquelle s\u2019\u00e9l\u00e8ve le chalet du Gouverneur. Plus loin, c\u2019est l\u2019ancienne Gendarmerie, remise \u00e0 neuf. De-ci de-l\u00e0, des r\u00e9sidences de fermiers et des villas&nbsp;; devant soi, la vaste mer o\u00f9 l\u2019on peut compter cinq vapeurs et trente-six doris qui ont amen\u00e9 du monde. Avec cela, un soleil printanier, et une brise d\u00e9licieuse, et pas de moustiques&nbsp;! Non&nbsp;: on ne pouvait, la veille, compter sur une pareille journ\u00e9e&nbsp;!<\/p>\n\n\n\n<p>Les v\u00eapres de Sainte Th\u00e9r\u00e8se ont \u00e9t\u00e9 chant\u00e9es avec brio par la chorale de Miquelon. Au Salut du Saint Sacrement, les Enfants de Marie de Saint-Pierre ont fait entendre quelques beaux morceaux de leur r\u00e9pertoire. La chapelle \u00e9tant trop petite pour la foule de ce jour, la plupart des p\u00e8lerins ont \u00e9t\u00e9 oblig\u00e9s de rester aux abords.<\/p>\n\n\n\n<p>A 3h., le \u00ab&nbsp;pro Patria&nbsp;\u00bb annonce qu\u2019il est temps de commencer l\u2019embarquement. On se pr\u00e9pare donc, non sans quelque regret&nbsp;; et l\u2019op\u00e9ration est men\u00e9e rondement, gr\u00e2ce au concours des doris. En moins de \u00be d\u2019heure, les p\u00e8lerins sont \u00e0 bord, qui du \u00ab&nbsp;Dangeac&nbsp;\u00bb, qui du \u00ab&nbsp;saint-Pierre&nbsp;\u00bb, qui du \u00ab&nbsp;Pro Patria&nbsp;\u00bb&nbsp;; Le \u00ab&nbsp;Dangeac&nbsp;\u00bb l\u00e8ve l\u2019ancre le premier&nbsp;: dans deux heurs il aura reconduit ses passagers \u00e0 Miquelon. Le \u00ab&nbsp;Pro Patria&nbsp;\u00bb se met en route vers le chef-lieu, suivi bient\u00f4t du \u00ab&nbsp;Saint-Pierre&nbsp;\u00bb qui, avec le \u00ab&nbsp;Philosophe&nbsp;\u00bb et le \u00ab&nbsp;Vinces&nbsp;\u00bb, se charge de recueillir les retardataires. Personne ne reste en arri\u00e8re&nbsp;; et tous sont contents. Dans \u00ab&nbsp;la baie&nbsp;\u00bb, sur un espace de cinq kilom\u00e8tres, c\u2019\u00e9tait un ravissant spectacle que celui des doris de l\u2019Ile \u2013aux-Chiens rentrant \u00e0 la voile&nbsp;: on e\u00fbt dit des r\u00e9gates.<\/p>\n\n\n\n<p>5h&nbsp;.1\/2.-Saint-Pierre&nbsp;! Le \u00ab&nbsp;Pro Patria&nbsp;\u00bb arriv\u00e9 le premier, salue les bateaux qui sont sur rade, et va reprendre sa place devant la douane&nbsp;; il est bient\u00f4t suivi des autres vapeurs. La foule des grands jours est l\u00e0 pour attendre les heureux voyageurs. Un mot circule&nbsp;: \u00ab&nbsp;Splendide&nbsp;!&nbsp;\u00bb auquel r\u00e9pondent maintes voix&nbsp;: \u00ab&nbsp;si on avait su&nbsp;!\u2026 mais j\u2019en serai l\u2019an prochain&nbsp;!&nbsp;\u00bb<\/p>\n\n\n\n<p>Et tout de suite une r\u00e9solution se pr\u00e9cise&nbsp;: Au mois d\u2019ao\u00fbt prochain, et puis chaque ann\u00e9e, on fera un p\u00e8lerinage \u00e0 Sainte Th\u00e9r\u00e8se de Langlade&nbsp;!<\/p>\n\n\n\n<p>Vive Sainte Th\u00e9r\u00e8se de l\u2019Enfant J\u00e9sus&nbsp;!<\/p>\n\n\n\n<figure class=\"wp-block-image\"><img decoding=\"async\" src=\"https:\/\/catholiques17.fr\/spm\/wp-content\/uploads\/sites\/9\/2019\/08\/DSCN0548-988x2048.jpg\" alt=\"\" class=\"wp-image-706\"\/><figcaption class=\"wp-element-caption\">sainte Th\u00e9r\u00e8se de l\u2019Enfant J\u00e9sus et de la Sainte Face<\/figcaption><\/figure>\n\n\n\n<h4 class=\"wp-block-heading\">Th\u00e9r\u00e8se de Lisieux, docteur de l\u2019\u00c9glise\u00a0(+\u00a01897)<\/h4>\n\n\n\n<p>Th\u00e9r\u00e8se Martin est la cinqui\u00e8me et derni\u00e8re fille d\u2019une famille chr\u00e9tienne o\u00f9 elle grandit \u2018entour\u00e9e d\u2019amour\u2019. Elle a 4 ans quand la mort de sa m\u00e8re introduit une brisure dans sa vie. Le p\u00e8re et la quintette de ses filles s\u2019installent alors \u00e0 Lisieux pour se rapprocher d\u2019une partie de sa famille.<br>Deuxi\u00e8me drame qui \u00e9branle Th\u00e9r\u00e8se enfant: sa s\u0153ur Pauline puis sa s\u0153ur Marie, qu\u2019elle avait choisies successivement comme \u2018petite m\u00e8re\u2019 entrent au Carmel. La nuit de No\u00ebl, par une gr\u00e2ce puissante, elle retrouve le joyeux \u00e9quilibre de son enfance et s\u2019\u00e9lance, dans \u2018une course de g\u00e9ant\u2019, vers le Dieu-Amour qui l\u2019a saisie. Non sans d\u00e9marche, allant intr\u00e9pidement jusqu\u2019\u00e0 Rome se jeter aux pieds du pape, elle obtient d\u2019entrer au Carmel \u00e0 quinze ans, le 9 avril 1888.<br>Avec une fid\u00e9lit\u00e9 h\u00e9ro\u00efque, elle y poursuit sa route vers la saintet\u00e9. Le Seigneur lui d\u00e9couvre peu \u00e0 peu sa \u2018petite voie\u2019 d\u2019abandon et de confiance audacieuse. Le 9 juin 1895, elle s\u2019offre \u00e0 l\u2019amour mis\u00e9ricordieux de Dieu.<br>Durant sa longue maladie, la tuberculose, elle s\u2019est conform\u00e9e au Christ, dans le myst\u00e8re de son agonie pour le salut des p\u00e9cheurs qui n\u2019ont pas la foi. Elle meurt \u00e0 24 ans, promettant de faire tomber sur la terre \u2018une pluie de roses\u2019 et de passer son ciel \u00e0 faire du bien sur la terre.<br>Quelques ann\u00e9es plus tard, le r\u00e9cit de sa vie, \u00e9crit par ob\u00e9issance, conna\u00eet un succ\u00e8s populaire \u00e9poustouflant et&nbsp;les&nbsp; t\u00e9moignages de gr\u00e2ces obtenues par son intercession affluent au monast\u00e8re, si nombreux que le Pape parle d\u2019un \u2018ouragan de&nbsp;gloire\u2019.&nbsp;Proclam\u00e9e patronne des missions de l\u2019\u00c9glise universelle et docteur de l\u2019\u00c9glise en 1997.<\/p>\n\n\n\n<h2 class=\"wp-block-heading\">Le sanctuaire<\/h2>\n\n\n\n<p>L\u2019espace liturgique est assez restreint ce qui explique peut-\u00eatre l\u2019absence d\u2019un lieu adapt\u00e9e pour la proclamation de la Parole.<\/p>\n\n\n\n<figure class=\"wp-block-image\"><img decoding=\"async\" src=\"https:\/\/catholiques17.fr\/spm\/wp-content\/uploads\/sites\/9\/2019\/08\/DSCN0549-2048x2048.jpg\" alt=\"\" class=\"wp-image-707\"\/><\/figure>\n\n\n\n<figure class=\"wp-block-image\"><img decoding=\"async\" src=\"https:\/\/catholiques17.fr\/spm\/wp-content\/uploads\/sites\/9\/2019\/08\/DSCN0550-2048x1470.jpg\" alt=\"\" class=\"wp-image-708\"\/><figcaption class=\"wp-element-caption\">oculus: mouettes et go\u00e9lands<\/figcaption><\/figure>\n\n\n\n<figure class=\"wp-block-image\"><img decoding=\"async\" src=\"https:\/\/catholiques17.fr\/spm\/wp-content\/uploads\/sites\/9\/2019\/08\/DSCN0553-2048x1107.jpg\" alt=\"\" class=\"wp-image-709\"\/><figcaption class=\"wp-element-caption\">imposte : plumes d\u2019un paon, symbole de vie \u00e9ternelle<\/figcaption><\/figure>\n\n\n\n<h2 class=\"wp-block-heading\">les statues<\/h2>\n\n\n\n<h3 class=\"wp-block-heading\">le Sacr\u00e9-Coeur de J\u00e9sus<\/h3>\n\n\n\n<figure class=\"wp-block-image\"><img decoding=\"async\" src=\"https:\/\/catholiques17.fr\/spm\/wp-content\/uploads\/sites\/9\/2019\/08\/DSCN0534-1654x2048.jpg\" alt=\"\" class=\"wp-image-710\"\/><figcaption class=\"wp-element-caption\">Sacr\u00e9-Coeur de J\u00e9sus<\/figcaption><\/figure>\n\n\n\n<p>La F\u00eate du Sacr\u00e9-C\u0153ur est c\u00e9l\u00e9br\u00e9e le 3e vendredi apr\u00e8s la Pentec\u00f4te. Elle trouve son origine dans les apparitions du Christ \u00e0 sainte Marguerite Marie Alacoque, religieuse \u00e0 Paray-le- Monial.&nbsp;La d\u00e9votion au Sacr\u00e9 Coeur invite \u00e0 fixer l\u2019attention sur le coeur aimant de J\u00e9sus, compatissant et mis\u00e9ricordieux.<br>C\u2019est dans le sacrifice de la croix que l\u2019amour de J\u00e9sus pour nous a \u00e9t\u00e9 manifest\u00e9: J\u00e9sus pr\u00e9sente ici les stigmates de sa passion et on reconnait \u00e0 ses pieds les instruments d\u2019icelle (coupe, clous, couronne d\u2019\u00e9pines, fl\u00e9au).<\/p>\n\n\n\n<h3 class=\"wp-block-heading\">Notre-Dame de Lourdes<\/h3>\n\n\n\n<figure class=\"wp-block-image\"><img decoding=\"async\" src=\"https:\/\/catholiques17.fr\/spm\/wp-content\/uploads\/sites\/9\/2019\/08\/DSCN0527-894x2048.jpg\" alt=\"\" class=\"wp-image-711\"\/><figcaption class=\"wp-element-caption\">Notre-Dame de Lourdes<\/figcaption><\/figure>\n\n\n\n<p>Notre-Dame de Lourdes est le nom sous lequel les fid\u00e8les catholiques d\u00e9signent la Vierge Marie, m\u00e8re de J\u00e9sus, en tant qu\u2019elle serait apparue dix-huit fois \u00e0 Bernadette Soubirous en 1858, dans la grotte de Massabielle, au bord du Gave de Pau, \u00e0 Lourdes (France). Aux dires de la voyante, la Vierge s\u2019est pr\u00e9sent\u00e9e comme \u00ab&nbsp;l\u2019Immacul\u00e9e conception \u00bb.<\/p>\n\n\n\n<p><strong>Le chapelet au dessus de la porte&nbsp;<\/strong>avec 6 dizaines au lieu des 5 traditionnelles:<\/p>\n\n\n\n<figure class=\"wp-block-image\"><img decoding=\"async\" src=\"https:\/\/catholiques17.fr\/spm\/wp-content\/uploads\/sites\/9\/2019\/08\/DSCN0538-1639x2048.jpg\" alt=\"\" class=\"wp-image-730\"\/><figcaption class=\"wp-element-caption\">chapelet basque<\/figcaption><\/figure>\n\n\n\n<p>\u00ab&nbsp;Le chapelet \u00e0 six dizaines \u00e9tait le chapelet basque, et la<br>sixi\u00e8me dizaine \u00e9tait dite en action de gr\u00e2ce pour la<br>propagation de la foi. La statue de la Vierge<br>couronn\u00e9e dans le domaine de Lourdes porte sur le<br>bras le chapelet \u00e0 six dizaines, et il y a aussi un de<br>ces chapelets sur le mur de la maison o\u00f9 sainte<br>Bernadette vivait \u00e0 Bartr\u00e8s&nbsp;\u00bb<\/p>\n\n\n\n<h3 class=\"wp-block-heading\">St Joseph<\/h3>\n\n\n\n<figure class=\"wp-block-image\"><img decoding=\"async\" src=\"https:\/\/catholiques17.fr\/spm\/wp-content\/uploads\/sites\/9\/2019\/08\/DSCN0545-784x2048.jpg\" alt=\"\" class=\"wp-image-713\"\/><figcaption class=\"wp-element-caption\">St Joseph avec l\u2019enfant J\u00e9sus<\/figcaption><\/figure>\n\n\n\n<p>St Joseph.<br>C\u2019\u00e9tait un juste\u201d selon l\u2019\u00e9vangile de saint Matthieu, chapitre 1, verset 19.<br>Les \u00e9vang\u00e9listes ne nous ont conserv\u00e9 aucune parole de ce \u201cjuste\u201d, le charpentier de Nazareth en Galil\u00e9e, fianc\u00e9 de Marie, \u00e9poux aussi discret que fid\u00e8le et chaste. P\u00e8re nourricier et \u00e9ducateur de Dieu le Fils, devenu homme parmi les hommes de ce village, il le fait tout simplement.<\/p>\n\n\n\n<h3 class=\"wp-block-heading\">Ste Anne avec Marie, enfant<\/h3>\n\n\n\n<figure class=\"wp-block-image\"><img decoding=\"async\" src=\"https:\/\/catholiques17.fr\/spm\/wp-content\/uploads\/sites\/9\/2019\/08\/DSCN0532.jpg\" alt=\"\" class=\"wp-image-712\"\/><figcaption class=\"wp-element-caption\">Ste Anne avec Marie, sa fille<\/figcaption><\/figure>\n\n\n\n<p>La tradition, d\u00e8s les premiers si\u00e8cles, appellent les parents de la Vierge Marie, Joachim (\u201cDieu accorde\u201d) et Anne (\u201cLa Gr\u00e2ce \u2013 la gracieuse\u201d).<br>Sainte Anne est souvent repr\u00e9sent\u00e9e&nbsp;apprenant \u00e0 lire \u00e0 sa fille dans le livre de la Bible<\/p>\n\n\n\n<h3 class=\"wp-block-heading\">St Antoine de Padoue<\/h3>\n\n\n\n<p>Peu de temps avant sa mort, fr\u00e8re Antoine avait obtenu de se retirer \u00e0 Camposampiero dans le \u201clieu\u201d que le comte Tiso, avait donn\u00e9 aux fr\u00e8res franciscains, tout pr\u00e8s de son ch\u00e2teau.<\/p>\n\n\n\n<p>Ce m\u00eame comte lui avait construit, parmi les branchages d\u2019un grand noyer une sorte de cellule pour s\u2019adonner \u00e0 la pri\u00e8re au cours de ses journ\u00e9es<\/p>\n\n\n\n<p>Un soir, le comte croit voir \u00e0 l\u2019int\u00e9rieur de la cellule de fr\u00e8re Antoine une intense lumi\u00e8re. Poussant l\u00e9g\u00e8rement la porte, il vit le fr\u00e8re&nbsp;<strong>Antoine avec l\u2019Enfant J\u00e9sus dans ses bras.<\/strong><\/p>\n\n\n\n<figure class=\"wp-block-image\"><img decoding=\"async\" src=\"https:\/\/catholiques17.fr\/spm\/wp-content\/uploads\/sites\/9\/2019\/08\/DSCN0541-840x2048.jpg\" alt=\"\" class=\"wp-image-714\"\/><figcaption class=\"wp-element-caption\">St Antoine de Padoue portant l\u2019Enfant J\u00e9sus<\/figcaption><\/figure>\n\n\n\n<h3 class=\"wp-block-heading\">Fr\u00e8re mineur, docteur de l\u2019\u00c9glise&nbsp;(<img decoding=\"async\" alt=\"\u271d\" src=\"https:\/\/s.w.org\/images\/core\/emoji\/13.0.1\/svg\/271d.svg\">&nbsp;1231)<\/h3>\n\n\n\n<p>N\u00e9 \u00e0 Lisbonne, ce contemporain de saint Fran\u00e7ois d\u2019Assise s\u2019appelait en r\u00e9alit\u00e9 Fernando. De famille noble aux traditions militaires, il entra tout jeune chez les Chanoines R\u00e9guliers de Saint Augustin \u00e0 Co\u00efmbra o\u00f9 il fut ordonn\u00e9 pr\u00eatre. En 1220, quand les restes des premiers martyrs franciscains furent ramen\u00e9s du Maroc au Portugal, il entra chez les Fr\u00e8res Mineurs et prit le pr\u00e9nom d\u2019Antoine. Il d\u00e9sirait lui aussi aller au Maroc afin d\u2019y mourir martyr. Tomb\u00e9 malade pendant le voyage, il dut rentrer en Europe.<br>En 1221, il est \u00e0 Assise au chapitre de l\u2019Ordre et ses fr\u00e8res d\u00e9couvrent alors ses talents de pr\u00e9dicateur et de th\u00e9ologien. Ayant remplac\u00e9 \u2018au pied lev\u00e9\u2019 un pr\u00e9dicateur emp\u00each\u00e9, il \u00e9tonne ses fr\u00e8res qui, d\u00e9sormais, l\u2019envoient pr\u00eacher plut\u00f4t que de balayer. Avec la permission de saint Fran\u00e7ois, il enseigne \u00e0 Bologne, Toulouse, Montpellier et Limoges. A Brive-la-Gaillarde, on conserve m\u00eame le souvenir des grottes o\u00f9 il se retira quelque temps dans la pri\u00e8re solitaire. C\u2019est aussi dans cette ville qu\u2019il retrouva miraculeusement un manuscrit d\u00e9rob\u00e9, y gagnant du m\u00eame coup sa sp\u00e9cialit\u00e9 posthume pour lui faire retrouver les objets perdus. En 1229, il est \u00e9lu provincial de l\u2019Italie du Nord.<br>La fin de sa vie est domin\u00e9e par la pr\u00e9dication o\u00f9 il excelle. Il se trouve \u00e0 Padoue pour pr\u00eacher le Car\u00eame en 1231. C\u2019est l\u00e0 qu\u2019il meurt d\u2019\u00e9puisement \u00e0 36 ans, dans cette ville qui le v\u00e9n\u00e8re et qui lui donne son deuxi\u00e8me nom, saint Antoine de Padoue. Il est \u201cDocteur de l\u2019\u00c9glise\u201d, mais la pi\u00e9t\u00e9 populaire pr\u00e9f\u00e8re en lui l\u2019intercesseur efficace.<br>Il a \u00e9t\u00e9 nomm\u00e9 saint patron du Portugal en 1934 par le pape Pie XI.<\/p>\n\n\n\n<h2 class=\"wp-block-heading\">la cloche<\/h2>\n\n\n\n<figure class=\"wp-block-image\"><img decoding=\"async\" src=\"https:\/\/catholiques17.fr\/spm\/wp-content\/uploads\/sites\/9\/2019\/08\/DSCN0530-966x2048.jpg\" alt=\"\" class=\"wp-image-715\"\/><\/figure>\n\n\n\n<p>Enorme surprise de Lo\u00efc DETCHEVERRY qui d\u00e9couvrit, lors des travaux de remise en \u00e9tat du clocher, une inscription datant de 1774 sur la cloche, de plus on peut affirmer, de par les concr\u00e9tions calcaires qui s\u2019y trouvaient, que cette cloche a s\u00e9journ\u00e9e sous l\u2019eau.<\/p>\n\n\n\n<p>La cloche proviendrait d\u2019une ancienne chapelle. Avant l\u2019\u00e9rection de la chapelle actuelle, inaugur\u00e9e en 1927, existait d\u00e9j\u00e0 \u00e0 l\u2019emplacement actuel de la croix de la propri\u00e9t\u00e9 DAGORT (au milieu de l\u2019isthme de Langlade), la&nbsp;<strong>chapelle Sainte-Philom\u00e8ne<\/strong>, b\u00e9nie le 9 novembre 1876 mais abattue par le vent lors de l\u2019hiver 1925-1926.<\/p>\n\n\n\n<p>Inscriptions figurant sur la cloche&nbsp;:<\/p>\n\n\n\n<p>&nbsp;&nbsp;&nbsp;&nbsp;&nbsp;&nbsp;&nbsp;&nbsp;&nbsp;&nbsp;&nbsp;&nbsp;&nbsp;&nbsp;&nbsp; GORDAF LA KIEMPE A 1774<\/p>\n\n\n\n<p>&nbsp;&nbsp;&nbsp;&nbsp;&nbsp;&nbsp;&nbsp;&nbsp;&nbsp;&nbsp;&nbsp;&nbsp;&nbsp;&nbsp;&nbsp; FREGATT SKIEPPETT HOPPET IFRAN UHLEOBORG<\/p>\n\n\n\n<p>Texte en su\u00e9dois se traduisant comme suit&nbsp;:<\/p>\n\n\n\n<p>GORDAF LA KIEMPE est le fondeur de la cloche en l\u2019ann\u00e9e 1774<\/p>\n\n\n\n<p>FREGATT&nbsp; = fr\u00e9gate&nbsp;&nbsp;&nbsp; &nbsp;&nbsp;SKIEPPETT = navire&nbsp;&nbsp;&nbsp;&nbsp; HOPPET = Espoir (nom du navire) &nbsp;&nbsp;&nbsp;IFRAN = lieu &nbsp;UHLEOBORG = ville de Finlande ( OULU en finnois).<\/p>\n\n\n\n<p>Enfin, il faut savoir qu\u2019un navire \u00ab&nbsp;FREGATT HOPPET&nbsp;\u00bb transportait du sel en 1775-1777 en provenance de Cagliar (sardinia) et aurait \u00e9t\u00e9 vendu en 1777 ou 1779 \u00e0 la France\u2026<\/p>\n\n\n\n<h2 class=\"wp-block-heading\">Le chemin de croix<\/h2>\n\n\n\n<p>Le chemin de Croix est une d\u00e9votion populaire permettant de s\u2019associer \u00e0 la Passion de J\u00e9sus.<\/p>\n\n\n\n<figure class=\"wp-block-image\"><img decoding=\"async\" src=\"https:\/\/catholiques17.fr\/spm\/wp-content\/uploads\/sites\/9\/2019\/08\/DSCN0547-2048x2020.jpg\" alt=\"\" class=\"wp-image-716\"\/><figcaption class=\"wp-element-caption\">1\u00e8re station: J\u00e9sus est condamn\u00e9 \u00e0 mort<\/figcaption><\/figure>\n\n\n\n<figure class=\"wp-block-image\"><img decoding=\"async\" src=\"https:\/\/catholiques17.fr\/spm\/wp-content\/uploads\/sites\/9\/2019\/08\/DSCN0546.jpg\" alt=\"\" class=\"wp-image-717\"\/><figcaption class=\"wp-element-caption\">2\u00e8me station: J\u00e9sus est charg\u00e9 de sa croix<\/figcaption><\/figure>\n\n\n\n<figure class=\"wp-block-image\"><img decoding=\"async\" src=\"https:\/\/catholiques17.fr\/spm\/wp-content\/uploads\/sites\/9\/2019\/08\/DSCN0544-2035x2048.jpg\" alt=\"\" class=\"wp-image-718\"\/><figcaption class=\"wp-element-caption\">3\u00e8me station: J\u00e9sus tombe pour la 1\u00e8re fois<\/figcaption><\/figure>\n\n\n\n<figure class=\"wp-block-image\"><img decoding=\"async\" src=\"https:\/\/catholiques17.fr\/spm\/wp-content\/uploads\/sites\/9\/2019\/08\/DSCN0543-2048x2043.jpg\" alt=\"\" class=\"wp-image-719\"\/><figcaption class=\"wp-element-caption\">4\u00e8me station: J\u00e9sus rencontre sa m\u00e8re<\/figcaption><\/figure>\n\n\n\n<figure class=\"wp-block-image\"><img decoding=\"async\" src=\"https:\/\/catholiques17.fr\/spm\/wp-content\/uploads\/sites\/9\/2019\/08\/DSCN0542-2048x2007.jpg\" alt=\"\" class=\"wp-image-720\"\/><figcaption class=\"wp-element-caption\">5\u00e8me station: Simon de Cyr\u00e8ne r\u00e9quisitionn\u00e9 pour aider J\u00e9sus<\/figcaption><\/figure>\n\n\n\n<figure class=\"wp-block-image\"><img decoding=\"async\" src=\"https:\/\/catholiques17.fr\/spm\/wp-content\/uploads\/sites\/9\/2019\/08\/DSCN0540.jpg\" alt=\"\" class=\"wp-image-721\"\/><figcaption class=\"wp-element-caption\">6\u00e8me station: V\u00e9ronique essuie la face de J\u00e9sus<\/figcaption><\/figure>\n\n\n\n<figure class=\"wp-block-image\"><img decoding=\"async\" src=\"https:\/\/catholiques17.fr\/spm\/wp-content\/uploads\/sites\/9\/2019\/08\/DSCN0539.jpg\" alt=\"\" class=\"wp-image-722\"\/><figcaption class=\"wp-element-caption\">7\u00e8me station: J\u00e9sus tombe pour la 2\u00e8me fois<\/figcaption><\/figure>\n\n\n\n<figure class=\"wp-block-image\"><img decoding=\"async\" src=\"https:\/\/catholiques17.fr\/spm\/wp-content\/uploads\/sites\/9\/2019\/08\/DSCN0537.jpg\" alt=\"\" class=\"wp-image-723\"\/><figcaption class=\"wp-element-caption\">8\u00e8me station: J\u00e9sus rencontre des femmes de J\u00e9rusalem<\/figcaption><\/figure>\n\n\n\n<figure class=\"wp-block-image\"><img decoding=\"async\" src=\"https:\/\/catholiques17.fr\/spm\/wp-content\/uploads\/sites\/9\/2019\/08\/DSCN0536-2048x2039.jpg\" alt=\"\" class=\"wp-image-724\"\/><figcaption class=\"wp-element-caption\">9\u00e8me station: J\u00e9sus tombe pour la 3\u00e8me fois<\/figcaption><\/figure>\n\n\n\n<figure class=\"wp-block-image\"><img decoding=\"async\" src=\"https:\/\/catholiques17.fr\/spm\/wp-content\/uploads\/sites\/9\/2019\/08\/DSCN0535-2048x2002.jpg\" alt=\"\" class=\"wp-image-725\"\/><figcaption class=\"wp-element-caption\">10\u00e8me station: J\u00e9sus est d\u00e9pouill\u00e9 de ses v\u00eatements<\/figcaption><\/figure>\n\n\n\n<figure class=\"wp-block-image\"><img decoding=\"async\" src=\"https:\/\/catholiques17.fr\/spm\/wp-content\/uploads\/sites\/9\/2019\/08\/DSCN0533.jpg\" alt=\"\" class=\"wp-image-726\"\/><figcaption class=\"wp-element-caption\">11\u00e8me station : J\u00e9sus est clou\u00e9 sur la croix<\/figcaption><\/figure>\n\n\n\n<figure class=\"wp-block-image\"><img decoding=\"async\" src=\"https:\/\/catholiques17.fr\/spm\/wp-content\/uploads\/sites\/9\/2019\/08\/DSCN0531-2048x2021.jpg\" alt=\"\" class=\"wp-image-727\"\/><figcaption class=\"wp-element-caption\">12\u00e8me station: J\u00e9sus meurt sur la croix<\/figcaption><\/figure>\n\n\n\n<figure class=\"wp-block-image\"><img decoding=\"async\" src=\"https:\/\/catholiques17.fr\/spm\/wp-content\/uploads\/sites\/9\/2019\/08\/DSCN0529.jpg\" alt=\"\" class=\"wp-image-728\"\/><figcaption class=\"wp-element-caption\">13\u00e8me station: le cadavre de J\u00e9sus est descendu de la croix<\/figcaption><\/figure>\n","protected":false},"excerpt":{"rendered":"<p>1927&nbsp;: Inauguration de la chapelle de Langlade. Extrait du Foyer paroissial n\u00b046 Dimanche , 18 septembre. \u2013 Il est 5h \u00bd. L\u2019Angelus&nbsp;est annonc\u00e9 par un joyeux carillon des trois cloches [&hellip;]<\/p>\n","protected":false},"author":5,"featured_media":0,"parent":6040,"menu_order":0,"comment_status":"closed","ping_status":"closed","template":"","meta":{"_et_pb_use_builder":"off","_et_pb_old_content":"","_et_gb_content_width":"","footnotes":""},"class_list":["post-4654","page","type-page","status-publish","hentry"],"_links":{"self":[{"href":"https:\/\/catholiques17.fr\/spm\/wp-json\/wp\/v2\/pages\/4654","targetHints":{"allow":["GET"]}}],"collection":[{"href":"https:\/\/catholiques17.fr\/spm\/wp-json\/wp\/v2\/pages"}],"about":[{"href":"https:\/\/catholiques17.fr\/spm\/wp-json\/wp\/v2\/types\/page"}],"author":[{"embeddable":true,"href":"https:\/\/catholiques17.fr\/spm\/wp-json\/wp\/v2\/users\/5"}],"replies":[{"embeddable":true,"href":"https:\/\/catholiques17.fr\/spm\/wp-json\/wp\/v2\/comments?post=4654"}],"version-history":[{"count":4,"href":"https:\/\/catholiques17.fr\/spm\/wp-json\/wp\/v2\/pages\/4654\/revisions"}],"predecessor-version":[{"id":6046,"href":"https:\/\/catholiques17.fr\/spm\/wp-json\/wp\/v2\/pages\/4654\/revisions\/6046"}],"up":[{"embeddable":true,"href":"https:\/\/catholiques17.fr\/spm\/wp-json\/wp\/v2\/pages\/6040"}],"wp:attachment":[{"href":"https:\/\/catholiques17.fr\/spm\/wp-json\/wp\/v2\/media?parent=4654"}],"curies":[{"name":"wp","href":"https:\/\/api.w.org\/{rel}","templated":true}]}}