{"id":4650,"date":"2021-03-25T21:59:45","date_gmt":"2021-03-25T20:59:45","guid":{"rendered":"https:\/\/catholiques17.fr\/spm\/?page_id=4650"},"modified":"2024-11-20T14:24:22","modified_gmt":"2024-11-20T13:24:22","slug":"chapelle-ste-bernadette","status":"publish","type":"page","link":"https:\/\/catholiques17.fr\/spm\/patrimoine\/chapelle-ste-bernadette\/","title":{"rendered":"Chapelle Ste Bernadette"},"content":{"rendered":"\n<p>chapelle Ste Bernadette<\/p>\n\n\n\n<p>Ce que nous d\u00e9signons aujourd\u2019hui comme la chapelle Ste Bernadette a \u00e9t\u00e9 avant tout con\u00e7ue comme un \u00ab&nbsp;centre socio-\u00e9ducatif et scolaire&nbsp;\u00bb, disposant \u00e0 l\u2019\u00e9tage d\u2019une \u00ab&nbsp;chapelle de secours avec sacristie&nbsp;\u00bb.<\/p>\n\n\n\n<p>L\u2019ensemble a \u00e9t\u00e9 voulu et r\u00e9alis\u00e9 par Mgr MAURER.<\/p>\n\n\n\n<p>L\u2019architecte en a \u00e9t\u00e9 J.MULLER, de Colmar, cabinet HAGENMULLER, 7 rue Kleber.<\/p>\n\n\n\n<p>L\u2019autorisation de construire par le Service des Affaires Domaniales \u2013 G. GASTON, &nbsp;est sign\u00e9 du 25 mai 1978.<\/p>\n\n\n\n<p>Descriptif de l\u2019\u00e9poque&nbsp;:<\/p>\n\n\n\n<ol class=\"wp-block-list\">\n<li>A rez-de-chauss\u00e9e basse\u00a0: 5 petites salles, 1 grande salle de jeux et de r\u00e9cr\u00e9ation, locaux sanitaires et chaufferie<\/li>\n\n\n\n<li>Etage, \u00e0 rez-de-chauss\u00e9e haute\u00a0: 2 salles, 1 chapelle de secours avec sacristie, hall d\u2019entr\u00e9e et escalier de communication avec le bas.<\/li>\n<\/ol>\n\n\n\n<p>Aujourd\u2019hui&nbsp;:<\/p>\n\n\n\n<ol class=\"wp-block-list\">\n<li>Etage, \u00e0 rez-de chauss\u00e9e haute\u00a0: la chapelle Ste Bernadette avec extension possible sur les 2 salles sur les c\u00f4t\u00e9s, sacristie, hall d\u2019entr\u00e9e et escalier de communication avec le bas<\/li>\n\n\n\n<li>A rez-de chauss\u00e9e basse, rue de Normandie\u00a0: un appartement, 3 petites salles \u00e0 disposition des Scouts et Guides de France, 1 grande salle partag\u00e9e avec les scouts et pouvant servir pour les r\u00e9ceptions, locaux sanitaires et chaufferie.<\/li>\n<\/ol>\n\n\n\n<h2 class=\"wp-block-heading\">La chapelle Ste Bernadette<\/h2>\n\n\n\n<p>A l\u2019entr\u00e9e de la chapelle, nous sommes accueillis par une statue de Ste Bernadette.<\/p>\n\n\n\n<figure class=\"wp-block-image\"><img decoding=\"async\" src=\"https:\/\/catholiques17.fr\/spm\/wp-content\/uploads\/sites\/9\/2019\/09\/DSCN0050-1199x2048.jpg\" alt=\"\" class=\"wp-image-790\"\/><figcaption class=\"wp-element-caption\">Ste Bernadette<\/figcaption><\/figure>\n\n\n\n<h4 class=\"wp-block-heading\">Bernadette SOUBIROUS\u00a0(+\u00a01879)<\/h4>\n\n\n\n<p>Fille a\u00een\u00e9e d\u2019une famille de meunier que l\u2019arriv\u00e9e des moulins \u00e0 vapeur jettera dans une extr\u00eame pauvret\u00e9, Bernadette Soubirous est accueillie en janvier 1858 \u00e0 l\u2019Hospice de Lourdes, dirig\u00e9 par les S\u0153urs de la Charit\u00e9 de Nevers, pour y apprendre \u00e0 lire et \u00e0 \u00e9crire afin de pr\u00e9parer sa premi\u00e8re communion. En f\u00e9vrier 1858, alors qu\u2019elle ramassait du bois avec deux autres petites filles, la Vierge Marie lui appara\u00eet au creux du rocher de Massabielle, pr\u00e8s de Lourdes. Dix huit Apparitions auront ainsi lieu entre f\u00e9vrier et juillet 1858. Charg\u00e9e de transmettre le message de la Vierge Marie, et non de le faire croire, Bernadette r\u00e9sistera aux accusations multiples de ses contemporains. En juillet 1866, voulant r\u00e9aliser son d\u00e9sir de vie religieuse, elle entre chez les S\u0153urs de la Charit\u00e9 de Nevers \u00e0 Saint-Gildard, Maison-M\u00e8re de la Congr\u00e9gation. Elle y m\u00e8ne une vie humble et cach\u00e9e. Bien que de plus en plus malade, elle remplit avec amour les t\u00e2ches qui lui sont confi\u00e9es. Elle meurt le 16 avril 1879. Elle est b\u00e9atifi\u00e9e le 14 juin 1925 puis canonis\u00e9e le 8 d\u00e9cembre 1933.<\/p>\n\n\n\n<h3 class=\"wp-block-heading\">Dans le sanctuaire<\/h3>\n\n\n\n<figure class=\"wp-block-image\"><img decoding=\"async\" src=\"https:\/\/catholiques17.fr\/spm\/wp-content\/uploads\/sites\/9\/2019\/09\/DSCN0047-2048x1536.jpg\" alt=\"\" class=\"wp-image-792\"\/><figcaption class=\"wp-element-caption\">sanctuaire de la chapelle<\/figcaption><\/figure>\n\n\n\n<h4 class=\"wp-block-heading\">Ste Bernadette et la Dame de Lourdes<\/h4>\n\n\n\n<figure class=\"wp-block-image\"><img decoding=\"async\" src=\"https:\/\/catholiques17.fr\/spm\/wp-content\/uploads\/sites\/9\/2019\/09\/DSCN0048-1856x2048.jpg\" alt=\"\" class=\"wp-image-796\"\/><\/figure>\n\n\n\n<h4 class=\"wp-block-heading\">Le Christ en croix (sans la croix)<\/h4>\n\n\n\n<figure class=\"wp-block-image\"><img decoding=\"async\" src=\"https:\/\/catholiques17.fr\/spm\/wp-content\/uploads\/sites\/9\/2019\/09\/DSCN0042-1607x2048.jpg\" alt=\"\" class=\"wp-image-793\"\/><\/figure>\n\n\n\n<h4 class=\"wp-block-heading\">Le tabernacle<\/h4>\n\n\n\n<figure class=\"wp-block-image\"><img decoding=\"async\" src=\"https:\/\/catholiques17.fr\/spm\/wp-content\/uploads\/sites\/9\/2019\/09\/DSCN0043.jpg\" alt=\"\" class=\"wp-image-794\"\/><\/figure>\n\n\n\n<h4 class=\"wp-block-heading\">Vitrail<\/h4>\n\n\n\n<figure class=\"wp-block-image\"><img decoding=\"async\" src=\"https:\/\/catholiques17.fr\/spm\/wp-content\/uploads\/sites\/9\/2019\/09\/DSCN0046-2048x1536.jpg\" alt=\"\" class=\"wp-image-795\"\/><\/figure>\n\n\n\n<h4 class=\"wp-block-heading\">Cloche<\/h4>\n\n\n\n<figure class=\"wp-block-image\"><img decoding=\"async\" src=\"https:\/\/catholiques17.fr\/spm\/wp-content\/uploads\/sites\/9\/2019\/10\/img025.jpg\" alt=\"\" class=\"wp-image-977\"\/><figcaption class=\"wp-element-caption\">b\u00e9n\u00e9diction de la cloche: P\u00e2ques 1986<\/figcaption><\/figure>\n","protected":false},"excerpt":{"rendered":"<p>chapelle Ste Bernadette Ce que nous d\u00e9signons aujourd\u2019hui comme la chapelle Ste Bernadette a \u00e9t\u00e9 avant tout con\u00e7ue comme un \u00ab&nbsp;centre socio-\u00e9ducatif et scolaire&nbsp;\u00bb, disposant \u00e0 l\u2019\u00e9tage d\u2019une \u00ab&nbsp;chapelle de [&hellip;]<\/p>\n","protected":false},"author":4,"featured_media":0,"parent":6040,"menu_order":0,"comment_status":"closed","ping_status":"closed","template":"","meta":{"_et_pb_use_builder":"off","_et_pb_old_content":"","_et_gb_content_width":"","footnotes":""},"class_list":["post-4650","page","type-page","status-publish","hentry"],"_links":{"self":[{"href":"https:\/\/catholiques17.fr\/spm\/wp-json\/wp\/v2\/pages\/4650","targetHints":{"allow":["GET"]}}],"collection":[{"href":"https:\/\/catholiques17.fr\/spm\/wp-json\/wp\/v2\/pages"}],"about":[{"href":"https:\/\/catholiques17.fr\/spm\/wp-json\/wp\/v2\/types\/page"}],"author":[{"embeddable":true,"href":"https:\/\/catholiques17.fr\/spm\/wp-json\/wp\/v2\/users\/4"}],"replies":[{"embeddable":true,"href":"https:\/\/catholiques17.fr\/spm\/wp-json\/wp\/v2\/comments?post=4650"}],"version-history":[{"count":4,"href":"https:\/\/catholiques17.fr\/spm\/wp-json\/wp\/v2\/pages\/4650\/revisions"}],"predecessor-version":[{"id":6045,"href":"https:\/\/catholiques17.fr\/spm\/wp-json\/wp\/v2\/pages\/4650\/revisions\/6045"}],"up":[{"embeddable":true,"href":"https:\/\/catholiques17.fr\/spm\/wp-json\/wp\/v2\/pages\/6040"}],"wp:attachment":[{"href":"https:\/\/catholiques17.fr\/spm\/wp-json\/wp\/v2\/media?parent=4650"}],"curies":[{"name":"wp","href":"https:\/\/api.w.org\/{rel}","templated":true}]}}