{"id":4611,"date":"2021-03-25T21:32:08","date_gmt":"2021-03-25T20:32:08","guid":{"rendered":"https:\/\/catholiques17.fr\/spm\/?page_id=4611"},"modified":"2024-11-20T15:40:12","modified_gmt":"2024-11-20T14:40:12","slug":"presentation","status":"publish","type":"page","link":"https:\/\/catholiques17.fr\/spm\/les-paroisses\/presentation\/","title":{"rendered":"Pr\u00e9sentation"},"content":{"rendered":"[et_pb_section fb_built=\u00a0\u00bb1&Prime; admin_label=\u00a0\u00bbsection\u00a0\u00bb _builder_version=\u00a0\u00bb4.16&Prime; custom_padding=\u00a0\u00bb0px|||||\u00a0\u00bb global_colors_info=\u00a0\u00bb{}\u00a0\u00bb theme_builder_area=\u00a0\u00bbpost_content\u00a0\u00bb][et_pb_row _builder_version=\u00a0\u00bb4.21.0&Prime; _module_preset=\u00a0\u00bbdefault\u00a0\u00bb custom_padding=\u00a0\u00bb4px|||||\u00a0\u00bb global_colors_info=\u00a0\u00bb{}\u00a0\u00bb theme_builder_area=\u00a0\u00bbpost_content\u00a0\u00bb][et_pb_column type=\u00a0\u00bb4_4&Prime; _builder_version=\u00a0\u00bb4.21.0&Prime; _module_preset=\u00a0\u00bbdefault\u00a0\u00bb global_colors_info=\u00a0\u00bb{}\u00a0\u00bb theme_builder_area=\u00a0\u00bbpost_content\u00a0\u00bb][et_pb_image src=\u00a0\u00bbhttps:\/\/catholiques17.fr\/spm\/wp-content\/uploads\/sites\/25\/2024\/11\/SPM-paysage.jpg\u00a0\u00bb title_text=\u00a0\u00bbSPM-paysage\u00a0\u00bb _builder_version=\u00a0\u00bb4.21.0&Prime; _module_preset=\u00a0\u00bbdefault\u00a0\u00bb global_colors_info=\u00a0\u00bb{}\u00a0\u00bb theme_builder_area=\u00a0\u00bbpost_content\u00a0\u00bb][\/et_pb_image][\/et_pb_column][\/et_pb_row][et_pb_row admin_label=\u00a0\u00bbrow\u00a0\u00bb _builder_version=\u00a0\u00bb4.16&Prime; background_size=\u00a0\u00bbinitial\u00a0\u00bb background_position=\u00a0\u00bbtop_left\u00a0\u00bb background_repeat=\u00a0\u00bbrepeat\u00a0\u00bb global_colors_info=\u00a0\u00bb{}\u00a0\u00bb theme_builder_area=\u00a0\u00bbpost_content\u00a0\u00bb][et_pb_column type=\u00a0\u00bb4_4&Prime; _builder_version=\u00a0\u00bb4.16&Prime; custom_padding=\u00a0\u00bb|||\u00a0\u00bb global_colors_info=\u00a0\u00bb{}\u00a0\u00bb custom_padding__hover=\u00a0\u00bb|||\u00a0\u00bb theme_builder_area=\u00a0\u00bbpost_content\u00a0\u00bb][et_pb_text admin_label=\u00a0\u00bbText\u00a0\u00bb _builder_version=\u00a0\u00bb4.21.0&Prime; background_size=\u00a0\u00bbinitial\u00a0\u00bb background_position=\u00a0\u00bbtop_left\u00a0\u00bb background_repeat=\u00a0\u00bbrepeat\u00a0\u00bb global_colors_info=\u00a0\u00bb{}\u00a0\u00bb theme_builder_area=\u00a0\u00bbpost_content\u00a0\u00bb]<p>Le pape Fran\u00e7ois, apr\u00e8s avoir accept\u00e9 la d\u00e9mission de la charge pastorale de Vicaire apostolique des \u00eeles Saint-Pierre et Miquelon que lui a pr\u00e9sent\u00e9 Mgr Pierre Gaschy, atteint par la limite d\u2019\u00e2ge, a d\u00e9cid\u00e9 d\u2019unir (<strong>en mars 2018<\/strong>) au dioc\u00e8se de La Rochelle le territoire de Saint-Pierre et Miquelon, archipel fran\u00e7ais au sud de l\u2019\u00eele canadienne de Terre-Neuve.<\/p>\n<p><\/p>\n<p>Saint-Pierre-et-Miquelon est un archipel fran\u00e7ais d\u2019Am\u00e9rique du Nord situ\u00e9 dans l\u2019oc\u00e9an Atlantique nord, au sud de l\u2019\u00eele canadienne de Terre-Neuve.<\/p>\n<p>Saint-Pierre se trouve \u00e0 19 km au sud-ouest de l\u2019extr\u00e9mit\u00e9 occidentale de la p\u00e9ninsule de Burin, dans la partie m\u00e9ridionale de Terre-Neuve, l\u2019\u00eele Miquelon \u00e9tant \u00e0 21 km \u00e0 l\u2019ouest-sud-ouest de cette m\u00eame pointe.<\/p>\n<p>Ancien d\u00e9partement d\u2019outre-mer, puis collectivit\u00e9 territoriale \u00e0 statut particulier, c\u2019est aujourd\u2019hui une collectivit\u00e9 d\u2019outre-mer.<\/p>\n<p><\/p>\n<ul>\n<li>Population :environ 6000<\/li>\n<li>Population active : 2 863<\/li>\n<li>Superficie : 30 km\u00b2<\/li>\n<li>R\u00e9seau routier municipal : 33 km<\/li>\n<\/ul>\n<p><\/p>\n<p>Au sein du dioc\u00e8se de La Rochelle, le doyenn\u00e9 de Saint-Pierre-et-Miquelon compte 2 paroisses : celle de St-Pierre et celle de Miquelon.<\/p>\n<p><!-- \/wp:post-content --><\/p>\n<p><!-- wp:heading --><\/p>\n<p><!-- \/wp:heading --><\/p>[\/et_pb_text][et_pb_cta title=\u00a0\u00bbParoisse de St-Pierre\u00a0\u00bb button_url=\u00a0\u00bbmailto:%20paroissespm@gmail.com\u00a0\u00bb button_text=\u00a0\u00bbContacter la paroisse par mail\u00a0\u00bb _builder_version=\u00a0\u00bb4.21.0&Prime; _module_preset=\u00a0\u00bbdefault\u00a0\u00bb background_color=\u00a0\u00bb#0C71C3&Prime; global_colors_info=\u00a0\u00bb{}\u00a0\u00bb theme_builder_area=\u00a0\u00bbpost_content\u00a0\u00bb]<p><!-- \/wp:heading --><\/p>\n<p><!-- wp:paragraph -->\u00cele la plus peupl\u00e9e de l\u2019archipel, avec environ 5500 habitants dont +\/- la moiti\u00e9 de m\u00e9tropolitains, mais non pas la plus grande.<\/p>\n<p><!-- \/wp:paragraph --><\/p>\n<p><!-- wp:paragraph --><strong>Presbyt\u00e8re<br \/><\/strong>23 rue Boursaint- BP 4245<br \/>97500 Saint-Pierre, France<br \/>(0 508) 41 02 40<\/p>\n<p><!-- \/wp:paragraph --><\/p>\n<p><!-- wp:paragraph --><strong>Communaut\u00e9 des\u00a0S\u0153urs\u00a0de Saint Joseph de Cluny<\/strong><br \/>1 rue du docteur Dunan \u2013 BP 4246<br \/>97500 Saint Pierre<br \/>tel. (0 508) 41 05 70<br \/><span style=\"text-decoration: underline;\"><span style=\"color: #ffffff;\"><a href=\"http:\/\/sj-cluny.org\/\" style=\"color: #ffffff; text-decoration: underline;\">sj-cluny.org<\/a><\/span><\/span><\/p>\n<p><!-- \/wp:paragraph --><\/p>\n<p><!-- wp:heading --><\/p>\n<p><!-- \/wp:paragraph --><\/p>\n<p><!-- wp:paragraph --><\/p>[\/et_pb_cta][et_pb_image src=\u00a0\u00bbhttps:\/\/catholiques17.fr\/spm\/wp-content\/uploads\/sites\/25\/2024\/11\/Map_Saint_Pierre_et_Miquelon.png\u00a0\u00bb title_text=\u00a0\u00bbMap_Saint_Pierre_et_Miquelon\u00a0\u00bb align=\u00a0\u00bbcenter\u00a0\u00bb _builder_version=\u00a0\u00bb4.21.0&Prime; _module_preset=\u00a0\u00bbdefault\u00a0\u00bb border_width_all=\u00a0\u00bb2px\u00a0\u00bb border_width_right=\u00a0\u00bb4px\u00a0\u00bb border_color_right=\u00a0\u00bb#474747&Prime; border_style_right=\u00a0\u00bbridge\u00a0\u00bb global_colors_info=\u00a0\u00bb{}\u00a0\u00bb theme_builder_area=\u00a0\u00bbpost_content\u00a0\u00bb][\/et_pb_image][et_pb_cta title=\u00a0\u00bbParoisse de Miquelon\u00a0\u00bb button_url=\u00a0\u00bbmailto:%20paroissespm@gmail.com\u00a0\u00bb button_text=\u00a0\u00bbContacter la paroisse par mail\u00a0\u00bb _builder_version=\u00a0\u00bb4.21.0&Prime; _module_preset=\u00a0\u00bbdefault\u00a0\u00bb background_color=\u00a0\u00bb#158996&Prime; global_colors_info=\u00a0\u00bb{}\u00a0\u00bb theme_builder_area=\u00a0\u00bbpost_content\u00a0\u00bb]<p><!-- \/wp:heading --><\/p>\n<p style=\"text-align: justify;\">Deux anciennes \u00eeles \u2013 Miquelon et Langlade \u2013 maintenant reli\u00e9es par un isthme forment la paroisse de Miquelon. <strong>Miquelon<\/strong> est un petit village de 500 habitants majoritairement descendants d\u2019acadiens. <strong>Langlade<\/strong>, d\u00e9sert\u00e9e l\u2019hiver, abrite surtout les \u00ab\u00a0cabanes de chasseurs\u00a0\u00bb des Saints-Pierrais.<\/p>\n<p><!-- \/wp:paragraph --><\/p>\n<p><!-- wp:paragraph --><strong>Presbyt\u00e8re<\/strong><br \/>Rue Anne Claire du Pont de Renon<br \/>97500 Miquelon-Langlade, France<br \/>(0 508) 41 63 21<\/p>\n<p><strong>Communaut\u00e9 des\u00a0S\u0153urs\u00a0de Saint Joseph de Cluny<\/strong><br \/>2 place des Ardillers \u2013 BP 8419<br \/>97500 Miquelon<br \/>(0 508) 41 65 23<\/p>\n<p><!-- \/wp:paragraph --><\/p>[\/et_pb_cta][\/et_pb_column][\/et_pb_row][\/et_pb_section]","protected":false},"excerpt":{"rendered":"<p>Le pape Fran\u00e7ois, apr\u00e8s avoir accept\u00e9 la d\u00e9mission de la charge pastorale de Vicaire apostolique des \u00eeles Saint-Pierre et Miquelon que lui a pr\u00e9sent\u00e9 Mgr Pierre Gaschy, atteint par la [&hellip;]<\/p>\n","protected":false},"author":5,"featured_media":0,"parent":6011,"menu_order":0,"comment_status":"closed","ping_status":"closed","template":"","meta":{"_et_pb_use_builder":"on","_et_pb_old_content":"<!-- wp:paragraph -->\n<p>Le pape Fran\u00e7ois, apr\u00e8s avoir accept\u00e9 la d\u00e9mission de la charge pastorale de Vicaire apostolique des \u00eeles Saint-Pierre et Miquelon que lui a pr\u00e9sent\u00e9 Mgr Pierre Gaschy, atteint par la limite d\u2019\u00e2ge, a d\u00e9cid\u00e9 d\u2019unir (en mars 2018) au dioc\u00e8se de La Rochelle le territoire de Saint-Pierre et Miquelon, archipel fran\u00e7ais au sud de l\u2019\u00eele canadienne de Terre-Neuve.!<\/p>\n<!-- \/wp:paragraph -->\n\n<!-- wp:paragraph -->\n<p>Saint-Pierre-et-Miquelon est un archipel fran\u00e7ais d\u2019Am\u00e9rique du Nord situ\u00e9 dans l\u2019oc\u00e9an Atlantique nord, au sud de l\u2019\u00eele canadienne de Terre-Neuve.&nbsp;<br><br>Saint-Pierre se trouve \u00e0 19 km au sud-ouest de l\u2019extr\u00e9mit\u00e9 occidentale de la p\u00e9ninsule de Burin, dans la partie m\u00e9ridionale de Terre-Neuve, l\u2019\u00eele Miquelon \u00e9tant \u00e0 21 km \u00e0 l\u2019ouest-sud-ouest de cette m\u00eame pointe.&nbsp;<br><br>Ancien d\u00e9partement d\u2019outre-mer, puis collectivit\u00e9 territoriale \u00e0 statut particulier, c\u2019est aujourd\u2019hui une collectivit\u00e9 d\u2019outre-mer.&nbsp;<\/p>\n<!-- \/wp:paragraph -->\n\n<!-- wp:paragraph -->\n<p>Population :environ 6000<br>Population active : 2 863<br>Superficie : 30 km\u00b2<br>R\u00e9seau routier municipal : 33 km<\/p>\n<!-- \/wp:paragraph -->\n\n<!-- wp:paragraph -->\n<p>Le doyenn\u00e9 de SPM compte 2 paroisses: celle de St-Pierre et celle de Miquelon.<\/p>\n<!-- \/wp:paragraph -->\n\n<!-- wp:heading -->\n<h2 class=\"wp-block-heading\">Paroisse de St-Pierre<\/h2>\n<!-- \/wp:heading -->\n\n<!-- wp:paragraph -->\n<p>\u00cele la plus peupl\u00e9e de l\u2019archipel, avec environ 5500 habitants dont +\/- la moiti\u00e9 de m\u00e9tropolitains, mais non pas la plus grande.<\/p>\n<!-- \/wp:paragraph -->\n\n<!-- wp:paragraph -->\n<p>Presbyt\u00e8re : 23 rue Boursaint- BP 4245 \u2013 97500 Saint-Pierre, France<br>Tel : (0 508) 41 02 40&nbsp;&nbsp;<a href=\"https:\/\/catholiques17.fr\/spm\/paroisses\/paroisse-de-st-pierre\/paroissespm@gmail.com\">paroissespm@gmail.com<\/a><\/p>\n<!-- \/wp:paragraph -->\n\n<!-- wp:paragraph -->\n<p>Communaut\u00e9 des&nbsp;S\u0153urs&nbsp;de Saint Joseph de Cluny<br>1 rue du docteur Dunan \u2013 BP 4246 \u2013 97500 Saint Pierre<br>tel. (0 508) 41 05 70&nbsp;<a href=\"http:\/\/sj-cluny.org\/\">http:\/\/sj-cluny.org\/<\/a><\/p>\n<!-- \/wp:paragraph -->\n\n<!-- wp:heading -->\n<h2 class=\"wp-block-heading\">Paroisse de Miquelon<\/h2>\n<!-- \/wp:heading -->\n\n<!-- wp:paragraph -->\n<p>2 anciennes \u00eeles \u2013 Miquelon et Langlade \u2013 maintenant reli\u00e9es par un isthme forment la paroisse de Miquelon.<br>Miquelon est un petit village de 500 habitants majoritairement descendants d\u2019acadiens.<br>Langlade, d\u00e9sert\u00e9e l\u2019hiver, abrite surtout les \u00ab&nbsp;cabanes de chasseurs&nbsp;\u00bb des Saints-Pierrais.<\/p>\n<!-- \/wp:paragraph -->\n\n<!-- wp:paragraph -->\n<p>Presbyt\u00e8re: Rue Anne Claire du Pont de Renon, 97500 Miquelon-Langlade, France<br>tel. (0 508) 41 63 21 paroissespm@gmail.com<\/p>\n<!-- \/wp:paragraph -->\n\n<!-- wp:paragraph -->\n<p>Communaut\u00e9 des&nbsp;S\u0153urs&nbsp;de Saint Joseph de Cluny<br>2 place des Ardillers \u2013 BP 8419 -97500 Miquelon&nbsp;<br>tel (0 508) 41 65 23<\/p>\n<!-- \/wp:paragraph -->\n\n<!-- wp:heading {\"level\":3} -->\n<h3 class=\"wp-block-heading\">Clerg\u00e9 :<\/h3>\n<!-- \/wp:heading -->\n\n<!-- wp:media-text {\"align\":\"wide\",\"mediaId\":5756,\"mediaLink\":\"https:\/\/catholiques17.fr\/spm\/larchipel-de-spm\/20221224_194811-1\/\",\"mediaType\":\"image\",\"mediaWidth\":46,\"imageFill\":false} -->\n<div class=\"wp-block-media-text alignwide is-stacked-on-mobile\" style=\"grid-template-columns:46% auto\"><figure class=\"wp-block-media-text__media\"><img src=\"https:\/\/catholiques17.fr\/spm\/wp-content\/uploads\/sites\/25\/2024\/03\/20221224_194811-1.jpg\" alt=\"\" class=\"wp-image-5756 size-full\" \/><\/figure><div class=\"wp-block-media-text__content\"><!-- wp:paragraph {\"placeholder\":\"Contenu\u2026\",\"fontSize\":\"medium\"} -->\n<p class=\"has-medium-font-size\"><strong>abb\u00e9 JEAN Rony<\/strong>, cur\u00e9 des paroisses de St-Pierre et de Miquelon, directeur dioc\u00e9sain de l'enseignement catholique pour l'archipel, pr\u00eatre du dioc\u00e8se de J\u00e9r\u00e9mie en Ha\u00efti,&nbsp;<em>fid\u00e9i donum<\/em>&nbsp;pour SPM depuis ao\u00fbt 2019<\/p>\n<!-- \/wp:paragraph --><\/div><\/div>\n<!-- \/wp:media-text -->\n\n<!-- wp:paragraph -->\n<p>abb\u00e9 CISS Marcel, vicaire<\/p>\n<!-- \/wp:paragraph -->\n\n<!-- wp:paragraph -->\n<p><\/p>\n<!-- \/wp:paragraph -->","_et_gb_content_width":"","footnotes":""},"class_list":["post-4611","page","type-page","status-publish","hentry"],"_links":{"self":[{"href":"https:\/\/catholiques17.fr\/spm\/wp-json\/wp\/v2\/pages\/4611","targetHints":{"allow":["GET"]}}],"collection":[{"href":"https:\/\/catholiques17.fr\/spm\/wp-json\/wp\/v2\/pages"}],"about":[{"href":"https:\/\/catholiques17.fr\/spm\/wp-json\/wp\/v2\/types\/page"}],"author":[{"embeddable":true,"href":"https:\/\/catholiques17.fr\/spm\/wp-json\/wp\/v2\/users\/5"}],"replies":[{"embeddable":true,"href":"https:\/\/catholiques17.fr\/spm\/wp-json\/wp\/v2\/comments?post=4611"}],"version-history":[{"count":16,"href":"https:\/\/catholiques17.fr\/spm\/wp-json\/wp\/v2\/pages\/4611\/revisions"}],"predecessor-version":[{"id":6099,"href":"https:\/\/catholiques17.fr\/spm\/wp-json\/wp\/v2\/pages\/4611\/revisions\/6099"}],"up":[{"embeddable":true,"href":"https:\/\/catholiques17.fr\/spm\/wp-json\/wp\/v2\/pages\/6011"}],"wp:attachment":[{"href":"https:\/\/catholiques17.fr\/spm\/wp-json\/wp\/v2\/media?parent=4611"}],"curies":[{"name":"wp","href":"https:\/\/api.w.org\/{rel}","templated":true}]}}