{"id":6590,"date":"2024-04-29T08:35:18","date_gmt":"2024-04-29T06:35:18","guid":{"rendered":"https:\/\/catholiques17.fr\/souzy\/?post_type=tribe_events&#038;p=6590"},"modified":"2024-06-06T10:25:59","modified_gmt":"2024-06-06T08:25:59","slug":"vin-et-litterature-reservez-votre-soiree","status":"publish","type":"tribe_events","link":"https:\/\/catholiques17.fr\/souzy\/event\/vin-et-litterature-reservez-votre-soiree\/","title":{"rendered":"Vin et litt\u00e9rature : r\u00e9servez votre soir\u00e9e !"},"content":{"rendered":"<h3><strong><span style=\"color: #800000;\">Le vin et la litt\u00e9rature ont toujours fait bon m\u00e9nage !<\/span><\/strong><\/h3>\n<h3><span style=\"font-family: times new roman, serif;\">C&rsquo;est la raison pour laquelle nous vous avons concoct\u00e9 une soir\u00e9e sp\u00e9ciale o\u00f9 les deux vont se m\u00ealer et se nourrir\u00a0mutuellement\u00a0tandis que vous pourrez vous d\u00e9salt\u00e9rer et picorer de bonnes choses.<\/span><\/h3>\n<h3><span style=\"font-family: times new roman, serif;\">Des intervenants, familiers des deux domaines, vous guideront dans\u00a0ce voyage vinicolo-culturel, pour lequel, si vous \u00eates\u00a0tent\u00e9, il est n\u00e9cessaire de r\u00e9server sa place au comptoir.<\/span><\/h3>\n<h3><span style=\"font-family: times new roman, serif;\">Le vin sera celui de l&rsquo;ESAT de l&rsquo;Arche en Anjou, partenaire de la soir\u00e9e.<\/span><\/h3>\n<h3><span style=\"font-family: times new roman, serif;\">Depuis quelques ann\u00e9es d\u00e9j\u00e0 l&rsquo;Arche en Anjou a fid\u00e9lis\u00e9 une client\u00e8le locale et vous pourrez non seulement go\u00fbter ces bons produits de leur terroir mais aussi les acheter &#8230;<\/span><\/h3>\n<h3><\/h3>\n<hr \/>\n<h2><\/h2>\n<h2 style=\"text-align: center;\"><span style=\"color: #800000;\"><b>Depuis le 05 juin, il n&rsquo;est plus possible de s&rsquo;inscrire \u00e0 cette soir\u00e9e.<\/b><\/span><\/h2>\n<hr \/>\n<p>&nbsp;<\/p>\n","protected":false},"excerpt":{"rendered":"<p>Le vin et la litt\u00e9rature ont toujours fait bon m\u00e9nage ! C&rsquo;est la raison pour laquelle nous vous avons concoct\u00e9 une soir\u00e9e sp\u00e9ciale o\u00f9 les deux vont se m\u00ealer et [&hellip;]<\/p>\n","protected":false},"author":4,"featured_media":6635,"template":"","meta":{"_et_pb_use_builder":"","_et_pb_old_content":"","_et_gb_content_width":"","_tribe_events_status":"","_tribe_events_status_reason":"","footnotes":""},"tags":[],"tribe_events_cat":[],"class_list":["post-6590","tribe_events","type-tribe_events","status-publish","has-post-thumbnail","hentry"],"_links":{"self":[{"href":"https:\/\/catholiques17.fr\/souzy\/wp-json\/wp\/v2\/tribe_events\/6590","targetHints":{"allow":["GET"]}}],"collection":[{"href":"https:\/\/catholiques17.fr\/souzy\/wp-json\/wp\/v2\/tribe_events"}],"about":[{"href":"https:\/\/catholiques17.fr\/souzy\/wp-json\/wp\/v2\/types\/tribe_events"}],"author":[{"embeddable":true,"href":"https:\/\/catholiques17.fr\/souzy\/wp-json\/wp\/v2\/users\/4"}],"version-history":[{"count":5,"href":"https:\/\/catholiques17.fr\/souzy\/wp-json\/wp\/v2\/tribe_events\/6590\/revisions"}],"predecessor-version":[{"id":6638,"href":"https:\/\/catholiques17.fr\/souzy\/wp-json\/wp\/v2\/tribe_events\/6590\/revisions\/6638"}],"wp:featuredmedia":[{"embeddable":true,"href":"https:\/\/catholiques17.fr\/souzy\/wp-json\/wp\/v2\/media\/6635"}],"wp:attachment":[{"href":"https:\/\/catholiques17.fr\/souzy\/wp-json\/wp\/v2\/media?parent=6590"}],"wp:term":[{"taxonomy":"post_tag","embeddable":true,"href":"https:\/\/catholiques17.fr\/souzy\/wp-json\/wp\/v2\/tags?post=6590"},{"taxonomy":"tribe_events_cat","embeddable":true,"href":"https:\/\/catholiques17.fr\/souzy\/wp-json\/wp\/v2\/tribe_events_cat?post=6590"}],"curies":[{"name":"wp","href":"https:\/\/api.w.org\/{rel}","templated":true}]}}