{"id":5233,"date":"2021-12-02T14:42:55","date_gmt":"2021-12-02T13:42:55","guid":{"rendered":"https:\/\/catholiques17.fr\/souzy\/?page_id=5233"},"modified":"2025-07-22T12:28:46","modified_gmt":"2025-07-22T10:28:46","slug":"centre-de-theologie","status":"publish","type":"page","link":"https:\/\/catholiques17.fr\/souzy\/formation\/centre-de-theologie\/","title":{"rendered":"Centre de Th\u00e9ologie"},"content":{"rendered":"<p>[et_pb_section fb_built=\u00a0\u00bb1&Prime; admin_label=\u00a0\u00bbHero\u00a0\u00bb _builder_version=\u00a0\u00bb4.16&Prime; custom_padding=\u00a0\u00bb0px|0px|0px|0px\u00a0\u00bb animation_style=\u00a0\u00bbzoom\u00a0\u00bb animation_intensity_zoom=\u00a0\u00bb4%\u00a0\u00bb global_colors_info=\u00a0\u00bb{}\u00a0\u00bb theme_builder_area=\u00a0\u00bbpost_content\u00a0\u00bb][et_pb_row column_structure=\u00a0\u00bb1_2,1_2&Prime; use_custom_gutter=\u00a0\u00bbon\u00a0\u00bb gutter_width=\u00a0\u00bb1&Prime; make_equal=\u00a0\u00bbon\u00a0\u00bb module_class=\u00a0\u00bb et_pb_row_fullwidth\u00a0\u00bb _builder_version=\u00a0\u00bb4.16&Prime; background_color=\u00a0\u00bb#BC3434&Prime; background_image=\u00a0\u00bbhttps:\/\/catholiques17.fr\/souzy\/wp-content\/uploads\/sites\/28\/2022\/04\/circle-background-pattern.png\u00a0\u00bb width=\u00a0\u00bb100%\u00a0\u00bb width_tablet=\u00a0\u00bb100%\u00a0\u00bb width_phone=\u00a0\u00bb\u00a0\u00bb width_last_edited=\u00a0\u00bbon|desktop\u00a0\u00bb max_width=\u00a0\u00bb100%\u00a0\u00bb max_width_tablet=\u00a0\u00bb100%\u00a0\u00bb max_width_phone=\u00a0\u00bb\u00a0\u00bb max_width_last_edited=\u00a0\u00bbon|desktop\u00a0\u00bb custom_padding=\u00a0\u00bb0px||0px|\u00a0\u00bb animation_style=\u00a0\u00bbslide\u00a0\u00bb animation_direction=\u00a0\u00bbtop\u00a0\u00bb animation_intensity_slide=\u00a0\u00bb3%\u00a0\u00bb make_fullwidth=\u00a0\u00bbon\u00a0\u00bb global_colors_info=\u00a0\u00bb{}\u00a0\u00bb theme_builder_area=\u00a0\u00bbpost_content\u00a0\u00bb][et_pb_column type=\u00a0\u00bb1_2&Prime; _builder_version=\u00a0\u00bb4.16&Prime; custom_padding=\u00a0\u00bb10%|8%|10%|8%\u00a0\u00bb global_colors_info=\u00a0\u00bb{}\u00a0\u00bb custom_padding__hover=\u00a0\u00bb|||\u00a0\u00bb theme_builder_area=\u00a0\u00bbpost_content\u00a0\u00bb][et_pb_text content_tablet=\u00a0\u00bb\u00a0\u00bb content_phone=\u00a0\u00bb<\/p>\n<h2><span>CENTRE <\/span><br \/><span><span>D&rsquo; \u00c9TUDE DE TH\u00c9OLOGIE<\/span><br \/><\/span><\/h2>\n<p>\u00a0\u00bb content_last_edited=\u00a0\u00bbon|phone\u00a0\u00bb _builder_version=\u00a0\u00bb4.16&Prime; text_font=\u00a0\u00bb||||||||\u00a0\u00bb header_font=\u00a0\u00bbMontserrat|700||on|||||\u00a0\u00bb header_text_color=\u00a0\u00bb#f7f7f7&Prime; header_font_size=\u00a0\u00bb60px\u00a0\u00bb header_line_height=\u00a0\u00bb1.3em\u00a0\u00bb custom_margin=\u00a0\u00bb||40px|\u00a0\u00bb custom_margin_tablet=\u00a0\u00bb\u00a0\u00bb custom_margin_phone=\u00a0\u00bb\u00a0\u00bb custom_margin_last_edited=\u00a0\u00bbon|desktop\u00a0\u00bb animation_style=\u00a0\u00bbfade\u00a0\u00bb text_font_size_tablet=\u00a0\u00bb\u00a0\u00bb text_font_size_phone=\u00a0\u00bb14px\u00a0\u00bb text_font_size_last_edited=\u00a0\u00bbon|phone\u00a0\u00bb header_font_size_tablet=\u00a0\u00bb\u00a0\u00bb header_font_size_phone=\u00a0\u00bb60px\u00a0\u00bb header_font_size_last_edited=\u00a0\u00bbon|phone\u00a0\u00bb locked=\u00a0\u00bboff\u00a0\u00bb inline_fonts=\u00a0\u00bbAbhaya Libre\u00a0\u00bb global_colors_info=\u00a0\u00bb{}\u00a0\u00bb theme_builder_area=\u00a0\u00bbpost_content\u00a0\u00bb]<\/p>\n<h1 style=\"text-align: left\"><span style=\"font-family: 'Abhaya Libre';font-weight: normal\">CENTRE\u00a0<\/span><br \/><span style=\"color: #353740;font-family: 'Abhaya Libre';font-weight: normal\">D&rsquo;\u00e9tude de th\u00e9ologie<\/span><\/h1>\n<p>[\/et_pb_text][et_pb_text _builder_version=\u00a0\u00bb4.27.4&Prime; text_font=\u00a0\u00bbMontserrat||||\u00a0\u00bb text_text_color=\u00a0\u00bb#353740&Prime; text_font_size=\u00a0\u00bb20px\u00a0\u00bb text_line_height=\u00a0\u00bb1.8em\u00a0\u00bb header_font=\u00a0\u00bb||||||||\u00a0\u00bb custom_margin=\u00a0\u00bb||50px|\u00a0\u00bb animation_style=\u00a0\u00bbslide\u00a0\u00bb animation_direction=\u00a0\u00bbtop\u00a0\u00bb animation_intensity_slide=\u00a0\u00bb17%\u00a0\u00bb locked=\u00a0\u00bboff\u00a0\u00bb global_colors_info=\u00a0\u00bb{}\u00a0\u00bb theme_builder_area=\u00a0\u00bbpost_content\u00a0\u00bb]<\/p>\n<p><span style=\"color: #ffffff;\">Le CET de La Rochelle est une antenne de l&rsquo;Universit\u00e9 Catholique de l&rsquo;Ouest.<\/span><\/p>\n<p>[\/et_pb_text][et_pb_button button_url=\u00a0\u00bbhttps:\/\/catholiques17.fr\/souzy\/wp-content\/uploads\/sites\/28\/2025\/07\/Programme-CET-25-26-livret_compressed.pdf\u00a0\u00bb url_new_window=\u00a0\u00bbon\u00a0\u00bb button_text=\u00a0\u00bbLivret 2025-2026&Prime; button_alignment=\u00a0\u00bbcenter\u00a0\u00bb button_text_tablet=\u00a0\u00bb\u00a0\u00bb button_text_phone=\u00a0\u00bb\u00a0\u00bb button_text_last_edited=\u00a0\u00bbon|phone\u00a0\u00bb _builder_version=\u00a0\u00bb4.27.4&Prime; custom_button=\u00a0\u00bbon\u00a0\u00bb button_text_color=\u00a0\u00bb#ffffff\u00a0\u00bb button_border_width=\u00a0\u00bb4px\u00a0\u00bb button_border_color=\u00a0\u00bb#ffffff\u00a0\u00bb button_border_radius=\u00a0\u00bb100px\u00a0\u00bb button_letter_spacing=\u00a0\u00bb2px\u00a0\u00bb button_font=\u00a0\u00bbMontserrat|on||on|\u00a0\u00bb button_icon=\u00a0\u00bb&#x45;||divi||400&Prime; animation_style=\u00a0\u00bbfade\u00a0\u00bb hover_enabled=\u00a0\u00bb0&Prime; button_bg_color_tablet=\u00a0\u00bb\u00a0\u00bb button_bg_color_phone=\u00a0\u00bb\u00a0\u00bb button_bg_color_last_edited=\u00a0\u00bbon|phone\u00a0\u00bb button_letter_spacing_tablet=\u00a0\u00bb\u00a0\u00bb button_letter_spacing_phone=\u00a0\u00bb1px\u00a0\u00bb button_letter_spacing_last_edited=\u00a0\u00bbon|phone\u00a0\u00bb background_layout_tablet=\u00a0\u00bb\u00a0\u00bb background_layout_phone=\u00a0\u00bb\u00a0\u00bb background_layout_last_edited=\u00a0\u00bbon|phone\u00a0\u00bb button_text_color_hover=\u00a0\u00bb#ffffff\u00a0\u00bb button_border_color_hover=\u00a0\u00bb#ffffff\u00a0\u00bb button_letter_spacing_hover=\u00a0\u00bb2px\u00a0\u00bb button_bg_color_hover=\u00a0\u00bbrgba(0,0,0,0)\u00a0\u00bb locked=\u00a0\u00bboff\u00a0\u00bb global_colors_info=\u00a0\u00bb{}\u00a0\u00bb button_text_size__hover_enabled=\u00a0\u00bboff\u00a0\u00bb button_one_text_size__hover_enabled=\u00a0\u00bboff\u00a0\u00bb button_two_text_size__hover_enabled=\u00a0\u00bboff\u00a0\u00bb button_text_color__hover_enabled=\u00a0\u00bbon\u00a0\u00bb button_text_color__hover=\u00a0\u00bb#ffffff\u00a0\u00bb button_one_text_color__hover_enabled=\u00a0\u00bboff\u00a0\u00bb button_two_text_color__hover_enabled=\u00a0\u00bboff\u00a0\u00bb button_border_width__hover_enabled=\u00a0\u00bboff\u00a0\u00bb button_one_border_width__hover_enabled=\u00a0\u00bboff\u00a0\u00bb button_two_border_width__hover_enabled=\u00a0\u00bboff\u00a0\u00bb button_border_color__hover_enabled=\u00a0\u00bbon\u00a0\u00bb button_border_color__hover=\u00a0\u00bb#ffffff\u00a0\u00bb button_one_border_color__hover_enabled=\u00a0\u00bboff\u00a0\u00bb button_two_border_color__hover_enabled=\u00a0\u00bboff\u00a0\u00bb button_border_radius__hover_enabled=\u00a0\u00bboff\u00a0\u00bb button_one_border_radius__hover_enabled=\u00a0\u00bboff\u00a0\u00bb button_two_border_radius__hover_enabled=\u00a0\u00bboff\u00a0\u00bb button_letter_spacing__hover_enabled=\u00a0\u00bbon\u00a0\u00bb button_letter_spacing__hover=\u00a0\u00bb2px\u00a0\u00bb button_one_letter_spacing__hover_enabled=\u00a0\u00bboff\u00a0\u00bb button_two_letter_spacing__hover_enabled=\u00a0\u00bboff\u00a0\u00bb button_bg_color__hover_enabled=\u00a0\u00bbon\u00a0\u00bb button_bg_color__hover=\u00a0\u00bbrgba(0,0,0,0)\u00a0\u00bb button_one_bg_color__hover_enabled=\u00a0\u00bboff\u00a0\u00bb button_two_bg_color__hover_enabled=\u00a0\u00bboff\u00a0\u00bb theme_builder_area=\u00a0\u00bbpost_content\u00a0\u00bb sticky_enabled=\u00a0\u00bb0&Prime;][\/et_pb_button][et_pb_text _builder_version=\u00a0\u00bb4.27.4&Prime; _module_preset=\u00a0\u00bbdefault\u00a0\u00bb theme_builder_area=\u00a0\u00bbpost_content\u00a0\u00bb hover_enabled=\u00a0\u00bb0&Prime; sticky_enabled=\u00a0\u00bb0&Prime;]<\/p>\n<p>&nbsp;<\/p>\n<p style=\"text-align: center;\"><span style=\"color: #ffffff;\">* dans le livret, il convient de remplacer \u00ab\u00a0cours d&rsquo;h\u00e9breu 2\u00e8me ann\u00e9e\u00a0\u00bb par \u00ab\u00a01\u00e8re ann\u00e9e\u00a0\u00bb<\/span><\/p>\n<p>[\/et_pb_text][\/et_pb_column][et_pb_column type=\u00a0\u00bb1_2&Prime; _builder_version=\u00a0\u00bb4.16&Prime; background_image=\u00a0\u00bbhttps:\/\/catholiques17.fr\/souzy\/wp-content\/uploads\/sites\/28\/2021\/12\/Livres-bibliotheque.jpg\u00a0\u00bb parallax=\u00a0\u00bbon\u00a0\u00bb custom_padding=\u00a0\u00bb|||\u00a0\u00bb global_colors_info=\u00a0\u00bb{}\u00a0\u00bb custom_padding__hover=\u00a0\u00bb|||\u00a0\u00bb theme_builder_area=\u00a0\u00bbpost_content\u00a0\u00bb][\/et_pb_column][\/et_pb_row][\/et_pb_section][et_pb_section fb_built=\u00a0\u00bb1&Prime; admin_label=\u00a0\u00bbFun Fact Section\u00a0\u00bb _builder_version=\u00a0\u00bb4.16&Prime; background_color=\u00a0\u00bb#0DADBB\u00a0\u00bb custom_margin=\u00a0\u00bb|||\u00a0\u00bb custom_padding=\u00a0\u00bb60px||71px|||\u00a0\u00bb global_colors_info=\u00a0\u00bb{}\u00a0\u00bb theme_builder_area=\u00a0\u00bbpost_content\u00a0\u00bb][et_pb_row admin_label=\u00a0\u00bbService Section Title\u00a0\u00bb _builder_version=\u00a0\u00bb4.16&Prime; custom_margin=\u00a0\u00bb||40px|\u00a0\u00bb animation_style=\u00a0\u00bbfade\u00a0\u00bb animation_direction=\u00a0\u00bbtop\u00a0\u00bb saved_tabs=\u00a0\u00bball\u00a0\u00bb global_colors_info=\u00a0\u00bb{}\u00a0\u00bb theme_builder_area=\u00a0\u00bbpost_content\u00a0\u00bb][et_pb_column type=\u00a0\u00bb4_4&Prime; _builder_version=\u00a0\u00bb4.16&Prime; custom_padding=\u00a0\u00bb|||\u00a0\u00bb global_colors_info=\u00a0\u00bb{}\u00a0\u00bb custom_padding__hover=\u00a0\u00bb|||\u00a0\u00bb theme_builder_area=\u00a0\u00bbpost_content\u00a0\u00bb][et_pb_text content_tablet=\u00a0\u00bb\u00a0\u00bb content_phone=\u00a0\u00bb<\/p>\n<h3><span>AUDITEUR LIBRE OU \u00c9TUDIANT,<\/span><br \/><span>UN PROGRAMME \u00c0 LA CARTE<\/span><\/h3>\n<p>\u00a0\u00bb content_last_edited=\u00a0\u00bbon|phone\u00a0\u00bb admin_label=\u00a0\u00bbTitle\u00a0\u00bb _builder_version=\u00a0\u00bb4.16&Prime; text_font=\u00a0\u00bbMontserrat||||||||\u00a0\u00bb text_text_color=\u00a0\u00bb#747d88&Prime; text_font_size=\u00a0\u00bb16px\u00a0\u00bb text_line_height=\u00a0\u00bb1.9em\u00a0\u00bb header_font=\u00a0\u00bb||||||||\u00a0\u00bb header_2_font=\u00a0\u00bbMontserrat|700||on|||||\u00a0\u00bb header_2_font_size=\u00a0\u00bb42px\u00a0\u00bb header_2_line_height=\u00a0\u00bb1.3em\u00a0\u00bb text_orientation=\u00a0\u00bbcenter\u00a0\u00bb max_width=\u00a0\u00bb700px\u00a0\u00bb module_alignment=\u00a0\u00bbcenter\u00a0\u00bb animation_style=\u00a0\u00bbslide\u00a0\u00bb animation_direction=\u00a0\u00bbbottom\u00a0\u00bb animation_intensity_slide=\u00a0\u00bb4%\u00a0\u00bb global_colors_info=\u00a0\u00bb{}\u00a0\u00bb theme_builder_area=\u00a0\u00bbpost_content\u00a0\u00bb]<\/p>\n<h1>AUDITEUR LIBRE OU \u00c9TUDIANT,<br \/>UN PROGRAMME \u00c0 LA CARTE<\/h1>\n<p>[\/et_pb_text][et_pb_text admin_label=\u00a0\u00bbSubtitle\u00a0\u00bb _builder_version=\u00a0\u00bb4.16&Prime; text_font=\u00a0\u00bbMontserrat||||\u00a0\u00bb text_text_color=\u00a0\u00bb#353740&Prime; text_font_size=\u00a0\u00bb16px\u00a0\u00bb text_line_height=\u00a0\u00bb1.8em\u00a0\u00bb header_font=\u00a0\u00bb||||||||\u00a0\u00bb text_orientation=\u00a0\u00bbcenter\u00a0\u00bb max_width=\u00a0\u00bb700px\u00a0\u00bb module_alignment=\u00a0\u00bbcenter\u00a0\u00bb custom_margin=\u00a0\u00bb|||\u00a0\u00bb animation_style=\u00a0\u00bbslide\u00a0\u00bb animation_direction=\u00a0\u00bbbottom\u00a0\u00bb animation_delay=\u00a0\u00bb100ms\u00a0\u00bb animation_intensity_slide=\u00a0\u00bb4%\u00a0\u00bb global_colors_info=\u00a0\u00bb{}\u00a0\u00bb theme_builder_area=\u00a0\u00bbpost_content\u00a0\u00bb]<\/p>\n<p>En vous inscrivant, c&rsquo;est vous qui d\u00e9cidez de tout :<br \/>suivre tous les cours ou uniquement ceux qui vous int\u00e9ressent,<br \/>venir sans engagement (auditeur libre) ou comme \u00e9tudiant pour obtenir un dipl\u00f4me.<\/p>\n<p>[\/et_pb_text][\/et_pb_column][\/et_pb_row][et_pb_row column_structure=\u00a0\u00bb1_4,1_4,1_4,1_4&Prime; admin_label=\u00a0\u00bbFun Fact\u00a0\u00bb _builder_version=\u00a0\u00bb4.16&Prime; custom_margin=\u00a0\u00bb|||\u00a0\u00bb custom_padding=\u00a0\u00bb40px||40px|\u00a0\u00bb animation_style=\u00a0\u00bbzoom\u00a0\u00bb animation_direction=\u00a0\u00bbtop\u00a0\u00bb animation_intensity_zoom=\u00a0\u00bb10%\u00a0\u00bb global_colors_info=\u00a0\u00bb{}\u00a0\u00bb theme_builder_area=\u00a0\u00bbpost_content\u00a0\u00bb][et_pb_column type=\u00a0\u00bb1_4&Prime; _builder_version=\u00a0\u00bb4.16&Prime; custom_padding=\u00a0\u00bb|||\u00a0\u00bb global_colors_info=\u00a0\u00bb{}\u00a0\u00bb custom_padding__hover=\u00a0\u00bb|||\u00a0\u00bb theme_builder_area=\u00a0\u00bbpost_content\u00a0\u00bb][et_pb_number_counter title=\u00a0\u00bbinscrits en 2024-2025&Prime; number=\u00a0\u00bb81&Prime; percent_sign=\u00a0\u00bboff\u00a0\u00bb _builder_version=\u00a0\u00bb4.21.0&Prime; title_font=\u00a0\u00bbMontserrat|||on|\u00a0\u00bb title_text_color=\u00a0\u00bb#353740&Prime; number_font=\u00a0\u00bbMontserrat|on|||\u00a0\u00bb number_text_color=\u00a0\u00bb#ffffff\u00a0\u00bb number_font_size=\u00a0\u00bb60px\u00a0\u00bb number_line_height=\u00a0\u00bb90px\u00a0\u00bb animation_style=\u00a0\u00bbzoom\u00a0\u00bb global_colors_info=\u00a0\u00bb{}\u00a0\u00bb theme_builder_area=\u00a0\u00bbpost_content\u00a0\u00bb][\/et_pb_number_counter][\/et_pb_column][et_pb_column type=\u00a0\u00bb1_4&Prime; _builder_version=\u00a0\u00bb4.16&Prime; custom_padding=\u00a0\u00bb|||\u00a0\u00bb global_colors_info=\u00a0\u00bb{}\u00a0\u00bb custom_padding__hover=\u00a0\u00bb|||\u00a0\u00bb theme_builder_area=\u00a0\u00bbpost_content\u00a0\u00bb][et_pb_number_counter title=\u00a0\u00bbProfesseurs\u00a0\u00bb number=\u00a0\u00bb7&Prime; percent_sign=\u00a0\u00bboff\u00a0\u00bb _builder_version=\u00a0\u00bb4.21.0&Prime; title_font=\u00a0\u00bbMontserrat|||on|\u00a0\u00bb title_text_color=\u00a0\u00bb#353740&Prime; number_font=\u00a0\u00bbMontserrat|on|||\u00a0\u00bb number_text_color=\u00a0\u00bb#ffffff\u00a0\u00bb number_font_size=\u00a0\u00bb60px\u00a0\u00bb number_line_height=\u00a0\u00bb90px\u00a0\u00bb animation_style=\u00a0\u00bbzoom\u00a0\u00bb animation_delay=\u00a0\u00bb100ms\u00a0\u00bb global_colors_info=\u00a0\u00bb{}\u00a0\u00bb theme_builder_area=\u00a0\u00bbpost_content\u00a0\u00bb][\/et_pb_number_counter][\/et_pb_column][et_pb_column type=\u00a0\u00bb1_4&Prime; _builder_version=\u00a0\u00bb4.16&Prime; custom_padding=\u00a0\u00bb|||\u00a0\u00bb global_colors_info=\u00a0\u00bb{}\u00a0\u00bb custom_padding__hover=\u00a0\u00bb|||\u00a0\u00bb theme_builder_area=\u00a0\u00bbpost_content\u00a0\u00bb][et_pb_number_counter title=\u00a0\u00bbEtudiants\u00a0\u00bb number=\u00a0\u00bb16&Prime; percent_sign=\u00a0\u00bboff\u00a0\u00bb _builder_version=\u00a0\u00bb4.21.0&Prime; title_font=\u00a0\u00bbMontserrat|||on|\u00a0\u00bb title_text_color=\u00a0\u00bb#353740&Prime; number_font=\u00a0\u00bbMontserrat|on|||\u00a0\u00bb number_text_color=\u00a0\u00bb#ffffff\u00a0\u00bb number_font_size=\u00a0\u00bb60px\u00a0\u00bb number_line_height=\u00a0\u00bb90px\u00a0\u00bb animation_style=\u00a0\u00bbzoom\u00a0\u00bb global_colors_info=\u00a0\u00bb{}\u00a0\u00bb theme_builder_area=\u00a0\u00bbpost_content\u00a0\u00bb][\/et_pb_number_counter][\/et_pb_column][et_pb_column type=\u00a0\u00bb1_4&Prime; _builder_version=\u00a0\u00bb4.16&Prime; custom_padding=\u00a0\u00bb|||\u00a0\u00bb global_colors_info=\u00a0\u00bb{}\u00a0\u00bb custom_padding__hover=\u00a0\u00bb|||\u00a0\u00bb theme_builder_area=\u00a0\u00bbpost_content\u00a0\u00bb][et_pb_number_counter title=\u00a0\u00bbAuditeurs libres\u00a0\u00bb number=\u00a0\u00bb65&Prime; percent_sign=\u00a0\u00bboff\u00a0\u00bb _builder_version=\u00a0\u00bb4.21.0&Prime; title_font=\u00a0\u00bbMontserrat|||on|\u00a0\u00bb title_text_color=\u00a0\u00bb#353740&Prime; number_font=\u00a0\u00bbMontserrat|on|||\u00a0\u00bb number_text_color=\u00a0\u00bb#ffffff\u00a0\u00bb number_font_size=\u00a0\u00bb60px\u00a0\u00bb number_line_height=\u00a0\u00bb90px\u00a0\u00bb animation_style=\u00a0\u00bbzoom\u00a0\u00bb global_colors_info=\u00a0\u00bb{}\u00a0\u00bb theme_builder_area=\u00a0\u00bbpost_content\u00a0\u00bb][\/et_pb_number_counter][\/et_pb_column][\/et_pb_row][\/et_pb_section][et_pb_section fb_built=\u00a0\u00bb1&Prime; admin_label=\u00a0\u00bbService Section\u00a0\u00bb _builder_version=\u00a0\u00bb4.16&Prime; custom_margin=\u00a0\u00bb|||\u00a0\u00bb custom_padding=\u00a0\u00bb13px||46px|||\u00a0\u00bb global_colors_info=\u00a0\u00bb{}\u00a0\u00bb theme_builder_area=\u00a0\u00bbpost_content\u00a0\u00bb][et_pb_row _builder_version=\u00a0\u00bb4.21.0&Prime; _module_preset=\u00a0\u00bbdefault\u00a0\u00bb min_height=\u00a0\u00bb626.8px\u00a0\u00bb custom_padding=\u00a0\u00bb71px|||||\u00a0\u00bb global_colors_info=\u00a0\u00bb{}\u00a0\u00bb theme_builder_area=\u00a0\u00bbpost_content\u00a0\u00bb][et_pb_column type=\u00a0\u00bb4_4&Prime; _builder_version=\u00a0\u00bb4.21.0&Prime; _module_preset=\u00a0\u00bbdefault\u00a0\u00bb global_colors_info=\u00a0\u00bb{}\u00a0\u00bb theme_builder_area=\u00a0\u00bbpost_content\u00a0\u00bb][et_pb_text _builder_version=\u00a0\u00bb4.27.4&Prime; _module_preset=\u00a0\u00bbdefault\u00a0\u00bb global_colors_info=\u00a0\u00bb{}\u00a0\u00bb theme_builder_area=\u00a0\u00bbpost_content\u00a0\u00bb]<\/p>\n<h2 style=\"text-align: center;\"><strong>PROGRAMME DES COURS 2025\u00a0 &#8211; 2026<\/strong><\/h2>\n<p>[\/et_pb_text][et_pb_image src=\u00a0\u00bbhttps:\/\/catholiques17.fr\/souzy\/wp-content\/uploads\/sites\/28\/2025\/07\/Programme-CET-2025-2026-Modifie_page-0001.jpg\u00a0\u00bb title_text=\u00a0\u00bbProgramme CET 2025-2026 Modifie\u0301_page-0001&Prime; url=\u00a0\u00bbhttps:\/\/catholiques17.fr\/souzy\/wp-content\/uploads\/sites\/28\/2025\/07\/Programme-CET-2025-2026-Modifie_page-0001.jpg\u00a0\u00bb url_new_window=\u00a0\u00bbon\u00a0\u00bb align=\u00a0\u00bbcenter\u00a0\u00bb _builder_version=\u00a0\u00bb4.27.4&Prime; _module_preset=\u00a0\u00bbdefault\u00a0\u00bb custom_margin=\u00a0\u00bb-25px|||||\u00a0\u00bb custom_padding=\u00a0\u00bb0px|||||\u00a0\u00bb hover_enabled=\u00a0\u00bb0&Prime; global_colors_info=\u00a0\u00bb{}\u00a0\u00bb theme_builder_area=\u00a0\u00bbpost_content\u00a0\u00bb sticky_enabled=\u00a0\u00bb0&Prime;][\/et_pb_image][\/et_pb_column][\/et_pb_row][et_pb_row admin_label=\u00a0\u00bbService Section Title\u00a0\u00bb _builder_version=\u00a0\u00bb4.16&Prime; custom_margin=\u00a0\u00bb||40px|\u00a0\u00bb animation_style=\u00a0\u00bbfade\u00a0\u00bb animation_direction=\u00a0\u00bbtop\u00a0\u00bb saved_tabs=\u00a0\u00bball\u00a0\u00bb global_colors_info=\u00a0\u00bb{}\u00a0\u00bb theme_builder_area=\u00a0\u00bbpost_content\u00a0\u00bb][et_pb_column type=\u00a0\u00bb4_4&Prime; _builder_version=\u00a0\u00bb4.16&Prime; custom_padding=\u00a0\u00bb|||\u00a0\u00bb global_colors_info=\u00a0\u00bb{}\u00a0\u00bb custom_padding__hover=\u00a0\u00bb|||\u00a0\u00bb theme_builder_area=\u00a0\u00bbpost_content\u00a0\u00bb][et_pb_text content_tablet=\u00a0\u00bb\u00a0\u00bb content_phone=\u00a0\u00bb<\/p>\n<h3>DIPL\u00d4MES<\/h3>\n<p>\u00a0\u00bb content_last_edited=\u00a0\u00bbon|phone\u00a0\u00bb admin_label=\u00a0\u00bbTitle\u00a0\u00bb _builder_version=\u00a0\u00bb4.16&Prime; text_font=\u00a0\u00bbMontserrat||||||||\u00a0\u00bb text_text_color=\u00a0\u00bb#747d88&Prime; text_font_size=\u00a0\u00bb16px\u00a0\u00bb text_line_height=\u00a0\u00bb1.9em\u00a0\u00bb header_font=\u00a0\u00bb||||||||\u00a0\u00bb header_2_font=\u00a0\u00bbMontserrat|700||on|||||\u00a0\u00bb header_2_font_size=\u00a0\u00bb42px\u00a0\u00bb header_2_line_height=\u00a0\u00bb1.3em\u00a0\u00bb text_orientation=\u00a0\u00bbcenter\u00a0\u00bb max_width=\u00a0\u00bb700px\u00a0\u00bb module_alignment=\u00a0\u00bbcenter\u00a0\u00bb animation_style=\u00a0\u00bbslide\u00a0\u00bb animation_direction=\u00a0\u00bbbottom\u00a0\u00bb animation_intensity_slide=\u00a0\u00bb4%\u00a0\u00bb global_colors_info=\u00a0\u00bb{}\u00a0\u00bb theme_builder_area=\u00a0\u00bbpost_content\u00a0\u00bb]<\/p>\n<h2>dipl\u00f4mes<\/h2>\n<p>[\/et_pb_text][et_pb_text admin_label=\u00a0\u00bbSubtitle\u00a0\u00bb _builder_version=\u00a0\u00bb4.16&Prime; text_font=\u00a0\u00bbMontserrat||||\u00a0\u00bb text_text_color=\u00a0\u00bb#747d88&Prime; text_font_size=\u00a0\u00bb16px\u00a0\u00bb text_line_height=\u00a0\u00bb1.8em\u00a0\u00bb header_font=\u00a0\u00bb||||||||\u00a0\u00bb text_orientation=\u00a0\u00bbcenter\u00a0\u00bb max_width=\u00a0\u00bb700px\u00a0\u00bb module_alignment=\u00a0\u00bbcenter\u00a0\u00bb custom_margin=\u00a0\u00bb|||\u00a0\u00bb animation_style=\u00a0\u00bbslide\u00a0\u00bb animation_direction=\u00a0\u00bbbottom\u00a0\u00bb animation_delay=\u00a0\u00bb100ms\u00a0\u00bb animation_intensity_slide=\u00a0\u00bb4%\u00a0\u00bb global_colors_info=\u00a0\u00bb{}\u00a0\u00bb theme_builder_area=\u00a0\u00bbpost_content\u00a0\u00bb]<\/p>\n<p>En vous inscrivant comme \u00e9tudiant, vous pourrez valider des dipl\u00f4mes de th\u00e9ologie d\u00e9livr\u00e9s par l&rsquo;Universit\u00e9 Catholique de l&rsquo;Ouest (Angers)<\/p>\n<p>[\/et_pb_text][\/et_pb_column][\/et_pb_row][et_pb_row column_structure=\u00a0\u00bb1_3,1_3,1_3&Prime; use_custom_gutter=\u00a0\u00bbon\u00a0\u00bb gutter_width=\u00a0\u00bb2&Prime; make_equal=\u00a0\u00bbon\u00a0\u00bb admin_label=\u00a0\u00bbServices\u00a0\u00bb _builder_version=\u00a0\u00bb4.16&Prime; max_width=\u00a0\u00bb80%\u00a0\u00bb custom_padding=\u00a0\u00bb25px||25px|\u00a0\u00bb use_custom_width=\u00a0\u00bbon\u00a0\u00bb width_unit=\u00a0\u00bboff\u00a0\u00bb global_colors_info=\u00a0\u00bb{}\u00a0\u00bb theme_builder_area=\u00a0\u00bbpost_content\u00a0\u00bb][et_pb_column type=\u00a0\u00bb1_3&Prime; _builder_version=\u00a0\u00bb4.16&Prime; custom_padding=\u00a0\u00bb|||\u00a0\u00bb global_colors_info=\u00a0\u00bb{}\u00a0\u00bb custom_padding__hover=\u00a0\u00bb|||\u00a0\u00bb theme_builder_area=\u00a0\u00bbpost_content\u00a0\u00bb][et_pb_blurb title=\u00a0\u00bbCertificat d&rsquo;\u00c9tudes Th\u00e9ologiques\u00a0\u00bb use_icon=\u00a0\u00bbon\u00a0\u00bb font_icon=\u00a0\u00bb&#x62;||divi||400&Prime; icon_color=\u00a0\u00bb#fcd21d\u00a0\u00bb image_icon_width=\u00a0\u00bb60px\u00a0\u00bb _builder_version=\u00a0\u00bb4.16&Prime; header_font=\u00a0\u00bbMontserrat|on|||\u00a0\u00bb header_text_color=\u00a0\u00bb#353740&Prime; header_font_size=\u00a0\u00bb22px\u00a0\u00bb header_line_height=\u00a0\u00bb1.4em\u00a0\u00bb body_font=\u00a0\u00bbMontserrat||||\u00a0\u00bb body_text_color=\u00a0\u00bb#747d88&Prime; body_font_size=\u00a0\u00bb16px\u00a0\u00bb body_line_height=\u00a0\u00bb1.8em\u00a0\u00bb text_orientation=\u00a0\u00bbcenter\u00a0\u00bb custom_padding=\u00a0\u00bb30px|30px|30px|30px\u00a0\u00bb animation_style=\u00a0\u00bbzoom\u00a0\u00bb border_width_all=\u00a0\u00bb0px\u00a0\u00bb border_color_all=\u00a0\u00bb#dddddd\u00a0\u00bb border_style_all=\u00a0\u00bbsolid\u00a0\u00bb use_border_color=\u00a0\u00bbon\u00a0\u00bb border_color=\u00a0\u00bb#dddddd\u00a0\u00bb icon_font_size=\u00a0\u00bb60px\u00a0\u00bb global_colors_info=\u00a0\u00bb{}\u00a0\u00bb theme_builder_area=\u00a0\u00bbpost_content\u00a0\u00bb]<\/p>\n<p>Ce certificat vous est d\u00e9livr\u00e9 apr\u00e8s 1 an d&rsquo;\u00e9tudes (150h de cours), la validation des examens et la r\u00e9daction d&rsquo;un petit m\u00e9moire.<\/p>\n<p>[\/et_pb_blurb][\/et_pb_column][et_pb_column type=\u00a0\u00bb1_3&Prime; _builder_version=\u00a0\u00bb4.16&Prime; custom_padding=\u00a0\u00bb|||\u00a0\u00bb global_colors_info=\u00a0\u00bb{}\u00a0\u00bb custom_padding__hover=\u00a0\u00bb|||\u00a0\u00bb theme_builder_area=\u00a0\u00bbpost_content\u00a0\u00bb][et_pb_blurb title=\u00a0\u00bbCertificat Sup\u00e9rieur de Th\u00e9ologie\u00a0\u00bb use_icon=\u00a0\u00bbon\u00a0\u00bb font_icon=\u00a0\u00bb&#x68;||divi||400&Prime; icon_color=\u00a0\u00bb#fcd21d\u00a0\u00bb image_icon_width=\u00a0\u00bb60px\u00a0\u00bb _builder_version=\u00a0\u00bb4.16&Prime; header_font=\u00a0\u00bbMontserrat|on|||\u00a0\u00bb header_text_color=\u00a0\u00bb#353740&Prime; header_font_size=\u00a0\u00bb22px\u00a0\u00bb header_line_height=\u00a0\u00bb1.4em\u00a0\u00bb body_font=\u00a0\u00bbMontserrat||||\u00a0\u00bb body_text_color=\u00a0\u00bb#747d88&Prime; body_font_size=\u00a0\u00bb16px\u00a0\u00bb body_line_height=\u00a0\u00bb1.8em\u00a0\u00bb text_orientation=\u00a0\u00bbcenter\u00a0\u00bb custom_padding=\u00a0\u00bb30px|30px|30px|30px\u00a0\u00bb animation_style=\u00a0\u00bbzoom\u00a0\u00bb animation_delay=\u00a0\u00bb100ms\u00a0\u00bb border_width_all=\u00a0\u00bb0px\u00a0\u00bb border_color_all=\u00a0\u00bb#dddddd\u00a0\u00bb border_style_all=\u00a0\u00bbsolid\u00a0\u00bb use_border_color=\u00a0\u00bbon\u00a0\u00bb border_color=\u00a0\u00bb#dddddd\u00a0\u00bb icon_font_size=\u00a0\u00bb60px\u00a0\u00bb global_colors_info=\u00a0\u00bb{}\u00a0\u00bb theme_builder_area=\u00a0\u00bbpost_content\u00a0\u00bb]<\/p>\n<p>Ce certificat vous est d\u00e9livr\u00e9 apr\u00e8s 2 ans d&rsquo;\u00e9tudes (300h de cours), la validation des examens et la r\u00e9daction d&rsquo;un petit m\u00e9moire.<\/p>\n<p>[\/et_pb_blurb][\/et_pb_column][et_pb_column type=\u00a0\u00bb1_3&Prime; _builder_version=\u00a0\u00bb4.16&Prime; custom_padding=\u00a0\u00bb|||\u00a0\u00bb global_colors_info=\u00a0\u00bb{}\u00a0\u00bb custom_padding__hover=\u00a0\u00bb|||\u00a0\u00bb theme_builder_area=\u00a0\u00bbpost_content\u00a0\u00bb][et_pb_blurb title=\u00a0\u00bbDipl\u00f4me Universitaire d&rsquo;\u00c9tudes Th\u00e9ologiques\u00a0\u00bb use_icon=\u00a0\u00bbon\u00a0\u00bb font_icon=\u00a0\u00bb&#x69;||divi||400&Prime; icon_color=\u00a0\u00bb#fcd21d\u00a0\u00bb image_icon_width=\u00a0\u00bb60px\u00a0\u00bb _builder_version=\u00a0\u00bb4.16&Prime; header_font=\u00a0\u00bbMontserrat|on|||\u00a0\u00bb header_text_color=\u00a0\u00bb#353740&Prime; header_font_size=\u00a0\u00bb22px\u00a0\u00bb header_line_height=\u00a0\u00bb1.4em\u00a0\u00bb body_font=\u00a0\u00bbMontserrat||||\u00a0\u00bb body_text_color=\u00a0\u00bb#747d88&Prime; body_font_size=\u00a0\u00bb16px\u00a0\u00bb body_line_height=\u00a0\u00bb1.8em\u00a0\u00bb text_orientation=\u00a0\u00bbcenter\u00a0\u00bb custom_padding=\u00a0\u00bb30px|30px|30px|30px\u00a0\u00bb animation_style=\u00a0\u00bbzoom\u00a0\u00bb animation_delay=\u00a0\u00bb200ms\u00a0\u00bb border_width_all=\u00a0\u00bb0px\u00a0\u00bb border_color_all=\u00a0\u00bb#dddddd\u00a0\u00bb border_style_all=\u00a0\u00bbsolid\u00a0\u00bb use_border_color=\u00a0\u00bbon\u00a0\u00bb border_color=\u00a0\u00bb#dddddd\u00a0\u00bb icon_font_size=\u00a0\u00bb60px\u00a0\u00bb global_colors_info=\u00a0\u00bb{}\u00a0\u00bb theme_builder_area=\u00a0\u00bbpost_content\u00a0\u00bb]<\/p>\n<p>Ce dipl\u00f4me vous est d\u00e9livr\u00e9 apr\u00e8s 6 ans d&rsquo;\u00e9tudes (800h de cours), la validation d&rsquo;un m\u00e9moire et un grand oral.<\/p>\n<p>[\/et_pb_blurb][\/et_pb_column][\/et_pb_row][\/et_pb_section]<\/p>\n","protected":false},"excerpt":{"rendered":"<p>CENTRE\u00a0D&rsquo;\u00e9tude de th\u00e9ologieLe CET de La Rochelle est une antenne de l&rsquo;Universit\u00e9 Catholique de l&rsquo;Ouest.&nbsp; * dans le livret, il convient de remplacer \u00ab\u00a0cours d&rsquo;h\u00e9breu 2\u00e8me ann\u00e9e\u00a0\u00bb par \u00ab\u00a01\u00e8re ann\u00e9e\u00a0\u00bbAUDITEUR [&hellip;]<\/p>\n","protected":false},"author":4,"featured_media":0,"parent":5200,"menu_order":0,"comment_status":"closed","ping_status":"closed","template":"","meta":{"_et_pb_use_builder":"on","_et_pb_old_content":"","_et_gb_content_width":"","footnotes":""},"class_list":["post-5233","page","type-page","status-publish","hentry"],"_links":{"self":[{"href":"https:\/\/catholiques17.fr\/souzy\/wp-json\/wp\/v2\/pages\/5233","targetHints":{"allow":["GET"]}}],"collection":[{"href":"https:\/\/catholiques17.fr\/souzy\/wp-json\/wp\/v2\/pages"}],"about":[{"href":"https:\/\/catholiques17.fr\/souzy\/wp-json\/wp\/v2\/types\/page"}],"author":[{"embeddable":true,"href":"https:\/\/catholiques17.fr\/souzy\/wp-json\/wp\/v2\/users\/4"}],"replies":[{"embeddable":true,"href":"https:\/\/catholiques17.fr\/souzy\/wp-json\/wp\/v2\/comments?post=5233"}],"version-history":[{"count":37,"href":"https:\/\/catholiques17.fr\/souzy\/wp-json\/wp\/v2\/pages\/5233\/revisions"}],"predecessor-version":[{"id":7242,"href":"https:\/\/catholiques17.fr\/souzy\/wp-json\/wp\/v2\/pages\/5233\/revisions\/7242"}],"up":[{"embeddable":true,"href":"https:\/\/catholiques17.fr\/souzy\/wp-json\/wp\/v2\/pages\/5200"}],"wp:attachment":[{"href":"https:\/\/catholiques17.fr\/souzy\/wp-json\/wp\/v2\/media?parent=5233"}],"curies":[{"name":"wp","href":"https:\/\/api.w.org\/{rel}","templated":true}]}}