{"id":4628,"date":"2021-03-24T21:20:20","date_gmt":"2021-03-24T20:20:20","guid":{"rendered":"https:\/\/catholiques17.fr\/saint-angely\/?page_id=4628"},"modified":"2023-03-23T15:11:35","modified_gmt":"2023-03-23T14:11:35","slug":"aumonerie-catholique","status":"publish","type":"page","link":"https:\/\/catholiques17.fr\/saintjeandangely\/services\/aumonerie-catholique\/","title":{"rendered":"Aum\u00f4nerie catholique"},"content":{"rendered":"<p>[et_pb_section fb_built=\u00a0\u00bb1&Prime; _builder_version=\u00a0\u00bb4.16&Prime; global_colors_info=\u00a0\u00bb{}\u00a0\u00bb theme_builder_area=\u00a0\u00bbpost_content\u00a0\u00bb][et_pb_row _builder_version=\u00a0\u00bb4.16&Prime; background_size=\u00a0\u00bbinitial\u00a0\u00bb background_position=\u00a0\u00bbtop_left\u00a0\u00bb background_repeat=\u00a0\u00bbrepeat\u00a0\u00bb global_colors_info=\u00a0\u00bb{}\u00a0\u00bb theme_builder_area=\u00a0\u00bbpost_content\u00a0\u00bb][et_pb_column type=\u00a0\u00bb4_4&Prime; _builder_version=\u00a0\u00bb4.16&Prime; custom_padding=\u00a0\u00bb|||\u00a0\u00bb global_colors_info=\u00a0\u00bb{}\u00a0\u00bb custom_padding__hover=\u00a0\u00bb|||\u00a0\u00bb theme_builder_area=\u00a0\u00bbpost_content\u00a0\u00bb][et_pb_text _builder_version=\u00a0\u00bb4.16&Prime; background_size=\u00a0\u00bbinitial\u00a0\u00bb background_position=\u00a0\u00bbtop_left\u00a0\u00bb background_repeat=\u00a0\u00bbrepeat\u00a0\u00bb global_colors_info=\u00a0\u00bb{}\u00a0\u00bb theme_builder_area=\u00a0\u00bbpost_content\u00a0\u00bb]<!-- divi:paragraph --><\/p>\n<p><strong>Horaires des messes \u00e0 l\u2019h\u00f4pital et en maison de retraite (EHPAD)<\/strong><\/p>\n<p><!-- \/divi:paragraph --><!-- divi:list --><\/p>\n<ul>\n<li>1er mardi du mois \u00e0 la Chapelle St Louis (H\u00f4pital) \u00e0 15h.<\/li>\n<li>2\u00e8me mardi du mois \u00e0 la maison de retraite Val de Boutonne \u00e0 15h.<\/li>\n<li>3\u00e8me mardi du mois \u00e0 la Chapelle St louis (H\u00f4pital)\u00a0\u00e0 15h.<\/li>\n<li>4\u00e8me mardi du mois la maison de retraite les Collines d\u2019Ang\u00e9ly \u00e0 15h.<\/li>\n<li>5\u00e8me mardi du mois \u00e0 la Chapelle St Louis (H\u00f4pital) \u00e0 15h.<\/li>\n<\/ul>\n<p>&nbsp;<\/p>\n<p>&nbsp;<\/p>\n<p>&nbsp;<\/p>\n<p>&nbsp;<\/p>\n<p><!-- \/divi:list --><!-- divi:paragraph --><!-- \/divi:paragraph --><!-- divi:image {\"align\":\"center\",\"id\":4629,\"width\":485,\"height\":653,\"sizeSlug\":\"large\",\"linkDestination\":\"media\"} --><\/p>\n<figure class=\"wp-block-image aligncenter size-large is-resized\"><a href=\"https:\/\/catholiques17.fr\/saintjeandangely\/wp-content\/uploads\/sites\/18\/2021\/03\/image-8.png\"><img loading=\"lazy\" decoding=\"async\" src=\"https:\/\/catholiques17.fr\/saint-angely\/wp-content\/uploads\/sites\/18\/2021\/03\/image-8.png\" alt=\"\" class=\"wp-image-4629\" style=\"display: block; margin-left: auto; margin-right: auto;\" width=\"485\" height=\"653\" srcset=\"https:\/\/catholiques17.fr\/saintjeandangely\/wp-content\/uploads\/sites\/18\/2021\/03\/image-8.png 392w, https:\/\/catholiques17.fr\/saintjeandangely\/wp-content\/uploads\/sites\/18\/2021\/03\/image-8-223x300.png 223w\" sizes=\"(max-width: 485px) 100vw, 485px\" \/><\/a><\/figure>\n<p><!-- \/divi:image -->[\/et_pb_text][\/et_pb_column][\/et_pb_row][\/et_pb_section]<\/p>\n","protected":false},"excerpt":{"rendered":"<p>Horaires des messes \u00e0 l\u2019h\u00f4pital et en maison de retraite (EHPAD) 1er mardi du mois \u00e0 la Chapelle St Louis (H\u00f4pital) \u00e0 15h. 2\u00e8me mardi du mois \u00e0 la maison [&hellip;]<\/p>\n","protected":false},"author":5,"featured_media":0,"parent":5294,"menu_order":0,"comment_status":"closed","ping_status":"closed","template":"","meta":{"_et_pb_use_builder":"on","_et_pb_old_content":"<!-- wp:paragraph -->\n<p><strong>Horaires des messes \u00e0 l\u2019h\u00f4pital et en maison de retraite (EHPAD)<\/strong><\/p>\n<!-- \/wp:paragraph -->\n\n<!-- wp:list -->\n<ul><li>1er mardi du mois \u00e0 la Chapelle St Louis (H\u00f4pital) \u00e0 15h.<\/li><li>2\u00e8me mardi du mois \u00e0 la maison de retraite Val de Boutonne \u00e0 15h.<\/li><li>3\u00e8me mardi du mois \u00e0 la Chapelle St louis (H\u00f4pital)\u00a0\u00e0 15h.<\/li><li>4\u00e8me mardi du mois la maison de retraite les Collines d\u2019Ang\u00e9ly \u00e0 15h.<\/li><li>5\u00e8me mardi du mois \u00e0 la Chapelle St Louis (H\u00f4pital) \u00e0 15h.<\/li><\/ul>\n<!-- \/wp:list -->\n\n<!-- wp:paragraph -->\n<p><\/p>\n<!-- \/wp:paragraph -->\n\n<!-- wp:image {\"align\":\"center\",\"id\":4629,\"width\":485,\"height\":653,\"sizeSlug\":\"large\",\"linkDestination\":\"media\"} -->\n<figure class=\"wp-block-image aligncenter size-large is-resized\"><a href=\"https:\/\/catholiques17.fr\/saintjeandangely\/wp-content\/uploads\/sites\/18\/2021\/03\/image-8.png\"><img src=\"https:\/\/catholiques17.fr\/saint-angely\/wp-content\/uploads\/sites\/18\/2021\/03\/image-8.png\" alt=\"\" class=\"wp-image-4629\" width=\"485\" height=\"653\"\/><\/a><\/figure>\n<!-- \/wp:image -->","_et_gb_content_width":"","footnotes":""},"class_list":["post-4628","page","type-page","status-publish","hentry"],"_links":{"self":[{"href":"https:\/\/catholiques17.fr\/saintjeandangely\/wp-json\/wp\/v2\/pages\/4628","targetHints":{"allow":["GET"]}}],"collection":[{"href":"https:\/\/catholiques17.fr\/saintjeandangely\/wp-json\/wp\/v2\/pages"}],"about":[{"href":"https:\/\/catholiques17.fr\/saintjeandangely\/wp-json\/wp\/v2\/types\/page"}],"author":[{"embeddable":true,"href":"https:\/\/catholiques17.fr\/saintjeandangely\/wp-json\/wp\/v2\/users\/5"}],"replies":[{"embeddable":true,"href":"https:\/\/catholiques17.fr\/saintjeandangely\/wp-json\/wp\/v2\/comments?post=4628"}],"version-history":[{"count":15,"href":"https:\/\/catholiques17.fr\/saintjeandangely\/wp-json\/wp\/v2\/pages\/4628\/revisions"}],"predecessor-version":[{"id":5300,"href":"https:\/\/catholiques17.fr\/saintjeandangely\/wp-json\/wp\/v2\/pages\/4628\/revisions\/5300"}],"up":[{"embeddable":true,"href":"https:\/\/catholiques17.fr\/saintjeandangely\/wp-json\/wp\/v2\/pages\/5294"}],"wp:attachment":[{"href":"https:\/\/catholiques17.fr\/saintjeandangely\/wp-json\/wp\/v2\/media?parent=4628"}],"curies":[{"name":"wp","href":"https:\/\/api.w.org\/{rel}","templated":true}]}}