{"id":4622,"date":"2021-03-24T21:18:04","date_gmt":"2021-03-24T20:18:04","guid":{"rendered":"https:\/\/catholiques17.fr\/saint-angely\/?page_id=4622"},"modified":"2023-03-23T15:06:26","modified_gmt":"2023-03-23T14:06:26","slug":"ccfd-comite-catholique-contre-la-faim-et-pour-le-developpement","status":"publish","type":"page","link":"https:\/\/catholiques17.fr\/saintjeandangely\/mouvements\/ccfd-comite-catholique-contre-la-faim-et-pour-le-developpement\/","title":{"rendered":"CCFD (Comit\u00e9 Catholique contre la Faim et pour le D\u00e9veloppement)"},"content":{"rendered":"[et_pb_section fb_built=\u00a0\u00bb1&Prime; admin_label=\u00a0\u00bbsection\u00a0\u00bb _builder_version=\u00a0\u00bb4.16&Prime; custom_padding=\u00a0\u00bb2px|||||\u00a0\u00bb global_colors_info=\u00a0\u00bb{}\u00a0\u00bb theme_builder_area=\u00a0\u00bbpost_content\u00a0\u00bb][et_pb_row _builder_version=\u00a0\u00bb4.17.6&Prime; _module_preset=\u00a0\u00bbdefault\u00a0\u00bb custom_padding=\u00a0\u00bb0px|||||\u00a0\u00bb global_colors_info=\u00a0\u00bb{}\u00a0\u00bb theme_builder_area=\u00a0\u00bbpost_content\u00a0\u00bb][et_pb_column type=\u00a0\u00bb4_4&Prime; _builder_version=\u00a0\u00bb4.17.6&Prime; _module_preset=\u00a0\u00bbdefault\u00a0\u00bb global_colors_info=\u00a0\u00bb{}\u00a0\u00bb theme_builder_area=\u00a0\u00bbpost_content\u00a0\u00bb][et_pb_image src=\u00a0\u00bbhttps:\/\/catholiques17.fr\/saintjeandangely\/wp-content\/uploads\/sites\/18\/2022\/11\/CCFD-Terre-Solidaire_-RVB_logodefinition.jpg\u00a0\u00bb title_text=\u00a0\u00bbCCFD-Terre-Solidaire_-RVB_logodefinition\u00a0\u00bb align=\u00a0\u00bbcenter\u00a0\u00bb _builder_version=\u00a0\u00bb4.17.6&Prime; _module_preset=\u00a0\u00bbdefault\u00a0\u00bb animation_style=\u00a0\u00bbslide\u00a0\u00bb global_colors_info=\u00a0\u00bb{}\u00a0\u00bb theme_builder_area=\u00a0\u00bbpost_content\u00a0\u00bb][\/et_pb_image][\/et_pb_column][\/et_pb_row][et_pb_row admin_label=\u00a0\u00bbrow\u00a0\u00bb _builder_version=\u00a0\u00bb4.16&Prime; background_size=\u00a0\u00bbinitial\u00a0\u00bb background_position=\u00a0\u00bbtop_left\u00a0\u00bb background_repeat=\u00a0\u00bbrepeat\u00a0\u00bb global_colors_info=\u00a0\u00bb{}\u00a0\u00bb theme_builder_area=\u00a0\u00bbpost_content\u00a0\u00bb][et_pb_column type=\u00a0\u00bb4_4&Prime; _builder_version=\u00a0\u00bb4.16&Prime; custom_padding=\u00a0\u00bb|||\u00a0\u00bb global_colors_info=\u00a0\u00bb{}\u00a0\u00bb custom_padding__hover=\u00a0\u00bb|||\u00a0\u00bb theme_builder_area=\u00a0\u00bbpost_content\u00a0\u00bb][et_pb_text admin_label=\u00a0\u00bbText\u00a0\u00bb _builder_version=\u00a0\u00bb4.17.6&Prime; background_size=\u00a0\u00bbinitial\u00a0\u00bb background_position=\u00a0\u00bbtop_left\u00a0\u00bb background_repeat=\u00a0\u00bbrepeat\u00a0\u00bb global_colors_info=\u00a0\u00bb{}\u00a0\u00bb theme_builder_area=\u00a0\u00bbpost_content\u00a0\u00bb]<p><!-- \/wp:post-content --><\/p>\n<p><!-- wp:paragraph --><strong>Le\u00a0Comit\u00e9 catholique contre la faim et pour le d\u00e9veloppement-Terre Solidaire<\/strong>\u00a0est la premi\u00e8re ONG de d\u00e9veloppement en France. Reconnue d\u2019utilit\u00e9 publique en 1984, l\u2019association a re\u00e7u en 1993 le label Grande Cause Nationale et a le statut de consultant aupr\u00e8s du Conseil \u00e9conomique et social des Nations unies. Depuis plus de 50 ans, le CCFD-Terre Solidaire est mobilis\u00e9 contre la faim dans le monde.<\/p>\n<p><!-- \/wp:paragraph --><\/p>\n<p><!-- wp:paragraph -->Soutenir des actions locales dans les pays du Sud. Sensibiliser l\u2019opinion fran\u00e7aise \u00e0 la solidarit\u00e9 internationale. Agir sur les causes profondes de la pauvret\u00e9 par le plaidoyer.<\/p>\n<p>Dans notre paroisse, il est possible de contacter C\u00e9cile MEUNIER (06 84 50 31 36- <a href=\"mailto:meunier.cecile@wanadoo.fr\" target=\"_blank\" rel=\"noopener\">meunier.cecile@wanadoo.fr<\/a>) ou Annick BONNEAU (05 46 59 98 90).<\/p>\n<p><!-- \/wp:paragraph --><\/p>\n<p><!-- wp:paragraph -->Pour mieux conna\u00eetre le CCFD Terres Solidaires, cliquez <a href=\"http:\/\/ccfd-terresolidaire.org\/qui-sommes-nous\/?canal=orixa_grants&amp;gclid=CNzFypSnyMsCFVRsGwodF0AAwA\" target=\"_blank\" rel=\"noopener\"><strong>ici<\/strong><\/a><a href=\"http:\/\/ccfd-terresolidaire.org\/qui-sommes-nous\/?canal=orixa_grants&amp;gclid=CNzFypSnyMsCFVRsGwodF0AAwA\" target=\"_blank\" rel=\"noreferrer noopener\"><\/a><\/p>\n<p><!-- \/wp:paragraph --><\/p>[\/et_pb_text][\/et_pb_column][\/et_pb_row][\/et_pb_section]","protected":false},"excerpt":{"rendered":"<p>Le\u00a0Comit\u00e9 catholique contre la faim et pour le d\u00e9veloppement-Terre Solidaire\u00a0est la premi\u00e8re ONG de d\u00e9veloppement en France. Reconnue d\u2019utilit\u00e9 publique en 1984, l\u2019association a re\u00e7u en 1993 le label Grande [&hellip;]<\/p>\n","protected":false},"author":5,"featured_media":0,"parent":5297,"menu_order":0,"comment_status":"closed","ping_status":"closed","template":"","meta":{"_et_pb_use_builder":"on","_et_pb_old_content":"<!-- wp:paragraph -->\n<p><strong>Contacts:<\/strong><br>C\u00e9cile MEUNIER \u260f 06 84 50 31 36 &nbsp;@&nbsp;meunier.cecile@wanadoo.fr<br>Annick BONNEAU&nbsp;\u260f&nbsp;<strong>&nbsp;05 46 59 98 90<\/strong><\/p>\n<!-- \/wp:paragraph -->\n\n<!-- wp:paragraph -->\n<p>Le&nbsp;<strong>Comit\u00e9 catholique contre la faim et pour le d\u00e9veloppement-Terre Solidaire<\/strong>&nbsp;est la premi\u00e8re ONG de d\u00e9veloppement en France. Reconnue d\u2019utilit\u00e9 publique en 1984, l\u2019association a re\u00e7u en 1993 le label Grande Cause Nationale et a le statut de consultant aupr\u00e8s du Conseil \u00e9conomique et social des Nations unies. Depuis plus de 50 ans, le CCFD-Terre Solidaire est mobilis\u00e9 contre la faim dans le monde.<\/p>\n<!-- \/wp:paragraph -->\n\n<!-- wp:paragraph -->\n<p>Soutenir des actions locales dans les pays du Sud. Sensibiliser l\u2019opinion fran\u00e7aise \u00e0 la solidarit\u00e9 internationale. Agir sur les causes profondes de la pauvret\u00e9 par le plaidoyer.<\/p>\n<!-- \/wp:paragraph -->\n\n<!-- wp:paragraph -->\n<p>Pour en savoir plus cliquer sur le lien suivant:&nbsp;<a href=\"http:\/\/ccfd-terresolidaire.org\/qui-sommes-nous\/?canal=orixa_grants&amp;gclid=CNzFypSnyMsCFVRsGwodF0AAwA\" target=\"_blank\" rel=\"noreferrer noopener\">http:\/\/ccfd-terresolidaire.org\/qui-sommes-nous\/?canal=orixa_grants&amp;gclid=CNzFypSnyMsCFVRsGwodF0AAwA<\/a><\/p>\n<!-- \/wp:paragraph -->","_et_gb_content_width":"","footnotes":""},"class_list":["post-4622","page","type-page","status-publish","hentry"],"_links":{"self":[{"href":"https:\/\/catholiques17.fr\/saintjeandangely\/wp-json\/wp\/v2\/pages\/4622","targetHints":{"allow":["GET"]}}],"collection":[{"href":"https:\/\/catholiques17.fr\/saintjeandangely\/wp-json\/wp\/v2\/pages"}],"about":[{"href":"https:\/\/catholiques17.fr\/saintjeandangely\/wp-json\/wp\/v2\/types\/page"}],"author":[{"embeddable":true,"href":"https:\/\/catholiques17.fr\/saintjeandangely\/wp-json\/wp\/v2\/users\/5"}],"replies":[{"embeddable":true,"href":"https:\/\/catholiques17.fr\/saintjeandangely\/wp-json\/wp\/v2\/comments?post=4622"}],"version-history":[{"count":4,"href":"https:\/\/catholiques17.fr\/saintjeandangely\/wp-json\/wp\/v2\/pages\/4622\/revisions"}],"predecessor-version":[{"id":5196,"href":"https:\/\/catholiques17.fr\/saintjeandangely\/wp-json\/wp\/v2\/pages\/4622\/revisions\/5196"}],"up":[{"embeddable":true,"href":"https:\/\/catholiques17.fr\/saintjeandangely\/wp-json\/wp\/v2\/pages\/5297"}],"wp:attachment":[{"href":"https:\/\/catholiques17.fr\/saintjeandangely\/wp-json\/wp\/v2\/media?parent=4622"}],"curies":[{"name":"wp","href":"https:\/\/api.w.org\/{rel}","templated":true}]}}