{"id":4620,"date":"2025-09-14T09:21:24","date_gmt":"2025-09-14T07:21:24","guid":{"rendered":"https:\/\/catholiques17.fr\/saint-angely\/?page_id=4620"},"modified":"2025-09-15T09:07:55","modified_gmt":"2025-09-15T07:07:55","slug":"secours-catholique","status":"publish","type":"page","link":"https:\/\/catholiques17.fr\/saintjeandangely\/mouvements\/secours-catholique\/","title":{"rendered":"Secours Catholique"},"content":{"rendered":"\n[et_pb_section][et_pb_row][et_pb_column type=\u00a0\u00bb4_4&Prime;][et_pb_text]<!-- divi:paragraph -->\n<p>Le Secours Catholique-Caritas France est une association loi 1901 \u00e0 but non lucratif, reconnue d\u2019utilit\u00e9 publique depuis 1962. Service de l\u2019\u00c9glise Catholique, elle fonde son action sur l\u2019\u00c9vangile et la doctrine sociale de l\u2019\u00c9glise.<br>En France, le Secours Catholique couvre l\u2019ensemble du territoire, gr\u00e2ce \u00e0 ses 4000 \u00e9quipes locales r\u00e9parties en 76 bureaux locaux appel\u00e9s \u201cd\u00e9l\u00e9gation\u201d.<\/p>\n<!-- \/divi:paragraph -->\n\n<!-- divi:paragraph -->\n<p>\u00c0 l\u2019international, l\u2019association est membre de la conf\u00e9d\u00e9ration Caritas Internationalis pr\u00e9sente partout dans le monde \u00e0 travers ses 165 Caritas membres. Le Secours Catholique-Caritas France d\u00e9veloppe ses actions \u00e0 l\u2019\u00e9tranger en lien \u00e9troit avec ces Caritas nationales.<\/p>\n<!-- \/divi:paragraph -->\n\n<!-- divi:paragraph -->\n<p><strong>Pour en savoir plus sur le Secours &nbsp;catholique &nbsp;cliquer sur les liens suivants: &nbsp; &nbsp;&nbsp;<a href=\"http:\/\/www.secours-catholique.org\/\" target=\"_blank\" rel=\"noreferrer noopener\">http:\/\/www.secours-catholique.org\/<\/a>&nbsp;&nbsp;pour le site national du Secours catholique<\/strong><\/p>\n<!-- \/divi:paragraph -->\n\n<!-- divi:image {\"id\":7166,\"width\":\"161px\",\"height\":\"auto\",\"sizeSlug\":\"full\",\"linkDestination\":\"none\",\"align\":\"center\"} -->\n<figure class=\"wp-block-image aligncenter size-full is-resized\"><img loading=\"lazy\" decoding=\"async\" width=\"554\" height=\"520\" src=\"https:\/\/catholiques17.fr\/saintjeandangely\/wp-content\/uploads\/sites\/18\/2025\/09\/QRcode-SecCatho.jpg\" alt=\"\" class=\"wp-image-7166\" style=\"width:161px;height:auto\" srcset=\"https:\/\/catholiques17.fr\/saintjeandangely\/wp-content\/uploads\/sites\/18\/2025\/09\/QRcode-SecCatho.jpg 554w, https:\/\/catholiques17.fr\/saintjeandangely\/wp-content\/uploads\/sites\/18\/2025\/09\/QRcode-SecCatho-480x451.jpg 480w\" sizes=\"(min-width: 0px) and (max-width: 480px) 480px, (min-width: 481px) 554px, 100vw\" \/><\/figure>\n<!-- \/divi:image -->\n\n<!-- divi:paragraph {\"align\":\"center\",\"style\":{\"elements\":{\"link\":{\"color\":{\"text\":\"var:preset|color|vivid-green-cyan\"}}}},\"textColor\":\"vivid-green-cyan\",\"fontSize\":\"medium\"} -->\n<p class=\"has-text-align-center has-vivid-green-cyan-color has-text-color has-link-color has-medium-font-size\"><em><strong>D\u00e9l\u00e9gation de Saint Jean d&rsquo;Ang\u00e9ly<\/strong><\/em><\/p>\n<!-- \/divi:paragraph -->\n\n<!-- divi:paragraph -->\n<p><strong>Coordinatrice :&nbsp;<\/strong>Mme Dany MILLET : 22, rue du Jeu-de-Paume, 17400 Saint Jean d\u2019Ang\u00e9ly, <\/p>\n<!-- \/divi:paragraph -->\n\n<!-- divi:paragraph -->\n<p><strong>Renseignements <\/strong>: 09 67 47 27 43 \/ 06 74 45 89 83<\/p>\n<!-- \/divi:paragraph -->\n\n<!-- divi:paragraph -->\n<p><strong>Permanence tout public :<\/strong>&nbsp;le lundi, Mercredi, jeudi et vendredi, de 14h00 \u00e0 17h00<\/p>\n<!-- \/divi:paragraph -->\n\n<!-- divi:paragraph -->\n<p><strong>Accueil<\/strong> pour Dossiers AS : Lundi et Vendredi Apr\u00e8s-midi<\/p>\n<!-- \/divi:paragraph -->\n\n<!-- divi:paragraph -->\n<p><strong>Atelier cuisine<\/strong> : Mardi matin<\/p>\n<!-- \/divi:paragraph -->\n\n<!-- divi:paragraph {\"align\":\"center\",\"style\":{\"elements\":{\"link\":{\"color\":{\"text\":\"var:preset|color|black\"}}}},\"textColor\":\"black\",\"fontSize\":\"medium\"} -->\n<p class=\"has-text-align-center has-black-color has-text-color has-link-color has-medium-font-size\">Boutiques Solidaires :<\/p>\n<!-- \/divi:paragraph -->\n\n<!-- divi:paragraph {\"align\":\"left\"} -->\n<p class=\"has-text-align-left\"><strong>Livres, CD, DVD, jeux, jouets, Mobilier, Vaisselle, D\u00e9corations<\/strong> : Ouverte les jours de <strong>permanence<\/strong> <\/p>\n<!-- \/divi:paragraph -->\n\n<!-- divi:paragraph {\"align\":\"left\"} -->\n<p class=\"has-text-align-left\"><strong>V\u00eatements d&rsquo;enfants, femmes et hommes<\/strong> : ouverte les Jeudi et Vendredi apr\u00e8s-midi<\/p>\n<!-- \/divi:paragraph -->\n\n<!-- divi:paragraph {\"align\":\"left\"} -->\n<p class=\"has-text-align-left\"><\/p>\n<!-- \/divi:paragraph -->\n\n<!-- divi:paragraph -->\n<p>Durant l&rsquo;ann\u00e9e, des journ\u00e9e ventes \/ d\u00e9ballages sont organis\u00e9es, avec ventes de g\u00e2teaux au profit des plus d\u00e9munis secourus par le Secours Catholique.<\/p>\n<!-- \/divi:paragraph -->\n\n<!-- divi:media-text {\"mediaId\":7151,\"mediaLink\":\"https:\/\/catholiques17.fr\/saintjeandangely\/mouvements\/secours-catholique\/pxl_20250913_081139317\/\",\"mediaType\":\"image\"} -->\n<div class=\"wp-block-media-text is-stacked-on-mobile\"><figure class=\"wp-block-media-text__media\"><img loading=\"lazy\" decoding=\"async\" width=\"800\" height=\"450\" src=\"https:\/\/catholiques17.fr\/saintjeandangely\/wp-content\/uploads\/sites\/18\/2025\/09\/PXL_20250913_081139317.jpg\" alt=\"\" class=\"wp-image-7151 size-full\" srcset=\"https:\/\/catholiques17.fr\/saintjeandangely\/wp-content\/uploads\/sites\/18\/2025\/09\/PXL_20250913_081139317.jpg 800w, https:\/\/catholiques17.fr\/saintjeandangely\/wp-content\/uploads\/sites\/18\/2025\/09\/PXL_20250913_081139317-480x270.jpg 480w\" sizes=\"(min-width: 0px) and (max-width: 480px) 480px, (min-width: 481px) 800px, 100vw\" \/><\/figure><div class=\"wp-block-media-text__content\"><!-- divi:paragraph {\"placeholder\":\"Contenu\u2026\"} -->\n<p>Objets de toute sorte<\/p>\n<!-- \/divi:paragraph -->\n\n<!-- divi:image {\"id\":7153,\"sizeSlug\":\"full\",\"linkDestination\":\"none\"} -->\n<figure class=\"wp-block-image size-full\"><img loading=\"lazy\" decoding=\"async\" width=\"800\" height=\"450\" src=\"https:\/\/catholiques17.fr\/saintjeandangely\/wp-content\/uploads\/sites\/18\/2025\/09\/PXL_20250913_081231467.MP_.jpg\" alt=\"\" class=\"wp-image-7153\" srcset=\"https:\/\/catholiques17.fr\/saintjeandangely\/wp-content\/uploads\/sites\/18\/2025\/09\/PXL_20250913_081231467.MP_.jpg 800w, https:\/\/catholiques17.fr\/saintjeandangely\/wp-content\/uploads\/sites\/18\/2025\/09\/PXL_20250913_081231467.MP_-480x270.jpg 480w\" sizes=\"(min-width: 0px) and (max-width: 480px) 480px, (min-width: 481px) 800px, 100vw\" \/><\/figure>\n<!-- \/divi:image --><\/div><\/div>\n<!-- \/divi:media-text -->\n\n<!-- divi:media-text {\"mediaId\":7157,\"mediaLink\":\"https:\/\/catholiques17.fr\/saintjeandangely\/mouvements\/secours-catholique\/pxl_20250913_081121389\/\",\"mediaType\":\"image\"} -->\n<div class=\"wp-block-media-text is-stacked-on-mobile\"><figure class=\"wp-block-media-text__media\"><img loading=\"lazy\" decoding=\"async\" width=\"800\" height=\"450\" src=\"https:\/\/catholiques17.fr\/saintjeandangely\/wp-content\/uploads\/sites\/18\/2025\/09\/PXL_20250913_081121389.jpg\" alt=\"\" class=\"wp-image-7157 size-full\" srcset=\"https:\/\/catholiques17.fr\/saintjeandangely\/wp-content\/uploads\/sites\/18\/2025\/09\/PXL_20250913_081121389.jpg 800w, https:\/\/catholiques17.fr\/saintjeandangely\/wp-content\/uploads\/sites\/18\/2025\/09\/PXL_20250913_081121389-480x270.jpg 480w\" sizes=\"(min-width: 0px) and (max-width: 480px) 480px, (min-width: 481px) 800px, 100vw\" \/><\/figure><div class=\"wp-block-media-text__content\"><!-- divi:paragraph {\"placeholder\":\"Contenu\u2026\"} -->\n<p>P\u00e2tisseries \u00e0 vendre lors de la journ\u00e9e \u00ab\u00a0d\u00e9ballage\u00a0\u00bb<\/p>\n<!-- \/divi:paragraph -->\n\n<!-- divi:image {\"id\":7160,\"sizeSlug\":\"full\",\"linkDestination\":\"none\"} -->\n<figure class=\"wp-block-image size-full\"><img loading=\"lazy\" decoding=\"async\" width=\"800\" height=\"450\" src=\"https:\/\/catholiques17.fr\/saintjeandangely\/wp-content\/uploads\/sites\/18\/2025\/09\/PXL_20250913_081343234.jpg\" alt=\"\" class=\"wp-image-7160\" srcset=\"https:\/\/catholiques17.fr\/saintjeandangely\/wp-content\/uploads\/sites\/18\/2025\/09\/PXL_20250913_081343234.jpg 800w, https:\/\/catholiques17.fr\/saintjeandangely\/wp-content\/uploads\/sites\/18\/2025\/09\/PXL_20250913_081343234-480x270.jpg 480w\" sizes=\"(min-width: 0px) and (max-width: 480px) 480px, (min-width: 481px) 800px, 100vw\" \/><\/figure>\n<!-- \/divi:image --><\/div><\/div>\n<!-- \/divi:media-text -->\n\n<!-- divi:media-text {\"mediaId\":7161,\"mediaLink\":\"https:\/\/catholiques17.fr\/saintjeandangely\/mouvements\/secours-catholique\/pxl_20250913_081209599-2\/\",\"mediaType\":\"image\"} -->\n<div class=\"wp-block-media-text is-stacked-on-mobile\"><figure class=\"wp-block-media-text__media\"><img loading=\"lazy\" decoding=\"async\" width=\"800\" height=\"450\" src=\"https:\/\/catholiques17.fr\/saintjeandangely\/wp-content\/uploads\/sites\/18\/2025\/09\/PXL_20250913_081209599-1.jpg\" alt=\"\" class=\"wp-image-7161 size-full\" srcset=\"https:\/\/catholiques17.fr\/saintjeandangely\/wp-content\/uploads\/sites\/18\/2025\/09\/PXL_20250913_081209599-1.jpg 800w, https:\/\/catholiques17.fr\/saintjeandangely\/wp-content\/uploads\/sites\/18\/2025\/09\/PXL_20250913_081209599-1-480x270.jpg 480w\" sizes=\"(min-width: 0px) and (max-width: 480px) 480px, (min-width: 481px) 800px, 100vw\" \/><\/figure><div class=\"wp-block-media-text__content\"><!-- divi:paragraph {\"placeholder\":\"Contenu\u2026\"} -->\n<p>Mobilier, jeux, &#8230;.<\/p>\n<!-- \/divi:paragraph -->\n\n<!-- divi:image {\"id\":7165,\"sizeSlug\":\"full\",\"linkDestination\":\"none\"} -->\n<figure class=\"wp-block-image size-full\"><img loading=\"lazy\" decoding=\"async\" width=\"800\" height=\"450\" src=\"https:\/\/catholiques17.fr\/saintjeandangely\/wp-content\/uploads\/sites\/18\/2025\/09\/PXL_20250913_081250947-2.jpg\" alt=\"\" class=\"wp-image-7165\" srcset=\"https:\/\/catholiques17.fr\/saintjeandangely\/wp-content\/uploads\/sites\/18\/2025\/09\/PXL_20250913_081250947-2.jpg 800w, https:\/\/catholiques17.fr\/saintjeandangely\/wp-content\/uploads\/sites\/18\/2025\/09\/PXL_20250913_081250947-2-480x270.jpg 480w\" sizes=\"(min-width: 0px) and (max-width: 480px) 480px, (min-width: 481px) 800px, 100vw\" \/><\/figure>\n<!-- \/divi:image --><\/div><\/div>\n<!-- \/divi:media-text -->[\/et_pb_text][\/et_pb_column][\/et_pb_row][\/et_pb_section]\n","protected":false},"excerpt":{"rendered":"<p><div class=\"et_pb_section et_pb_section_0 et_section_regular\" >\n\t\t\t\t\n\t\t\t\t\n\t\t\t\t\n\t\t\t\t\n\t\t\t\t\n\t\t\t\t\n\t\t\t\t\n\t\t\t\t\n\t\t\t\t\n\t\t\t<\/div><div class=\"et_pb_row et_pb_row_0 et_pb_row_empty\">\n\t\t\t\t\n\t\t\t\t\n\t\t\t\t\n\t\t\t\t\n\t\t\t\t\n\t\t\t<\/div><div class=\"et_pb_module et_pb_text et_pb_text_0  et_pb_text_align_left et_pb_bg_layout_light\">\n\t\t\t\t\n\t\t\t\t\n\t\t\t\t\n\t\t\t\t\n\t\t\t\t\n\t\t\t<\/div> Le Secours Catholique-Caritas France est une association loi 1901 \u00e0 but non lucratif, reconnue d\u2019utilit\u00e9 publique depuis 1962. Service de l\u2019\u00c9glise Catholique, elle fonde son action sur l\u2019\u00c9vangile et [&hellip;]<\/p>\n","protected":false},"author":5,"featured_media":5200,"parent":5297,"menu_order":0,"comment_status":"closed","ping_status":"closed","template":"","meta":{"_et_pb_use_builder":"on","_et_pb_old_content":"<!-- wp:paragraph -->\n<p>Le Secours Catholique-Caritas France est une association loi 1901 \u00e0 but non lucratif, reconnue d\u2019utilit\u00e9 publique depuis 1962. Service de l\u2019\u00c9glise Catholique, elle fonde son action sur l\u2019\u00c9vangile et la doctrine sociale de l\u2019\u00c9glise.<br>En France, le Secours Catholique couvre l\u2019ensemble du territoire, gr\u00e2ce \u00e0 ses 4000 \u00e9quipes locales r\u00e9parties en 76 bureaux locaux appel\u00e9s \u201cd\u00e9l\u00e9gation\u201d.<\/p>\n<!-- \/wp:paragraph -->\n\n<!-- wp:paragraph -->\n<p>\u00c0 l\u2019international, l\u2019association est membre de la conf\u00e9d\u00e9ration Caritas Internationalis pr\u00e9sente partout dans le monde \u00e0 travers ses 165 Caritas membres. Le Secours Catholique-Caritas France d\u00e9veloppe ses actions \u00e0 l\u2019\u00e9tranger en lien \u00e9troit avec ces Caritas nationales.<\/p>\n<!-- \/wp:paragraph -->\n\n<!-- wp:paragraph -->\n<p><strong>Pour en savoir plus sur le Secours &nbsp;catholique &nbsp;cliquer sur les liens suivants: &nbsp; &nbsp;&nbsp;<a href=\"http:\/\/www.secours-catholique.org\/\" target=\"_blank\" rel=\"noreferrer noopener\">http:\/\/www.secours-catholique.org\/<\/a>&nbsp;&nbsp;pour le site national du Secours catholique<\/strong><\/p>\n<!-- \/wp:paragraph -->\n\n<!-- wp:image {\"id\":7166,\"width\":\"161px\",\"height\":\"auto\",\"sizeSlug\":\"full\",\"linkDestination\":\"none\",\"align\":\"center\"} -->\n<figure class=\"wp-block-image aligncenter size-full is-resized\"><img src=\"https:\/\/catholiques17.fr\/saintjeandangely\/wp-content\/uploads\/sites\/18\/2025\/09\/QRcode-SecCatho.jpg\" alt=\"\" class=\"wp-image-7166\" style=\"width:161px;height:auto\" \/><\/figure>\n<!-- \/wp:image -->\n\n<!-- wp:paragraph {\"align\":\"center\",\"style\":{\"elements\":{\"link\":{\"color\":{\"text\":\"var:preset|color|vivid-green-cyan\"}}}},\"textColor\":\"vivid-green-cyan\",\"fontSize\":\"medium\"} -->\n<p class=\"has-text-align-center has-vivid-green-cyan-color has-text-color has-link-color has-medium-font-size\"><em><strong>D\u00e9l\u00e9gation de Saint Jean d'Ang\u00e9ly<\/strong><\/em><\/p>\n<!-- \/wp:paragraph -->\n\n<!-- wp:paragraph -->\n<p><strong>Coordinatrice :&nbsp;<\/strong>Mme Dany MILLET : 22, rue du Jeu-de-Paume, 17400 Saint Jean d\u2019Ang\u00e9ly, <\/p>\n<!-- \/wp:paragraph -->\n\n<!-- wp:paragraph -->\n<p><strong>Renseignements <\/strong>: 09 67 47 27 43 \/ 06 74 45 89 83<\/p>\n<!-- \/wp:paragraph -->\n\n<!-- wp:paragraph -->\n<p><strong>Permanence tout public :<\/strong>&nbsp;le lundi, Mercredi, jeudi et vendredi, de 14h00 \u00e0 17h00<\/p>\n<!-- \/wp:paragraph -->\n\n<!-- wp:paragraph -->\n<p><strong>Accueil<\/strong> pour Dossiers AS : Lundi et Vendredi Apr\u00e8s-midi<\/p>\n<!-- \/wp:paragraph -->\n\n<!-- wp:paragraph -->\n<p><strong>Atelier cuisine<\/strong> : Mardi matin<\/p>\n<!-- \/wp:paragraph -->\n\n<!-- wp:paragraph {\"align\":\"center\",\"style\":{\"elements\":{\"link\":{\"color\":{\"text\":\"var:preset|color|black\"}}}},\"textColor\":\"black\",\"fontSize\":\"medium\"} -->\n<p class=\"has-text-align-center has-black-color has-text-color has-link-color has-medium-font-size\">Boutiques Solidaires :<\/p>\n<!-- \/wp:paragraph -->\n\n<!-- wp:paragraph {\"align\":\"left\"} -->\n<p class=\"has-text-align-left\"><strong>Livres, CD, DVD, jeux, jouets, Mobilier, Vaisselle, D\u00e9corations<\/strong> : Ouverte les jours de <strong>permanence<\/strong> <\/p>\n<!-- \/wp:paragraph -->\n\n<!-- wp:paragraph {\"align\":\"left\"} -->\n<p class=\"has-text-align-left\"><strong>V\u00eatements d'enfants, femmes et hommes<\/strong> : ouverte les Jeudi et Vendredi apr\u00e8s-midi<\/p>\n<!-- \/wp:paragraph -->\n\n<!-- wp:paragraph {\"align\":\"left\"} -->\n<p class=\"has-text-align-left\"><\/p>\n<!-- \/wp:paragraph -->\n\n<!-- wp:paragraph -->\n<p>Durant l'ann\u00e9e, des journ\u00e9e ventes \/ d\u00e9ballages sont organis\u00e9es, avec ventes de g\u00e2teaux au profit des plus d\u00e9munis secourus par le Secours Catholique.<\/p>\n<!-- \/wp:paragraph -->\n\n<!-- wp:media-text {\"mediaId\":7151,\"mediaLink\":\"https:\/\/catholiques17.fr\/saintjeandangely\/mouvements\/secours-catholique\/pxl_20250913_081139317\/\",\"mediaType\":\"image\"} -->\n<div class=\"wp-block-media-text is-stacked-on-mobile\"><figure class=\"wp-block-media-text__media\"><img src=\"https:\/\/catholiques17.fr\/saintjeandangely\/wp-content\/uploads\/sites\/18\/2025\/09\/PXL_20250913_081139317.jpg\" alt=\"\" class=\"wp-image-7151 size-full\" \/><\/figure><div class=\"wp-block-media-text__content\"><!-- wp:paragraph {\"placeholder\":\"Contenu\u2026\"} -->\n<p>Objets de toute sorte<\/p>\n<!-- \/wp:paragraph -->\n\n<!-- wp:image {\"id\":7153,\"sizeSlug\":\"full\",\"linkDestination\":\"none\"} -->\n<figure class=\"wp-block-image size-full\"><img src=\"https:\/\/catholiques17.fr\/saintjeandangely\/wp-content\/uploads\/sites\/18\/2025\/09\/PXL_20250913_081231467.MP_.jpg\" alt=\"\" class=\"wp-image-7153\" \/><\/figure>\n<!-- \/wp:image --><\/div><\/div>\n<!-- \/wp:media-text -->\n\n<!-- wp:media-text {\"mediaId\":7157,\"mediaLink\":\"https:\/\/catholiques17.fr\/saintjeandangely\/mouvements\/secours-catholique\/pxl_20250913_081121389\/\",\"mediaType\":\"image\"} -->\n<div class=\"wp-block-media-text is-stacked-on-mobile\"><figure class=\"wp-block-media-text__media\"><img src=\"https:\/\/catholiques17.fr\/saintjeandangely\/wp-content\/uploads\/sites\/18\/2025\/09\/PXL_20250913_081121389.jpg\" alt=\"\" class=\"wp-image-7157 size-full\" \/><\/figure><div class=\"wp-block-media-text__content\"><!-- wp:paragraph {\"placeholder\":\"Contenu\u2026\"} -->\n<p>P\u00e2tisseries \u00e0 vendre lors de la journ\u00e9e \"d\u00e9ballage\"<\/p>\n<!-- \/wp:paragraph -->\n\n<!-- wp:image {\"id\":7160,\"sizeSlug\":\"full\",\"linkDestination\":\"none\"} -->\n<figure class=\"wp-block-image size-full\"><img src=\"https:\/\/catholiques17.fr\/saintjeandangely\/wp-content\/uploads\/sites\/18\/2025\/09\/PXL_20250913_081343234.jpg\" alt=\"\" class=\"wp-image-7160\" \/><\/figure>\n<!-- \/wp:image --><\/div><\/div>\n<!-- \/wp:media-text -->\n\n<!-- wp:media-text {\"mediaId\":7161,\"mediaLink\":\"https:\/\/catholiques17.fr\/saintjeandangely\/mouvements\/secours-catholique\/pxl_20250913_081209599-2\/\",\"mediaType\":\"image\"} -->\n<div class=\"wp-block-media-text is-stacked-on-mobile\"><figure class=\"wp-block-media-text__media\"><img src=\"https:\/\/catholiques17.fr\/saintjeandangely\/wp-content\/uploads\/sites\/18\/2025\/09\/PXL_20250913_081209599-1.jpg\" alt=\"\" class=\"wp-image-7161 size-full\" \/><\/figure><div class=\"wp-block-media-text__content\"><!-- wp:paragraph {\"placeholder\":\"Contenu\u2026\"} -->\n<p>Mobilier, jeux, ....<\/p>\n<!-- \/wp:paragraph -->\n\n<!-- wp:image {\"id\":7165,\"sizeSlug\":\"full\",\"linkDestination\":\"none\"} -->\n<figure class=\"wp-block-image size-full\"><img src=\"https:\/\/catholiques17.fr\/saintjeandangely\/wp-content\/uploads\/sites\/18\/2025\/09\/PXL_20250913_081250947-2.jpg\" alt=\"\" class=\"wp-image-7165\" \/><\/figure>\n<!-- \/wp:image --><\/div><\/div>\n<!-- \/wp:media-text -->","_et_gb_content_width":"","footnotes":""},"class_list":["post-4620","page","type-page","status-publish","has-post-thumbnail","hentry"],"_links":{"self":[{"href":"https:\/\/catholiques17.fr\/saintjeandangely\/wp-json\/wp\/v2\/pages\/4620","targetHints":{"allow":["GET"]}}],"collection":[{"href":"https:\/\/catholiques17.fr\/saintjeandangely\/wp-json\/wp\/v2\/pages"}],"about":[{"href":"https:\/\/catholiques17.fr\/saintjeandangely\/wp-json\/wp\/v2\/types\/page"}],"author":[{"embeddable":true,"href":"https:\/\/catholiques17.fr\/saintjeandangely\/wp-json\/wp\/v2\/users\/5"}],"replies":[{"embeddable":true,"href":"https:\/\/catholiques17.fr\/saintjeandangely\/wp-json\/wp\/v2\/comments?post=4620"}],"version-history":[{"count":13,"href":"https:\/\/catholiques17.fr\/saintjeandangely\/wp-json\/wp\/v2\/pages\/4620\/revisions"}],"predecessor-version":[{"id":7177,"href":"https:\/\/catholiques17.fr\/saintjeandangely\/wp-json\/wp\/v2\/pages\/4620\/revisions\/7177"}],"up":[{"embeddable":true,"href":"https:\/\/catholiques17.fr\/saintjeandangely\/wp-json\/wp\/v2\/pages\/5297"}],"wp:featuredmedia":[{"embeddable":true,"href":"https:\/\/catholiques17.fr\/saintjeandangely\/wp-json\/wp\/v2\/media\/5200"}],"wp:attachment":[{"href":"https:\/\/catholiques17.fr\/saintjeandangely\/wp-json\/wp\/v2\/media?parent=4620"}],"curies":[{"name":"wp","href":"https:\/\/api.w.org\/{rel}","templated":true}]}}