{"id":13923,"date":"2026-04-28T19:20:27","date_gmt":"2026-04-28T17:20:27","guid":{"rendered":"https:\/\/catholiques17.fr\/saintes\/?post_type=tribe_events&#038;p=13923"},"modified":"2026-04-28T19:20:27","modified_gmt":"2026-04-28T17:20:27","slug":"obseques-du-pere-jacques-genet-en-leglise-saint-pallais-de-saint-palais-de-phiolin","status":"publish","type":"tribe_events","link":"https:\/\/catholiques17.fr\/saintes\/event\/obseques-du-pere-jacques-genet-en-leglise-saint-pallais-de-saint-palais-de-phiolin\/","title":{"rendered":"Obs\u00e8ques du p\u00e8re Jacques GENET en l\u2019\u00e9glise Saint-Pallais de Saint-Palais-de-Phiolin"},"content":{"rendered":"<p>Chers amis,<br \/>\nNous venons d\u2019apprendre le rappel \u00e0 Dieu de l\u2019abb\u00e9 Jacques Gen\u00eat, survenu ce 27 avril 2026 \u00e0 Saintes, dans sa 91e ann\u00e9e.<br \/>\nN\u00e9 le 15 septembre 1935 \u00e0 Saint-Palais-de-Phiolon (17), il est ordonn\u00e9 pr\u00eatre le 22 d\u00e9cembre 1962 \u00e0 la cath\u00e9drale Saint-Pierre de Saintes par Mgr Xavier Morilleau.<br \/>\nProfesseur \u00e0 l\u2019\u00e9cole F\u00e9nelon \u00e0 La Rochelle, il reprend la direction de l\u2019\u00e9tablissement pour cinq ans en 1970, avant de devenir sup\u00e9rieur de l\u2019Institution Notre-Dame de Recouvrance \u00e0 Saintes en 1975.<br \/>\nCur\u00e9 du secteur paroissial de Montlieu, Chepniers, Orignolles \u00e0 partir de 1980, il est nomm\u00e9 doyen du Sud du dioc\u00e8se en 1982. Il devient cur\u00e9 de la paroisse de Jonzac trois ans plus tard. A cette fonction s\u2019ajouteront celle de cur\u00e9 du secteur pastoral d\u2019Archiac en 1988, d\u2019administrateur du secteur de Champagnac en 1990 et de celui de Saint-Genis-de-Saintonge l\u2019ann\u00e9e suivante.<br \/>\nEn 1998, Mgr Georges Pontier le choisit en tant que vicaire \u00e9piscopal, fonction qu\u2019il conservera jusqu\u2019en 2008. Il devient l\u2019aum\u00f4nier du Mouvement chr\u00e9tien des retrait\u00e9s (MCR) en 2007 puis responsable dioc\u00e9sain du service de la Coop\u00e9ration Missionnaire en 2009.<br \/>\nPr\u00eatre coop\u00e9rateur des paroisses Saint-Martin de Mirambeau, Saint-Antoine de La Lande en Saintonge et Saint-Eutrope en Pays jonzacais \u00e0 partir de 2011, il avait rejoint la Maison des Petits Soeurs des Pauvres \u00e0 Saintes.<br \/>\nSes obs\u00e8ques auront lieu :<br \/>\nLe lundi 4 mai 2026 \u00e0 10h30<br \/>\nen l\u2019\u00e9glise Saint-Pallais de Saint-Palais-de-Phiolin<br \/>\nsuivie de l&rsquo;inhumation au cimeti\u00e8re de Saint-Palais-de-Phiolin (17)<br \/>\nLes pr\u00eatres qui ne pourront y participer s\u2019y uniront en c\u00e9l\u00e9brant une messe \u00e0 son intention.<\/p>\n","protected":false},"excerpt":{"rendered":"<p>Chers amis, Nous venons d\u2019apprendre le rappel \u00e0 Dieu de l\u2019abb\u00e9 Jacques Gen\u00eat, survenu ce 27 avril 2026 \u00e0 Saintes, dans sa 91e ann\u00e9e. N\u00e9 le 15 septembre 1935 \u00e0 [&hellip;]<\/p>\n","protected":false},"author":9,"featured_media":0,"template":"","meta":{"_et_pb_use_builder":"","_et_pb_old_content":"","_et_gb_content_width":"","_tribe_events_status":"","_tribe_events_status_reason":"","footnotes":""},"tags":[],"tribe_events_cat":[],"class_list":["post-13923","tribe_events","type-tribe_events","status-publish","hentry"],"_links":{"self":[{"href":"https:\/\/catholiques17.fr\/saintes\/wp-json\/wp\/v2\/tribe_events\/13923","targetHints":{"allow":["GET"]}}],"collection":[{"href":"https:\/\/catholiques17.fr\/saintes\/wp-json\/wp\/v2\/tribe_events"}],"about":[{"href":"https:\/\/catholiques17.fr\/saintes\/wp-json\/wp\/v2\/types\/tribe_events"}],"author":[{"embeddable":true,"href":"https:\/\/catholiques17.fr\/saintes\/wp-json\/wp\/v2\/users\/9"}],"version-history":[{"count":1,"href":"https:\/\/catholiques17.fr\/saintes\/wp-json\/wp\/v2\/tribe_events\/13923\/revisions"}],"predecessor-version":[{"id":13924,"href":"https:\/\/catholiques17.fr\/saintes\/wp-json\/wp\/v2\/tribe_events\/13923\/revisions\/13924"}],"wp:attachment":[{"href":"https:\/\/catholiques17.fr\/saintes\/wp-json\/wp\/v2\/media?parent=13923"}],"wp:term":[{"taxonomy":"post_tag","embeddable":true,"href":"https:\/\/catholiques17.fr\/saintes\/wp-json\/wp\/v2\/tags?post=13923"},{"taxonomy":"tribe_events_cat","embeddable":true,"href":"https:\/\/catholiques17.fr\/saintes\/wp-json\/wp\/v2\/tribe_events_cat?post=13923"}],"curies":[{"name":"wp","href":"https:\/\/api.w.org\/{rel}","templated":true}]}}