{"id":9453,"date":"2023-12-19T14:42:38","date_gmt":"2023-12-19T13:42:38","guid":{"rendered":"https:\/\/catholiques17.fr\/saintes\/?page_id=9453"},"modified":"2025-10-07T11:45:45","modified_gmt":"2025-10-07T09:45:45","slug":"fraternite-franciscaine-seculiere","status":"publish","type":"page","link":"https:\/\/catholiques17.fr\/saintes\/fraternite-franciscaine-seculiere\/","title":{"rendered":"Fraternit\u00e9 Franciscaine S\u00e9culi\u00e8re"},"content":{"rendered":"<p>[et_pb_section fb_built=\u00a0\u00bb1&Prime; _builder_version=\u00a0\u00bb4.21.0&Prime; _module_preset=\u00a0\u00bbdefault\u00a0\u00bb global_colors_info=\u00a0\u00bb{}\u00a0\u00bb theme_builder_area=\u00a0\u00bbpost_content\u00a0\u00bb][et_pb_row _builder_version=\u00a0\u00bb4.21.0&Prime; _module_preset=\u00a0\u00bbdefault\u00a0\u00bb global_colors_info=\u00a0\u00bb{}\u00a0\u00bb theme_builder_area=\u00a0\u00bbpost_content\u00a0\u00bb][et_pb_column type=\u00a0\u00bb4_4&Prime; _builder_version=\u00a0\u00bb4.21.0&Prime; _module_preset=\u00a0\u00bbdefault\u00a0\u00bb global_colors_info=\u00a0\u00bb{}\u00a0\u00bb theme_builder_area=\u00a0\u00bbpost_content\u00a0\u00bb][et_pb_cta title=\u00a0\u00bbL\u2019ordre franciscain s\u00e9culier\u00a0\u00bb button_text=\u00a0\u00bbClics\u00a0\u00bb _builder_version=\u00a0\u00bb4.21.0&Prime; _module_preset=\u00a0\u00bbdefault\u00a0\u00bb body_line_height=\u00a0\u00bb1.4em\u00a0\u00bb global_colors_info=\u00a0\u00bb{}\u00a0\u00bb theme_builder_area=\u00a0\u00bbpost_content\u00a0\u00bb]<\/p>\n<h4><em>L\u2019ordre franciscain s\u00e9culier est un groupement de vie \u00e9vang\u00e9lique compos\u00e9 de religieux, religieuses et de la\u00efcs, qui a \u00e9t\u00e9 fond\u00e9 par St Fran\u00e7ois d\u2019Assise et approuv\u00e9 par le pape Innocent III en 1210, et invite \u00e0 vivre l\u2019\u00c9vangile et son bapt\u00eame \u00e0 la mani\u00e8re de saint Fran\u00e7ois d\u2019Assise. \u00ab Quelle que soit la mani\u00e8re qui te semblera la meilleure de plaire au Seigneur Dieu et de suivre ses traces et sa pauvret\u00e9 adopte-la\u2026 \u00bb, extrait de la lettre de saint Fran\u00e7ois \u00e0 son fr\u00e8re L\u00e9on.<\/em><\/h4>\n<p>[\/et_pb_cta][et_pb_text _builder_version=\u00a0\u00bb4.21.0&Prime; _module_preset=\u00a0\u00bbdefault\u00a0\u00bb global_colors_info=\u00a0\u00bb{}\u00a0\u00bb theme_builder_area=\u00a0\u00bbpost_content\u00a0\u00bb]<\/p>\n<h3><a href=\"http:\/\/mission.catholique.org\/302-fraternite-seculiere-de-saint-francois\" target=\"_blank\" rel=\"noreferrer noopener\">Cette fraternit\u00e9<\/a><span>\u00a0<\/span>propose diverses activit\u00e9s\u00a0: une\u00a0 r\u00e9union mensuelle, des r\u00e9collections, une formation personnelle \u00e0 l\u2019accompagnement spirituel.<\/h3>\n<p>[\/et_pb_text][\/et_pb_column][\/et_pb_row][et_pb_row column_structure=\u00a0\u00bb1_2,1_2&Prime; _builder_version=\u00a0\u00bb4.21.0&Prime; _module_preset=\u00a0\u00bbdefault\u00a0\u00bb global_colors_info=\u00a0\u00bb{}\u00a0\u00bb theme_builder_area=\u00a0\u00bbpost_content\u00a0\u00bb][et_pb_column type=\u00a0\u00bb1_2&Prime; _builder_version=\u00a0\u00bb4.21.0&Prime; _module_preset=\u00a0\u00bbdefault\u00a0\u00bb global_colors_info=\u00a0\u00bb{}\u00a0\u00bb theme_builder_area=\u00a0\u00bbpost_content\u00a0\u00bb][et_pb_cta button_text=\u00a0\u00bbClics\u00a0\u00bb _builder_version=\u00a0\u00bb4.27.4&Prime; _module_preset=\u00a0\u00bbdefault\u00a0\u00bb background_color=\u00a0\u00bb#F47A60&Prime; hover_enabled=\u00a0\u00bb0&Prime; global_colors_info=\u00a0\u00bb{}\u00a0\u00bb theme_builder_area=\u00a0\u00bbpost_content\u00a0\u00bb sticky_enabled=\u00a0\u00bb0&Prime;]<\/p>\n<h3>Paroisse Saintes Rive Gauche<\/h3>\n<h3><a href=\"mailto:tanay.nicole@wanadoo.f\">tanay.nicole@wanadoo.f<\/a>r<\/h3>\n<h3>Tel : 05 46 74 46 94<\/h3>\n<p>[\/et_pb_cta][\/et_pb_column][et_pb_column type=\u00a0\u00bb1_2&Prime; _builder_version=\u00a0\u00bb4.21.0&Prime; _module_preset=\u00a0\u00bbdefault\u00a0\u00bb global_colors_info=\u00a0\u00bb{}\u00a0\u00bb theme_builder_area=\u00a0\u00bbpost_content\u00a0\u00bb][et_pb_cta button_text=\u00a0\u00bbClics\u00a0\u00bb _builder_version=\u00a0\u00bb4.27.4&Prime; _module_preset=\u00a0\u00bbdefault\u00a0\u00bb background_color=\u00a0\u00bb#60AF88&Prime; hover_enabled=\u00a0\u00bb0&Prime; global_colors_info=\u00a0\u00bb{}\u00a0\u00bb theme_builder_area=\u00a0\u00bbpost_content\u00a0\u00bb sticky_enabled=\u00a0\u00bb0&Prime;]<\/p>\n<h3>Paroisse Saintes Rive Droite<\/h3>\n<h3><a href=\"mailto:patrice.gaillou@gmail.com\"> patrice.gaillou@gmail.com<\/a><\/h3>\n<h3>Tel : 05 46 74 44 01<\/h3>\n<p>[\/et_pb_cta][\/et_pb_column][\/et_pb_row][\/et_pb_section]<\/p>\n","protected":false},"excerpt":{"rendered":"<p>L\u2019ordre franciscain s\u00e9culier est un groupement de vie \u00e9vang\u00e9lique compos\u00e9 de religieux, religieuses et de la\u00efcs, qui a \u00e9t\u00e9 fond\u00e9 par St Fran\u00e7ois d\u2019Assise et approuv\u00e9 par le pape Innocent [&hellip;]<\/p>\n","protected":false},"author":41,"featured_media":0,"parent":0,"menu_order":0,"comment_status":"closed","ping_status":"closed","template":"","meta":{"_et_pb_use_builder":"on","_et_pb_old_content":"","_et_gb_content_width":"","footnotes":""},"class_list":["post-9453","page","type-page","status-publish","hentry"],"_links":{"self":[{"href":"https:\/\/catholiques17.fr\/saintes\/wp-json\/wp\/v2\/pages\/9453","targetHints":{"allow":["GET"]}}],"collection":[{"href":"https:\/\/catholiques17.fr\/saintes\/wp-json\/wp\/v2\/pages"}],"about":[{"href":"https:\/\/catholiques17.fr\/saintes\/wp-json\/wp\/v2\/types\/page"}],"author":[{"embeddable":true,"href":"https:\/\/catholiques17.fr\/saintes\/wp-json\/wp\/v2\/users\/41"}],"replies":[{"embeddable":true,"href":"https:\/\/catholiques17.fr\/saintes\/wp-json\/wp\/v2\/comments?post=9453"}],"version-history":[{"count":4,"href":"https:\/\/catholiques17.fr\/saintes\/wp-json\/wp\/v2\/pages\/9453\/revisions"}],"predecessor-version":[{"id":12838,"href":"https:\/\/catholiques17.fr\/saintes\/wp-json\/wp\/v2\/pages\/9453\/revisions\/12838"}],"wp:attachment":[{"href":"https:\/\/catholiques17.fr\/saintes\/wp-json\/wp\/v2\/media?parent=9453"}],"curies":[{"name":"wp","href":"https:\/\/api.w.org\/{rel}","templated":true}]}}