{"id":88,"date":"2019-06-07T16:35:15","date_gmt":"2019-06-07T14:35:15","guid":{"rendered":"http:\/\/v2.catholiques17.fr\/saintes\/?page_id=88"},"modified":"2025-05-21T18:27:03","modified_gmt":"2025-05-21T16:27:03","slug":"saint-eutrope","status":"publish","type":"page","link":"https:\/\/catholiques17.fr\/saintes\/paroisse-rive-gauche\/nos-clochers-rg\/saint-eutrope\/","title":{"rendered":"Basilique Saint Eutrope"},"content":{"rendered":"\n<figure class=\"wp-block-image aligncenter size-full\"><img loading=\"lazy\" decoding=\"async\" width=\"451\" height=\"306\" src=\"https:\/\/catholiques17.fr\/saintes\/wp-content\/uploads\/sites\/3\/2022\/03\/image-11.png\" alt=\"\" class=\"wp-image-5871\" srcset=\"https:\/\/catholiques17.fr\/saintes\/wp-content\/uploads\/sites\/3\/2022\/03\/image-11.png 451w, https:\/\/catholiques17.fr\/saintes\/wp-content\/uploads\/sites\/3\/2022\/03\/image-11-300x204.png 300w\" sizes=\"(max-width: 451px) 100vw, 451px\" \/><\/figure>\n\n\n\n<hr class=\"wp-block-separator has-alpha-channel-opacity\" \/>\n\n\n\n<div class=\"wp-block-buttons is-content-justification-center is-layout-flex wp-container-core-buttons-is-layout-16018d1d wp-block-buttons-is-layout-flex\">\n<div class=\"wp-block-button\"><a class=\"wp-block-button__link has-white-color has-vivid-cyan-blue-background-color has-text-color has-background has-link-color has-medium-font-size has-custom-font-size wp-element-button\" href=\"https:\/\/saint-eutrope.com\" target=\"_blank\" rel=\"noreferrer noopener\"><strong>Vie de la Basilique Saint Eutrope<\/strong><\/a><\/div>\n<\/div>\n\n\n\n<hr class=\"wp-block-separator has-alpha-channel-opacity\" \/>\n\n\n\n<p class=\"has-very-light-gray-background-color has-background\"><strong>Saint Eutrope, 1<sup>er<\/sup>&nbsp;\u00e9v\u00eaque de Saintes, \u00e9vang\u00e9lisateur de la Saintonge, et martyr,<\/strong> convertit dans les quartiers pauvres de Saintes de nombreuses personnes, dont Eustelle, la fille du gouverneur. <\/p>\n\n\n\n<p>Son p\u00e8re la renie parce qu&rsquo;elle est baptis\u00e9e \u00e0 l&rsquo;\u00e2ge de treize ans, et vit ensuite pr\u00e8s de l&rsquo;\u00e9v\u00eaque. Or, ce gouverneur, ne supportant pas l&rsquo;id\u00e9e que sa fille serve un chr\u00e9tien, offre 150 livres \u00e0 des bandits pour le supprimer. <\/p>\n\n\n\n<p>Ces hommes provoquent une \u00e9meute et font lapider l&rsquo;\u00e9v\u00eaque. Eutrope est frapp\u00e9 \u00e0 coups de hache \u00e0 la t\u00eate. Eustelle et les disciples du saint recueillent son corps la nuit suivante et l&rsquo;enterrent dans le jardin d&rsquo;Eustelle. Ce tombeau devint un lieu de v\u00e9n\u00e9ration et de miracles. Eustelle d\u00e9capit\u00e9e sur ordre de son p\u00e8re, fut enterr\u00e9e aupr\u00e8s d&rsquo;Eutrope.<\/p>\n\n\n\n<p>Quelques si\u00e8cles apr\u00e8s la mort d&rsquo;Eutrope, sous l&rsquo;\u00c9piscopat de Palladius, les restes du saint furent retrouv\u00e9s gr\u00e2ce \u00e0 un songe, et l&rsquo;on put v\u00e9rifier que c&rsquo;\u00e9tait bien le cr\u00e2ne d&rsquo;Eutrope, par la trace du coup de hache, marqu\u00e9 dans l&rsquo;os. Eutrope confirma lui-m\u00eame cette d\u00e9couverte (raconte Palladius) en apparaissant en songe et disant \u00a0\u00bb Cette cicatrice que vous avez vue sur mon cr\u00e2ne est celle qui m&rsquo;a fait martyr. \u00a0\u00bb <\/p>\n\n\n\n<p>En 1842, on retrouva dans la crypte de la basilique Saint-Eutrope de Saintes, un sarcophage, marqu\u00e9 du nom d&rsquo;EUTROPIUS, et contenant les os de plusieurs personnes, attribu\u00e9s \u00e0 Eutrope et Eustelle.<\/p>\n\n\n\n<p>Saint Eutrope est invoqu\u00e9 quand on doit subir une op\u00e9ration \u00e0 la t\u00eate.<\/p>\n\n\n\n<figure class=\"wp-block-image aligncenter size-full\"><img loading=\"lazy\" decoding=\"async\" width=\"587\" height=\"411\" src=\"https:\/\/catholiques17.fr\/saintes\/wp-content\/uploads\/sites\/3\/2022\/03\/image-17.png\" alt=\"\" class=\"wp-image-5878\" srcset=\"https:\/\/catholiques17.fr\/saintes\/wp-content\/uploads\/sites\/3\/2022\/03\/image-17.png 587w, https:\/\/catholiques17.fr\/saintes\/wp-content\/uploads\/sites\/3\/2022\/03\/image-17-480x336.png 480w\" sizes=\"(min-width: 0px) and (max-width: 480px) 480px, (min-width: 481px) 587px, 100vw\" \/><\/figure>\n\n\n\n<p><br>Sa l\u00e9gende le situe au 1er si\u00e8cle apr\u00e8s J.C. Originaire de Gr\u00e8ce, envoy\u00e9 par le pape Saint-Cl\u00e9ment, il vient \u00e9vang\u00e9liser le pays des Santons et convertit m\u00eame Eustelle,la fille du gouverneur romain. Eutrope meurt lapid\u00e9 et achev\u00e9 d\u2019un coup de hache. Son culte est attest\u00e9 par Gr\u00e9goire de Tours d\u00e8s la fin du VIe si\u00e8cle. Sa s\u00e9pulture, v\u00e9n\u00e9r\u00e9e par les p\u00e8lerins, est confi\u00e9e d\u00e8s le haut Moyen Age \u00e0 une communaut\u00e9 monastique. A partir du XIe si\u00e8cle les reliques du saint sont plac\u00e9es pour l&rsquo;essentiel dans le sarcophage de la crypte, mais son chef est conserv\u00e9 dans un reliquaire particulier plac\u00e9 dans l&rsquo;\u00e9glise haute.<br><strong>Sanctuaire de p\u00e8lerinage et prieur\u00e9 de l\u2019ordre de Cluny.<\/strong><br>En 1081, Guy-Geoffroy, comte de Poitou et duc d&rsquo;Aquitaine, confie le sanctuaire \u00e0 la grande abbaye b\u00e9n\u00e9dictine de Cluny en Bourgogne. Une communaut\u00e9 d&rsquo;une vingtaine de moines s&rsquo;y installe. Ceux-ci font r\u00e9\u00e9difier l&rsquo;\u00e9glise, qui devient ainsi un des monuments les plus prestigieux des chemins de Compostelle. Ils y entretiendront le culte jusqu&rsquo;en 1787. Le monast\u00e8re \u00e0 de nombreuses possessions en Saintonge et le prieur de Saint-Eutrope est au Moyen Age le troisi\u00e8me personnage religieux de la cit\u00e9 apr\u00e8s l&rsquo;\u00e9v\u00eaque et l&rsquo;abbesse de l&rsquo;Abbaye-aux-Dames. Le bourg de Saint-Eutrope se d\u00e9veloppe en dehors des murs de la ville autour du prieur\u00e9. De celui-ci il ne reste que quelques b\u00e2timents du XVIIe et du XVIIIe si\u00e8cle, au sud de l&rsquo;\u00e9glise. L&rsquo;ancien clo\u00eetre a enti\u00e8rement disparu \u00e0 la veille de la R\u00e9volution, lors des travaux de transformation entrepris par les derniers moines, qui n&rsquo;\u00e9taient plus que &#8230;deux !<\/p>\n\n\n\n<figure class=\"wp-block-image size-full\"><img loading=\"lazy\" decoding=\"async\" width=\"800\" height=\"571\" src=\"https:\/\/catholiques17.fr\/saintes\/wp-content\/uploads\/sites\/3\/2022\/03\/image-12.png\" alt=\"\" class=\"wp-image-5872\" srcset=\"https:\/\/catholiques17.fr\/saintes\/wp-content\/uploads\/sites\/3\/2022\/03\/image-12.png 800w, https:\/\/catholiques17.fr\/saintes\/wp-content\/uploads\/sites\/3\/2022\/03\/image-12-480x343.png 480w\" sizes=\"(min-width: 0px) and (max-width: 480px) 480px, (min-width: 481px) 800px, 100vw\" \/><\/figure>\n\n\n\n<p><br><strong>L&rsquo;\u00e9glise romane<\/strong> : un \u00e9difice exceptionnel. La construction a commenc\u00e9 d\u00e8s les ann\u00e9es 1080 par la crypte, v\u00e9ritable \u00ab\u00a0\u00e9glise-basse\u00a0\u00bb vo\u00fbt\u00e9e en berceau, dot\u00e9e d&rsquo;un d\u00e9ambulatoire, et con\u00e7ue pour la d\u00e9votion aux reliques par les foules de p\u00e8lerins. Ses piliers massifs orn\u00e9s de chapiteaux \u00e0 motifs v\u00e9g\u00e9taux supportent le ch\u0153ur sup\u00e9rieur, de m\u00eame plan,r\u00e9serv\u00e9 aux moines. La construction de cet ensemble oriental devait \u00eatre bien avanc\u00e9e en 1096, puisque le pape Urbain Il et l\u2019\u00e9v\u00eaque Ramnulphe ont consacr\u00e9 les deux autels \u00e0 cette date. Les vo\u00fbtes en demi-berceaux des collat\u00e9raux du ch\u0153ur,r\u00e9alis\u00e9es sans doute autour de 1100, sont exceptionnelles en Saintonge. Cette partie de l&rsquo;\u00e9glise, qui subsiste seule avec le transept, a gard\u00e9 des \u00e9l\u00e9vations ext\u00e9rieurs de la fin du XIe si\u00e8cle, orn\u00e9es d&rsquo;un d\u00e9cor raffin\u00e9. La chapelle axiale gothique a \u00e9t\u00e9 sur\u00e9lev\u00e9e et agrandie aux XV et XVIe si\u00e8cles.<br><strong>La crois\u00e9e du transept<\/strong>, sur laquelle s&rsquo;\u00e9levait le clocher roman, sans doute d\u00e9truit pendant la guerre de Cent Ans, atteste une campagne de travaux plus tardive. Ses chapiteaux histori\u00e9s marquent l&rsquo;\u00e9mergence d&rsquo;une nouvelle sculpture saintongeaise, riche et foisonnante, dans les premi\u00e8res d\u00e9cennies du XIIe si\u00e8cle.<br><strong>La nef \u00e0 collat\u00e9raux<\/strong>, derni\u00e8re phase de la construction, se trouvait \u00e0 l\u2019emplacement de l\u2019actuel parvis, comme en t\u00e9moigne encore la fen\u00eatre sur le c\u00f4t\u00e9 sud de la place. Dans la nef, un syst\u00e8me d&rsquo;escaliers conduisait les p\u00e8lerins \u00e0 l&rsquo;\u00e9glise-basse.<br><strong>La fa\u00e7ade,<\/strong>&nbsp;qui se trouvait \u00e0 l&rsquo;extr\u00e9mit\u00e9 de la place actuelle, pr\u00e9sentait une statue de cavalier sous une arcature, et \u00e9tait encadr\u00e9e par deux tourelles.<br>Le beau clocher gothique flamboyant qui domine le quartier a \u00e9t\u00e9 construit \u00e0 la fin du XVe si\u00e8cle sur le croisillon nord du transept, gr\u00e2ce \u00e0 un don du roi Louis XI. <\/p>\n\n\n\n<figure class=\"wp-block-image aligncenter size-full\"><img loading=\"lazy\" decoding=\"async\" width=\"612\" height=\"401\" src=\"https:\/\/catholiques17.fr\/saintes\/wp-content\/uploads\/sites\/3\/2022\/03\/image-13.png\" alt=\"\" class=\"wp-image-5873\" srcset=\"https:\/\/catholiques17.fr\/saintes\/wp-content\/uploads\/sites\/3\/2022\/03\/image-13.png 612w, https:\/\/catholiques17.fr\/saintes\/wp-content\/uploads\/sites\/3\/2022\/03\/image-13-480x315.png 480w\" sizes=\"(min-width: 0px) and (max-width: 480px) 480px, (min-width: 481px) 612px, 100vw\" \/><\/figure>\n\n\n\n<figure class=\"wp-block-image\"><img decoding=\"async\" src=\"https:\/\/catholiques17.fr\/c00a902c-c9e6-4abe-8aab-7f0f82e4d922\" alt=\"\" \/><\/figure>\n\n\n\n<figure class=\"wp-block-image aligncenter size-full\"><img loading=\"lazy\" decoding=\"async\" width=\"617\" height=\"417\" src=\"https:\/\/catholiques17.fr\/saintes\/wp-content\/uploads\/sites\/3\/2022\/03\/image-16.png\" alt=\"\" class=\"wp-image-5876\" srcset=\"https:\/\/catholiques17.fr\/saintes\/wp-content\/uploads\/sites\/3\/2022\/03\/image-16.png 617w, https:\/\/catholiques17.fr\/saintes\/wp-content\/uploads\/sites\/3\/2022\/03\/image-16-480x324.png 480w\" sizes=\"(min-width: 0px) and (max-width: 480px) 480px, (min-width: 481px) 617px, 100vw\" \/><\/figure>\n\n\n\n<figure class=\"wp-block-image aligncenter size-full\"><img loading=\"lazy\" decoding=\"async\" width=\"311\" height=\"431\" src=\"https:\/\/catholiques17.fr\/saintes\/wp-content\/uploads\/sites\/3\/2022\/03\/image-18.png\" alt=\"\" class=\"wp-image-5880\" srcset=\"https:\/\/catholiques17.fr\/saintes\/wp-content\/uploads\/sites\/3\/2022\/03\/image-18.png 311w, https:\/\/catholiques17.fr\/saintes\/wp-content\/uploads\/sites\/3\/2022\/03\/image-18-216x300.png 216w\" sizes=\"(max-width: 311px) 100vw, 311px\" \/><\/figure>\n\n\n\n<p><\/p>\n","protected":false},"excerpt":{"rendered":"<p>Saint Eutrope, 1er&nbsp;\u00e9v\u00eaque de Saintes, \u00e9vang\u00e9lisateur de la Saintonge, et martyr, convertit dans les quartiers pauvres de Saintes de nombreuses personnes, dont Eustelle, la fille du gouverneur. Son p\u00e8re la [&hellip;]<\/p>\n","protected":false},"author":1,"featured_media":0,"parent":6854,"menu_order":0,"comment_status":"closed","ping_status":"closed","template":"","meta":{"_et_pb_use_builder":"off","_et_pb_old_content":"<!-- wp:image {\"align\":\"center\",\"id\":5871,\"sizeSlug\":\"full\",\"linkDestination\":\"none\"} -->\n<div class=\"wp-block-image\"><figure class=\"aligncenter size-full\"><img src=\"https:\/\/catholiques17.fr\/saintes\/wp-content\/uploads\/sites\/3\/2022\/03\/image-11.png\" alt=\"\" class=\"wp-image-5871\" \/><\/figure><\/div>\n<!-- \/wp:image -->\n\n<!-- wp:paragraph {\"backgroundColor\":\"very-light-gray\"} -->\n<p class=\"has-very-light-gray-background-color has-background\"><strong>Saint Eutrope, 1<sup>er<\/sup>&nbsp;\u00e9v\u00eaque de Saintes, \u00e9vang\u00e9lisateur de la Saintonge, et martyr,<\/strong> convertit dans les quartiers pauvres de Saintes de nombreuses personnes, dont Eustelle, la fille du gouverneur. <\/p>\n<!-- \/wp:paragraph -->\n\n<!-- wp:paragraph -->\n<p>Son p\u00e8re la renie parce qu'elle est baptis\u00e9e \u00e0 l'\u00e2ge de treize ans, et vit ensuite pr\u00e8s de l'\u00e9v\u00eaque. Or, ce gouverneur, ne supportant pas l'id\u00e9e que sa fille serve un chr\u00e9tien, offre 150 livres \u00e0 des bandits pour le supprimer. <\/p>\n<!-- \/wp:paragraph -->\n\n<!-- wp:paragraph -->\n<p>Ces hommes provoquent une \u00e9meute et font lapider l'\u00e9v\u00eaque. Eutrope est frapp\u00e9 \u00e0 coups de hache \u00e0 la t\u00eate. Eustelle et les disciples du saint recueillent son corps la nuit suivante et l'enterrent dans le jardin d'Eustelle. Ce tombeau devint un lieu de v\u00e9n\u00e9ration et de miracles. Eustelle d\u00e9capit\u00e9e sur ordre de son p\u00e8re, fut enterr\u00e9e aupr\u00e8s d'Eutrope.<\/p>\n<!-- \/wp:paragraph -->\n\n<!-- wp:paragraph -->\n<p>Quelques si\u00e8cles apr\u00e8s la mort d'Eutrope, sous l'\u00c9piscopat de Palladius, les restes du saint furent retrouv\u00e9s gr\u00e2ce \u00e0 un songe, et l'on put v\u00e9rifier que c'\u00e9tait bien le cr\u00e2ne d'Eutrope, par la trace du coup de hache, marqu\u00e9 dans l'os. Eutrope confirma lui-m\u00eame cette d\u00e9couverte (raconte Palladius) en apparaissant en songe et disant \" Cette cicatrice que vous avez vue sur mon cr\u00e2ne est celle qui m'a fait martyr. \" <\/p>\n<!-- \/wp:paragraph -->\n\n<!-- wp:paragraph -->\n<p>En 1842, on retrouva dans la crypte de la basilique Saint-Eutrope de Saintes, un sarcophage, marqu\u00e9 du nom d'EUTROPIUS, et contenant les os de plusieurs personnes, attribu\u00e9s \u00e0 Eutrope et Eustelle.<\/p>\n<!-- \/wp:paragraph -->\n\n<!-- wp:paragraph -->\n<p>Saint Eutrope est invoqu\u00e9 quand on doit subir une op\u00e9ration \u00e0 la t\u00eate.<\/p>\n<!-- \/wp:paragraph -->\n\n<!-- wp:image {\"align\":\"center\",\"id\":5878,\"sizeSlug\":\"full\",\"linkDestination\":\"none\"} -->\n<div class=\"wp-block-image\"><figure class=\"aligncenter size-full\"><img src=\"https:\/\/catholiques17.fr\/saintes\/wp-content\/uploads\/sites\/3\/2022\/03\/image-17.png\" alt=\"\" class=\"wp-image-5878\" \/><\/figure><\/div>\n<!-- \/wp:image -->\n\n<!-- wp:paragraph -->\n<p><br>Sa l\u00e9gende le situe au 1er si\u00e8cle apr\u00e8s J.C. Originaire de Gr\u00e8ce, envoy\u00e9 par le pape Saint-Cl\u00e9ment, il vient \u00e9vang\u00e9liser le pays des Santons et convertit m\u00eame Eustelle,la fille du gouverneur romain. Eutrope meurt lapid\u00e9 et achev\u00e9 d\u2019un coup de hache. Son culte est attest\u00e9 par Gr\u00e9goire de Tours d\u00e8s la fin du VIe si\u00e8cle. Sa s\u00e9pulture, v\u00e9n\u00e9r\u00e9e par les p\u00e8lerins, est confi\u00e9e d\u00e8s le haut Moyen Age \u00e0 une communaut\u00e9 monastique. A partir du XIe si\u00e8cle les reliques du saint sont plac\u00e9es pour l'essentiel dans le sarcophage de la crypte, mais son chef est conserv\u00e9 dans un reliquaire particulier plac\u00e9 dans l'\u00e9glise haute.<br><strong>Sanctuaire de p\u00e8lerinage et prieur\u00e9 de l\u2019ordre de Cluny.<\/strong><br>En 1081, Guy-Geoffroy, comte de Poitou et duc d'Aquitaine, confie le sanctuaire \u00e0 la grande abbaye b\u00e9n\u00e9dictine de Cluny en Bourgogne. Une communaut\u00e9 d'une vingtaine de moines s'y installe. Ceux-ci font r\u00e9\u00e9difier l'\u00e9glise, qui devient ainsi un des monuments les plus prestigieux des chemins de Compostelle. Ils y entretiendront le culte jusqu'en 1787. Le monast\u00e8re \u00e0 de nombreuses possessions en Saintonge et le prieur de Saint-Eutrope est au Moyen Age le troisi\u00e8me personnage religieux de la cit\u00e9 apr\u00e8s l'\u00e9v\u00eaque et l'abbesse de l'Abbaye-aux-Dames. Le bourg de Saint-Eutrope se d\u00e9veloppe en dehors des murs de la ville autour du prieur\u00e9. De celui-ci il ne reste que quelques b\u00e2timents du XVIIe et du XVIIIe si\u00e8cle, au sud de l'\u00e9glise. L'ancien clo\u00eetre a enti\u00e8rement disparu \u00e0 la veille de la R\u00e9volution, lors des travaux de transformation entrepris par les derniers moines, qui n'\u00e9taient plus que ...deux !<\/p>\n<!-- \/wp:paragraph -->\n\n<!-- wp:image {\"id\":5872,\"sizeSlug\":\"full\",\"linkDestination\":\"none\"} -->\n<figure class=\"wp-block-image size-full\"><img src=\"https:\/\/catholiques17.fr\/saintes\/wp-content\/uploads\/sites\/3\/2022\/03\/image-12.png\" alt=\"\" class=\"wp-image-5872\" \/><\/figure>\n<!-- \/wp:image -->\n\n<!-- wp:paragraph -->\n<p><br><strong>L'\u00e9glise romane<\/strong> : un \u00e9difice exceptionnel. La construction a commenc\u00e9 d\u00e8s les ann\u00e9es 1080 par la crypte, v\u00e9ritable \"\u00e9glise-basse\" vo\u00fbt\u00e9e en berceau, dot\u00e9e d'un d\u00e9ambulatoire, et con\u00e7ue pour la d\u00e9votion aux reliques par les foules de p\u00e8lerins. Ses piliers massifs orn\u00e9s de chapiteaux \u00e0 motifs v\u00e9g\u00e9taux supportent le ch\u0153ur sup\u00e9rieur, de m\u00eame plan,r\u00e9serv\u00e9 aux moines. La construction de cet ensemble oriental devait \u00eatre bien avanc\u00e9e en 1096, puisque le pape Urbain Il et l\u2019\u00e9v\u00eaque Ramnulphe ont consacr\u00e9 les deux autels \u00e0 cette date. Les vo\u00fbtes en demi-berceaux des collat\u00e9raux du ch\u0153ur,r\u00e9alis\u00e9es sans doute autour de 1100, sont exceptionnelles en Saintonge. Cette partie de l'\u00e9glise, qui subsiste seule avec le transept, a gard\u00e9 des \u00e9l\u00e9vations ext\u00e9rieurs de la fin du XIe si\u00e8cle, orn\u00e9es d'un d\u00e9cor raffin\u00e9. La chapelle axiale gothique a \u00e9t\u00e9 sur\u00e9lev\u00e9e et agrandie aux XV et XVIe si\u00e8cles.<br><strong>La crois\u00e9e du transept<\/strong>, sur laquelle s'\u00e9levait le clocher roman, sans doute d\u00e9truit pendant la guerre de Cent Ans, atteste une campagne de travaux plus tardive. Ses chapiteaux histori\u00e9s marquent l'\u00e9mergence d'une nouvelle sculpture saintongeaise, riche et foisonnante, dans les premi\u00e8res d\u00e9cennies du XIIe si\u00e8cle.<br><strong>La nef \u00e0 collat\u00e9raux<\/strong>, derni\u00e8re phase de la construction, se trouvait \u00e0 l\u2019emplacement de l\u2019actuel parvis, comme en t\u00e9moigne encore la fen\u00eatre sur le c\u00f4t\u00e9 sud de la place. Dans la nef, un syst\u00e8me d'escaliers conduisait les p\u00e8lerins \u00e0 l'\u00e9glise-basse.<br><strong>La fa\u00e7ade,<\/strong>&nbsp;qui se trouvait \u00e0 l'extr\u00e9mit\u00e9 de la place actuelle, pr\u00e9sentait une statue de cavalier sous une arcature, et \u00e9tait encadr\u00e9e par deux tourelles.<br>Le beau clocher gothique flamboyant qui domine le quartier a \u00e9t\u00e9 construit \u00e0 la fin du XVe si\u00e8cle sur le croisillon nord du transept, gr\u00e2ce \u00e0 un don du roi Louis XI. <\/p>\n<!-- \/wp:paragraph -->\n\n<!-- wp:image {\"align\":\"center\",\"id\":5873,\"sizeSlug\":\"full\",\"linkDestination\":\"none\"} -->\n<div class=\"wp-block-image\"><figure class=\"aligncenter size-full\"><img src=\"https:\/\/catholiques17.fr\/saintes\/wp-content\/uploads\/sites\/3\/2022\/03\/image-13.png\" alt=\"\" class=\"wp-image-5873\" \/><\/figure><\/div>\n<!-- \/wp:image -->\n\n<!-- wp:image -->\n<figure class=\"wp-block-image\"><img src=\"https:\/\/catholiques17.fr\/c00a902c-c9e6-4abe-8aab-7f0f82e4d922\" alt=\"\" \/><\/figure>\n<!-- \/wp:image -->\n\n<!-- wp:image {\"align\":\"center\",\"id\":5876,\"sizeSlug\":\"full\",\"linkDestination\":\"none\"} -->\n<div class=\"wp-block-image\"><figure class=\"aligncenter size-full\"><img src=\"https:\/\/catholiques17.fr\/saintes\/wp-content\/uploads\/sites\/3\/2022\/03\/image-16.png\" alt=\"\" class=\"wp-image-5876\" \/><\/figure><\/div>\n<!-- \/wp:image -->\n\n<!-- wp:image {\"align\":\"center\",\"id\":5880,\"sizeSlug\":\"full\",\"linkDestination\":\"none\"} -->\n<div class=\"wp-block-image\"><figure class=\"aligncenter size-full\"><img src=\"https:\/\/catholiques17.fr\/saintes\/wp-content\/uploads\/sites\/3\/2022\/03\/image-18.png\" alt=\"\" class=\"wp-image-5880\" \/><\/figure><\/div>\n<!-- \/wp:image -->\n\n<!-- wp:paragraph -->\n<p><\/p>\n<!-- \/wp:paragraph -->","_et_gb_content_width":"","footnotes":""},"class_list":["post-88","page","type-page","status-publish","hentry"],"_links":{"self":[{"href":"https:\/\/catholiques17.fr\/saintes\/wp-json\/wp\/v2\/pages\/88","targetHints":{"allow":["GET"]}}],"collection":[{"href":"https:\/\/catholiques17.fr\/saintes\/wp-json\/wp\/v2\/pages"}],"about":[{"href":"https:\/\/catholiques17.fr\/saintes\/wp-json\/wp\/v2\/types\/page"}],"author":[{"embeddable":true,"href":"https:\/\/catholiques17.fr\/saintes\/wp-json\/wp\/v2\/users\/1"}],"replies":[{"embeddable":true,"href":"https:\/\/catholiques17.fr\/saintes\/wp-json\/wp\/v2\/comments?post=88"}],"version-history":[{"count":8,"href":"https:\/\/catholiques17.fr\/saintes\/wp-json\/wp\/v2\/pages\/88\/revisions"}],"predecessor-version":[{"id":12044,"href":"https:\/\/catholiques17.fr\/saintes\/wp-json\/wp\/v2\/pages\/88\/revisions\/12044"}],"up":[{"embeddable":true,"href":"https:\/\/catholiques17.fr\/saintes\/wp-json\/wp\/v2\/pages\/6854"}],"wp:attachment":[{"href":"https:\/\/catholiques17.fr\/saintes\/wp-json\/wp\/v2\/media?parent=88"}],"curies":[{"name":"wp","href":"https:\/\/api.w.org\/{rel}","templated":true}]}}