{"id":6933,"date":"2022-11-10T15:34:14","date_gmt":"2022-11-10T14:34:14","guid":{"rendered":"https:\/\/catholiques17.fr\/saintes\/?page_id=6933"},"modified":"2022-11-25T09:52:29","modified_gmt":"2022-11-25T08:52:29","slug":"ecurat","status":"publish","type":"page","link":"https:\/\/catholiques17.fr\/saintes\/paroisse-rive-gauche\/nos-clochers-rg\/ecurat\/","title":{"rendered":"Ecurat"},"content":{"rendered":"<p>[et_pb_section fb_built=\u00a0\u00bb1&Prime; _builder_version=\u00a0\u00bb4.17.6&Prime; _module_preset=\u00a0\u00bbdefault\u00a0\u00bb custom_padding=\u00a0\u00bb32px|||||\u00a0\u00bb global_colors_info=\u00a0\u00bb{}\u00a0\u00bb theme_builder_area=\u00a0\u00bbet_body_layout\u00a0\u00bb][et_pb_row _builder_version=\u00a0\u00bb4.17.6&Prime; _module_preset=\u00a0\u00bbdefault\u00a0\u00bb custom_padding=\u00a0\u00bb3px|||||\u00a0\u00bb global_colors_info=\u00a0\u00bb{}\u00a0\u00bb theme_builder_area=\u00a0\u00bbet_body_layout\u00a0\u00bb][et_pb_column type=\u00a0\u00bb4_4&Prime; _builder_version=\u00a0\u00bb4.17.6&Prime; _module_preset=\u00a0\u00bbdefault\u00a0\u00bb global_colors_info=\u00a0\u00bb{}\u00a0\u00bb theme_builder_area=\u00a0\u00bbet_body_layout\u00a0\u00bb][et_pb_image src=\u00a0\u00bbhttps:\/\/catholiques17.fr\/saintes\/wp-content\/uploads\/sites\/3\/2022\/11\/1-3.jpg\u00a0\u00bb title_text=\u00a0\u00bb1&Prime; align=\u00a0\u00bbcenter\u00a0\u00bb _builder_version=\u00a0\u00bb4.17.6&Prime; _module_preset=\u00a0\u00bbdefault\u00a0\u00bb animation_style=\u00a0\u00bbslide\u00a0\u00bb hover_enabled=\u00a0\u00bb0&Prime; border_radii=\u00a0\u00bbon|20px|20px|20px|20px\u00a0\u00bb global_colors_info=\u00a0\u00bb{}\u00a0\u00bb theme_builder_area=\u00a0\u00bbet_body_layout\u00a0\u00bb sticky_enabled=\u00a0\u00bb0&Prime;][\/et_pb_image][\/et_pb_column][\/et_pb_row][et_pb_row _builder_version=\u00a0\u00bb4.17.6&Prime; _module_preset=\u00a0\u00bbdefault\u00a0\u00bb global_colors_info=\u00a0\u00bb{}\u00a0\u00bb theme_builder_area=\u00a0\u00bbet_body_layout\u00a0\u00bb][et_pb_column type=\u00a0\u00bb4_4&Prime; _builder_version=\u00a0\u00bb4.17.6&Prime; _module_preset=\u00a0\u00bbdefault\u00a0\u00bb global_colors_info=\u00a0\u00bb{}\u00a0\u00bb theme_builder_area=\u00a0\u00bbet_body_layout\u00a0\u00bb][et_pb_text _builder_version=\u00a0\u00bb4.17.6&Prime; _module_preset=\u00a0\u00bbdefault\u00a0\u00bb hover_enabled=\u00a0\u00bb0&Prime; global_colors_info=\u00a0\u00bb{}\u00a0\u00bb theme_builder_area=\u00a0\u00bbet_body_layout\u00a0\u00bb sticky_enabled=\u00a0\u00bb0&Prime;]<\/p>\n<p><span>Ecurat, \u00e9glise Saint-Pierre.<\/span><br \/><span>Cette \u00e9glise de la seconde moiti\u00e9 du XIIe si\u00e8cle se distingue par sa remarquable homog\u00e9n\u00e9it\u00e9. Ses \u00e9l\u00e9vations en pierre de taille sont d&rsquo;une grande qualit\u00e9. Seuls quelques gros contreforts sont du XVe si\u00e8cle. Plusieurs traits m\u00e9ritent d&rsquo;\u00eatre soulign\u00e9s. D&rsquo;une part l&rsquo;ampleur du volume int\u00e9rieur, dont la verticalit\u00e9 est accentu\u00e9e par un surcreusement du sol de la nef que l&rsquo;on atteint en descendant un escalier. D&rsquo;autre part, le clocher, aux dimensions r\u00e9duites, occupe une trav\u00e9e tr\u00e8s \u00e9troite exceptionnellement vo\u00fbt\u00e9e en berceau et non pas d&rsquo;une coupole comme c&rsquo;est g\u00e9n\u00e9ralement le cas. Si les sculptures v\u00e9g\u00e9tales des chapiteaux du ch\u0153ur sont des copies r\u00e9centes, celles de la fa\u00e7ade sont d&rsquo;une tr\u00e8s belle facture. On reconna\u00eet l&rsquo;influence de la sculpture d&rsquo;Aulnay au milieu du XIIe si\u00e8cle.<\/span><br \/><span>Sous des tailloirs orn\u00e9s d&rsquo;une belle frise de rinceaux et \u00e0 c\u00f4t\u00e9 de chim\u00e8res et autres animaux fabuleux, des masques sortants de gaines \u00e9chancr\u00e9es enserrent les corbeilles de certains chapiteaux. On reconna\u00eet des t\u00eates humaines et d&rsquo;autres plus diaboliques qui ont \u00e9t\u00e9 pour la plupart mutil\u00e9es. Certains modillons de la corniche, tels ceux orn\u00e9s d&rsquo;une t\u00eate d&rsquo;aigle ou d&rsquo;un soleil, pourraient \u00eatre modernes. \u00c0 noter la pr\u00e9sence de graffitis et de cadrans solaires sur le flanc sud de la nef.<\/span><br \/><span class=\"cyan gras\">Class\u00e9e Monument historique en 1910.<\/span><br \/><span class=\"rougevif\">Un jour de d\u00e9cembre1644,<span>\u00a0<\/span><\/span><span>en ouvrant, dans l&rsquo;\u00e9glise de Pibrac, la tombe de la famille Cousin, pour y enterrer une parente, on d\u00e9couvrit un corps de jeune fille parfaitement conserv\u00e9. Son cou \u00e9tait marqu\u00e9 de cicatrices et sa main \u00e9tait d\u00e9form\u00e9e. Dans l&rsquo;\u00e9tonnement, quelques habitants reconnurent en cette jeune fille: Germaine Cousin, morte quelque quarante ans plut\u00f4t. Nous savons que Germaine a v\u00e9cu \u00e0 la m\u00e9tairie de ma\u00eetre Laurent Cousin. N&rsquo;\u00e9tait elle que fille de ferme ou bien, comme le laisse \u00e0 penser certains indices, petite-fille d\u2019Hugues Cousin ! On pourrait r\u00e9pondre: \u00abpeu importe\u00bb, car en fait, c&rsquo;est la vie d&rsquo;une pauvre fille de ferme qu&rsquo;elle mena. Sa mar\u00e2tre, Armande de Rajols seconde \u00e9pouse de Hugues Cousin, la maltraitait fort et ne pouvait la souffrir dans sa maison \u00e0 cause de ses infirmit\u00e9s. Elle la faisait coucher seule dans l&rsquo;\u00e9table ou la soupente de l&rsquo;escalier. Germaine gardait ses moutons en bordure de la for\u00eat de Bouconne; elle aimait participer \u00e0 la messe chaque jour et partageait son pain \u00e0 plus pauvre qu&rsquo;elle. Malgr\u00e9 les trois faits merveilleux que la tradition rapporte: miracle des fleurs, de la quenouille et du passage du courbet, Sa Saintet\u00e9 resta surtout cach\u00e9e dans sa vie quotidienne. Faible, mal aim\u00e9e, mais bonne et rayonnante de l&rsquo;amour de Dieu, elle mourut \u00e0 un peu plus de vingt ans, vers 1601.<\/span><br \/><span class=\"rougevif\">Depuis 1644<\/span><span>, le Seigneur n&rsquo;a cess\u00e9 d&rsquo;op\u00e9rer des gu\u00e9risons et de donner sa gr\u00e2ce autour de ce corps miraculeux; entre autres, en 1845, la maison du bon pasteur de Bourges, au bord de la famine, doit \u00e0 Germaine deux multiplications miraculeuses de pain et de farine. En 1828, une petite fille de 7 ans, Jacqueline Cathala, est instantan\u00e9ment gu\u00e9rie d&rsquo;un rachitisme incurable. En 1858, Fran\u00e7oise Huot est gu\u00e9rie, \u00e0 20 ans d&rsquo;un ramollissement de la moelle \u00e9pini\u00e8re&#8230;<\/span><br \/><span class=\"rougevif\">L&rsquo;\u00e9glise a b\u00e9atifi\u00e9 Germaine Cousin en 1854 et l&rsquo;a d\u00e9clar\u00e9e sainte en 1867.<\/span><br \/><span>Pibrac, en Gascogne, proche de Toulouse, c&rsquo;est d&rsquo;abord le p\u00e8lerinage des pauvres, des petits, des gens de condition modeste, de tous ceux, qui de la ville ou de la campagne, se reconnaissent en Germaine, et viennent trouver en elle l&rsquo;exemple et l&rsquo;aide d&rsquo;une vie toute simple.<\/span><br \/><span class=\"rougevif\">C&rsquo;est le 15 juin que se c\u00e9l\u00e8bre la f\u00eate de cette Sainte<\/span><span>\u00a0de \u00abchez nous\u00bb, comme aimait l&rsquo;appeler le cardinal Sali\u00e9ge.<\/span><br \/><span>On trouve le vitrail de Sainte Germaine de Pibrac dans l\u2019\u00e9glise.<\/span><\/p>\n<p>[\/et_pb_text][\/et_pb_column][\/et_pb_row][et_pb_row column_structure=\u00a0\u00bb1_4,1_4,1_4,1_4&Prime; _builder_version=\u00a0\u00bb4.17.6&Prime; _module_preset=\u00a0\u00bbdefault\u00a0\u00bb global_colors_info=\u00a0\u00bb{}\u00a0\u00bb theme_builder_area=\u00a0\u00bbet_body_layout\u00a0\u00bb][et_pb_column type=\u00a0\u00bb1_4&Prime; _builder_version=\u00a0\u00bb4.17.6&Prime; _module_preset=\u00a0\u00bbdefault\u00a0\u00bb global_colors_info=\u00a0\u00bb{}\u00a0\u00bb theme_builder_area=\u00a0\u00bbet_body_layout\u00a0\u00bb][et_pb_image src=\u00a0\u00bbhttps:\/\/catholiques17.fr\/saintes\/wp-content\/uploads\/sites\/3\/2022\/11\/2-1.jpg\u00a0\u00bb _builder_version=\u00a0\u00bb4.17.6&Prime; _module_preset=\u00a0\u00bbdefault\u00a0\u00bb theme_builder_area=\u00a0\u00bbet_body_layout\u00a0\u00bb title_text=\u00a0\u00bb2&Prime; hover_enabled=\u00a0\u00bb0&Prime; sticky_enabled=\u00a0\u00bb0&Prime; border_radii=\u00a0\u00bbon|20px|20px|20px|20px\u00a0\u00bb animation_style=\u00a0\u00bbslide\u00a0\u00bb][\/et_pb_image][\/et_pb_column][et_pb_column type=\u00a0\u00bb1_4&Prime; _builder_version=\u00a0\u00bb4.17.6&Prime; _module_preset=\u00a0\u00bbdefault\u00a0\u00bb global_colors_info=\u00a0\u00bb{}\u00a0\u00bb theme_builder_area=\u00a0\u00bbet_body_layout\u00a0\u00bb][et_pb_image src=\u00a0\u00bbhttps:\/\/catholiques17.fr\/saintes\/wp-content\/uploads\/sites\/3\/2022\/11\/3-2.jpg\u00a0\u00bb title_text=\u00a0\u00bb3&Prime; show_in_lightbox=\u00a0\u00bbon\u00a0\u00bb _builder_version=\u00a0\u00bb4.17.6&Prime; _module_preset=\u00a0\u00bbdefault\u00a0\u00bb animation_style=\u00a0\u00bbslide\u00a0\u00bb hover_enabled=\u00a0\u00bb0&Prime; border_radii=\u00a0\u00bbon|20px|20px|20px|20px\u00a0\u00bb global_colors_info=\u00a0\u00bb{}\u00a0\u00bb theme_builder_area=\u00a0\u00bbet_body_layout\u00a0\u00bb sticky_enabled=\u00a0\u00bb0&Prime;][\/et_pb_image][\/et_pb_column][et_pb_column type=\u00a0\u00bb1_4&Prime; _builder_version=\u00a0\u00bb4.17.6&Prime; _module_preset=\u00a0\u00bbdefault\u00a0\u00bb global_colors_info=\u00a0\u00bb{}\u00a0\u00bb theme_builder_area=\u00a0\u00bbet_body_layout\u00a0\u00bb][et_pb_image src=\u00a0\u00bbhttps:\/\/catholiques17.fr\/saintes\/wp-content\/uploads\/sites\/3\/2022\/11\/4-2.jpg\u00a0\u00bb title_text=\u00a0\u00bb4&Prime; show_in_lightbox=\u00a0\u00bbon\u00a0\u00bb _builder_version=\u00a0\u00bb4.17.6&Prime; _module_preset=\u00a0\u00bbdefault\u00a0\u00bb animation_style=\u00a0\u00bbslide\u00a0\u00bb hover_enabled=\u00a0\u00bb0&Prime; border_radii=\u00a0\u00bbon|20px|20px|20px|20px\u00a0\u00bb global_colors_info=\u00a0\u00bb{}\u00a0\u00bb theme_builder_area=\u00a0\u00bbet_body_layout\u00a0\u00bb sticky_enabled=\u00a0\u00bb0&Prime;][\/et_pb_image][\/et_pb_column][et_pb_column type=\u00a0\u00bb1_4&Prime; _builder_version=\u00a0\u00bb4.17.6&Prime; _module_preset=\u00a0\u00bbdefault\u00a0\u00bb global_colors_info=\u00a0\u00bb{}\u00a0\u00bb theme_builder_area=\u00a0\u00bbet_body_layout\u00a0\u00bb][et_pb_image src=\u00a0\u00bbhttps:\/\/catholiques17.fr\/saintes\/wp-content\/uploads\/sites\/3\/2022\/11\/5-1.jpg\u00a0\u00bb title_text=\u00a0\u00bb5&Prime; show_in_lightbox=\u00a0\u00bbon\u00a0\u00bb _builder_version=\u00a0\u00bb4.17.6&Prime; _module_preset=\u00a0\u00bbdefault\u00a0\u00bb animation_style=\u00a0\u00bbslide\u00a0\u00bb hover_enabled=\u00a0\u00bb0&Prime; border_radii=\u00a0\u00bbon|20px|20px|20px|20px\u00a0\u00bb global_colors_info=\u00a0\u00bb{}\u00a0\u00bb theme_builder_area=\u00a0\u00bbet_body_layout\u00a0\u00bb sticky_enabled=\u00a0\u00bb0&Prime;][\/et_pb_image][\/et_pb_column][\/et_pb_row][et_pb_row _builder_version=\u00a0\u00bb4.17.6&Prime; _module_preset=\u00a0\u00bbdefault\u00a0\u00bb theme_builder_area=\u00a0\u00bbet_body_layout\u00a0\u00bb column_structure=\u00a0\u00bb1_4,1_4,1_4,1_4&Prime;][et_pb_column _builder_version=\u00a0\u00bb4.17.6&Prime; _module_preset=\u00a0\u00bbdefault\u00a0\u00bb type=\u00a0\u00bb1_4&Prime; theme_builder_area=\u00a0\u00bbet_body_layout\u00a0\u00bb][et_pb_image src=\u00a0\u00bbhttps:\/\/catholiques17.fr\/saintes\/wp-content\/uploads\/sites\/3\/2022\/11\/6-1.jpg\u00a0\u00bb _builder_version=\u00a0\u00bb4.17.6&Prime; _module_preset=\u00a0\u00bbdefault\u00a0\u00bb theme_builder_area=\u00a0\u00bbet_body_layout\u00a0\u00bb title_text=\u00a0\u00bb6&Prime; hover_enabled=\u00a0\u00bb0&Prime; sticky_enabled=\u00a0\u00bb0&Prime; border_radii=\u00a0\u00bbon|20px|20px|20px|20px\u00a0\u00bb animation_style=\u00a0\u00bbslide\u00a0\u00bb align=\u00a0\u00bbcenter\u00a0\u00bb][\/et_pb_image][\/et_pb_column][et_pb_column _builder_version=\u00a0\u00bb4.17.6&Prime; _module_preset=\u00a0\u00bbdefault\u00a0\u00bb type=\u00a0\u00bb1_4&Prime; theme_builder_area=\u00a0\u00bbet_body_layout\u00a0\u00bb][et_pb_image src=\u00a0\u00bbhttps:\/\/catholiques17.fr\/saintes\/wp-content\/uploads\/sites\/3\/2022\/11\/7.jpg\u00a0\u00bb title_text=\u00a0\u00bb7&Prime; show_in_lightbox=\u00a0\u00bbon\u00a0\u00bb _builder_version=\u00a0\u00bb4.17.6&Prime; _module_preset=\u00a0\u00bbdefault\u00a0\u00bb animation_style=\u00a0\u00bbslide\u00a0\u00bb hover_enabled=\u00a0\u00bb0&Prime; border_radii=\u00a0\u00bbon|20px|20px|20px|20px\u00a0\u00bb global_colors_info=\u00a0\u00bb{}\u00a0\u00bb theme_builder_area=\u00a0\u00bbet_body_layout\u00a0\u00bb sticky_enabled=\u00a0\u00bb0&Prime; align=\u00a0\u00bbcenter\u00a0\u00bb][\/et_pb_image][\/et_pb_column][et_pb_column _builder_version=\u00a0\u00bb4.17.6&Prime; _module_preset=\u00a0\u00bbdefault\u00a0\u00bb type=\u00a0\u00bb1_4&Prime; theme_builder_area=\u00a0\u00bbet_body_layout\u00a0\u00bb][et_pb_image src=\u00a0\u00bbhttps:\/\/catholiques17.fr\/saintes\/wp-content\/uploads\/sites\/3\/2022\/11\/8.jpg\u00a0\u00bb _builder_version=\u00a0\u00bb4.17.6&Prime; _module_preset=\u00a0\u00bbdefault\u00a0\u00bb theme_builder_area=\u00a0\u00bbet_body_layout\u00a0\u00bb title_text=\u00a0\u00bb8&Prime; hover_enabled=\u00a0\u00bb0&Prime; sticky_enabled=\u00a0\u00bb0&Prime; align=\u00a0\u00bbcenter\u00a0\u00bb border_radii=\u00a0\u00bbon|20px|20px|20px|20px\u00a0\u00bb animation_style=\u00a0\u00bbslide\u00a0\u00bb][\/et_pb_image][\/et_pb_column][et_pb_column _builder_version=\u00a0\u00bb4.17.6&Prime; _module_preset=\u00a0\u00bbdefault\u00a0\u00bb type=\u00a0\u00bb1_4&Prime; theme_builder_area=\u00a0\u00bbet_body_layout\u00a0\u00bb][et_pb_image src=\u00a0\u00bbhttps:\/\/catholiques17.fr\/saintes\/wp-content\/uploads\/sites\/3\/2022\/11\/9.jpg\u00a0\u00bb _builder_version=\u00a0\u00bb4.17.6&Prime; _module_preset=\u00a0\u00bbdefault\u00a0\u00bb theme_builder_area=\u00a0\u00bbet_body_layout\u00a0\u00bb title_text=\u00a0\u00bb9&Prime; hover_enabled=\u00a0\u00bb0&Prime; sticky_enabled=\u00a0\u00bb0&Prime; align=\u00a0\u00bbcenter\u00a0\u00bb border_radii=\u00a0\u00bbon|20px|20px|20px|20px\u00a0\u00bb animation_style=\u00a0\u00bbslide\u00a0\u00bb][\/et_pb_image][\/et_pb_column][\/et_pb_row][\/et_pb_section]<\/p>\n","protected":false},"excerpt":{"rendered":"<p>Ecurat, \u00e9glise Saint-Pierre.Cette \u00e9glise de la seconde moiti\u00e9 du XIIe si\u00e8cle se distingue par sa remarquable homog\u00e9n\u00e9it\u00e9. Ses \u00e9l\u00e9vations en pierre de taille sont d&rsquo;une grande qualit\u00e9. Seuls quelques gros [&hellip;]<\/p>\n","protected":false},"author":4,"featured_media":0,"parent":6854,"menu_order":0,"comment_status":"closed","ping_status":"closed","template":"","meta":{"_et_pb_use_builder":"on","_et_pb_old_content":"<!-- wp:divi\/placeholder \/-->","_et_gb_content_width":"","footnotes":""},"class_list":["post-6933","page","type-page","status-publish","hentry"],"_links":{"self":[{"href":"https:\/\/catholiques17.fr\/saintes\/wp-json\/wp\/v2\/pages\/6933","targetHints":{"allow":["GET"]}}],"collection":[{"href":"https:\/\/catholiques17.fr\/saintes\/wp-json\/wp\/v2\/pages"}],"about":[{"href":"https:\/\/catholiques17.fr\/saintes\/wp-json\/wp\/v2\/types\/page"}],"author":[{"embeddable":true,"href":"https:\/\/catholiques17.fr\/saintes\/wp-json\/wp\/v2\/users\/4"}],"replies":[{"embeddable":true,"href":"https:\/\/catholiques17.fr\/saintes\/wp-json\/wp\/v2\/comments?post=6933"}],"version-history":[{"count":5,"href":"https:\/\/catholiques17.fr\/saintes\/wp-json\/wp\/v2\/pages\/6933\/revisions"}],"predecessor-version":[{"id":7309,"href":"https:\/\/catholiques17.fr\/saintes\/wp-json\/wp\/v2\/pages\/6933\/revisions\/7309"}],"up":[{"embeddable":true,"href":"https:\/\/catholiques17.fr\/saintes\/wp-json\/wp\/v2\/pages\/6854"}],"wp:attachment":[{"href":"https:\/\/catholiques17.fr\/saintes\/wp-json\/wp\/v2\/media?parent=6933"}],"curies":[{"name":"wp","href":"https:\/\/api.w.org\/{rel}","templated":true}]}}