{"id":670,"date":"2019-09-23T22:34:38","date_gmt":"2019-09-23T20:34:38","guid":{"rendered":"https:\/\/catholiques17.fr\/saintes\/?page_id=670"},"modified":"2025-10-07T11:38:43","modified_gmt":"2025-10-07T09:38:43","slug":"service-evangelique-des-malades-sem","status":"publish","type":"page","link":"https:\/\/catholiques17.fr\/saintes\/servir-2\/service-evangelique-des-malades-sem\/","title":{"rendered":"Service Evang\u00e9lique des Malades (SEM)"},"content":{"rendered":"[et_pb_section fb_built=\u00a0\u00bb1&Prime; admin_label=\u00a0\u00bbsection\u00a0\u00bb _builder_version=\u00a0\u00bb4.16&Prime; global_colors_info=\u00a0\u00bb{}\u00a0\u00bb theme_builder_area=\u00a0\u00bbpost_content\u00a0\u00bb custom_padding=\u00a0\u00bb27px||31px|||\u00a0\u00bb][et_pb_row _builder_version=\u00a0\u00bb4.27.4&Prime; _module_preset=\u00a0\u00bbdefault\u00a0\u00bb theme_builder_area=\u00a0\u00bbpost_content\u00a0\u00bb][et_pb_column _builder_version=\u00a0\u00bb4.27.4&Prime; _module_preset=\u00a0\u00bbdefault\u00a0\u00bb type=\u00a0\u00bb4_4&Prime; theme_builder_area=\u00a0\u00bbpost_content\u00a0\u00bb][et_pb_image src=\u00a0\u00bbhttps:\/\/catholiques17.fr\/saintes\/wp-content\/uploads\/sites\/3\/2025\/10\/SEM.jpg\u00a0\u00bb _builder_version=\u00a0\u00bb4.27.4&Prime; _module_preset=\u00a0\u00bbdefault\u00a0\u00bb theme_builder_area=\u00a0\u00bbpost_content\u00a0\u00bb title_text=\u00a0\u00bbSEM\u00a0\u00bb background_color=\u00a0\u00bb#60AF88&Prime; align=\u00a0\u00bbcenter\u00a0\u00bb hover_enabled=\u00a0\u00bb0&Prime; sticky_enabled=\u00a0\u00bb0&Prime;][\/et_pb_image][\/et_pb_column][\/et_pb_row][et_pb_row _builder_version=\u00a0\u00bb4.27.4&Prime; _module_preset=\u00a0\u00bbdefault\u00a0\u00bb theme_builder_area=\u00a0\u00bbpost_content\u00a0\u00bb][et_pb_column _builder_version=\u00a0\u00bb4.27.4&Prime; _module_preset=\u00a0\u00bbdefault\u00a0\u00bb type=\u00a0\u00bb4_4&Prime; theme_builder_area=\u00a0\u00bbpost_content\u00a0\u00bb][et_pb_text _builder_version=\u00a0\u00bb4.27.4&Prime; _module_preset=\u00a0\u00bbdefault\u00a0\u00bb theme_builder_area=\u00a0\u00bbpost_content\u00a0\u00bb hover_enabled=\u00a0\u00bb0&Prime; sticky_enabled=\u00a0\u00bb0&Prime;]<p><strong>Service \u00e9vang\u00e9lique des malades (S.E.M)<\/strong>\u00a0est un service de la communaut\u00e9 paroissiale catholique.\u00a0Il propose des visites r\u00e9guli\u00e8res aux personnes qui le souhaitent\u00a0\u00e0 domicile, en maison de retraite. Elles permettent de rompre l\u2019isolement,\u00a0de dire le soutien fraternel de l\u2019\u00c9glise.<\/p>\n<p>Si la personne le d\u00e9sire nous prions avec elle et lui apportons la Pr\u00e9sence R\u00e9elle dans l&rsquo;Hostie.<\/p>\n<p>L\u2019\u00e9quipe de l\u2019aum\u00f4nerie du S.E.M, \u00e0 sa mani\u00e8re, et de fa\u00e7on modeste, est sur ce chemin.<\/p>\n<p>C\u2019est, ce que cette \u00e9quipe essaie de faire. Certaines de nous vont en Maisons de Retraite, d\u2019autres uniquement \u00e0 domicile. Nous nous retrouvons r\u00e9guli\u00e8rement pour partager et relire ensemble nos accompagnements.<\/p>\n<p><\/p>\n<p><\/p>\n<p><\/p>\n<p><!-- \/wp:post-content --><\/p>\n<p><!-- \/wp:paragraph --><\/p>\n<p><!-- wp:paragraph --><\/p>\n<p><!-- \/wp:paragraph --><\/p>\n<p><!-- wp:paragraph {\"fontSize\":\"medium\"} --><\/p>[\/et_pb_text][et_pb_text _builder_version=\u00a0\u00bb4.27.4&Prime; _module_preset=\u00a0\u00bbdefault\u00a0\u00bb theme_builder_area=\u00a0\u00bbpost_content\u00a0\u00bb background_color=\u00a0\u00bb#F47A60&Prime; width=\u00a0\u00bb100%\u00a0\u00bb max_width=\u00a0\u00bb100%\u00a0\u00bb text_text_color=\u00a0\u00bb#FFFFFF\u00a0\u00bb custom_padding_last_edited=\u00a0\u00bbon|desktop\u00a0\u00bb custom_padding=\u00a0\u00bb10px|10px|10px|10px|true|true\u00a0\u00bb hover_enabled=\u00a0\u00bb0&Prime; sticky_enabled=\u00a0\u00bb0&Prime; custom_margin=\u00a0\u00bb||61px|||\u00a0\u00bb custom_padding_tablet=\u00a0\u00bb10px|10px|10px|10px|true|true\u00a0\u00bb custom_padding_phone=\u00a0\u00bb10px|10px|10px|10px|true|true\u00a0\u00bb]<p style=\"text-align: justify;\"><strong>\u00ab\u00a0Porter le CHRIST\u00a0\u00bb<\/strong> Affirmer notre Foi, Geste d\u2019Amour, de Confiance,\u00a0d\u2019Esp\u00e9rance\u00a0 ; r\u00e9pondre \u00e0 toutes les demandes&#8230;<\/p>\n<p style=\"text-align: justify;\"><!-- wp:paragraph -->Exigence d\u2019\u00eatre dans la r\u00e9gularit\u00e9 des visites, d\u2019affronter certaines confidences, joies et peines\u00a0\u2026\u2026Mais aussi en retour, combien de richesses rencontr\u00e9es et partag\u00e9es !<\/p>\n<p style=\"text-align: justify;\"><!-- wp:paragraph -->Ces liens que nous tissons chez ces personnes souvent tr\u00e8s isol\u00e9es moralement, m\u00eame au milieu d\u2019autres r\u00e9sidents, nous confortent dans notre mission.<\/p>\n<p style=\"text-align: justify;\"><!-- wp:paragraph -->Nous sommes la pr\u00e9sence physique de l\u2019\u00c9glise dans les \u00e9tablissements de longue dur\u00e9e.<\/p>\n<p style=\"text-align: justify;\"><span style=\"text-decoration: underline;\">Nous sommes toujours \u00e0 la recherche de nouveaux b\u00e9n\u00e9voles<\/span>, merci de r\u00e9pondre \u00e0 notre appel, car nous avons besoin de vous.<\/p>\n<p><!-- \/wp:paragraph --><\/p>\n<p><!-- \/wp:paragraph --><\/p>\n<p><!-- \/wp:paragraph --><\/p>[\/et_pb_text][et_pb_divider _builder_version=\u00a0\u00bb4.27.4&Prime; _module_preset=\u00a0\u00bbdefault\u00a0\u00bb theme_builder_area=\u00a0\u00bbpost_content\u00a0\u00bb divider_weight=\u00a0\u00bb3px\u00a0\u00bb hover_enabled=\u00a0\u00bb0&Prime; sticky_enabled=\u00a0\u00bb0&Prime;][\/et_pb_divider][et_pb_text _builder_version=\u00a0\u00bb4.27.4&Prime; _module_preset=\u00a0\u00bbdefault\u00a0\u00bb theme_builder_area=\u00a0\u00bbpost_content\u00a0\u00bb hover_enabled=\u00a0\u00bb0&Prime; sticky_enabled=\u00a0\u00bb0&Prime; custom_padding=\u00a0\u00bb0px|||||\u00a0\u00bb]<p><!-- \/wp:paragraph --><\/p>\n<p><!-- wp:paragraph --><\/p>\n<p><!-- wp:paragraph {\"fontSize\":\"medium\"} --><\/p>\n<p class=\"has-medium-font-size\" style=\"text-align: center;\"><strong><span style=\"text-decoration: underline;\">Contacts<\/span> :<\/strong><\/p>\n<p><strong>Sr Ren\u00e9e Gis\u00e8le <\/strong>(responsable du service dioc\u00e9sain de la Pastorale de la Sant\u00e9 &#8211; <a href=\"mailto:sante@diocese17.fr\" target=\"_blank\" rel=\"noopener\">sante@diocese17.fr<\/a>)<strong>\u00a0 \u00a0 \u00a0 \u00a0 \u00a0 \u00a0 \u00a0 \u00a0 \u00a0 \u00a0 \u00a0 \u00a0 \u00a0 \u00a0 \u00a0 \u00a0 \u00a0 \u00a0 \u00a0 \u00a0 \u00a0 \u00a0 \u00a0 \u00a0 <\/strong><strong>et Sr <\/strong><b>Cl\u00e9mentine <\/b>(Pastorale des Personnes Handicap\u00e9es &#8211; <a href=\"mailto:sem.pph17@diocese17.fr\">sem.pph17@diocese17.fr<\/a>)<\/p>\n<p><strong>Sophie GRENIER (Aum\u00f4nerie de l\u2019h\u00f4pital)<\/strong><br \/>05 46 95 14 35 &#8211;\u00a0<a href=\"https:\/\/catholiques17.fr\/saintes\/service-evangelique-des-malades-sem\/\">aumonerie@ch-saintonge.fr <\/a><\/p>\n<p>&nbsp;<\/p>[\/et_pb_text][\/et_pb_column][\/et_pb_row][\/et_pb_section]","protected":false},"excerpt":{"rendered":"<p>Service \u00e9vang\u00e9lique des malades (S.E.M)\u00a0est un service de la communaut\u00e9 paroissiale catholique.\u00a0Il propose des visites r\u00e9guli\u00e8res aux personnes qui le souhaitent\u00a0\u00e0 domicile, en maison de retraite. Elles permettent de rompre [&hellip;]<\/p>\n","protected":false},"author":1,"featured_media":0,"parent":6902,"menu_order":0,"comment_status":"closed","ping_status":"closed","template":"","meta":{"_et_pb_use_builder":"on","_et_pb_old_content":"<!-- wp:paragraph -->\n<p><strong>Le service \u00e9vang\u00e9lique des malades (S.E.M)<\/strong>&nbsp;est un service de la communaut\u00e9 paroissiale catholique.&nbsp;Il propose des visites r\u00e9guli\u00e8res aux personnes qui le souhaitent&nbsp;\u00e0 domicile, en maison de retraite. Elles permettent de rompre l\u2019isolement,&nbsp;de dire le soutien fraternel de l\u2019\u00c9glise.<\/p>\n<!-- \/wp:paragraph -->\n\n<!-- wp:paragraph -->\n<p>Si la personne le d\u00e9sire nous prions avec elle et lui donnons&nbsp;le pain Eucharistique.<\/p>\n<!-- \/wp:paragraph -->\n\n<!-- wp:paragraph -->\n<p>L\u2019\u00e9quipe de l\u2019aum\u00f4nerie du S.E.M, \u00e0 sa mani\u00e8re, et de fa\u00e7on modeste, est sur ce chemin.<\/p>\n<!-- \/wp:paragraph -->\n\n<!-- wp:paragraph -->\n<p>C\u2019est, ce que cette \u00e9quipe essaie de faire. Certaines de nous vont en Maisons de Retraite, d\u2019autres uniquement \u00e0 domicile. Nous nous retrouvons r\u00e9guli\u00e8rement pour partager et relire ensemble nos accompagnements.<\/p>\n<!-- \/wp:paragraph -->\n\n<!-- wp:paragraph -->\n<p><strong>\u00ab&nbsp;Porter le CHRIST&nbsp;\u00bb<\/strong>&nbsp;Affirmer notre Foi, Geste d\u2019Amour, de Confiance,&nbsp;d\u2019Esp\u00e9rance&nbsp; ; r\u00e9pondre \u00e0 toutes les demandes...<\/p>\n<!-- \/wp:paragraph -->\n\n<!-- wp:paragraph -->\n<p>Exigence d\u2019\u00eatre dans la r\u00e9gularit\u00e9 des visites, d\u2019affronter certaines confidences, joies et peines&nbsp;\u2026\u2026Mais aussi en retour, combien de richesses rencontr\u00e9es et partag\u00e9es !<\/p>\n<!-- \/wp:paragraph -->\n\n<!-- wp:paragraph -->\n<p>Ces liens que nous tissons chez ces personnes souvent tr\u00e8s isol\u00e9es moralement, m\u00eame au milieu d\u2019autres r\u00e9sidents, nous confortent dans notre mission.<\/p>\n<!-- \/wp:paragraph -->\n\n<!-- wp:paragraph -->\n<p>Nous sommes la pr\u00e9sence physique de l\u2019\u00c9glise dans les \u00e9tablissements de longue dur\u00e9e. Nous sommes toujours \u00e0 la recherche de nouveaux b\u00e9n\u00e9voles, merci de r\u00e9pondre \u00e0 notre appel, car nous avons besoin de vous.<\/p>\n<!-- \/wp:paragraph -->\n\n<!-- wp:paragraph -->\n<p><\/p>\n<!-- \/wp:paragraph -->\n\n<!-- wp:paragraph {\"fontSize\":\"medium\"} -->\n<p class=\"has-medium-font-size\"><strong>Contacts :<\/strong><\/p>\n<!-- \/wp:paragraph -->\n\n<!-- wp:paragraph -->\n<p>Marie-Clotilde d'AMBRIERE<strong> (D\u00e9l\u00e9gu\u00e9e dioc\u00e9saine de la Pastorale de la Sant\u00e9)<\/strong><br> 06-18-32-85-00<br>mc@diocese17.fr<br><a href=\"mailto:ddps-larochelle@diocese17.fr\">ddps-larochelle@diocese17.fr<\/a><br><br><strong>Sophie GRENIER (Aum\u00f4nerie de l\u2019h\u00f4pital)<\/strong><br> 05 46 95 14 35<br>  <a href=\"https:\/\/catholiques17.fr\/saintes\/service-evangelique-des-malades-sem\/\">aumonerie@ch-saintonge.fr  <\/a>  <br><br><strong>Responsable dioc\u00e9saine<\/strong> <br><a href=\"mailto:sem.pph17@diocese17.fr\">sem.pph17@diocese17.fr<\/a><br><br><\/p>\n<!-- \/wp:paragraph -->\n\n<!-- wp:paragraph -->\n<p><br><\/p>\n<!-- \/wp:paragraph -->","_et_gb_content_width":"","footnotes":""},"class_list":["post-670","page","type-page","status-publish","hentry"],"_links":{"self":[{"href":"https:\/\/catholiques17.fr\/saintes\/wp-json\/wp\/v2\/pages\/670","targetHints":{"allow":["GET"]}}],"collection":[{"href":"https:\/\/catholiques17.fr\/saintes\/wp-json\/wp\/v2\/pages"}],"about":[{"href":"https:\/\/catholiques17.fr\/saintes\/wp-json\/wp\/v2\/types\/page"}],"author":[{"embeddable":true,"href":"https:\/\/catholiques17.fr\/saintes\/wp-json\/wp\/v2\/users\/1"}],"replies":[{"embeddable":true,"href":"https:\/\/catholiques17.fr\/saintes\/wp-json\/wp\/v2\/comments?post=670"}],"version-history":[{"count":9,"href":"https:\/\/catholiques17.fr\/saintes\/wp-json\/wp\/v2\/pages\/670\/revisions"}],"predecessor-version":[{"id":12834,"href":"https:\/\/catholiques17.fr\/saintes\/wp-json\/wp\/v2\/pages\/670\/revisions\/12834"}],"up":[{"embeddable":true,"href":"https:\/\/catholiques17.fr\/saintes\/wp-json\/wp\/v2\/pages\/6902"}],"wp:attachment":[{"href":"https:\/\/catholiques17.fr\/saintes\/wp-json\/wp\/v2\/media?parent=670"}],"curies":[{"name":"wp","href":"https:\/\/api.w.org\/{rel}","templated":true}]}}