{"id":5893,"date":"2022-03-24T17:40:44","date_gmt":"2022-03-24T16:40:44","guid":{"rendered":"https:\/\/catholiques17.fr\/saintes\/?page_id=5893"},"modified":"2023-01-18T10:22:52","modified_gmt":"2023-01-18T09:22:52","slug":"cathedrale-saint-pierre","status":"publish","type":"page","link":"https:\/\/catholiques17.fr\/saintes\/paroisse-rive-gauche\/nos-clochers-rg\/cathedrale-saint-pierre\/","title":{"rendered":"Cath\u00e9drale Saint Pierre"},"content":{"rendered":"[et_pb_section fb_built=\u00a0\u00bb1&Prime; admin_label=\u00a0\u00bbsection\u00a0\u00bb _builder_version=\u00a0\u00bb4.16&Prime; global_colors_info=\u00a0\u00bb{}\u00a0\u00bb theme_builder_area=\u00a0\u00bbpost_content\u00a0\u00bb][et_pb_row admin_label=\u00a0\u00bbrow\u00a0\u00bb _builder_version=\u00a0\u00bb4.16&Prime; background_size=\u00a0\u00bbinitial\u00a0\u00bb background_position=\u00a0\u00bbtop_left\u00a0\u00bb background_repeat=\u00a0\u00bbrepeat\u00a0\u00bb global_colors_info=\u00a0\u00bb{}\u00a0\u00bb theme_builder_area=\u00a0\u00bbpost_content\u00a0\u00bb][et_pb_column type=\u00a0\u00bb4_4&Prime; _builder_version=\u00a0\u00bb4.16&Prime; custom_padding=\u00a0\u00bb|||\u00a0\u00bb global_colors_info=\u00a0\u00bb{}\u00a0\u00bb custom_padding__hover=\u00a0\u00bb|||\u00a0\u00bb theme_builder_area=\u00a0\u00bbpost_content\u00a0\u00bb][et_pb_text admin_label=\u00a0\u00bbText\u00a0\u00bb _builder_version=\u00a0\u00bb4.17.6&Prime; background_size=\u00a0\u00bbinitial\u00a0\u00bb background_position=\u00a0\u00bbtop_left\u00a0\u00bb background_repeat=\u00a0\u00bbrepeat\u00a0\u00bb hover_enabled=\u00a0\u00bb0&Prime; global_colors_info=\u00a0\u00bb{}\u00a0\u00bb theme_builder_area=\u00a0\u00bbpost_content\u00a0\u00bb sticky_enabled=\u00a0\u00bb0&Prime;]<p><\/p>\n<figure class=\"wp-block-image aligncenter size-full\"><img loading=\"lazy\" decoding=\"async\" width=\"406\" height=\"701\" src=\"https:\/\/catholiques17.fr\/saintes\/wp-content\/uploads\/sites\/3\/2022\/03\/image-25.png\" alt=\"\" class=\"wp-image-5894\" srcset=\"https:\/\/catholiques17.fr\/saintes\/wp-content\/uploads\/sites\/3\/2022\/03\/image-25.png 406w, https:\/\/catholiques17.fr\/saintes\/wp-content\/uploads\/sites\/3\/2022\/03\/image-25-174x300.png 174w\" sizes=\"(max-width: 406px) 100vw, 406px\" \/><\/figure>\n<p><\/p>\n<p><strong>Origine:<\/strong>\u00a0la premi\u00e8re cath\u00e9drale aurait \u00e9t\u00e9 fond\u00e9e au Ve si\u00e8cle par l&rsquo;\u00e9v\u00eaque St-Vivien, peut-\u00eatre ici. Elle fut plusieurs fois d\u00e9truite, \u00e0 l&rsquo;occasion des invasions normandes et de la guerre de Cent Ans notamment, et \u00e0 chaque fois reb\u00e2tie.<br \/>Aujourd&rsquo;hui,sur un terrain mar\u00e9cageux et inondable, s&rsquo;\u00e9l\u00e8ve une cath\u00e9drale gothique flamboyante de 100 m\u00e8tres de long, dont le chevet repose sur des pieux de ch\u00eane et au clocher-porche remarquable. Elle porte aussi le titre de basilique mineure, ce qui en fait la seconde basilique St-Pierre du monde, apr\u00e8s celle de Rome.<\/p>\n<p><strong>La nef<\/strong>, au XVe si\u00e8cle,fut construite une nef plus haute que l&rsquo;actuelle, en style gothique flamboyant,dans le cadre d&rsquo;un projet tr\u00e8s ambitieux qui fut financ\u00e9 au moyen de ces fameuses indulgences qui furent une des causes de la r\u00e9forme. En 1568, les huguenots ont sap\u00e9 les piliers, ce qui a fait \u00e9crouler vo\u00fbte et toiture. Il reste les chapelles lat\u00e9rales \u00e0 baies flamboyantes, les plus belles \u00e9tant sur votre droite.<\/p>\n<p><strong>Le transept sud<\/strong>, datant du XIIIe si\u00e8cle, il est couvert d&rsquo;une coupole pos\u00e9e sur des arcs \u00e0 doubles rouleaux, qui eux-m\u00eames s&rsquo;appuient sur des colonnes carr\u00e9es jumel\u00e9es \u00e0 chapiteaux nus, comme \u00e0 l&rsquo;abbaye de Sablonceaux. Derri\u00e8re une croix monumentale, une voussure est orn\u00e9e de 4 anges.<br \/>La vaste baie flamboyante fut perc\u00e9e au XVe si\u00e8cle, ainsi que la chapelle,aujourd&rsquo;hui d\u00e9di\u00e9e \u00e0 St-Joseph. Celle-ci et orn\u00e9e d&rsquo;un tableau du XIXe si\u00e8cle qui repr\u00e9sente la naissance de la Vierge Marie.<br \/>Au mur oppos\u00e9 \u00e0 cette chapelle, un autre tableau montre St-Pierre ressuscitant une femme \u00e0 Jupp\u00e9.<br \/>Le d\u00e9ambulatoire, a l&rsquo;entr\u00e9e sud du d\u00e9ambulatoire, on peut voir une plaque rappelant l&rsquo;histoire de l&rsquo;Ang\u00e9lus, intimement li\u00e9e \u00e0 celle de notre cath\u00e9drale.<\/p>\n<p><strong>La chapelle Notre Dame des Victoires<\/strong>, o\u00f9 l&rsquo;on conserve actuellement le Saint Sacrement, date du XVe si\u00e8cle. On remarquera la vo\u00fbte en \u00e9toile aux multiples cl\u00e9s pendantes. La chapelle a \u00e9t\u00e9 agrandie vers l&rsquo;ouest, mais cette partie est plus simple, orn\u00e9e de vitraux imitant ceux du Moyen Age.<br \/>Les trois autres chapelles, de style gothique renaissance, sont du XVe si\u00e8cle \u00e9galement.<br \/>On peut voir quatre tableaux de facture locale qui repr\u00e9sentent, en ordre: la r\u00e9surrection de la fille de Ja\u00efre par J\u00e9sus, une rencontre entre Jean-Baptiste enfant et J\u00e9sus enfant, St Roch soign\u00e9 par l&rsquo;ange et J\u00e9sus en agonie au Jardin des Oliviers.<\/p>\n<p><strong>Le transept sud<\/strong>\u00a0fut restaur\u00e9 au XVIIIe si\u00e8cle et s&rsquo;ouvre sur un portail de style classique (ext\u00e9rieur). La fen\u00eatre ogivale a re\u00e7u un vitrail, inaugur\u00e9 en 1996, offert par la ville de Xanten (Allemagne) qui est jumel\u00e9e avec Saintes. Ce transept, d\u00e9di\u00e9 au Sacr\u00e9-C\u0153ur de J\u00e9sus, est utilis\u00e9 pour les messes de semaine.<\/p>\n<p><strong>Le ch\u0153ur<\/strong>\u00a0date du XVIIIe si\u00e8cle et il est aussi grand que la nef. Le ma\u00eetre-autel est recouvert de marqueterie de marbres polychromes. Le cymborium, port\u00e9 par 4 colonnes de marbre rouge, a \u00e9t\u00e9 amen\u00e9 de l&rsquo;Abbaye aux Dames et offert par Napol\u00e9on.<br \/>A droite, 2 piliers plus bas, \u00e0 la crois\u00e9e du transept c\u00f4t\u00e9 sud, on peut voir la statue (de 1954) de Notre-Dame des Miracles. A une p\u00e9riode ind\u00e9termin\u00e9e,pendant la nuit de la Purification, les cloches ont sonn\u00e9 et des t\u00e9moins ont vu Sainte-Marie en procession avec d&rsquo;autres Saints. Les saintais ont alors d\u00e9velopp\u00e9 une grande d\u00e9votion \u00e0 Notre-Dame des Miracles, dont le vocable a l\u00e9g\u00e8rement \u00e9volu\u00e9.<br \/>Le fond, Les orgues, situ\u00e9es au dessus du portail ouest, furent command\u00e9es au XVIIe si\u00e8cle \u00e0 Jean Oury (Poitiers). Le buffet est en partie du XVIIIe si\u00e8cle. Il est orn\u00e9 de bouquets, de flammes, d&rsquo;un ange \u00e0 la trompette, et, au sommet,du roi David avec sa lyre.<\/p>\n<p><strong>Au sud du portail<\/strong>, une petite porte joliment orn\u00e9e ouvre sur un escalier, la vis torte, qui m\u00e8ne aux combles.<br \/>Au nord, on remarquera une grande statue de Saint-Pierre, r\u00e9plique en pl\u00e2tre peint de la statue de st Pierre \u00e0 Rome, sous la liste de tous les \u00e9v\u00eaques de Saintes,parmi lesquels on ne compte pas moins de 11 saints! Cette liste est close,puisque en 1801, le si\u00e8ge de l&rsquo;\u00e9v\u00each\u00e9 a \u00e9t\u00e9 transf\u00e9r\u00e9 \u00e0 La Rochelle.<br \/>La chapelle la plus proche abrite les fonds baptismaux, plac\u00e9s sous un cymboriurn qui rappelle celui du ch\u0153ur.<br \/>A noter aussi de chaque c\u00f4t\u00e9 du portail, les deux b\u00e9nitiers.<\/p>\n<p><strong>Le clocher-porche<\/strong>, au XVe si\u00e8cle, les assises romanes, dont on peut voir les restes creus\u00e9s de profondes rainures horizontales (\u00e0 l&rsquo;int\u00e9rieur), ont \u00e9t\u00e9 fortement renforc\u00e9es, donnant un ensemble tr\u00e8s massif, l&rsquo;un des plus gros d&rsquo;Europe. Dans les \u00e9tages, le clocher est affin\u00e9 par des baies ajour\u00e9es, des pinacles, puis une coursi\u00e8re qui devait servir de base \u00e0 une fl\u00e8che qui culminerait \u00e0 presque 100 m\u00e8tre de hauteur totale.<br \/>Mais elle ne fut jamais achev\u00e9e et fut remplac\u00e9e par un d\u00f4me m\u00e9tallique, \u00e0 environ 65 m. de haut, ce qui donne au clocher sa silhouette tr\u00e8s reconnaissable.<br \/>Le portail constitue l&rsquo;un des plus beaux ensembles de sculpture flamboyante de France de l&rsquo;Ouest, restaur\u00e9 au printemps 2002. Les 4 voussures sont orn\u00e9es de 44 statues qui repr\u00e9sentent 8 anges musiciens (\u00e0 l&rsquo;int\u00e9rieur), des saints et des proph\u00e8tes de l&rsquo;Ancien Testament (sur la voussure ext\u00e9rieure).<br \/>Les 14 niches des pieds-droits sont rest\u00e9es vides depuis les destructions du XVIe si\u00e8cle (Guerres de Religion).<br \/>Le Clo\u00eetre, accol\u00e9 au mur sud de la cath\u00e9drale, il est long\u00e9 par une galerie couverte de style ogival \u00e0 l&rsquo; ouest et au sud. A l&rsquo;est, la salle capitulaire est en cours de reconstruction.<br \/>En levant les yeux vers le toit de la cath\u00e9drale, on voit les arcs-boutants du XVe si\u00e8cle qui s&rsquo;\u00e9lancent dans le vide: ils t\u00e9moignent de la hauteur qu&rsquo;atteignait la nef \u00e0 cette \u00e9poque.<\/p>\n<p><\/p>\n<p><\/p>\n<figure class=\"wp-block-image aligncenter size-full\"><img loading=\"lazy\" decoding=\"async\" width=\"800\" height=\"535\" src=\"https:\/\/catholiques17.fr\/saintes\/wp-content\/uploads\/sites\/3\/2022\/03\/image-26.png\" alt=\"\" class=\"wp-image-5895\" srcset=\"https:\/\/catholiques17.fr\/saintes\/wp-content\/uploads\/sites\/3\/2022\/03\/image-26.png 800w, https:\/\/catholiques17.fr\/saintes\/wp-content\/uploads\/sites\/3\/2022\/03\/image-26-480x321.png 480w\" sizes=\"(min-width: 0px) and (max-width: 480px) 480px, (min-width: 481px) 800px, 100vw\" \/><\/figure>\n<p><\/p>\n<p><\/p>\n<figure class=\"wp-block-image aligncenter size-full\"><img loading=\"lazy\" decoding=\"async\" width=\"613\" height=\"415\" src=\"https:\/\/catholiques17.fr\/saintes\/wp-content\/uploads\/sites\/3\/2022\/03\/image-27.png\" alt=\"\" class=\"wp-image-5896\" srcset=\"https:\/\/catholiques17.fr\/saintes\/wp-content\/uploads\/sites\/3\/2022\/03\/image-27.png 613w, https:\/\/catholiques17.fr\/saintes\/wp-content\/uploads\/sites\/3\/2022\/03\/image-27-480x325.png 480w\" sizes=\"(min-width: 0px) and (max-width: 480px) 480px, (min-width: 481px) 613px, 100vw\" \/><\/figure>\n<p><\/p>\n<p><\/p>\n<figure class=\"wp-block-image aligncenter size-full\"><img loading=\"lazy\" decoding=\"async\" width=\"570\" height=\"407\" src=\"https:\/\/catholiques17.fr\/saintes\/wp-content\/uploads\/sites\/3\/2022\/03\/image-28.png\" alt=\"\" class=\"wp-image-5897\" srcset=\"https:\/\/catholiques17.fr\/saintes\/wp-content\/uploads\/sites\/3\/2022\/03\/image-28.png 570w, https:\/\/catholiques17.fr\/saintes\/wp-content\/uploads\/sites\/3\/2022\/03\/image-28-480x343.png 480w\" sizes=\"(min-width: 0px) and (max-width: 480px) 480px, (min-width: 481px) 570px, 100vw\" \/><\/figure>\n<p><\/p>[\/et_pb_text][\/et_pb_column][\/et_pb_row][\/et_pb_section]","protected":false},"excerpt":{"rendered":"<p>Origine:\u00a0la premi\u00e8re cath\u00e9drale aurait \u00e9t\u00e9 fond\u00e9e au Ve si\u00e8cle par l&rsquo;\u00e9v\u00eaque St-Vivien, peut-\u00eatre ici. Elle fut plusieurs fois d\u00e9truite, \u00e0 l&rsquo;occasion des invasions normandes et de la guerre de Cent [&hellip;]<\/p>\n","protected":false},"author":9,"featured_media":0,"parent":6854,"menu_order":0,"comment_status":"closed","ping_status":"closed","template":"","meta":{"_et_pb_use_builder":"on","_et_pb_old_content":"<!-- wp:image {\"align\":\"center\",\"id\":5894,\"sizeSlug\":\"full\",\"linkDestination\":\"none\"} -->\n<figure class=\"wp-block-image aligncenter size-full\"><img src=\"https:\/\/catholiques17.fr\/saintes\/wp-content\/uploads\/sites\/3\/2022\/03\/image-25.png\" alt=\"\" class=\"wp-image-5894\"\/><\/figure>\n<!-- \/wp:image -->\n\n<!-- wp:paragraph -->\n<p><strong>Origine:<\/strong>&nbsp;la premi\u00e8re cath\u00e9drale aurait \u00e9t\u00e9 fond\u00e9e au Ve si\u00e8cle par l'\u00e9v\u00eaque St-Vivien, peut-\u00eatre ici. Elle fut plusieurs fois d\u00e9truite, \u00e0 l'occasion des invasions normandes et de la guerre de Cent Ans notamment, et \u00e0 chaque fois reb\u00e2tie.<br>Aujourd'hui,sur un terrain mar\u00e9cageux et inondable, s'\u00e9l\u00e8ve une cath\u00e9drale gothique flamboyante de 100 m\u00e8tres de long, dont le chevet repose sur des pieux de ch\u00eane et au clocher-porche remarquable. Elle porte aussi le titre de basilique mineure, ce qui en fait la seconde basilique St-Pierre du monde, apr\u00e8s celle de Rome.<br><strong>La nef<\/strong>, au XVe si\u00e8cle,fut construite une nef plus haute que l'actuelle, en style gothique flamboyant,dans le cadre d'un projet tr\u00e8s ambitieux qui fut financ\u00e9 au moyen de ces fameuses indulgences qui furent une des causes de la r\u00e9forme. En 1568, les huguenots ont sap\u00e9 les piliers, ce qui a fait \u00e9crouler vo\u00fbte et toiture. Il reste les chapelles lat\u00e9rales \u00e0 baies flamboyantes, les plus belles \u00e9tant sur votre droite.<br><strong>Le transept sud<\/strong>, datant du XIIIe si\u00e8cle, il est couvert d'une coupole pos\u00e9e sur des arcs \u00e0 doubles rouleaux, qui eux-m\u00eames s'appuient sur des colonnes carr\u00e9es jumel\u00e9es \u00e0 chapiteaux nus, comme \u00e0 l'abbaye de Sablonceaux. Derri\u00e8re une croix monumentale, une voussure est orn\u00e9e de 4 anges.<br>La vaste baie flamboyante fut perc\u00e9e au XVe si\u00e8cle, ainsi que la chapelle,aujourd'hui d\u00e9di\u00e9e \u00e0 St-Joseph. Celle-ci et orn\u00e9e d'un tableau du XIXe si\u00e8cle qui repr\u00e9sente la naissance de la Vierge Marie.<br>Au mur oppos\u00e9 \u00e0 cette chapelle, un autre tableau montre St-Pierre ressuscitant une femme \u00e0 Jupp\u00e9.<br>Le d\u00e9ambulatoire, a l'entr\u00e9e sud du d\u00e9ambulatoire, on peut voir une plaque rappelant l'histoire de l'Ang\u00e9lus, intimement li\u00e9e \u00e0 celle de notre cath\u00e9drale.<br><strong>La chapelle Notre Dame des Victoires<\/strong>, o\u00f9 l'on conserve actuellement le Saint Sacrement, date du XVe si\u00e8cle. On remarquera la vo\u00fbte en \u00e9toile aux multiples cl\u00e9s pendantes. La chapelle a \u00e9t\u00e9 agrandie vers l'ouest, mais cette partie est plus simple, orn\u00e9e de vitraux imitant ceux du Moyen Age.<br>Les trois autres chapelles, de style gothique renaissance, sont du XVe si\u00e8cle \u00e9galement.<br>On peut voir quatre tableaux de facture locale qui repr\u00e9sentent, en ordre: la r\u00e9surrection de la fille de Ja\u00efre par J\u00e9sus, une rencontre entre Jean-Baptiste enfant et J\u00e9sus enfant, St Roch soign\u00e9 par l'ange et J\u00e9sus en agonie au Jardin des Oliviers.<br><strong>Le transept sud<\/strong>&nbsp;fut restaur\u00e9 au XVIIIe si\u00e8cle et s'ouvre sur un portail de style classique (ext\u00e9rieur). La fen\u00eatre ogivale a re\u00e7u un vitrail, inaugur\u00e9 en 1996, offert par la ville de Xanten (Allemagne) qui est jumel\u00e9e avec Saintes. Ce transept, d\u00e9di\u00e9 au Sacr\u00e9-C\u0153ur de J\u00e9sus, est utilis\u00e9 pour les messes de semaine.<br><strong>Le ch\u0153ur<\/strong>&nbsp;date du XVIIIe si\u00e8cle et il est aussi grand que la nef. Le ma\u00eetre-autel est recouvert de marqueterie de marbres polychromes. Le cymborium, port\u00e9 par 4 colonnes de marbre rouge, a \u00e9t\u00e9 amen\u00e9 de l'Abbaye aux Dames et offert par Napol\u00e9on.<br>A droite, 2 piliers plus bas, \u00e0 la crois\u00e9e du transept c\u00f4t\u00e9 sud, on peut voir la statue (de 1954) de Notre-Dame des Miracles. A une p\u00e9riode ind\u00e9termin\u00e9e,pendant la nuit de la Purification, les cloches ont sonn\u00e9 et des t\u00e9moins ont vu Sainte-Marie en procession avec d'autres Saints. Les saintais ont alors d\u00e9velopp\u00e9 une grande d\u00e9votion \u00e0 Notre-Dame des Miracles, dont le vocable a l\u00e9g\u00e8rement \u00e9volu\u00e9.<br>Le fond, Les orgues, situ\u00e9es au dessus du portail ouest, furent command\u00e9es au XVIIe si\u00e8cle \u00e0 Jean Oury (Poitiers). Le buffet est en partie du XVIIIe si\u00e8cle. Il est orn\u00e9 de bouquets, de flammes, d'un ange \u00e0 la trompette, et, au sommet,du roi David avec sa lyre.<br><strong>Au sud du portail<\/strong>, une petite porte joliment orn\u00e9e ouvre sur un escalier, la vis torte, qui m\u00e8ne aux combles.<br>Au nord, on remarquera une grande statue de Saint-Pierre, r\u00e9plique en pl\u00e2tre peint de la statue de st Pierre \u00e0 Rome, sous la liste de tous les \u00e9v\u00eaques de Saintes,parmi lesquels on ne compte pas moins de 11 saints! Cette liste est close,puisque en 1801, le si\u00e8ge de l'\u00e9v\u00each\u00e9 a \u00e9t\u00e9 transf\u00e9r\u00e9 \u00e0 La Rochelle.<br>La chapelle la plus proche abrite les fonds baptismaux, plac\u00e9s sous un cymboriurn qui rappelle celui du ch\u0153ur.<br>A noter aussi de chaque c\u00f4t\u00e9 du portail, les deux b\u00e9nitiers.<br><strong>Le clocher-porche<\/strong>, au XVe si\u00e8cle, les assises romanes, dont on peut voir les restes creus\u00e9s de profondes rainures horizontales (\u00e0 l'int\u00e9rieur), ont \u00e9t\u00e9 fortement renforc\u00e9es, donnant un ensemble tr\u00e8s massif, l'un des plus gros d'Europe. Dans les \u00e9tages, le clocher est affin\u00e9 par des baies ajour\u00e9es, des pinacles, puis une coursi\u00e8re qui devait servir de base \u00e0 une fl\u00e8che qui culminerait \u00e0 presque 100 m\u00e8tre de hauteur totale.<br>Mais elle ne fut jamais achev\u00e9e et fut remplac\u00e9e par un d\u00f4me m\u00e9tallique, \u00e0 environ 65 m. de haut, ce qui donne au clocher sa silhouette tr\u00e8s reconnaissable.<br>Le portail constitue l'un des plus beaux ensembles de sculpture flamboyante de France de l'Ouest, restaur\u00e9 au printemps 2002. Les 4 voussures sont orn\u00e9es de 44 statues qui repr\u00e9sentent 8 anges musiciens (\u00e0 l'int\u00e9rieur), des saints et des proph\u00e8tes de l'Ancien Testament (sur la voussure ext\u00e9rieure).<br>Les 14 niches des pieds-droits sont rest\u00e9es vides depuis les destructions du XVIe si\u00e8cle (Guerres de Religion).<br>Le Clo\u00eetre, accol\u00e9 au mur sud de la cath\u00e9drale, il est long\u00e9 par une galerie couverte de style ogival \u00e0 l' ouest et au sud. A l'est, la salle capitulaire est en cours de reconstruction.<br>En levant les yeux vers le toit de la cath\u00e9drale, on voit les arcs-boutants du XVe si\u00e8cle qui s'\u00e9lancent dans le vide: ils t\u00e9moignent de la hauteur qu'atteignait la nef \u00e0 cette \u00e9poque.<\/p>\n<!-- \/wp:paragraph -->\n\n<!-- wp:image {\"align\":\"center\",\"id\":5895,\"sizeSlug\":\"full\",\"linkDestination\":\"none\"} -->\n<figure class=\"wp-block-image aligncenter size-full\"><img src=\"https:\/\/catholiques17.fr\/saintes\/wp-content\/uploads\/sites\/3\/2022\/03\/image-26.png\" alt=\"\" class=\"wp-image-5895\"\/><\/figure>\n<!-- \/wp:image -->\n\n<!-- wp:image {\"align\":\"center\",\"id\":5896,\"sizeSlug\":\"full\",\"linkDestination\":\"none\"} -->\n<figure class=\"wp-block-image aligncenter size-full\"><img src=\"https:\/\/catholiques17.fr\/saintes\/wp-content\/uploads\/sites\/3\/2022\/03\/image-27.png\" alt=\"\" class=\"wp-image-5896\"\/><\/figure>\n<!-- \/wp:image -->\n\n<!-- wp:image {\"align\":\"center\",\"id\":5897,\"sizeSlug\":\"full\",\"linkDestination\":\"none\"} -->\n<figure class=\"wp-block-image aligncenter size-full\"><img src=\"https:\/\/catholiques17.fr\/saintes\/wp-content\/uploads\/sites\/3\/2022\/03\/image-28.png\" alt=\"\" class=\"wp-image-5897\"\/><\/figure>\n<!-- \/wp:image -->","_et_gb_content_width":"","footnotes":""},"class_list":["post-5893","page","type-page","status-publish","hentry"],"_links":{"self":[{"href":"https:\/\/catholiques17.fr\/saintes\/wp-json\/wp\/v2\/pages\/5893","targetHints":{"allow":["GET"]}}],"collection":[{"href":"https:\/\/catholiques17.fr\/saintes\/wp-json\/wp\/v2\/pages"}],"about":[{"href":"https:\/\/catholiques17.fr\/saintes\/wp-json\/wp\/v2\/types\/page"}],"author":[{"embeddable":true,"href":"https:\/\/catholiques17.fr\/saintes\/wp-json\/wp\/v2\/users\/9"}],"replies":[{"embeddable":true,"href":"https:\/\/catholiques17.fr\/saintes\/wp-json\/wp\/v2\/comments?post=5893"}],"version-history":[{"count":4,"href":"https:\/\/catholiques17.fr\/saintes\/wp-json\/wp\/v2\/pages\/5893\/revisions"}],"predecessor-version":[{"id":7815,"href":"https:\/\/catholiques17.fr\/saintes\/wp-json\/wp\/v2\/pages\/5893\/revisions\/7815"}],"up":[{"embeddable":true,"href":"https:\/\/catholiques17.fr\/saintes\/wp-json\/wp\/v2\/pages\/6854"}],"wp:attachment":[{"href":"https:\/\/catholiques17.fr\/saintes\/wp-json\/wp\/v2\/media?parent=5893"}],"curies":[{"name":"wp","href":"https:\/\/api.w.org\/{rel}","templated":true}]}}