{"id":5885,"date":"2022-03-24T17:34:15","date_gmt":"2022-03-24T16:34:15","guid":{"rendered":"https:\/\/catholiques17.fr\/saintes\/?page_id=5885"},"modified":"2023-01-18T10:24:21","modified_gmt":"2023-01-18T09:24:21","slug":"eglise-saint-vivien","status":"publish","type":"page","link":"https:\/\/catholiques17.fr\/saintes\/paroisse-rive-gauche\/nos-clochers-rg\/eglise-saint-vivien\/","title":{"rendered":"Saint Vivien"},"content":{"rendered":"[et_pb_section fb_built=\u00a0\u00bb1&Prime; admin_label=\u00a0\u00bbsection\u00a0\u00bb _builder_version=\u00a0\u00bb4.16&Prime; global_colors_info=\u00a0\u00bb{}\u00a0\u00bb theme_builder_area=\u00a0\u00bbpost_content\u00a0\u00bb][et_pb_row admin_label=\u00a0\u00bbrow\u00a0\u00bb _builder_version=\u00a0\u00bb4.16&Prime; background_size=\u00a0\u00bbinitial\u00a0\u00bb background_position=\u00a0\u00bbtop_left\u00a0\u00bb background_repeat=\u00a0\u00bbrepeat\u00a0\u00bb global_colors_info=\u00a0\u00bb{}\u00a0\u00bb theme_builder_area=\u00a0\u00bbpost_content\u00a0\u00bb][et_pb_column type=\u00a0\u00bb4_4&Prime; _builder_version=\u00a0\u00bb4.16&Prime; custom_padding=\u00a0\u00bb|||\u00a0\u00bb global_colors_info=\u00a0\u00bb{}\u00a0\u00bb custom_padding__hover=\u00a0\u00bb|||\u00a0\u00bb theme_builder_area=\u00a0\u00bbpost_content\u00a0\u00bb][et_pb_text admin_label=\u00a0\u00bbText\u00a0\u00bb _builder_version=\u00a0\u00bb4.17.6&Prime; background_size=\u00a0\u00bbinitial\u00a0\u00bb background_position=\u00a0\u00bbtop_left\u00a0\u00bb background_repeat=\u00a0\u00bbrepeat\u00a0\u00bb hover_enabled=\u00a0\u00bb0&Prime; global_colors_info=\u00a0\u00bb{}\u00a0\u00bb theme_builder_area=\u00a0\u00bbpost_content\u00a0\u00bb sticky_enabled=\u00a0\u00bb0&Prime;]<p>\u00a0<\/p>\n<p><\/p>\n<p><\/p>\n<div class=\"wp-block-image\">\n<figure class=\"aligncenter size-full\"><img loading=\"lazy\" decoding=\"async\" width=\"643\" height=\"601\" src=\"https:\/\/catholiques17.fr\/saintes\/wp-content\/uploads\/sites\/3\/2022\/03\/image-20.png\" alt=\"\" class=\"wp-image-5887\" srcset=\"https:\/\/catholiques17.fr\/saintes\/wp-content\/uploads\/sites\/3\/2022\/03\/image-20.png 643w, https:\/\/catholiques17.fr\/saintes\/wp-content\/uploads\/sites\/3\/2022\/03\/image-20-480x449.png 480w\" sizes=\"(min-width: 0px) and (max-width: 480px) 480px, (min-width: 481px) 643px, 100vw\" \/><\/figure>\n<\/div>\n<p><\/p>\n<p>D\u00e9di\u00e9e \u00e0 l\u2019\u00e9v\u00eaque de Saintes, Saint-Vivien, mort vers 460. L\u2019actuelle \u00e9glise est construite sur l\u2019emplacement de\u00a0trois \u00e9difices chr\u00e9tiens successifs.<br \/>Le premier, au VIe si\u00e8cle, \u00e9tait une basilique \u00e9lev\u00e9e autour du tombeau du saint dans une n\u00e9cropole pal\u00e9ochr\u00e9tienne.<br \/>Le second, avant le XIIe si\u00e8cle \u00e9tait un prieur\u00e9 occup\u00e9 par des chanoines r\u00e9guliers ras\u00e9 apr\u00e8s 1572.<br \/>Une nouvelle chapelle\u00a0est alors construite en 1617, d\u00e9molie en 1840. L\u2019\u00e9difice actuel est une \u00e9glise n\u00e9oclassique construite entre 1840 et 1845 par l\u2019architecte Brossard, sur le mod\u00e8le des basiliques pal\u00e9ochr\u00e9tiennes.<br \/>L&rsquo;\u00e9glise\u00a0Saint-Vivien est un sanctuaire de style n\u00e9o-classique\u00a0s&rsquo;inspirant des basiliques pal\u00e9ochr\u00e9tiennes.<br \/>Elle est form\u00e9e d&rsquo;une nef de quatre trav\u00e9es vo\u00fbt\u00e9es en berceau se prolongeant par une abside en h\u00e9micycle. Celle-ci accueille une statue du Christ m\u00e9nag\u00e9e dans une niche en encorbellement sur l&rsquo;ext\u00e9rieur.<br \/>La nef\u00a0est bord\u00e9e de collat\u00e9raux \u00e9clair\u00e9s par de larges baies en plein cintre, dot\u00e9es vers 1890 de vitraux con\u00e7us par le ma\u00eetre-verrier bordelais Dagrand. Murs et vo\u00fbtes sont orn\u00e9s de fresques et d&rsquo;un d\u00e9cor en papier gaufr\u00e9 dans le go\u00fbt du si\u00e8cle. La m\u00eame technique permet la r\u00e9alisation de deux panneaux encadrant le ma\u00eetre-autel: ceux-ci repr\u00e9sentent deux des saints tut\u00e9laires de la ville de Saintes, \u00e0 savoir Eutrope et Eustelle.<br \/>Parmi le mobilier pr\u00e9sent dans l&rsquo;\u00e9glise, la chapelle de la Vierge (collat\u00e9ral gauche) abrite un\u00a0retable et un tabernacle\u00a0datant du XVIIe si\u00e8cle.<br \/>Ces \u00e9l\u00e9ments sont issus de l&rsquo;ancienne \u00e9glise d\u00e9molie en 1840.<br \/>A gauche de la nef, une chaire en bois sculpt\u00e9 est adoss\u00e9e \u00e0 un pilier.<br \/>La fa\u00e7ade de l&rsquo;\u00e9difice est une composition monumentale \u00e0 fronton triangulaire, d&rsquo;inspiration classique. Bord\u00e9e d&rsquo;une s\u00e9rie de pilastres, elle s&rsquo;articule autour d&rsquo;un monumental portailrectangulaire surmont\u00e9 d&rsquo;un occulus. Un clocher trapu portant un d\u00f4me s&rsquo;\u00e9l\u00e8ve sur la premi\u00e8re trav\u00e9e.<br \/>L&rsquo;\u00e9glise Saint-Vivien est inscrite \u00e0 l&rsquo;inventaire suppl\u00e9mentaire des monuments historiques depuis 1993.<\/p>\n<p><\/p>\n<p><\/p>\n<div class=\"wp-block-image\">\n<figure class=\"aligncenter size-full\"><img loading=\"lazy\" decoding=\"async\" width=\"617\" height=\"412\" src=\"https:\/\/catholiques17.fr\/saintes\/wp-content\/uploads\/sites\/3\/2022\/03\/image-21.png\" alt=\"\" class=\"wp-image-5888\" srcset=\"https:\/\/catholiques17.fr\/saintes\/wp-content\/uploads\/sites\/3\/2022\/03\/image-21.png 617w, https:\/\/catholiques17.fr\/saintes\/wp-content\/uploads\/sites\/3\/2022\/03\/image-21-480x321.png 480w\" sizes=\"(min-width: 0px) and (max-width: 480px) 480px, (min-width: 481px) 617px, 100vw\" \/><\/figure>\n<\/div>\n<p><\/p>\n<p><\/p>\n<div class=\"wp-block-image\">\n<figure class=\"aligncenter size-full\"><img loading=\"lazy\" decoding=\"async\" width=\"337\" height=\"638\" src=\"https:\/\/catholiques17.fr\/saintes\/wp-content\/uploads\/sites\/3\/2022\/03\/image-24.png\" alt=\"\" class=\"wp-image-5891\" srcset=\"https:\/\/catholiques17.fr\/saintes\/wp-content\/uploads\/sites\/3\/2022\/03\/image-24.png 337w, https:\/\/catholiques17.fr\/saintes\/wp-content\/uploads\/sites\/3\/2022\/03\/image-24-158x300.png 158w\" sizes=\"(max-width: 337px) 100vw, 337px\" \/><\/figure>\n<\/div>\n<p><\/p>\n<p><\/p>\n<div class=\"wp-block-image\">\n<figure class=\"aligncenter size-full\"><img loading=\"lazy\" decoding=\"async\" width=\"587\" height=\"410\" src=\"https:\/\/catholiques17.fr\/saintes\/wp-content\/uploads\/sites\/3\/2022\/03\/image-22.png\" alt=\"\" class=\"wp-image-5889\" srcset=\"https:\/\/catholiques17.fr\/saintes\/wp-content\/uploads\/sites\/3\/2022\/03\/image-22.png 587w, https:\/\/catholiques17.fr\/saintes\/wp-content\/uploads\/sites\/3\/2022\/03\/image-22-480x335.png 480w\" sizes=\"(min-width: 0px) and (max-width: 480px) 480px, (min-width: 481px) 587px, 100vw\" \/><\/figure>\n<\/div>\n<p><\/p>\n<p><\/p>\n<div class=\"wp-block-image\">\n<figure class=\"aligncenter size-full\"><img loading=\"lazy\" decoding=\"async\" width=\"388\" height=\"591\" src=\"https:\/\/catholiques17.fr\/saintes\/wp-content\/uploads\/sites\/3\/2022\/03\/image-23.png\" alt=\"\" class=\"wp-image-5890\" srcset=\"https:\/\/catholiques17.fr\/saintes\/wp-content\/uploads\/sites\/3\/2022\/03\/image-23.png 388w, https:\/\/catholiques17.fr\/saintes\/wp-content\/uploads\/sites\/3\/2022\/03\/image-23-197x300.png 197w\" sizes=\"(max-width: 388px) 100vw, 388px\" \/><\/figure>\n<\/div>\n<p><\/p>[\/et_pb_text][\/et_pb_column][\/et_pb_row][\/et_pb_section]","protected":false},"excerpt":{"rendered":"<p>\u00a0 D\u00e9di\u00e9e \u00e0 l\u2019\u00e9v\u00eaque de Saintes, Saint-Vivien, mort vers 460. L\u2019actuelle \u00e9glise est construite sur l\u2019emplacement de\u00a0trois \u00e9difices chr\u00e9tiens successifs.Le premier, au VIe si\u00e8cle, \u00e9tait une basilique \u00e9lev\u00e9e autour du [&hellip;]<\/p>\n","protected":false},"author":9,"featured_media":0,"parent":6854,"menu_order":0,"comment_status":"closed","ping_status":"closed","template":"","meta":{"_et_pb_use_builder":"on","_et_pb_old_content":"<!-- wp:paragraph -->\n<p><\/p>\n<!-- \/wp:paragraph -->\n\n<!-- wp:image {\"align\":\"center\",\"id\":5887,\"sizeSlug\":\"full\",\"linkDestination\":\"none\"} -->\n<div class=\"wp-block-image\"><figure class=\"aligncenter size-full\"><img src=\"https:\/\/catholiques17.fr\/saintes\/wp-content\/uploads\/sites\/3\/2022\/03\/image-20.png\" alt=\"\" class=\"wp-image-5887\" \/><\/figure><\/div>\n<!-- \/wp:image -->\n\n<!-- wp:paragraph -->\n<p><strong>D\u00e9di\u00e9e \u00e0 l\u2019\u00e9v\u00eaque de Saintes, Saint-Vivien, mort vers 460. L\u2019actuelle \u00e9glise est construite sur l\u2019emplacement de\u00a0trois \u00e9difices chr\u00e9tiens successifs.<\/strong><br><strong>Le premier, au VIe si\u00e8cle, \u00e9tait une basilique \u00e9lev\u00e9e autour du tombeau du saint dans une n\u00e9cropole pal\u00e9ochr\u00e9tienne.<\/strong><br><strong>Le second, avant le XIIe si\u00e8cle \u00e9tait un prieur\u00e9 occup\u00e9 par des chanoines r\u00e9guliers ras\u00e9 apr\u00e8s 1572.<\/strong><br><strong>Une nouvelle chapelle\u00a0est alors construite en 1617, d\u00e9molie en 1840. L\u2019\u00e9difice actuel est une \u00e9glise n\u00e9oclassique construite entre 1840 et 1845 par l\u2019architecte Brossard, sur le mod\u00e8le des basiliques pal\u00e9ochr\u00e9tiennes.<\/strong><br><strong>L'\u00e9glise\u00a0Saint-Vivien est un sanctuaire de style n\u00e9o-classique\u00a0s'inspirant des basiliques pal\u00e9ochr\u00e9tiennes.<\/strong><br><strong>Elle est form\u00e9e d'une nef de quatre trav\u00e9es vo\u00fbt\u00e9es en berceau se prolongeant par une abside en h\u00e9micycle. Celle-ci accueille une statue du Christ m\u00e9nag\u00e9e dans une niche en encorbellement sur l'ext\u00e9rieur.<\/strong><br><strong>La nef\u00a0est bord\u00e9e de collat\u00e9raux \u00e9clair\u00e9s par de larges baies en plein cintre, dot\u00e9es vers 1890 de vitraux con\u00e7us par le ma\u00eetre-verrier bordelais Dagrand. Murs et vo\u00fbtes sont orn\u00e9s de fresques et d'un d\u00e9cor en papier gaufr\u00e9 dans le go\u00fbt du si\u00e8cle. La m\u00eame technique permet la r\u00e9alisation de deux panneaux encadrant le ma\u00eetre-autel: ceux-ci repr\u00e9sentent deux des saints tut\u00e9laires de la ville de Saintes, \u00e0 savoir Eutrope et Eustelle.<\/strong><br><strong>Parmi le mobilier pr\u00e9sent dans l'\u00e9glise, la chapelle de la Vierge (collat\u00e9ral gauche) abrite un\u00a0retable et un tabernacle\u00a0datant du XVIIe si\u00e8cle.<\/strong><br><strong>Ces \u00e9l\u00e9ments sont issus de l'ancienne \u00e9glise d\u00e9molie en 1840.<\/strong><br><strong>A gauche de la nef, une chaire en bois sculpt\u00e9 est adoss\u00e9e \u00e0 un pilier.<\/strong><br><strong>La fa\u00e7ade de l'\u00e9difice est une composition monumentale \u00e0 fronton triangulaire, d'inspiration classique. Bord\u00e9e d'une s\u00e9rie de pilastres, elle s'articule autour d'un monumental portailrectangulaire surmont\u00e9 d'un occulus. Un clocher trapu portant un d\u00f4me s'\u00e9l\u00e8ve sur la premi\u00e8re trav\u00e9e.<\/strong><br><strong>L'\u00e9glise Saint-Vivien est inscrite \u00e0 l'inventaire suppl\u00e9mentaire des monuments historiquesdepuis 1993.<\/strong><\/p>\n<!-- \/wp:paragraph -->\n\n<!-- wp:image {\"align\":\"center\",\"id\":5888,\"sizeSlug\":\"full\",\"linkDestination\":\"none\"} -->\n<div class=\"wp-block-image\"><figure class=\"aligncenter size-full\"><img src=\"https:\/\/catholiques17.fr\/saintes\/wp-content\/uploads\/sites\/3\/2022\/03\/image-21.png\" alt=\"\" class=\"wp-image-5888\" \/><\/figure><\/div>\n<!-- \/wp:image -->\n\n<!-- wp:image {\"align\":\"center\",\"id\":5891,\"sizeSlug\":\"full\",\"linkDestination\":\"none\"} -->\n<div class=\"wp-block-image\"><figure class=\"aligncenter size-full\"><img src=\"https:\/\/catholiques17.fr\/saintes\/wp-content\/uploads\/sites\/3\/2022\/03\/image-24.png\" alt=\"\" class=\"wp-image-5891\" \/><\/figure><\/div>\n<!-- \/wp:image -->\n\n<!-- wp:image {\"align\":\"center\",\"id\":5889,\"sizeSlug\":\"full\",\"linkDestination\":\"none\"} -->\n<div class=\"wp-block-image\"><figure class=\"aligncenter size-full\"><img src=\"https:\/\/catholiques17.fr\/saintes\/wp-content\/uploads\/sites\/3\/2022\/03\/image-22.png\" alt=\"\" class=\"wp-image-5889\" \/><\/figure><\/div>\n<!-- \/wp:image -->\n\n<!-- wp:image {\"align\":\"center\",\"id\":5890,\"sizeSlug\":\"full\",\"linkDestination\":\"none\"} -->\n<div class=\"wp-block-image\"><figure class=\"aligncenter size-full\"><img src=\"https:\/\/catholiques17.fr\/saintes\/wp-content\/uploads\/sites\/3\/2022\/03\/image-23.png\" alt=\"\" class=\"wp-image-5890\" \/><\/figure><\/div>\n<!-- \/wp:image -->","_et_gb_content_width":"","footnotes":""},"class_list":["post-5885","page","type-page","status-publish","hentry"],"_links":{"self":[{"href":"https:\/\/catholiques17.fr\/saintes\/wp-json\/wp\/v2\/pages\/5885","targetHints":{"allow":["GET"]}}],"collection":[{"href":"https:\/\/catholiques17.fr\/saintes\/wp-json\/wp\/v2\/pages"}],"about":[{"href":"https:\/\/catholiques17.fr\/saintes\/wp-json\/wp\/v2\/types\/page"}],"author":[{"embeddable":true,"href":"https:\/\/catholiques17.fr\/saintes\/wp-json\/wp\/v2\/users\/9"}],"replies":[{"embeddable":true,"href":"https:\/\/catholiques17.fr\/saintes\/wp-json\/wp\/v2\/comments?post=5885"}],"version-history":[{"count":5,"href":"https:\/\/catholiques17.fr\/saintes\/wp-json\/wp\/v2\/pages\/5885\/revisions"}],"predecessor-version":[{"id":7818,"href":"https:\/\/catholiques17.fr\/saintes\/wp-json\/wp\/v2\/pages\/5885\/revisions\/7818"}],"up":[{"embeddable":true,"href":"https:\/\/catholiques17.fr\/saintes\/wp-json\/wp\/v2\/pages\/6854"}],"wp:attachment":[{"href":"https:\/\/catholiques17.fr\/saintes\/wp-json\/wp\/v2\/media?parent=5885"}],"curies":[{"name":"wp","href":"https:\/\/api.w.org\/{rel}","templated":true}]}}