{"id":536,"date":"2019-09-20T14:46:39","date_gmt":"2019-09-20T12:46:39","guid":{"rendered":"https:\/\/catholiques17.fr\/saintes\/?page_id=536"},"modified":"2026-04-26T09:13:13","modified_gmt":"2026-04-26T07:13:13","slug":"obseques","status":"publish","type":"page","link":"https:\/\/catholiques17.fr\/saintes\/doyenne-de-saintes\/obseques\/","title":{"rendered":"Obs\u00e8ques"},"content":{"rendered":"<p>[et_pb_section fb_built=\u00a0\u00bb1&Prime; _builder_version=\u00a0\u00bb4.21.0&Prime; global_colors_info=\u00a0\u00bb{}\u00a0\u00bb theme_builder_area=\u00a0\u00bbpost_content\u00a0\u00bb][et_pb_row _builder_version=\u00a0\u00bb4.16&Prime; background_size=\u00a0\u00bbinitial\u00a0\u00bb background_position=\u00a0\u00bbtop_left\u00a0\u00bb background_repeat=\u00a0\u00bbrepeat\u00a0\u00bb min_height=\u00a0\u00bb5586.6px\u00a0\u00bb custom_padding=\u00a0\u00bb|||7px||\u00a0\u00bb global_colors_info=\u00a0\u00bb{}\u00a0\u00bb theme_builder_area=\u00a0\u00bbpost_content\u00a0\u00bb][et_pb_column type=\u00a0\u00bb4_4&Prime; _builder_version=\u00a0\u00bb4.16&Prime; custom_padding=\u00a0\u00bb|||\u00a0\u00bb global_colors_info=\u00a0\u00bb{}\u00a0\u00bb custom_padding__hover=\u00a0\u00bb|||\u00a0\u00bb theme_builder_area=\u00a0\u00bbpost_content\u00a0\u00bb][et_pb_text _builder_version=\u00a0\u00bb4.27.5&Prime; background_size=\u00a0\u00bbinitial\u00a0\u00bb background_position=\u00a0\u00bbtop_left\u00a0\u00bb background_repeat=\u00a0\u00bbrepeat\u00a0\u00bb custom_padding=\u00a0\u00bb16px|||0px||\u00a0\u00bb global_colors_info=\u00a0\u00bb{}\u00a0\u00bb theme_builder_area=\u00a0\u00bbpost_content\u00a0\u00bb]<\/p>\n<p><strong style=\"font-size: 14px\"><\/strong><\/p>\n<p><strong style=\"font-size: 14px\">M. MENEAU Edmond &#8211; lundi 4 mai &#8211; 11h Saint Vivien <\/strong><\/p>\n<p><strong style=\"font-size: 14px\">Mme LAHAY, n\u00e9e CALMETS Betty <\/strong>&#8211; mercredi 29 avril &#8211; 14h30 Thenac<\/p>\n<p><strong style=\"font-size: 14px\">M. THOMAS Maurice &#8211; <\/strong>lundi 27 avril &#8211; 10h30 Saint Vivien<\/p>\n<p><strong style=\"font-size: 14px\">M. DEMENIER\u00a0 Jo\u00ebl &#8211; <\/strong>jeudi 23 avril &#8211; 15h &#8211; Chaniers<strong style=\"font-size: 14px\"><\/strong><strong style=\"font-size: 14px\"> <\/strong><\/p>\n<p><strong style=\"font-size: 14px\">M. BIGAND Alain &#8211; <\/strong>vendredi 17 avril &#8211; 11h Les Gonds<\/p>\n<p><strong>Mme Florence CHERENCQ <\/strong>&#8211; jeudi 16 avril &#8211; 15h30 Saint Vivien<\/p>\n<p><strong>Mme BARON Fran\u00e7oise<\/strong> &#8211; jeudi 16 avril &#8211; 10h30 les Gonds<strong><\/strong><\/p>\n<p><strong>Mme POUPONNOT n\u00e9e SULTANA Marie-Th\u00e9r\u00e8se &#8211; <\/strong>&#8211; jeudi 16 avril &#8211; 10h30 &#8211; Bussac\/Chte<\/p>\n<p><strong>M. PINAT Jean -Marc &#8211;<\/strong> mercredi 15 avril &#8211; 15h &#8211; Bussac\/Chte<\/p>\n<p><strong>M. DARDAINE Gissel<\/strong> &#8211; mercredi 15 avril &#8211; 14h30 Saint Vivien<strong><\/strong><strong><\/strong><\/p>\n<p><strong>M. ROUSSEL Jean-Louis &#8211; <\/strong>mercredi 15 avril &#8211; 10h Saint Georges des Coteaux<\/p>\n<p><strong>Mme DUPUY, n\u00e9e BAYLE Anne-Marie<\/strong> &#8211; mercredi 15 avril &#8211; 10h Saint Vivien<\/p>\n<p><strong>M. GOURSAUD Herv\u00e9<\/strong> &#8211; mercredi 15 avril &#8211; 14h30 Pessines<\/p>\n<p><strong>Mme COZIC Mich\u00e8le &#8211;<\/strong> mardi 14 avril &#8211; 14h30 Saint Vivien<\/p>\n<p><strong>Mme JOUSSEAUME, n\u00e9e ARNAUD Solange<\/strong> &#8211; vendredi 10 avril &#8211; 15h30 Saint Vivien<\/p>\n<p><strong>\u00a0Mme d&rsquo; AUBIGN\u00e9 n\u00e9e\u00a0 GUILLON Ir\u00e8ne &#8211; <\/strong>vendredi 10 avril &#8211; 15h &#8211; Abbaye<\/p>\n<p><strong>M. CHARDAVOINE Raymond &#8211; <\/strong>mercredi 8 avril &#8211; 10h30 La Clisse<\/p>\n<p><strong>M. PRAT Jean-Luc &#8211; <\/strong>mardi 7 avril &#8211; 10h Cath\u00e9drale Saint Pierre<\/p>\n<p><strong>M. COUTANT G\u00e9rard &#8211; <\/strong>mardi 7 avril &#8211; 14h30 Saint Georges des Coteaux<\/p>\n<p><strong>Mme POTIGNON n\u00e9e LEROUX Annie &#8211; <\/strong>mardi 31 mars &#8211; 14h30 &#8211; Abbaye<\/p>\n<p><strong>M. GAUCHER Jacques <\/strong>&#8211; vendredi 27 mars &#8211; 11h Saint Vivien<\/p>\n<p><strong>Mme FAVRE, n\u00e9e WATTEL Jacqueline &#8211; <\/strong>mercredi 25 mars &#8211; 14h30 Saint Vivien<\/p>\n<p><strong>Mme ROUSSEL n\u00e9e LACHASTRE Jeanne &#8211; <\/strong>mardi 24 mars &#8211; Chaniers<strong><br \/>Mme NAVEAU, n\u00e9e BARDON Lucienne &#8211;<\/strong> jeudi 19 mars &#8211; 15h45 cr\u00e9matorium<\/p>\n<p><strong>Mme GAZON, n\u00e9e COURTABLEAU Carmen &#8211; <\/strong>mardi 17 mars &#8211; 11h45 cr\u00e9matorium<\/p>\n<p><strong>M. PROUTEAU Jean-Claude &#8211; <\/strong>lundi 16 mars &#8211; 10h les Gonds<\/p>\n<p><strong>M. VITRY Lu\u00e7ay &#8211; <\/strong>vendredi 13 mars &#8211; 10h cr\u00e9matorium<\/p>\n<p><strong>Mme GOURMERON n\u00e9e VAROQUEAUX Laurence <\/strong>&#8211; vendredi 13 mars &#8211; 10h30 &#8211; La Chapelle des Pots<strong><br \/>M. JEOFFRET Bernard &#8211; <\/strong>jeudi 12 mars &#8211; 10h Sainte Eustelle<\/p>\n<p><strong>Mme LE NOURS,\u00a0 n\u00e9e HURIAUD Genevi\u00e8ve<\/strong> &#8211; jeudi 12 mars &#8211; 10h30 Les Gonds<strong><\/strong><\/p>\n<p><strong>Mme GIRAUD n\u00e9e COUTELEAU Madeleine &#8211; <\/strong>jeudi 12 mars &#8211; 14h30 &#8211; \u00e9glise St Pallais<\/p>\n<p><strong>M. LESERVOISIER Christian &#8211; <\/strong>mercredi 11 mars &#8211; 14h30 &#8211; Abbaye<strong><\/strong><strong> <\/strong><\/p>\n<p><strong>Mme LANNEGRAND n\u00e9e NEVOUET Michelle &#8211; <\/strong>lundi 9 mars &#8211; 14h30 &#8211; Fontcouverte<strong><\/strong><\/p>\n<p><strong>M. TENNEAU Michel<\/strong> &#8211; vendredi 6 mars &#8211; 10h30 Les Gonds<\/p>\n<p><strong style=\"font-size: 14px\">Mme MEYER, n\u00e9e FERTE Anne &#8211;<\/strong> jeudi 5 mars &#8211; 14h30 Saint VIvien<\/p>\n<p><strong style=\"font-size: 14px\">M. SIMONNET Fernand &#8211; <\/strong>jeudi 5 mars &#8211; 10h30 Nieul les Saintes<\/p>\n<p><strong style=\"font-size: 14px\">Mme PATRY, n\u00e9e BECQUIN C\u00e9cile <\/strong>&#8211; jeudi 5 mars &#8211; 13h45 cr\u00e9matorium<\/p>\n<p><strong>M.POURBAIX Thierry<\/strong> &#8211; mercredi 4 mars &#8211; 15h Cath\u00e9drale Saint Pierre<\/p>\n<p><strong>Mme MANICOT, n\u00e9e RAYMOND Suzanne<\/strong> &#8211; mardi 3 mars &#8211; 14h30 Saint Vivien<\/p>\n<p><strong style=\"font-size: 14px\">M. MAUGIS Didier &#8211; <\/strong>jeudi 26 f\u00e9vrier &#8211; 14h30 Chermignac<\/p>\n<p><strong style=\"font-size: 14px\">Mme ROY, n\u00e9e PERL Genevi\u00e8ve &#8211; <\/strong>mercredi 25 f\u00e9vrier &#8211; 10h30 Saint Vivien<\/p>\n<p><strong style=\"font-size: 14px\">Mme LYS Camille &#8211; <\/strong>mercredi 25 f\u00e9vrier &#8211; 14h Thenac<\/p>\n<p><strong style=\"font-size: 14px\">Mme DELHOUME, n\u00e9e MAREMBERT Catherine-Jeanne <\/strong>&#8211; mercredi 25 f\u00e9vrier &#8211; 15h Pessines<\/p>\n<p><strong style=\"font-size: 14px\">M. CAMILLERI Francois <\/strong>&#8211; mercredi 25 f\u00e9vrier &#8211; 15h30 cr\u00e9matorium<\/p>\n<p><strong style=\"font-size: 14px\">Mme MAILLARD n\u00e9e JOYEUX Dani\u00e8le &#8211; <\/strong>mardi 24 f\u00e9vrier &#8211; 10h30 &#8211; Abbaye<strong style=\"font-size: 14px\"><\/strong><\/p>\n<p><strong>Mme FALOURD, n\u00e9e DEBOUTROIS Jacqueline<\/strong> &#8211; mardi 24 f\u00e9vrier &#8211; 15h Cath\u00e9drale Saint Pierre<strong style=\"font-size: 14px\"> <\/strong><\/p>\n<p><strong>Mme ROUSSEAU, n\u00e9e GERBAUT Marie-Th\u00e9r\u00e8se<\/strong> &#8211; vendredi 20 f\u00e9vrier &#8211; 14h30 Saint Vivien<\/p>\n<p><strong style=\"font-size: 14px\">M. PASQUET Andr\u00e9\u00a0 &#8211; <\/strong><span style=\"font-size: 14px\">mardi 17 f\u00e9vrier &#8211; 10h Saint Vivien<\/span><\/p>\n<p><strong>Mme PICHON, n\u00e9e MARTIN Viviane<\/strong> &#8211; lundi 16 f\u00e9vrier &#8211; 14h30 La Clisse<\/p>\n<p><strong>Colonel Michel RIBOT &#8211; <\/strong>vendredi 13 f\u00e9vrier &#8211; 14h30 &#8211; Abbaye<\/p>\n<p><strong>M. TOURRAINE Paul <\/strong>&#8211; samedi 7 f\u00e9vrier &#8211; 10h Saint Georges des Coteaux<\/p>\n<p><strong>Mme HUDRY n\u00e9e MENARD Suzanne &#8211; <\/strong>vendredi 6 f\u00e9v. &#8211; 14h30 &#8211; Fontcouverte<\/p>\n<p><strong>M. PRESSAC Pierre &#8211;<\/strong> vendredi 6 f\u00e9vrier &#8211; 14h30 Nieul les Saintes<\/p>\n<p><strong>Mme de LAMARLIERE, n\u00e9e CUVILLIER Bernadette<\/strong> &#8211; jeudi 5 f\u00e9vrier &#8211; 10h Saint Georges des Coteaux<\/p>\n<p><strong>M. LEVILLAIN Richard<\/strong> &#8211; jeudi 5 f\u00e9v. &#8211; 10h30 &#8211; Abbaye<\/p>\n<p><strong>Mme ALEXIU n\u00e9e CAZALET-MARTET Jeanine <\/strong>&#8211; jeudi 5 f\u00e9v. &#8211; 14h30 &#8211; La Chapelle des Pots<\/p>\n<p><strong>Mme GUYON VARCH, n\u00e9e HERVE Jo\u00eblle<\/strong> &#8211; jeudi 5 f\u00e9vrier &#8211; 14h30 Saint Vivien<\/p>\n<p><strong>Mme LUTAUD Bernadette <\/strong>&#8211; vendredi 30 janvier &#8211; 14h30 Les Gonds<\/p>\n<p><strong>M. FOUCH\u00e9 Christian &#8211;<\/strong> lundi 2 f\u00e9vrier &#8211; 14h30 &#8211; La Chapelle des Pots<\/p>\n<p><strong>Mme MALAIRAN Eliane<\/strong> &#8211; jeudi 29 janvier &#8211; 10h Thenac<\/p>\n<p><strong>Mme BELZANNE n\u00e9e SETIVEAU Fran\u00e7oise &#8211; <\/strong>jeudi 29 janvier &#8211; 14h &#8211; St Pallais<\/p>\n<p><strong>Mme BOUGNOT, n\u00e9e DROUET Lucienne &#8211; <\/strong>mardi 27 janvier &#8211; 10h30 Sainte Eustelle<\/p>\n<p><strong>Mme BUREAU n\u00e9e PARISOT Genevi\u00e8ve &#8211; <\/strong>vendredi 23 janvier &#8211; 14h30 &#8211; Chaniers<\/p>\n<p><strong>M. MICHAUD Pierre<\/strong> &#8211; jeudi 22 janvier &#8211; 15h Saint Georges des Coteaux<\/p>\n<p><strong>Mme de BREMOND d&rsquo;ARS, n\u00e9e LAMBERT de FONDEVILLE Ghislain<\/strong>e &#8211; mercredi 21 janvier &#8211; cimeti\u00e8re Saint Vivien<\/p>\n<p><strong>Mme RAFSTELLI Caterina &#8211;<\/strong> mercredi 21 janvier &#8211; 15h Saint Vivien<\/p>\n<p><strong>Mme ROGER, n\u00e9e LEMAIRE Christine<\/strong> &#8211; mardi 20 janvier &#8211; 14h Saint Georges des Coteaux<\/p>\n<p><strong>M. PELOTON Jacques &#8211; <\/strong>vendredi 16 janvier &#8211; 10h30 Saint Vivien<\/p>\n<p><strong>M. CHARLES Alain<\/strong> &#8211; vendredi 16 janvier &#8211; Chermignac<\/p>\n<p><strong>M. VITET Jo\u00ebl &#8211; <\/strong>jeudi 15 janvier &#8211; 10h Saint Vivien<\/p>\n<p><strong>Mme MARTORI, n\u00e9e TABARY Marie-Madeleine &#8211; <\/strong>jeudi 15 janvier &#8211; 13h30 Cr\u00e9matorium<\/p>\n<p><strong>M. CREUGNET Michel<\/strong> &#8211; Jeudi 15 janvier &#8211; 15h Varzay<\/p>\n<p><strong>Mme BON, n\u00e9e FOSSE Monique<\/strong> &#8211; mercredi 14 janvier &#8211; 10h La Clisse<\/p>\n<p><strong>Mme LARDEUR, n\u00e9e POLLINET<\/strong> &#8211; mercredi 14 janvier &#8211; 14h30 La Providence<\/p>\n<p><strong>M. LEJOSNE Louis<\/strong> &#8211; mardi 13 janvier &#8211; 14h30 Varzay<\/p>\n<p><strong>Mme MONGE, n\u00e9e LOISEAU Michelle<\/strong> &#8211; mardi 13 janvier &#8211; 15h Chermignac<\/p>\n<p><strong>Mme LAPENNE Christiane<\/strong> &#8211; mardi 13 janvier &#8211; 14h30 Saint Vivien<\/p>\n<p><strong>Mme AUDOUIN Anne-Marie &#8211;<\/strong> vendredi 9 janvier &#8211; 15h &#8211; Abbaye<\/p>\n<p><strong>Mme SAVARY, n\u00e9e DUMAS Raymonde &#8211; <\/strong>vendredi 9 janvier &#8211; 15h Saint Vivien<\/p>\n<p><strong>M. PENNETEAU Michel &#8211; <\/strong>mercredi 7 janvier &#8211; 15h30 Cr\u00e9matorium<\/p>\n<p><strong>Mme LAMARA Sylvie &#8211; <\/strong>mercredi 7 janvier &#8211; 14h45 Saint Vivien<\/p>\n<p><strong>M. GUILLON Bernard<\/strong> &#8211; mardi 6 janvier &#8211; 14h30 Saint Vivien<\/p>\n<p><strong>Mme BERTOT n\u00e9e PARIS Dominique <\/strong>&#8211; lundi 5 janvier &#8211; 14h30 &#8211; Chaniers<strong><br \/>M. ARSIVAUD Michel &#8211; <\/strong>lundi 5 janvier &#8211; 14h30 Varzay<\/p>\n<p><strong>M. PICHON Alfred<\/strong> &#8211; mercredi 31 d\u00e9cembre &#8211; 15h Thenac<\/p>\n<p><strong>M. DROUILLARD G\u00e9rard <\/strong>&#8211; lundi 29 d\u00e9cembre &#8211; 10h30 La Clisse<\/p>\n<p><strong>M. BERTHELOT Claude &#8211;<\/strong> lundi 29 d\u00e9cembre &#8211; 10h &#8211; \u00e9glise St Pallais<strong><\/strong><\/p>\n<p><strong style=\"font-size: 14px\">M. ROBIN Bernard &#8211; <\/strong><span style=\"font-size: 14px\">mercredi 24 d\u00e9cembre &#8211; 13h30 Cr\u00e9matorium<\/span><\/p>\n<p><span style=\"background-color: #ffffff;font-size: 14px;font-weight: bold\">M. LABARRE David<\/span>\u00a0&#8211; mardi 23 d\u00e9cembre &#8211; 15h Saint VIvien<\/p>\n<p><strong>M. MARTIN Pierre &#8211;<\/strong> vendredi 19 d\u00e9cembre &#8211;\u00a0 10h30 &#8211; Abbaye aux dames<\/p>\n<p><strong>M. DESNOYERS Didier &#8211; <\/strong>vendredi 19 d\u00e9cembre &#8211; 14h30 Pessines<\/p>\n<p><strong>M. CLUZAN Cyril &#8211;<\/strong> jeudi 18 d\u00e9cembre &#8211; 10h30 &#8211; Abbaye aux dames<\/p>\n<p><strong>Mme LAITAT, n\u00e9e HANNEUSE H\u00e9l\u00e8ne &#8211; <\/strong>mardi 16 decembre &#8211; 11h Ehpad les Pens\u00e9e de Jeanne<\/p>\n<p><strong>M. GUERIN Didier &#8211; <\/strong>mardi 16 d\u00e9cembre &#8211; 10h30 St Georges des Coteaux<\/p>\n<p><strong>Mme BONNEVIN, n\u00e9e ROBERT Paulette &#8211;<\/strong> Jeudi 11 d\u00e9cembre &#8211; 10h30 Les Gonds<\/p>\n<p><strong>Mme PAPI, n\u00e9e TRANQUARD Gilette &#8211; <\/strong>jeudi 11 d\u00e9cembre &#8211; 15h Saint Vivien<\/p>\n<p><strong>Mme LAMEDE, n\u00e9e NADAL Jos\u00e9e &#8211; <\/strong>mardi 9 d\u00e9cembre &#8211; 15h Courcoury<\/p>\n<p><strong>Mme SANSON-CARETTE Marinette &#8211; <\/strong>mardi 9 d\u00e9c. &#8211; 10h30 &#8211; Abbaye<\/p>\n<p><strong>M. DUHARD Pierre &#8211; <\/strong>lundi 8 d\u00e9cembre &#8211; 14h Courcoury<\/p>\n<p><strong>Mme HILT Marie-Fran\u00e7oise<\/strong> &#8211; jeudi 4 d\u00e9cembre &#8211; 14h30 Varzay<\/p>\n<p><strong>M. CALAMARI Xavier &#8211; <\/strong>jeudi 4 d\u00e9cembre &#8211; 10h Varzay<\/p>\n<p><strong>Soeur Jacqueline HANNIN &#8211; <\/strong>Vendredi 28 novembre &#8211; 11h Ehpad les pens\u00e9es de Jeanne<\/p>\n<p><strong>Mme MATHIEU Agn\u00e8s &#8211; <\/strong>vendredi 28 novembre &#8211; 15h30 Salle Etoile<\/p>\n<p><strong>Mme YVON, n\u00e9e FORESTAS Monique &#8211; <\/strong>jeudi 27 novembre &#8211; 15h Cath\u00e9drale Saint Pierre<\/p>\n<p><strong>M. PARROIS St\u00e9phane &#8211; <\/strong>Mercredi 26 novembre &#8211; 10h30 Pessines<\/p>\n<p><strong>Mme ISSANCHOU, n\u00e9e JOUA\u00a0 Michelle &#8211;<\/strong> vendredi 21 novembre &#8211; 14h30 Saint Georges des Coteaux<\/p>\n<p><strong>M. CHALLAT Robert &#8211; <\/strong>lundi 24 novembre &#8211; 14h Les Gonds<\/p>\n<p><strong>Mme SALIVE Monique &#8211; <\/strong>vendredi 21 novembre &#8211; 10h Saint Vivien<\/p>\n<p><strong>Mme ROBION Genevi\u00e8ve, n\u00e9e ANLIARD &#8211; <\/strong>jeudi 20 novembre &#8211; 14h30 Thenac<\/p>\n<p><strong>Mme ROY Arlette, n\u00e9e GUILLON &#8211;<\/strong> Jeudi 20 novembre &#8211; 10h30 Chapelle Saint Eustelle<\/p>\n<p><strong>Mme AUCLAIR Ren\u00e9e &#8211; <\/strong>jeudi 20 novembre &#8211; 10h30 Courcoury<\/p>\n<p><strong>M. Le MOING Edouard &#8211;<\/strong> mercredi 19 nov.\u00a0 &#8211; 14h30 &#8211; Abbaye<strong><br \/>Mme ROULLEAU Annie &#8211; <\/strong>mardi 18 novembre &#8211; 10h30 Courcoury<\/p>\n<p><strong>M. SUZARTE Guy<\/strong> &#8211; jeudi 13 novembre &#8211; 15h Chapelle Sainte Eustelle<\/p>\n<p><strong>Mme GUEGAN Murielle, n\u00e9e CARETTE<\/strong> &#8211; jeudi 13 novembre &#8211; 15h Saint Vivien<\/p>\n<p><strong>M. RENARD Jean-Pierre <\/strong>&#8211; jeudi 13 novembre &#8211; 10h30 &#8211; St Pallais<\/p>\n<p><strong>M. ROMAIN Patrice &#8211; <\/strong>mercredi 12 novembre &#8211; 14h30 &#8211; Abbaye<strong><\/strong><\/p>\n<p><strong style=\"font-size: 14px\">M. GUERIN Patrick<\/strong><span style=\"font-size: 14px\"> &#8211; lundi 10 novembre &#8211; 14h30 Courcoury<\/span><strong><\/strong><\/p>\n<p><strong>Mme COUMES n\u00e9e ABELY Fran\u00e7oise &#8211; <\/strong>vendredi 7 novembre &#8211; 15h &#8211; Abbaye<strong><\/strong><\/p>\n<p>M<strong>me PELLO Marguerite, n\u00e9e LECERC<\/strong> &#8211; vendredi 7 novembre &#8211; 16h Saint Vivien<\/p>\n<p><strong>Mme LAMBERT Fran\u00e7oise<\/strong> &#8211; vendredi 7 novembre &#8211; 10h Saint Vivien<\/p>\n<p><strong>Mme GIRAUDET Claudette,<\/strong> <strong>n\u00e9e RIVIERE &#8211; <\/strong>vendredi 7 novembre 14h30 Saint Vivien<\/p>\n<p><strong>M. ROBERT Romuald &#8211; <\/strong>jeudi 5 novembre<strong> &#8211; <\/strong>10h30 Cath\u00e9drale Saint Pierre<strong><\/strong><\/p>\n<p><strong>Mme LEBEAUD n\u00e9e PIERRE Paulette &#8211;\u00a0 <\/strong>Mercredi 5 nov. &#8211; 14h30 Chaniers<strong><\/strong><\/p>\n<p><strong>M. LAMY Jean<\/strong> &#8211; mardi 4 novembre &#8211; 10h30 Saint Vivien<\/p>\n<p><strong>Mme FEVRIER Fran\u00e7oise<\/strong> &#8211; lundi 3 novembre &#8211; 10h30 Ecurat<\/p>\n<p><strong>Mme GAUTHIER France <\/strong>&#8211; lundi 3 nov. &#8211; 14h30 &#8211; Abbaye<\/p>\n<p><span style=\"text-decoration: underline;font-size: large\"><strong>OBS\u00e8QUES de l&rsquo;ann\u00e9e nov 2025 au 31 octobre 2026<\/strong><\/span><strong>\u00a0 : ci-dessus<\/strong><\/p>\n<p>[\/et_pb_text][\/et_pb_column][\/et_pb_row][\/et_pb_section]<\/p>\n","protected":false},"excerpt":{"rendered":"<p>M. MENEAU Edmond &#8211; lundi 4 mai &#8211; 11h Saint Vivien Mme LAHAY, n\u00e9e CALMETS Betty &#8211; mercredi 29 avril &#8211; 14h30 Thenac M. THOMAS Maurice &#8211; lundi 27 avril [&hellip;]<\/p>\n","protected":false},"author":1,"featured_media":0,"parent":4200,"menu_order":0,"comment_status":"closed","ping_status":"closed","template":"","meta":{"_et_pb_use_builder":"on","_et_pb_old_content":"<!-- wp:paragraph -->\n<p>Mme ROBIN Annette - jeudi 2 mai 10h Sainte Eustelle<\/p>\n<!-- \/wp:paragraph -->\n\n<!-- wp:paragraph -->\n<p><strong>M. BASTART Ren\u00e9<\/strong> - jeudi 21 septembre 10h30 Les Gonds<br><strong>Mme PIGNON Marie-Andr\u00e9e<\/strong> - Jeudi 21 septembre 10h Nieul les Saintes<br><strong>M. CUISSET Alain<\/strong> - mardi 19 septembre 14h30 Sainte Eustelle<br><strong>Mme THERON Gillette, n\u00e9e ROBIN<\/strong> - lundi 18 septembre 15h Cath\u00e9drale Saint Pierre<br><strong>M. BRAULT Jean-Fran\u00e7ois<\/strong> - lundi 18 septembre<br><strong>M. VAN DEN BROEK Christian <\/strong>- samedi 16 septembre 10h30 Saint Vivien<br><strong>M. ASSERE Jean<\/strong> - vendredi 15 septembre <br><strong>Mme CRAVALLEE \u00a0 Jeannine n\u00e9e PAPON<\/strong> -\u00a0  Jeudi 14 septembre \u00e0 10h -  Chaniers<br><strong>M. CAILLAUD Claude<\/strong> - jeudi 14 septembre 10h30 Nieul les Saintes<br><strong>M. LE GALL Guy<\/strong> - jeudi 14 septembre<br><strong>Mme REDON Jacqueline, n\u00e9e VIEL<\/strong> - mardi 12 septembre 10h30 Saint Vivien<br><strong>Mme  BEAU Paulette n\u00e9e GOIS<\/strong>  \u00a0-  Vendredi 8 septembre -14h30 - Abbaye<br><strong>M. GUEGUENOU Claude<\/strong> - vendredi 8 septembre 10h Sainte Eustelle<br><strong>Mme DENAULES Jamine, n\u00e9e LAPREE<\/strong> - jeudi 7 septembre <br><strong>M. GUERIN Jean-Pierre<\/strong> - mardi 5 septembre 10h30 Chermignac<br><strong>M. PLAZIAC Pierre<\/strong> - lundi 4 septembre 10h cath\u00e9drale Saint Pierre<br><strong>Mme  JOSEPH Marie-Claire n\u00e9e MARCHAND<\/strong> -\u00a0 vendredi 1er septembre \u00e0 15h - Fontcouverte<br><strong>M. HERLORY Jean-Fran\u00e7ois<\/strong> - vendredi 1er septembre<br><strong>Mme MORISSON Yvette, n\u00e9e HAURY<\/strong> - Vendredi 1er septembre 10h30 Ecurat<br><strong>Mme  VAUDON <strong>Simonne<\/strong><\/strong> <strong>n\u00e9e BOULANGER <\/strong> -  \u00a0jeudi 31 ao\u00fbt \u00e0 15h - \u00e9glise st Pallais<br><strong>Mme JAMILLOUX Jacqueline, n\u00e9e VIOLLEAU <\/strong>- jeudi 31 ao\u00fbt<br><strong>M. DUTRAIT Jean-Christian<\/strong> - jeudi 31 ao\u00fbt<br><strong>M. TACHON Dominique<\/strong> - jeudi 31 ao\u00fbt 10h30 Courcoury<br><strong>M. FOIN Alexis<\/strong> - mercredi 30 septembre 10h les Gonds<br><strong>Mme MAURE Annick, n\u00e9e DUPUIS <\/strong>- mardi 29 ao\u00fbt 14h30 Ste Eustelle<br><strong>M. GALLARDO Lucien<\/strong> - lundi 28 ao\u00fbt<br><strong>Mme DESCAILLAUX Nicole, n\u00e9e KLEIN <\/strong>- vendredi 25 ao\u00fbt 10h30 Saint Vivien<br><strong>Mme GAUTHIER  Christine<\/strong> - mardi 22 ao\u00fbt - 14h30 - La Chapelle des Pots<br><strong>M. RENOUARD Guy<\/strong> - mardi 22 ao\u00fbt<br><strong>Mme ROGEON n\u00e9e CAILLE Blanche<\/strong> - lundi 21 ao\u00fbt - 14h30 - Chaniers<br><strong>Mme GONNIN n\u00e9e PHILIPPS<\/strong> <strong>Simone <\/strong>- lundi 21 ao\u00fbt - 10h30 - Abbaye<br><strong>M. BRANGER Alain<\/strong> - samedi 19 ao\u00fbt<br><strong>Mme MIDAVAINE Anita<\/strong> <strong>n\u00e9e LENOURY<\/strong> - mercredi 16 ao\u00fbt - 10h30 - \u00e9glise St Pallais<br><strong>M. RENAUD Daniel <\/strong>- lundi 7 ao\u00fbt 15h Cath\u00e9drale Saint Pierre<br><strong>Mme SARDAIN Mich\u00e8le<\/strong> - vendredi 4 ao\u00fbt - Chaniers<br><strong>Mme SAUVANET Jacqueline<\/strong> - vendredi 4 ao\u00fbt - Abbaye<br><strong>Mme GUITTON Marie<\/strong> - vendredi 4 ao\u00fbt 10h Pessines<br><strong>Mme RATAUD Genevi\u00e8ve, n\u00e9e AIGOIN<\/strong> - vendredi 4 ao\u00fbt 10h Saint Vivien<br><strong>M. ROBERT Jean-Mary<\/strong> - jeudi 3 ao\u00fbt 15h Courcoury<br><strong>Mme ZENON Aur\u00e9lia, n\u00e9e GOTT<\/strong> - mercredi 2 ao\u00fbt <br><strong>Mme GAUTREAU Annie France n\u00e9e POMIAN<\/strong> - vendredi 28 juillet - Abbaye<br><strong>Mme DUPUIS Patricia<\/strong> - mardi 25 juillet 10h30 Saint Vivien<br><strong>M. RIBAUT Daniel<\/strong> - mardi 25 juillet<br><strong>Mme LAFAS Jeannine, n\u00e9e BIRET<\/strong> - lundi 24 juillet 14h Sainte Eustelle<br><strong>Mme BOUCHERIE Denise n\u00e9e FAVREAU<\/strong> - Vendredi 21 juillet - Abbaye<br><strong>M. CHASSERIAUD Christophe <\/strong> - vendredi 21 juillet 10h30 Sainte Eustelle<br><strong>Mme FAVREAU Jeanine, n\u00e9e JOGUET<\/strong> - vendredi 21 juillet 10h30 Saint Vivien<br><strong>M. PONTOIS Pascal<\/strong> - jeudi 20 juillet - 10h30 - St Pallais<br><strong>Mme GALERON Annick, n\u00e9e BRUN<\/strong> - mardi 18 juillet - 15h - St Pallais<br><strong>M. DUMAS Rober<\/strong>t - lundi 17 juillet<br><strong>M. RIMBAUD Aur\u00e9lien <\/strong>- juedi 13 juillet 10h Cath\u00e9drale Saint Pierre<br><strong>M. THOMAS Claude<\/strong> - jeudi 13 juillet<br><strong>M. PUYDOYEUX Maurice <\/strong>- jeudi 13 juillet 15h les Gonds<br><strong>M. VINET Roland<\/strong> - jeudi 13 juillet<br><strong>M. TROCHUT Michel<\/strong> - mardi 11 juillet 14h30 Chermignac<br><strong>M. ROUSSEAU Michel<\/strong> - mardi 11 juillet<br><strong>M. DURIS Claude <\/strong>- samedi 8 juillet<br><strong>Mme KULIC Jacqueline, n\u00e9e BUOL<\/strong> - vendredi 7 juillet 10h30 Chermignac<br><strong>M. LEDUCQ Jean-Louis <\/strong>- samedi 1er juillet<br><strong>Mme METREAU Patricia, n\u00e9e PASQUIER <\/strong>- vendredi 30 juin<br><strong>Mme GABORIT Ginette, n\u00e9e PUAUD <\/strong>- jeudi 29 juin 10h Thenac<br><strong>Mme NOURAUD Annie<\/strong> - samedi 24 juin 10h Ste Eustelle<br><strong>Mme HEARD Claudette, n\u00e9e BRUNG <\/strong>- vendredi 23 juin 15h Varzay<br>M<strong>me POURPOINT Simonne -<\/strong> vendredi 23 juin<br><strong>M. CAMERY Jacky <\/strong>- vendredi 23 juin<br><strong>M. FAURE Jacques<\/strong> - mercredi 21 juin 15h Saint Vivien<br><strong>Mme AUDAIRE Viviane, n\u00e9e BARONNET<\/strong> - mardi 20 juin 10h30 Courcoury<br><strong>M. MARSAY Henri -<\/strong> vendredi 16 juin 10h Nieul les Saintes<br><strong>M. GOYEAU Jean-Claude<\/strong> - vendredi 16 juin - 15h - Abbaye<br><strong>Mme MARTIN Micheline, n\u00e9e GUIMOTEAUD<\/strong> - jeudi 15 juin <br><strong>Mme MOUILLOT Colette<\/strong> - jeudi 15 juin - 14h30 - Fontcouverte<br><strong>Mme RATEAU Michelle, n\u00e9e  LAGARDE<\/strong> - mercredi 14 juin<br><strong>M. PONTOIS Guy<\/strong> - mercredi 14 juin - 10h - Abbaye <br><strong>M. LOUBES Jean-Marie<\/strong> - mardi 13 juin 10h Cath\u00e9drale Saint Pierre<br><strong>M. CHAUVIN Guy<\/strong> - lundi 12 juin<br><strong>M. POULAIN Michel<\/strong> - jeudi 8 juin <br><strong>Mme PAINTRAULT Simone <\/strong>- jeudi 8 juin 15h Varzay<br><strong>Mme MARTIN Marie-Isabelle<\/strong> - jeudi 8 juin 15h Cath\u00e9drale Saint Pierre<br><strong>M. KHELIF Amar<\/strong> - mercredi 7 juin<br><strong>M. LARELLE Fran\u00e7ois<\/strong> - mercredi 7 juin<br><strong>Mme LALEU n\u00e9e PLUCHON Christiane<\/strong> - mardi 6 juin - 10h30 - Abbaye<br><strong>Mme VILLEUR Giselle<\/strong> - samedi 3 juin<br><strong>Mme PETIT Odette<\/strong> - vendredi 2 juin<br><strong>M. ROUYER Claude<\/strong> - mercredi 31 mai 10h30 Saint Vivien<br><strong>M. BOUCHAIN Etienne<\/strong> - mardi 30 mai -  15h - Bussac\/Chte<br><strong>M. DESNOYER Alai<\/strong>n - vendredi 26 mai 15h Pessines<br><strong>Mme ESTRADE n\u00e9e DABEK Eug\u00e9nie<\/strong> - vendredi 26 mai - 10h30 - Abbaye<br><strong>Mme POUPARD n\u00e9e CORBINEAU Lucie<\/strong> - jeudi 25 mai - 10h30 - Chaniers<br><strong>Mme SUZARTE Rose, n\u00e9e BAYONA<\/strong> - Jeudi 25 mai 10h30 Sainte Eustelle<br><strong>M. DUPUY Jean-Luc <\/strong>- mercredi 24 mai - 10h30 -  Chaniers<br><strong>M. JAROUSSEAU Andr\u00e9 <\/strong>- lundi 22 mai<br><strong>Mme BARREAU Julienne, n\u00e9e PIASECZNY<\/strong> - mercredi 17 mai<br><strong>Mme RATEAU Anne-Marie<\/strong> - mercredi 17 mai 10h30 Courcoury<br><strong>M. COUTEAU Gilbert <\/strong>- jeudi 11 mai - 10h30 - Bussac<br><strong>Mme GERBAUD Anne-Marie<\/strong> - lundi 15 mai 14h30 Saint Vivien<br><strong>Mme DESNOYERES Anne-Marie, n\u00e9e MONTILLON<\/strong> - vendredi 5 mai 15h Pessines<br><strong>Mme AURIOL Jacqueline, n\u00e9e COURAUD<\/strong> - jeudi 4 mai 14h Caath\u00e9drale Saint Pierre<br><strong>Mme BARBIER Nathalie<\/strong> - mardi 2 mai<br><strong>M. ARQUE Georges<\/strong> - mardi 18 avril - 10h30 - \u00e9glise st Pallais <br><strong>Mme PORTET Liliane n\u00e9e BELAIN<\/strong> - mardi 18 avril - 10h30 - Abbaye<br><strong>Mme GENCE Betty, n\u00e9e BERG <\/strong>- lundi 17 avril<br><strong>M. STRIEBIG Jacques<\/strong> - vendredi 14 avril 15h Saint Vivien<br><strong>Mme RIPPE Patricia, n\u00e9e HOCQUARD<\/strong> - vendredi 14 avril 15h Cath\u00e9drale Saint Pierre<br><strong>Mme SAUTREUIL Christiane, n\u00e9e LE BEUX<\/strong> - vendredi 14 avril<br><strong>M. DUPHIL Jean-Luc<\/strong> - jeudi 13 avril - 10h30 - Abbaye aux dames<br><strong>M. SOLLEAU Pierre <\/strong>- jeudi 13 avril 15h Saint Vivien<br><strong>Mme COULAUD Huguette, n\u00e9e VOIN<\/strong> - mercredi 12 avril 10h30 Saint Vivien<br><strong>M. de KETELAERE Jacques <\/strong>- vendredi 7 avril 10h30 Varzay<br><strong>Mme CHABROL Mich\u00e8le, n\u00e9e TRAINEAU<\/strong> - vendredi 7 avril<br><strong>M. DELAN Alain<\/strong> - jeudi 6 avril 15h Saint Vivien<br><strong>Mme LEVEQUE Michelle, n\u00e9e ROBUCHON<\/strong> - mercredi 5 avril 15h30 Cath\u00e9drale Saint Pierre<br><strong>M. CHEVALLIER Michel<\/strong> - mardi 4 avril 14h30 Sainte Eustelle<br><strong>M. PUJOL G\u00e9rard<\/strong> - lundi 3 avril 10h30 Saint Vivien<br><strong>M. LOUFTALET-LACOURETTE Guy<\/strong> - samedi 1er avril<br><strong>M. BEGUERIE Jean-Claude<\/strong> - jeudi 30 mars 14h30 Saint Vivien<br><strong>Mme TEXIER n\u00e9e PETORIN Andr\u00e9e<\/strong> - mardi 28 mars - 10h30 - Abbaye aux Dames<br><strong>Mme VASNER Colette, n\u00e9e LACOMBE <\/strong>- lundi 27 mars<br><strong>Mme BACON n\u00e9e BARBOT Simone<\/strong> - lundi 27 mars - 15h - Chaniers<br><strong>M. ROZIER Pierre<\/strong> - vendredi 24 mars 15h<br><strong>Mme BERTRAND Gisette, n\u00e9e MARTEAU<\/strong> - jeudi 23 mars 15h Varzay<br><strong>M. GUILMINEAU Jacque<\/strong>s - jeudi 23 mars<br><strong>Mme COTRAUD Paulette, n\u00e9e BLANCHARD<\/strong> - jeudi 23 mars 15h Pessines<br><strong>M. DAUVERGNE Alain<\/strong> - mercredi 23 mars 15h30 Cath\u00e9drale Saint Pierre<br><strong>M. MERCIER Claude - <\/strong>mercredi 22 mars 15h St Georges des Coteaux<br><strong>Mme MOYNE Suzanne, n\u00e9e RATEAU<\/strong> - mardi 22 mars Thenac<br><strong>Mme BONJEAN n\u00e9e LE BRIS Lucienne<\/strong> - vendredi 17 mars - 10h30 - Abbaye<br><strong>M. BERTRAND Henri <\/strong>- jeudi 16 mars 15h Saint Vivien<br><strong>M. EMEILLANT Maurice<\/strong> - mercredi 15 mars 15h Saint Vivien<br><strong>M. MORNET Henri<\/strong> - mardi 14 mars - 14h30 -  Fontcouverte -<br><strong>Mme GRENON  n\u00e9e GIRARD<\/strong>  <strong>Monique<\/strong> - mardi 14 mars - 10h30 - Chaniers<br><strong>Mme BASTART Denise, n\u00e9e BREGEAUT <\/strong>- maradi 14 mars les Gonds<br><strong>M. CHEVALIER G\u00e9rard -<\/strong> lundi 13 mars 10h30 Cath\u00e9drale Saint Pierre<br><strong>Mme DAVILLER n\u00e9e SERPAUD Christiane<\/strong>\u00a0 -  lundi 13 mars -  15h - Abbaye <br><strong>Mme SICARD  n\u00e9e DESCHAMPS<\/strong> <strong>Simone<\/strong>\u00a0- lundi 13 mars  - 10h30 - Fontcouverte<br><strong>Mme DUBOIS Bernadette, n\u00e9e DUCROT<\/strong> - vendredi 10 mars 10h Saint Vivien<br><strong>M. EURIEULT Paul <\/strong>- vendredi 10 mars<br><strong>Mme VIENNE Colette<\/strong> - vendredi 10 mars - 14h30 - Abbaye<br><strong>M. SOUCHARD Guy<\/strong> - vendredi 10 mars - 10h30 - Bussac<br><strong>Mme GRELARD Monique, n\u00e9e SOULICE<\/strong> - jeudi 9 mars 14h30 Ecurat<br><strong>Mme RAVET Magalie<\/strong> - Jeudi 9 mars 15h30 Les Gonds<br><strong>M. BOINARD Claude<\/strong> - mardi 7 mars 10h Nieul les Saintes <br><strong>Mme PERIN Dany, n\u00e9e GABORIAUD<\/strong> - mardi 7 mars 14h30 Saint Georges des Coteaux<br><strong>Mme VIGIER Christianne n\u00e9e NAUD<\/strong>\u00a0- lundi 6 mars - 14h30 -  Abbaye aux dames<br><strong>Mme NAVARRO Georgette, n\u00e9e GIL<\/strong> - lundi 6 mars 10h30Saint Vivien<br><strong>M. PATRON Eric<\/strong> - jeudi 2 mars<br><strong>Mme ARCHAMBEAU Marie, n\u00e9e FUM\u00e9<\/strong> - mercredi 1er mars 15h30 Saint Vivien<br><strong>Mme DEROTTELEUR Violete, n\u00e9e NAUDAIN <\/strong>- mardi 28 f\u00e9vrier 15h30 Saint Vivien<br><strong>M. LAMBERT Jean <\/strong>- mardi 28 f\u00e9vrier 10h30 Chermignac<br><strong>M. GUILLAUD Jean<\/strong> -  mercredi 22 f\u00e9vrier - 15h - Bussac\/ Charente<br><strong>Mme BRASSEUR B\u00e9reng\u00e8re, n\u00e9e ARNAULD de SARTRE<\/strong> - mercredi 22 f\u00e9vrier 15h Nieul les Saintes<br><strong>M. FOUCHE Jean-Claude <\/strong>- mardi 21 f\u00e9vrier 10h30 Saint Vivien<br><strong>M. LOIRY Serge<\/strong> - lundi 20 f\u00e9vrier - 15h - St Vaize<br><strong>Mme BAUDRY Eveline, n\u00e9e TOUZEAU<\/strong> - vendredi 17 f\u00e9vrier 10h30 Saint Vivien<br><strong>M. VELLUET Mar<\/strong>c - vendredi 17 f\u00e9vrier <br><strong>M. ZASRA Gabriel<\/strong> - jeudi 6 f\u00e9vrier 10h30 Sainte Eustelle<br><strong>Mme ROUG\u00e9 Claudette n\u00e9e MECHAIN<\/strong>  ,  mercredi 15 f\u00e9vrier - 10h30 -  Chaniers<br><strong>Mme DEROO Pierrette, n\u00e9e FIAME<\/strong> - lundi 13 f\u00e9vrier <br><strong>M. RICHARD Jean-jacques<\/strong> - Vendredi 10 f\u00e9vrier 14h30 Varzay<br><strong>M. ROBION Roger <\/strong>- vendredi 10 f\u00e9vrier 15h Chermignac<br><strong>M. MEUNIER Gabriel <\/strong>- vendredi 10 f\u00e9vrier 10h30 Thenac<br><strong>M. TONNER Ren\u00e9<\/strong> - mardi 7 f\u00e9vrier 15h Saint Vivien<br><strong>M. GRAVELLE Jacky<\/strong>  -  lundi 6 f\u00e9vrier - 14h30 -  Chaniers<br><strong>Mme BOUCHEREAU Carmen, n\u00e9e VINET<\/strong> - lundi 6 f\u00e9vrier 10h Pessines<br><strong>M. HERMANT Robert <\/strong>- vendredi 3 f\u00e9vrier 10h30 St Georges des Coteaux<br><strong>M. GIRAUDOT Edmond<\/strong> - vendredi 3 f\u00e9vrier 15h30 Nieul les Saintes<br><strong>M. BESSON Jean-Pierre<\/strong> - vendredi 3 f\u00e9vrier 11h Cath\u00e9drale St Pierre<br><strong>Mme TEXIER Monique, n\u00e9e ROULLEAU <\/strong>- jeudi 2 f\u00e9vrier 15h Courcoury<br><strong>Mme GALEA  Yvette n\u00e9e CESARE <\/strong>- mercredi 1er f\u00e9vrier - 10h30 - Abbaye<br><strong>Mme GOEURY Ginette, n\u00e9e LOUTZ <\/strong>- mardi 31 janvier<br><strong>Mme BRECHET Paule n\u00e9e CHIRON<\/strong> - vendredi 27 janvier - 10h30 - Bussac<br><strong>M. DALOUCHE Claude<\/strong> - vendredi 24 janvier - 15h - Abbaye<br><strong>M. BIZET Jean-Michel<\/strong> - mercredi 25 janvier<br><strong>Mme URDIALES H\u00e9l\u00e8ne, n\u00e9e GONZALEZ<\/strong> - mercredi 25 janvier <br><strong>M. MORENO Daniel<\/strong> - mardi 24 janvier 15h St Georges des Coteaux<br><strong>M. MACAUD jean-Luc<\/strong> - mardi 24 janvier Sainte Eustelle<br><strong>Mme RAFFIN n\u00e9e PASQUIER Micheline<\/strong> - vendredi 20 janvier - 10h30 - Abbaye <br><strong>M. Jacques CHEVREAU<\/strong> - Vendredi 20 Janvier - 10h30 -  CHANIERS <br><strong>Mme BLIN Suzanne, n\u00e9e FAVRI <\/strong>- vendredi 20 janvier<br><strong>M. PELLIER James<\/strong> - jeudi 19 janvier 10h30 Saint Vivien<br><strong>M. LARDANCHET Alain<\/strong> - jeudi 19 janvier 15h Saint Vivien<br><strong>Mme GAUDUCHEAU  Gina n\u00e9e MAULAVE<\/strong> jeudi 19 Janvier  \u00e0 10h -   Abbaye <br><strong>Mme  RENAUD Claudette n\u00e9e JONCOURT<\/strong> Jeudi 19 Janvier \u00e0 14h30 \u00e0 l' Abbaye <br><strong>M. BAUDRY Jean-Claude<\/strong> - mercredi 18 janvier 10h30 Saint Vivien<br><strong>M. CHAILLOU Henri<\/strong> - mardi 17 janvier 14h30 Ecurat<br><strong>Mme TOUSSAINT Suzanne, n\u00e9e HILLAIRAUD<\/strong> - lundi 16 janvier 14h30 Chapelle Sainte Eustelle<br><strong>Mme MECHIN Jeanine, n\u00e9e JADEAU<\/strong> - vendredi 13 janvier 14h Thenac<br><strong>M. GUERRY Jean-Yves<\/strong> - vendredi 13 janvier - 14h30 - Fontcouverte<br><strong>Mme TISSERAND Andr\u00e9e<\/strong> - jeudi 12 janvier 15h Saint Vivien<br><strong>M. CHARRIER Jean<\/strong>, dit Michel - vendredi 6 janvier - 14h30 - Abbaye<br><strong>Mme MONNEAU Monique n\u00e9e PERRIER <\/strong>- vendredi 6 janvier - 10h30 - Abbaye<br><strong>M. PITEAU Philippe<\/strong> - jeudi 5 janvier - 10h - Abbaye<br><strong>M. LEVYFVE Daniel<\/strong> - jeudi 5 janvier 10h30 Saint Vivien<br><strong>M. BODIN Jean-Claude<\/strong> - mercredi 4 janvier 15h Nieul les Saintes<br><strong>2 0 2 3 <\/strong><\/p>\n<!-- \/wp:paragraph -->\n\n<!-- wp:paragraph -->\n<p><\/p>\n<!-- \/wp:paragraph -->\n\n<!-- wp:list -->\n<ul><!-- wp:list-item -->\n<li><strong>2 0 2  2 -<\/strong><br><strong>M. HAMARD G\u00e9rard<\/strong> - vendredi 30 d\u00e9cembre - 14h30 - St Pallais <br><strong>M. MARSAULT G\u00e9rard <\/strong>- vendredi 30 d\u00e9cembre 10h30 - Abbaye<br><strong>Milana WARACHE -<\/strong> jeudi 29 d\u00e9cembre 10h Chermignac<br><strong>Mme LABORIE Yvette, n\u00e9e PINAUD<\/strong> - jeudi 29 d\u00e9cembre 15h Cat\u00e9hdrale Saint Pierre<br><strong>Mme METEREAU Simonne n\u00e9e PERROCHEAU<\/strong> - jeudi 29 d\u00e9cembre - 10h30 - Chaniers<br><strong>Mme TAPON Yvette n\u00e9e ERIAU<\/strong> - mercredi 28 d\u00e9cembre - 14h30 - Chaniers<br><strong>Mme CHARLEUF Virginie <\/strong>- mercredi 28 d\u00e9cembre 10h Saint Vivien<br><strong>Mme PATRY Jannine, n\u00e9e REMBERT<\/strong> - mardi 27 d\u00e9cembre 15h Chermignac<br><strong>Mme DROUILLARD Simone, n\u00e9e TAILLASSON<\/strong> - vendredi 23 d\u00e9cembre 10h30 Les Gonds<br><strong>Mme BERNARD Gis\u00e8le, n\u00e9e CORCHAUD <\/strong>- vendredi 23 d\u00e9cembre 15h Saint Vivien<br><strong>M. BONASTRE Gilles<\/strong> - jeudi 22  d\u00e9cembre 14h30 Cath\u00e9drale Saint Pierre<br><strong>M. ROOS G\u00e9rard<\/strong> - jeudi 22 d\u00e9cembre 10h30<br><strong>Mme MOULINIER Pierrette-Marie n\u00e9e BLANCHET<\/strong> - jeudi 22 d\u00e9cembre - 10h30 -  La Chapelle des Pots<br><strong>Mme GUILLOT Gis\u00e8le n\u00e9e GAURIN<\/strong> - mercredi 21 d\u00e9cembre - 10h30 - St Pallais<br><strong>M. BOITEL Fran\u00e7ois<\/strong> - mercredi 21 d\u00e9cembre<br><strong>Mme GAILLOU Solange, n\u00e9e DUTIL<\/strong> - lundi 19 d\u00e9cembre - 15h (messe) - Abbaye<br><strong>M. ROGEON Jean<\/strong> - lundi 19 d\u00e9cembre - 14h30 - Chaniers<br><strong>M. GUINOUARD Michel<\/strong> - samedi 17 d\u00e9cembre - 10h30 - Chaniers<br><strong>Mme BOISSON Jacqueline, n\u00e9e TOURNEUR<\/strong> - vendredi 16  d\u00e9cembre<br><strong>Mme BOUCQ Micheline n\u00e9e BILLAUDEAU<\/strong> - vendredi 16 d\u00e9cembre - 10h30 - Abbaye<br><strong>M. TOURLOIS Andr\u00e9<\/strong> - jeudi 15 d\u00e9cembre 15h Saint Vivien<br><strong>M. PROUST Robert<\/strong> - mercredi 14 d\u00e9cembre 14h30 les Gonds<br><strong>M. PONCET Denis <\/strong>- mercredi 14 d\u00e9cembre<br><strong>Mme CHASSAGNE Paulette, n\u00e9e JUBERT<\/strong> - mardi 13 d\u00e9cembre 15h les gonds<br><strong>M. ALIGANT Andr\u00e9<\/strong> - mardi 13 d\u00e9cembre - 15h - Chaniers<br><strong>Mme ROBIN n\u00e9e GADREAU Bernadette<\/strong> - lundi 12 d\u00e9cembre - 10h30 - La Chapelle des Pots<br><strong>Mme PLANTARD Viviane, n\u00e9e COUSPILLAS <\/strong>- vendredi 9 d\u00e9cembre les Gonds<br><strong>Mme PALARD Marie<\/strong> - vendredi 9 d\u00e9cembre Saint Viven<br><strong>Mme BERNE Jeanine n\u00e9e SERRAN <\/strong>- mercredi 7 d\u00e9cembre - 15h - Fontcouverte<br><strong>M. BOIHEAUVILLE Lionnel<\/strong> - Lundi 5 d\u00e9cembre Thenac<br><strong>Mme GILLARDEAU Charlotte, n\u00e9e VIGNAUD<\/strong> - lundi 5 d\u00e9cembre Nieul les Saintes<br><strong>M. GOURSAUD Jean-Marcel<\/strong> - lundi 5 d\u00e9cembre Pessines<br><strong>Mme LAMOUR Liliane, n\u00e9e TERRADE<\/strong> - lundi 5 d\u00e9cembre<br><strong>M. JOLLY Pascal <\/strong>- vendredi 2 d\u00e9cembre - 15h - Chaniers<br><strong>M. AZEMA Gilbert <\/strong>- vendredi 2 d\u00e9cembre - 10h30 - Abbaye<br><strong>Mme PARASKEVA Paulette, n\u00e9e GAILLARD<\/strong> - lundi 28 novembre les Gonds<br><strong>M. ARNAULD des LIONS Jean-Claude<\/strong> - samedi 26 novembre Saint Vivien<br><strong>Mme MALLAT Colette n\u00e9e VRIET<\/strong> - vendredi 25 nov. - Fontcouverte<br><strong>Mme TOBIA Catherine n\u00e9e GINGRASSO<\/strong>  - jeudi 24 nov. - 15h45 - Abbaye<br><strong>M. PERALTA Albert<\/strong> - jeudi 24 novembre - 14h30 - Abbaye <br><strong>Mme LABOULY Arlette<\/strong>  - jeudi 24 nov.  - 10h30   - Chaniers<br><strong>Mme BOISNARD Ginette, n\u00e9e LOUINEAU<\/strong> - lundi 21 novembre 10h30 Varzay<br><strong>Mme GUERIN Anne, n\u00e9e PINSON<\/strong> - jeudi 17 novembre 10h St Georges des Coteaux<br><strong>Mme VINET Jeannine n\u00e9e LEBEAUD<\/strong> - mercredi 16 nov. - Abbaye<br><strong>Mme PINSONNEAU Madeleine, n\u00e9e GUESDOU<\/strong> - mercredi 16 novembre 10h30 St Georges des Coteaux<br><strong>M<\/strong>. <strong>ROULIN Guy<\/strong> - mercredi 16 novembre - 15h - Bussac\/ Charente<br><strong>Mme NEAUD Francette, n\u00e9e TOURGOUTIS<\/strong> - mercredi 9 novembre 15h Sainte Eustelle<br><strong>M. BASCLE Michel<\/strong> - jeudi 10 novembre - 16h - Fontcouverte<br><strong>Mme COUDRAY Yvette, n\u00e9e MARIE<\/strong> - jeudi 3 novembre<br><strong>Mme  ROGINSKI n\u00e9e DESAPHY Dani\u00e8le<\/strong> - mercredi 2 novembre \u00e0 10h30 - Abbaye<br><strong>M. MONJOU Guy<\/strong> - mercredi 2 novembre 10h30 Saint Vivien<br><strong>M. VOKA Olivier<\/strong> - Samedi 29 octobre <br><strong>M. RENAUD Paul <\/strong>- vendredi 28 octobre - 14h30 - Abbaye<br><strong>M. LAVIGNE Jean-Pierre <\/strong>- jeudi 27 octobre 10h Chermignac<br><strong>M. FRANCISCO Jacques<\/strong> - jeudi 27 oct. - 14h30 - Abbaye<br><strong>Mme TERRIEN Mireille, n\u00e9e RASIOA<\/strong> - mercredi 26 octobre 10h30 Saint Vivien<br><strong>Mme SOUMAGNAC n\u00e9e GERARD Marie-Th\u00e9r\u00e8se <\/strong> - lundi 24 oct. - 14h30 - Abbaye<br><strong>M. CHARNEAU Jacky<\/strong>  - Lundi 24 octobre<br><strong>M. CREMEL Jean-Claude <\/strong>- samedi 22 octobre <br><strong>Mme BUISSON Marie-No\u00eblle<\/strong> - vendredi 21 oct.  - 14h30 - Abbaye <br><strong>Mme DENIBAUD Marie-Claire, n\u00e9e AUBIN<\/strong> - vendrdi 21 octobre 10h30 Les Gonds<br><strong>Mme DAVOUST Jacqueline, n\u00e9e FOIRIEN<\/strong> - jeudi 20 octobre<br><strong>M. PUYENCHET C\u00e9dric<\/strong> - jeudi 20 octobre<br><strong>M. LAGARDE Gr\u00e9goire<\/strong> - jeudi 20 octobre - 15h - Bussac<br><strong>M. VINET  Aim\u00e9<\/strong>  -  jeudi 20 octobre - 10h30 - Abbaye<br><strong>M. LELEU Jacques<\/strong> - mercredi 19 octobre 10h30 Saint Vivien<br><strong>Mme CAUSSE Yvonne <\/strong>- mercredi 19 octobre - 17h <br><strong>Mme CALAMARI Jeanine, n\u00e9e VERMILLARD<\/strong> - mercredi 19 octobre 10h Varzay<br><strong>M. VIDAL Andr\u00e9<\/strong> - lundi 17 octobre 10h Chermignac<br><strong>M. MONTANGON&nbsp; Jean-Luc<\/strong> -  vendredi 14 octobre - 14h30 - Abbaye<br><strong>M. VEILLON Georges<\/strong> - vendredi 14 octobre 15h St Georges des Coteaux<br><strong>Mme BRUNET n\u00e9e ROUSSEAUD&nbsp;Jeannine<\/strong> -  jeudi 13 octobre \u00e0 10h30 - Abbaye<br><strong>Mme AUTIN T\u00e9r\u00e9nia, n\u00e9e KOMARNICKA<\/strong> - mercredi 12 octobre 10h Saint Vivien<br><strong>M. POTIRON Marcel<\/strong> - lundi 10 octobre 10h Saint Georges des Coteaux<br><strong>Mme CASTEL Colette, n\u00e9e GESLAIN<\/strong> - lundi 10 octobre 10h Saint Vivien<br><strong>M. CANCHON Jean<\/strong> - lundi 10 octobre 10h cath\u00e9drale Saint Pierre<br><strong>Mme ARSIVAUD Yvette, n\u00e9e POUPONNEAU<\/strong> - samedi 8 octobre 10h Varzay<br><strong>Mme NADEAU n\u00e9e LOIRY Odette<\/strong> - Vendredi 7 octobre - 10h - St Vaize<br> <strong>M. JEAN&nbsp;Robert<\/strong>   jeudi 6 octobre \u00e0 10h30 \u00e0 &nbsp;Fontcouverte<br><strong>M. CAUBET achille<\/strong> - vendredi 30 septembre 15h Saint Vivien<br><strong>M. ROFFE Henri<\/strong> - mercredi 28 sept. - 10h30 - Abbaye<br><strong>Mme CEINTURET n\u00e9e RENAUD Henriette<\/strong> - mardi 27 sept. - 15h - Abbaye<br><strong>M. TAIN Guy<\/strong> -  mardi 27 septembre \u00e0 10h30 - Abbaye<br><strong>Mme NICOLAS  n\u00e9e ROUCHER Mariannick <\/strong>- lundi 26 septembre - 14h30 -  la Chapelle des Pots<br><strong>M.  ANTONINI<\/strong>&nbsp; <strong>Jean -Michel<\/strong>  -  &nbsp;vendredi 23 septembre \u00e0 10h30 - Bussac<br><strong>M. ROULIN Francis<\/strong> - vendredi 23 septembre 15h les Gonds<br><strong>M. GARCIA Fran\u00e7ois<\/strong> - jeudi 22 septembre 15h Sainte Eustelle<br><strong>Mme MAURICE Jacqueline, n\u00e9e CHABOT<\/strong> - jeudi 22 septembre 10h Ecurat<br><strong>M. NOURRISSON Eric<\/strong> - jeudi 22 septembre<br><strong>M. BARREAU Andr\u00e9<\/strong> - mardi 20 septembre 14h30 Saint Pierre<br><strong>M. RICHAUDEAU Jacques<\/strong> - mardi 20 septembre 10h30 St Georges des Cx<br><strong>Mme GRENON Anita, n\u00e9e SEGUINOT<\/strong> - mardi 20 septembre <br><strong>M. MOREAU Andr\u00e9<\/strong> - lundi 19 septembre 10h30 Thenac<br><strong>Mme MATHIEU Paulette, n\u00e9e MONTILLON<\/strong> - lundi 19 septembre 15h30 Saint Vivien<br><strong>M. FURNARI Philippe<\/strong> - vendredi 16 septembre St Georges des Cx<br><strong>Mme LEBOUTET Michelle<\/strong> - jeudi 15 septembre<br><strong>M. BASTARD Paul<\/strong> - mardi 13 septembre - 15h - Chaniers<br><strong>Mme LABRANDE Genevi\u00e8ve<\/strong> - lundi 12 sept - 10h - Chapelle Ste Eustelle<br><strong>Mme MARCOUILLER n\u00e9e BOURDAGEAUD Jacqueline<\/strong> - jeudi 8 sept. - 14h30 - \u00e9glise St Pallais<br><strong>Mme LABADIE n\u00e9e RETOR\u00e9 Marie-Claude<\/strong> - jeudi 8 septembre - 9h30 - Cath\u00e9drale<br><strong>Mme MANDEAU n\u00e9e DAVID Blanche<\/strong> - mercredi 7 sept.  - 14h30 - \u00e9glise St Pallais<br><strong>M. Daniel RONDEAU<\/strong> - mardi 6 septembre - 14h30 - Fontcouverte<br><strong>Mme BARNET n\u00e9e MOULARD<\/strong> <strong>Marie-Th\u00e9r\u00e8se<\/strong> - mardi 6 septembre - 10h30 - Fontcouverte<br><strong>M. GENAT&nbsp;Jacky<\/strong> - samedi 3 septembre - 10h - Bussac sur charente<br><strong>M. VALLET Eric <\/strong>- mercredi 31 ao\u00fbt - 10h - Abbaye<br><strong>Mme BOISSINOT Rose n\u00e9e GARNIER<\/strong> - mardi 30 ao\u00fbt - 10h - St vaize<br><strong>M. MOUCHET Claude<\/strong> - lundi 22 ao\u00fbt \u00e0 10h30 - Chaniers<br><strong>M.  ROGINSKI Yves Eug\u00e8ne<\/strong>  -  vendredi 19 ao\u00fbt \u00e0 15h30 - Abbaye<br><strong>M. MOUCHON Josselin<\/strong> - mercredi 17 ao\u00fbt - 14h30 - Fontcouverte<br><strong>Mme NA\u00d4-QUANG<\/strong> <strong>Yvette<\/strong> - mardi 16 ao\u00fbt - 14h St pallais<br><strong>Mme DANIAUD n\u00e9e BESSON Yvette<\/strong> -vendredi 12 ao\u00fbt - Bussac<br><strong>M. FREJOUX Alain<\/strong> - jeudi 11 ao\u00fbt - 10h30 - Abbaye<br><strong>Mme HERBANE n\u00e9e AKBAL Jeanne<\/strong> - jeudi 11 ao\u00fbt - 15h - Abbaye<br><strong>Mme BARON n\u00e9e MENOT Ginette<\/strong> - lundi 8 ao\u00fbt - 15h - St Pallais<br><strong>M. MERGNAC Serge<\/strong> - vendredi 5 ao\u00fbt - 10h30 - Abbaye<br><strong>Mme PERDRIEAU Jeannine, n\u00e9e PROUTEAU<\/strong> - Samedi 30 juillet<br><strong>Mme THIMOGNE Yolande<\/strong> - vendredi 29 juillet 10h30 Saint Vivien<br><strong>Mme VRIET Sylvie<\/strong>, <strong>n\u00e9e MAYE<\/strong> - vendredi 29 juillet<br><strong>Mme DI MASCIO Pierrette n\u00e9e MARTINAUD<\/strong> - jeudi 28 juillet - 14h30 - Abbaye<br><strong>M. ROULLIER Pierre<\/strong>  -  25 juillet  - 14h30 -  Bussac<br><strong>Mme DELAGE  Marianne n\u00e9e GOUBERT<\/strong>&nbsp; -&nbsp; Vendredi 22 juillet - 10h30 - St Pallais<br><strong>M. CHOLLEY Pierre<\/strong> - jeudi 21 juillet 15h les Gonds<br><strong>Mme GAUDIN Ren\u00e9e, n\u00e9e POISVERT <\/strong>- jeudi 21 juillet 10h30 Varzay<br><strong>Mme GARRAUD Marcelle, n\u00e9e GENTY <\/strong>- mercredi 20 juillet 10h30 Ecurat<br><strong>M. ROUZO Andr\u00e9<\/strong> - mercredi 20 juillet 10h30 Saint Vivien<br><strong>M. ARNAUD Bruno<\/strong> - mercredi 20 juillet<br><strong>M. CHARTIER Jean-Pierre<\/strong> - mardi 19 h juillet 10h30 Chermignac<br><strong>Mme PERIN Helyett, n\u00e9e MOUHE <\/strong>- mardi 19 juillet 14h30 Les Gonds<br><strong>Mme PITARD Marie, n\u00e9e HACQUES <\/strong>- mardi 19 juillet<br><strong>Mme TROUVE Danielle, n\u00e9e LAMBERT<\/strong> - samedi 16 juillet 10h Chermignac<br><strong>Mme DURAND B\u00e9atrice, n\u00e9e GUIARD<\/strong> - vendredi 15 juillet 10h30 Saint Vivien<br><strong>M. BARREAU Claude <\/strong>- vendredi 15 juillet - 15h - \u00e9glise St Pallais<br><strong>Mme BOISSON Marie-Claire, n\u00e9e GAILLOT<\/strong> - mercredi 13 juillet 10h30 Nieul les Saintes<br><strong>M. RATEAU Guy<\/strong> - mercredi 13 juillet 15h Nieul les Saintes<br><strong>Mme PACAUD Mauricette, n\u00e9e DUBOIS <\/strong>- mercredi 13 juillet 10h30 Saint Vivien<br><strong>Mme BOISSON Marie-Claire , n\u00e9e GAILLOT<\/strong> - mercredi 13 juillet 10h30 Nieul les Saintes<br><strong>M. RATIER Paul<\/strong> - mardi 12 juillet 10h30 Saiant Vivien<br><strong>Mme CLAUDE Denise, n\u00e9e GUE<\/strong> - mardi 12 juillet<br><strong>M. CHAPRON Pierre<\/strong> - lundi 11 juillet<br>M<strong>me PEYROT Ginette, n\u00e9e BILLON<\/strong> - vendredi 8 juillet 15h Saint Vivien<br><strong>Mme GUIONNET n\u00e9e SOURIS Pierrette<\/strong> - jeudi 7 juillet - 15h -  \u00e9glise St Pallais<br>Mme <strong>BEAUVOIT Ginette, n\u00e9e LUCAS<\/strong> - mercredi 6 juillet 14h30 Les Gonds<br><strong>Mme PEYROT Ginette, n\u00e9e BILLON<\/strong> - vendredi 8 juillet cath\u00e9drale Saint Pierre<br><strong>Mme MOULARD n\u00e9e PIOCHAUD Marie-Th\u00e9r\u00e8se<\/strong> - vendredi 1er juillet - La Chapelle des Pots<br><strong>M. PINEAU Alain<\/strong> - 30 juin - 10h30 - Abbaye<br><strong>M. BOURGEX Tony<\/strong> - lundi 27 juin - 15h - Chaniers<br><strong>Mme BOUET Claudie, n\u00e9e MARMELSZTEJN <\/strong>- samedi 25 juin 10h30 Saint Vivien<br><strong>M. DRAPEAU Francis<\/strong> - jeudi 23 juin<br><strong>Mme GUILLAUD n\u00e9e MOUNIER Jeanine <\/strong>- lundi 20 juin - 10h - Bussac<br><strong>M. LEMA\u00ceTRE Claude <\/strong>- lundi 20 juin - 10h30 - Abbaye<br><strong>Mme DESSAL T<\/strong>h<strong>\u00e9r\u00e8se, n\u00e9e DUFOUR<\/strong> - vendredi 17 juin 10h30 Sainte Eustelle<br><strong>Mme PICHARD Marcelle - <\/strong>vend. 17 juin 15h - Chaniers<strong><br>M. BOUDET William<\/strong> - jeudi 16 juin - 15h - Abbaye<br><strong>M. CORBINEAU Claude<\/strong> - lundi 13 juin - 15h - Abbaye<br><strong>Mme TOURET Jeanine, n\u00e9e ALLAIRE<\/strong> - samedi 11 juin 10h Varzay<br><strong>M. GARNIER Thierry<\/strong> - vend. 10 juin - 15h - Abbaye<br><strong>M. MATHIEU Guy<\/strong> - jeudi 9 juin 16h30 Saint Vivien<br><strong>M. CASTEL Aldo<\/strong> - mercredi 8 juin 15h Saint Vivien<br><strong>Mme BARDEAU n\u00e9e GUERRY Paulette <\/strong>- mardi 7 juin - 15h - Abbaye<br><strong>M. BORDES Jean-Michel<\/strong> - vendredi 3 juin 14h30 Les Gonds<br><strong>M. LEIBBRAND Hermann<\/strong> - vendredi 3 juin  - 15h - Abbaye <br><strong>Mme GATINAUD Marcelle, n\u00e9e LATREUILLE <\/strong>- vendredi 27 mai 15h Thenac<br><strong>M. VIGNAUD Bernard<\/strong> - vendredi 27 mai 15h Saint Vivien<br><strong>M. CHARLEUF Andr\u00e9<\/strong> - vendredi 27 mai<br><strong>M. LEFEBVRE Gilbert<\/strong> - vend. 27 mai - 10h30 - Abbaye<br><strong>M. PEYTOUR Jean<\/strong> - mercredi 25 mai 15h Saint Vivien<br><strong>M. CANTOR Michel <\/strong>- mercredi 25 mai - 10h - Abbaye<br><strong>M. SCHLESSER Maurice <\/strong>- mardi 24 mai- 10h30 - Abbaye<br><strong>M. FOURTOUILL Francis<\/strong> - vendredi 20 mai 10h Saint Vivien<br><strong>Mme PICHARD  Yvonne n\u00e9e ETOURNEAU<\/strong> - jeudi 19 mai - 10h30 - Chaniers<br><strong>Mme RATIER Jeanne, n\u00e9e RAMAT<\/strong> - jeudi 19 mai 10h30 Saint Vivien<br><strong>M. AOUSTIN Jacques<\/strong> - jeudi 19 mai<br>Mme <strong> COINDREAU<\/strong> <strong>Raymonde <\/strong> &nbsp;- Vendredi 13 mai - 14h30 - \u00e9glise Saint Pallais<br><strong>M. FUCHS Jean-Luc<\/strong> - mercredi 11 mai 10h30 Cath\u00e9drale Saint Pierre<br><strong>Mme COUTURE Micheline<\/strong> - Mercredi 11 mai<br><strong>M. FAVEAU Guillaume<\/strong> - mardi 10 mai 10h Varzay<br><strong>M. BERTIN Claude<\/strong> - mardi 10 mai 14h Saint Georges des Coteaux<br><strong>Mme ZENHAKER Suzanne<\/strong> - mardi 10 mai<br><strong>Mme ROYER Paulette, n\u00e9e PAILLARD<\/strong> - lundi 9 mai 15h Saint Vivien<br><strong>Mme ALENDA maraie-Juliette, n\u00e9e CAPDERROQUE<\/strong> - vendredi 6 mai 10h30 Chermignac<br><strong>M. LAFFARGUE Philippe <\/strong> - vendredi 6 mai 15h Saint Vivien<br><strong>Mme COMMEAU n\u00e9e CHAPELLE Irma<\/strong> - vendredi 6 mai - 14h30 - Abbaye<br><strong>M. DIEUL Roger<\/strong> - jeudi 5 mai - 15h - Chaniers<br><strong>Mme DESNOYERS Anne-Marie<\/strong> - vendredi 5 mai 15h Pessines<br><strong>Mme AURIOL Jacqueline, n\u00e9e COURAUD<\/strong> - jeudi 4 mai 14h Cath\u00e9drale Saint Pierre<br><strong>M. VIGNAUD Claude<\/strong> - mardi 3 mai 10h Saint Georges des Coteaux<br><strong>M. VIGNAUD Claude<\/strong> - lundi 2 mai 15h Saint Georges des Coteaux<br><strong>Mme BARBIER Nathali<\/strong>e - mardi 2 mai<br><strong>M. BIDEAULT Eric<\/strong> - Vendredi 29 avril 10h30 Saint Vivien<br><strong>Mme PELLISSIER Micheline, n\u00e9e RAINE<\/strong> - jeudi 28 avril 14h30 Saint Vivien<br><strong>M. BROCH Andr\u00e9<\/strong> - jeudi 28 avril - 15h - Abbaye<br><strong>M. BARRERE Jean<\/strong> - mercredi 27 avril - 10h - Abbaye<br>M. <strong>ALLEMAND Andr\u00e9<\/strong> - mardi 26 avril<br><strong>Mme BLANCHARD Pierrette<\/strong> - lundi 25 avril - Cimeti\u00e8re Chaniers<br><strong>Mme MACHEFERT Marie, n\u00e9e CHASSEUIL<\/strong> - jeudi 21 avril 14h30 St Georges des Coteaux<br><strong>M. MARTIN Christian<\/strong> - jeudi 21 avril<br><strong>Mme PERRIER Pierrette, n\u00e9e DESSANDIER<\/strong> - mercredi 20 avril 13h45 Cath\u00e9drale Saint Pierre<br><strong>M. LEFORT Francis<\/strong> - mercredi 20 avril 14h30 Varzay<br><strong>M. BOUCHER Philippe <\/strong>- mercredi 20 avril<br><strong>M. LABARTHE Fran\u00e7ois<\/strong> - mardi 19 avril 10h30 Ecurat<br><strong>Mme DURAND Jeanne, n\u00e9e FONTAINE <\/strong>- vendredi 15 avril 15h Nieul les Saintes<br><strong>M. PARLANGE Pierre<\/strong> - jeudi 14 avril  - 10h30 - Abbaye<br><strong>M. BOURDRON Kellermann<\/strong> - mercredi 15 avril<br><strong>Mme DROUILLAUD Marie-Monique<\/strong> - mercredi 13 avril - 15h - Abbaye aux Dames<br><strong>Mme ROY Reine, n\u00e9e CAILLIE<\/strong> - lundi 11 avril 15h les Gonds<br><strong>Mme PERNAT Ren\u00e9e, n\u00e9e ROHOU<\/strong> - lundi 11 avril<br><strong>M. GRENON G\u00e9rard <\/strong> -  lundi 11 avril - 10h30 - Chaniers<br><strong>Mme LAUMONT Claudette<\/strong> - vend. 8 avril - 14h30 - Abbaye aux Dames<br><strong>Mme FILLASTRE Christiane, n\u00e9e LANOE<\/strong> - jeudi 7 avril 14h30 Saint Vivien<br><strong>M. LETESTU Pierre<\/strong> - mardi 5 avril 16h Saint Vivien<br><strong>Mme VINET Marie-Claude<\/strong> - mardi 5 avril 14h30 Saint Vivien<br><strong>Mme JOUBERT Pierrette<\/strong> - lundi 4 avril - 14h30 - Abbaye<br><strong>M. CROQUET Michel<\/strong> - lundi 4 avril<br><strong>Mme CHOMETTE Eliane, n\u00e9e BONNET <\/strong>- vendrdi 1er avril<br><strong>Mme LEROUX Liliane, n\u00e9e LHOIRY<\/strong> - vendredi 1er avril 10h30 Saint Vivien<br><strong>Mme DA CONCEICAO - TAVARES Aurora, n\u00e9e TAVARES DA SILVA<\/strong> - jeudi 31 mars<br><strong>Mme JEAN Jeannine, n\u00e9e ROYER<\/strong> - mercredi 30 mars<br><strong>Mme FRADET n\u00e9e TOURNEUR<\/strong> <strong>Annie<\/strong> - Mercredi 30 mars - 10h30 - Chaniers<br><strong>M. CHASTANIER Yves<\/strong> - mardi 29 mars<br><strong>M. DE SOUZA Comlav<\/strong>i - lundi 28 mars 15h Saint Vivien<br><strong>Mme HERAUD Evelyne, n\u00e9e PAULINI <\/strong>- lundi 28 mars 11h cimeti\u00e8re Saint Vivien<br><strong>Mme MINIAUX Anne-Marie, n\u00e9e DELANGRE<\/strong> - lundi 28 mars 14h30 Ste Eustelle<br><strong>Mme LEJAMBLE n\u00e9e DEVANNE Anne-Marie <\/strong>- vend. 25 mars - 16h - Abbaye<br><strong>M. BOULAND Andr\u00e9 <\/strong>- jeudi 24 mars 16h<br><strong>Mme LEJOSNE Jannine, n\u00e9e DAVID<\/strong> - mercredi 23 mars 10h Varzay<br><strong>M. ROUDIER Claude<\/strong> - mardi 22 mars 10h30 Varzay<br><strong>Mme COURTOIS Gilberte, n\u00e9e BODIN<\/strong> - lundi 21 mars 10h30 Nieul les Saintes<br><strong>Mme LEMA Consuelo, n\u00e9e TORRES<\/strong> - vendredi 18 mars 10h30 Saint Vivien<br><strong>Mme BILLOT Christiane, n\u00e9e COUPRIE<\/strong> - jeudi 17 mars 15h Cath\u00e9drale Saint Pierre<br><strong>M. MONTALESCOT Pierre<\/strong> - Mercredi 16 mars - 15h - Abbaye<br><strong>Mme  ARGOT Maria-Carmen n\u00e9e FERNANDEZ GONZALEZ<\/strong>&nbsp; - Mercredi 16 mars -10h - La Chapelle des Pots<br><strong>Mme BERTAUD Yvette, n\u00e9e ALLAIRE <\/strong>- mercredi 9 mars 10h30 Saint Vivien<br><strong>Melle CAZELLE Anne-Marie<\/strong> - mercredi 9 mars - 15h - Chaniers<br><strong>Mme TETAUD Marie France <\/strong>- mardi 8 mars 10h Varzay<br><strong>M. VALLEJO Stephane<\/strong> - mardi 8 mars<br><strong>Mme COURANT Judith, n\u00e9e CRUMMEY<\/strong> - vendredi 4 mars 15h Nieul les Saintes<br><strong>Mme MARTIN Christiane, n\u00e9e GRIMAUD<\/strong> - vendredi 4 mars 13h45<br><strong>M. JAUSEAU Raymond<\/strong> - vendredi 4 mars - 10h30 - Abbaye<br><strong>M. BARRIERE Michel <\/strong>- jeudi 3 mars - 15h - Chaniers<br><strong>Mme AVRIL Lucette, n\u00e9e JAMBOIS<\/strong> - jeudi 3 mars 9h30<br><strong>Mme HAURY n\u00e9e ARNOUX Augusta<\/strong> - mercredi 2 mars - 15h - Abbaye<br><strong>Mme GILOIS Marie-Jos\u00e9<\/strong> - mercredi 2 mars -10h30 - Abbaye<br><strong>M. GUERIN Jean<\/strong> - mercredi 2 mars 14h30 St Georges des Coteaux<br><strong>Mme ENDELER Marguerite, n\u00e9e ISSARAMBE REFANE<\/strong> - mercredi 2 mars 11h<br><strong>Mme LEFEVRE Martine, n\u00e9e ETHEVE<\/strong> - mardi 1er mars 13h45<br><strong>Mme BREILLAT Yvonne<\/strong>  - lundi 1er mars - 10h30 - Abbaye<br><strong>M. ARNAUD Pierre<\/strong> - lundi 28 f\u00e9vrier 10h30 St Georges des Coteaux<br><strong>M. LABBE Ren\u00e9 <\/strong>- samedi 26 f\u00e9vrier 10h Saint Vivien<br><strong>Mme BERTEAU H\u00e9l\u00e8ne, n\u00e9e CHIRON <\/strong>- vendredi 25 f\u00e9vrier 10h30 Thenac<br><strong>M. DURAND Roger<\/strong> - vendredi 25 f\u00e9vrier 14h30 Pessines<br>M. V<strong>ANDENMAAGDENBERG Jean-Marie <\/strong>- jeudi 24 f\u00e9vrier 10h30 Les Gonds<br><strong>M. SAZARIN Philip <\/strong>- jeudi 24 f\u00e9vrier 15h<br><strong>Mme BIARD Marie-Ange<\/strong> - jeudi 24 f\u00e9v - 10h30 Abbaye<br><strong>Mme BOISSEAU Arlette<\/strong>,<strong> n\u00e9e BONNEVIN<\/strong> - mercredi 23 f\u00e9vrier 10h Sainte Eustelle<br><strong>Mme MONTILLON Odette, n\u00e9e CHARLIAC <\/strong>- mercredi 23 f\u00e9vrier 15h Pessines<br><strong>Mme TOUSSAERT n\u00e9e VENET Yvette<\/strong> - mercredi 23 f\u00e9v. - 10h30 - Abbaye<br><strong>Mme FAVRE n\u00e9e TROCHUT Jacqueline<\/strong> - lundi 21 f\u00e9v. - 15h - St Vaize<br><strong>Mme XAINTRAY n\u00e9e DEVILLE Annick<\/strong> - lundi 21 f\u00e9v. - 10h30 - Chaniers<br><strong>Mme BEAULIEU n\u00e9e LAGIER Marie-Th\u00e9r\u00e8se <\/strong>- vend. 18 f\u00e9vrier - 14h30 - Chaniers<br><strong>Mme GRELET Fran\u00e7oise, n\u00e9e BARON<\/strong> - jeudi 17 f\u00e9vrier <br><strong>Mme GUILLARD n\u00e9e BRUNETTI Genevi\u00e8ve <\/strong>- mercredi 16 f\u00e9vrier - 15h - Bussac<br><strong>M. RICHAUDEAU Daniel <\/strong>- mercredi 16 f\u00e9vrier 15h St Georges des Coteaux<br><strong>Mme CHERE Claudine, n\u00e9e ROGISSARD<\/strong> - lundi 14 f\u00e9vrier 14h30 Saint Vivien<br><strong>Mme SERVILLE Denise, n\u00e9e TEJADA <\/strong>- lundi 14 f\u00e9vrier <br><strong>Mme GUERIN n\u00e9e TESSON Jeannine <\/strong>- lundi 14 f\u00e9v. -15h - Abbaye<br><strong>M. BELLET Daniel<\/strong> - samedi 12 f\u00e9vrier<br><strong>Mme CICERON n\u00e9e CHARLES Marie-Claude<\/strong> - vend 11 f\u00e9vrier - 11h - Chaniers<br><strong>M. ROSSET G\u00e9rard<\/strong> - mercredi 9 f\u00e9vrier<br><strong>M. MOURRE Jean-Pierre <\/strong>- mercredi 9 f\u00e9vrier<br><strong>M.  SCHAEFFER  Camille<\/strong> - &nbsp;Mercredi 9 f\u00e9vrier - 10h30 - Bussac<br><strong>Mme RENAUD n\u00e9e PERE  Jacqueline <\/strong>- mercredi 9 f\u00e9vrier - 15h - Abbaye<br><strong>Mme PONTOIS Francine, n\u00e9e SEYSSAN<\/strong> - lundi 7 f\u00e9vrier 15h30 Saint Vivien<br><strong>Mme BOUCHET Odette<\/strong>  - lundi 7 f\u00e9vrier - 14h30 - Abbaye<br><strong>Mme MERLET Monique<\/strong> - vendredi 4 f\u00e9vrier<br><strong>M. LANNEGRAN Eug\u00e8ne<\/strong> - mercredi 2 f\u00e9v. - 10h30 - Fontcouverte<br><strong>Mme SARRAILH Marie-Antoinette, n\u00e9e GUILLOT<\/strong> - mercredi 2 f\u00e9vrier 15h Saint Vivien<br>M<strong>. COHADE Bernard<\/strong> - mardi 1er f\u00e9vrier<br><strong>Mme TEXIER n\u00e9e DUGARCIN&nbsp;Simone<\/strong> - lundi 31 janv. - 15h - Chaniers<br><strong>M. VILLAIN Henry <\/strong>- lundi 31 janvier 14h Saint Vivien<br><strong>M. COTTET Renaud<\/strong> - vend. 28 janvier - 10h30 - Abbaye<br><strong>Mme REVERTE Jeanne, n\u00e9e LUSSIAUD<\/strong> - jeudi 27 janvier<br><strong>Mme HANUS Andr\u00e9e, n\u00e9e COUCHARRIERE<\/strong> - jeudi 27 janvier 10h30 Saint Vivien<br><strong>M. LEXERT Etienne<\/strong> - mardi 25 janvier<br><strong>Mme GROLAUD Madeleine, n\u00e9e POUGNAUD<\/strong> - lundi 24 janv. - 15h30 - Abbaye<br><strong>Mme CURANDEAU Jeanne, n\u00e9e LAUNAY<\/strong> - lundi 24 janvier 15h Saint Vivien<br><strong>Mme MORISSEAU Mady, n\u00e9e DOUMERC<\/strong> - samedi 22 janvier 10h30 Ste Eustelle<br><strong>M. ACKERMANN Michel<\/strong> - jeudi 20 janvier - 15h - Chaniers<br><strong>M. GAUDRON Alain <\/strong>- mercredi 19 janvier Thenac<br><strong>M. CHASSELOUP Jo\u00ebl<\/strong> - lundi 17 janvier - 14h30 - Abbaye<br><strong>M. BODIN Jacques<\/strong> - lundi 17 janvier 10h30 Saint Georges des Coteaux<br><strong>Mme BRECHBIEHL Bertile, n\u00e9e LE FORESTIER <\/strong>- vendredi 14 janvier 15h30 Saint Vivien<br><strong>Mme AUGER Monique<\/strong> - jeudi 13 janvier 15h Saint Vivien<br><strong>Mme BARATTE Alexia, n\u00e9e ORVOEN<\/strong> - mercredi 12 janvier 15h Varzay<br>M<strong>me TAPON Claudine<\/strong> - lundi 10 janvier 10h30 Cath\u00e9drale Saint Pierre<br><strong>Mme COUTIN Andr\u00e9e, n\u00e9e BONIN<\/strong> - vendredi 7 janvier 14h30 La Clisse<br><strong>M. PATRY<\/strong> <strong>Daniel <\/strong>- vendredi 7 janvier 10h30 Nieul les Saintes<br><strong>M. THEVENIN Jean-Fran\u00e7ois<\/strong> - vendredi 7 janvier<br><strong>M. LACROIX Roger<\/strong> - mercredi 5 janvier 15h Ecurat<br><strong>M. DROUILLARD Jean-Claude<\/strong> - mercredi 5 janvier 10h30 Courcoury<br><strong>Mme DOUHAUD Dominique<\/strong> - mercredi 5 janvier 14h30 St Vivien<br><strong>M. ROLAND Alain<\/strong> - mardi 4 janvier<br><strong>Mme LEMAITRE CHARLES  Louise<\/strong> - mardi 4 janvier 10h Saint Vivien<br><strong>M. MESNAGE&nbsp;H\u00e9ric<\/strong>&nbsp; -   lundi 3 janvier - 14h - Abbaye. <br><strong>Mme MOUNIER Huguette n\u00e9e RETAUD<\/strong> - lundi 3 janv. 2022- 14h30 - Chaniers<br><br><\/li>\n<!-- \/wp:list-item --><\/ul>\n<!-- \/wp:list -->","_et_gb_content_width":"","footnotes":""},"class_list":["post-536","page","type-page","status-publish","hentry"],"_links":{"self":[{"href":"https:\/\/catholiques17.fr\/saintes\/wp-json\/wp\/v2\/pages\/536","targetHints":{"allow":["GET"]}}],"collection":[{"href":"https:\/\/catholiques17.fr\/saintes\/wp-json\/wp\/v2\/pages"}],"about":[{"href":"https:\/\/catholiques17.fr\/saintes\/wp-json\/wp\/v2\/types\/page"}],"author":[{"embeddable":true,"href":"https:\/\/catholiques17.fr\/saintes\/wp-json\/wp\/v2\/users\/1"}],"replies":[{"embeddable":true,"href":"https:\/\/catholiques17.fr\/saintes\/wp-json\/wp\/v2\/comments?post=536"}],"version-history":[{"count":723,"href":"https:\/\/catholiques17.fr\/saintes\/wp-json\/wp\/v2\/pages\/536\/revisions"}],"predecessor-version":[{"id":13919,"href":"https:\/\/catholiques17.fr\/saintes\/wp-json\/wp\/v2\/pages\/536\/revisions\/13919"}],"up":[{"embeddable":true,"href":"https:\/\/catholiques17.fr\/saintes\/wp-json\/wp\/v2\/pages\/4200"}],"wp:attachment":[{"href":"https:\/\/catholiques17.fr\/saintes\/wp-json\/wp\/v2\/media?parent=536"}],"curies":[{"name":"wp","href":"https:\/\/api.w.org\/{rel}","templated":true}]}}