{"id":245,"date":"2019-07-18T19:56:21","date_gmt":"2019-07-18T17:56:21","guid":{"rendered":"https:\/\/catholiques17.fr\/saintes\/?page_id=245"},"modified":"2025-12-23T14:38:44","modified_gmt":"2025-12-23T13:38:44","slug":"le-sacrement-de-la-reconciliation","status":"publish","type":"page","link":"https:\/\/catholiques17.fr\/saintes\/vie-chretienne\/le-sacrement-de-la-reconciliation\/","title":{"rendered":"Le Sacrement de la r\u00e9conciliation"},"content":{"rendered":"<p>[et_pb_section fb_built=\u00a0\u00bb1&Prime; admin_label=\u00a0\u00bbsection\u00a0\u00bb _builder_version=\u00a0\u00bb4.16&Prime; custom_padding=\u00a0\u00bb31px|||||\u00a0\u00bb global_colors_info=\u00a0\u00bb{}\u00a0\u00bb][et_pb_row _builder_version=\u00a0\u00bb4.27.4&Prime; _module_preset=\u00a0\u00bbdefault\u00a0\u00bb custom_padding=\u00a0\u00bb1px|||||\u00a0\u00bb global_colors_info=\u00a0\u00bb{}\u00a0\u00bb][et_pb_column type=\u00a0\u00bb4_4&Prime; _builder_version=\u00a0\u00bb4.27.4&Prime; _module_preset=\u00a0\u00bbdefault\u00a0\u00bb global_colors_info=\u00a0\u00bb{}\u00a0\u00bb][et_pb_image src=\u00a0\u00bbhttps:\/\/catholiques17.fr\/saintes\/wp-content\/uploads\/sites\/3\/2025\/10\/Sacrement-reconciliation-Grande.jpeg\u00a0\u00bb title_text=\u00a0\u00bbSacrement-reconciliation-Grande\u00a0\u00bb align=\u00a0\u00bbcenter\u00a0\u00bb force_fullwidth=\u00a0\u00bbon\u00a0\u00bb _builder_version=\u00a0\u00bb4.27.4&Prime; _module_preset=\u00a0\u00bbdefault\u00a0\u00bb global_colors_info=\u00a0\u00bb{}\u00a0\u00bb][\/et_pb_image][\/et_pb_column][\/et_pb_row][et_pb_row _builder_version=\u00a0\u00bb4.27.4&Prime; _module_preset=\u00a0\u00bbdefault\u00a0\u00bb custom_padding=\u00a0\u00bb||1px|||\u00a0\u00bb global_colors_info=\u00a0\u00bb{}\u00a0\u00bb][et_pb_column type=\u00a0\u00bb4_4&Prime; _builder_version=\u00a0\u00bb4.27.4&Prime; _module_preset=\u00a0\u00bbdefault\u00a0\u00bb global_colors_info=\u00a0\u00bb{}\u00a0\u00bb][et_pb_text _builder_version=\u00a0\u00bb4.27.4&Prime; _module_preset=\u00a0\u00bbdefault\u00a0\u00bb global_colors_info=\u00a0\u00bb{}\u00a0\u00bb]<\/p>\n<div class=\"et_pb_row et_pb_row_1\">\n<div class=\"et_pb_column et_pb_column_4_4 et_pb_column_1  et_pb_css_mix_blend_mode_passthrough et-last-child\">\n<div class=\"et_pb_module et_pb_text et_pb_text_0  et_pb_text_align_left et_pb_bg_layout_light\">\n<div class=\"et_pb_text_inner\">\n<p><span>Le\u00a0<\/span>sacrement de la p\u00e9nitence ou de la r\u00e9conciliation\u00a0<span>est par excellence le sacrement de l\u2019amour et de la consolation de Dieu. En tout premier lieu,\u00a0<\/span>se confesser<span>, c\u2019est confesser l\u2019amour de Dieu et sa mis\u00e9ricorde. Et \u00e9galement se rappeler la gr\u00e2ce du <\/span>bapt\u00eame<span> qui nous a arrach\u00e9 au pouvoir du mal. Dans la suite de notre existence, le sacrement de p\u00e9nitence est un peu un nouveau bapt\u00eame.\u00a0<\/span><\/p>\n<\/div>\n<\/div>\n<\/div>\n<\/div>\n<p>[\/et_pb_text][\/et_pb_column][\/et_pb_row][et_pb_row _builder_version=\u00a0\u00bb4.27.4&Prime; _module_preset=\u00a0\u00bbdefault\u00a0\u00bb custom_padding=\u00a0\u00bb||8px|||\u00a0\u00bb global_colors_info=\u00a0\u00bb{}\u00a0\u00bb][et_pb_column type=\u00a0\u00bb4_4&Prime; _builder_version=\u00a0\u00bb4.27.4&Prime; _module_preset=\u00a0\u00bbdefault\u00a0\u00bb global_colors_info=\u00a0\u00bb{}\u00a0\u00bb][et_pb_testimonial author=\u00a0\u00bbPape Fran\u00e7ois\u00a0\u00bb job_title=\u00a0\u00bbAudience g\u00e9n\u00e9rale, mercredi 19 f\u00e9vrier 2014&Prime; portrait_url=\u00a0\u00bbhttps:\/\/catholiques17.fr\/saintes\/wp-content\/uploads\/sites\/3\/2025\/10\/Pape-Francois.jpg\u00a0\u00bb _builder_version=\u00a0\u00bb4.27.4&Prime; _module_preset=\u00a0\u00bbdefault\u00a0\u00bb global_colors_info=\u00a0\u00bb{}\u00a0\u00bb]<\/p>\n<div class=\"et_pb_testimonial_description_inner\">\n<div class=\"et_pb_testimonial_content\">\n<p><span>\u00ab<\/span><em>\u00a0Chers amis, c\u00e9l\u00e9brer le sacrement de la r\u00e9conciliation signifie \u00eatre envelopp\u00e9s par une \u00e9treinte chaleureuse : c\u2019est l\u2019\u00e9treinte de la mis\u00e9ricorde infinie du P\u00e8re. Rappelons cette belle parabole du fils qui est parti de chez lui avec l\u2019argent de son h\u00e9ritage ; il a gaspill\u00e9 tout son argent et ensuite, quand il n\u2019avait plus rien, il a d\u00e9cid\u00e9 de revenir chez lui, non comme un fils, mais comme un serviteur. Il ressentait profond\u00e9ment sa faute dans son c\u0153ur et tant de honte. La surprise a \u00e9t\u00e9 que quand il commen\u00e7a \u00e0 parler, \u00e0 demander pardon, son p\u00e8re ne le laissa pas parler, il l\u2019embrassa et fit la f\u00eate. Quant \u00e0 moi je vous dis: chaque fois que nous nous confessons, Dieu nous embrasse, Dieu fait la f\u00eate ! Allons de l\u2019avant sur cette route.\u00a0<\/em><span>\u00bb<\/span><\/p>\n<\/div>\n<\/div>\n<p>[\/et_pb_testimonial][\/et_pb_column][\/et_pb_row][et_pb_row _builder_version=\u00a0\u00bb4.27.4&Prime; _module_preset=\u00a0\u00bbdefault\u00a0\u00bb global_colors_info=\u00a0\u00bb{}\u00a0\u00bb][et_pb_column type=\u00a0\u00bb4_4&Prime; _builder_version=\u00a0\u00bb4.27.4&Prime; _module_preset=\u00a0\u00bbdefault\u00a0\u00bb global_colors_info=\u00a0\u00bb{}\u00a0\u00bb][et_pb_divider divider_weight=\u00a0\u00bb3px\u00a0\u00bb _builder_version=\u00a0\u00bb4.27.4&Prime; _module_preset=\u00a0\u00bbdefault\u00a0\u00bb global_colors_info=\u00a0\u00bb{}\u00a0\u00bb][\/et_pb_divider][\/et_pb_column][\/et_pb_row][et_pb_row column_structure=\u00a0\u00bb1_2,1_2&Prime; _builder_version=\u00a0\u00bb4.27.4&Prime; _module_preset=\u00a0\u00bbdefault\u00a0\u00bb global_colors_info=\u00a0\u00bb{}\u00a0\u00bb][et_pb_column type=\u00a0\u00bb1_2&Prime; _builder_version=\u00a0\u00bb4.27.4&Prime; _module_preset=\u00a0\u00bbdefault\u00a0\u00bb global_colors_info=\u00a0\u00bb{}\u00a0\u00bb][et_pb_text _builder_version=\u00a0\u00bb4.27.4&Prime; _module_preset=\u00a0\u00bbdefault\u00a0\u00bb global_colors_info=\u00a0\u00bb{}\u00a0\u00bb]<\/p>\n<p style=\"text-align: justify\"><strong><span style=\"color: #f47a60\">Permanence \u00e0 l&rsquo;Abbaye, le dernier samedi du mois de 11h \u00e0 12h, ou lors du temps d&rsquo;Adoration, un jeudi par mois. En dehors de ces cr\u00e9neaux, s<\/span><\/strong><strong><span style=\"color: #f47a60\">ur rendez-vous avec l&rsquo;abb\u00e9 Jo\u00ebl ENAMA 05 46 92 07 21<\/span><\/strong><\/p>\n<p>[\/et_pb_text][\/et_pb_column][et_pb_column type=\u00a0\u00bb1_2&Prime; _builder_version=\u00a0\u00bb4.27.4&Prime; _module_preset=\u00a0\u00bbdefault\u00a0\u00bb global_colors_info=\u00a0\u00bb{}\u00a0\u00bb][et_pb_text _builder_version=\u00a0\u00bb4.27.4&Prime; _module_preset=\u00a0\u00bbdefault\u00a0\u00bb hover_enabled=\u00a0\u00bb0&Prime; global_colors_info=\u00a0\u00bb{}\u00a0\u00bb sticky_enabled=\u00a0\u00bb0&Prime;]<\/p>\n<p style=\"text-align: justify\"><span style=\"color: #60af88\"><strong>Permanence \u00e0 la Cath\u00e9drale Saint Pierre tous les samedis de 11h \u00e0 12h. En dehors de ce cr\u00e9neaux, sur rendez-vous \u00e0 l&rsquo;\u00e9glise Saint Vivien (s&rsquo;adresser au presbyt\u00e8re 05.46.92.86.77)<\/strong><\/span><\/p>\n<p>[\/et_pb_text][\/et_pb_column][\/et_pb_row][\/et_pb_section]<\/p>\n","protected":false},"excerpt":{"rendered":"<p>Le\u00a0sacrement de la p\u00e9nitence ou de la r\u00e9conciliation\u00a0est par excellence le sacrement de l\u2019amour et de la consolation de Dieu. En tout premier lieu,\u00a0se confesser, c\u2019est confesser l\u2019amour de Dieu [&hellip;]<\/p>\n","protected":false},"author":1,"featured_media":0,"parent":7764,"menu_order":0,"comment_status":"closed","ping_status":"closed","template":"","meta":{"_et_pb_use_builder":"on","_et_pb_old_content":"<!-- wp:paragraph -->\n<p>Le<strong> <\/strong><a rel=\"noreferrer noopener\" href=\"http:\/\/eglise.catholique.fr\/approfondir-sa-foi\/la-celebration-de-la-foi\/les-sacrements\/la-penitence-et-la-reconciliation\/\" target=\"_blank\"><strong>sacrement de confession<\/strong><\/a><strong>, <\/strong>du pardon ou de r\u00e9conciliation est la manifestation de l\u2019amour de Dieu. Par ce sacrement nous sommes lib\u00e9r\u00e9s du p\u00e9ch\u00e9 et fortifi\u00e9s lorsque nous sommes faibles moralement et physiquement.<\/p>\n<!-- \/wp:paragraph -->\n\n<!-- wp:paragraph {\"backgroundColor\":\"very-light-gray\"} -->\n<p class=\"has-very-light-gray-background-color has-background\"><em><strong>\u00ab&nbsp;Car tu es bon, Seigneur, tu\npardonnes, tu es plein d\u2019amour pour ceux qui t\u2019invoquent&nbsp;\u00bb Psaumes 86, 5 <\/strong><\/em><\/p>\n<!-- \/wp:paragraph -->\n\n<!-- wp:list -->\n<ul><li>Permanence \u00e0 la Cath\u00e9drale Saint Pierre tous les <strong>samedis de 11h \u00e0 12h<\/strong><br>Sur rendez-vous \u00e0 l'\u00e9glise Saint Vivien (s'adresser au presbyt\u00e8re 05.46.93.09.92)<br><\/li><li>Permanence \u00e0 l'\u00e9glise Saint Pallais  lors des temps d'adoration \u00e0 partir de 9h les mercredi, jeudi, vendredi<br>Sur rendez-vous avec l'abb\u00e9 Salin: 06.07.14.05.21<\/li><\/ul>\n<!-- \/wp:list -->\n\n<!-- wp:paragraph -->\n<p><\/p>\n<!-- \/wp:paragraph -->","_et_gb_content_width":"","footnotes":""},"class_list":["post-245","page","type-page","status-publish","hentry"],"_links":{"self":[{"href":"https:\/\/catholiques17.fr\/saintes\/wp-json\/wp\/v2\/pages\/245","targetHints":{"allow":["GET"]}}],"collection":[{"href":"https:\/\/catholiques17.fr\/saintes\/wp-json\/wp\/v2\/pages"}],"about":[{"href":"https:\/\/catholiques17.fr\/saintes\/wp-json\/wp\/v2\/types\/page"}],"author":[{"embeddable":true,"href":"https:\/\/catholiques17.fr\/saintes\/wp-json\/wp\/v2\/users\/1"}],"replies":[{"embeddable":true,"href":"https:\/\/catholiques17.fr\/saintes\/wp-json\/wp\/v2\/comments?post=245"}],"version-history":[{"count":8,"href":"https:\/\/catholiques17.fr\/saintes\/wp-json\/wp\/v2\/pages\/245\/revisions"}],"predecessor-version":[{"id":13260,"href":"https:\/\/catholiques17.fr\/saintes\/wp-json\/wp\/v2\/pages\/245\/revisions\/13260"}],"up":[{"embeddable":true,"href":"https:\/\/catholiques17.fr\/saintes\/wp-json\/wp\/v2\/pages\/7764"}],"wp:attachment":[{"href":"https:\/\/catholiques17.fr\/saintes\/wp-json\/wp\/v2\/media?parent=245"}],"curies":[{"name":"wp","href":"https:\/\/api.w.org\/{rel}","templated":true}]}}