{"id":227,"date":"2019-07-18T19:41:12","date_gmt":"2019-07-18T17:41:12","guid":{"rendered":"https:\/\/catholiques17.fr\/saintes\/?page_id=227"},"modified":"2025-10-07T09:08:49","modified_gmt":"2025-10-07T07:08:49","slug":"eveil-a-la-foi-et-catechese","status":"publish","type":"page","link":"https:\/\/catholiques17.fr\/saintes\/enfants-jeunes\/eveil-a-la-foi-et-catechese\/","title":{"rendered":"Eveil \u00e0 la foi et Cat\u00e9ch\u00e8se"},"content":{"rendered":"[et_pb_section fb_built=\u00a0\u00bb1&Prime; admin_label=\u00a0\u00bbsection\u00a0\u00bb _builder_version=\u00a0\u00bb4.16&Prime; custom_padding=\u00a0\u00bb21px|||||\u00a0\u00bb global_colors_info=\u00a0\u00bb{}\u00a0\u00bb theme_builder_area=\u00a0\u00bbpost_content\u00a0\u00bb][et_pb_row _builder_version=\u00a0\u00bb4.27.4&Prime; _module_preset=\u00a0\u00bbdefault\u00a0\u00bb global_colors_info=\u00a0\u00bb{}\u00a0\u00bb theme_builder_area=\u00a0\u00bbpost_content\u00a0\u00bb][et_pb_column type=\u00a0\u00bb4_4&Prime; _builder_version=\u00a0\u00bb4.27.4&Prime; _module_preset=\u00a0\u00bbdefault\u00a0\u00bb global_colors_info=\u00a0\u00bb{}\u00a0\u00bb theme_builder_area=\u00a0\u00bbpost_content\u00a0\u00bb][et_pb_image src=\u00a0\u00bbhttps:\/\/catholiques17.fr\/saintes\/wp-content\/uploads\/sites\/3\/2025\/09\/EVEIL-TITRE-JPG-1-1.jpg\u00a0\u00bb title_text=\u00a0\u00bbEVEIL-TITRE-JPG-1 (1)\u00a0\u00bb align=\u00a0\u00bbcenter\u00a0\u00bb force_fullwidth=\u00a0\u00bbon\u00a0\u00bb _builder_version=\u00a0\u00bb4.27.4&Prime; _module_preset=\u00a0\u00bbdefault\u00a0\u00bb global_colors_info=\u00a0\u00bb{}\u00a0\u00bb theme_builder_area=\u00a0\u00bbpost_content\u00a0\u00bb][\/et_pb_image][et_pb_text _builder_version=\u00a0\u00bb4.27.4&Prime; _module_preset=\u00a0\u00bbdefault\u00a0\u00bb custom_margin=\u00a0\u00bb98px|||||\u00a0\u00bb global_colors_info=\u00a0\u00bb{}\u00a0\u00bb theme_builder_area=\u00a0\u00bbpost_content\u00a0\u00bb]<p class=\"has-vivid-cyan-blue-color has-text-color\"><span style=\"color: #333333\"><strong>L&rsquo;Eveil \u00e0 la Foi<\/strong> s&rsquo;adresse aux enfants de 3 \u00e0 7 ans et \u00e0 leurs parents. Il a pour but d&rsquo;\u00e9veiller l&rsquo;enfant \u00e0 l&rsquo;int\u00e9riorit\u00e9 et \u00e0 la pr\u00e9sence de Dieu dans sa vie. Les enfants sont invit\u00e9s \u00e0 rejoindre le groupe d&rsquo;\u00e9veil \u00e0 la foi tout au long de l&rsquo;ann\u00e9e.<\/span><\/p>\n<p class=\"has-vivid-cyan-blue-color has-text-color\"><span style=\"color: #333333\"><strong>Contact :<\/strong><a href=\"mailto:rgrosperrin@yahoo.fr\u00a0\" target=\"_blank\" rel=\"noopener\"> rgrosperrin@yahoo.fr\u00a0<\/a>\u00a0 &#8211;\u00a0 06 31 20 24 27\u00a0<\/span><\/p>\n<p><\/p>\n<p class=\"has-vivid-cyan-blue-color has-text-color\">[\/et_pb_text][et_pb_image src=\u00a0\u00bbhttps:\/\/catholiques17.fr\/saintes\/wp-content\/uploads\/sites\/3\/2025\/09\/paroisse.saintesrggmail.com_20250929_102148_page-0001.jpg\u00a0\u00bb title_text=\u00a0\u00bbparoisse.saintesrggmail.com_20250929_102148_page-0001&Prime; align=\u00a0\u00bbcenter\u00a0\u00bb _builder_version=\u00a0\u00bb4.27.4&Prime; _module_preset=\u00a0\u00bbdefault\u00a0\u00bb box_shadow_style=\u00a0\u00bbpreset5&Prime; global_colors_info=\u00a0\u00bb{}\u00a0\u00bb theme_builder_area=\u00a0\u00bbpost_content\u00a0\u00bb][\/et_pb_image][\/et_pb_column][\/et_pb_row][et_pb_row _builder_version=\u00a0\u00bb4.27.4&Prime; _module_preset=\u00a0\u00bbdefault\u00a0\u00bb global_colors_info=\u00a0\u00bb{}\u00a0\u00bb theme_builder_area=\u00a0\u00bbpost_content\u00a0\u00bb][et_pb_column type=\u00a0\u00bb4_4&Prime; _builder_version=\u00a0\u00bb4.27.4&Prime; _module_preset=\u00a0\u00bbdefault\u00a0\u00bb global_colors_info=\u00a0\u00bb{}\u00a0\u00bb theme_builder_area=\u00a0\u00bbpost_content\u00a0\u00bb][et_pb_divider color=\u00a0\u00bb#F47A60&Prime; divider_weight=\u00a0\u00bb2px\u00a0\u00bb _builder_version=\u00a0\u00bb4.27.4&Prime; _module_preset=\u00a0\u00bbdefault\u00a0\u00bb global_colors_info=\u00a0\u00bb{}\u00a0\u00bb theme_builder_area=\u00a0\u00bbpost_content\u00a0\u00bb][\/et_pb_divider][\/et_pb_column][\/et_pb_row][et_pb_row _builder_version=\u00a0\u00bb4.27.4&Prime; _module_preset=\u00a0\u00bbdefault\u00a0\u00bb global_colors_info=\u00a0\u00bb{}\u00a0\u00bb theme_builder_area=\u00a0\u00bbpost_content\u00a0\u00bb][et_pb_column type=\u00a0\u00bb4_4&Prime; _builder_version=\u00a0\u00bb4.27.4&Prime; _module_preset=\u00a0\u00bbdefault\u00a0\u00bb global_colors_info=\u00a0\u00bb{}\u00a0\u00bb theme_builder_area=\u00a0\u00bbpost_content\u00a0\u00bb][et_pb_text _builder_version=\u00a0\u00bb4.27.4&Prime; _module_preset=\u00a0\u00bbdefault\u00a0\u00bb background_color=\u00a0\u00bb#60AF88&Prime; global_colors_info=\u00a0\u00bb{}\u00a0\u00bb theme_builder_area=\u00a0\u00bbpost_content\u00a0\u00bb]<h1 style=\"text-align: center\"><strong><\/strong><\/h1>\n<h1 style=\"text-align: center\"><span style=\"color: #ffffff\"><strong><\/strong><\/span><\/h1>\n<h1 style=\"text-align: center\"><span style=\"color: #ffffff\"><strong>LA CATECHESE<\/strong><\/span><\/h1>\n<p><strong><\/strong><\/p>\n<p style=\"text-align: center\"><strong><\/strong><\/p>[\/et_pb_text][et_pb_image src=\u00a0\u00bbhttps:\/\/catholiques17.fr\/saintes\/wp-content\/uploads\/sites\/3\/2025\/09\/Ichtus-EDD.jpg\u00a0\u00bb title_text=\u00a0\u00bbIchtus-EDD\u00a0\u00bb align=\u00a0\u00bbcenter\u00a0\u00bb force_fullwidth=\u00a0\u00bbon\u00a0\u00bb _builder_version=\u00a0\u00bb4.27.4&Prime; _module_preset=\u00a0\u00bbdefault\u00a0\u00bb custom_margin=\u00a0\u00bb-30px|||||\u00a0\u00bb global_colors_info=\u00a0\u00bb{}\u00a0\u00bb theme_builder_area=\u00a0\u00bbpost_content\u00a0\u00bb][\/et_pb_image][et_pb_text _builder_version=\u00a0\u00bb4.27.4&Prime; _module_preset=\u00a0\u00bbdefault\u00a0\u00bb global_colors_info=\u00a0\u00bb{}\u00a0\u00bb theme_builder_area=\u00a0\u00bbpost_content\u00a0\u00bb]<p><\/p>\n<p class=\"has-vivid-cyan-blue-color has-text-color\"><span style=\"color: #333333\"><strong>Inscrire son enfant au \u00ab\u00a0Cat\u00e9\u00a0\u00bb,<\/strong> c&rsquo;est lui permettre de rencontrer J\u00e9sus et de d\u00e9couvrir que Dieu aime chacun d&rsquo;entre nous. C&rsquo;est aussi lui donner l&rsquo;occasion de r\u00e9fl\u00e9chir sur les questions qu&rsquo;il se pose sur lui m\u00eame, le monde et Dieu, avec d&rsquo;autres chr\u00e9tiens : <\/span><span style=\"color: #333333\">Enfants, jeunes adultes, cat\u00e9chistes, pr\u00eatres, tr\u00e9moins chr\u00e9tiens.<\/span><\/p>\n<p><span style=\"color: #333333\"><\/span><\/p>\n<p><span style=\"color: #333333\"><\/span><\/p>\n<p class=\"has-vivid-cyan-blue-color has-text-color\"><span style=\"color: #333333\"><strong>Les rencontres des CE1<\/strong> ont lieu tous les mois. <strong>Les rencontres des CE2<\/strong> ont lieu tous les quinze jours. <strong>Les CM1 et CM2<\/strong> se rencontrent, selon les groupes, chaque semaine pour une heure, ou bien\u00a0tous les quinze jours durant deux heures.<\/span><br \/><span style=\"color: #333333\">L&rsquo;ann\u00e9e est \u00e9galement ponctu\u00e9e de temps forts qui donnent l&rsquo;occasion d&rsquo;\u00eatre rassembl\u00e9s en famille et en plus grand nombre.\u00a0Ils sont anim\u00e9s par les cat\u00e9chistes de la paroisse et les pr\u00eatres, avec l&rsquo;aide des parents, des jeunes de l&rsquo;aum\u00f4nerie et des paroissiens.<\/span><\/p>\n<p><span style=\"color: #333333\"><\/span><\/p>\n<p><span style=\"color: #333333\">","protected":false},"excerpt":{"rendered":"<p>L&rsquo;Eveil \u00e0 la Foi s&rsquo;adresse aux enfants de 3 \u00e0 7 ans et \u00e0 leurs parents. Il a pour but d&rsquo;\u00e9veiller l&rsquo;enfant \u00e0 l&rsquo;int\u00e9riorit\u00e9 et \u00e0 la pr\u00e9sence de Dieu [&hellip;]<\/p>\n","protected":false},"author":1,"featured_media":0,"parent":6893,"menu_order":0,"comment_status":"closed","ping_status":"closed","template":"","meta":{"_et_pb_use_builder":"on","_et_pb_old_content":"<!-- wp:paragraph {\"backgroundColor\":\"light-green-cyan\",\"textColor\":\"white\",\"fontSize\":\"medium\"} -->\n<p class=\"has-white-color has-light-green-cyan-background-color has-text-color has-background has-medium-font-size\"><strong>EVEIL A LA FOI<br>Animatrice Pastorale : Anne-Sophie J<\/strong><em>. : <\/em><strong>06.58.19.52.28<\/strong><\/p>\n<!-- \/wp:paragraph -->\n\n<!-- wp:paragraph {\"textColor\":\"vivid-cyan-blue\"} -->\n<p class=\"has-vivid-cyan-blue-color has-text-color\"><strong>L'Eveil \u00e0 la Foi<\/strong> s'adresse aux enfants de 3 \u00e0 7 ans et \u00e0 leurs parents. Il a pour but d'\u00e9veiller l'enfant \u00e0 l'int\u00e9riorit\u00e9 et \u00e0 la pr\u00e9sence de Dieu dans sa vie. Les enfants sont invit\u00e9s \u00e0 rejoindre le groupe d'\u00e9veil \u00e0 la foi tout au long de l'ann\u00e9e. contact : <em>Anne-Sophie J. 06 58 19 52 28<\/em><br> <strong>Eveil \u00e0 la foi<\/strong> - <\/p>\n<!-- \/wp:paragraph -->\n\n<!-- wp:paragraph {\"textColor\":\"luminous-vivid-orange\"} -->\n<p class=\"has-luminous-vivid-orange-color has-text-color\"><\/p>\n<!-- \/wp:paragraph -->\n\n<!-- wp:image {\"align\":\"center\",\"id\":6529,\"sizeSlug\":\"full\",\"linkDestination\":\"media\"} -->\n<figure class=\"wp-block-image aligncenter size-full\"><a href=\"https:\/\/catholiques17.fr\/saintes\/wp-content\/uploads\/sites\/3\/2022\/09\/Eveil-a-la-foi-2022-2023.jpg\"><img src=\"https:\/\/catholiques17.fr\/saintes\/wp-content\/uploads\/sites\/3\/2022\/09\/Eveil-a-la-foi-2022-2023.jpg\" alt=\"\" class=\"wp-image-6529\" \/><\/a><\/figure>\n<!-- \/wp:image -->\n\n<!-- wp:paragraph {\"backgroundColor\":\"light-green-cyan\",\"textColor\":\"white\",\"fontSize\":\"medium\"} -->\n<p class=\"has-white-color has-light-green-cyan-background-color has-text-color has-background has-medium-font-size\"><strong>CATECHISME<\/strong><br><em><strong>Contacts cat\u00e9chistes :<\/strong><\/em><br>Cath\u00e9drale - Saint Vivien (rive gauche) :&nbsp;<strong>Ghislaine MOYON CAULET :&nbsp;<\/strong>&nbsp;0<strong>6.50.98.47.00 <\/strong><br>Abbaye aux Dames (rive droite) :&nbsp;<strong>Fabienne DRIEU La ROCHELLE :&nbsp;05.46.92.24.52<\/strong><\/p>\n<!-- \/wp:paragraph -->\n\n<!-- wp:paragraph {\"textColor\":\"vivid-cyan-blue\"} -->\n<p class=\"has-vivid-cyan-blue-color has-text-color\"><strong>Inscrire son enfant au \"Cat\u00e9\",<\/strong>&nbsp;c'est lui permettre de rencontrer J\u00e9sus et de d\u00e9couvrir que Dieu aime chacun d'entre nous. C'est aussi lui donner l'occasion de r\u00e9fl\u00e9chir sur les questions qu'il se pose sur lui m\u00eame, le monde et Dieu, avec d'autres chr\u00e9tiens :<br><strong>ENFANTS&nbsp; &nbsp;JEUNES &nbsp;&nbsp;ADULTES&nbsp; &nbsp;CATECHISTES&nbsp; &nbsp;&nbsp;PRETRES &nbsp;&nbsp;TEMOINS CHRETIENS<\/strong> <\/p>\n<!-- \/wp:paragraph -->\n\n<!-- wp:paragraph {\"textColor\":\"vivid-cyan-blue\"} -->\n<p class=\"has-vivid-cyan-blue-color has-text-color\">Les rencontres des CE1 ont lieu tous les mois. Les rencontres des CE2 ont lieu tous les quinze jours. Les CM1 et CM2 se rencontrent, selon les groupes, chaque semaine pour une heure, ou bien&nbsp;tous les quinze jours durant deux heures.<br> L'ann\u00e9e est \u00e9galement ponctu\u00e9e de temps forts qui donnent l'occasion d'\u00eatre rassembl\u00e9s en famille et en plus grand nombre.&nbsp;Ils sont anim\u00e9s par les cat\u00e9chistes de la paroisse et les pr\u00eatres, avec l'aide des parents, des jeunes de l'aum\u00f4nerie et des paroissiens. <\/p>\n<!-- \/wp:paragraph -->\n\n<!-- wp:image {\"align\":\"center\",\"id\":7059,\"sizeSlug\":\"full\",\"linkDestination\":\"none\"} -->\n<figure class=\"wp-block-image aligncenter size-full\"><img src=\"https:\/\/catholiques17.fr\/saintes\/wp-content\/uploads\/sites\/3\/2022\/11\/KT.jpg\" alt=\"\" class=\"wp-image-7059\" \/><\/figure>\n<!-- \/wp:image -->\n\n<!-- wp:paragraph -->\n<p><\/p>\n<!-- \/wp:paragraph -->\n\n<!-- wp:paragraph -->\n<p><\/p>\n<!-- \/wp:paragraph -->\n\n<!-- wp:image {\"align\":\"center\",\"id\":1720} -->\n<figure class=\"wp-block-image aligncenter\"><img src=\"https:\/\/catholiques17.fr\/saintes\/wp-content\/uploads\/sites\/3\/2020\/02\/Jesus-calme-la-tempete-2048x1536.jpg\" alt=\"\" class=\"wp-image-1720\" \/><figcaption class=\"wp-element-caption\">J\u00e9sus calme la temp\u00eate<\/figcaption><\/figure>\n<!-- \/wp:image -->\n\n<!-- wp:paragraph -->\n<p><\/p>\n<!-- \/wp:paragraph -->\n\n<!-- wp:gallery {\"linkTo\":\"none\"} -->\n<figure class=\"wp-block-gallery has-nested-images columns-default is-cropped\"><!-- wp:image {\"id\":1185,\"sizeSlug\":\"large\",\"linkDestination\":\"none\"} -->\n<figure class=\"wp-block-image size-large\"><img src=\"https:\/\/catholiques17.fr\/saintes\/wp-content\/uploads\/sites\/3\/2019\/11\/Dans-le-coeur-du-pere-il-y-a-une-place-pour-chacun-une-place-pour-moi-1536x2048.jpg\" alt=\"\" class=\"wp-image-1185\" \/><\/figure>\n<!-- \/wp:image -->\n\n<!-- wp:image {\"id\":1186,\"sizeSlug\":\"large\",\"linkDestination\":\"none\"} -->\n<figure class=\"wp-block-image size-large\"><img src=\"https:\/\/catholiques17.fr\/saintes\/wp-content\/uploads\/sites\/3\/2019\/11\/Le-bonheur-cest-detre-ensemble-1536x2048.jpg\" alt=\"\" class=\"wp-image-1186\" \/><\/figure>\n<!-- \/wp:image -->\n\n<!-- wp:image {\"id\":1187,\"sizeSlug\":\"large\",\"linkDestination\":\"none\"} -->\n<figure class=\"wp-block-image size-large\"><img src=\"https:\/\/catholiques17.fr\/saintes\/wp-content\/uploads\/sites\/3\/2019\/11\/nous-aovns-fabrique-un-coeur.-Aide-moi-Seigneur-a-partager-ton-amour-1536x2048.jpg\" alt=\"\" class=\"wp-image-1187\" \/><\/figure>\n<!-- \/wp:image -->\n\n<!-- wp:image {\"id\":1188,\"sizeSlug\":\"large\",\"linkDestination\":\"none\"} -->\n<figure class=\"wp-block-image size-large\"><img src=\"https:\/\/catholiques17.fr\/saintes\/wp-content\/uploads\/sites\/3\/2019\/11\/Un-lumignon-pour-un-geste-damour-2048x1536.jpg\" alt=\"\" class=\"wp-image-1188\" \/><\/figure>\n<!-- \/wp:image -->\n\n<!-- wp:image {\"id\":1189,\"sizeSlug\":\"large\",\"linkDestination\":\"none\"} -->\n<figure class=\"wp-block-image size-large\"><img src=\"https:\/\/catholiques17.fr\/saintes\/wp-content\/uploads\/sites\/3\/2019\/11\/Zachee-descend-de-ton-arbre-1536x2048.jpg\" alt=\"\" class=\"wp-image-1189\" \/><\/figure>\n<!-- \/wp:image --><\/figure>\n<!-- \/wp:gallery -->","_et_gb_content_width":"","footnotes":""},"class_list":["post-227","page","type-page","status-publish","hentry"],"_links":{"self":[{"href":"https:\/\/catholiques17.fr\/saintes\/wp-json\/wp\/v2\/pages\/227","targetHints":{"allow":["GET"]}}],"collection":[{"href":"https:\/\/catholiques17.fr\/saintes\/wp-json\/wp\/v2\/pages"}],"about":[{"href":"https:\/\/catholiques17.fr\/saintes\/wp-json\/wp\/v2\/types\/page"}],"author":[{"embeddable":true,"href":"https:\/\/catholiques17.fr\/saintes\/wp-json\/wp\/v2\/users\/1"}],"replies":[{"embeddable":true,"href":"https:\/\/catholiques17.fr\/saintes\/wp-json\/wp\/v2\/comments?post=227"}],"version-history":[{"count":22,"href":"https:\/\/catholiques17.fr\/saintes\/wp-json\/wp\/v2\/pages\/227\/revisions"}],"predecessor-version":[{"id":12797,"href":"https:\/\/catholiques17.fr\/saintes\/wp-json\/wp\/v2\/pages\/227\/revisions\/12797"}],"up":[{"embeddable":true,"href":"https:\/\/catholiques17.fr\/saintes\/wp-json\/wp\/v2\/pages\/6893"}],"wp:attachment":[{"href":"https:\/\/catholiques17.fr\/saintes\/wp-json\/wp\/v2\/media?parent=227"}],"curies":[{"name":"wp","href":"https:\/\/api.w.org\/{rel}","templated":true}]}}