{"id":8343,"date":"2026-04-27T00:46:53","date_gmt":"2026-04-26T22:46:53","guid":{"rendered":"https:\/\/catholiques17.fr\/sainte-soulle\/?post_type=tribe_events&#038;p=8343"},"modified":"2026-04-27T01:41:07","modified_gmt":"2026-04-26T23:41:07","slug":"confirmations-des-adultes-du-diocese","status":"publish","type":"tribe_events","link":"https:\/\/catholiques17.fr\/sainte-soulle\/event\/confirmations-des-adultes-du-diocese\/","title":{"rendered":"Confirmations des adultes du dioc\u00e8se"},"content":{"rendered":"<h4><span style=\"color: #ff6600\"><strong>Le samedi 23 mai 2026, \u00e0 17h, auront lieu les confirmations des adultes du dioc\u00e8se \u00e0 la cath\u00e9drale de Saintes.<\/strong><\/span><\/h4>\n<p>Nous avons la joie de compter <span style=\"color: #ff6600\"><strong>deux confirmands de notre paroisse<\/strong><\/span> parmi les adultes qui recevront ce sacrement,<\/p>\n<p>Etape importante de la vie chr\u00e9tienne, par laquelle<strong> l&rsquo;Esprit Saint<\/strong> vient fortifier la foi et envoyer en mission.<\/p>\n<p>C&rsquo;est un grand moment de gr\u00e2ce pour notre communaut\u00e9 paroissiale, qui accompagne ces futurs confirm\u00e9s par la pri\u00e8re et la fraternit\u00e9.<\/p>\n<hr \/>\n<h4>Nous vous invitons tous ceux qui le peuvent \u00e0 venir entourer nos deux confirmands lors de cette belle c\u00e9l\u00e9bration, ou \u00e0 les porter dans la pri\u00e8re en ce jour de f\u00eate.<\/h4>\n<h4>Rendons gr\u00e2ce pour leur cheminement et pour la joie de voir grandir la foi au sein de notre paroisse.<\/h4>\n","protected":false},"excerpt":{"rendered":"<p>Le samedi 23 mai 2026, \u00e0 17h, auront lieu les confirmations des adultes du dioc\u00e8se \u00e0 la cath\u00e9drale de Saintes. Nous avons la joie de compter deux confirmands de notre [&hellip;]<\/p>\n","protected":false},"author":94,"featured_media":8344,"template":"","meta":{"_et_pb_use_builder":"","_et_pb_old_content":"","_et_gb_content_width":"","_tribe_events_status":"","_tribe_events_status_reason":"","footnotes":""},"tags":[],"tribe_events_cat":[],"class_list":["post-8343","tribe_events","type-tribe_events","status-publish","has-post-thumbnail","hentry"],"_links":{"self":[{"href":"https:\/\/catholiques17.fr\/sainte-soulle\/wp-json\/wp\/v2\/tribe_events\/8343","targetHints":{"allow":["GET"]}}],"collection":[{"href":"https:\/\/catholiques17.fr\/sainte-soulle\/wp-json\/wp\/v2\/tribe_events"}],"about":[{"href":"https:\/\/catholiques17.fr\/sainte-soulle\/wp-json\/wp\/v2\/types\/tribe_events"}],"author":[{"embeddable":true,"href":"https:\/\/catholiques17.fr\/sainte-soulle\/wp-json\/wp\/v2\/users\/94"}],"version-history":[{"count":1,"href":"https:\/\/catholiques17.fr\/sainte-soulle\/wp-json\/wp\/v2\/tribe_events\/8343\/revisions"}],"predecessor-version":[{"id":8346,"href":"https:\/\/catholiques17.fr\/sainte-soulle\/wp-json\/wp\/v2\/tribe_events\/8343\/revisions\/8346"}],"wp:featuredmedia":[{"embeddable":true,"href":"https:\/\/catholiques17.fr\/sainte-soulle\/wp-json\/wp\/v2\/media\/8344"}],"wp:attachment":[{"href":"https:\/\/catholiques17.fr\/sainte-soulle\/wp-json\/wp\/v2\/media?parent=8343"}],"wp:term":[{"taxonomy":"post_tag","embeddable":true,"href":"https:\/\/catholiques17.fr\/sainte-soulle\/wp-json\/wp\/v2\/tags?post=8343"},{"taxonomy":"tribe_events_cat","embeddable":true,"href":"https:\/\/catholiques17.fr\/sainte-soulle\/wp-json\/wp\/v2\/tribe_events_cat?post=8343"}],"curies":[{"name":"wp","href":"https:\/\/api.w.org\/{rel}","templated":true}]}}