{"id":4794,"date":"2021-03-23T22:24:07","date_gmt":"2021-03-23T21:24:07","guid":{"rendered":"https:\/\/catholiques17.fr\/sainte-soulle\/?page_id=4794"},"modified":"2025-05-16T09:05:01","modified_gmt":"2025-05-16T07:05:01","slug":"lequipe-pastorale","status":"publish","type":"page","link":"https:\/\/catholiques17.fr\/sainte-soulle\/groupes-paroissiaux\/lequipe-pastorale\/","title":{"rendered":"L\u2019\u00e9quipe pastorale"},"content":{"rendered":"<p>[et_pb_section fb_built=\u00a0\u00bb1&Prime; _builder_version=\u00a0\u00bb4.16&Prime; custom_padding=\u00a0\u00bb5px|||||\u00a0\u00bb global_colors_info=\u00a0\u00bb{}\u00a0\u00bb theme_builder_area=\u00a0\u00bbpost_content\u00a0\u00bb][et_pb_row _builder_version=\u00a0\u00bb4.17.6&Prime; _module_preset=\u00a0\u00bbdefault\u00a0\u00bb custom_padding=\u00a0\u00bb5px|||||\u00a0\u00bb global_colors_info=\u00a0\u00bb{}\u00a0\u00bb theme_builder_area=\u00a0\u00bbpost_content\u00a0\u00bb][et_pb_column type=\u00a0\u00bb4_4&Prime; _builder_version=\u00a0\u00bb4.17.6&Prime; _module_preset=\u00a0\u00bbdefault\u00a0\u00bb global_colors_info=\u00a0\u00bb{}\u00a0\u00bb theme_builder_area=\u00a0\u00bbpost_content\u00a0\u00bb][et_pb_image src=\u00a0\u00bbhttps:\/\/catholiques17.fr\/sainte-soulle\/wp-content\/uploads\/sites\/14\/2023\/03\/Equipe-pastorale-1-300&#215;246.jpg\u00a0\u00bb title_text=\u00a0\u00bbEquipe pastorale\u00a0\u00bb align=\u00a0\u00bbcenter\u00a0\u00bb _builder_version=\u00a0\u00bb4.21.0&Prime; _module_preset=\u00a0\u00bbdefault\u00a0\u00bb custom_margin=\u00a0\u00bb-39px|||||\u00a0\u00bb border_radii=\u00a0\u00bbon|10px|10px|10px|10px\u00a0\u00bb global_colors_info=\u00a0\u00bb{}\u00a0\u00bb theme_builder_area=\u00a0\u00bbpost_content\u00a0\u00bb][\/et_pb_image][\/et_pb_column][\/et_pb_row][et_pb_row _builder_version=\u00a0\u00bb4.16&Prime; background_size=\u00a0\u00bbinitial\u00a0\u00bb background_position=\u00a0\u00bbtop_left\u00a0\u00bb background_repeat=\u00a0\u00bbrepeat\u00a0\u00bb global_colors_info=\u00a0\u00bb{}\u00a0\u00bb theme_builder_area=\u00a0\u00bbpost_content\u00a0\u00bb][et_pb_column type=\u00a0\u00bb4_4&Prime; _builder_version=\u00a0\u00bb4.16&Prime; custom_padding=\u00a0\u00bb|||\u00a0\u00bb global_colors_info=\u00a0\u00bb{}\u00a0\u00bb custom_padding__hover=\u00a0\u00bb|||\u00a0\u00bb theme_builder_area=\u00a0\u00bbpost_content\u00a0\u00bb][et_pb_text _builder_version=\u00a0\u00bb4.21.0&Prime; _module_preset=\u00a0\u00bbdefault\u00a0\u00bb global_colors_info=\u00a0\u00bb{}\u00a0\u00bb theme_builder_area=\u00a0\u00bbpost_content\u00a0\u00bb]<\/p>\n<h3 style=\"text-align: center\"><span style=\"color: #ff5f2e\"><strong>Cette \u00e9quipe est charg\u00e9e, avec le cur\u00e9, de la gouvernance de la paroisse.<\/strong><\/span><\/h3>\n<p>[\/et_pb_text][\/et_pb_column][\/et_pb_row][et_pb_row _builder_version=\u00a0\u00bb4.17.6&Prime; _module_preset=\u00a0\u00bbdefault\u00a0\u00bb global_colors_info=\u00a0\u00bb{}\u00a0\u00bb theme_builder_area=\u00a0\u00bbpost_content\u00a0\u00bb][et_pb_column type=\u00a0\u00bb4_4&Prime; _builder_version=\u00a0\u00bb4.17.6&Prime; _module_preset=\u00a0\u00bbdefault\u00a0\u00bb global_colors_info=\u00a0\u00bb{}\u00a0\u00bb theme_builder_area=\u00a0\u00bbpost_content\u00a0\u00bb][et_pb_text _builder_version=\u00a0\u00bb4.21.0&Prime; _module_preset=\u00a0\u00bbdefault\u00a0\u00bb global_colors_info=\u00a0\u00bb{}\u00a0\u00bb theme_builder_area=\u00a0\u00bbpost_content\u00a0\u00bb]<\/p>\n<div class=\"et_pb_row et_pb_row_2\">\n<div class=\"et_pb_column et_pb_column_4_4 et_pb_column_2  et_pb_css_mix_blend_mode_passthrough et-last-child\">\n<div class=\"et_pb_module et_pb_text et_pb_text_1  et_pb_text_align_left et_pb_bg_layout_light\">\n<div class=\"et_pb_text_inner\">\n<blockquote>\n<p class=\"\" style=\"text-align: justify\">L\u2019Equipe Pastorale est constitu\u00e9e de chr\u00e9tiens participant, de mani\u00e8re stable et reconnue, \u00e0 l\u2019exercice de la charge pastorale du cur\u00e9, d\u2019une ou plusieurs paroisses ou d\u2019un secteur inter-paroissial. Les membres qui, en plus du cur\u00e9, constituent cette \u00e9quipe sont la\u00efcs, parfois religieux ou religieuses, parfois diacres et re\u00e7oivent leur mission de l\u2019\u00e9v\u00eaque, ce qui est signifi\u00e9 par la lettre de mission qu\u2019ils re\u00e7oivent au d\u00e9but de leur mandat. Le cur\u00e9, de par son ordination sacerdotale et sa nomination par l\u2019\u00e9v\u00eaque, re\u00e7oit la charge pastorale de la ou des paroisses, c\u2019est-\u00e0-dire- la responsabilit\u00e9 de conduire la communaut\u00e9. Ce qui est nouveau avec les Equipes Pastorales, c\u2019est qu\u2019il n\u2019est plus seul \u00e0 l\u2019exercer, puisque d\u2019autres membres de la communaut\u00e9 lui sont associ\u00e9s dans l\u2019exercice de sa charge pastorale.<\/p>\n<p class=\"\" style=\"text-align: justify\"><em> (extraits du document \u201cEquipes Pastorale\u201d \u2013 P\u00e2ques 2009)<\/em><\/p>\n<\/blockquote>\n<\/div>\n<\/div>\n<\/div>\n<\/div>\n<p>[\/et_pb_text][\/et_pb_column][\/et_pb_row][et_pb_row _builder_version=\u00a0\u00bb4.17.6&Prime; _module_preset=\u00a0\u00bbdefault\u00a0\u00bb custom_padding=\u00a0\u00bb0px|||||\u00a0\u00bb global_colors_info=\u00a0\u00bb{}\u00a0\u00bb theme_builder_area=\u00a0\u00bbpost_content\u00a0\u00bb][et_pb_column type=\u00a0\u00bb4_4&Prime; _builder_version=\u00a0\u00bb4.17.6&Prime; _module_preset=\u00a0\u00bbdefault\u00a0\u00bb global_colors_info=\u00a0\u00bb{}\u00a0\u00bb theme_builder_area=\u00a0\u00bbpost_content\u00a0\u00bb][et_pb_text _builder_version=\u00a0\u00bb4.17.6&Prime; _module_preset=\u00a0\u00bbdefault\u00a0\u00bb global_colors_info=\u00a0\u00bb{}\u00a0\u00bb theme_builder_area=\u00a0\u00bbpost_content\u00a0\u00bb]<\/p>\n<div class=\"et_pb_row et_pb_row_3\">\n<div class=\"et_pb_column et_pb_column_4_4 et_pb_column_3  et_pb_css_mix_blend_mode_passthrough et-last-child\">\n<div class=\"et_pb_module et_pb_text et_pb_text_2  et_pb_text_align_left et_pb_bg_layout_light\">\n<div class=\"et_pb_text_inner\">\n<p>L\u2019Equipe Pastorale se retrouve r\u00e9guli\u00e8rement toutes les deux semaines et ses membres sont membres de droit du Conseil pastoral et du Conseil \u00e9conomique. Ils participent \u00e9galement aux rencontres de doyenn\u00e9. Ils visitent avec le cur\u00e9 les diff\u00e9rents clochers de notre paroisse, viennent soutenir les mouvements et services de notre communaut\u00e9 et sont les vis-\u00e0-vis l\u00e9gitimes des autorit\u00e9s civiles des communes constituant notre paroisse.<\/p>\n<\/div>\n<\/div>\n<\/div>\n<\/div>\n<p>[\/et_pb_text][\/et_pb_column][\/et_pb_row][et_pb_row _builder_version=\u00a0\u00bb4.17.6&Prime; _module_preset=\u00a0\u00bbdefault\u00a0\u00bb global_colors_info=\u00a0\u00bb{}\u00a0\u00bb theme_builder_area=\u00a0\u00bbpost_content\u00a0\u00bb][et_pb_column type=\u00a0\u00bb4_4&Prime; _builder_version=\u00a0\u00bb4.17.6&Prime; _module_preset=\u00a0\u00bbdefault\u00a0\u00bb global_colors_info=\u00a0\u00bb{}\u00a0\u00bb theme_builder_area=\u00a0\u00bbpost_content\u00a0\u00bb][et_pb_divider color=\u00a0\u00bb#FF5F2E\u00a0\u00bb _builder_version=\u00a0\u00bb4.21.0&Prime; _module_preset=\u00a0\u00bbdefault\u00a0\u00bb background_color=\u00a0\u00bb#FFFFFF\u00a0\u00bb global_colors_info=\u00a0\u00bb{}\u00a0\u00bb theme_builder_area=\u00a0\u00bbpost_content\u00a0\u00bb][\/et_pb_divider][\/et_pb_column][\/et_pb_row][et_pb_row _builder_version=\u00a0\u00bb4.17.6&Prime; _module_preset=\u00a0\u00bbdefault\u00a0\u00bb global_colors_info=\u00a0\u00bb{}\u00a0\u00bb theme_builder_area=\u00a0\u00bbpost_content\u00a0\u00bb][et_pb_column type=\u00a0\u00bb4_4&Prime; _builder_version=\u00a0\u00bb4.17.6&Prime; _module_preset=\u00a0\u00bbdefault\u00a0\u00bb global_colors_info=\u00a0\u00bb{}\u00a0\u00bb theme_builder_area=\u00a0\u00bbpost_content\u00a0\u00bb][et_pb_text _builder_version=\u00a0\u00bb4.21.0&Prime; _module_preset=\u00a0\u00bbdefault\u00a0\u00bb global_colors_info=\u00a0\u00bb{}\u00a0\u00bb theme_builder_area=\u00a0\u00bbpost_content\u00a0\u00bb]<\/p>\n<h3 style=\"text-align: center\"><span style=\"color: #ff5f2e\"><strong>Dans notre paroisse,<\/strong> elle est compos\u00e9e de<\/span><span style=\"color: #ff5f2e\"><\/span><\/h3>\n<h3><span style=\"color: #ff5f2e\"><\/span><\/h3>\n<h3><span style=\"color: #ff5f2e\"><\/span><span style=\"color: #ff5f2e\">P\u00e8re Jean Berchmans NGUYEN, de Mme Th\u00e9r\u00e8se LAGRANGE, de M. Hugues CHARTI et de M.BILLON Lucas<\/span><\/h3>\n<h2><\/h2>\n<p>[\/et_pb_text][\/et_pb_column][\/et_pb_row][\/et_pb_section]<\/p>\n","protected":false},"excerpt":{"rendered":"<p>Cette \u00e9quipe est charg\u00e9e, avec le cur\u00e9, de la gouvernance de la paroisse. L\u2019Equipe Pastorale est constitu\u00e9e de chr\u00e9tiens participant, de mani\u00e8re stable et reconnue, \u00e0 l\u2019exercice de la charge [&hellip;]<\/p>\n","protected":false},"author":5,"featured_media":0,"parent":4854,"menu_order":0,"comment_status":"closed","ping_status":"closed","template":"","meta":{"_et_pb_use_builder":"on","_et_pb_old_content":"<!-- wp:paragraph -->\n<p><strong>Equipe pastorale :&nbsp;<\/strong>Mmes Dominique GAUDIN, Th\u00e9r\u00e8se LAGRANGE, M. Hugues CHARTI<\/p>\n<!-- \/wp:paragraph -->\n\n<!-- wp:paragraph -->\n<p><strong>L\u2019\u00e9quipe pastorale<\/strong>&nbsp;: ses membres sont une \u00e9quipe de chr\u00e9tiens missionn\u00e9s par l\u2019\u00e9v\u00eaque. Ils collaborent \u00e0 l\u2019exercice de la charge pastorale du cur\u00e9. Les la\u00efc missionn\u00e9s s\u2019efforcent avec le cur\u00e9, de d\u00e9cider, de mettre en oeuvre et de coordonner les diff\u00e9rentes activit\u00e9s de la paroisse. Les trois axes de leur mission sont :&nbsp;<strong>annoncer, c\u00e9l\u00e9brer et servir<\/strong>&nbsp;la soci\u00e9t\u00e9 au nom du Christ.<\/p>\n<!-- \/wp:paragraph -->","_et_gb_content_width":"","footnotes":""},"class_list":["post-4794","page","type-page","status-publish","hentry"],"_links":{"self":[{"href":"https:\/\/catholiques17.fr\/sainte-soulle\/wp-json\/wp\/v2\/pages\/4794","targetHints":{"allow":["GET"]}}],"collection":[{"href":"https:\/\/catholiques17.fr\/sainte-soulle\/wp-json\/wp\/v2\/pages"}],"about":[{"href":"https:\/\/catholiques17.fr\/sainte-soulle\/wp-json\/wp\/v2\/types\/page"}],"author":[{"embeddable":true,"href":"https:\/\/catholiques17.fr\/sainte-soulle\/wp-json\/wp\/v2\/users\/5"}],"replies":[{"embeddable":true,"href":"https:\/\/catholiques17.fr\/sainte-soulle\/wp-json\/wp\/v2\/comments?post=4794"}],"version-history":[{"count":10,"href":"https:\/\/catholiques17.fr\/sainte-soulle\/wp-json\/wp\/v2\/pages\/4794\/revisions"}],"predecessor-version":[{"id":7328,"href":"https:\/\/catholiques17.fr\/sainte-soulle\/wp-json\/wp\/v2\/pages\/4794\/revisions\/7328"}],"up":[{"embeddable":true,"href":"https:\/\/catholiques17.fr\/sainte-soulle\/wp-json\/wp\/v2\/pages\/4854"}],"wp:attachment":[{"href":"https:\/\/catholiques17.fr\/sainte-soulle\/wp-json\/wp\/v2\/media?parent=4794"}],"curies":[{"name":"wp","href":"https:\/\/api.w.org\/{rel}","templated":true}]}}