{"id":5217,"date":"2021-07-14T13:12:39","date_gmt":"2021-07-14T11:12:39","guid":{"rendered":"https:\/\/catholiques17.fr\/saintbernardenaunis\/?page_id=5217"},"modified":"2024-10-14T09:56:44","modified_gmt":"2024-10-14T07:56:44","slug":"le-rosaire","status":"publish","type":"page","link":"https:\/\/catholiques17.fr\/saintbernardenaunis\/services\/le-rosaire\/","title":{"rendered":"Le Rosaire"},"content":{"rendered":"[et_pb_section fb_built=\u00a0\u00bb1&Prime; admin_label=\u00a0\u00bbsection\u00a0\u00bb _builder_version=\u00a0\u00bb4.16&Prime; global_colors_info=\u00a0\u00bb{}\u00a0\u00bb theme_builder_area=\u00a0\u00bbpost_content\u00a0\u00bb custom_padding=\u00a0\u00bb0px|||||\u00a0\u00bb][et_pb_row _builder_version=\u00a0\u00bb4.21.0&Prime; _module_preset=\u00a0\u00bbdefault\u00a0\u00bb theme_builder_area=\u00a0\u00bbpost_content\u00a0\u00bb][et_pb_column _builder_version=\u00a0\u00bb4.21.0&Prime; _module_preset=\u00a0\u00bbdefault\u00a0\u00bb type=\u00a0\u00bb4_4&Prime; theme_builder_area=\u00a0\u00bbpost_content\u00a0\u00bb][et_pb_image src=\u00a0\u00bbhttps:\/\/catholiques17.fr\/saintbernardenaunis\/wp-content\/uploads\/sites\/13\/2024\/10\/ER-logo-complet-grand-300&#215;130.png\u00a0\u00bb _builder_version=\u00a0\u00bb4.21.0&Prime; _module_preset=\u00a0\u00bbdefault\u00a0\u00bb theme_builder_area=\u00a0\u00bbpost_content\u00a0\u00bb title_text=\u00a0\u00bbER-logo-complet-grand\u00a0\u00bb background_color=\u00a0\u00bb#F9DA23&Prime; align=\u00a0\u00bbcenter\u00a0\u00bb hover_enabled=\u00a0\u00bb0&Prime; sticky_enabled=\u00a0\u00bb0&Prime;][\/et_pb_image][\/et_pb_column][\/et_pb_row][et_pb_row _builder_version=\u00a0\u00bb4.21.0&Prime; _module_preset=\u00a0\u00bbdefault\u00a0\u00bb theme_builder_area=\u00a0\u00bbpost_content\u00a0\u00bb][et_pb_column _builder_version=\u00a0\u00bb4.21.0&Prime; _module_preset=\u00a0\u00bbdefault\u00a0\u00bb type=\u00a0\u00bb4_4&Prime; theme_builder_area=\u00a0\u00bbpost_content\u00a0\u00bb][et_pb_text _builder_version=\u00a0\u00bb4.21.0&Prime; _module_preset=\u00a0\u00bbdefault\u00a0\u00bb theme_builder_area=\u00a0\u00bbpost_content\u00a0\u00bb hover_enabled=\u00a0\u00bb0&Prime; sticky_enabled=\u00a0\u00bb0&Prime;]<p><strong>Les Equipes du Rosaire sont un Mouvement d\u2019Apostolat des La\u00efcs reconnu en 1967 par les Ev\u00eaques de France et en 1972 par l\u2019Ordre des Pr\u00eacheurs (Dominicains). C\u2019est un mouvement missionnaire\u2026 autour de chez soi !<\/strong><\/p>[\/et_pb_text][\/et_pb_column][\/et_pb_row][et_pb_row _builder_version=\u00a0\u00bb4.21.0&Prime; _module_preset=\u00a0\u00bbdefault\u00a0\u00bb theme_builder_area=\u00a0\u00bbpost_content\u00a0\u00bb][et_pb_column _builder_version=\u00a0\u00bb4.21.0&Prime; _module_preset=\u00a0\u00bbdefault\u00a0\u00bb type=\u00a0\u00bb4_4&Prime; theme_builder_area=\u00a0\u00bbpost_content\u00a0\u00bb][et_pb_text _builder_version=\u00a0\u00bb4.21.0&Prime; _module_preset=\u00a0\u00bbdefault\u00a0\u00bb theme_builder_area=\u00a0\u00bbpost_content\u00a0\u00bb hover_enabled=\u00a0\u00bb0&Prime; sticky_enabled=\u00a0\u00bb0&Prime;]<p><strong>Qu&rsquo;est-ce qu&rsquo;une \u00e9quipe du Rosaire ?<\/strong><\/p>\n<p><strong><\/strong><\/p>\n<ul>\n<li>Dans chaque quartier, dans chaque village, \u00e0\u00a0<strong>trois ou quatre ou plus<\/strong>, voisins, voisines, proches ou moins proches\u00a0<strong>se r\u00e9unissent<\/strong>\u00a0\u00ab\u00a0<strong>chez eux<\/strong>\u00a0\u00bb une fois par mois<strong> pour prier <\/strong>\u00e0 l\u2019aide d\u2019un passage de l\u2019\u00c9vangile qui rappelle un des grands moments de la vie du Christ, avec Marie comme mod\u00e8le et la force de l\u2019Esprit Saint.<\/li>\n<li>On prie avec le soutien des uns et des autres dans la simplicit\u00e9 et l\u2019amiti\u00e9. On peut exprimer une intention de pri\u00e8re. On apprend \u00e0 prier chaque jour. On porte aux autres la Bonne Nouvelle. On n\u2019est pas seul\u00a0! On vit\u00a0!<\/li>\n<\/ul>[\/et_pb_text][\/et_pb_column][\/et_pb_row][et_pb_row _builder_version=\u00a0\u00bb4.21.0&Prime; _module_preset=\u00a0\u00bbdefault\u00a0\u00bb theme_builder_area=\u00a0\u00bbpost_content\u00a0\u00bb][et_pb_column _builder_version=\u00a0\u00bb4.21.0&Prime; _module_preset=\u00a0\u00bbdefault\u00a0\u00bb type=\u00a0\u00bb4_4&Prime; theme_builder_area=\u00a0\u00bbpost_content\u00a0\u00bb][et_pb_text _builder_version=\u00a0\u00bb4.21.0&Prime; _module_preset=\u00a0\u00bbdefault\u00a0\u00bb theme_builder_area=\u00a0\u00bbpost_content\u00a0\u00bb hover_enabled=\u00a0\u00bb0&Prime; sticky_enabled=\u00a0\u00bb0&Prime;]<p><strong>Qu&rsquo;est-ce que le Rosaire ?<\/strong><\/p>\n<p>Le mot \u00ab\u00a0rosaire\u00a0\u00bb signifie \u00ab\u00a0couronne de roses\u00a0\u00bb. Il vient de l\u2019usage au Moyen Age de couronner de roses les statues de la Vierge, chaque rose symbolisant une pri\u00e8re. L\u2019origine du Rosaire remonte au XI\u00e8me &#8211; XII\u00e8me si\u00e8cle. Dans les monast\u00e8res, les religieux qui ne comprenaient pas le latin r\u00e9citaient 150 \u00ab\u00a0Ave Maria\u00a0\u00bb \u00e0 la place des 150 psaumes de l\u2019office liturgique. On appelait le Rosaire le psautier de la Vierge Marie. Le Rosaire est \u00e0 la fois une pri\u00e8re vocale et une m\u00e9ditation contemplative. On r\u00e9cite des pri\u00e8res tr\u00e8s simples (<em>Je vous salue Marie, Notre P\u00e8re <\/em>&#8230;) et on m\u00e9dite les principaux \u00e9v\u00e8nements de la vie de J\u00e9sus et de la Vierge Marie. La r\u00e9citation des pri\u00e8res du chapelet laisse l\u2019esprit libre pour la m\u00e9ditation des \u00e9pisodes \u00e9vang\u00e9liques.<\/p>\n<p><strong>On m\u00e9dite :<\/strong><\/p>\n<ul>\n<li>les\u00a0<strong>myst\u00e8res joyeux\u00a0<\/strong>(Annonciation, Visitation, Nativit\u00e9, Pr\u00e9sentation au temple, Vie cach\u00e9e \u00e0 Nazareth)<\/li>\n<li>les\u00a0<strong>myst\u00e8res douloureux\u00a0<\/strong>(Agonie de J\u00e9sus \u00e0 Geths\u00e9mani, Flagellation, Couronnement d\u2019\u00e9pine, Portement de croix, Crucifixion)<\/li>\n<li>les\u00a0<strong>myst\u00e8res glorieux\u00a0<\/strong>(R\u00e9surrection, Ascension, Pentec\u00f4te, Assomption de Marie, Couronnement de Marie au ciel)<\/li>\n<li>les\u00a0<strong>myst\u00e8res lumineux\u00a0<\/strong>( Bapt\u00eame du Christ, Noces de Cana, Pr\u00e9dication de J\u00e9sus, Transfiguration, Institution de l\u2019Eucharistie).<\/li>\n<\/ul>[\/et_pb_text][\/et_pb_column][\/et_pb_row][et_pb_row _builder_version=\u00a0\u00bb4.21.0&Prime; _module_preset=\u00a0\u00bbdefault\u00a0\u00bb theme_builder_area=\u00a0\u00bbpost_content\u00a0\u00bb][et_pb_column _builder_version=\u00a0\u00bb4.21.0&Prime; _module_preset=\u00a0\u00bbdefault\u00a0\u00bb type=\u00a0\u00bb4_4&Prime; theme_builder_area=\u00a0\u00bbpost_content\u00a0\u00bb][et_pb_testimonial author=\u00a0\u00bbSaint Jean-Paul II\u00a0\u00bb portrait_url=\u00a0\u00bbhttps:\/\/catholiques17.fr\/saintbernardenaunis\/wp-content\/uploads\/sites\/13\/2024\/10\/800px-San_Giovanni_Paolo_II.jpg\u00a0\u00bb _builder_version=\u00a0\u00bb4.21.0&Prime; _module_preset=\u00a0\u00bbdefault\u00a0\u00bb theme_builder_area=\u00a0\u00bbpost_content\u00a0\u00bb job_title=\u00a0\u00bbAng\u00e9lus du 29.10.78)\u00a0\u00bb title_text=\u00a0\u00bb800px-San_Giovanni_Paolo_II\u00a0\u00bb hover_enabled=\u00a0\u00bb0&Prime; sticky_enabled=\u00a0\u00bb0&Prime;]<p>Le Rosaire est ma pri\u00e8re pr\u00e9f\u00e9r\u00e9e. C\u2019est une pri\u00e8re merveilleuse. Merveilleuse de simplicit\u00e9 et de profondeur. Dans cette pri\u00e8re nous r\u00e9p\u00e9tons de multiples fois les paroles de l\u2019Archange et \u00c9lisabeth \u00e0 la Vierge Marie. Toute l\u2019 \u00c9glise s\u2019associe \u00e0 ces paroles. Cette pri\u00e8re si simple et si riche, de tout c\u0153ur, je vous exhorte \u00e0 la r\u00e9citer.<\/p>[\/et_pb_testimonial][\/et_pb_column][\/et_pb_row][et_pb_row _builder_version=\u00a0\u00bb4.21.0&Prime; _module_preset=\u00a0\u00bbdefault\u00a0\u00bb theme_builder_area=\u00a0\u00bbpost_content\u00a0\u00bb][et_pb_column _builder_version=\u00a0\u00bb4.21.0&Prime; _module_preset=\u00a0\u00bbdefault\u00a0\u00bb type=\u00a0\u00bb4_4&Prime; theme_builder_area=\u00a0\u00bbpost_content\u00a0\u00bb][et_pb_divider _builder_version=\u00a0\u00bb4.21.0&Prime; _module_preset=\u00a0\u00bbdefault\u00a0\u00bb theme_builder_area=\u00a0\u00bbpost_content\u00a0\u00bb hover_enabled=\u00a0\u00bb0&Prime; sticky_enabled=\u00a0\u00bb0&Prime;][\/et_pb_divider][\/et_pb_column][\/et_pb_row][et_pb_row _builder_version=\u00a0\u00bb4.21.0&Prime; _module_preset=\u00a0\u00bbdefault\u00a0\u00bb theme_builder_area=\u00a0\u00bbpost_content\u00a0\u00bb custom_padding=\u00a0\u00bb11px|||||\u00a0\u00bb][et_pb_column _builder_version=\u00a0\u00bb4.21.0&Prime; _module_preset=\u00a0\u00bbdefault\u00a0\u00bb type=\u00a0\u00bb4_4&Prime; theme_builder_area=\u00a0\u00bbpost_content\u00a0\u00bb][et_pb_text _builder_version=\u00a0\u00bb4.21.0&Prime; _module_preset=\u00a0\u00bbdefault\u00a0\u00bb theme_builder_area=\u00a0\u00bbpost_content\u00a0\u00bb hover_enabled=\u00a0\u00bb0&Prime; sticky_enabled=\u00a0\u00bb0&Prime;]<p style=\"text-align: center;\"><span style=\"color: #ff6600;\"><strong>Si vous souhaitez vous joindre \u00e0 un groupe, contactez :<\/strong><\/span><\/p>\n<p><span style=\"color: #ff6600;\">&#8211; Equipe du Rosaire Ferri\u00e8res avec Odile JORIS (06 02 29 25 67) : rencontre le 2\u00e8me jeudi du mois \u00e0 15h \u00e0 la maison paroissiale.<\/span><\/p>\n<p><span style=\"color: #ff6600;\">&#8211; Equipe du Rosaire Taugon \u2013 La Ronde avec Henriette RICHARD (05 46 27 11 89) : rencontre le 1er vendredi du mois \u00e0 15h\u00a0\u00a0<\/span><\/p>\n<p><span style=\"color: #ff6600;\"><!-- \/wp:post-content --><\/span><\/p>\n<p><span style=\"color: #ff6600;\"><!-- wp:paragraph --><\/span><\/p>\n<p><!-- \/wp:paragraph --><\/p>\n<p><!-- wp:paragraph --><\/p>[\/et_pb_text][\/et_pb_column][\/et_pb_row][\/et_pb_section]","protected":false},"excerpt":{"rendered":"<p>Les Equipes du Rosaire sont un Mouvement d\u2019Apostolat des La\u00efcs reconnu en 1967 par les Ev\u00eaques de France et en 1972 par l\u2019Ordre des Pr\u00eacheurs (Dominicains). C\u2019est un mouvement missionnaire\u2026 [&hellip;]<\/p>\n","protected":false},"author":18,"featured_media":0,"parent":4693,"menu_order":0,"comment_status":"closed","ping_status":"closed","template":"","meta":{"_et_pb_use_builder":"on","_et_pb_old_content":"<!-- wp:heading {\"level\":1} -->\n<h1 id=\"parent-fieldname-title\">\u00c9QUIPES DU ROSAIRE<\/h1>\n<!-- \/wp:heading -->\n\n<!-- wp:image -->\n<figure class=\"wp-block-image\"><img src=\"https:\/\/www.yonne.catholique.fr\/notre-dame-3-vallees\/presentation-de-la-paroisse\/equipes-du-rosaire\/image_mini\" alt=\"\" \/><\/figure>\n<!-- \/wp:image -->\n\n<!-- wp:paragraph -->\n<p>N\u00e9es en 1955 pour rejoindre les personnes \u00e9loign\u00e9es de l\u2019\u00c9glise, les \u00c9quipes du Rosaire se trouvent en plein accord avec le souci des \u00e9v\u00eaques de proposer la foi dans la soci\u00e9t\u00e9 actuelle.<\/p>\n<!-- \/wp:paragraph -->\n\n<!-- wp:heading -->\n<h2>Une \u00e9quipe du Rosaire&nbsp;?<\/h2>\n<!-- \/wp:heading -->\n\n<!-- wp:list -->\n<ul><li>Dans chaque quartier, dans chaque village, \u00e0&nbsp;<strong>trois ou quatre ou plus<\/strong>, voisins, voisines, proches ou moins proches&nbsp;<strong>se r\u00e9unissent<\/strong>&nbsp;\"<strong>chez eux<\/strong>\" une fois par mois<\/li><li><strong>pour prier&nbsp;<\/strong>\u00e0 l\u2019aide d\u2019un passage de l\u2019\u00c9vangile qui rappelle un des grands moments de la vie du Christ, avec Marie comme mod\u00e8le et la force de l\u2019Esprit Saint.<\/li><li>On prie avec le soutien des uns et des autres dans la simplicit\u00e9 et l\u2019amiti\u00e9. On peut exprimer une intention de pri\u00e8re. On apprend \u00e0 prier chaque jour. On porte aux autres la Bonne Nouvelle. On n\u2019est pas seul&nbsp;! On vit&nbsp;!<\/li><\/ul>\n<!-- \/wp:list -->\n\n<!-- wp:paragraph -->\n<p>Les \u00c9quipes du Rosaire sont un mouvement d\u2019\u00c9glise approuv\u00e9 par les \u00e9v\u00eaques fran\u00e7ais et par l\u2019ordre de Saint Dominique.<\/p>\n<!-- \/wp:paragraph -->\n\n<!-- wp:paragraph -->\n<p><strong><a href=\"http:\/\/rosaire.org\/\" target=\"_blank\" rel=\"noreferrer noopener\">En savoir plus...<\/a><\/strong><\/p>\n<!-- \/wp:paragraph -->\n\n<!-- wp:heading -->\n<h2>Nos \u00c9quipes du Rosaire<\/h2>\n<!-- \/wp:heading -->\n\n<!-- wp:paragraph -->\n<p>Si vous souhaitez vous joindre \u00e0 un groupe, contactez :<\/p>\n<!-- \/wp:paragraph -->\n\n<!-- wp:paragraph -->\n<p>Equipe du Rosaire Ferri\u00e8res avec Odile JORIS (06 02 29 25 67)&nbsp;: rencontre le 2\u00e8me jeudi du mois \u00e0 15h \u00e0 la maison paroissiale<\/p>\n<!-- \/wp:paragraph -->\n\n<!-- wp:paragraph -->\n<p>Equipe du Rosaire Taugon \u2013 La Ronde avec Henriette RICHARD (05 46 27 11 89)\u00a0: rencontre le 1<sup>er<\/sup> vendredi du mois \u00e0 15h\u00a0\u00a0<\/p>\n<!-- \/wp:paragraph -->\n\n<!-- wp:heading -->\n<h2><img src=\"https:\/\/www.yonne.catholique.fr\/notre-dame-3-vallees\/mediatheque\/images\/vierge-au-buisson-de-roses-martin-schongauer-colmar.jpg\/image_preview\" alt=\"\"><\/h2>\n<!-- \/wp:heading -->\n\n<!-- wp:heading -->\n<h2>Qu\u2019appelle-t-on Rosaire&nbsp;?<\/h2>\n<!-- \/wp:heading -->\n\n<!-- wp:paragraph -->\n<p>Le mot \"rosaire\" signifie \"couronne de roses\". Il vient de l\u2019usage au Moyen Age de couronner de roses les statues de la Vierge, chaque rose symbolisant une pri\u00e8re.<\/p>\n<!-- \/wp:paragraph -->\n\n<!-- wp:paragraph -->\n<p>L\u2019origine du Rosaire remonte au XI\u00e8me - XII\u00e8me si\u00e8cle. Dans les monast\u00e8res, les religieux qui ne comprenaient pas le latin r\u00e9citaient 150 \"Ave Maria\" \u00e0 la place des 150 psaumes de l\u2019office liturgique. On appelait le Rosaire le psautier de la Vierge Marie.<\/p>\n<!-- \/wp:paragraph -->\n\n<!-- wp:paragraph -->\n<p>Le Rosaire est \u00e0 la fois une pri\u00e8re vocale et une m\u00e9ditation contemplative. On r\u00e9cite des pri\u00e8res tr\u00e8s simples (<em>Je vous salue Marie, Notre p\u00e8re&nbsp;<\/em>...) et on m\u00e9dite les principaux \u00e9v\u00e8nements de la vie de J\u00e9sus et de la Vierge Marie. La r\u00e9citation des pri\u00e8res du chapelet laisse l\u2019esprit libre pour la m\u00e9ditation des \u00e9pisodes \u00e9vang\u00e9liques.<\/p>\n<!-- \/wp:paragraph -->\n\n<!-- wp:paragraph -->\n<p><strong>On m\u00e9dite&nbsp;:<\/strong><\/p>\n<!-- \/wp:paragraph -->\n\n<!-- wp:list -->\n<ul><li>les&nbsp;<strong>myst\u00e8res joyeux&nbsp;<\/strong>(Annonciation, Visitation, Nativit\u00e9, Pr\u00e9sentation au temple, Vie cach\u00e9e \u00e0 Nazareth)<\/li><li>les&nbsp;<strong>myst\u00e8res douloureux&nbsp;<\/strong>(Agonie de J\u00e9sus \u00e0 Geths\u00e9mani, Flagellation, Couronnement d\u2019\u00e9pine, Portement de croix, Crucifixion)<\/li><li>les&nbsp;<strong>myst\u00e8res glorieux&nbsp;<\/strong>(R\u00e9surrection, Ascension, Pentec\u00f4te, Assomption de Marie, Couronnement de Marie au ciel)<\/li><li>les&nbsp;<strong>myst\u00e8res lumineux&nbsp;<\/strong>( Bapt\u00eame du Christ, Noces de Cana, Pr\u00e9dication de J\u00e9sus, Transfiguration, Institution de l\u2019Eucharistie)<\/li><\/ul>\n<!-- \/wp:list -->\n\n<!-- wp:paragraph -->\n<p><a href=\"http:\/\/cybercure.fr\/je-prie\/article\/le-rosaire-et-le-chapelet\" target=\"_blank\" rel=\"noreferrer noopener\"><strong>En savoir plus...<\/strong><\/a><\/p>\n<!-- \/wp:paragraph -->\n\n<!-- wp:quote -->\n<blockquote class=\"wp-block-quote\"><p>Le Rosaire est ma pri\u00e8re pr\u00e9f\u00e9r\u00e9e. C\u2019est une pri\u00e8re merveilleuse. Merveilleuse de simplicit\u00e9 et de profondeur. Dans cette pri\u00e8re nous r\u00e9p\u00e9tons de multiples fois les paroles de l\u2019Archange et \u00c9lisabeth \u00e0 la Vierge Marie. Toute l\u2019 \u00c9glise s\u2019associe \u00e0 ces paroles. Cette pri\u00e8re si simple et si riche, de tout c\u0153ur, je vous exhorte \u00e0 la r\u00e9citer.<\/p><\/blockquote>\n<!-- \/wp:quote -->\n\n<!-- wp:paragraph -->\n<p>(<em>Jean-Paul II, ang\u00e9lus du 29.10.78<\/em>)<\/p>\n<!-- \/wp:paragraph -->","_et_gb_content_width":"","footnotes":""},"class_list":["post-5217","page","type-page","status-publish","hentry"],"_links":{"self":[{"href":"https:\/\/catholiques17.fr\/saintbernardenaunis\/wp-json\/wp\/v2\/pages\/5217","targetHints":{"allow":["GET"]}}],"collection":[{"href":"https:\/\/catholiques17.fr\/saintbernardenaunis\/wp-json\/wp\/v2\/pages"}],"about":[{"href":"https:\/\/catholiques17.fr\/saintbernardenaunis\/wp-json\/wp\/v2\/types\/page"}],"author":[{"embeddable":true,"href":"https:\/\/catholiques17.fr\/saintbernardenaunis\/wp-json\/wp\/v2\/users\/18"}],"replies":[{"embeddable":true,"href":"https:\/\/catholiques17.fr\/saintbernardenaunis\/wp-json\/wp\/v2\/comments?post=5217"}],"version-history":[{"count":10,"href":"https:\/\/catholiques17.fr\/saintbernardenaunis\/wp-json\/wp\/v2\/pages\/5217\/revisions"}],"predecessor-version":[{"id":10782,"href":"https:\/\/catholiques17.fr\/saintbernardenaunis\/wp-json\/wp\/v2\/pages\/5217\/revisions\/10782"}],"up":[{"embeddable":true,"href":"https:\/\/catholiques17.fr\/saintbernardenaunis\/wp-json\/wp\/v2\/pages\/4693"}],"wp:attachment":[{"href":"https:\/\/catholiques17.fr\/saintbernardenaunis\/wp-json\/wp\/v2\/media?parent=5217"}],"curies":[{"name":"wp","href":"https:\/\/api.w.org\/{rel}","templated":true}]}}