{"id":4719,"date":"2021-03-23T15:47:12","date_gmt":"2021-03-23T14:47:12","guid":{"rendered":"https:\/\/catholiques17.fr\/saint-bernard\/?page_id=4719"},"modified":"2024-10-14T11:42:37","modified_gmt":"2024-10-14T09:42:37","slug":"ccfd","status":"publish","type":"page","link":"https:\/\/catholiques17.fr\/saintbernardenaunis\/services\/ccfd\/","title":{"rendered":"CCFD"},"content":{"rendered":"[et_pb_section fb_built=\u00a0\u00bb1&Prime; admin_label=\u00a0\u00bbsection\u00a0\u00bb _builder_version=\u00a0\u00bb4.16&Prime; global_colors_info=\u00a0\u00bb{}\u00a0\u00bb theme_builder_area=\u00a0\u00bbpost_content\u00a0\u00bb custom_padding=\u00a0\u00bb14px||0px|||\u00a0\u00bb][et_pb_row _builder_version=\u00a0\u00bb4.21.0&Prime; _module_preset=\u00a0\u00bbdefault\u00a0\u00bb theme_builder_area=\u00a0\u00bbpost_content\u00a0\u00bb custom_padding=\u00a0\u00bb0px|||||\u00a0\u00bb][et_pb_column _builder_version=\u00a0\u00bb4.21.0&Prime; _module_preset=\u00a0\u00bbdefault\u00a0\u00bb type=\u00a0\u00bb4_4&Prime; theme_builder_area=\u00a0\u00bbpost_content\u00a0\u00bb][et_pb_image src=\u00a0\u00bbhttps:\/\/catholiques17.fr\/saintbernardenaunis\/wp-content\/uploads\/sites\/13\/2024\/10\/CCFD-Terre-Solidaire_-RVB_logodefinition.jpg\u00a0\u00bb _builder_version=\u00a0\u00bb4.21.0&Prime; _module_preset=\u00a0\u00bbdefault\u00a0\u00bb theme_builder_area=\u00a0\u00bbpost_content\u00a0\u00bb title_text=\u00a0\u00bbCCFD-Terre-Solidaire_-RVB_logodefinition\u00a0\u00bb align=\u00a0\u00bbcenter\u00a0\u00bb hover_enabled=\u00a0\u00bb0&Prime; sticky_enabled=\u00a0\u00bb0&Prime;][\/et_pb_image][\/et_pb_column][\/et_pb_row][et_pb_row admin_label=\u00a0\u00bbrow\u00a0\u00bb _builder_version=\u00a0\u00bb4.16&Prime; background_size=\u00a0\u00bbinitial\u00a0\u00bb background_position=\u00a0\u00bbtop_left\u00a0\u00bb background_repeat=\u00a0\u00bbrepeat\u00a0\u00bb global_colors_info=\u00a0\u00bb{}\u00a0\u00bb theme_builder_area=\u00a0\u00bbpost_content\u00a0\u00bb][et_pb_column type=\u00a0\u00bb4_4&Prime; _builder_version=\u00a0\u00bb4.16&Prime; custom_padding=\u00a0\u00bb|||\u00a0\u00bb global_colors_info=\u00a0\u00bb{}\u00a0\u00bb custom_padding__hover=\u00a0\u00bb|||\u00a0\u00bb theme_builder_area=\u00a0\u00bbpost_content\u00a0\u00bb][et_pb_text admin_label=\u00a0\u00bbText\u00a0\u00bb _builder_version=\u00a0\u00bb4.21.0&Prime; background_size=\u00a0\u00bbinitial\u00a0\u00bb background_position=\u00a0\u00bbtop_left\u00a0\u00bb background_repeat=\u00a0\u00bbrepeat\u00a0\u00bb hover_enabled=\u00a0\u00bb0&Prime; global_colors_info=\u00a0\u00bb{}\u00a0\u00bb theme_builder_area=\u00a0\u00bbpost_content\u00a0\u00bb sticky_enabled=\u00a0\u00bb0&Prime;]<p>Le\u00a0<strong>CCFD-Terre solidaire<\/strong>\u00a0(anciennement comit\u00e9 catholique contre la faim et pour le d\u00e9veloppement), une association type\u00a0loi de 1901, est la premi\u00e8re\u00a0ONG\u00a0fran\u00e7aise de d\u00e9veloppement. Depuis sa cr\u00e9ation en\u00a01961, le CCFD-Terre solidaire mobilise la solidarit\u00e9 en France pour lutter contre la\u00a0faim\u00a0dans le monde. L\u2019association se donne aujourd\u2019hui pour mission\u00a0: la\u00a0solidarit\u00e9 internationale, et trois leviers\u00a0:<\/p>\n<p><\/p>\n<p><\/p>\n<ul class=\"wp-block-list\">\n<li>soutenir des projets de\u00a0d\u00e9veloppement humain\u00a0dans les\u00a0pays en d\u00e9veloppement\u00a0du Sud et de l\u2019Est\u00a0;<\/li>\n<li>en\u00a0France, sensibiliser l\u2019opinion publique\u00a0\u00e0 la situation des pays pauvres par l\u2019\u00e9ducation au d\u00e9veloppement\u00a0;<\/li>\n<li>obtenir des r\u00e8gles internationales plus justes en menant des actions de\u00a0plaidoyer\u00a0(ou travail d\u2019influence) aupr\u00e8s des d\u00e9cideurs politiques et \u00e9conomiques.<\/li>\n<\/ul>\n<p><\/p>\n<p><span style=\"text-decoration: underline;\"><strong>Contact Nord Aunis<\/strong><\/span> : Jean-Marie Tessier \u2013 06 80 13 35 83<\/p>\n<p><\/p>\n<p><a href=\"https:\/\/blog.ccfd-terresolidaire.org\/aquitaine-poitou-charentes\/\">https:\/\/blog.ccfd-terresolidaire.org\/aquitaine-poitou-charentes\/<\/a><\/p>\n<p><\/p>\n<p><a href=\"https:\/\/ccfd-terresolidaire.org\/\">https:\/\/ccfd-terresolidaire.org\/<\/a><\/p>\n<p><\/p>[\/et_pb_text][\/et_pb_column][\/et_pb_row][\/et_pb_section]","protected":false},"excerpt":{"rendered":"<p>Le\u00a0CCFD-Terre solidaire\u00a0(anciennement comit\u00e9 catholique contre la faim et pour le d\u00e9veloppement), une association type\u00a0loi de 1901, est la premi\u00e8re\u00a0ONG\u00a0fran\u00e7aise de d\u00e9veloppement. Depuis sa cr\u00e9ation en\u00a01961, le CCFD-Terre solidaire mobilise la [&hellip;]<\/p>\n","protected":false},"author":5,"featured_media":0,"parent":4693,"menu_order":0,"comment_status":"closed","ping_status":"closed","template":"","meta":{"_et_pb_use_builder":"on","_et_pb_old_content":"<!-- wp:paragraph -->\n<p>Le&nbsp;<strong>CCFD-Terre solidaire<\/strong>&nbsp;(anciennement comit\u00e9 catholique contre la faim et pour le d\u00e9veloppement), une association type&nbsp;<a href=\"https:\/\/fr.wikipedia.org\/wiki\/Association_loi_de_1901\">loi de 1901<\/a>, est la premi\u00e8re&nbsp;<a href=\"https:\/\/fr.wikipedia.org\/wiki\/Organisation_non_gouvernementale\">ONG<\/a>&nbsp;fran\u00e7aise de d\u00e9veloppement. Depuis sa cr\u00e9ation en&nbsp;<a href=\"https:\/\/fr.wikipedia.org\/wiki\/1961\">1961<\/a>, le CCFD-Terre solidaire mobilise la solidarit\u00e9 en France pour lutter contre la&nbsp;<a href=\"https:\/\/fr.wikipedia.org\/wiki\/Faim\">faim<\/a>&nbsp;dans le monde. L\u2019association se donne aujourd\u2019hui pour mission&nbsp;: la&nbsp;<a href=\"https:\/\/fr.wikipedia.org\/wiki\/Solidarit%C3%A9_internationale_(concept)\">solidarit\u00e9 internationale<\/a>, et trois leviers&nbsp;:<\/p>\n<!-- \/wp:paragraph -->\n\n<!-- wp:list -->\n<ul><li>soutenir des projets de&nbsp;<a href=\"https:\/\/fr.wikipedia.org\/wiki\/D%C3%A9veloppement_%C3%A9conomique_et_social\">d\u00e9veloppement humain<\/a>&nbsp;dans les&nbsp;<a href=\"https:\/\/fr.wikipedia.org\/wiki\/Pays_en_d%C3%A9veloppement\">pays en d\u00e9veloppement<\/a>&nbsp;du Sud et de l\u2019Est&nbsp;;<\/li><li>en&nbsp;<a href=\"https:\/\/fr.wikipedia.org\/wiki\/France\">France<\/a>, sensibiliser l\u2019<a href=\"https:\/\/fr.wikipedia.org\/wiki\/Opinion_publique\">opinion publique<\/a>&nbsp;\u00e0 la situation des pays pauvres par l\u2019\u00e9ducation au d\u00e9veloppement&nbsp;;<\/li><li>obtenir des r\u00e8gles internationales plus justes en menant des actions de&nbsp;<a href=\"https:\/\/fr.wikipedia.org\/wiki\/Plaidoyer_(politique)\">plaidoyer<\/a>&nbsp;(ou travail d\u2019influence) aupr\u00e8s des d\u00e9cideurs politiques et \u00e9conomiques.<\/li><\/ul>\n<!-- \/wp:list -->\n\n<!-- wp:paragraph -->\n<p>Contact Nord Aunis : Jean-Marie Tessier \u2013 06 80 13 35 83<\/p>\n<!-- \/wp:paragraph -->\n\n<!-- wp:paragraph -->\n<p><a href=\"https:\/\/blog.ccfd-terresolidaire.org\/aquitaine-poitou-charentes\/\">https:\/\/blog.ccfd-terresolidaire.org\/aquitaine-poitou-charentes\/<\/a><\/p>\n<!-- \/wp:paragraph -->\n\n<!-- wp:paragraph -->\n<p><a href=\"https:\/\/ccfd-terresolidaire.org\/\">https:\/\/ccfd-terresolidaire.org\/<\/a><\/p>\n<!-- \/wp:paragraph -->","_et_gb_content_width":"","footnotes":""},"class_list":["post-4719","page","type-page","status-publish","hentry"],"_links":{"self":[{"href":"https:\/\/catholiques17.fr\/saintbernardenaunis\/wp-json\/wp\/v2\/pages\/4719","targetHints":{"allow":["GET"]}}],"collection":[{"href":"https:\/\/catholiques17.fr\/saintbernardenaunis\/wp-json\/wp\/v2\/pages"}],"about":[{"href":"https:\/\/catholiques17.fr\/saintbernardenaunis\/wp-json\/wp\/v2\/types\/page"}],"author":[{"embeddable":true,"href":"https:\/\/catholiques17.fr\/saintbernardenaunis\/wp-json\/wp\/v2\/users\/5"}],"replies":[{"embeddable":true,"href":"https:\/\/catholiques17.fr\/saintbernardenaunis\/wp-json\/wp\/v2\/comments?post=4719"}],"version-history":[{"count":12,"href":"https:\/\/catholiques17.fr\/saintbernardenaunis\/wp-json\/wp\/v2\/pages\/4719\/revisions"}],"predecessor-version":[{"id":10790,"href":"https:\/\/catholiques17.fr\/saintbernardenaunis\/wp-json\/wp\/v2\/pages\/4719\/revisions\/10790"}],"up":[{"embeddable":true,"href":"https:\/\/catholiques17.fr\/saintbernardenaunis\/wp-json\/wp\/v2\/pages\/4693"}],"wp:attachment":[{"href":"https:\/\/catholiques17.fr\/saintbernardenaunis\/wp-json\/wp\/v2\/media?parent=4719"}],"curies":[{"name":"wp","href":"https:\/\/api.w.org\/{rel}","templated":true}]}}