{"id":4697,"date":"2021-03-23T14:17:29","date_gmt":"2021-03-23T13:17:29","guid":{"rendered":"https:\/\/catholiques17.fr\/saint-bernard\/?page_id=4697"},"modified":"2026-04-23T22:30:17","modified_gmt":"2026-04-23T20:30:17","slug":"le-conseil-economique","status":"publish","type":"page","link":"https:\/\/catholiques17.fr\/saintbernardenaunis\/paroisse\/le-conseil-economique\/","title":{"rendered":"Le conseil \u00e9conomique"},"content":{"rendered":"[et_pb_section fb_built=\u00a0\u00bb1&Prime; admin_label=\u00a0\u00bbsection\u00a0\u00bb _builder_version=\u00a0\u00bb4.16&Prime; custom_padding=\u00a0\u00bb11px|||||\u00a0\u00bb global_colors_info=\u00a0\u00bb{}\u00a0\u00bb theme_builder_area=\u00a0\u00bbpost_content\u00a0\u00bb][et_pb_row _builder_version=\u00a0\u00bb4.21.0&Prime; _module_preset=\u00a0\u00bbdefault\u00a0\u00bb custom_padding=\u00a0\u00bb3px|||||\u00a0\u00bb global_colors_info=\u00a0\u00bb{}\u00a0\u00bb theme_builder_area=\u00a0\u00bbpost_content\u00a0\u00bb][et_pb_column type=\u00a0\u00bb4_4&Prime; _builder_version=\u00a0\u00bb4.21.0&Prime; _module_preset=\u00a0\u00bbdefault\u00a0\u00bb global_colors_info=\u00a0\u00bb{}\u00a0\u00bb theme_builder_area=\u00a0\u00bbpost_content\u00a0\u00bb][et_pb_image src=\u00a0\u00bbhttps:\/\/catholiques17.fr\/saintbernardenaunis\/wp-content\/uploads\/sites\/13\/2024\/10\/Conseil-eco.jpeg\u00a0\u00bb title_text=\u00a0\u00bbConseil eco\u00a0\u00bb align=\u00a0\u00bbcenter\u00a0\u00bb _builder_version=\u00a0\u00bb4.21.0&Prime; _module_preset=\u00a0\u00bbdefault\u00a0\u00bb global_colors_info=\u00a0\u00bb{}\u00a0\u00bb theme_builder_area=\u00a0\u00bbpost_content\u00a0\u00bb][\/et_pb_image][\/et_pb_column][\/et_pb_row][et_pb_row admin_label=\u00a0\u00bbrow\u00a0\u00bb _builder_version=\u00a0\u00bb4.16&Prime; background_size=\u00a0\u00bbinitial\u00a0\u00bb background_position=\u00a0\u00bbtop_left\u00a0\u00bb background_repeat=\u00a0\u00bbrepeat\u00a0\u00bb custom_padding=\u00a0\u00bb4px|||||\u00a0\u00bb global_colors_info=\u00a0\u00bb{}\u00a0\u00bb theme_builder_area=\u00a0\u00bbpost_content\u00a0\u00bb][et_pb_column type=\u00a0\u00bb4_4&Prime; _builder_version=\u00a0\u00bb4.16&Prime; custom_padding=\u00a0\u00bb|||\u00a0\u00bb global_colors_info=\u00a0\u00bb{}\u00a0\u00bb custom_padding__hover=\u00a0\u00bb|||\u00a0\u00bb theme_builder_area=\u00a0\u00bbpost_content\u00a0\u00bb][et_pb_text admin_label=\u00a0\u00bbText\u00a0\u00bb _builder_version=\u00a0\u00bb4.21.0&Prime; background_size=\u00a0\u00bbinitial\u00a0\u00bb background_position=\u00a0\u00bbtop_left\u00a0\u00bb background_repeat=\u00a0\u00bbrepeat\u00a0\u00bb global_colors_info=\u00a0\u00bb{}\u00a0\u00bb theme_builder_area=\u00a0\u00bbpost_content\u00a0\u00bb]<p><!-- \/wp:post-content --><\/p>\n<p><!-- wp:paragraph --><strong>Le conseil \u00e9conomique<\/strong>\u00a0est en charge de la gestion des finances et des biens de la paroisse \u2013 en lien avec le dioc\u00e8se. Sa mission est d\u2019\u00e9tablir le budget de la paroisse, en approuver les comptes et en contr\u00f4ler les finances.<\/p>\n<p><!-- \/wp:paragraph --><\/p>[\/et_pb_text][\/et_pb_column][\/et_pb_row][et_pb_row _builder_version=\u00a0\u00bb4.21.0&Prime; _module_preset=\u00a0\u00bbdefault\u00a0\u00bb global_colors_info=\u00a0\u00bb{}\u00a0\u00bb theme_builder_area=\u00a0\u00bbpost_content\u00a0\u00bb][et_pb_column type=\u00a0\u00bb4_4&Prime; _builder_version=\u00a0\u00bb4.21.0&Prime; _module_preset=\u00a0\u00bbdefault\u00a0\u00bb global_colors_info=\u00a0\u00bb{}\u00a0\u00bb theme_builder_area=\u00a0\u00bbpost_content\u00a0\u00bb][et_pb_text _builder_version=\u00a0\u00bb4.21.0&Prime; _module_preset=\u00a0\u00bbdefault\u00a0\u00bb global_colors_info=\u00a0\u00bb{}\u00a0\u00bb theme_builder_area=\u00a0\u00bbpost_content\u00a0\u00bb]<p>L\u2019Eglise, en France, ne vit que de dons. Pour soutenir ses diff\u00e9rentes missions, il vous est possible<a href=\"https:\/\/donnons-catholiques17.fr\/\" target=\"_blank\" rel=\"noopener\"><span>\u00a0<\/span>de faire des versements<span>\u00a0<\/span><\/a>\u00e0 destination :<\/p>\n<p>\u2013 du Denier de l\u2019Eglise (pour le traitement des pr\u00eatres et des salari\u00e9s) : <a href=\"https:\/\/catholiques17.fr\/saintbernardenaunis\/denier-de-leglise\/\" target=\"_blank\" rel=\"noopener\">en savoir plus<\/a><\/p>\n<p>\u2013 des s\u00e9minaristes<\/p>\n<p>\u2013 des paroisses (pour soutenir les activit\u00e9s pastorales et l\u2019entretien des locaux de la paroisse de votre choix)<\/p>\n<p>\u2013 de projets dioc\u00e9sains en cours\u00a0<\/p>[\/et_pb_text][\/et_pb_column][\/et_pb_row][et_pb_row _builder_version=\u00a0\u00bb4.21.0&Prime; _module_preset=\u00a0\u00bbdefault\u00a0\u00bb global_colors_info=\u00a0\u00bb{}\u00a0\u00bb theme_builder_area=\u00a0\u00bbpost_content\u00a0\u00bb][et_pb_column type=\u00a0\u00bb4_4&Prime; _builder_version=\u00a0\u00bb4.21.0&Prime; _module_preset=\u00a0\u00bbdefault\u00a0\u00bb global_colors_info=\u00a0\u00bb{}\u00a0\u00bb theme_builder_area=\u00a0\u00bbpost_content\u00a0\u00bb][et_pb_divider color=\u00a0\u00bb#FF5F2E\u00a0\u00bb _builder_version=\u00a0\u00bb4.21.0&Prime; _module_preset=\u00a0\u00bbdefault\u00a0\u00bb global_colors_info=\u00a0\u00bb{}\u00a0\u00bb theme_builder_area=\u00a0\u00bbpost_content\u00a0\u00bb][\/et_pb_divider][\/et_pb_column][\/et_pb_row][et_pb_row _builder_version=\u00a0\u00bb4.21.0&Prime; _module_preset=\u00a0\u00bbdefault\u00a0\u00bb custom_padding=\u00a0\u00bb6px|||||\u00a0\u00bb global_colors_info=\u00a0\u00bb{}\u00a0\u00bb theme_builder_area=\u00a0\u00bbpost_content\u00a0\u00bb][et_pb_column type=\u00a0\u00bb4_4&Prime; _builder_version=\u00a0\u00bb4.21.0&Prime; _module_preset=\u00a0\u00bbdefault\u00a0\u00bb global_colors_info=\u00a0\u00bb{}\u00a0\u00bb theme_builder_area=\u00a0\u00bbpost_content\u00a0\u00bb][et_pb_text _builder_version=\u00a0\u00bb4.21.0&Prime; _module_preset=\u00a0\u00bbdefault\u00a0\u00bb global_colors_info=\u00a0\u00bb{}\u00a0\u00bb theme_builder_area=\u00a0\u00bbpost_content\u00a0\u00bb]<p style=\"text-align: center\"><strong>\u00a0Les membres du conseil \u00e9conomique sont nomm\u00e9s par le cur\u00e9 pour une p\u00e9riode de trois ans prorogeable.<\/strong><\/p>\n<p style=\"text-align: center\"><strong> Celui ci est compos\u00e9 de : <\/strong><\/p>\n<p>P\u00e8re Auxence PAYIMA (cur\u00e9), Karine Angel (tr\u00e9sori\u00e8re), Jacques Longefay (comptable), Euph\u00e9mie Traisnel, Val\u00e9rie Nigron, Michel Arnaud et Andr\u00e9 Boutiron (membres).<\/p>[\/et_pb_text][\/et_pb_column][\/et_pb_row][\/et_pb_section]","protected":false},"excerpt":{"rendered":"<p>Le conseil \u00e9conomique\u00a0est en charge de la gestion des finances et des biens de la paroisse \u2013 en lien avec le dioc\u00e8se. Sa mission est d\u2019\u00e9tablir le budget de la [&hellip;]<\/p>\n","protected":false},"author":5,"featured_media":0,"parent":10595,"menu_order":0,"comment_status":"closed","ping_status":"closed","template":"","meta":{"_et_pb_use_builder":"on","_et_pb_old_content":"<!-- wp:paragraph -->\n<p><strong>Le Conseil \u00e9conomique<\/strong><\/p>\n<!-- \/wp:paragraph -->\n\n<!-- wp:paragraph -->\n<p><strong>Le conseil \u00e9conomique<\/strong>\u00a0est en charge de la gestion des finances et des biens de la paroisse \u2013 en lien avec le dioc\u00e8se. Sa mission est d\u2019\u00e9tablir le budget de la paroisse, en approuver les comptes et en contr\u00f4ler les finances.<br><br>Les membres du conseil \u00e9conomique sont nomm\u00e9s par le cur\u00e9 pour une p\u00e9riode de trois ans prorogeable. Celui ci est compos\u00e9 de P\u00e8re Auxence PAYIMA (cur\u00e9), Carol Connan (tr\u00e9sori\u00e8re), Jacques Longefay (comptable), Euph\u00e9mie Traisnel, Michel Arnaud et Andr\u00e9 Boutiron (membres).<\/p>\n<!-- \/wp:paragraph -->","_et_gb_content_width":"","footnotes":""},"class_list":["post-4697","page","type-page","status-publish","hentry"],"_links":{"self":[{"href":"https:\/\/catholiques17.fr\/saintbernardenaunis\/wp-json\/wp\/v2\/pages\/4697","targetHints":{"allow":["GET"]}}],"collection":[{"href":"https:\/\/catholiques17.fr\/saintbernardenaunis\/wp-json\/wp\/v2\/pages"}],"about":[{"href":"https:\/\/catholiques17.fr\/saintbernardenaunis\/wp-json\/wp\/v2\/types\/page"}],"author":[{"embeddable":true,"href":"https:\/\/catholiques17.fr\/saintbernardenaunis\/wp-json\/wp\/v2\/users\/5"}],"replies":[{"embeddable":true,"href":"https:\/\/catholiques17.fr\/saintbernardenaunis\/wp-json\/wp\/v2\/comments?post=4697"}],"version-history":[{"count":10,"href":"https:\/\/catholiques17.fr\/saintbernardenaunis\/wp-json\/wp\/v2\/pages\/4697\/revisions"}],"predecessor-version":[{"id":11933,"href":"https:\/\/catholiques17.fr\/saintbernardenaunis\/wp-json\/wp\/v2\/pages\/4697\/revisions\/11933"}],"up":[{"embeddable":true,"href":"https:\/\/catholiques17.fr\/saintbernardenaunis\/wp-json\/wp\/v2\/pages\/10595"}],"wp:attachment":[{"href":"https:\/\/catholiques17.fr\/saintbernardenaunis\/wp-json\/wp\/v2\/media?parent=4697"}],"curies":[{"name":"wp","href":"https:\/\/api.w.org\/{rel}","templated":true}]}}