{"id":4678,"date":"2021-03-23T13:54:59","date_gmt":"2021-03-23T12:54:59","guid":{"rendered":"https:\/\/catholiques17.fr\/saint-bernard\/?page_id=4678"},"modified":"2026-03-10T20:39:14","modified_gmt":"2026-03-10T19:39:14","slug":"mariage","status":"publish","type":"page","link":"https:\/\/catholiques17.fr\/saintbernardenaunis\/etape-de-la-vie\/mariage\/","title":{"rendered":"Mariage"},"content":{"rendered":"<p>[et_pb_section fb_built=\u00a0\u00bb1&Prime; admin_label=\u00a0\u00bbsection\u00a0\u00bb _builder_version=\u00a0\u00bb4.16&Prime; custom_padding=\u00a0\u00bb10px|||||\u00a0\u00bb global_colors_info=\u00a0\u00bb{}\u00a0\u00bb theme_builder_area=\u00a0\u00bbpost_content\u00a0\u00bb][et_pb_row _builder_version=\u00a0\u00bb4.21.0&Prime; _module_preset=\u00a0\u00bbdefault\u00a0\u00bb custom_padding=\u00a0\u00bb2px|||||\u00a0\u00bb global_colors_info=\u00a0\u00bb{}\u00a0\u00bb theme_builder_area=\u00a0\u00bbpost_content\u00a0\u00bb][et_pb_column type=\u00a0\u00bb4_4&Prime; _builder_version=\u00a0\u00bb4.21.0&Prime; _module_preset=\u00a0\u00bbdefault\u00a0\u00bb global_colors_info=\u00a0\u00bb{}\u00a0\u00bb theme_builder_area=\u00a0\u00bbpost_content\u00a0\u00bb][et_pb_image src=\u00a0\u00bbhttps:\/\/catholiques17.fr\/saintbernardenaunis\/wp-content\/uploads\/sites\/13\/2024\/10\/Mariage.jpeg\u00a0\u00bb title_text=\u00a0\u00bbMariage\u00a0\u00bb align=\u00a0\u00bbcenter\u00a0\u00bb _builder_version=\u00a0\u00bb4.21.0&Prime; _module_preset=\u00a0\u00bbdefault\u00a0\u00bb global_colors_info=\u00a0\u00bb{}\u00a0\u00bb theme_builder_area=\u00a0\u00bbpost_content\u00a0\u00bb][\/et_pb_image][\/et_pb_column][\/et_pb_row][et_pb_row _builder_version=\u00a0\u00bb4.21.0&Prime; _module_preset=\u00a0\u00bbdefault\u00a0\u00bb custom_margin=\u00a0\u00bb|auto|-7px|auto||\u00a0\u00bb global_colors_info=\u00a0\u00bb{}\u00a0\u00bb theme_builder_area=\u00a0\u00bbpost_content\u00a0\u00bb][et_pb_column type=\u00a0\u00bb4_4&Prime; _builder_version=\u00a0\u00bb4.21.0&Prime; _module_preset=\u00a0\u00bbdefault\u00a0\u00bb global_colors_info=\u00a0\u00bb{}\u00a0\u00bb theme_builder_area=\u00a0\u00bbpost_content\u00a0\u00bb][et_pb_text _builder_version=\u00a0\u00bb4.27.4&Prime; _module_preset=\u00a0\u00bbdefault\u00a0\u00bb global_colors_info=\u00a0\u00bb{}\u00a0\u00bb theme_builder_area=\u00a0\u00bbpost_content\u00a0\u00bb]<\/p>\n<p>Votre mariage, c\u2019est un moment important de votre vie. Notre \u00c9glise accueille avec joie tous ceux qui demandent son aide pour pr\u00e9parer leur mariage. Dieu s\u2019engage avec vous, \u00e0 vos c\u00f4t\u00e9s, pour donner \u00e0 votre Amour la force de s\u2019engager pour toujours.<\/p>\n<p>Vous souhaitez vous marier dans notre paroisse :\u00a0\u00a0le p\u00e8re Auxence PAYIMA vous accueillera et vous mettra en relation avec l\u2019\u00e9quipe de pr\u00e9paration au mariage (Daniel et Tatiana). Vous serez invit\u00e9s \u00e0 venir <strong>rencontrer<\/strong> le pr\u00eatre le vendredi de 17h \u00e0 19h pour la constitution du dossier de mariage. <strong>La demande de mariage doit \u00eatre faite au moins un an avant la date pr\u00e9vue; les mariages sont c\u00e9l\u00e9br\u00e9s le samedi soit \u00e0 14 heures soit \u00e0 16 heures.<\/strong><\/p>\n<p>[\/et_pb_text][\/et_pb_column][\/et_pb_row][et_pb_row _builder_version=\u00a0\u00bb4.21.0&Prime; _module_preset=\u00a0\u00bbdefault\u00a0\u00bb global_colors_info=\u00a0\u00bb{}\u00a0\u00bb theme_builder_area=\u00a0\u00bbpost_content\u00a0\u00bb][et_pb_column type=\u00a0\u00bb4_4&Prime; _builder_version=\u00a0\u00bb4.21.0&Prime; _module_preset=\u00a0\u00bbdefault\u00a0\u00bb global_colors_info=\u00a0\u00bb{}\u00a0\u00bb theme_builder_area=\u00a0\u00bbpost_content\u00a0\u00bb][et_pb_text _builder_version=\u00a0\u00bb4.21.0&Prime; _module_preset=\u00a0\u00bbdefault\u00a0\u00bb global_colors_info=\u00a0\u00bb{}\u00a0\u00bb theme_builder_area=\u00a0\u00bbpost_content\u00a0\u00bb]<\/p>\n<p><strong><span style=\"text-decoration: underline\">Le CPM\u00a0<\/span> (Centre de Pr\u00e9paration au Mariage<\/strong>)<\/p>\n<p>Le centre de Pr\u00e9paration au Mariage est un service de l\u2019\u00e9glise en vue d\u2019accompagner les futurs mari\u00e9s vers la c\u00e9l\u00e9bration religieuse du mariage et la constitution d\u2019un couple et d\u2019une famille selon l\u2019Esprit de l\u2019\u00c9vangile de J\u00e9sus Christ.<\/p>\n<p>Des sessions collectives et des rencontres sont organis\u00e9es en mettant plusieurs couples de fianc\u00e9s en pr\u00e9sence d\u2019un couple mari\u00e9 (animateurs) et du pr\u00eatre. La pr\u00e9sence \u00e0 ces sessions est obligatoire pour que le mariage puisse \u00eatre c\u00e9l\u00e9br\u00e9 \u00e0 l&rsquo;\u00e9glise. Les dates sont fix\u00e9es \u00e0 l&rsquo;avance par le Pr\u00eatre et les b\u00e9n\u00e9voles de l&rsquo;\u00e9quipe mariage. Les rencontres ont lieu le dimanche et ces dates ne sont pas modifiables. Les fianc\u00e9s s&rsquo;engagent donc \u00e0 s&rsquo;organiser pour assister tous les deux \u00e0 ces sessions.<\/p>\n<p>[\/et_pb_text][\/et_pb_column][\/et_pb_row][et_pb_row _builder_version=\u00a0\u00bb4.21.0&Prime; _module_preset=\u00a0\u00bbdefault\u00a0\u00bb custom_margin=\u00a0\u00bb|auto|24px|auto||\u00a0\u00bb global_colors_info=\u00a0\u00bb{}\u00a0\u00bb theme_builder_area=\u00a0\u00bbpost_content\u00a0\u00bb][et_pb_column type=\u00a0\u00bb4_4&Prime; _builder_version=\u00a0\u00bb4.21.0&Prime; _module_preset=\u00a0\u00bbdefault\u00a0\u00bb global_colors_info=\u00a0\u00bb{}\u00a0\u00bb theme_builder_area=\u00a0\u00bbpost_content\u00a0\u00bb][et_pb_text _builder_version=\u00a0\u00bb4.21.0&Prime; _module_preset=\u00a0\u00bbdefault\u00a0\u00bb background_color=\u00a0\u00bb#FF5F2E\u00a0\u00bb global_colors_info=\u00a0\u00bb{}\u00a0\u00bb theme_builder_area=\u00a0\u00bbpost_content\u00a0\u00bb]<\/p>\n<p style=\"text-align: center\"><span style=\"color: #ffffff\"><\/span><\/p>\n<p style=\"text-align: center\"><span style=\"color: #ffffff\">L&rsquo;offrande pour un mariage est de 300\u00a0 euros. Il vous sera demand\u00e9 de remettre cette participation lors de votre prise de contact avec le pr\u00eatre ; votre offrande permet de contribuer au fonctionnement de la paroisse.<\/span><\/p>\n<p style=\"text-align: center\"><span style=\"color: #ffffff\"><\/span><\/p>\n<p>[\/et_pb_text][\/et_pb_column][\/et_pb_row][et_pb_row _builder_version=\u00a0\u00bb4.21.0&Prime; _module_preset=\u00a0\u00bbdefault\u00a0\u00bb global_colors_info=\u00a0\u00bb{}\u00a0\u00bb theme_builder_area=\u00a0\u00bbpost_content\u00a0\u00bb][et_pb_column type=\u00a0\u00bb4_4&Prime; _builder_version=\u00a0\u00bb4.21.0&Prime; _module_preset=\u00a0\u00bbdefault\u00a0\u00bb global_colors_info=\u00a0\u00bb{}\u00a0\u00bb theme_builder_area=\u00a0\u00bbpost_content\u00a0\u00bb][et_pb_divider color=\u00a0\u00bb#FF5F2E\u00a0\u00bb _builder_version=\u00a0\u00bb4.21.0&Prime; _module_preset=\u00a0\u00bbdefault\u00a0\u00bb global_colors_info=\u00a0\u00bb{}\u00a0\u00bb theme_builder_area=\u00a0\u00bbpost_content\u00a0\u00bb][\/et_pb_divider][\/et_pb_column][\/et_pb_row][et_pb_row _builder_version=\u00a0\u00bb4.21.0&Prime; _module_preset=\u00a0\u00bbdefault\u00a0\u00bb global_colors_info=\u00a0\u00bb{}\u00a0\u00bb theme_builder_area=\u00a0\u00bbpost_content\u00a0\u00bb][et_pb_column type=\u00a0\u00bb4_4&Prime; _builder_version=\u00a0\u00bb4.21.0&Prime; _module_preset=\u00a0\u00bbdefault\u00a0\u00bb global_colors_info=\u00a0\u00bb{}\u00a0\u00bb theme_builder_area=\u00a0\u00bbpost_content\u00a0\u00bb][et_pb_text _builder_version=\u00a0\u00bb4.27.5&Prime; _module_preset=\u00a0\u00bbdefault\u00a0\u00bb hover_enabled=\u00a0\u00bb0&Prime; global_colors_info=\u00a0\u00bb{}\u00a0\u00bb theme_builder_area=\u00a0\u00bbpost_content\u00a0\u00bb sticky_enabled=\u00a0\u00bb0&Prime;]<\/p>\n<h3 style=\"text-align: center\">Mariages c\u00e9l\u00e9br\u00e9s dans notre paroisse :<\/h3>\n<div><\/div>\n<div>Sabine et Aur\u00e9lien : le 16 mai 2026 \u00e0 Taugon<\/div>\n<div>Marjolaine et Antony : le 23 mai 2026 \u00e0 St-Jean de Liversay<\/div>\n<div>Annabelle et Anthony : le 25 juillet 2026 \u00e0 St-Sauveur d&rsquo;Aunis<\/div>\n<div>Audrey et Alban : le 18 juillet 2026 \u00e0 Bouhet<\/div>\n<div>No\u00e9mie et K\u00e9vin : le 8 ao\u00fbt 2026 \u00e0 St-Sauveur d&rsquo;Aunis<\/div>\n<div>Sandrine et Jean-Pierre : le 15 ao\u00fbt 2026 \u00e0 St-Jean de Liversay<\/div>\n<div>Marine et Thomas : le 22 ao\u00fbt 2026 \u00e0 St-Sauveur d&rsquo;Aunis<\/div>\n<div>Natacha et Thomas : le 29 ao\u00fbt \u00e0 St-Sauveur d&rsquo;Aunis<\/div>\n<div>Camille et Alexis : le 19 septembre 2026 \u00e0 St-Jean de Liversay<\/div>\n<div>Lucie et N\u00e9mo e: le 10 octobre 2026 \u00e0 St-Sauveur d&rsquo;Aunis<\/div>\n<p>&nbsp;<\/p>\n<p>&nbsp;<\/p>\n<p>&nbsp;<\/p>\n<p>[\/et_pb_text][\/et_pb_column][\/et_pb_row][\/et_pb_section]<\/p>\n","protected":false},"excerpt":{"rendered":"<p>Votre mariage, c\u2019est un moment important de votre vie. Notre \u00c9glise accueille avec joie tous ceux qui demandent son aide pour pr\u00e9parer leur mariage. Dieu s\u2019engage avec vous, \u00e0 vos [&hellip;]<\/p>\n","protected":false},"author":5,"featured_media":0,"parent":10600,"menu_order":0,"comment_status":"closed","ping_status":"closed","template":"","meta":{"_et_pb_use_builder":"on","_et_pb_old_content":"<!-- wp:paragraph -->\n<p>Votre mariage, c\u2019est un moment important de votre vie. Notre \u00c9glise accueille avec joie tous ceux qui demandent son aide pour pr\u00e9parer leur mariage. Dieu s\u2019engage avec vous, \u00e0 vos c\u00f4t\u00e9s, pour donner \u00e0 votre&nbsp;Amour la force de s\u2019engager pour toujours.<\/p>\n<!-- \/wp:paragraph -->\n\n<!-- wp:paragraph -->\n<p>Vous souhaitez vous marier dans notre paroisse:\u00a0\u00a0le p\u00e8re Auxence PAYIMA vous accueillera et vous mettra en relation avec l\u2019\u00e9quipe de pr\u00e9paration au mariage (Daniel et Tatiana).<\/p>\n<!-- \/wp:paragraph -->\n\n<!-- wp:paragraph -->\n<p><em>Prenez contact au&nbsp;<strong>05 46 01 80 40<\/strong>&nbsp;ou adressez un&nbsp;<strong>mail<\/strong>&nbsp;\u00e0 <strong>paroisse.st.bernard.en.aunis@gmail.com<\/strong><\/em><\/p>\n<!-- \/wp:paragraph -->\n\n<!-- wp:paragraph -->\n<p><strong>La demande de mariage doit \u00eatre faite au moins un an avant la date pr\u00e9vue.<\/strong><\/p>\n<!-- \/wp:paragraph -->\n\n<!-- wp:paragraph -->\n<p><strong>Le CPM&nbsp; (Centre de Pr\u00e9paration au Mariage<\/strong>)<\/p>\n<!-- \/wp:paragraph -->\n\n<!-- wp:paragraph -->\n<p>Le centre de Pr\u00e9paration au Mariage est un service de l\u2019\u00e9glise en vue d\u2019accompagner les futurs mari\u00e9s vers la c\u00e9l\u00e9bration religieuse du mariage et la constitution d\u2019un couple et d\u2019une famille selon l\u2019Esprit de l\u2019\u00c9vangile de J\u00e9sus Christ.<\/p>\n<!-- \/wp:paragraph -->\n\n<!-- wp:paragraph -->\n<p>Des sessions collectives et des rencontres sont organis\u00e9es en mettant plusieurs couples de fianc\u00e9s en pr\u00e9sence d\u2019un couple mari\u00e9 (animateurs) et du pr\u00eatre.<\/p>\n<!-- \/wp:paragraph -->\n\n<!-- wp:paragraph -->\n<p>Les journ\u00e9es partag\u00e9es pour l'ann\u00e9e 2024 auront lieu \u00e0 la maison paroissiale \u00e0 Saint-Sauveur d'Aunis :<\/p>\n<!-- \/wp:paragraph -->\n\n<!-- wp:paragraph -->\n<p>Dimanche 4 f\u00e9vrier 2024<\/p>\n<!-- \/wp:paragraph -->\n\n<!-- wp:paragraph -->\n<p>Dimanche 17 mars 2024<\/p>\n<!-- \/wp:paragraph -->\n\n<!-- wp:paragraph {\"textColor\":\"vivid-cyan-blue\"} -->\n<p class=\"has-vivid-cyan-blue-color has-text-color\"><strong>La participation pour la c\u00e9l\u00e9bration est de 300 \u20ac<\/strong>; cette participation vous sera demand\u00e9e lors des premi\u00e8res rencontres et avant la c\u00e9l\u00e9bration du mariage. Elle permet de contribuer au fonctionnement de la paroisse.<\/p>\n<!-- \/wp:paragraph -->\n\n<!-- wp:paragraph {\"backgroundColor\":\"vivid-cyan-blue\",\"textColor\":\"white\"} -->\n<p class=\"has-white-color has-vivid-cyan-blue-background-color has-text-color has-background\"><strong>Les mariages dans notre paroisse en 2024&nbsp;:<\/strong><\/p>\n<!-- \/wp:paragraph -->\n\n<!-- wp:paragraph -->\n<p>Le 11 mai : L\u00e9a PICHEREAU et Quentin MENARD \u00e0 Ferri\u00e8res<\/p>\n<!-- \/wp:paragraph -->\n\n<!-- wp:paragraph -->\n<p>Le 18 mai : Delphine DESTRUL et Ga\u00ebtan BRAND \u00e0 St Sauveur d\u2019Aunis<\/p>\n<!-- \/wp:paragraph -->\n\n<!-- wp:paragraph -->\n<p>Samedi 13 juillet : Faustine PELLETIER et Kevin DUMAS \u00e0 Ferri\u00e8res<\/p>\n<!-- \/wp:paragraph -->\n\n<!-- wp:paragraph -->\n<p>Samedi 27 juillet : Aline COUADIER et Lounes ZIANI \u00e0 St Sauveur d\u2019Aunis<\/p>\n<!-- \/wp:paragraph -->\n\n<!-- wp:paragraph -->\n<p>Samedi 27 juillet : Karine NOBOURG et Vincent MOREAU \u00e0 Benon<\/p>\n<!-- \/wp:paragraph -->\n\n<!-- wp:paragraph -->\n<p>Samedi 7 ao\u00fbt&nbsp;: Gwena\u00eblle KERVENNIC et Louis BAHEZRE DE LANLAY \u00e0 St Sauveur d\u2019Aunis<\/p>\n<!-- \/wp:paragraph -->\n\n<!-- wp:paragraph -->\n<p>Samedi 10 ao\u00fbt&nbsp;: Margot JEUNEHOMME et Luis MORIN \u00e0 St Sauveur d\u2019Aunis<\/p>\n<!-- \/wp:paragraph -->\n\n<!-- wp:paragraph -->\n<p>Samedi 21 ao\u00fbt&nbsp;: Mathilde DESHAIS et Quentin DREVON \u00e0 St Sauveur d\u2019Aunis<\/p>\n<!-- \/wp:paragraph -->\n\n<!-- wp:paragraph -->\n<p>Samedi 7 septembre : mariage de M\u00e9gane CHAURAY et Antonin AUJARD \u00e0 La Ronde<\/p>\n<!-- \/wp:paragraph -->\n\n<!-- wp:paragraph -->\n<p>Samedi 14 septembre : mariage de Marie FORM\u00c9 et Maxime \u00e0 St Jean de Liversay<\/p>\n<!-- \/wp:paragraph -->\n\n<!-- wp:paragraph -->\n<p>Samedi 21 septembre&nbsp;: mariage de Sophie GIRARDEY et Alain BREMOND \u00e0 St Jean de Liversay<\/p>\n<!-- \/wp:paragraph -->\n\n<!-- wp:paragraph -->\n<p>Samedi 28 septembre : mariage de Aur\u00e9lie LE BOULVAIS et Julien BARAT \u00e0 St Sauveur d\u2019Aunis<\/p>\n<!-- \/wp:paragraph -->\n\n<!-- wp:paragraph -->\n<p>Samedi 5 octobre&nbsp;: mariage de Ma\u00ebva WILLOT et Cl\u00e9ment TESSIER \u00e0 St Jean de Liversay<\/p>\n<!-- \/wp:paragraph -->","_et_gb_content_width":"","footnotes":""},"class_list":["post-4678","page","type-page","status-publish","hentry"],"_links":{"self":[{"href":"https:\/\/catholiques17.fr\/saintbernardenaunis\/wp-json\/wp\/v2\/pages\/4678","targetHints":{"allow":["GET"]}}],"collection":[{"href":"https:\/\/catholiques17.fr\/saintbernardenaunis\/wp-json\/wp\/v2\/pages"}],"about":[{"href":"https:\/\/catholiques17.fr\/saintbernardenaunis\/wp-json\/wp\/v2\/types\/page"}],"author":[{"embeddable":true,"href":"https:\/\/catholiques17.fr\/saintbernardenaunis\/wp-json\/wp\/v2\/users\/5"}],"replies":[{"embeddable":true,"href":"https:\/\/catholiques17.fr\/saintbernardenaunis\/wp-json\/wp\/v2\/comments?post=4678"}],"version-history":[{"count":54,"href":"https:\/\/catholiques17.fr\/saintbernardenaunis\/wp-json\/wp\/v2\/pages\/4678\/revisions"}],"predecessor-version":[{"id":11883,"href":"https:\/\/catholiques17.fr\/saintbernardenaunis\/wp-json\/wp\/v2\/pages\/4678\/revisions\/11883"}],"up":[{"embeddable":true,"href":"https:\/\/catholiques17.fr\/saintbernardenaunis\/wp-json\/wp\/v2\/pages\/10600"}],"wp:attachment":[{"href":"https:\/\/catholiques17.fr\/saintbernardenaunis\/wp-json\/wp\/v2\/media?parent=4678"}],"curies":[{"name":"wp","href":"https:\/\/api.w.org\/{rel}","templated":true}]}}