{"id":4674,"date":"2021-03-23T13:53:46","date_gmt":"2021-03-23T12:53:46","guid":{"rendered":"https:\/\/catholiques17.fr\/saint-bernard\/?page_id=4674"},"modified":"2026-04-17T21:03:00","modified_gmt":"2026-04-17T19:03:00","slug":"bapteme","status":"publish","type":"page","link":"https:\/\/catholiques17.fr\/saintbernardenaunis\/etape-de-la-vie\/bapteme\/","title":{"rendered":"Bapt\u00eame"},"content":{"rendered":"[et_pb_section fb_built=\u00a0\u00bb1&Prime; admin_label=\u00a0\u00bbsection\u00a0\u00bb _builder_version=\u00a0\u00bb4.16&Prime; custom_padding=\u00a0\u00bb10px|||||\u00a0\u00bb global_colors_info=\u00a0\u00bb{}\u00a0\u00bb theme_builder_area=\u00a0\u00bbpost_content\u00a0\u00bb][et_pb_row _builder_version=\u00a0\u00bb4.21.0&Prime; _module_preset=\u00a0\u00bbdefault\u00a0\u00bb custom_padding=\u00a0\u00bb2px|||||\u00a0\u00bb global_colors_info=\u00a0\u00bb{}\u00a0\u00bb theme_builder_area=\u00a0\u00bbpost_content\u00a0\u00bb][et_pb_column type=\u00a0\u00bb4_4&Prime; _builder_version=\u00a0\u00bb4.21.0&Prime; _module_preset=\u00a0\u00bbdefault\u00a0\u00bb global_colors_info=\u00a0\u00bb{}\u00a0\u00bb theme_builder_area=\u00a0\u00bbpost_content\u00a0\u00bb][et_pb_image src=\u00a0\u00bbhttps:\/\/catholiques17.fr\/saintbernardenaunis\/wp-content\/uploads\/sites\/13\/2024\/10\/bapteme_1.jpg\u00a0\u00bb title_text=\u00a0\u00bbbapteme_1&Prime; align=\u00a0\u00bbcenter\u00a0\u00bb _builder_version=\u00a0\u00bb4.21.0&Prime; _module_preset=\u00a0\u00bbdefault\u00a0\u00bb global_colors_info=\u00a0\u00bb{}\u00a0\u00bb theme_builder_area=\u00a0\u00bbpost_content\u00a0\u00bb][\/et_pb_image][\/et_pb_column][\/et_pb_row][et_pb_row _builder_version=\u00a0\u00bb4.21.0&Prime; _module_preset=\u00a0\u00bbdefault\u00a0\u00bb custom_margin=\u00a0\u00bb|auto|-7px|auto||\u00a0\u00bb global_colors_info=\u00a0\u00bb{}\u00a0\u00bb theme_builder_area=\u00a0\u00bbpost_content\u00a0\u00bb][et_pb_column type=\u00a0\u00bb4_4&Prime; _builder_version=\u00a0\u00bb4.21.0&Prime; _module_preset=\u00a0\u00bbdefault\u00a0\u00bb global_colors_info=\u00a0\u00bb{}\u00a0\u00bb theme_builder_area=\u00a0\u00bbpost_content\u00a0\u00bb][et_pb_text _builder_version=\u00a0\u00bb4.21.0&Prime; _module_preset=\u00a0\u00bbdefault\u00a0\u00bb global_colors_info=\u00a0\u00bb{}\u00a0\u00bb theme_builder_area=\u00a0\u00bbpost_content\u00a0\u00bb]<p>Le jour du bapt\u00eame, votre enfant est accueilli dans la grande famille des chr\u00e9tiens. Le nouveau baptis\u00e9 pourra compter tout au long de sa vie sur cette famille. Le\u00a0<strong>bapt\u00eame<\/strong>\u00a0est le premier des trois sacrements de l\u2019initiation chr\u00e9tienne que recevra votre enfant. Par le bapt\u00eame \u00a0: il re\u00e7oit de Dieu, une vie nouvelle. Par l\u2019<strong>eucharistie<\/strong>, la communion au Corps du Christ, cette vie sera nourrie. Par la<strong>\u00a0confirmation<\/strong>, cette vie nouvelle sera fortifi\u00e9e par le don de l\u2019Esprit Saint.<\/p>[\/et_pb_text][\/et_pb_column][\/et_pb_row][et_pb_row _builder_version=\u00a0\u00bb4.21.0&Prime; _module_preset=\u00a0\u00bbdefault\u00a0\u00bb global_colors_info=\u00a0\u00bb{}\u00a0\u00bb theme_builder_area=\u00a0\u00bbpost_content\u00a0\u00bb][et_pb_column type=\u00a0\u00bb4_4&Prime; _builder_version=\u00a0\u00bb4.21.0&Prime; _module_preset=\u00a0\u00bbdefault\u00a0\u00bb global_colors_info=\u00a0\u00bb{}\u00a0\u00bb theme_builder_area=\u00a0\u00bbpost_content\u00a0\u00bb][et_pb_text _builder_version=\u00a0\u00bb4.21.0&Prime; _module_preset=\u00a0\u00bbdefault\u00a0\u00bb global_colors_info=\u00a0\u00bb{}\u00a0\u00bb theme_builder_area=\u00a0\u00bbpost_content\u00a0\u00bb]<p><strong><span style=\"text-decoration: underline\">Bapt\u00eame des enfants de moins de 6 ans<\/span> :<\/strong><\/p>\n<p>Le service d\u2019accompagnement \u00e0 la pr\u00e9paration au bapt\u00eame des enfants a pour but d\u2019aider les parents \u00e0 r\u00e9fl\u00e9chir au sens de leur d\u00e9marche, \u00e0 mieux comprendre le sens du sacrement du bapt\u00eame et \u00e0 pr\u00e9parer la c\u00e9l\u00e9bration. Les animateurs(rices) ont \u00e9t\u00e9 form\u00e9(e)s pour accueillir de jeunes parents et les aider \u00e0 exprimer leur foi ou leurs doutes. Ils peuvent r\u00e9pondre aux questions que vous pouvez vous poser sur la foi en J\u00e9sus-Christ.<\/p>\n<p>La pr\u00e9paration se d\u00e9roule en 3 \u00e9tapes indispensables :<\/p>\n<ul>\n<li>une <strong>rencontre individuelle<\/strong> avec un membre de l\u2019\u00e9quipe bapt\u00eame (Pierrette MONTARDY) pour vous expliquer le cheminement et pr\u00e9parer le dossier administratif<\/li>\n<li>Une <strong>r\u00e9union collective<\/strong> avec d\u2019autres parents qui pr\u00e9sentent leur enfant au bapt\u00eame sur la paroisse (cette r\u00e9union a lieu le samedi matin de 10h30 \u00e0 12h au moins dans le mois qui pr\u00e9c\u00e8de la date du bapt\u00eame<\/li>\n<li><strong>La c\u00e9l\u00e9bration du bapt\u00eame de votre enfant<\/strong> pourra avoir lieu apr\u00e8s la c\u00e9l\u00e9bration de la messe du dimanche ou au cours de la messe du samedi soir ou du dimanche matin selon le calendrier d\u00e9fini pour les messes dominicales dans les 9 \u00e9glises de notre paroisse. La c\u00e9l\u00e9bration au cours de la messe permet d\u2019accueillir votre enfant au c\u0153ur de la communaut\u00e9 des chr\u00e9tiens.<\/li>\n<\/ul>\n<p>Prenez contact avec Mme Pierrette Montardy au 05.46.01.90.26 &#8211; <a href=\"mailto:pmontardy@gmail.com\" target=\"_blank\" rel=\"noopener\">pmontardy@gmail.com<\/a><\/p>\n<p>&nbsp;<\/p>[\/et_pb_text][et_pb_text _builder_version=\u00a0\u00bb4.21.0&Prime; _module_preset=\u00a0\u00bbdefault\u00a0\u00bb global_colors_info=\u00a0\u00bb{}\u00a0\u00bb theme_builder_area=\u00a0\u00bbpost_content\u00a0\u00bb]<p><strong><span style=\"text-decoration: underline\">Bapt\u00eame des enfants \u00e0 partir de 7 ans et des adolescents<\/span> :\u00a0<\/strong><\/p>\n<p>L\u2019enfant ou le jeune qui s\u2019engage dans cette d\u00e9marche s\u2019y pr\u00e9pare avec son \u00e9quipe de cat\u00e9ch\u00e8se ou, pour les adolescents, l\u2019\u00e9quipe d\u2019aum\u00f4nerie.<br \/>Habituellement, le parcours s\u2019\u00e9tale sur deux ann\u00e9es scolaires. Normalement, les enfants de cet \u00e2ge qui pr\u00e9parent leur bapt\u00eame, communient la premi\u00e8re fois, le jour du bapt\u00eame. Pour le bapt\u00eame d\u2019un enfant mineur, l\u2019accord des deux parents ou des tuteurs l\u00e9gaux est indispensable.<\/p>[\/et_pb_text][et_pb_text _builder_version=\u00a0\u00bb4.21.0&Prime; _module_preset=\u00a0\u00bbdefault\u00a0\u00bb global_colors_info=\u00a0\u00bb{}\u00a0\u00bb theme_builder_area=\u00a0\u00bbpost_content\u00a0\u00bb]<p><strong><\/strong><\/p>\n<p><strong><span style=\"text-decoration: underline\">Pour un bapt\u00eame ou une confirmation d\u2019adulte<\/span> :\u00a0<\/strong>adresser un message \u00e0 <a href=\"mailto:paroisse.st.bernard.en.aunis@gmail.com\" target=\"_blank\" rel=\"noopener\">paroisse.st.bernard.en.aunis@gmail.com<\/a><\/p>[\/et_pb_text][\/et_pb_column][\/et_pb_row][et_pb_row _builder_version=\u00a0\u00bb4.21.0&Prime; _module_preset=\u00a0\u00bbdefault\u00a0\u00bb custom_margin=\u00a0\u00bb|auto|84px|auto||\u00a0\u00bb global_colors_info=\u00a0\u00bb{}\u00a0\u00bb theme_builder_area=\u00a0\u00bbpost_content\u00a0\u00bb][et_pb_column type=\u00a0\u00bb4_4&Prime; _builder_version=\u00a0\u00bb4.21.0&Prime; _module_preset=\u00a0\u00bbdefault\u00a0\u00bb global_colors_info=\u00a0\u00bb{}\u00a0\u00bb theme_builder_area=\u00a0\u00bbpost_content\u00a0\u00bb][et_pb_text _builder_version=\u00a0\u00bb4.21.0&Prime; _module_preset=\u00a0\u00bbdefault\u00a0\u00bb background_color=\u00a0\u00bb#FF5F2E\u00a0\u00bb global_colors_info=\u00a0\u00bb{}\u00a0\u00bb theme_builder_area=\u00a0\u00bbpost_content\u00a0\u00bb]<p><\/p>\n<p style=\"text-align: center\"><span style=\"color: #ffffff\"><\/span><\/p>\n<p style=\"text-align: center\"><span style=\"color: #ffffff\">L&rsquo;offrande pour un bapt\u00eame est de 80\u00a0 euros. Vous pourrez remettre cette participation aux animateurs(rices) lors des\u00a0 rencontres ; votre offrande permet de contribuer au fonctionnement de la paroisse.<\/span><\/p>\n<p style=\"text-align: center\"><span style=\"color: #ffffff\"><\/span><\/p>[\/et_pb_text][\/et_pb_column][\/et_pb_row][et_pb_row _builder_version=\u00a0\u00bb4.27.4&Prime; _module_preset=\u00a0\u00bbdefault\u00a0\u00bb global_colors_info=\u00a0\u00bb{}\u00a0\u00bb theme_builder_area=\u00a0\u00bbpost_content\u00a0\u00bb][et_pb_column type=\u00a0\u00bb4_4&Prime; _builder_version=\u00a0\u00bb4.27.4&Prime; _module_preset=\u00a0\u00bbdefault\u00a0\u00bb global_colors_info=\u00a0\u00bb{}\u00a0\u00bb theme_builder_area=\u00a0\u00bbpost_content\u00a0\u00bb][et_pb_text _builder_version=\u00a0\u00bb4.27.5&Prime; _module_preset=\u00a0\u00bbdefault\u00a0\u00bb global_colors_info=\u00a0\u00bb{}\u00a0\u00bb theme_builder_area=\u00a0\u00bbpost_content\u00a0\u00bb]<p style=\"text-align: center\"><strong>Bapt\u00eames c\u00e9l\u00e9br\u00e9s en 2026 dans notre paroisse<\/strong><\/p>[\/et_pb_text][\/et_pb_column][\/et_pb_row][et_pb_row _builder_version=\u00a0\u00bb4.27.5&Prime; _module_preset=\u00a0\u00bbdefault\u00a0\u00bb global_colors_info=\u00a0\u00bb{}\u00a0\u00bb theme_builder_area=\u00a0\u00bbpost_content\u00a0\u00bb][et_pb_column type=\u00a0\u00bb4_4&Prime; _builder_version=\u00a0\u00bb4.27.5&Prime; _module_preset=\u00a0\u00bbdefault\u00a0\u00bb global_colors_info=\u00a0\u00bb{}\u00a0\u00bb theme_builder_area=\u00a0\u00bbpost_content\u00a0\u00bb][et_pb_accordion _builder_version=\u00a0\u00bb4.27.5&Prime; _module_preset=\u00a0\u00bbdefault\u00a0\u00bb global_colors_info=\u00a0\u00bb{}\u00a0\u00bb theme_builder_area=\u00a0\u00bbpost_content\u00a0\u00bb][et_pb_accordion_item title=\u00a0\u00bb2026 &#8211; Bapt\u00eames\u00a0\u00bb open=\u00a0\u00bbon\u00a0\u00bb _builder_version=\u00a0\u00bb4.27.5&Prime; _module_preset=\u00a0\u00bbdefault\u00a0\u00bb global_colors_info=\u00a0\u00bb{}\u00a0\u00bb theme_builder_area=\u00a0\u00bbpost_content\u00a0\u00bb]<p>Le 17\/01 \u00e0 St-Sauveur d&rsquo;Aunis : Rebecca<\/p>\n<p>Le 08\/02 \u00e0 St-Sauveur d&rsquo;Aunis : Tino<\/p>\n<p>Le 05\/04 \u00e0 St-Jean de Liversay : Pac\u00f4me<\/p>\n<p>Le 03\/05 \u00e0 Benon : Leana et Mayley<\/p>\n<p>Le 09\/05 \u00e0 St-Sauveur d&rsquo;Aunis : Naya<\/p>\n<p>Le 10\/05 \u00e0 St-Sauveur d&rsquo;Aunis : Rose et Ma\u00ebl<\/p>\n<p>Le 24\/05 \u00e0 St-Sauveur d&rsquo;Aunis : Cl\u00e9o et Evan<\/p>\n<p>Le 31\/05 \u00e0 Ferri\u00e8res : Theo et Nathan<\/p>\n<p>Le 12\/07 : Constance et Faustine<\/p>\n<p>Le 19\/07 : Aiden<\/p>\n<p>Le 25\/07 : Mia<\/p>\n<p>\u00a0Le 09\/08 : Tiago<\/p>\n<p>&nbsp;<\/p>[\/et_pb_accordion_item][\/et_pb_accordion][\/et_pb_column][\/et_pb_row][\/et_pb_section]","protected":false},"excerpt":{"rendered":"<p>Le jour du bapt\u00eame, votre enfant est accueilli dans la grande famille des chr\u00e9tiens. Le nouveau baptis\u00e9 pourra compter tout au long de sa vie sur cette famille. Le\u00a0bapt\u00eame\u00a0est le [&hellip;]<\/p>\n","protected":false},"author":5,"featured_media":0,"parent":10600,"menu_order":0,"comment_status":"closed","ping_status":"closed","template":"","meta":{"_et_pb_use_builder":"on","_et_pb_old_content":"<!-- wp:paragraph {\"backgroundColor\":\"light-green-cyan\"} -->\n<p class=\"has-light-green-cyan-background-color has-background\">Le jour du bapt\u00eame, votre enfant est accueilli dans la grande famille des chr\u00e9tiens. Le nouveau baptis\u00e9 pourra compter tout au long de sa vie sur cette famille. Le&nbsp;<strong>bapt\u00eame<\/strong>&nbsp;est le premier des trois sacrements de l\u2019initiation chr\u00e9tienne que recevra votre enfant. Par le bapt\u00eame &nbsp;: il re\u00e7oit de Dieu, une vie nouvelle. Par l\u2019<strong>eucharistie<\/strong>, la communion au Corps du Christ, cette vie sera nourrie. Par la<strong>&nbsp;confirmation<\/strong>, cette vie nouvelle sera fortifi\u00e9e par le don de l\u2019Esprit Saint.<\/p>\n<!-- \/wp:paragraph -->\n\n<!-- wp:paragraph -->\n<p><strong>Vous d\u00e9sirez faire baptiser votre enfant de moins de 6 ans ?<\/strong><br>Prenez contact avec Mme Pierrette Montardy au 05.46.01.90.26<br>pmontardy@gmail.com<\/p>\n<!-- \/wp:paragraph -->\n\n<!-- wp:paragraph -->\n<p><strong>A partir de 7 ans<\/strong>, l\u2019enfant qui s\u2019engage dans cette d\u00e9marche s\u2019y pr\u00e9pare avec son \u00e9quipe de cat\u00e9ch\u00e8se ou, pour les adolescents, l\u2019\u00e9quipe d\u2019aum\u00f4nerie.<br>Habituellement, le parcours s\u2019\u00e9tale sur deux ann\u00e9es scolaires. Normalement, les enfants de cet \u00e2ge qui pr\u00e9parent leur bapt\u00eame, communient la premi\u00e8re fois, le jour du bapt\u00eame. Pour le bapt\u00eame d\u2019un enfant mineur, l\u2019accord des deux parents ou des tuteurs l\u00e9gaux est indispensable.<\/p>\n<!-- \/wp:paragraph -->\n\n<!-- wp:paragraph -->\n<p><strong>Pour un bapt\u00eame ou une confirmation d\u2019adulte :&nbsp;<\/strong>adresser un message \u00e0 paroisse.st.bernard.en.aunis@gmail.com<\/p>\n<!-- \/wp:paragraph -->\n\n<!-- wp:paragraph {\"backgroundColor\":\"light-green-cyan\",\"textColor\":\"black\"} -->\n<p class=\"has-black-color has-light-green-cyan-background-color has-text-color has-background\"><strong>La pr\u00e9paration du Bapt\u00eame de votre enfant&nbsp;<\/strong>(de moins de 6 ans)<\/p>\n<!-- \/wp:paragraph -->\n\n<!-- wp:paragraph -->\n<p>Le service d\u2019accompagnement \u00e0 la pr\u00e9paration au bapt\u00eame des enfants a pour but d\u2019aider les parents \u00e0 r\u00e9fl\u00e9chir au sens de leur d\u00e9marche, \u00e0 mieux comprendre le sens du sacrement du bapt\u00eame et \u00e0 pr\u00e9parer la c\u00e9l\u00e9bration. Les animateurs(rices) ont \u00e9t\u00e9 form\u00e9(e)s pour accueillir de jeunes parents et les aider \u00e0 exprimer leur foi ou leurs doutes. Ils peuvent r\u00e9pondre aux questions que vous pouvez vous poser sur la foi en J\u00e9sus-Christ.<\/p>\n<!-- \/wp:paragraph -->\n\n<!-- wp:paragraph -->\n<p>La pr\u00e9paration se d\u00e9roule en <strong><u>3 \u00e9tapes (toutes indispensables et obligatoires)<\/u><\/strong>&nbsp;:<\/p>\n<!-- \/wp:paragraph -->\n\n<!-- wp:list -->\n<ul><!-- wp:list-item -->\n<li>Une <strong>rencontre individuelle<\/strong> avec un membre de l\u2019\u00e9quipe bapt\u00eame (Pierrette MONTARDY) pour vous expliquer le cheminement et pr\u00e9parer le dossier administratif&nbsp;;<\/li>\n<!-- \/wp:list-item --><\/ul>\n<!-- \/wp:list -->\n\n<!-- wp:list -->\n<ul><!-- wp:list-item -->\n<li>Une <strong>r\u00e9union collective<\/strong> avec d\u2019autres parents qui pr\u00e9sentent leur enfant au bapt\u00eame sur la paroisse (cette r\u00e9union a lieu le samedi matin de 10h30 \u00e0 12h au moins dans le mois qui pr\u00e9c\u00e8de la date du bapt\u00eame&nbsp;; il vous est demand\u00e9 d\u2019arriver 10 minutes avant le d\u00e9but de la r\u00e9union pour permettre \u00e0 tous de s\u2019installer). Les parents, l\u2019enfant, les fr\u00e8res et s\u0153urs, la marraine et le parrain sont les bienvenus \u00e0 ce temps de pr\u00e9paration. Vous trouverez le calendrier des rencontres 2023 au dos du pr\u00e9sent courrier afin de vous organiser pour participer \u00e0 l\u2019une d\u2019entre elles avant le bapt\u00eame de votre enfant. <strong><u>Si vous ne pouviez pas participer \u00e0 la r\u00e9union, le bapt\u00eame sera report\u00e9<\/u><\/strong>. En cas de contraintes personnelles ou professionnelles, il vous est possible de choisir un autre samedi que celui du mois qui pr\u00e9c\u00e8de le bapt\u00eame de votre enfant pour permettre \u00e0 au moins un des deux parents d\u2019\u00eatre pr\u00e9sent en prenant un cong\u00e9 ou un jour de repos par exemple.<\/li>\n<!-- \/wp:list-item --><\/ul>\n<!-- \/wp:list -->\n\n<!-- wp:list -->\n<ul><!-- wp:list-item -->\n<li><strong>La c\u00e9l\u00e9bration du bapt\u00eame de votre enfant<\/strong> pourra avoir lieu apr\u00e8s la c\u00e9l\u00e9bration de la messe du dimanche ou au cours de la messe du samedi soir ou du dimanche matin selon le calendrier d\u00e9fini pour les messes dominicales dans les 9 \u00e9glises de notre paroisse. La c\u00e9l\u00e9bration au cours de la messe permet d\u2019accueillir votre enfant au c\u0153ur de la communaut\u00e9 des chr\u00e9tiens.<\/li>\n<!-- \/wp:list-item --><\/ul>\n<!-- \/wp:list -->\n\n<!-- wp:paragraph -->\n<p>Il est essentiel de participer \u00e0 ces temps forts pour pr\u00e9parer le bapt\u00eame de votre enfant.<\/p>\n<!-- \/wp:paragraph -->\n\n<!-- wp:paragraph -->\n<p>Si vous souhaitez demander le bapt\u00eame pour votre enfant ou rejoindre l\u2019\u00e9quipe de pr\u00e9paration au bapt\u00eame en qualit\u00e9 d\u2019animateur(rice), vous pouvez prendre contact avec Pierrette Montardy 05.46.01.90.26<\/p>\n<!-- \/wp:paragraph -->\n\n<!-- wp:paragraph {\"textColor\":\"vivid-cyan-blue\"} -->\n<p class=\"has-vivid-cyan-blue-color has-text-color\"><strong>L'offrande pour un bapt\u00eame est de 80 \u20ac<\/strong>; cette participation est \u00e0 remettre aux animateurs(rices) lors de la r\u00e9union collective et permet de contribuer au fonctionnement de la paroisse.<\/p>\n<!-- \/wp:paragraph -->\n\n<!-- wp:separator {\"opacity\":\"css\"} -->\n<hr class=\"wp-block-separator has-css-opacity\" \/>\n<!-- \/wp:separator -->\n\n<!-- wp:paragraph {\"backgroundColor\":\"vivid-cyan-blue\"} -->\n<p class=\"has-vivid-cyan-blue-background-color has-background\"><\/p>\n<!-- \/wp:paragraph -->\n\n<!-- wp:paragraph -->\n<p><strong>Calendrier des rencontres pour les parents qui demandent le bapt\u00eame pour leur enfant<\/strong><\/p>\n<!-- \/wp:paragraph -->\n\n<!-- wp:paragraph -->\n<p>Le samedi matin de 10h30 \u00e0 12h \u00e0 la maison paroissiale \u00e0 Saint Sauveur d\u2019Aunis <em>(1B rue de la cure \u2013 derri\u00e8re la mairie).<\/em><\/p>\n<!-- \/wp:paragraph -->\n\n<!-- wp:paragraph -->\n<p>Samedi 9&nbsp;mars 2024<\/p>\n<!-- \/wp:paragraph -->\n\n<!-- wp:paragraph -->\n<p>Samedi 13 avril 2024<\/p>\n<!-- \/wp:paragraph -->\n\n<!-- wp:paragraph -->\n<p>Samedi 11 mai 2024<\/p>\n<!-- \/wp:paragraph -->\n\n<!-- wp:paragraph -->\n<p>Samedi 15 juin 2024<\/p>\n<!-- \/wp:paragraph -->\n\n<!-- wp:paragraph -->\n<p>Samedi 13 juillet 2024<\/p>\n<!-- \/wp:paragraph -->\n\n<!-- wp:paragraph -->\n<p>Samedi 10 ao\u00fbt 2024<\/p>\n<!-- \/wp:paragraph -->\n\n<!-- wp:paragraph -->\n<p>Samedi 7 septembre 2024<\/p>\n<!-- \/wp:paragraph -->\n\n<!-- wp:paragraph -->\n<p>Pour tout renseignement, n\u2019h\u00e9sitez pas \u00e0 contacter l'\u00e9quipe bapt\u00eame<\/p>\n<!-- \/wp:paragraph -->\n\n<!-- wp:paragraph -->\n<p>Pierrette Montardy <a>05.46.01.90.26<\/a><\/p>\n<!-- \/wp:paragraph -->\n\n<!-- wp:paragraph {\"backgroundColor\":\"vivid-cyan-blue\",\"textColor\":\"white\"} -->\n<p class=\"has-white-color has-vivid-cyan-blue-background-color has-text-color has-background\"><strong>Les bapt\u00eames dans notre paroisse en 202<\/strong>4<\/p>\n<!-- \/wp:paragraph -->\n\n<!-- wp:paragraph -->\n<p>Le 11 f\u00e9vrier : Elio \u00e0 Benon<\/p>\n<!-- \/wp:paragraph -->\n\n<!-- wp:paragraph -->\n<p>Le 17 mars : L\u00e9o \u00e0 Saint Sauveur d'Aunis<\/p>\n<!-- \/wp:paragraph -->\n\n<!-- wp:paragraph -->\n<p>Le 31 mars : Octave \u00e0 Ferri\u00e8res<\/p>\n<!-- \/wp:paragraph -->\n\n<!-- wp:paragraph -->\n<p>Le 7 avril : Syam et Marceau \u00e0 Benon<\/p>\n<!-- \/wp:paragraph -->\n\n<!-- wp:paragraph -->\n<p>Le 21 avril : Maylone \u00e0 Saint Jean de Liversay<\/p>\n<!-- \/wp:paragraph -->\n\n<!-- wp:paragraph -->\n<p>Le 5 mai : Eloan \u00e0 Benon<\/p>\n<!-- \/wp:paragraph -->\n\n<!-- wp:paragraph -->\n<p>Le 11 mai : Ayden Henry \u00e0 La Ronde<\/p>\n<!-- \/wp:paragraph -->\n\n<!-- wp:paragraph -->\n<p>Le 18 mai : Liah et Ily\u00e9s \u00e0 Benon<\/p>\n<!-- \/wp:paragraph -->\n\n<!-- wp:paragraph -->\n<p>Le 19 mai : Louise, No\u00e9 et Jules \u00e0 Saint Jean de Liversay<\/p>\n<!-- \/wp:paragraph -->\n\n<!-- wp:paragraph -->\n<p>Le 2 juin : Liam, Rosie, Julian, Malo\u00e9 et Noah \u00e0 Saint Jean de Liversay<\/p>\n<!-- \/wp:paragraph -->\n\n<!-- wp:paragraph -->\n<p>Le 9 juin : Honor\u00e9, Romane et Jules \u00e0 Benon<\/p>\n<!-- \/wp:paragraph -->\n\n<!-- wp:paragraph -->\n<p>Le 16 juin : Alba et Antonin \u00e0 Saint Sauveur d'Aunis<\/p>\n<!-- \/wp:paragraph -->\n\n<!-- wp:paragraph -->\n<p>Le 23 juin : Valentine \u00e0 Saint Jean de Liversay<\/p>\n<!-- \/wp:paragraph -->\n\n<!-- wp:paragraph -->\n<p>Le 30 juin : Lyam \u00e0 Ferri\u00e8res:<\/p>\n<!-- \/wp:paragraph -->\n\n<!-- wp:paragraph -->\n<p>Le 7 juillet : Elo\u00efse \u00e0 Benon<\/p>\n<!-- \/wp:paragraph -->\n\n<!-- wp:paragraph -->\n<p>Le 14 juillet : Ewy \u00e0 Saint Sauveur d'Aunis<\/p>\n<!-- \/wp:paragraph -->\n\n<!-- wp:paragraph -->\n<p>Le 21 juillet : Lena \u00e0 Saint Jean de Liversay<\/p>\n<!-- \/wp:paragraph -->\n\n<!-- wp:paragraph -->\n<p>Le 28 juillet : Jade \u00e0 Ferri\u00e8res<\/p>\n<!-- \/wp:paragraph -->\n\n<!-- wp:paragraph -->\n<p>Le 11 ao\u00fbt : bapt\u00eame de Zia, Ma\u00ebl et Melio \u00e0 Saint Sauveur d'Aunis<\/p>\n<!-- \/wp:paragraph -->\n\n<!-- wp:paragraph -->\n<p>Le 17 ao\u00fbt : bapt\u00eame d'Ethan \u00e0 Bouhet<\/p>\n<!-- \/wp:paragraph -->\n\n<!-- wp:paragraph -->\n<p>Le 18 ao\u00fbt : Romy, Mila et Sohan \u00e0 Saint Jean de Liversay<\/p>\n<!-- \/wp:paragraph -->\n\n<!-- wp:paragraph -->\n<p>Le 25 ao\u00fbt&nbsp;: Gaspard, Charly, Lucas et Jade \u00e0 F\u00e9rri\u00e8res<\/p>\n<!-- \/wp:paragraph -->\n\n<!-- wp:paragraph -->\n<p>Le 7 septembre : Romane \u00e0 La Ronde<\/p>\n<!-- \/wp:paragraph -->\n\n<!-- wp:paragraph -->\n<p>Le 8 septembre\u00a0: Agathe, Nino et Mathilde \u00e0 Saint Sauveur d'Aunis<\/p>\n<!-- \/wp:paragraph -->\n\n<!-- wp:paragraph -->\n<p>Le 22 septembre : Lola et El\u00e9a \u00e0 Saint Jean de Liversay<\/p>\n<!-- \/wp:paragraph -->\n\n<!-- wp:paragraph -->\n<p>Le 29 septembre : Louisa \u00e0 Ferri\u00e8res<\/p>\n<!-- \/wp:paragraph -->\n\n<!-- wp:paragraph -->\n<p>Le 13 octobre : Alice, Ninon et Emy \u00e0 Saint Sauveur d'Aunis<\/p>\n<!-- \/wp:paragraph -->\n\n<!-- wp:paragraph -->\n<p>Le 27 octobre : Jules \u00e0 Ferri\u00e8res<\/p>\n<!-- \/wp:paragraph -->","_et_gb_content_width":"","footnotes":""},"class_list":["post-4674","page","type-page","status-publish","hentry"],"_links":{"self":[{"href":"https:\/\/catholiques17.fr\/saintbernardenaunis\/wp-json\/wp\/v2\/pages\/4674","targetHints":{"allow":["GET"]}}],"collection":[{"href":"https:\/\/catholiques17.fr\/saintbernardenaunis\/wp-json\/wp\/v2\/pages"}],"about":[{"href":"https:\/\/catholiques17.fr\/saintbernardenaunis\/wp-json\/wp\/v2\/types\/page"}],"author":[{"embeddable":true,"href":"https:\/\/catholiques17.fr\/saintbernardenaunis\/wp-json\/wp\/v2\/users\/5"}],"replies":[{"embeddable":true,"href":"https:\/\/catholiques17.fr\/saintbernardenaunis\/wp-json\/wp\/v2\/comments?post=4674"}],"version-history":[{"count":177,"href":"https:\/\/catholiques17.fr\/saintbernardenaunis\/wp-json\/wp\/v2\/pages\/4674\/revisions"}],"predecessor-version":[{"id":11911,"href":"https:\/\/catholiques17.fr\/saintbernardenaunis\/wp-json\/wp\/v2\/pages\/4674\/revisions\/11911"}],"up":[{"embeddable":true,"href":"https:\/\/catholiques17.fr\/saintbernardenaunis\/wp-json\/wp\/v2\/pages\/10600"}],"wp:attachment":[{"href":"https:\/\/catholiques17.fr\/saintbernardenaunis\/wp-json\/wp\/v2\/media?parent=4674"}],"curies":[{"name":"wp","href":"https:\/\/api.w.org\/{rel}","templated":true}]}}