{"id":10747,"date":"2024-10-13T08:35:00","date_gmt":"2024-10-13T06:35:00","guid":{"rendered":"https:\/\/catholiques17.fr\/saintbernardenaunis\/?page_id=10747"},"modified":"2026-04-23T21:55:52","modified_gmt":"2026-04-23T19:55:52","slug":"obseques","status":"publish","type":"page","link":"https:\/\/catholiques17.fr\/saintbernardenaunis\/etape-de-la-vie\/obseques\/","title":{"rendered":"Obs\u00e8ques"},"content":{"rendered":"<p>[et_pb_section fb_built=\u00a0\u00bb1&Prime; _builder_version=\u00a0\u00bb4.21.0&Prime; _module_preset=\u00a0\u00bbdefault\u00a0\u00bb custom_padding=\u00a0\u00bb0px|||||\u00a0\u00bb global_colors_info=\u00a0\u00bb{}\u00a0\u00bb theme_builder_area=\u00a0\u00bbpost_content\u00a0\u00bb][et_pb_row _builder_version=\u00a0\u00bb4.21.0&Prime; _module_preset=\u00a0\u00bbdefault\u00a0\u00bb custom_padding=\u00a0\u00bb1px|||||\u00a0\u00bb global_colors_info=\u00a0\u00bb{}\u00a0\u00bb theme_builder_area=\u00a0\u00bbpost_content\u00a0\u00bb][et_pb_column type=\u00a0\u00bb4_4&Prime; _builder_version=\u00a0\u00bb4.21.0&Prime; _module_preset=\u00a0\u00bbdefault\u00a0\u00bb global_colors_info=\u00a0\u00bb{}\u00a0\u00bb theme_builder_area=\u00a0\u00bbpost_content\u00a0\u00bb][et_pb_image src=\u00a0\u00bbhttps:\/\/catholiques17.fr\/saintbernardenaunis\/wp-content\/uploads\/sites\/13\/2024\/10\/candles-3629627_1280.jpg\u00a0\u00bb title_text=\u00a0\u00bbcandles-3629627_1280&Prime; _builder_version=\u00a0\u00bb4.21.0&Prime; _module_preset=\u00a0\u00bbdefault\u00a0\u00bb global_colors_info=\u00a0\u00bb{}\u00a0\u00bb theme_builder_area=\u00a0\u00bbpost_content\u00a0\u00bb][\/et_pb_image][\/et_pb_column][\/et_pb_row][et_pb_row _builder_version=\u00a0\u00bb4.21.0&Prime; _module_preset=\u00a0\u00bbdefault\u00a0\u00bb global_colors_info=\u00a0\u00bb{}\u00a0\u00bb theme_builder_area=\u00a0\u00bbpost_content\u00a0\u00bb][et_pb_column type=\u00a0\u00bb4_4&Prime; _builder_version=\u00a0\u00bb4.21.0&Prime; _module_preset=\u00a0\u00bbdefault\u00a0\u00bb global_colors_info=\u00a0\u00bb{}\u00a0\u00bb theme_builder_area=\u00a0\u00bbpost_content\u00a0\u00bb][et_pb_text _builder_version=\u00a0\u00bb4.21.0&Prime; _module_preset=\u00a0\u00bbdefault\u00a0\u00bb global_colors_info=\u00a0\u00bb{}\u00a0\u00bb theme_builder_area=\u00a0\u00bbpost_content\u00a0\u00bb]<\/p>\n<p><strong>En cas de d\u00e9c\u00e8s d\u2019un proche, c\u2019est l\u2019entreprise de pompes fun\u00e8bres que vous avez choisie qui prendra contact avec la paroisse pour fixer le jour et l\u2019heure des obs\u00e8ques.\u00a0Des personnes de la paroisse viendront pr\u00e9parer la c\u00e9r\u00e9monie avec vous. <\/strong><\/p>\n<p>[\/et_pb_text][\/et_pb_column][\/et_pb_row][et_pb_row _builder_version=\u00a0\u00bb4.21.0&Prime; _module_preset=\u00a0\u00bbdefault\u00a0\u00bb global_colors_info=\u00a0\u00bb{}\u00a0\u00bb theme_builder_area=\u00a0\u00bbpost_content\u00a0\u00bb][et_pb_column type=\u00a0\u00bb4_4&Prime; _builder_version=\u00a0\u00bb4.21.0&Prime; _module_preset=\u00a0\u00bbdefault\u00a0\u00bb global_colors_info=\u00a0\u00bb{}\u00a0\u00bb theme_builder_area=\u00a0\u00bbpost_content\u00a0\u00bb][et_pb_text _builder_version=\u00a0\u00bb4.21.0&Prime; _module_preset=\u00a0\u00bbdefault\u00a0\u00bb global_colors_info=\u00a0\u00bb{}\u00a0\u00bb theme_builder_area=\u00a0\u00bbpost_content\u00a0\u00bb]<\/p>\n<p>La c\u00e9l\u00e9bration des obs\u00e8ques est pour le chr\u00e9tien la c\u00e9l\u00e9bration de sa P\u00e2que, de son passage \u00e0 la suite du Christ qui a connu la mort et qui est ressuscit\u00e9.<br \/>C\u2019est pourquoi une \u00e9quipe est charg\u00e9e d\u2019accueillir les familles pour les \u00e9couter et pr\u00e9parer avec elles la c\u00e9l\u00e9bration. Elle a aussi pour mission de les guider.<\/p>\n<p>[\/et_pb_text][\/et_pb_column][\/et_pb_row][et_pb_row _builder_version=\u00a0\u00bb4.21.0&Prime; _module_preset=\u00a0\u00bbdefault\u00a0\u00bb global_colors_info=\u00a0\u00bb{}\u00a0\u00bb theme_builder_area=\u00a0\u00bbpost_content\u00a0\u00bb][et_pb_column type=\u00a0\u00bb4_4&Prime; _builder_version=\u00a0\u00bb4.21.0&Prime; _module_preset=\u00a0\u00bbdefault\u00a0\u00bb global_colors_info=\u00a0\u00bb{}\u00a0\u00bb theme_builder_area=\u00a0\u00bbpost_content\u00a0\u00bb][et_pb_accordion icon_color=\u00a0\u00bb#FF5F2E\u00a0\u00bb _builder_version=\u00a0\u00bb4.21.0&Prime; _module_preset=\u00a0\u00bbdefault\u00a0\u00bb global_colors_info=\u00a0\u00bb{}\u00a0\u00bb theme_builder_area=\u00a0\u00bbpost_content\u00a0\u00bb][et_pb_accordion_item title=\u00a0\u00bbComment se passe la c\u00e9l\u00e9bration religieuse ?\u00a0\u00bb open=\u00a0\u00bbon\u00a0\u00bb _builder_version=\u00a0\u00bb4.21.0&Prime; _module_preset=\u00a0\u00bbdefault\u00a0\u00bb global_colors_info=\u00a0\u00bb{}\u00a0\u00bb theme_builder_area=\u00a0\u00bbpost_content\u00a0\u00bb]<\/p>\n<p>Au cours de la pr\u00e9paration, il sera question de l\u2019itin\u00e9raire de vie du d\u00e9funt, le sens que l\u2019on d\u00e9sire mettre \u00e0 la c\u00e9l\u00e9bration, le choix des lectures et des chants, les intentions de pri\u00e8re, la participation de la famille et des amis pour les lectures et les gestes symboliques.<br \/>La c\u00e9l\u00e9bration se d\u00e9roule ainsi\u00a0:<br \/>Accueil \u00e0 l\u2019entr\u00e9e de l\u2019\u00e9glise.<br \/>\u00c0 l\u2019int\u00e9rieur : rites de la croix et\/ou de la lumi\u00e8re, lectures, pri\u00e8re universelle, (pri\u00e8re eucharistique s\u2019il y a demande de messe et pr\u00e9sence possible d\u2019un pr\u00eatre), pri\u00e8re avec le \u201d Notre P\u00e8re \u201c, rite du dernier adieu (encensement du corps en signe de respect, aspersion d\u2019eau b\u00e9nite pour rappeler le bapt\u00eame du d\u00e9funt), geste d\u2019adieu de la part des personnes pr\u00e9sentes \u00e0 la c\u00e9r\u00e9monie. L\u2019habitude est souvent prise de c\u00e9l\u00e9brer la messe (eucharistie) en m\u00eame temps que la s\u00e9pulture afin de permettre aux personnes qui le d\u00e9sirent de pouvoir communier ce jour-l\u00e0.<br \/>Mais avant de faire ce choix, il importe de se demander si telles sont les intentions du d\u00e9funt et de sa famille. Avec le pr\u00eatre, il est n\u00e9cessaire d\u2019aborder cette question avec libert\u00e9 et s\u00e9r\u00e9nit\u00e9. De plus en plus souvent une c\u00e9l\u00e9bration sans pr\u00eatre est propos\u00e9e le jour de la s\u00e9pulture et la famille est invit\u00e9e \u00e0 participer \u00e0 l\u2019Eucharistie le dimanche suivant la s\u00e9pulture. L\u2019accompagnement au cimeti\u00e8re est souvent assur\u00e9 par une personne de la famille ou une personne de la paroisse. Les pr\u00eatres peuvent de moins en moins assurer ce service.<\/p>\n<p>[\/et_pb_accordion_item][et_pb_accordion_item title=\u00a0\u00bbA quoi correspondent les diff\u00e9rents gestes effectu\u00e9s au cours des fun\u00e9railles ?\u00a0\u00bb _builder_version=\u00a0\u00bb4.21.0&Prime; _module_preset=\u00a0\u00bbdefault\u00a0\u00bb global_colors_info=\u00a0\u00bb{}\u00a0\u00bb theme_builder_area=\u00a0\u00bbpost_content\u00a0\u00bb open=\u00a0\u00bboff\u00a0\u00bb]<\/p>\n<p>\u2013\u00a0<strong>La Croix<\/strong>\u00a0: croix fix\u00e9e sur le cercueil, croix qui ouvre la procession ou gerbe de fleurs en forme de croix, elle est avant tout le signe de l\u2019amour de Dieu. Elle est aussi un signe d\u2019appartenance et de reconnaissance pour la communaut\u00e9 chr\u00e9tienne. C\u2019est enfin un signe d\u2019esp\u00e9rance, celle que la mort est un passage vers la Vie, \u00e0 la suite de J\u00e9sus.<\/p>\n<p>\u2013\u00a0<strong>La lumi\u00e8re<\/strong>\u00a0: que ce soient les cierges, pascal ou autres (les lumignons), elle symbolise le fait que J\u00e9sus est vivant au-del\u00e0 de la mort et la pr\u00e9sence du Ressuscit\u00e9 dans le monde. Lumi\u00e8re dans nos vies, cette lumi\u00e8re du Christ ressuscit\u00e9 est la source de notre esp\u00e9rance.<\/p>\n<p>\u2013\u00a0<strong>L\u2019encens<\/strong>\u00a0: il est un signe de respect pour le corps du d\u00e9funt \u2013 rendre hommage au corps, c\u2019est honorer la personne \u2013 et de la pri\u00e8re qui monte vers Dieu.<\/p>\n<p>\u2013\u00a0<strong>L\u2019eau<\/strong> : \u201cL\u2019aspersion\u201d avec l\u2019eau b\u00e9nite rappelle l\u2019eau du bapt\u00eame. L\u2019eau est signe de vie mais aussi de risque, de renoncement. J\u00e9sus a risqu\u00e9 sa vie : sa \u201d plong\u00e9e \u201d dans la mort est \u201d passage \u201d vers la vie de ressuscit\u00e9. C\u2019est pourquoi, dans la c\u00e9l\u00e9bration, l\u2019eau rappelle le Bapt\u00eame o\u00f9 Dieu fait signe qu\u2019il appelle tous les hommes \u00e0 vivre \u00e9ternellement.<\/p>\n<p>[\/et_pb_accordion_item][et_pb_accordion_item title=\u00a0\u00bbQuel r\u00f4le la famille peut-elle avoir dans la c\u00e9r\u00e9monie ?\u00a0\u00bb _builder_version=\u00a0\u00bb4.21.0&Prime; _module_preset=\u00a0\u00bbdefault\u00a0\u00bb global_colors_info=\u00a0\u00bb{}\u00a0\u00bb theme_builder_area=\u00a0\u00bbpost_content\u00a0\u00bb open=\u00a0\u00bboff\u00a0\u00bb]<\/p>\n<p>Pendant les fun\u00e9railles, les membres de la famille sont invit\u00e9s \u00e0 participer activement \u00e0 la c\u00e9l\u00e9bration\u00a0: allumer les cierges qui entourent le cercueil, parfois d\u00e9poser une fleur sur le cercueil, faire les lectures, proposer des intentions de pri\u00e8re, donner un t\u00e9moignage sur le d\u00e9funt.<br \/>C\u2019est une mani\u00e8re de \u201cpersonnaliser\u201d la c\u00e9r\u00e9monie et de faire que celle-ci corresponde le plus possible \u00e0 la personne d\u00e9funte. C\u2019est aussi l\u2019occasion pour les proches d\u2019exprimer quelque chose en ces circonstances o\u00f9 ils se sentent bien souvent d\u00e9munis face \u00e0 ce qui leur arrive. C\u2019est un dernier acte d\u2019affection ou d\u2019amiti\u00e9 pour le d\u00e9funt. C\u2019est enfin une \u00e9tape de deuil qui lib\u00e8re, car on a souvent l\u2019impression de ne pas avoir fait tout ce qu\u2019on pouvait pour celui qui nous a quitt\u00e9.<br \/>La participation de la famille donne aussi une richesse, une \u201cdensit\u00e9\u201d \u00e0 la c\u00e9l\u00e9bration. Elle est apaisante pour tous. Elle cr\u00e9\u00e9 un \u00e9lan, une ouverture \u00e0 une esp\u00e9rance qui est ressentie par l\u2019assembl\u00e9e, m\u00eame si celle-ci est compos\u00e9e de bien des gens qui sont loin de l\u2019\u00c9glise.<\/p>\n<p>[\/et_pb_accordion_item][et_pb_accordion_item title=\u00a0\u00bbLes enfants doivent- ils assister aux enterrements ?\u00a0\u00bb _builder_version=\u00a0\u00bb4.21.0&Prime; _module_preset=\u00a0\u00bbdefault\u00a0\u00bb global_colors_info=\u00a0\u00bb{}\u00a0\u00bb theme_builder_area=\u00a0\u00bbpost_content\u00a0\u00bb open=\u00a0\u00bboff\u00a0\u00bb]<\/p>\n<p>Si la personne d\u00e9c\u00e9d\u00e9e est tr\u00e8s proche de l\u2019enfant, oui, bien s\u00fbr, surtout si l\u2019enfant en a manifest\u00e9 le d\u00e9sir.<br \/>C\u2019est une fa\u00e7on de participer \u00e0 la tristesse de toute la famille, d\u2019\u00eatre ensemble. L\u2019enfant peut participer \u00e0 sa mani\u00e8re \u00e0 la c\u00e9r\u00e9monie\u00a0: poser une fleur sur le cercueil, faire, s\u2019il sait lire, une intention de pri\u00e8re.<br \/>On aura eu soin auparavant de lui expliquer ce qui va se passer, quel est le sens donn\u00e9 \u00e0 la c\u00e9r\u00e9monie.<br \/>Par contre, conduire un petit enfant \u00e0 l\u2019inhumation au cimeti\u00e8re est d\u00e9conseill\u00e9.<\/p>\n<p>[\/et_pb_accordion_item][et_pb_accordion_item title=\u00a0\u00bbDes obs\u00e8ques religieuses peuvent-elles avoir lieu en l\u2019absence de pr\u00eatre ?\u00a0\u00bb _builder_version=\u00a0\u00bb4.21.0&Prime; _module_preset=\u00a0\u00bbdefault\u00a0\u00bb global_colors_info=\u00a0\u00bb{}\u00a0\u00bb theme_builder_area=\u00a0\u00bbpost_content\u00a0\u00bb open=\u00a0\u00bboff\u00a0\u00bb]<\/p>\n<p>La pr\u00e9sence d\u2019un pr\u00eatre au cours des fun\u00e9railles n\u2019est pas indispensable, tout en \u00e9tant pr\u00e9f\u00e9rable.<br \/>Sans syst\u00e9matiquement g\u00e9n\u00e9raliser, force est pourtant de constater que, de plus en plus souvent, les obs\u00e8ques religieuses sont c\u00e9l\u00e9br\u00e9es sans pr\u00eatre. Et l\u2019on peut imaginer que cela sera de plus en plus fr\u00e9quent dans les prochaines ann\u00e9es.<br \/>Ceci s\u2019explique en grande partie par le fait que les pr\u00eatres sont de moins en moins nombreux et que leur charge de travail s\u2019accro\u00eet. Ils ne peuvent donc plus assurer l\u2019ensemble des fun\u00e9railles.<br \/>Dans notre paroisse, des la\u00efcs sont form\u00e9s et des \u00e9quipes constitu\u00e9es pour accompagner les familles endeuill\u00e9es, les \u00e9couter et pr\u00e9parer avec elles la c\u00e9l\u00e9bration \u00e0 l\u2019\u00e9glise.<br \/>Certaines familles peuvent \u00eatre surprises, voire d\u00e9\u00e7ue, que des fun\u00e9railles soient c\u00e9l\u00e9br\u00e9es sans pr\u00eatre. Elles d\u00e9sirent instamment que, pour un membre de leur famille, ce soit un pr\u00eatre. Pass\u00e9 ce premier instant, beaucoup d\u00e9couvrent dans les \u00e9quipes fun\u00e9railles, des chr\u00e9tiens fraternels, disponibles pour les accueillir, les \u00e9couter et les accompagner, et elles leur en sont reconnaissantes.<br \/>Par ailleurs, le pr\u00eatre peut c\u00e9l\u00e9brer une messe \u00e0 l\u2019intention du d\u00e9funt au cours d\u2019un dimanche qui suit les obs\u00e8ques.\u00a0<\/p>\n<p>[\/et_pb_accordion_item][et_pb_accordion_item title=\u00a0\u00bbUn non baptis\u00e9 peut-il avoir des obs\u00e8ques religieuses ?\u00a0\u00bb _builder_version=\u00a0\u00bb4.21.0&Prime; _module_preset=\u00a0\u00bbdefault\u00a0\u00bb global_colors_info=\u00a0\u00bb{}\u00a0\u00bb theme_builder_area=\u00a0\u00bbpost_content\u00a0\u00bb open=\u00a0\u00bboff\u00a0\u00bb]<\/p>\n<p>Les obs\u00e8ques religieuses s\u2019adressent aux chr\u00e9tiens baptis\u00e9s. Elles ne sont pas un sacrement, mais il y a un lien tr\u00e8s fort entre le bapt\u00eame qui fait devenir chr\u00e9tien, membre \u00e0 part enti\u00e8re de l\u2019Eglise, et les fun\u00e9railles qui sont l\u2019accompagnement par la pri\u00e8re publique de l\u2019Eglise de ce fr\u00e8re ou de cette s\u0153ur partant vers Dieu. Beaucoup de symboles (le signe de croix, le cierge pascal ou la b\u00e9n\u00e9diction du corps du d\u00e9funt avec de l\u2019eau b\u00e9nite), tout au long de la c\u00e9r\u00e9monie des fun\u00e9railles, rappellent d\u2019ailleurs ceux du bapt\u00eame.<br \/>Une personne non-baptis\u00e9e ne peut donc pas avoir de c\u00e9l\u00e9bration chr\u00e9tienne des fun\u00e9railles, \u00e0 moins que cette personne ne soit cat\u00e9chum\u00e8ne (jeune ou adulte en chemin vers le bapt\u00eame) ou qu\u2019il s\u2019agisse d\u2019un enfant mort pr\u00e9matur\u00e9ment dont les parents n\u2019auraient pas eu le temps de le faire baptis\u00e9 alors qu\u2019ils en avaient r\u00e9ellement exprim\u00e9 l\u2019intention.<br \/>Il est vrai que, dans cette \u00e9preuve, un moment pass\u00e9 dans une \u00e9glise, pourquoi pas \u00e0 prier, rassure bien souvent les proches de la personne d\u00e9c\u00e9d\u00e9e. Mais qu\u2019en est-il alors du respect de la volont\u00e9 de cette personne si elle n\u2019allait jamais \u00e0 l\u2019\u00e9glise de son vivant\u00a0? Que repr\u00e9sentent, dans ces circonstances, ces gestes pos\u00e9s dans l\u2019\u00e9glise et quelle valeur ont-ils r\u00e9ellement\u00a0?<br \/>Cela n\u2019emp\u00eache aucunement, que l\u2019on soit chr\u00e9tien ou non, de prier pour cette personne d\u00e9c\u00e9d\u00e9e et de faire preuve de compassion envers ses proches.<\/p>\n<p>[\/et_pb_accordion_item][\/et_pb_accordion][\/et_pb_column][\/et_pb_row][et_pb_row _builder_version=\u00a0\u00bb4.21.0&Prime; _module_preset=\u00a0\u00bbdefault\u00a0\u00bb global_colors_info=\u00a0\u00bb{}\u00a0\u00bb theme_builder_area=\u00a0\u00bbpost_content\u00a0\u00bb][et_pb_column type=\u00a0\u00bb4_4&Prime; _builder_version=\u00a0\u00bb4.21.0&Prime; _module_preset=\u00a0\u00bbdefault\u00a0\u00bb global_colors_info=\u00a0\u00bb{}\u00a0\u00bb theme_builder_area=\u00a0\u00bbpost_content\u00a0\u00bb][et_pb_text _builder_version=\u00a0\u00bb4.21.0&Prime; _module_preset=\u00a0\u00bbdefault\u00a0\u00bb global_colors_info=\u00a0\u00bb{}\u00a0\u00bb theme_builder_area=\u00a0\u00bbpost_content\u00a0\u00bb]<\/p>\n<p><span style=\"color: #ff6600\"><strong>Vous souhaitez faire dire une messe (anniversaire)\u00a0pour une personne de votre famille\u00a0qui est d\u00e9c\u00e9d\u00e9e, ou \u00e0 une intention\u00a0particuli\u00e8re (malades, personnes \u00e2g\u00e9es ou\u00a0en difficult\u00e9, parents, amis, en action de\u00a0gr\u00e2ces pour des noces d\u2019or ou d\u2019argent\u2026)<\/strong><\/span><\/p>\n<p align=\"center\">Compl\u00e9tez le <a href=\"https:\/\/catholiques17.fr\/saintbernardenaunis\/wp-content\/uploads\/sites\/13\/2021\/07\/Image-intention-de-messe.png\" target=\"_blank\" rel=\"noopener\">formulaire<\/a> et adressez le \u00e0 la maison paroissiale, accompagn\u00e9 d&rsquo;un ch\u00e8que de 18 \u20ac.<\/p>\n<p>[\/et_pb_text][\/et_pb_column][\/et_pb_row][et_pb_row _builder_version=\u00a0\u00bb4.21.0&Prime; _module_preset=\u00a0\u00bbdefault\u00a0\u00bb global_colors_info=\u00a0\u00bb{}\u00a0\u00bb theme_builder_area=\u00a0\u00bbpost_content\u00a0\u00bb][et_pb_column type=\u00a0\u00bb4_4&Prime; _builder_version=\u00a0\u00bb4.21.0&Prime; _module_preset=\u00a0\u00bbdefault\u00a0\u00bb global_colors_info=\u00a0\u00bb{}\u00a0\u00bb theme_builder_area=\u00a0\u00bbpost_content\u00a0\u00bb][et_pb_divider color=\u00a0\u00bb#FF5F2E\u00a0\u00bb _builder_version=\u00a0\u00bb4.21.0&Prime; _module_preset=\u00a0\u00bbdefault\u00a0\u00bb global_colors_info=\u00a0\u00bb{}\u00a0\u00bb theme_builder_area=\u00a0\u00bbpost_content\u00a0\u00bb][\/et_pb_divider][\/et_pb_column][\/et_pb_row][et_pb_row _builder_version=\u00a0\u00bb4.21.0&Prime; _module_preset=\u00a0\u00bbdefault\u00a0\u00bb global_colors_info=\u00a0\u00bb{}\u00a0\u00bb theme_builder_area=\u00a0\u00bbpost_content\u00a0\u00bb][et_pb_column type=\u00a0\u00bb4_4&Prime; _builder_version=\u00a0\u00bb4.21.0&Prime; _module_preset=\u00a0\u00bbdefault\u00a0\u00bb global_colors_info=\u00a0\u00bb{}\u00a0\u00bb theme_builder_area=\u00a0\u00bbpost_content\u00a0\u00bb][et_pb_text _builder_version=\u00a0\u00bb4.27.4&Prime; _module_preset=\u00a0\u00bbdefault\u00a0\u00bb global_colors_info=\u00a0\u00bb{}\u00a0\u00bb theme_builder_area=\u00a0\u00bbpost_content\u00a0\u00bb]<\/p>\n<h2 class=\"western\" style=\"text-align: center\"><strong>Obs\u00e8ques c\u00e9l\u00e9br\u00e9es dans notre paroisse<\/strong><\/h2>\n<p>[\/et_pb_text][\/et_pb_column][\/et_pb_row][et_pb_row _builder_version=\u00a0\u00bb4.21.0&Prime; _module_preset=\u00a0\u00bbdefault\u00a0\u00bb global_colors_info=\u00a0\u00bb{}\u00a0\u00bb theme_builder_area=\u00a0\u00bbpost_content\u00a0\u00bb][et_pb_column type=\u00a0\u00bb4_4&Prime; _builder_version=\u00a0\u00bb4.21.0&Prime; _module_preset=\u00a0\u00bbdefault\u00a0\u00bb global_colors_info=\u00a0\u00bb{}\u00a0\u00bb theme_builder_area=\u00a0\u00bbpost_content\u00a0\u00bb][et_pb_accordion _builder_version=\u00a0\u00bb4.27.5&Prime; _module_preset=\u00a0\u00bbdefault\u00a0\u00bb global_colors_info=\u00a0\u00bb{}\u00a0\u00bb theme_builder_area=\u00a0\u00bbpost_content\u00a0\u00bb][et_pb_accordion_item title=\u00a0\u00bbJanvier\u00a0\u00bb _builder_version=\u00a0\u00bb4.27.4&Prime; _module_preset=\u00a0\u00bbdefault\u00a0\u00bb global_colors_info=\u00a0\u00bb{}\u00a0\u00bb theme_builder_area=\u00a0\u00bbpost_content\u00a0\u00bb open=\u00a0\u00bboff\u00a0\u00bb]<\/p>\n<p>Le 9 : Suzanne TOUZELET, en l&rsquo;\u00e9glise de Benon et inhum\u00e9e au cimeti\u00e8re de Courcon<\/p>\n<p>Le 15 : Christiane BERNARD, en l\u2019\u00e9glise de La Ronde et inhum\u00e9e au cimeti\u00e8re de la commune<\/p>\n<p>Le 16 : Louisette NEVEUX, en l\u2019\u00e9glise de St-Cyr du Doret et inhum\u00e9e au cimeti\u00e8re de la commune<\/p>\n<p>Le 20 : Pierrette GAUTIER, en l&rsquo;\u00e9glise de St-Sauveur d\u2019Aunis et inhum\u00e9e au cimeti\u00e8re de la commune<\/p>\n<p>Le 23 : Ginette BUSACA, en l\u2019\u00e9glise de St-Sauveur d\u2019Aunis<\/p>\n<p>Le 22 : Jacky GOULU, en l\u2019\u00e9glise de St-Jean de Liversay et inhum\u00e9 au cimeti\u00e8re de la commune<\/p>\n<p>Le 28 : Daniel MATHELIN, en l&rsquo;\u00e9glise de St-Jean de Liversay<\/p>\n<p>Le 28 : Nicole MARTIN, en l&rsquo;\u00e9glise de St-Sauveur d\u2019Aunis et inhum\u00e9e au cimeti\u00e8re de la commune<\/p>\n<p>&nbsp;<\/p>\n<p>[\/et_pb_accordion_item][et_pb_accordion_item title=\u00a0\u00bbF\u00e9vrier\u00a0\u00bb _builder_version=\u00a0\u00bb4.27.4&Prime; _module_preset=\u00a0\u00bbdefault\u00a0\u00bb global_colors_info=\u00a0\u00bb{}\u00a0\u00bb theme_builder_area=\u00a0\u00bbpost_content\u00a0\u00bb open=\u00a0\u00bboff\u00a0\u00bb]<\/p>\n<p>Le 4 : Germaine CHARR\u00c9, en l&rsquo;\u00e9glise de Saint-Jean de Liversay et inhum\u00e9e au cimeti\u00e8re de la commune de Courcon<\/p>\n<p>Le 20 : Jo\u00ebl MORIN, en l&rsquo;\u00e9glise de Saint-Jean de Liversay et inhum\u00e9 au cimeti\u00e8re de la commune de Courcon<\/p>\n<p>Le 23 : Louis MAINGAUD, en l\u2019\u00e9glise de Saint Jean de Liversay<\/p>\n<p>Le 27 : Christine JUBELIN, en l&rsquo;\u00e9glise de Saint Sauveur d&rsquo;Aunis<\/p>\n<p>[\/et_pb_accordion_item][et_pb_accordion_item title=\u00a0\u00bbMars\u00a0\u00bb _builder_version=\u00a0\u00bb4.27.4&Prime; _module_preset=\u00a0\u00bbdefault\u00a0\u00bb global_colors_info=\u00a0\u00bb{}\u00a0\u00bb theme_builder_area=\u00a0\u00bbpost_content\u00a0\u00bb open=\u00a0\u00bboff\u00a0\u00bb]<\/p>\n<p><span style=\"font-size: 14px\">\u00a0Le 2 : Liliane Ganne, en l&rsquo;\u00e9glise de Saint Jean de Liversay et inhum\u00e9e au cimeti\u00e8re de la commune<\/span><\/p>\n<p>Le 27 : Roland Favreau, <span style=\"font-size: 14px\">en l&rsquo;\u00e9glise de Saint Jean de Liversay<\/span><span style=\"font-size: 14px\"><\/span><\/p>\n<p><span style=\"font-size: 14px\"><\/span><\/p>\n<p>[\/et_pb_accordion_item][et_pb_accordion_item title=\u00a0\u00bbAvril\u00a0\u00bb open=\u00a0\u00bbon\u00a0\u00bb _builder_version=\u00a0\u00bb4.27.5&Prime; _module_preset=\u00a0\u00bbdefault\u00a0\u00bb global_colors_info=\u00a0\u00bb{}\u00a0\u00bb theme_builder_area=\u00a0\u00bbpost_content\u00a0\u00bb]<\/p>\n<p>Le 7 : Arlette RENOU, en l&rsquo;\u00e9glise de Taugon<\/p>\n<p>Le 16\u00a0: Claudette BERNARD, en l\u2019\u00e9glise de Saint-Cyr du Doret<\/p>\n<p>Le 17 : R\u00e9mi BR\u00c9CHAIRE, en l\u2019\u00e9glise de La Ronde<\/p>\n<p>Le 17 : Arlette BONNEAU, en l&rsquo;\u00e9glise de Ferri\u00e8res et inhum\u00e9e au cimeti\u00e8re de la commune<\/p>\n<p>Le 24 : Andr\u00e9 GARRAUD, en l&rsquo;\u00e9glise de Saint-Jean de Liversay<\/p>\n<p>&nbsp;<\/p>\n<p>[\/et_pb_accordion_item][et_pb_accordion_item title=\u00a0\u00bbMai\u00a0\u00bb _builder_version=\u00a0\u00bb4.27.4&Prime; _module_preset=\u00a0\u00bbdefault\u00a0\u00bb global_colors_info=\u00a0\u00bb{}\u00a0\u00bb theme_builder_area=\u00a0\u00bbpost_content\u00a0\u00bb open=\u00a0\u00bboff\u00a0\u00bb][\/et_pb_accordion_item][et_pb_accordion_item title=\u00a0\u00bbJuin\u00a0\u00bb _builder_version=\u00a0\u00bb4.27.4&Prime; _module_preset=\u00a0\u00bbdefault\u00a0\u00bb global_colors_info=\u00a0\u00bb{}\u00a0\u00bb theme_builder_area=\u00a0\u00bbpost_content\u00a0\u00bb open=\u00a0\u00bboff\u00a0\u00bb][\/et_pb_accordion_item][et_pb_accordion_item title=\u00a0\u00bbJuillet\u00a0\u00bb _builder_version=\u00a0\u00bb4.27.4&Prime; _module_preset=\u00a0\u00bbdefault\u00a0\u00bb global_colors_info=\u00a0\u00bb{}\u00a0\u00bb theme_builder_area=\u00a0\u00bbpost_content\u00a0\u00bb open=\u00a0\u00bboff\u00a0\u00bb][\/et_pb_accordion_item][et_pb_accordion_item title=\u00a0\u00bbAo\u00fbt\u00a0\u00bb _builder_version=\u00a0\u00bb4.27.4&Prime; _module_preset=\u00a0\u00bbdefault\u00a0\u00bb global_colors_info=\u00a0\u00bb{}\u00a0\u00bb theme_builder_area=\u00a0\u00bbpost_content\u00a0\u00bb open=\u00a0\u00bboff\u00a0\u00bb][\/et_pb_accordion_item][et_pb_accordion_item title=\u00a0\u00bbSeptembre\u00a0\u00bb _builder_version=\u00a0\u00bb4.27.4&Prime; _module_preset=\u00a0\u00bbdefault\u00a0\u00bb global_colors_info=\u00a0\u00bb{}\u00a0\u00bb theme_builder_area=\u00a0\u00bbpost_content\u00a0\u00bb open=\u00a0\u00bboff\u00a0\u00bb][\/et_pb_accordion_item][et_pb_accordion_item title=\u00a0\u00bbOctobre\u00a0\u00bb _builder_version=\u00a0\u00bb4.21.0&Prime; _module_preset=\u00a0\u00bbdefault\u00a0\u00bb global_colors_info=\u00a0\u00bb{}\u00a0\u00bb theme_builder_area=\u00a0\u00bbpost_content\u00a0\u00bb open=\u00a0\u00bboff\u00a0\u00bb][\/et_pb_accordion_item][et_pb_accordion_item title=\u00a0\u00bbNovembre\u00a0\u00bb _builder_version=\u00a0\u00bb4.21.0&Prime; _module_preset=\u00a0\u00bbdefault\u00a0\u00bb global_colors_info=\u00a0\u00bb{}\u00a0\u00bb theme_builder_area=\u00a0\u00bbpost_content\u00a0\u00bb open=\u00a0\u00bboff\u00a0\u00bb][\/et_pb_accordion_item][et_pb_accordion_item title=\u00a0\u00bbD\u00e9cembre\u00a0\u00bb _builder_version=\u00a0\u00bb4.21.0&Prime; _module_preset=\u00a0\u00bbdefault\u00a0\u00bb global_colors_info=\u00a0\u00bb{}\u00a0\u00bb theme_builder_area=\u00a0\u00bbpost_content\u00a0\u00bb open=\u00a0\u00bboff\u00a0\u00bb][\/et_pb_accordion_item][\/et_pb_accordion][\/et_pb_column][\/et_pb_row][et_pb_row _builder_version=\u00a0\u00bb4.21.0&Prime; _module_preset=\u00a0\u00bbdefault\u00a0\u00bb global_colors_info=\u00a0\u00bb{}\u00a0\u00bb theme_builder_area=\u00a0\u00bbpost_content\u00a0\u00bb][et_pb_column type=\u00a0\u00bb4_4&Prime; _builder_version=\u00a0\u00bb4.21.0&Prime; _module_preset=\u00a0\u00bbdefault\u00a0\u00bb global_colors_info=\u00a0\u00bb{}\u00a0\u00bb theme_builder_area=\u00a0\u00bbpost_content\u00a0\u00bb][et_pb_text _builder_version=\u00a0\u00bb4.21.0&Prime; _module_preset=\u00a0\u00bbdefault\u00a0\u00bb background_color=\u00a0\u00bb#FFB8FA\u00a0\u00bb global_colors_info=\u00a0\u00bb{}\u00a0\u00bb theme_builder_area=\u00a0\u00bbpost_content\u00a0\u00bb]<\/p>\n<p style=\"text-align: center\"><strong><\/strong><\/p>\n<p style=\"text-align: center\"><span style=\"color: #333333\"><strong>A toutes les personnes \u00e9prouv\u00e9es par un deuil r\u00e9cent, <\/strong><\/span><\/p>\n<p style=\"text-align: center\"><span style=\"color: #333333\"><strong>la communaut\u00e9 chr\u00e9tienne les assure de son amiti\u00e9 et de son soutien par la pri\u00e8re.<\/strong><\/span><\/p>\n<p style=\"margin-bottom: 0cm;line-height: 100%\">[\/et_pb_text][\/et_pb_column][\/et_pb_row][\/et_pb_section]<\/p>\n","protected":false},"excerpt":{"rendered":"<p>En cas de d\u00e9c\u00e8s d\u2019un proche, c\u2019est l\u2019entreprise de pompes fun\u00e8bres que vous avez choisie qui prendra contact avec la paroisse pour fixer le jour et l\u2019heure des obs\u00e8ques.\u00a0Des personnes [&hellip;]<\/p>\n","protected":false},"author":4,"featured_media":0,"parent":10600,"menu_order":0,"comment_status":"closed","ping_status":"closed","template":"","meta":{"_et_pb_use_builder":"on","_et_pb_old_content":"","_et_gb_content_width":"","footnotes":""},"class_list":["post-10747","page","type-page","status-publish","hentry"],"_links":{"self":[{"href":"https:\/\/catholiques17.fr\/saintbernardenaunis\/wp-json\/wp\/v2\/pages\/10747","targetHints":{"allow":["GET"]}}],"collection":[{"href":"https:\/\/catholiques17.fr\/saintbernardenaunis\/wp-json\/wp\/v2\/pages"}],"about":[{"href":"https:\/\/catholiques17.fr\/saintbernardenaunis\/wp-json\/wp\/v2\/types\/page"}],"author":[{"embeddable":true,"href":"https:\/\/catholiques17.fr\/saintbernardenaunis\/wp-json\/wp\/v2\/users\/4"}],"replies":[{"embeddable":true,"href":"https:\/\/catholiques17.fr\/saintbernardenaunis\/wp-json\/wp\/v2\/comments?post=10747"}],"version-history":[{"count":134,"href":"https:\/\/catholiques17.fr\/saintbernardenaunis\/wp-json\/wp\/v2\/pages\/10747\/revisions"}],"predecessor-version":[{"id":11914,"href":"https:\/\/catholiques17.fr\/saintbernardenaunis\/wp-json\/wp\/v2\/pages\/10747\/revisions\/11914"}],"up":[{"embeddable":true,"href":"https:\/\/catholiques17.fr\/saintbernardenaunis\/wp-json\/wp\/v2\/pages\/10600"}],"wp:attachment":[{"href":"https:\/\/catholiques17.fr\/saintbernardenaunis\/wp-json\/wp\/v2\/media?parent=10747"}],"curies":[{"name":"wp","href":"https:\/\/api.w.org\/{rel}","templated":true}]}}