{"id":9856,"date":"2026-02-02T14:55:43","date_gmt":"2026-02-02T13:55:43","guid":{"rendered":"https:\/\/catholiques17.fr\/saintaigulin\/?post_type=tribe_events&#038;p=9856"},"modified":"2026-02-02T14:55:56","modified_gmt":"2026-02-02T13:55:56","slug":"dimanche-de-la-sante","status":"publish","type":"tribe_events","link":"https:\/\/catholiques17.fr\/saintaigulin\/event\/dimanche-de-la-sante\/","title":{"rendered":"Dimanche de la Sant\u00e9"},"content":{"rendered":"<p>Initi\u00e9 par les dioc\u00e8ses de Lille, Arras et Cambrai, le dimanche de la sant\u00e9 s\u2019est \u00e9tendu \u00e0 l\u2019ensemble des dioc\u00e8ses depuis le Jubil\u00e9 de l\u2019an 2000. Cette c\u00e9l\u00e9bration, qui s\u2019inscrit toujours dans le cadre de la liturgie dominicale, permet aux assembl\u00e9es de chr\u00e9tiens de prier en lien avec la Journ\u00e9e mondiale du Malade.<\/p>\n<p>Pour mieux d\u00e9couvrir le champ d&rsquo;action de la pastorale de la sant\u00e9 au c\u0153ur de notre paroisse, cliquer<a href=\"https:\/\/catholiques17.fr\/saintaigulin\/2026\/02\/02\/un-dimanche-de-la-sante-pourquoi\/\" target=\"_blank\" rel=\"noopener\"><strong><span style=\"text-decoration: underline;\"> ici<\/span><\/strong><\/a><\/p>\n","protected":false},"excerpt":{"rendered":"<p>Initi\u00e9 par les dioc\u00e8ses de Lille, Arras et Cambrai, le dimanche de la sant\u00e9 s\u2019est \u00e9tendu \u00e0 l\u2019ensemble des dioc\u00e8ses depuis le Jubil\u00e9 de l\u2019an 2000. Cette c\u00e9l\u00e9bration, qui s\u2019inscrit [&hellip;]<\/p>\n","protected":false},"author":4,"featured_media":9857,"template":"","meta":{"_et_pb_use_builder":"","_et_pb_old_content":"","_et_gb_content_width":"","_tribe_events_status":"","_tribe_events_status_reason":"","footnotes":""},"tags":[],"tribe_events_cat":[],"class_list":["post-9856","tribe_events","type-tribe_events","status-publish","has-post-thumbnail","hentry"],"_links":{"self":[{"href":"https:\/\/catholiques17.fr\/saintaigulin\/wp-json\/wp\/v2\/tribe_events\/9856","targetHints":{"allow":["GET"]}}],"collection":[{"href":"https:\/\/catholiques17.fr\/saintaigulin\/wp-json\/wp\/v2\/tribe_events"}],"about":[{"href":"https:\/\/catholiques17.fr\/saintaigulin\/wp-json\/wp\/v2\/types\/tribe_events"}],"author":[{"embeddable":true,"href":"https:\/\/catholiques17.fr\/saintaigulin\/wp-json\/wp\/v2\/users\/4"}],"version-history":[{"count":1,"href":"https:\/\/catholiques17.fr\/saintaigulin\/wp-json\/wp\/v2\/tribe_events\/9856\/revisions"}],"predecessor-version":[{"id":9861,"href":"https:\/\/catholiques17.fr\/saintaigulin\/wp-json\/wp\/v2\/tribe_events\/9856\/revisions\/9861"}],"wp:featuredmedia":[{"embeddable":true,"href":"https:\/\/catholiques17.fr\/saintaigulin\/wp-json\/wp\/v2\/media\/9857"}],"wp:attachment":[{"href":"https:\/\/catholiques17.fr\/saintaigulin\/wp-json\/wp\/v2\/media?parent=9856"}],"wp:term":[{"taxonomy":"post_tag","embeddable":true,"href":"https:\/\/catholiques17.fr\/saintaigulin\/wp-json\/wp\/v2\/tags?post=9856"},{"taxonomy":"tribe_events_cat","embeddable":true,"href":"https:\/\/catholiques17.fr\/saintaigulin\/wp-json\/wp\/v2\/tribe_events_cat?post=9856"}],"curies":[{"name":"wp","href":"https:\/\/api.w.org\/{rel}","templated":true}]}}