{"id":9800,"date":"2025-12-09T11:16:22","date_gmt":"2025-12-09T10:16:22","guid":{"rendered":"https:\/\/catholiques17.fr\/saintaigulin\/?post_type=tribe_events&#038;p=9800"},"modified":"2025-12-09T11:16:22","modified_gmt":"2025-12-09T10:16:22","slug":"cloture-de-lannee-jubilaire","status":"publish","type":"tribe_events","link":"https:\/\/catholiques17.fr\/saintaigulin\/event\/cloture-de-lannee-jubilaire\/","title":{"rendered":"Cl\u00f4ture de l&rsquo;Ann\u00e9e jubilaire"},"content":{"rendered":"<p id=\"isPasted\" class=\"default\">Chers fr\u00e8res et s\u0153urs P\u00e8lerins d\u2019esp\u00e9rance,<\/p>\n<p class=\"default\">Au cours de cette ann\u00e9e 2025, nous avons \u00e9t\u00e9 nombreux \u00e0 prendre la route de Rome pour franchir les portes saintes, d\u00e9poser nos intentions lors des c\u00e9l\u00e9brations dans les basiliques majeures et raviver notre foi au c\u0153ur de l\u2019\u00c9glise universelle. Je rends gr\u00e2ce avec vous pour ces p\u00e8lerinages qui, pour chacun, ont \u00e9t\u00e9 des exp\u00e9riences de rencontre, de conversion et d\u2019esp\u00e9rance. Sans savoir encore que je deviendrai votre \u00e9v\u00eaque, j\u2019ai eu la joie de p\u00e8leriner avec certains d\u2019entre vous lors du P\u00e8lerinage organis\u00e9 par la Province de Poitiers en mars, o\u00f9 une bonne d\u00e9l\u00e9gation de La Rochelle \u00e9tait pr\u00e9sente.<\/p>\n<p class=\"default\">Alors que s\u2019ach\u00e8ve l\u2019Ann\u00e9e sainte, que la bulle d\u2019indiction invite \u00e0 cl\u00f4turer au niveau des dioc\u00e8ses, je souhaite que nous puissions rendre gr\u00e2ce ensemble pour les fruits spirituels re\u00e7us tout au long de ce jubil\u00e9.\u00a0<strong>C\u2019est pourquoi j\u2019ai la joie de vous inviter \u00e0 la messe de cl\u00f4ture de l\u2019Ann\u00e9e sainte, que je pr\u00e9siderai le dimanche 4 janvier, \u00e0 11h, en la cath\u00e9drale Saint-Louis de La Rochelle.<\/strong><\/p>\n<p class=\"default\">Votre pr\u00e9sence \u00e0 cette c\u00e9l\u00e9bration serait un beau signe de communion entre tous ceux qui, de pr\u00e8s ou de loin, ont particip\u00e9 \u00e0 ce grand mouvement de p\u00e8lerinage voulu par le pape Fran\u00e7ois et poursuivi par L\u00e9on XIV. Ensemble, nous rendrons gr\u00e2ce pour tout ce que nous avons re\u00e7u, et nous confierons \u00e0 Dieu l\u2019\u00e9lan missionnaire que cette ann\u00e9e jubilaire a raviv\u00e9 dans nos c\u0153urs.<\/p>\n<p class=\"default\">Je vous encourage \u00e0 venir accompagn\u00e9s de vos familles, de vos groupes ou de ceux qui ont partag\u00e9 avec vous ce chemin vers Rome ou lors des propositions jubilaires locales. Que les gr\u00e2ces du Jubil\u00e9 nous aident \u00e0 demeurer p\u00e8lerins d\u2019esp\u00e9rance, attentifs aux appels du Seigneur et disponibles pour servir nos fr\u00e8res.<\/p>\n<p class=\"default\">Dans l\u2019attente de vous retrouver, je vous souhaite un temps de l\u2019Avent f\u00e9cond, vous assure de ma pri\u00e8re et vous b\u00e9nis.<\/p>\n<p class=\"default\"><strong>+ Pierre-Antoine Bozo<\/strong><\/p>\n","protected":false},"excerpt":{"rendered":"<p>Chers fr\u00e8res et s\u0153urs P\u00e8lerins d\u2019esp\u00e9rance, Au cours de cette ann\u00e9e 2025, nous avons \u00e9t\u00e9 nombreux \u00e0 prendre la route de Rome pour franchir les portes saintes, d\u00e9poser nos intentions [&hellip;]<\/p>\n","protected":false},"author":4,"featured_media":9801,"template":"","meta":{"_et_pb_use_builder":"","_et_pb_old_content":"","_et_gb_content_width":"","_tribe_events_status":"","_tribe_events_status_reason":"","footnotes":""},"tags":[],"tribe_events_cat":[],"class_list":["post-9800","tribe_events","type-tribe_events","status-publish","has-post-thumbnail","hentry"],"_links":{"self":[{"href":"https:\/\/catholiques17.fr\/saintaigulin\/wp-json\/wp\/v2\/tribe_events\/9800","targetHints":{"allow":["GET"]}}],"collection":[{"href":"https:\/\/catholiques17.fr\/saintaigulin\/wp-json\/wp\/v2\/tribe_events"}],"about":[{"href":"https:\/\/catholiques17.fr\/saintaigulin\/wp-json\/wp\/v2\/types\/tribe_events"}],"author":[{"embeddable":true,"href":"https:\/\/catholiques17.fr\/saintaigulin\/wp-json\/wp\/v2\/users\/4"}],"version-history":[{"count":1,"href":"https:\/\/catholiques17.fr\/saintaigulin\/wp-json\/wp\/v2\/tribe_events\/9800\/revisions"}],"predecessor-version":[{"id":9802,"href":"https:\/\/catholiques17.fr\/saintaigulin\/wp-json\/wp\/v2\/tribe_events\/9800\/revisions\/9802"}],"wp:featuredmedia":[{"embeddable":true,"href":"https:\/\/catholiques17.fr\/saintaigulin\/wp-json\/wp\/v2\/media\/9801"}],"wp:attachment":[{"href":"https:\/\/catholiques17.fr\/saintaigulin\/wp-json\/wp\/v2\/media?parent=9800"}],"wp:term":[{"taxonomy":"post_tag","embeddable":true,"href":"https:\/\/catholiques17.fr\/saintaigulin\/wp-json\/wp\/v2\/tags?post=9800"},{"taxonomy":"tribe_events_cat","embeddable":true,"href":"https:\/\/catholiques17.fr\/saintaigulin\/wp-json\/wp\/v2\/tribe_events_cat?post=9800"}],"curies":[{"name":"wp","href":"https:\/\/api.w.org\/{rel}","templated":true}]}}