{"id":9618,"date":"2025-10-21T17:03:49","date_gmt":"2025-10-21T15:03:49","guid":{"rendered":"https:\/\/catholiques17.fr\/saintaigulin\/?post_type=tribe_events&#038;p=9618"},"modified":"2025-10-21T17:03:49","modified_gmt":"2025-10-21T15:03:49","slug":"formation-biblique","status":"publish","type":"tribe_events","link":"https:\/\/catholiques17.fr\/saintaigulin\/event\/formation-biblique\/","title":{"rendered":"Formation Biblique"},"content":{"rendered":"<p>Plusieurs soir\u00e9es sont organis\u00e9es des lundis \u00e0 20 h \u00e0 la maison dioc\u00e9saine sur le th\u00e8me : \u00ab\u00a0A la d\u00e9couverte des premi\u00e8res chr\u00e9tiennes, les al\u00e9as de leur histoire, leurs diverses conditions dans l\u2019Eglise, leurs missions re\u00e7ues, leur l\u00e9gende \u00e0 la tradition et leur fa\u00e7on de faire face \u00e0 une soci\u00e9t\u00e9 greco romaine qui reste encore r\u00e9solument hostile \u00e0 une affirmation des femmes dans la soci\u00e9t\u00e9 publique\u00a0\u00bb .<\/p>\n<p>Elles seront anim\u00e9es par P. Pascal-Gr\u00e9goire Delage.<\/p>\n<p>Voici les dates retenues\u00a0:<\/p>\n<p>~ Lundi 17 novembre : les Galil\u00e9ennes de l\u2019entourage de J\u00e9sus.<\/p>\n<p>~ lundi 15 d\u00e9cembre : les femmes engag\u00e9es dans les premi\u00e8res missions apostoliques<\/p>\n<p>~ lundi 12 janvier : A l\u2019heure du T\u00e9moignage, Blandine, Perp\u00e9tue et leurs s\u0153urs\u2026<\/p>\n<p>~ lundi 9 f\u00e9vrier : Perfides filles d\u2019Eve, celles qu\u2019on appelle h\u00e9r\u00e9tiques.<\/p>\n<p>~ lundi 9 mars : Histoire de la\u00efques pas si ordinaires que \u00e7a.<\/p>\n<p>~ lundi 13 avril : Celles qui m\u00e8nent la vie des anges, les premi\u00e8res religieuses.<\/p>\n<p>N\u2019h\u00e9sitez pas \u00e0 inviter vos amis !<\/p>\n","protected":false},"excerpt":{"rendered":"<p>Plusieurs soir\u00e9es sont organis\u00e9es des lundis \u00e0 20 h \u00e0 la maison dioc\u00e9saine sur le th\u00e8me : \u00ab\u00a0A la d\u00e9couverte des premi\u00e8res chr\u00e9tiennes, les al\u00e9as de leur histoire, leurs diverses [&hellip;]<\/p>\n","protected":false},"author":4,"featured_media":9619,"template":"","meta":{"_et_pb_use_builder":"","_et_pb_old_content":"","_et_gb_content_width":"","_tribe_events_status":"","_tribe_events_status_reason":"","footnotes":""},"tags":[],"tribe_events_cat":[],"class_list":["post-9618","tribe_events","type-tribe_events","status-publish","has-post-thumbnail","hentry"],"_links":{"self":[{"href":"https:\/\/catholiques17.fr\/saintaigulin\/wp-json\/wp\/v2\/tribe_events\/9618","targetHints":{"allow":["GET"]}}],"collection":[{"href":"https:\/\/catholiques17.fr\/saintaigulin\/wp-json\/wp\/v2\/tribe_events"}],"about":[{"href":"https:\/\/catholiques17.fr\/saintaigulin\/wp-json\/wp\/v2\/types\/tribe_events"}],"author":[{"embeddable":true,"href":"https:\/\/catholiques17.fr\/saintaigulin\/wp-json\/wp\/v2\/users\/4"}],"version-history":[{"count":1,"href":"https:\/\/catholiques17.fr\/saintaigulin\/wp-json\/wp\/v2\/tribe_events\/9618\/revisions"}],"predecessor-version":[{"id":9620,"href":"https:\/\/catholiques17.fr\/saintaigulin\/wp-json\/wp\/v2\/tribe_events\/9618\/revisions\/9620"}],"wp:featuredmedia":[{"embeddable":true,"href":"https:\/\/catholiques17.fr\/saintaigulin\/wp-json\/wp\/v2\/media\/9619"}],"wp:attachment":[{"href":"https:\/\/catholiques17.fr\/saintaigulin\/wp-json\/wp\/v2\/media?parent=9618"}],"wp:term":[{"taxonomy":"post_tag","embeddable":true,"href":"https:\/\/catholiques17.fr\/saintaigulin\/wp-json\/wp\/v2\/tags?post=9618"},{"taxonomy":"tribe_events_cat","embeddable":true,"href":"https:\/\/catholiques17.fr\/saintaigulin\/wp-json\/wp\/v2\/tribe_events_cat?post=9618"}],"curies":[{"name":"wp","href":"https:\/\/api.w.org\/{rel}","templated":true}]}}