{"id":7257,"date":"2024-06-27T14:58:31","date_gmt":"2024-06-27T12:58:31","guid":{"rendered":"https:\/\/catholiques17.fr\/saintaigulin\/?page_id=7257"},"modified":"2025-12-09T09:48:04","modified_gmt":"2025-12-09T08:48:04","slug":"eucharistie","status":"publish","type":"page","link":"https:\/\/catholiques17.fr\/saintaigulin\/etape-de-la-vie\/eucharistie\/","title":{"rendered":"Eucharistie"},"content":{"rendered":"<p>[et_pb_section fb_built=\u00a0\u00bb1&Prime; _builder_version=\u00a0\u00bb4.16&Prime; _module_preset=\u00a0\u00bbdefault\u00a0\u00bb custom_padding=\u00a0\u00bb5px|||||\u00a0\u00bb global_colors_info=\u00a0\u00bb{}\u00a0\u00bb theme_builder_area=\u00a0\u00bbpost_content\u00a0\u00bb][et_pb_row _builder_version=\u00a0\u00bb4.21.0&Prime; _module_preset=\u00a0\u00bbdefault\u00a0\u00bb custom_padding=\u00a0\u00bb6px|||||\u00a0\u00bb global_colors_info=\u00a0\u00bb{}\u00a0\u00bb theme_builder_area=\u00a0\u00bbpost_content\u00a0\u00bb][et_pb_column type=\u00a0\u00bb4_4&Prime; _builder_version=\u00a0\u00bb4.21.0&Prime; _module_preset=\u00a0\u00bbdefault\u00a0\u00bb global_colors_info=\u00a0\u00bb{}\u00a0\u00bb theme_builder_area=\u00a0\u00bbpost_content\u00a0\u00bb][et_pb_image src=\u00a0\u00bbhttps:\/\/catholiques17.fr\/saintaigulin\/wp-content\/uploads\/sites\/49\/2024\/10\/Communion.gif\u00a0\u00bb title_text=\u00a0\u00bbCommunion\u00a0\u00bb _builder_version=\u00a0\u00bb4.21.0&Prime; _module_preset=\u00a0\u00bbdefault\u00a0\u00bb animation_style=\u00a0\u00bbslide\u00a0\u00bb border_radii=\u00a0\u00bbon|20px|20px|20px|20px\u00a0\u00bb global_colors_info=\u00a0\u00bb{}\u00a0\u00bb theme_builder_area=\u00a0\u00bbpost_content\u00a0\u00bb][\/et_pb_image][\/et_pb_column][\/et_pb_row][et_pb_row _builder_version=\u00a0\u00bb4.16&Prime; _module_preset=\u00a0\u00bbdefault\u00a0\u00bb global_colors_info=\u00a0\u00bb{}\u00a0\u00bb theme_builder_area=\u00a0\u00bbpost_content\u00a0\u00bb][et_pb_column type=\u00a0\u00bb4_4&Prime; _builder_version=\u00a0\u00bb4.16&Prime; _module_preset=\u00a0\u00bbdefault\u00a0\u00bb global_colors_info=\u00a0\u00bb{}\u00a0\u00bb theme_builder_area=\u00a0\u00bbpost_content\u00a0\u00bb][et_pb_text _builder_version=\u00a0\u00bb4.21.0&Prime; _module_preset=\u00a0\u00bbdefault\u00a0\u00bb global_colors_info=\u00a0\u00bb{}\u00a0\u00bb theme_builder_area=\u00a0\u00bbpost_content\u00a0\u00bb]<\/p>\n<p style=\"text-align: justify\"><strong>La premi\u00e8re Communion, c\u2019est recevoir pour la premi\u00e8re fois le corps du Christ sous forme d\u2019hostie consacr\u00e9e par le pr\u00eatre : c\u2019est le sacrement de l\u2019Eucharistie. Il s\u2019agit d\u2019un sacrement de l\u2019initiation chr\u00e9tienne, mais qu\u2019on ne peut recevoir que si l\u2019on a \u00e9t\u00e9 baptis\u00e9. Le mot Eucharistie vient du grec et signifie \u00ab merci \u00bb. C\u2019est \u00e9galement le terme pour d\u00e9signer la messe : c\u2019est le repas o\u00f9 J\u00e9sus dit merci, rend gr\u00e2ce \u00e0 son P\u00e8re parce que son amour est plus fort que le mal et la mort.<\/strong><\/p>\n<p>[\/et_pb_text][\/et_pb_column][\/et_pb_row][et_pb_row _builder_version=\u00a0\u00bb4.16&Prime; _module_preset=\u00a0\u00bbdefault\u00a0\u00bb custom_padding=\u00a0\u00bb7px|||||\u00a0\u00bb global_colors_info=\u00a0\u00bb{}\u00a0\u00bb theme_builder_area=\u00a0\u00bbpost_content\u00a0\u00bb][et_pb_column type=\u00a0\u00bb4_4&Prime; _builder_version=\u00a0\u00bb4.16&Prime; _module_preset=\u00a0\u00bbdefault\u00a0\u00bb global_colors_info=\u00a0\u00bb{}\u00a0\u00bb theme_builder_area=\u00a0\u00bbpost_content\u00a0\u00bb][et_pb_text _builder_version=\u00a0\u00bb4.21.0&Prime; _module_preset=\u00a0\u00bbdefault\u00a0\u00bb global_colors_info=\u00a0\u00bb{}\u00a0\u00bb theme_builder_area=\u00a0\u00bbpost_content\u00a0\u00bb]<\/p>\n<p>Pour tout enfant qui a commenc\u00e9 \u00e0 d\u00e9couvrir Dieu et le Christ il est propos\u00e9 une pr\u00e9paration \u00e0 la premi\u00e8re des communions. Ce sacrement est une deuxi\u00e8me \u00e9tape dans l&rsquo;itin\u00e9raire des chr\u00e9tiens. Cet itin\u00e9raire commence avec le bapt\u00eame et s&rsquo;ach\u00e8vera avec le sacrement de la confirmation. Avec ses parents, ils sont invit\u00e9s \u00e0 entrer dans le myst\u00e8re de ce pain-corps du Christ; \u00e0 vivre une exp\u00e9rience avec la communaut\u00e9. Comme cette derni\u00e8re l&rsquo;enfant et sa famille r\u00e9pondent \u00e0 l&rsquo;invitation du Christ pour partager le repas du don de la vie de J\u00e9sus.<\/p>\n<p>Tout au long de cette route il sera accompagn\u00e9 dans la pri\u00e8re par la pri\u00e8re de la communaut\u00e9 paroissiale. Puis apr\u00e8s P\u00e2ques, apr\u00e8s une rencontre avec le pr\u00eatre, sa famille est invit\u00e9e \u00e0 venir r\u00e9guli\u00e8rement \u00e0 la messe avec son enfant jusqu&rsquo;\u00e0 sa premi\u00e8re communion. A partir de ce jour l\u00e0, et tous les dimanches s&rsquo;il le d\u00e9sire, il pourra comme les autres chr\u00e9tiens, fortifier sa foi en participant \u00e0 l&rsquo;eucharistie.<\/p>\n<p>[\/et_pb_text][\/et_pb_column][\/et_pb_row][et_pb_row _builder_version=\u00a0\u00bb4.21.0&Prime; _module_preset=\u00a0\u00bbdefault\u00a0\u00bb global_colors_info=\u00a0\u00bb{}\u00a0\u00bb theme_builder_area=\u00a0\u00bbpost_content\u00a0\u00bb][et_pb_column type=\u00a0\u00bb4_4&Prime; _builder_version=\u00a0\u00bb4.21.0&Prime; _module_preset=\u00a0\u00bbdefault\u00a0\u00bb global_colors_info=\u00a0\u00bb{}\u00a0\u00bb theme_builder_area=\u00a0\u00bbpost_content\u00a0\u00bb][et_pb_divider color=\u00a0\u00bb#F49A24&Prime; divider_weight=\u00a0\u00bb2px\u00a0\u00bb _builder_version=\u00a0\u00bb4.21.0&Prime; _module_preset=\u00a0\u00bbdefault\u00a0\u00bb global_colors_info=\u00a0\u00bb{}\u00a0\u00bb theme_builder_area=\u00a0\u00bbpost_content\u00a0\u00bb][\/et_pb_divider][\/et_pb_column][\/et_pb_row][et_pb_row _builder_version=\u00a0\u00bb4.27.4&Prime; _module_preset=\u00a0\u00bbdefault\u00a0\u00bb background_color=\u00a0\u00bb#0068A0&Prime; border_radii=\u00a0\u00bboff||20px||20px\u00a0\u00bb global_colors_info=\u00a0\u00bb{}\u00a0\u00bb theme_builder_area=\u00a0\u00bbpost_content\u00a0\u00bb][et_pb_column type=\u00a0\u00bb4_4&Prime; _builder_version=\u00a0\u00bb4.21.0&Prime; _module_preset=\u00a0\u00bbdefault\u00a0\u00bb global_colors_info=\u00a0\u00bb{}\u00a0\u00bb theme_builder_area=\u00a0\u00bbpost_content\u00a0\u00bb][et_pb_text _builder_version=\u00a0\u00bb4.27.4&Prime; _module_preset=\u00a0\u00bbdefault\u00a0\u00bb global_colors_info=\u00a0\u00bb{}\u00a0\u00bb theme_builder_area=\u00a0\u00bbpost_content\u00a0\u00bb]<\/p>\n<h4 style=\"text-align: center;\"><span style=\"color: #ffffff;\">Vous souhaitez obtenir des informations pour se pr\u00e9parer \u00e0 la premi\u00e8re communion ?<\/span><\/h4>\n<h4 style=\"text-align: center;\"><\/h4>\n<h4 style=\"text-align: center;\"><span style=\"color: #ffffff;\">Contactez-nous :<\/span><\/h4>\n<h4 style=\"text-align: center;\"><\/h4>\n<h4 style=\"text-align: center;\"><span style=\"color: #ffffff;\"><a href=\"mailto:paroisse.saintaigulin@orange.fr\" target=\"_blank\" rel=\"noopener\" style=\"color: #ffffff;\"><\/a><\/span><\/h4>\n<h4 style=\"text-align: center;\"><span style=\"color: #ffffff;\">P. Bernard HOUSSET : 06 89 03 03 69<\/span><span style=\"color: #ffffff;\"><strong><\/strong><\/span><\/h4>\n<h4 style=\"text-align: center;\"><span style=\"color: #ffffff;\">Maison paroissiale : 05 46 04 80 50<\/span><\/h4>\n<p>[\/et_pb_text][\/et_pb_column][\/et_pb_row][\/et_pb_section]<\/p>\n","protected":false},"excerpt":{"rendered":"<p>La premi\u00e8re Communion, c\u2019est recevoir pour la premi\u00e8re fois le corps du Christ sous forme d\u2019hostie consacr\u00e9e par le pr\u00eatre : c\u2019est le sacrement de l\u2019Eucharistie. Il s\u2019agit d\u2019un sacrement [&hellip;]<\/p>\n","protected":false},"author":4,"featured_media":0,"parent":7248,"menu_order":0,"comment_status":"closed","ping_status":"closed","template":"","meta":{"_et_pb_use_builder":"on","_et_pb_old_content":"<!-- wp:divi\/placeholder \/-->","_et_gb_content_width":"","footnotes":""},"class_list":["post-7257","page","type-page","status-publish","hentry"],"_links":{"self":[{"href":"https:\/\/catholiques17.fr\/saintaigulin\/wp-json\/wp\/v2\/pages\/7257","targetHints":{"allow":["GET"]}}],"collection":[{"href":"https:\/\/catholiques17.fr\/saintaigulin\/wp-json\/wp\/v2\/pages"}],"about":[{"href":"https:\/\/catholiques17.fr\/saintaigulin\/wp-json\/wp\/v2\/types\/page"}],"author":[{"embeddable":true,"href":"https:\/\/catholiques17.fr\/saintaigulin\/wp-json\/wp\/v2\/users\/4"}],"replies":[{"embeddable":true,"href":"https:\/\/catholiques17.fr\/saintaigulin\/wp-json\/wp\/v2\/comments?post=7257"}],"version-history":[{"count":12,"href":"https:\/\/catholiques17.fr\/saintaigulin\/wp-json\/wp\/v2\/pages\/7257\/revisions"}],"predecessor-version":[{"id":9758,"href":"https:\/\/catholiques17.fr\/saintaigulin\/wp-json\/wp\/v2\/pages\/7257\/revisions\/9758"}],"up":[{"embeddable":true,"href":"https:\/\/catholiques17.fr\/saintaigulin\/wp-json\/wp\/v2\/pages\/7248"}],"wp:attachment":[{"href":"https:\/\/catholiques17.fr\/saintaigulin\/wp-json\/wp\/v2\/media?parent=7257"}],"curies":[{"name":"wp","href":"https:\/\/api.w.org\/{rel}","templated":true}]}}