{"id":9640,"date":"2023-12-14T10:03:44","date_gmt":"2023-12-14T09:03:44","guid":{"rendered":"https:\/\/catholiques17.fr\/pontlabbesaintporchaire\/?page_id=9640"},"modified":"2025-10-07T09:55:34","modified_gmt":"2025-10-07T07:55:34","slug":"sacrement-de-reconciliation","status":"publish","type":"page","link":"https:\/\/catholiques17.fr\/pontlabbesaintporchaire\/etapes-de-la-vie\/sacrement-de-reconciliation\/","title":{"rendered":"Sacrement de r\u00e9conciliation"},"content":{"rendered":"<p>[et_pb_section fb_built=\u00a0\u00bb1&Prime; _builder_version=\u00a0\u00bb4.21.0&Prime; _module_preset=\u00a0\u00bbdefault\u00a0\u00bb custom_padding=\u00a0\u00bb8px|||||\u00a0\u00bb global_colors_info=\u00a0\u00bb{}\u00a0\u00bb theme_builder_area=\u00a0\u00bbpost_content\u00a0\u00bb][et_pb_row _builder_version=\u00a0\u00bb4.21.0&Prime; _module_preset=\u00a0\u00bbdefault\u00a0\u00bb global_colors_info=\u00a0\u00bb{}\u00a0\u00bb theme_builder_area=\u00a0\u00bbpost_content\u00a0\u00bb][et_pb_column type=\u00a0\u00bb4_4&Prime; _builder_version=\u00a0\u00bb4.21.0&Prime; _module_preset=\u00a0\u00bbdefault\u00a0\u00bb global_colors_info=\u00a0\u00bb{}\u00a0\u00bb theme_builder_area=\u00a0\u00bbpost_content\u00a0\u00bb][et_pb_image src=\u00a0\u00bbhttps:\/\/catholiques17.fr\/pontlabbesaintporchaire\/wp-content\/uploads\/sites\/38\/2024\/01\/Sacrement-reconciliation-Grande.jpeg\u00a0\u00bb title_text=\u00a0\u00bbSacrement-re\u0301conciliation &#8211; Grande\u00a0\u00bb align=\u00a0\u00bbcenter\u00a0\u00bb _builder_version=\u00a0\u00bb4.21.0&Prime; _module_preset=\u00a0\u00bbdefault\u00a0\u00bb custom_margin=\u00a0\u00bb-19px|||||\u00a0\u00bb border_radii=\u00a0\u00bbon|20px|20px|20px|20px\u00a0\u00bb global_colors_info=\u00a0\u00bb{}\u00a0\u00bb theme_builder_area=\u00a0\u00bbpost_content\u00a0\u00bb][\/et_pb_image][\/et_pb_column][\/et_pb_row][et_pb_row _builder_version=\u00a0\u00bb4.21.0&Prime; _module_preset=\u00a0\u00bbdefault\u00a0\u00bb global_colors_info=\u00a0\u00bb{}\u00a0\u00bb theme_builder_area=\u00a0\u00bbpost_content\u00a0\u00bb][et_pb_column type=\u00a0\u00bb4_4&Prime; _builder_version=\u00a0\u00bb4.21.0&Prime; _module_preset=\u00a0\u00bbdefault\u00a0\u00bb global_colors_info=\u00a0\u00bb{}\u00a0\u00bb theme_builder_area=\u00a0\u00bbpost_content\u00a0\u00bb][et_pb_text _builder_version=\u00a0\u00bb4.21.0&Prime; _module_preset=\u00a0\u00bbdefault\u00a0\u00bb global_colors_info=\u00a0\u00bb{}\u00a0\u00bb theme_builder_area=\u00a0\u00bbpost_content\u00a0\u00bb]<\/p>\n<p><span>Le\u00a0<\/span>sacrement de la p\u00e9nitence ou de la r\u00e9conciliation\u00a0<span>est par excellence le sacrement de l\u2019amour et de la consolation de Dieu. En tout premier lieu,\u00a0<\/span>se confesser<span>, c\u2019est confesser l\u2019amour de Dieu et sa mis\u00e9ricorde. Et \u00e9galement se rappeler la gr\u00e2ce du <\/span>bapt\u00eame<span> qui nous a arrach\u00e9 au pouvoir du mal. Dans la suite de notre existence, le sacrement de p\u00e9nitence est un peu un nouveau bapt\u00eame.\u00a0<\/span><\/p>\n<p>[\/et_pb_text][\/et_pb_column][\/et_pb_row][et_pb_row _builder_version=\u00a0\u00bb4.21.0&Prime; _module_preset=\u00a0\u00bbdefault\u00a0\u00bb global_colors_info=\u00a0\u00bb{}\u00a0\u00bb theme_builder_area=\u00a0\u00bbpost_content\u00a0\u00bb][et_pb_column type=\u00a0\u00bb4_4&Prime; _builder_version=\u00a0\u00bb4.21.0&Prime; _module_preset=\u00a0\u00bbdefault\u00a0\u00bb global_colors_info=\u00a0\u00bb{}\u00a0\u00bb theme_builder_area=\u00a0\u00bbpost_content\u00a0\u00bb][et_pb_testimonial author=\u00a0\u00bbPape Fran\u00e7ois\u00a0\u00bb job_title=\u00a0\u00bbAudience g\u00e9n\u00e9rale, mercredi 19 f\u00e9vrier 2014&Prime; portrait_url=\u00a0\u00bbhttps:\/\/catholiques17.fr\/pontlabbesaintporchaire\/wp-content\/uploads\/sites\/38\/2024\/01\/Pope_Francis_Korea_Haemi_Castle_19.jpg\u00a0\u00bb _builder_version=\u00a0\u00bb4.27.4&Prime; _module_preset=\u00a0\u00bbdefault\u00a0\u00bb hover_enabled=\u00a0\u00bb0&Prime; global_colors_info=\u00a0\u00bb{}\u00a0\u00bb theme_builder_area=\u00a0\u00bbpost_content\u00a0\u00bb sticky_enabled=\u00a0\u00bb0&Prime;]<\/p>\n<p><span>\u00ab<\/span><em>\u00a0Chers amis, c\u00e9l\u00e9brer le sacrement de la r\u00e9conciliation signifie \u00eatre envelopp\u00e9s par une \u00e9treinte chaleureuse : c\u2019est l\u2019\u00e9treinte de la mis\u00e9ricorde infinie du P\u00e8re. Rappelons cette belle parabole du fils qui est parti de chez lui avec l\u2019argent de son h\u00e9ritage ; il a gaspill\u00e9 tout son argent et ensuite, quand il n\u2019avait plus rien, il a d\u00e9cid\u00e9 de revenir chez lui, non comme un fils, mais comme un serviteur. Il ressentait profond\u00e9ment sa faute dans son c\u0153ur et tant de honte. La surprise a \u00e9t\u00e9 que quand il commen\u00e7a \u00e0 parler, \u00e0 demander pardon, son p\u00e8re ne le laissa pas parler, il l\u2019embrassa et fit la f\u00eate. Quant \u00e0 moi je vous dis: chaque fois que nous nous confessons, Dieu nous embrasse, Dieu fait la f\u00eate ! Allons de l\u2019avant sur cette route.\u00a0<\/em><span>\u00bb<\/span><\/p>\n<p>[\/et_pb_testimonial][\/et_pb_column][\/et_pb_row][et_pb_row _builder_version=\u00a0\u00bb4.21.0&Prime; _module_preset=\u00a0\u00bbdefault\u00a0\u00bb global_colors_info=\u00a0\u00bb{}\u00a0\u00bb theme_builder_area=\u00a0\u00bbpost_content\u00a0\u00bb][et_pb_column type=\u00a0\u00bb4_4&Prime; _builder_version=\u00a0\u00bb4.21.0&Prime; _module_preset=\u00a0\u00bbdefault\u00a0\u00bb global_colors_info=\u00a0\u00bb{}\u00a0\u00bb theme_builder_area=\u00a0\u00bbpost_content\u00a0\u00bb][et_pb_divider color=\u00a0\u00bb#94C3A5&Prime; divider_weight=\u00a0\u00bb2px\u00a0\u00bb _builder_version=\u00a0\u00bb4.21.0&Prime; _module_preset=\u00a0\u00bbdefault\u00a0\u00bb global_colors_info=\u00a0\u00bb{}\u00a0\u00bb theme_builder_area=\u00a0\u00bbpost_content\u00a0\u00bb][\/et_pb_divider][\/et_pb_column][\/et_pb_row][et_pb_row _builder_version=\u00a0\u00bb4.21.0&Prime; _module_preset=\u00a0\u00bbdefault\u00a0\u00bb custom_padding=\u00a0\u00bb5px|||||\u00a0\u00bb global_colors_info=\u00a0\u00bb{}\u00a0\u00bb theme_builder_area=\u00a0\u00bbpost_content\u00a0\u00bb][et_pb_column type=\u00a0\u00bb4_4&Prime; _builder_version=\u00a0\u00bb4.21.0&Prime; _module_preset=\u00a0\u00bbdefault\u00a0\u00bb global_colors_info=\u00a0\u00bb{}\u00a0\u00bb theme_builder_area=\u00a0\u00bbpost_content\u00a0\u00bb][et_pb_text _builder_version=\u00a0\u00bb4.21.0&Prime; _module_preset=\u00a0\u00bbdefault\u00a0\u00bb global_colors_info=\u00a0\u00bb{}\u00a0\u00bb theme_builder_area=\u00a0\u00bbpost_content\u00a0\u00bb]<\/p>\n<p style=\"text-align: center\"><span>G\u00e9n\u00e9ralement, le p\u00e8re Valens assure les permanences pour recevoir le sacrement de r\u00e9conciliation les jeudis de 17h \u00e0 18h \u00e0 la chapelle de l&rsquo;Alouette (Pont l&rsquo;Abb\u00e9) et les vendredis de 17h \u00e0 18h \u00e0 l&rsquo;\u00e9glise (St Porchaire).<\/span><\/p>\n<p style=\"text-align: center\"><span>Pour d&rsquo;autres horaires, veuillez contacter directement le p\u00e8re Valens.<\/span><\/p>\n<p style=\"text-align: center\"><span>Contactez- nous : <\/span>05 46 95 61 61 \u2013<span>\u00a0<\/span><a href=\"mailto:pontlabbestporchaire@gmail.com\" target=\"_blank\" rel=\"noopener\">pontlabbestporchaire@gmail.com<\/a><\/p>\n<p>[\/et_pb_text][\/et_pb_column][\/et_pb_row][\/et_pb_section]<\/p>\n","protected":false},"excerpt":{"rendered":"<p>Le\u00a0sacrement de la p\u00e9nitence ou de la r\u00e9conciliation\u00a0est par excellence le sacrement de l\u2019amour et de la consolation de Dieu. En tout premier lieu,\u00a0se confesser, c\u2019est confesser l\u2019amour de Dieu [&hellip;]<\/p>\n","protected":false},"author":4,"featured_media":0,"parent":9405,"menu_order":0,"comment_status":"closed","ping_status":"closed","template":"","meta":{"_et_pb_use_builder":"on","_et_pb_old_content":"<!-- wp:divi\/placeholder \/-->","_et_gb_content_width":"","footnotes":""},"class_list":["post-9640","page","type-page","status-publish","hentry"],"_links":{"self":[{"href":"https:\/\/catholiques17.fr\/pontlabbesaintporchaire\/wp-json\/wp\/v2\/pages\/9640","targetHints":{"allow":["GET"]}}],"collection":[{"href":"https:\/\/catholiques17.fr\/pontlabbesaintporchaire\/wp-json\/wp\/v2\/pages"}],"about":[{"href":"https:\/\/catholiques17.fr\/pontlabbesaintporchaire\/wp-json\/wp\/v2\/types\/page"}],"author":[{"embeddable":true,"href":"https:\/\/catholiques17.fr\/pontlabbesaintporchaire\/wp-json\/wp\/v2\/users\/4"}],"replies":[{"embeddable":true,"href":"https:\/\/catholiques17.fr\/pontlabbesaintporchaire\/wp-json\/wp\/v2\/comments?post=9640"}],"version-history":[{"count":9,"href":"https:\/\/catholiques17.fr\/pontlabbesaintporchaire\/wp-json\/wp\/v2\/pages\/9640\/revisions"}],"predecessor-version":[{"id":13778,"href":"https:\/\/catholiques17.fr\/pontlabbesaintporchaire\/wp-json\/wp\/v2\/pages\/9640\/revisions\/13778"}],"up":[{"embeddable":true,"href":"https:\/\/catholiques17.fr\/pontlabbesaintporchaire\/wp-json\/wp\/v2\/pages\/9405"}],"wp:attachment":[{"href":"https:\/\/catholiques17.fr\/pontlabbesaintporchaire\/wp-json\/wp\/v2\/media?parent=9640"}],"curies":[{"name":"wp","href":"https:\/\/api.w.org\/{rel}","templated":true}]}}