{"id":9633,"date":"2023-12-14T10:01:31","date_gmt":"2023-12-14T09:01:31","guid":{"rendered":"https:\/\/catholiques17.fr\/pontlabbesaintporchaire\/?page_id=9633"},"modified":"2024-01-09T16:12:05","modified_gmt":"2024-01-09T15:12:05","slug":"premiere-communion","status":"publish","type":"page","link":"https:\/\/catholiques17.fr\/pontlabbesaintporchaire\/etapes-de-la-vie\/premiere-communion\/","title":{"rendered":"Premi\u00e8re communion"},"content":{"rendered":"<p>[et_pb_section fb_built=\u00a0\u00bb1&Prime; _builder_version=\u00a0\u00bb4.21.0&Prime; _module_preset=\u00a0\u00bbdefault\u00a0\u00bb custom_padding=\u00a0\u00bb8px|||||\u00a0\u00bb global_colors_info=\u00a0\u00bb{}\u00a0\u00bb theme_builder_area=\u00a0\u00bbpost_content\u00a0\u00bb][et_pb_row _builder_version=\u00a0\u00bb4.21.0&Prime; _module_preset=\u00a0\u00bbdefault\u00a0\u00bb global_colors_info=\u00a0\u00bb{}\u00a0\u00bb theme_builder_area=\u00a0\u00bbpost_content\u00a0\u00bb][et_pb_column type=\u00a0\u00bb4_4&Prime; _builder_version=\u00a0\u00bb4.21.0&Prime; _module_preset=\u00a0\u00bbdefault\u00a0\u00bb global_colors_info=\u00a0\u00bb{}\u00a0\u00bb theme_builder_area=\u00a0\u00bbpost_content\u00a0\u00bb][et_pb_image src=\u00a0\u00bbhttps:\/\/catholiques17.fr\/pontlabbesaintporchaire\/wp-content\/uploads\/sites\/38\/2023\/12\/IMG_1478.jpg\u00a0\u00bb title_text=\u00a0\u00bbIMG_1478&Prime; align=\u00a0\u00bbcenter\u00a0\u00bb _builder_version=\u00a0\u00bb4.21.0&Prime; _module_preset=\u00a0\u00bbdefault\u00a0\u00bb custom_margin=\u00a0\u00bb-19px|||||\u00a0\u00bb border_radii=\u00a0\u00bbon|20px|20px|20px|20px\u00a0\u00bb global_colors_info=\u00a0\u00bb{}\u00a0\u00bb theme_builder_area=\u00a0\u00bbpost_content\u00a0\u00bb][\/et_pb_image][\/et_pb_column][\/et_pb_row][et_pb_row _builder_version=\u00a0\u00bb4.21.0&Prime; _module_preset=\u00a0\u00bbdefault\u00a0\u00bb global_colors_info=\u00a0\u00bb{}\u00a0\u00bb theme_builder_area=\u00a0\u00bbpost_content\u00a0\u00bb][et_pb_column type=\u00a0\u00bb4_4&Prime; _builder_version=\u00a0\u00bb4.21.0&Prime; _module_preset=\u00a0\u00bbdefault\u00a0\u00bb global_colors_info=\u00a0\u00bb{}\u00a0\u00bb theme_builder_area=\u00a0\u00bbpost_content\u00a0\u00bb][et_pb_text _builder_version=\u00a0\u00bb4.21.0&Prime; _module_preset=\u00a0\u00bbdefault\u00a0\u00bb global_colors_info=\u00a0\u00bb{}\u00a0\u00bb theme_builder_area=\u00a0\u00bbpost_content\u00a0\u00bb]<\/p>\n<p>La premi\u00e8re Communion, c\u2019est recevoir pour la premi\u00e8re fois le corps du Christ sous forme d\u2019hostie consacr\u00e9e par le pr\u00eatre : c\u2019est le sacrement de l\u2019Eucharistie. Il s\u2019agit d\u2019un sacrement de l\u2019initiation chr\u00e9tienne, mais qu\u2019on ne peut recevoir que si l\u2019on a \u00e9t\u00e9 baptis\u00e9. Le mot Eucharistie vient du grec et signifie \u00ab merci \u00bb. C\u2019est un autre mot pour d\u00e9signer la messe : c\u2019est le repas o\u00f9 J\u00e9sus dit merci, rend gr\u00e2ce \u00e0 son P\u00e8re parce que son amour est plus fort que le mal et la mort.<\/p>\n<p>La Communion cr\u00e9e une relation vraiment personnelle avec J\u00e9sus en nous nourrissant de sa Parole et de sa propre vie.<\/p>\n<p>On peut faire sa Premi\u00e8re Communion \u00e0 tout \u00e2ge, lorsque l\u2019on a pris le temps de mieux conna\u00eetre J\u00e9sus et que l\u2019on a envie de vivre avec Lui.<\/p>\n<p>Bien s\u00fbr, lorsqu\u2019un enfant va au cat\u00e9, il lui est propos\u00e9 de communier pour la premi\u00e8re fois au cours de l\u2019une de ces ann\u00e9es. Mais l\u2019itin\u00e9raire de chacun est unique ! Un enfant peut, alors qu\u2019il n\u2019a pas eu l\u2019occasion de faire sa premi\u00e8re des communion, d\u00e9couvrir le Seigneur J\u00e9sus, devenu adolescent ou adulte. Parfois, c\u2019est au cours de la pr\u00e9paration au mariage que des fianc\u00e9s demandent \u00e0 \u2018\u2018\u00eatre admis \u00e0 l\u2019Eucharistie\u2019\u2019 selon la formule de l\u2019\u00c9glise. Parfois, c\u2019est un d\u00e9tour inattendu du chemin de la vie. Ou encore, c\u2019est en accompagnant son propre enfant dans sa d\u00e9marche de foi\u2026<\/p>\n<p>[\/et_pb_text][\/et_pb_column][\/et_pb_row][et_pb_row _builder_version=\u00a0\u00bb4.21.0&Prime; _module_preset=\u00a0\u00bbdefault\u00a0\u00bb global_colors_info=\u00a0\u00bb{}\u00a0\u00bb theme_builder_area=\u00a0\u00bbpost_content\u00a0\u00bb][et_pb_column type=\u00a0\u00bb4_4&Prime; _builder_version=\u00a0\u00bb4.21.0&Prime; _module_preset=\u00a0\u00bbdefault\u00a0\u00bb global_colors_info=\u00a0\u00bb{}\u00a0\u00bb theme_builder_area=\u00a0\u00bbpost_content\u00a0\u00bb][et_pb_divider color=\u00a0\u00bb#94C3A5&Prime; divider_weight=\u00a0\u00bb2px\u00a0\u00bb _builder_version=\u00a0\u00bb4.21.0&Prime; _module_preset=\u00a0\u00bbdefault\u00a0\u00bb global_colors_info=\u00a0\u00bb{}\u00a0\u00bb theme_builder_area=\u00a0\u00bbpost_content\u00a0\u00bb][\/et_pb_divider][\/et_pb_column][\/et_pb_row][et_pb_row _builder_version=\u00a0\u00bb4.21.0&Prime; _module_preset=\u00a0\u00bbdefault\u00a0\u00bb global_colors_info=\u00a0\u00bb{}\u00a0\u00bb theme_builder_area=\u00a0\u00bbpost_content\u00a0\u00bb][et_pb_column type=\u00a0\u00bb4_4&Prime; _builder_version=\u00a0\u00bb4.21.0&Prime; _module_preset=\u00a0\u00bbdefault\u00a0\u00bb global_colors_info=\u00a0\u00bb{}\u00a0\u00bb theme_builder_area=\u00a0\u00bbpost_content\u00a0\u00bb][et_pb_text _builder_version=\u00a0\u00bb4.21.0&Prime; _module_preset=\u00a0\u00bbdefault\u00a0\u00bb hover_enabled=\u00a0\u00bb0&Prime; global_colors_info=\u00a0\u00bb{}\u00a0\u00bb theme_builder_area=\u00a0\u00bbpost_content\u00a0\u00bb sticky_enabled=\u00a0\u00bb0&Prime;]<\/p>\n<p style=\"text-align: center;\"><span>Vous souhaitez obtenir des informations pour se pr\u00e9parer \u00e0 la premi\u00e8re communion ? Contactez- nous :<\/span><\/p>\n<p style=\"text-align: center;\">05 46 95 61 61 \u2013<span>\u00a0<\/span><a href=\"mailto:pontlabbestporchaire@gmail.com\" target=\"_blank\" rel=\"noopener\">pontlabbestporchaire@gmail.com<\/a><\/p>\n<p>[\/et_pb_text][\/et_pb_column][\/et_pb_row][\/et_pb_section]<\/p>\n","protected":false},"excerpt":{"rendered":"<p>La premi\u00e8re Communion, c\u2019est recevoir pour la premi\u00e8re fois le corps du Christ sous forme d\u2019hostie consacr\u00e9e par le pr\u00eatre : c\u2019est le sacrement de l\u2019Eucharistie. Il s\u2019agit d\u2019un sacrement [&hellip;]<\/p>\n","protected":false},"author":4,"featured_media":0,"parent":9405,"menu_order":0,"comment_status":"closed","ping_status":"closed","template":"","meta":{"_et_pb_use_builder":"on","_et_pb_old_content":"<!-- wp:divi\/placeholder \/-->","_et_gb_content_width":"","footnotes":""},"class_list":["post-9633","page","type-page","status-publish","hentry"],"_links":{"self":[{"href":"https:\/\/catholiques17.fr\/pontlabbesaintporchaire\/wp-json\/wp\/v2\/pages\/9633","targetHints":{"allow":["GET"]}}],"collection":[{"href":"https:\/\/catholiques17.fr\/pontlabbesaintporchaire\/wp-json\/wp\/v2\/pages"}],"about":[{"href":"https:\/\/catholiques17.fr\/pontlabbesaintporchaire\/wp-json\/wp\/v2\/types\/page"}],"author":[{"embeddable":true,"href":"https:\/\/catholiques17.fr\/pontlabbesaintporchaire\/wp-json\/wp\/v2\/users\/4"}],"replies":[{"embeddable":true,"href":"https:\/\/catholiques17.fr\/pontlabbesaintporchaire\/wp-json\/wp\/v2\/comments?post=9633"}],"version-history":[{"count":4,"href":"https:\/\/catholiques17.fr\/pontlabbesaintporchaire\/wp-json\/wp\/v2\/pages\/9633\/revisions"}],"predecessor-version":[{"id":9824,"href":"https:\/\/catholiques17.fr\/pontlabbesaintporchaire\/wp-json\/wp\/v2\/pages\/9633\/revisions\/9824"}],"up":[{"embeddable":true,"href":"https:\/\/catholiques17.fr\/pontlabbesaintporchaire\/wp-json\/wp\/v2\/pages\/9405"}],"wp:attachment":[{"href":"https:\/\/catholiques17.fr\/pontlabbesaintporchaire\/wp-json\/wp\/v2\/media?parent=9633"}],"curies":[{"name":"wp","href":"https:\/\/api.w.org\/{rel}","templated":true}]}}