{"id":6620,"date":"2021-12-27T09:26:52","date_gmt":"2021-12-27T08:26:52","guid":{"rendered":"https:\/\/catholiques17.fr\/pontlabbesaintporchaire\/?page_id=6620"},"modified":"2026-04-15T23:03:10","modified_gmt":"2026-04-15T21:03:10","slug":"bapteme","status":"publish","type":"page","link":"https:\/\/catholiques17.fr\/pontlabbesaintporchaire\/etapes-de-la-vie\/bapteme\/","title":{"rendered":"Bapt\u00eame"},"content":{"rendered":"<p>[et_pb_section fb_built=\u00a0\u00bb1&Prime; _builder_version=\u00a0\u00bb4.17.6&Prime; _module_preset=\u00a0\u00bbdefault\u00a0\u00bb global_colors_info=\u00a0\u00bb{}\u00a0\u00bb theme_builder_area=\u00a0\u00bbpost_content\u00a0\u00bb][et_pb_row _builder_version=\u00a0\u00bb4.17.6&Prime; _module_preset=\u00a0\u00bbdefault\u00a0\u00bb custom_margin=\u00a0\u00bb-47px|auto||auto||\u00a0\u00bb custom_padding=\u00a0\u00bb8px|||||\u00a0\u00bb global_colors_info=\u00a0\u00bb{}\u00a0\u00bb theme_builder_area=\u00a0\u00bbpost_content\u00a0\u00bb][et_pb_column type=\u00a0\u00bb4_4&Prime; _builder_version=\u00a0\u00bb4.17.6&Prime; _module_preset=\u00a0\u00bbdefault\u00a0\u00bb global_colors_info=\u00a0\u00bb{}\u00a0\u00bb theme_builder_area=\u00a0\u00bbpost_content\u00a0\u00bb][et_pb_image src=\u00a0\u00bbhttps:\/\/catholiques17.fr\/pontlabbesaintporchaire\/wp-content\/uploads\/sites\/38\/2021\/11\/bapteme_1.jpg\u00a0\u00bb title_text=\u00a0\u00bbbapteme_1&Prime; align=\u00a0\u00bbcenter\u00a0\u00bb _builder_version=\u00a0\u00bb4.21.0&Prime; _module_preset=\u00a0\u00bbdefault\u00a0\u00bb border_radii=\u00a0\u00bbon|20px|20px|20px|20px\u00a0\u00bb global_colors_info=\u00a0\u00bb{}\u00a0\u00bb theme_builder_area=\u00a0\u00bbpost_content\u00a0\u00bb][\/et_pb_image][et_pb_text _builder_version=\u00a0\u00bb4.21.0&Prime; _module_preset=\u00a0\u00bbdefault\u00a0\u00bb global_colors_info=\u00a0\u00bb{}\u00a0\u00bb theme_builder_area=\u00a0\u00bbpost_content\u00a0\u00bb]<\/p>\n<p>L\u2019\u00c9glise a re\u00e7u des ap\u00f4tres, la tradition de donner le bapt\u00eame aux petits enfants, ainsi qu\u2019aux jeunes et aux adultes.\u00a0Par le bapt\u00eame, on devient Enfant de Dieu.<\/p>\n<p>[\/et_pb_text][\/et_pb_column][\/et_pb_row][et_pb_row _builder_version=\u00a0\u00bb4.21.0&Prime; _module_preset=\u00a0\u00bbdefault\u00a0\u00bb global_colors_info=\u00a0\u00bb{}\u00a0\u00bb theme_builder_area=\u00a0\u00bbpost_content\u00a0\u00bb][et_pb_column type=\u00a0\u00bb4_4&Prime; _builder_version=\u00a0\u00bb4.21.0&Prime; _module_preset=\u00a0\u00bbdefault\u00a0\u00bb global_colors_info=\u00a0\u00bb{}\u00a0\u00bb theme_builder_area=\u00a0\u00bbpost_content\u00a0\u00bb][et_pb_divider color=\u00a0\u00bb#94C3A5&Prime; divider_weight=\u00a0\u00bb2px\u00a0\u00bb _builder_version=\u00a0\u00bb4.21.0&Prime; _module_preset=\u00a0\u00bbdefault\u00a0\u00bb global_colors_info=\u00a0\u00bb{}\u00a0\u00bb theme_builder_area=\u00a0\u00bbpost_content\u00a0\u00bb][\/et_pb_divider][\/et_pb_column][\/et_pb_row][et_pb_row _builder_version=\u00a0\u00bb4.21.0&Prime; _module_preset=\u00a0\u00bbdefault\u00a0\u00bb global_colors_info=\u00a0\u00bb{}\u00a0\u00bb theme_builder_area=\u00a0\u00bbpost_content\u00a0\u00bb][et_pb_column type=\u00a0\u00bb4_4&Prime; _builder_version=\u00a0\u00bb4.21.0&Prime; _module_preset=\u00a0\u00bbdefault\u00a0\u00bb global_colors_info=\u00a0\u00bb{}\u00a0\u00bb theme_builder_area=\u00a0\u00bbpost_content\u00a0\u00bb][et_pb_text _builder_version=\u00a0\u00bb4.21.0&Prime; _module_preset=\u00a0\u00bbdefault\u00a0\u00bb global_colors_info=\u00a0\u00bb{}\u00a0\u00bb theme_builder_area=\u00a0\u00bbpost_content\u00a0\u00bb]<\/p>\n<p>Le bapt\u00eame est le premier des trois sacrements de l\u2019initiation chr\u00e9tienne que l\u2019on re\u00e7oit. <strong>Par le bapt\u00eame<\/strong>, nous recevons de Dieu, une vie nouvelle. <strong>Par l\u2019eucharistie<\/strong>, la communion au Corps du Christ, cette vie sera nourrie. <strong>Par la confirmation,<\/strong> cette vie nouvelle sera fortifi\u00e9e par les dons de l\u2019Esprit Saint.<\/p>\n<p>[\/et_pb_text][\/et_pb_column][\/et_pb_row][et_pb_row _builder_version=\u00a0\u00bb4.21.0&Prime; _module_preset=\u00a0\u00bbdefault\u00a0\u00bb global_colors_info=\u00a0\u00bb{}\u00a0\u00bb theme_builder_area=\u00a0\u00bbpost_content\u00a0\u00bb][et_pb_column type=\u00a0\u00bb4_4&Prime; _builder_version=\u00a0\u00bb4.21.0&Prime; _module_preset=\u00a0\u00bbdefault\u00a0\u00bb global_colors_info=\u00a0\u00bb{}\u00a0\u00bb theme_builder_area=\u00a0\u00bbpost_content\u00a0\u00bb][et_pb_text _builder_version=\u00a0\u00bb4.21.0&Prime; _module_preset=\u00a0\u00bbdefault\u00a0\u00bb background_color=\u00a0\u00bb#94C3A5&Prime; global_colors_info=\u00a0\u00bb{}\u00a0\u00bb theme_builder_area=\u00a0\u00bbpost_content\u00a0\u00bb]<\/p>\n<p>&nbsp;<\/p>\n<p style=\"text-align: center\"><span style=\"color: #ffffff\"><strong>B\u00e9b\u00e9s et petits enfants (jusqu&rsquo;\u00e0 4 ans)<\/strong><\/span><\/p>\n<p style=\"text-align: center\">\n<p style=\"text-align: center\">[\/et_pb_text][\/et_pb_column][\/et_pb_row][et_pb_row _builder_version=\u00a0\u00bb4.21.0&Prime; _module_preset=\u00a0\u00bbdefault\u00a0\u00bb custom_padding=\u00a0\u00bb4px|||||\u00a0\u00bb global_colors_info=\u00a0\u00bb{}\u00a0\u00bb theme_builder_area=\u00a0\u00bbpost_content\u00a0\u00bb][et_pb_column type=\u00a0\u00bb4_4&Prime; _builder_version=\u00a0\u00bb4.21.0&Prime; _module_preset=\u00a0\u00bbdefault\u00a0\u00bb global_colors_info=\u00a0\u00bb{}\u00a0\u00bb theme_builder_area=\u00a0\u00bbpost_content\u00a0\u00bb][et_pb_text _builder_version=\u00a0\u00bb4.27.5&Prime; _module_preset=\u00a0\u00bbdefault\u00a0\u00bb link_option_url_new_window=\u00a0\u00bbon\u00a0\u00bb hover_enabled=\u00a0\u00bb0&Prime; global_colors_info=\u00a0\u00bb{}\u00a0\u00bb theme_builder_area=\u00a0\u00bbpost_content\u00a0\u00bb sticky_enabled=\u00a0\u00bb0&Prime;]<\/p>\n<p>Habituellement, la pr\u00e9paration au bapt\u00eame d\u2019un petit enfant se fait en lien avec la paroisse du lieu d\u2019habitation des parents. Pour notre secteur, les bapt\u00eames sont c\u00e9l\u00e9br\u00e9s un week-end par mois, apr\u00e8s les messes du samedi soir ou du dimanche, suivant un calendrier \u00e9tabli par l&rsquo;\u00e9quipe de pr\u00e9paration. Pour organiser et pr\u00e9parer le bapt\u00eame, il est n\u00e9cessaire de prendre contact avec l&rsquo;\u00e9quipe de pr\u00e9paration plusieurs mois avant la date envisag\u00e9e.<\/p>\n<p>Si vous habitez\u00a0 Crazannes, Les Essards,\u00a0 Plassay,\u00a0 Soulignonnes, Saint-Porchaire, La Vall\u00e9e, merci d&rsquo;appeler Marie-Catherine et Ren\u00e9 Veaute au 06 22 51 65 23.<\/p>\n<p>Si vous habitez Beurlay, Geay, Romegoux, Port d&rsquo;Envaux, Sainte Radegonde, Trizay, merci d&rsquo;appeler Erik et V\u00e9ronique Pillet au 06 24 03 36 13.<\/p>\n<p>Si vous habitez Champagne, La Gripperie\/St Symphorien, Ste Gemme, St Jean d&rsquo;Angle,\u00a0 St Sulpice d&rsquo;Arnoult, <span style=\"font-size: 17px\">Pont l&rsquo;Abb\u00e9 d&rsquo;Arnoult, merci d&rsquo;appeler Catherine et Jean-Louis Mousset au 06 75 06 53 11 apr\u00e8s 18h00.<\/span><\/p>\n<p>[\/et_pb_text][\/et_pb_column][\/et_pb_row][et_pb_row _builder_version=\u00a0\u00bb4.21.0&Prime; _module_preset=\u00a0\u00bbdefault\u00a0\u00bb global_colors_info=\u00a0\u00bb{}\u00a0\u00bb theme_builder_area=\u00a0\u00bbpost_content\u00a0\u00bb][et_pb_column type=\u00a0\u00bb4_4&Prime; _builder_version=\u00a0\u00bb4.21.0&Prime; _module_preset=\u00a0\u00bbdefault\u00a0\u00bb global_colors_info=\u00a0\u00bb{}\u00a0\u00bb theme_builder_area=\u00a0\u00bbpost_content\u00a0\u00bb][et_pb_button button_url=\u00a0\u00bbhttps:\/\/catholiques17.fr\/pontlabbesaintporchaire\/wp-content\/uploads\/sites\/38\/2025\/09\/Calendrier_baptemes_-2026.pdf\u00a0\u00bb url_new_window=\u00a0\u00bbon\u00a0\u00bb button_text=\u00a0\u00bbCalendrier des bapt\u00eames pour 2026, Cliquez ici\u00a0\u00bb button_alignment=\u00a0\u00bbcenter\u00a0\u00bb _builder_version=\u00a0\u00bb4.27.4&Prime; _module_preset=\u00a0\u00bbdefault\u00a0\u00bb custom_button=\u00a0\u00bbon\u00a0\u00bb button_text_size=\u00a0\u00bb22px\u00a0\u00bb global_colors_info=\u00a0\u00bb{}\u00a0\u00bb theme_builder_area=\u00a0\u00bbpost_content\u00a0\u00bb][\/et_pb_button][\/et_pb_column][\/et_pb_row][et_pb_row _builder_version=\u00a0\u00bb4.21.0&Prime; _module_preset=\u00a0\u00bbdefault\u00a0\u00bb global_colors_info=\u00a0\u00bb{}\u00a0\u00bb theme_builder_area=\u00a0\u00bbpost_content\u00a0\u00bb][et_pb_column type=\u00a0\u00bb4_4&Prime; _builder_version=\u00a0\u00bb4.21.0&Prime; _module_preset=\u00a0\u00bbdefault\u00a0\u00bb global_colors_info=\u00a0\u00bb{}\u00a0\u00bb theme_builder_area=\u00a0\u00bbpost_content\u00a0\u00bb][et_pb_text _builder_version=\u00a0\u00bb4.21.0&Prime; _module_preset=\u00a0\u00bbdefault\u00a0\u00bb background_color=\u00a0\u00bb#94C3A5&Prime; global_colors_info=\u00a0\u00bb{}\u00a0\u00bb theme_builder_area=\u00a0\u00bbpost_content\u00a0\u00bb]<\/p>\n<p>&nbsp;<\/p>\n<p style=\"text-align: center\"><span style=\"color: #ffffff\"><strong>Enfants (jusqu&rsquo;\u00e0 7 ans)<\/strong><\/span><\/p>\n<p style=\"text-align: center\">\n<p style=\"text-align: center\">\n<p>[\/et_pb_text][\/et_pb_column][\/et_pb_row][et_pb_row _builder_version=\u00a0\u00bb4.21.0&Prime; _module_preset=\u00a0\u00bbdefault\u00a0\u00bb custom_padding=\u00a0\u00bb2px|||||\u00a0\u00bb global_colors_info=\u00a0\u00bb{}\u00a0\u00bb theme_builder_area=\u00a0\u00bbpost_content\u00a0\u00bb][et_pb_column type=\u00a0\u00bb4_4&Prime; _builder_version=\u00a0\u00bb4.21.0&Prime; _module_preset=\u00a0\u00bbdefault\u00a0\u00bb global_colors_info=\u00a0\u00bb{}\u00a0\u00bb theme_builder_area=\u00a0\u00bbpost_content\u00a0\u00bb][et_pb_text _builder_version=\u00a0\u00bb4.21.0&Prime; _module_preset=\u00a0\u00bbdefault\u00a0\u00bb global_colors_info=\u00a0\u00bb{}\u00a0\u00bb theme_builder_area=\u00a0\u00bbpost_content\u00a0\u00bb]<\/p>\n<p>L\u2019 enfant n\u2019est plus un b\u00e9b\u00e9 et il peut comprendre certaines choses par le dessin, les images, les r\u00e9cits, le jeu, les chants et de courtes vid\u00e9os adapt\u00e9es. Il est alors propos\u00e9 que l\u2019enfant, avec ses parents, participe \u00e0 des rencontres \u201cd\u2019\u00e9veil \u00e0 la foi\u201d. Ces rencontres permettent d\u2019\u00e9veiller l\u2019enfant \u00e0 la d\u00e9couverte de Dieu qui l\u2019aime.<\/p>\n<p>[\/et_pb_text][\/et_pb_column][\/et_pb_row][et_pb_row _builder_version=\u00a0\u00bb4.21.0&Prime; _module_preset=\u00a0\u00bbdefault\u00a0\u00bb global_colors_info=\u00a0\u00bb{}\u00a0\u00bb theme_builder_area=\u00a0\u00bbpost_content\u00a0\u00bb][et_pb_column type=\u00a0\u00bb4_4&Prime; _builder_version=\u00a0\u00bb4.21.0&Prime; _module_preset=\u00a0\u00bbdefault\u00a0\u00bb global_colors_info=\u00a0\u00bb{}\u00a0\u00bb theme_builder_area=\u00a0\u00bbpost_content\u00a0\u00bb][\/et_pb_column][\/et_pb_row][et_pb_row _builder_version=\u00a0\u00bb4.21.0&Prime; _module_preset=\u00a0\u00bbdefault\u00a0\u00bb global_colors_info=\u00a0\u00bb{}\u00a0\u00bb theme_builder_area=\u00a0\u00bbpost_content\u00a0\u00bb][et_pb_column type=\u00a0\u00bb4_4&Prime; _builder_version=\u00a0\u00bb4.21.0&Prime; _module_preset=\u00a0\u00bbdefault\u00a0\u00bb global_colors_info=\u00a0\u00bb{}\u00a0\u00bb theme_builder_area=\u00a0\u00bbpost_content\u00a0\u00bb][et_pb_text _builder_version=\u00a0\u00bb4.21.0&Prime; _module_preset=\u00a0\u00bbdefault\u00a0\u00bb background_color=\u00a0\u00bb#94C3A5&Prime; global_colors_info=\u00a0\u00bb{}\u00a0\u00bb theme_builder_area=\u00a0\u00bbpost_content\u00a0\u00bb]<\/p>\n<p>&nbsp;<\/p>\n<p style=\"text-align: center\"><span style=\"color: #ffffff\"><strong>Enfants (8 &#8211; 11ans)<\/strong><\/span><\/p>\n<p style=\"text-align: center\"><span style=\"color: #ffffff\"><strong><\/strong><\/span><\/p>\n<p style=\"text-align: center\">\n<p>[\/et_pb_text][\/et_pb_column][\/et_pb_row][et_pb_row _builder_version=\u00a0\u00bb4.21.0&Prime; _module_preset=\u00a0\u00bbdefault\u00a0\u00bb custom_padding=\u00a0\u00bb5px|||||\u00a0\u00bb global_colors_info=\u00a0\u00bb{}\u00a0\u00bb theme_builder_area=\u00a0\u00bbpost_content\u00a0\u00bb][et_pb_column type=\u00a0\u00bb4_4&Prime; _builder_version=\u00a0\u00bb4.21.0&Prime; _module_preset=\u00a0\u00bbdefault\u00a0\u00bb global_colors_info=\u00a0\u00bb{}\u00a0\u00bb theme_builder_area=\u00a0\u00bbpost_content\u00a0\u00bb][et_pb_text _builder_version=\u00a0\u00bb4.21.0&Prime; _module_preset=\u00a0\u00bbdefault\u00a0\u00bb global_colors_info=\u00a0\u00bb{}\u00a0\u00bb theme_builder_area=\u00a0\u00bbpost_content\u00a0\u00bb]<\/p>\n<p>Plusieurs \u00e9tapes balisent la route vers le bapt\u00eame. L\u2019 enfant qui s\u2019engage dans cette d\u00e9marche s\u2019y pr\u00e9pare avec son \u00e9quipe de cat\u00e9ch\u00e8se et sa famille. Pour le bapt\u00eame d\u2019un enfant mineur, l\u2019accord des deux parents ou des tuteurs l\u00e9gaux est indispensable.<\/p>\n<p>[\/et_pb_text][\/et_pb_column][\/et_pb_row][et_pb_row _builder_version=\u00a0\u00bb4.21.0&Prime; _module_preset=\u00a0\u00bbdefault\u00a0\u00bb global_colors_info=\u00a0\u00bb{}\u00a0\u00bb theme_builder_area=\u00a0\u00bbpost_content\u00a0\u00bb][et_pb_column type=\u00a0\u00bb4_4&Prime; _builder_version=\u00a0\u00bb4.21.0&Prime; _module_preset=\u00a0\u00bbdefault\u00a0\u00bb global_colors_info=\u00a0\u00bb{}\u00a0\u00bb theme_builder_area=\u00a0\u00bbpost_content\u00a0\u00bb][et_pb_text _builder_version=\u00a0\u00bb4.21.0&Prime; _module_preset=\u00a0\u00bbdefault\u00a0\u00bb background_color=\u00a0\u00bb#94C3A5&Prime; global_colors_info=\u00a0\u00bb{}\u00a0\u00bb theme_builder_area=\u00a0\u00bbpost_content\u00a0\u00bb]<\/p>\n<p>&nbsp;<\/p>\n<p style=\"text-align: center\"><strong><span style=\"color: #ffffff\">Adolescents (coll\u00e9giens et lyc\u00e9ens)<\/span><\/strong><\/p>\n<p style=\"text-align: center\">\n<p style=\"text-align: center\">\n<p>[\/et_pb_text][\/et_pb_column][\/et_pb_row][et_pb_row _builder_version=\u00a0\u00bb4.21.0&Prime; _module_preset=\u00a0\u00bbdefault\u00a0\u00bb custom_padding=\u00a0\u00bb2px|||||\u00a0\u00bb global_colors_info=\u00a0\u00bb{}\u00a0\u00bb theme_builder_area=\u00a0\u00bbpost_content\u00a0\u00bb][et_pb_column type=\u00a0\u00bb4_4&Prime; _builder_version=\u00a0\u00bb4.21.0&Prime; _module_preset=\u00a0\u00bbdefault\u00a0\u00bb global_colors_info=\u00a0\u00bb{}\u00a0\u00bb theme_builder_area=\u00a0\u00bbpost_content\u00a0\u00bb][et_pb_text _builder_version=\u00a0\u00bb4.21.0&Prime; _module_preset=\u00a0\u00bbdefault\u00a0\u00bb global_colors_info=\u00a0\u00bb{}\u00a0\u00bb theme_builder_area=\u00a0\u00bbpost_content\u00a0\u00bb]<\/p>\n<p>Plusieurs \u00e9tapes balisent la route vers le bapt\u00eame. Le jeune qui s\u2019engage dans cette d\u00e9marche s\u2019y pr\u00e9pare avec son \u00e9quipe d&rsquo;aum\u00f4nerie et sa famille. Pour le bapt\u00eame d\u2019un adolescent mineur, l\u2019accord des deux parents ou des tuteurs l\u00e9gaux est indispensable.<\/p>\n<p>[\/et_pb_text][\/et_pb_column][\/et_pb_row][et_pb_row _builder_version=\u00a0\u00bb4.21.0&Prime; _module_preset=\u00a0\u00bbdefault\u00a0\u00bb global_colors_info=\u00a0\u00bb{}\u00a0\u00bb theme_builder_area=\u00a0\u00bbpost_content\u00a0\u00bb][et_pb_column type=\u00a0\u00bb4_4&Prime; _builder_version=\u00a0\u00bb4.21.0&Prime; _module_preset=\u00a0\u00bbdefault\u00a0\u00bb global_colors_info=\u00a0\u00bb{}\u00a0\u00bb theme_builder_area=\u00a0\u00bbpost_content\u00a0\u00bb][et_pb_text _builder_version=\u00a0\u00bb4.21.0&Prime; _module_preset=\u00a0\u00bbdefault\u00a0\u00bb background_color=\u00a0\u00bb#94C3A5&Prime; global_colors_info=\u00a0\u00bb{}\u00a0\u00bb theme_builder_area=\u00a0\u00bbpost_content\u00a0\u00bb]<\/p>\n<p>&nbsp;<\/p>\n<p style=\"text-align: center\"><strong><span style=\"color: #ffffff\">Adultes<\/span><\/strong><\/p>\n<p style=\"text-align: center\"><strong><span style=\"color: #ffffff\"><\/span><\/strong><\/p>\n<p style=\"text-align: center\">\n<p>[\/et_pb_text][\/et_pb_column][\/et_pb_row][et_pb_row _builder_version=\u00a0\u00bb4.21.0&Prime; _module_preset=\u00a0\u00bbdefault\u00a0\u00bb custom_padding=\u00a0\u00bb2px|||||\u00a0\u00bb global_colors_info=\u00a0\u00bb{}\u00a0\u00bb theme_builder_area=\u00a0\u00bbpost_content\u00a0\u00bb][et_pb_column type=\u00a0\u00bb4_4&Prime; _builder_version=\u00a0\u00bb4.21.0&Prime; _module_preset=\u00a0\u00bbdefault\u00a0\u00bb global_colors_info=\u00a0\u00bb{}\u00a0\u00bb theme_builder_area=\u00a0\u00bbpost_content\u00a0\u00bb][et_pb_text _builder_version=\u00a0\u00bb4.21.0&Prime; _module_preset=\u00a0\u00bbdefault\u00a0\u00bb global_colors_info=\u00a0\u00bb{}\u00a0\u00bb theme_builder_area=\u00a0\u00bbpost_content\u00a0\u00bb]<\/p>\n<p>L\u2019adulte qui demande le bapt\u00eame, le cat\u00e9chum\u00e8ne, chemine avec une \u00e9quipe de chr\u00e9tiens qui l\u2019initie \u00e0 la vie chr\u00e9tienne. Plusieurs \u00e9tapes seront propos\u00e9es pendant ce chemin de d\u00e9couverte\u00a0 :<\/p>\n<p><span style=\"color: #94c3a5\"><span style=\"text-decoration: underline\"><strong>1\u00e8re \u00e9tape<\/strong><\/span>\u00a0:<\/span> L\u2019entr\u00e9e en cat\u00e9chum\u00e9nat. Les signes qui marquent cette entr\u00e9e sont la remise de la Parole de Dieu et la croix dont le cat\u00e9chum\u00e8ne est sign\u00e9 sur les yeux, les oreilles, la bouche, les \u00e9paules, le c\u0153ur. Cette \u00e9tape se vit normalement lors de la rencontre dioc\u00e9saine le premier dimanche de Car\u00eame autour de l\u2019\u00c9v\u00eaque. Elle peut se vivre aussi en paroisse.<\/p>\n<ul><\/ul>\n<p><span style=\"color: #94c3a5\"><span style=\"text-decoration: underline\"><strong>2\u00e8me \u00e9tape<\/strong><\/span>\u00a0:<\/span> L\u2019appel d\u00e9cisif. C\u2019est la f\u00eate des cat\u00e9chum\u00e8nes. Le cat\u00e9chum\u00e8ne demande \u00e0 l\u2019\u00e9v\u00eaque de devenir membre de l\u2019\u00c9glise catholique et d\u2019\u00eatre appel\u00e9 \u00e0 recevoir les sacrements de l\u2019initiation chr\u00e9tienne. L\u2019appel d\u00e9cisif c\u2019est la r\u00e9ponse de Dieu par son \u00c9glise.<\/p>\n<ul><\/ul>\n<p><strong>Les\u00a0scrutins<\/strong> jalonnent la derni\u00e8re pr\u00e9paration \u00e0 P\u00e2ques. 1er scrutin : l\u2019eau vive. 2\u00e8me scrutin : la lumi\u00e8re. 3\u00e8me scrutin : la vie. Les signes qui appellent le pardon et le don de gr\u00e2ce sont l\u2019imposition des mains et l\u2019onction des cat\u00e9chum\u00e8nes.<\/p>\n<p>&nbsp;<\/p>\n<p><span style=\"color: #94c3a5\"><span style=\"text-decoration: underline\"><strong>3\u00e8me \u00e9tape<\/strong><\/span>\u00a0:<\/span> C&rsquo;est celle des sacrements de l\u2019initiation chr\u00e9tienne (bapt\u00eame, confirmation et communion). Traditionnellement les sacrements de \u201cl\u2019initiation chr\u00e9tienne\u201d sont c\u00e9l\u00e9br\u00e9s dans la nuit de P\u00e2ques<\/p>\n<p>[\/et_pb_text][\/et_pb_column][\/et_pb_row][et_pb_row _builder_version=\u00a0\u00bb4.21.0&Prime; _module_preset=\u00a0\u00bbdefault\u00a0\u00bb global_colors_info=\u00a0\u00bb{}\u00a0\u00bb theme_builder_area=\u00a0\u00bbpost_content\u00a0\u00bb][et_pb_column type=\u00a0\u00bb4_4&Prime; _builder_version=\u00a0\u00bb4.21.0&Prime; _module_preset=\u00a0\u00bbdefault\u00a0\u00bb global_colors_info=\u00a0\u00bb{}\u00a0\u00bb theme_builder_area=\u00a0\u00bbpost_content\u00a0\u00bb][et_pb_divider divider_weight=\u00a0\u00bb2px\u00a0\u00bb _builder_version=\u00a0\u00bb4.21.0&Prime; _module_preset=\u00a0\u00bbdefault\u00a0\u00bb global_colors_info=\u00a0\u00bb{}\u00a0\u00bb theme_builder_area=\u00a0\u00bbpost_content\u00a0\u00bb][\/et_pb_divider][\/et_pb_column][\/et_pb_row][et_pb_row _builder_version=\u00a0\u00bb4.21.0&Prime; _module_preset=\u00a0\u00bbdefault\u00a0\u00bb global_colors_info=\u00a0\u00bb{}\u00a0\u00bb theme_builder_area=\u00a0\u00bbpost_content\u00a0\u00bb][et_pb_column type=\u00a0\u00bb4_4&Prime; _builder_version=\u00a0\u00bb4.21.0&Prime; _module_preset=\u00a0\u00bbdefault\u00a0\u00bb global_colors_info=\u00a0\u00bb{}\u00a0\u00bb theme_builder_area=\u00a0\u00bbpost_content\u00a0\u00bb][et_pb_text _builder_version=\u00a0\u00bb4.21.0&Prime; _module_preset=\u00a0\u00bbdefault\u00a0\u00bb background_color=\u00a0\u00bb#94C3A5&Prime; border_radii=\u00a0\u00bboff||20px||20px\u00a0\u00bb global_colors_info=\u00a0\u00bb{}\u00a0\u00bb theme_builder_area=\u00a0\u00bbpost_content\u00a0\u00bb]<\/p>\n<div class=\"et_pb_text_inner\">\n<div data-shortcode-id=\"0.1.0.1.0.13.0.0-1704811632706\" data-quickaccess-editable=\"yes\" class=\"et-fb-popover-tinymce\">\n<div class=\"mce-content-body\" style=\"position: relative\">\n<p>&nbsp;<\/p>\n<p style=\"text-align: center\"><span style=\"color: #ffffff\"><strong>Pour chacune de ces demandes de bapt\u00eame, il convient de contacter la paroisse :\u00a0<\/strong><\/span><\/p>\n<p style=\"text-align: center\"><span style=\"color: #ffffff\">05 46 95 61 61 &#8211; <a href=\"mailto:pontlabbestporchaire@gmail.com\" target=\"_blank\" rel=\"noopener\" style=\"color: #ffffff\">pontlabbestporchaire@gmail.com<\/a><\/span><\/p>\n<p style=\"text-align: center\"><span style=\"color: #ffffff\"><strong><\/strong><\/span><\/p>\n<\/div>\n<\/div>\n<\/div>\n<p>[\/et_pb_text][\/et_pb_column][\/et_pb_row][\/et_pb_section]<\/p>\n","protected":false},"excerpt":{"rendered":"<p>L\u2019\u00c9glise a re\u00e7u des ap\u00f4tres, la tradition de donner le bapt\u00eame aux petits enfants, ainsi qu\u2019aux jeunes et aux adultes.\u00a0Par le bapt\u00eame, on devient Enfant de Dieu.Le bapt\u00eame est le [&hellip;]<\/p>\n","protected":false},"author":4,"featured_media":0,"parent":9405,"menu_order":0,"comment_status":"closed","ping_status":"closed","template":"","meta":{"_et_pb_use_builder":"on","_et_pb_old_content":"","_et_gb_content_width":"","footnotes":""},"class_list":["post-6620","page","type-page","status-publish","hentry"],"_links":{"self":[{"href":"https:\/\/catholiques17.fr\/pontlabbesaintporchaire\/wp-json\/wp\/v2\/pages\/6620","targetHints":{"allow":["GET"]}}],"collection":[{"href":"https:\/\/catholiques17.fr\/pontlabbesaintporchaire\/wp-json\/wp\/v2\/pages"}],"about":[{"href":"https:\/\/catholiques17.fr\/pontlabbesaintporchaire\/wp-json\/wp\/v2\/types\/page"}],"author":[{"embeddable":true,"href":"https:\/\/catholiques17.fr\/pontlabbesaintporchaire\/wp-json\/wp\/v2\/users\/4"}],"replies":[{"embeddable":true,"href":"https:\/\/catholiques17.fr\/pontlabbesaintporchaire\/wp-json\/wp\/v2\/comments?post=6620"}],"version-history":[{"count":42,"href":"https:\/\/catholiques17.fr\/pontlabbesaintporchaire\/wp-json\/wp\/v2\/pages\/6620\/revisions"}],"predecessor-version":[{"id":14240,"href":"https:\/\/catholiques17.fr\/pontlabbesaintporchaire\/wp-json\/wp\/v2\/pages\/6620\/revisions\/14240"}],"up":[{"embeddable":true,"href":"https:\/\/catholiques17.fr\/pontlabbesaintporchaire\/wp-json\/wp\/v2\/pages\/9405"}],"wp:attachment":[{"href":"https:\/\/catholiques17.fr\/pontlabbesaintporchaire\/wp-json\/wp\/v2\/media?parent=6620"}],"curies":[{"name":"wp","href":"https:\/\/api.w.org\/{rel}","templated":true}]}}