{"id":9194,"date":"2023-06-10T11:21:33","date_gmt":"2023-06-10T09:21:33","guid":{"rendered":"https:\/\/catholiques17.fr\/oleron\/?post_type=tribe_events&#038;p=9194"},"modified":"2023-06-10T11:21:33","modified_gmt":"2023-06-10T09:21:33","slug":"pele-vtt-routes-de-charente-du-13-au-18-aout","status":"publish","type":"tribe_events","link":"https:\/\/catholiques17.fr\/oleron\/event\/pele-vtt-routes-de-charente-du-13-au-18-aout\/","title":{"rendered":"P\u00e9l\u00e9 VTT \/ routes de Charente du 13 au 18 aout"},"content":{"rendered":"<p>Apr\u00e8s le succ\u00e8s du\u00a0<a href=\"https:\/\/jeunes17.fr\/pele-vtt-2022\/\" target=\"_blank\" rel=\"noopener\">P\u00e9l\u00e9 VTT 2022<\/a>\u00a0aupr\u00e8s des jeunes (et des moins jeunes) dans le dioc\u00e8se, c\u2019est reparti pour l\u2019\u00e9dition 2023 et sa nouvelle route !<\/p>\n<p>Le p\u00e8lerinage se d\u00e9roulera\u00a0<strong>du 13 au 18 Ao\u00fbt 2023<\/strong>\u00a0et reliera les communes de\u00a0<strong>Champagne<\/strong>\u00a0<strong>et\u00a0Nieul s\/mer<\/strong> (chapelle ND de\u00a0Lauzi\u00e8res), toutes les deux situ\u00e9es dans le d\u00e9partement.<\/p>\n<p><strong>Le P\u00e9l\u00e9 VTT, c\u2019est\u00a0:<\/strong><\/p>\n<ul>\n<li>une initiative de l\u2019Eglise catholique ouverte \u00e0 tous les jeunes, baptis\u00e9s ou non, qui ont envie de tenter l\u2019aventure. N\u00e9 en 2001 \u00e0 Rocamadour, il existe aujourd\u2019hui dans 36 d\u00e9partements et regroupe 5000 participants.<\/li>\n<\/ul>\n","protected":false},"excerpt":{"rendered":"<p>Apr\u00e8s le succ\u00e8s du\u00a0P\u00e9l\u00e9 VTT 2022\u00a0aupr\u00e8s des jeunes (et des moins jeunes) dans le dioc\u00e8se, c\u2019est reparti pour l\u2019\u00e9dition 2023 et sa nouvelle route ! Le p\u00e8lerinage se d\u00e9roulera\u00a0du 13 [&hellip;]<\/p>\n","protected":false},"author":40,"featured_media":9191,"template":"","meta":{"_et_pb_use_builder":"","_et_pb_old_content":"","_et_gb_content_width":"","_tribe_events_status":"","_tribe_events_status_reason":"","footnotes":""},"tags":[],"tribe_events_cat":[39,38,27],"class_list":["post-9194","tribe_events","type-tribe_events","status-publish","has-post-thumbnail","hentry","tribe_events_cat-jeunes","tribe_events_cat-pelerinages","tribe_events_cat-rencontre-diocesaine","cat_jeunes","cat_pelerinages","cat_rencontre-diocesaine"],"_links":{"self":[{"href":"https:\/\/catholiques17.fr\/oleron\/wp-json\/wp\/v2\/tribe_events\/9194","targetHints":{"allow":["GET"]}}],"collection":[{"href":"https:\/\/catholiques17.fr\/oleron\/wp-json\/wp\/v2\/tribe_events"}],"about":[{"href":"https:\/\/catholiques17.fr\/oleron\/wp-json\/wp\/v2\/types\/tribe_events"}],"author":[{"embeddable":true,"href":"https:\/\/catholiques17.fr\/oleron\/wp-json\/wp\/v2\/users\/40"}],"version-history":[{"count":1,"href":"https:\/\/catholiques17.fr\/oleron\/wp-json\/wp\/v2\/tribe_events\/9194\/revisions"}],"predecessor-version":[{"id":9195,"href":"https:\/\/catholiques17.fr\/oleron\/wp-json\/wp\/v2\/tribe_events\/9194\/revisions\/9195"}],"wp:featuredmedia":[{"embeddable":true,"href":"https:\/\/catholiques17.fr\/oleron\/wp-json\/wp\/v2\/media\/9191"}],"wp:attachment":[{"href":"https:\/\/catholiques17.fr\/oleron\/wp-json\/wp\/v2\/media?parent=9194"}],"wp:term":[{"taxonomy":"post_tag","embeddable":true,"href":"https:\/\/catholiques17.fr\/oleron\/wp-json\/wp\/v2\/tags?post=9194"},{"taxonomy":"tribe_events_cat","embeddable":true,"href":"https:\/\/catholiques17.fr\/oleron\/wp-json\/wp\/v2\/tribe_events_cat?post=9194"}],"curies":[{"name":"wp","href":"https:\/\/api.w.org\/{rel}","templated":true}]}}