{"id":7405,"date":"2022-03-18T14:31:48","date_gmt":"2022-03-18T13:31:48","guid":{"rendered":"https:\/\/catholiques17.fr\/oleron\/?page_id=7405"},"modified":"2026-04-14T11:11:42","modified_gmt":"2026-04-14T09:11:42","slug":"horaire-de-messe","status":"publish","type":"page","link":"https:\/\/catholiques17.fr\/oleron\/les-services\/horaire-de-messe\/","title":{"rendered":"Horaires de messe"},"content":{"rendered":"<p>[et_pb_section fb_built=\u00a0\u00bb1&Prime; _builder_version=\u00a0\u00bb4.27.5&Prime; _module_preset=\u00a0\u00bbdefault\u00a0\u00bb custom_padding=\u00a0\u00bb0px|||||\u00a0\u00bb global_colors_info=\u00a0\u00bb{}\u00a0\u00bb theme_builder_area=\u00a0\u00bbpost_content\u00a0\u00bb][et_pb_row column_structure=\u00a0\u00bb2_5,3_5&Prime; _builder_version=\u00a0\u00bb4.16&Prime; _module_preset=\u00a0\u00bbdefault\u00a0\u00bb min_height=\u00a0\u00bb282px\u00a0\u00bb custom_padding=\u00a0\u00bb0px|||||\u00a0\u00bb global_colors_info=\u00a0\u00bb{}\u00a0\u00bb theme_builder_area=\u00a0\u00bbpost_content\u00a0\u00bb][et_pb_column type=\u00a0\u00bb2_5&Prime; _builder_version=\u00a0\u00bb4.16&Prime; _module_preset=\u00a0\u00bbdefault\u00a0\u00bb global_colors_info=\u00a0\u00bb{}\u00a0\u00bb theme_builder_area=\u00a0\u00bbpost_content\u00a0\u00bb][et_pb_image src=\u00a0\u00bbhttps:\/\/catholiques17.fr\/oleron\/wp-content\/uploads\/sites\/30\/2026\/04\/autel-St-Georges.jpg\u00a0\u00bb title_text=\u00a0\u00bbautel-St-Georges\u00a0\u00bb _builder_version=\u00a0\u00bb4.27.5&Prime; _module_preset=\u00a0\u00bbdefault\u00a0\u00bb custom_padding=\u00a0\u00bb3px||||false|false\u00a0\u00bb custom_padding_tablet=\u00a0\u00bb\u00a0\u00bb custom_padding_phone=\u00a0\u00bb\u00a0\u00bb custom_padding_last_edited=\u00a0\u00bbon|desktop\u00a0\u00bb border_radii=\u00a0\u00bbon|20px|20px|20px|20px\u00a0\u00bb global_colors_info=\u00a0\u00bb{}\u00a0\u00bb theme_builder_area=\u00a0\u00bbpost_content\u00a0\u00bb][\/et_pb_image][\/et_pb_column][et_pb_column type=\u00a0\u00bb3_5&Prime; _builder_version=\u00a0\u00bb4.16&Prime; _module_preset=\u00a0\u00bbdefault\u00a0\u00bb global_colors_info=\u00a0\u00bb{}\u00a0\u00bb theme_builder_area=\u00a0\u00bbpost_content\u00a0\u00bb][et_pb_text _builder_version=\u00a0\u00bb4.16&Prime; _module_preset=\u00a0\u00bbdefault\u00a0\u00bb custom_margin=\u00a0\u00bb|||0px|false|false\u00a0\u00bb custom_margin_tablet=\u00a0\u00bb\u00a0\u00bb custom_margin_phone=\u00a0\u00bb|||-19px|false|false\u00a0\u00bb custom_margin_last_edited=\u00a0\u00bbon|phone\u00a0\u00bb custom_padding=\u00a0\u00bb11px||||false|false\u00a0\u00bb custom_padding_tablet=\u00a0\u00bb\u00a0\u00bb custom_padding_phone=\u00a0\u00bb|0px||0px|false|false\u00a0\u00bb custom_padding_last_edited=\u00a0\u00bbon|desktop\u00a0\u00bb text_orientation_tablet=\u00a0\u00bb\u00a0\u00bb text_orientation_phone=\u00a0\u00bbleft\u00a0\u00bb text_orientation_last_edited=\u00a0\u00bbon|phone\u00a0\u00bb global_colors_info=\u00a0\u00bb{}\u00a0\u00bb theme_builder_area=\u00a0\u00bbpost_content\u00a0\u00bb]<\/p>\n<div>\n<p style=\"text-align: justify\">Les messes sont r\u00e9parties chaque week-end entre le Nord, le Centre et le Sud de l\u2019\u00eele, sauf lors des messes uniques programm\u00e9es le dimanche matin.<br \/>En \u00e9t\u00e9, la messe anticip\u00e9e du samedi soir est \u00e0 19h et celle du dimanche est \u00e0 10h30.<\/p>\n<p style=\"text-align: justify\">Les horaires des prochaines messes et c\u00e9l\u00e9brations sont affich\u00e9es dans chaque \u00e9glise.<\/p>\n<p style=\"text-align: justify\">\u00a0Pour t\u00e9l\u00e9charger la feuille d&rsquo;annonces avec les horaires de messes et c\u00e9l\u00e9brations pour la p\u00e9riode en cours, voir <a href=\"https:\/\/catholiques17.fr\/oleron\/la-tremblade\/actualite\/\">Actualit\u00e9<\/a><\/p>\n<\/div>\n<p>[\/et_pb_text][et_pb_code _builder_version=\u00a0\u00bb4.27.5&Prime; _module_preset=\u00a0\u00bbdefault\u00a0\u00bb background_color=\u00a0\u00bb#FFFFFF\u00a0\u00bb link_option_url=\u00a0\u00bbhttps:\/\/catholiques17.fr\/oleron\/wp-content\/uploads\/sites\/30\/2026\/03\/Annonces-du-28-Mars-au-6-Avril.pdf\u00a0\u00bb global_colors_info=\u00a0\u00bb{}\u00a0\u00bb theme_builder_area=\u00a0\u00bbpost_content\u00a0\u00bb]<\/p>\n<div class=\"EgliseInfo-container\">\n<div data-egliseinfo=\"horaires\" data-search=\"community:lr\/17\/oleron\" data-limit=\"12\" data-open-in-egliseinfo=\"true\"><\/div>\n<p><!-- [et_pb_line_break_holder] --><pee>Retrouvez les horaires des c\u00e9l\u00e9brations sur <a href=\"https:\/\/messes.info\/\/horaires\/community:lr\/17\/oleron?limit=12\">www.messes.info<\/a><\/pee><\/div>\n<p><!-- [et_pb_line_break_holder] -->[\/et_pb_code][\/et_pb_column][\/et_pb_row][et_pb_row _builder_version=\u00a0\u00bb4.27.5&Prime; _module_preset=\u00a0\u00bbdefault\u00a0\u00bb custom_margin=\u00a0\u00bb|auto|-33px|auto||\u00a0\u00bb global_colors_info=\u00a0\u00bb{}\u00a0\u00bb theme_builder_area=\u00a0\u00bbpost_content\u00a0\u00bb][et_pb_column type=\u00a0\u00bb4_4&Prime; _builder_version=\u00a0\u00bb4.27.5&Prime; _module_preset=\u00a0\u00bbdefault\u00a0\u00bb global_colors_info=\u00a0\u00bb{}\u00a0\u00bb theme_builder_area=\u00a0\u00bbpost_content\u00a0\u00bb][et_pb_text _builder_version=\u00a0\u00bb4.27.5&Prime; _module_preset=\u00a0\u00bbdefault\u00a0\u00bb link_option_url=\u00a0\u00bbhttps:\/\/catholiques17.fr\/oleron\/wp-content\/uploads\/sites\/30\/2026\/03\/Annonces-du-28-Mars-au-6-Avril.pdf\u00a0\u00bb inline_fonts=\u00a0\u00bbArial\u00a0\u00bb global_colors_info=\u00a0\u00bb{}\u00a0\u00bb theme_builder_area=\u00a0\u00bbpost_content\u00a0\u00bb]<\/p>\n<h1 align=\"left\" style=\"text-align: center\"><span style=\"color: #000080\"><strong><span style=\"font-family: inherit;font-size: medium\">Demander une intention de messe<\/span><\/strong><\/span><\/h1>\n<p align=\"justify\"><span style=\"font-family: inherit;font-weight: normal;font-size: medium\"><span style=\"color: #000000\"><\/span><\/span><\/p>\n<p align=\"justify\"><span style=\"font-family: inherit;font-weight: normal;font-size: medium\"><span style=\"color: #000000\">Toute messe a une valeur universelle. Elle peut cependant \u00eatre c\u00e9l\u00e9br\u00e9e pour des intentions particuli\u00e8res. Cela signifie que vous pouvez demander \u00e0 un pr\u00eatre de porter, aupr\u00e8s du Seigneur, vos intentions au cours de la messe.<\/span><\/span><\/p>\n<h2 align=\"justify\" style=\"font-variant: normal;letter-spacing: normal;font-style: normal;font-weight: normal\"><span style=\"color: #000080\"><strong><span style=\"font-family: inherit;font-size: medium\"><span style=\"background: transparent\">Pourquoi, pour qui\u00a0?<\/span><\/span><\/strong><\/span><\/h2>\n<p align=\"justify\"><span style=\"font-family: inherit;font-weight: normal;font-size: medium\"><em><span style=\"font-variant: normal\"><span style=\"color: #000000\"><span style=\"letter-spacing: normal\"><span style=\"background: transparent\">En action de gr\u00e2ce<\/span><\/span><\/span><\/span><\/em><span style=\"font-variant: normal\"><span style=\"color: #000000\"><span style=\"letter-spacing: normal\"><span style=\"font-style: normal\"><span style=\"background: transparent\">\u00a0: tout simplement pour dire merci ou bien \u00e0 l\u2019occasion d\u2019un mariage, de noces d\u2019or, lors de la naissance d\u2019un enfant, <\/span><\/span><\/span><\/span><\/span><span style=\"font-variant: normal\"><span style=\"color: #000000\"><span style=\"letter-spacing: normal\"><span style=\"font-style: normal\"><span style=\"background: transparent\">d\u2019<\/span><\/span><\/span><\/span><\/span><span style=\"font-variant: normal\"><span style=\"color: #000000\"><span style=\"letter-spacing: normal\"><span style=\"font-style: normal\"><span style=\"background: transparent\">un anniversaire, <\/span><\/span><\/span><\/span><\/span><span style=\"font-variant: normal\"><span style=\"color: #000000\"><span style=\"letter-spacing: normal\"><span style=\"font-style: normal\"><span style=\"background: transparent\">de <\/span><\/span><\/span><\/span><\/span><span style=\"font-variant: normal\"><span style=\"color: #000000\"><span style=\"letter-spacing: normal\"><span style=\"font-style: normal\"><span style=\"background: transparent\">la r\u00e9ussite d&rsquo;un examen, d&rsquo;un projet important&#8230;<\/span><\/span><\/span><\/span><\/span><\/span><\/p>\n<p align=\"justify\"><span style=\"font-family: inherit;font-weight: normal;font-size: medium\"><em><span style=\"font-variant: normal\"><span style=\"color: #000000\"><span style=\"letter-spacing: normal\"><span style=\"background: transparent\">Pour vos proches<\/span><\/span><\/span><\/span><\/em><span style=\"font-variant: normal\"><span style=\"color: #000000\"><span style=\"letter-spacing: normal\"><span style=\"font-style: normal\"><span style=\"background: transparent\">\u00a0: parents, enfants, amis, voisins\u2026 Vous pouvez offrir une messe pour demander \u00e0 Dieu d\u2019aider vos proches en difficult\u00e9, ou pour vous-m\u00eame\u2026 <\/span><\/span><\/span><\/span><\/span><span style=\"font-variant: normal\"><span style=\"color: #000000\"><span style=\"letter-spacing: normal\"><span style=\"font-style: normal\">C\u2019est une mani\u00e8re de les accompagner dans les moments importants, joyeux ou difficiles de leur vie. La messe est alors un soutien privil\u00e9gi\u00e9 pour votre pri\u00e8re d\u2019intercession.<\/span><\/span><\/span><\/span><\/span><\/p>\n<p align=\"justify\"><span style=\"font-family: inherit;font-weight: normal;font-size: medium\"><em><span style=\"font-variant: normal\"><span style=\"color: #000000\"><span style=\"letter-spacing: normal\"><span style=\"background: transparent\">Pour vos d\u00e9funts<\/span><\/span><\/span><\/span><\/em><span style=\"font-variant: normal\"><span style=\"color: #000000\"><span style=\"letter-spacing: normal\"><span style=\"font-style: normal\"><span style=\"background: transparent\">\u00a0: C\u00e9l\u00e9brer la messe pour les d\u00e9funts est une tradition tr\u00e8s ancienne dans l\u2019Eglise.\u00a0C&rsquo;est\u00a0un geste de respect et de fid\u00e9lit\u00e9 \u00e0 l\u2019\u00e9gard de ceux qui sont d\u00e9c\u00e9d\u00e9s, en demandant au P\u00e8re de les accueillir dans son Royaume de lumi\u00e8re et de paix. A chaque fois qu\u2019une intention est donn\u00e9e, une messe est c\u00e9l\u00e9br\u00e9e !<\/span><\/span><\/span><\/span><\/span><\/span><\/p>\n<p align=\"justify\"><span style=\"color: #000000;font-family: inherit;font-weight: normal;font-size: medium\"><span style=\"font-variant: normal;color: #000080\"><span style=\"text-decoration: none\"><span style=\"letter-spacing: normal\"><b><span style=\"background: transparent\">Comment faire<\/span><\/b><\/span><\/span><\/span><span style=\"font-variant: normal\"><span style=\"text-decoration: none\"><span style=\"letter-spacing: normal\"><span style=\"font-style: normal\"><span style=\"background: transparent\"><span style=\"color: #000080\"><strong> ?<\/strong><\/span>\u00a0<\/span><\/span><\/span><\/span><\/span><\/span><span style=\"font-family: inherit;font-weight: normal;font-size: medium\"><span style=\"font-variant: normal\"><span style=\"color: #000000\"><span style=\"text-decoration: none\"><span style=\"letter-spacing: normal\"><span style=\"background: transparent\">Vous avez plusieurs possibilit\u00e9s\u00a0:<\/span><\/span><\/span><\/span><\/span><\/span><\/p>\n<ul>\n<li>\n<p align=\"justify\"><span style=\"font-variant: normal;font-family: inherit;font-weight: normal;font-size: medium\"><span style=\"color: #000000\"><span style=\"text-decoration: none\"><span style=\"letter-spacing: normal\"><span style=\"font-style: normal\"><span style=\"background: transparent\">En vous adressant au pr\u00eatre avant ou apr\u00e8s la messe si l&rsquo;intention n&rsquo;est pas pour le jour m\u00eame.<\/span><\/span><\/span><\/span><\/span><\/span><\/p>\n<\/li>\n<li>\n<p align=\"justify\"><span style=\"font-family: inherit;font-weight: normal;font-size: medium\"><span style=\"font-variant: normal\"><span style=\"color: #000000\"><span style=\"text-decoration: none\"><span style=\"letter-spacing: normal\"><span style=\"font-style: normal\"><span style=\"background: transparent\">En allant au Presbyt\u00e8re et <\/span><\/span><\/span><\/span><\/span><\/span><span style=\"font-variant: normal\"><span style=\"color: #000000\"><span style=\"text-decoration: none\"><span style=\"letter-spacing: normal\"><span style=\"font-style: normal\"><span style=\"background: transparent\">en <\/span><\/span><\/span><\/span><\/span><\/span><span style=\"font-variant: normal\"><span style=\"color: #000000\"><span style=\"text-decoration: none\"><span style=\"letter-spacing: normal\"><span style=\"font-style: normal\"><span style=\"background: transparent\">donn<\/span><\/span><\/span><\/span><\/span><\/span><span style=\"font-variant: normal\"><span style=\"color: #000000\"><span style=\"text-decoration: none\"><span style=\"letter-spacing: normal\"><span style=\"font-style: normal\"><span style=\"background: transparent\">ant<\/span><\/span><\/span><\/span><\/span><\/span><span style=\"font-variant: normal\"><span style=\"color: #000000\"><span style=\"text-decoration: none\"><span style=\"letter-spacing: normal\"><span style=\"font-style: normal\"><span style=\"background: transparent\"> votre intention \u00e0 Sylvie, (notre secr\u00e9taire et comptable) ou <\/span><\/span><\/span><\/span><\/span><\/span><span style=\"font-variant: normal\"><span style=\"color: #000000\"><span style=\"text-decoration: none\"><span style=\"letter-spacing: normal\"><span style=\"font-style: normal\"><span style=\"background: transparent\">en <\/span><\/span><\/span><\/span><\/span><\/span><span style=\"font-variant: normal\"><span style=\"color: #000000\"><span style=\"text-decoration: none\"><span style=\"letter-spacing: normal\"><span style=\"font-style: normal\"><span style=\"background: transparent\">d\u00e9pos<\/span><\/span><\/span><\/span><\/span><\/span><span style=\"font-variant: normal\"><span style=\"color: #000000\"><span style=\"text-decoration: none\"><span style=\"letter-spacing: normal\"><span style=\"font-style: normal\"><span style=\"background: transparent\">ant<\/span><\/span><\/span><\/span><\/span><\/span><span style=\"font-variant: normal\"><span style=\"color: #000000\"><span style=\"text-decoration: none\"><span style=\"letter-spacing: normal\"><span style=\"font-style: normal\"><span style=\"background: transparent\"> votre intention dans la bo\u00eete aux lettres (en dehors des horaires d&rsquo;ouverture)<\/span><\/span><\/span><\/span><\/span><\/span><\/span><\/p>\n<\/li>\n<li>\n<p align=\"justify\"><span style=\"font-family: inherit;font-weight: normal;font-size: medium\"><span style=\"font-variant: normal\"><span style=\"color: #000000\"><span style=\"text-decoration: none\"><span style=\"letter-spacing: normal\"><span style=\"font-style: normal\"><span style=\"background: transparent\">Si vous habitez loin ou que vous ne pouvez pas vous d\u00e9placer, en l<\/span><\/span><\/span><\/span><\/span><\/span><span style=\"font-variant: normal\"><span style=\"color: #000000\"><span style=\"text-decoration: none\"><span style=\"letter-spacing: normal\"><span style=\"font-style: normal\"><span style=\"background: transparent\">\u2019envoy<\/span><\/span><\/span><\/span><\/span><\/span><span style=\"font-variant: normal\"><span style=\"color: #000000\"><span style=\"text-decoration: none\"><span style=\"letter-spacing: normal\"><span style=\"font-style: normal\"><span style=\"background: transparent\">ant<\/span><\/span><\/span><\/span><\/span><\/span><span style=\"font-variant: normal\"><span style=\"color: #000000\"><span style=\"text-decoration: none\"><span style=\"letter-spacing: normal\"><span style=\"font-style: normal\"><span style=\"background: transparent\"> par <\/span><\/span><\/span><\/span><\/span><\/span><span style=\"font-variant: normal\"><span style=\"color: #000000\"><span style=\"text-decoration: none\"><span style=\"letter-spacing: normal\"><i><b><span style=\"background: transparent\">la Poste<\/span><\/b><\/i><\/span><\/span><\/span><\/span><span style=\"font-variant: normal\"><span style=\"color: #000000\"><span style=\"text-decoration: none\"><span style=\"letter-spacing: normal\"><span style=\"font-style: normal\"><b><span style=\"background: transparent\"> <\/span><\/b><\/span><\/span><\/span><\/span><\/span><span style=\"font-variant: normal\"><span style=\"color: #000000\"><span style=\"text-decoration: none\"><span style=\"letter-spacing: normal\"><span style=\"font-style: normal\"><span style=\"background: transparent\">\u00e0 <\/span><\/span><\/span><\/span><\/span><\/span><span style=\"font-variant: normal\"><span style=\"color: #000000\"><span style=\"text-decoration: none\"><span style=\"letter-spacing: normal\"><span style=\"font-style: normal\"><span style=\"background: transparent\">:<br \/>Paroisse d&rsquo;Ol\u00e9ron,<\/span><\/span><\/span><\/span><\/span><\/span><span style=\"font-variant: normal\"><span style=\"color: #000000\"><span style=\"text-decoration: none\"><span style=\"letter-spacing: normal\"><i><span style=\"background: transparent\"> 1 Place Aziyad\u00e9, 17310, St Pierre d&rsquo;Ol\u00e9ron<br \/><\/span><\/i><\/span><\/span><\/span><\/span><\/span><span style=\"font-family: inherit;font-weight: normal;font-size: medium\"><span style=\"font-variant: normal\"><span style=\"color: #000000\"><span style=\"text-decoration: none\"><span style=\"letter-spacing: normal\"><i><span style=\"background: transparent\"><br \/><\/span><\/i><\/span><\/span><\/span><\/span><span style=\"font-variant: normal\"><span style=\"color: #000000\"><span style=\"letter-spacing: normal\"><span style=\"font-style: normal\"><span style=\"background: transparent\">Merci d\u2019\u00e9crire bien lisiblement l&rsquo;\u00e9nonc\u00e9, par exemple\u00a0:<\/span><\/span><\/span><\/span><\/span><\/span><\/p>\n<\/li>\n<\/ul>\n<ul>\n<li style=\"list-style-type: none\">\n<ul>\n<li>\n<p align=\"justify\"><span style=\"font-family: inherit;font-weight: normal;font-size: medium\"><span style=\"font-variant: normal\"><span style=\"color: #000000\"><span style=\"letter-spacing: normal\"><span style=\"font-style: normal\"><span style=\"background: transparent\">messe pour \u00ab\u00a0<\/span><\/span><\/span><\/span><\/span><span style=\"font-variant: normal\"><span style=\"color: #000000\"><span style=\"letter-spacing: normal\"><i><span style=\"background: transparent\">Mme ou M Untel, la famille&#8230;\u00a0\u00bb <\/span><\/i><\/span><\/span><\/span><span style=\"font-variant: normal\"><span style=\"color: #000000\"><span style=\"letter-spacing: normal\"><span style=\"font-style: normal\"><span style=\"background: transparent\">d\u00e9funt<\/span><\/span><\/span><\/span><\/span><\/span><\/p>\n<\/li>\n<li>\n<p align=\"justify\"><span style=\"font-family: inherit;font-weight: normal;font-size: medium\"><span style=\"font-variant: normal\"><span style=\"color: #000000\"><span style=\"letter-spacing: normal\"><span style=\"font-style: normal\"><span style=\"background: transparent\">ou pour \u00ab\u00a0 <\/span><\/span><\/span><\/span><\/span><span style=\"font-variant: normal\"><span style=\"color: #000000\"><span style=\"letter-spacing: normal\"><i><span style=\"background: transparent\">Mme ou M Dupont\u00a0\u00bb <\/span><\/i><\/span><\/span><\/span><span style=\"font-variant: normal\"><span style=\"color: #000000\"><span style=\"letter-spacing: normal\"><span style=\"font-style: normal\"><span style=\"background: transparent\">hospitalis\u00e9<\/span><\/span><\/span><\/span><\/span><span style=\"font-variant: normal\"><span style=\"color: #000000\"><span style=\"letter-spacing: normal\"><i><span style=\"background: transparent\">, <\/span><\/i><\/span><\/span><\/span><span style=\"font-variant: normal\"><span style=\"color: #000000\"><span style=\"letter-spacing: normal\"><span style=\"font-style: normal\"><span style=\"background: transparent\">ou toute autre situation particuli\u00e8re<\/span><\/span><\/span><\/span><\/span><\/span><span style=\"font-family: inherit;font-weight: normal;font-size: medium\"><span style=\"font-variant: normal\"><span style=\"color: #000000\"><span style=\"letter-spacing: normal\"><span style=\"font-style: normal\"><span style=\"background: transparent\"><\/span><\/span><\/span><\/span><\/span><\/span><\/p>\n<p align=\"justify\"><span style=\"font-family: inherit;font-weight: normal;font-size: medium\"><span style=\"font-variant: normal\"><span style=\"color: #000000\"><span style=\"letter-spacing: normal\"><span style=\"font-style: normal\"><span style=\"background: transparent\"><\/span><\/span><\/span><\/span><\/span><\/span><\/p>\n<p align=\"justify\"><span style=\"font-family: inherit;font-weight: normal;font-size: medium\"><span style=\"font-variant: normal\"><span style=\"color: #000000\"><span style=\"letter-spacing: normal\"><span style=\"font-style: normal\"><span style=\"background: transparent\">a<\/span><\/span><\/span><\/span><\/span><span style=\"font-variant: normal\"><span style=\"color: #000000\"><span style=\"letter-spacing: normal\"><span style=\"font-style: normal\"><span style=\"background: transparent\">insi que la date et <\/span><\/span><\/span><\/span><\/span><span style=\"font-variant: normal\"><span style=\"color: #000000\"><span style=\"letter-spacing: normal\"><span style=\"font-style: normal\"><span style=\"background: transparent\">le<\/span><\/span><\/span><\/span><\/span><span style=\"font-variant: normal\"><span style=\"color: #000000\"><span style=\"letter-spacing: normal\"><span style=\"font-style: normal\"><span style=\"background: transparent\"> lieu souhait\u00e9s pour votre intention, pour cela voir les horaires et lieux de messes. Cela peut \u00eatre une messe de semaine, si c&rsquo;est un<\/span><\/span><\/span><\/span><\/span><span style=\"font-variant: normal\"><span style=\"color: #000000\"><span style=\"letter-spacing: normal\"><span style=\"font-style: normal\"><span style=\"background: transparent\">e<\/span><\/span><\/span><\/span><\/span><span style=\"font-variant: normal\"><span style=\"color: #000000\"><span style=\"letter-spacing: normal\"><span style=\"font-style: normal\"><span style=\"background: transparent\"> date d\u2019anniversaire par exemple, ou un dimanche.<br \/>Vous pouvez y joindre le montant de l&rsquo;offrande de messe qui est fix\u00e9e \u00e0 <strong>18 euros<\/strong> par la Conf\u00e9rence des \u00e9v\u00eaques de France.<\/span><\/span><\/span><\/span><\/span><\/span><\/p>\n<\/li>\n<\/ul>\n<\/li>\n<\/ul>\n<p align=\"justify\"><span style=\"font-family: inherit;font-weight: normal;font-size: medium\"><span style=\"font-variant: normal\"><span style=\"color: #000000\"><span style=\"letter-spacing: normal\"><span style=\"font-style: normal\"><span style=\"background: transparent\"><\/span><\/span><\/span><\/span><\/span><span style=\"color: #000080\"><strong><span style=\"font-variant: normal\"><span style=\"letter-spacing: normal\"><i><span style=\"background: transparent\">En cas de r\u00e8glement par ch\u00e8que, merci de le r\u00e9diger \u00e0 l\u2019ordre de\u00a0la : \u00ab\u00a0Paroisse d&rsquo;Ol\u00e9ron\u00a0\u00bb<\/span><\/i><\/span><\/span><\/strong><\/span><\/span><\/p>\n<p><span style=\"color: #ff0000\"><strong><\/strong><\/span><\/p>\n<p>[\/et_pb_text][\/et_pb_column][\/et_pb_row][\/et_pb_section]<\/p>\n","protected":false},"excerpt":{"rendered":"<p>Les messes sont r\u00e9parties chaque week-end entre le Nord, le Centre et le Sud de l\u2019\u00eele, sauf lors des messes uniques programm\u00e9es le dimanche matin.En \u00e9t\u00e9, la messe anticip\u00e9e du [&hellip;]<\/p>\n","protected":false},"author":4,"featured_media":0,"parent":6623,"menu_order":0,"comment_status":"closed","ping_status":"closed","template":"","meta":{"_et_pb_use_builder":"on","_et_pb_old_content":"","_et_gb_content_width":"","footnotes":""},"class_list":["post-7405","page","type-page","status-publish","hentry"],"_links":{"self":[{"href":"https:\/\/catholiques17.fr\/oleron\/wp-json\/wp\/v2\/pages\/7405","targetHints":{"allow":["GET"]}}],"collection":[{"href":"https:\/\/catholiques17.fr\/oleron\/wp-json\/wp\/v2\/pages"}],"about":[{"href":"https:\/\/catholiques17.fr\/oleron\/wp-json\/wp\/v2\/types\/page"}],"author":[{"embeddable":true,"href":"https:\/\/catholiques17.fr\/oleron\/wp-json\/wp\/v2\/users\/4"}],"replies":[{"embeddable":true,"href":"https:\/\/catholiques17.fr\/oleron\/wp-json\/wp\/v2\/comments?post=7405"}],"version-history":[{"count":35,"href":"https:\/\/catholiques17.fr\/oleron\/wp-json\/wp\/v2\/pages\/7405\/revisions"}],"predecessor-version":[{"id":11460,"href":"https:\/\/catholiques17.fr\/oleron\/wp-json\/wp\/v2\/pages\/7405\/revisions\/11460"}],"up":[{"embeddable":true,"href":"https:\/\/catholiques17.fr\/oleron\/wp-json\/wp\/v2\/pages\/6623"}],"wp:attachment":[{"href":"https:\/\/catholiques17.fr\/oleron\/wp-json\/wp\/v2\/media?parent=7405"}],"curies":[{"name":"wp","href":"https:\/\/api.w.org\/{rel}","templated":true}]}}