{"id":7317,"date":"2022-03-18T08:45:07","date_gmt":"2022-03-18T07:45:07","guid":{"rendered":"https:\/\/catholiques17.fr\/oleron\/?page_id=7317"},"modified":"2025-09-06T10:52:00","modified_gmt":"2025-09-06T08:52:00","slug":"les-pelerinages","status":"publish","type":"page","link":"https:\/\/catholiques17.fr\/oleron\/les-services\/les-pelerinages\/","title":{"rendered":"Les p\u00e8lerinages"},"content":{"rendered":"<p>[et_pb_section fb_built=\u00a0\u00bb1&Prime; _builder_version=\u00a0\u00bb4.16&Prime; _module_preset=\u00a0\u00bbdefault\u00a0\u00bb custom_padding=\u00a0\u00bb12px|||||\u00a0\u00bb global_colors_info=\u00a0\u00bb{}\u00a0\u00bb theme_builder_area=\u00a0\u00bbpost_content\u00a0\u00bb][et_pb_row _builder_version=\u00a0\u00bb4.16&Prime; _module_preset=\u00a0\u00bbdefault\u00a0\u00bb global_colors_info=\u00a0\u00bb{}\u00a0\u00bb theme_builder_area=\u00a0\u00bbpost_content\u00a0\u00bb][et_pb_column type=\u00a0\u00bb4_4&Prime; _builder_version=\u00a0\u00bb4.16&Prime; _module_preset=\u00a0\u00bbdefault\u00a0\u00bb global_colors_info=\u00a0\u00bb{}\u00a0\u00bb theme_builder_area=\u00a0\u00bbpost_content\u00a0\u00bb][et_pb_text _builder_version=\u00a0\u00bb4.16&Prime; _module_preset=\u00a0\u00bbdefault\u00a0\u00bb global_colors_info=\u00a0\u00bb{}\u00a0\u00bb theme_builder_area=\u00a0\u00bbpost_content\u00a0\u00bb]<\/p>\n<p class=\"western\"><span style=\"color: #333333\"><strong><span style=\"font-family: Arial, sans-serif\"><span style=\"font-size: large\">Faire un p\u00e8lerinage, c\u2019est \u00e9videmment partir de chez soi.<\/span><\/span><\/strong><\/span><\/p>\n<p class=\"western\"><span style=\"font-family: Arial, sans-serif;color: #333333\"><span style=\"font-size: large\">Abraham est devenu le p\u00e8re des croyants parce qu\u2019il a r\u00e9pondu positivement \u00e0 la Parole de Dieu qui lui disait : \u00ab\u00a0Quitte ton pays, ta parent\u00e9 et la maison de ton p\u00e8re pour le pays que je t\u2019indiquerai\u00a0\u00bb. Partir, c\u2019est r\u00e9pondre \u00e0 un appel, faire confiance \u00e0 une parole entendue, faire cr\u00e9dit \u00e0 une promesse. Il en va ainsi pour tout p\u00e8lerin.<\/span><\/span><\/p>\n<p class=\"western\"><span style=\"font-family: Arial, sans-serif;color: #333333\"><span style=\"font-size: large\">Partir n\u2019est pas fuir : par peur des responsabilit\u00e9s et pour leur \u00e9chapper. Partir, c\u2019est marquer une rupture : une rupture avec les habitudes qui enferment, une rupture qui donne du champ et du recul, une rupture qui traduit l\u2019envie de d\u00e9couvrir autre chose.<\/span><\/span><\/p>\n<p class=\"western\"><span style=\"font-family: Arial, sans-serif;color: #333333\"><span style=\"font-size: large\">Partir, pour un chr\u00e9tien, c\u2019est r\u00e9pondre \u00e0 l\u2019invitation du Christ qui ne cesse de redire : \u00a0\u00bb Viens et suis moi\u00a0\u00bb. Partir en p\u00e8lerinage, c\u2019est se d\u00e9sinstaller et partir vers d\u2019autres lieux, vers d\u2019autres cieux, vers d\u2019autres gens : c\u2019est s\u2019ouvrir \u00e0 l\u2019inconnu et \u00e0 la nouveaut\u00e9.<\/span><\/span><\/p>\n<p class=\"western\"><span style=\"color: #333333\"><em><span style=\"font-family: Arial, sans-serif\"><span style=\"font-size: large\">D\u2019apr\u00e8s P. Dubreil, sur le p\u00e8lerinage comme d\u00e9marche de Foi<\/span><\/span><\/em><\/span><\/p>\n<p>[\/et_pb_text][et_pb_text _builder_version=\u00a0\u00bb4.27.4&Prime; _module_preset=\u00a0\u00bbdefault\u00a0\u00bb theme_builder_area=\u00a0\u00bbpost_content\u00a0\u00bb hover_enabled=\u00a0\u00bb0&Prime; sticky_enabled=\u00a0\u00bb0&Prime; custom_padding=\u00a0\u00bb||0px|||\u00a0\u00bb]<\/p>\n<p style=\"text-align: center\"><span style=\"font-size: large\"><strong><a href=\"https:\/\/catholiques17.fr\/diocese\/initiation-a-la-vie-chretienne\/service-des-pelerinages\/\">Les renseignements sont disponibles sur le site du dioc\u00e8se.<\/a> <\/strong><\/span><\/p>\n<p>[\/et_pb_text][\/et_pb_column][\/et_pb_row][et_pb_row column_structure=\u00a0\u00bb2_5,3_5&Prime; _builder_version=\u00a0\u00bb4.16&Prime; _module_preset=\u00a0\u00bbdefault\u00a0\u00bb global_colors_info=\u00a0\u00bb{}\u00a0\u00bb theme_builder_area=\u00a0\u00bbpost_content\u00a0\u00bb][et_pb_column type=\u00a0\u00bb2_5&Prime; _builder_version=\u00a0\u00bb4.16&Prime; _module_preset=\u00a0\u00bbdefault\u00a0\u00bb global_colors_info=\u00a0\u00bb{}\u00a0\u00bb theme_builder_area=\u00a0\u00bbpost_content\u00a0\u00bb][et_pb_image src=\u00a0\u00bbhttps:\/\/catholiques17.fr\/oleron\/wp-content\/uploads\/sites\/30\/2025\/09\/Pelerinages-2025.png\u00a0\u00bb _builder_version=\u00a0\u00bb4.27.4&Prime; _module_preset=\u00a0\u00bbdefault\u00a0\u00bb theme_builder_area=\u00a0\u00bbpost_content\u00a0\u00bb title_text=\u00a0\u00bbPelerinages-2025&Prime; hover_enabled=\u00a0\u00bb0&Prime; sticky_enabled=\u00a0\u00bb0&Prime;][\/et_pb_image][\/et_pb_column][et_pb_column type=\u00a0\u00bb3_5&Prime; _builder_version=\u00a0\u00bb4.16&Prime; _module_preset=\u00a0\u00bbdefault\u00a0\u00bb global_colors_info=\u00a0\u00bb{}\u00a0\u00bb theme_builder_area=\u00a0\u00bbpost_content\u00a0\u00bb][et_pb_text _builder_version=\u00a0\u00bb4.16&Prime; _module_preset=\u00a0\u00bbdefault\u00a0\u00bb global_colors_info=\u00a0\u00bb{}\u00a0\u00bb theme_builder_area=\u00a0\u00bbpost_content\u00a0\u00bb]<\/p>\n<p><span style=\"color: #000000\"><span style=\"font-family: Arial, sans-serif\"><\/span><\/span><\/p>\n<p><span style=\"color: #333333\"><span style=\"font-family: Arial, sans-serif\"><\/span><\/span><\/p>\n<p><span style=\"font-size: large;color: #333333\"><strong><span style=\"font-family: Arial, sans-serif\"><span style=\"font-weight: normal\">Chaque ann\u00e9e, sont propos\u00e9s les p\u00e8lerinages suivants :<\/span><\/span><\/strong><\/span><\/p>\n<p><span style=\"font-size: large;color: #333333\"><strong><span style=\"font-family: Arial, sans-serif\"><span style=\"font-weight: normal\">P\u00e8lerinage dioc\u00e9sain de Lourdes<br \/><\/span><\/span><\/strong><span style=\"font-family: Arial, sans-serif\">L\u2019hospitalit\u00e9,les enfants,<\/span><span style=\"font-family: Arial, sans-serif\">\u00a0la Pasto jeunes, les p\u00e8lerins\u2026 tout le monde sera le bienvenu.<\/span><\/span><\/p>\n<p class=\"western\"><span style=\"color: #333333;font-size: large\"><span style=\"font-family: Arial, sans-serif\">P\u00e8lerinage dioc\u00e9sain \u00e0 l\u2019\u00eele Madame,\u00a0<\/span><\/span><\/p>\n<p class=\"western\"><span style=\"color: #333333;font-size: large\"><span style=\"font-family: Arial, sans-serif\"><\/span><\/span><\/p>\n<p>&nbsp;<\/p>\n<p>[\/et_pb_text][\/et_pb_column][\/et_pb_row][et_pb_row _builder_version=\u00a0\u00bb4.16&Prime; _module_preset=\u00a0\u00bbdefault\u00a0\u00bb global_colors_info=\u00a0\u00bb{}\u00a0\u00bb theme_builder_area=\u00a0\u00bbpost_content\u00a0\u00bb][et_pb_column type=\u00a0\u00bb4_4&Prime; _builder_version=\u00a0\u00bb4.16&Prime; _module_preset=\u00a0\u00bbdefault\u00a0\u00bb global_colors_info=\u00a0\u00bb{}\u00a0\u00bb theme_builder_area=\u00a0\u00bbpost_content\u00a0\u00bb][et_pb_divider _builder_version=\u00a0\u00bb4.16&Prime; _module_preset=\u00a0\u00bbdefault\u00a0\u00bb global_colors_info=\u00a0\u00bb{}\u00a0\u00bb theme_builder_area=\u00a0\u00bbpost_content\u00a0\u00bb][\/et_pb_divider][\/et_pb_column][\/et_pb_row][et_pb_row _builder_version=\u00a0\u00bb4.16&Prime; _module_preset=\u00a0\u00bbdefault\u00a0\u00bb custom_margin=\u00a0\u00bb-18px|auto||auto||\u00a0\u00bb global_colors_info=\u00a0\u00bb{}\u00a0\u00bb theme_builder_area=\u00a0\u00bbpost_content\u00a0\u00bb][et_pb_column type=\u00a0\u00bb4_4&Prime; _builder_version=\u00a0\u00bb4.16&Prime; _module_preset=\u00a0\u00bbdefault\u00a0\u00bb global_colors_info=\u00a0\u00bb{}\u00a0\u00bb theme_builder_area=\u00a0\u00bbpost_content\u00a0\u00bb][et_pb_text _builder_version=\u00a0\u00bb4.16&Prime; _module_preset=\u00a0\u00bbdefault\u00a0\u00bb global_colors_info=\u00a0\u00bb{}\u00a0\u00bb theme_builder_area=\u00a0\u00bbpost_content\u00a0\u00bb]<\/p>\n<p style=\"text-align: center\"><span style=\"color: #333333\">Retrouvez toutes les informations et les liens d&rsquo;inscriptions sur la page des p\u00e8lerinage du site du dioc\u00e8se :<span style=\"color: #0000ff\"> <a href=\"https:\/\/catholiques17.fr\/diocese\/les-services-diocesains__trashed\/celebration-chretienne\/service-des-pelerinages\/\" target=\"_blank\" rel=\"noopener\" style=\"color: #0000ff\">ici<\/a><\/span><\/span><\/p>\n<p><span style=\"color: #333333\"><span style=\"color: #0000ff\"><a href=\"mailto:pelerinages@diocese17.fr\" target=\"_blank\" rel=\"noopener\"><\/a><\/span><\/span><\/p>\n<p>[\/et_pb_text][\/et_pb_column][\/et_pb_row][et_pb_row _builder_version=\u00a0\u00bb4.16&Prime; _module_preset=\u00a0\u00bbdefault\u00a0\u00bb global_colors_info=\u00a0\u00bb{}\u00a0\u00bb theme_builder_area=\u00a0\u00bbpost_content\u00a0\u00bb][et_pb_column type=\u00a0\u00bb4_4&Prime; _builder_version=\u00a0\u00bb4.16&Prime; _module_preset=\u00a0\u00bbdefault\u00a0\u00bb global_colors_info=\u00a0\u00bb{}\u00a0\u00bb theme_builder_area=\u00a0\u00bbpost_content\u00a0\u00bb][et_pb_text _builder_version=\u00a0\u00bb4.16&Prime; _module_preset=\u00a0\u00bbdefault\u00a0\u00bb text_font_size=\u00a0\u00bb16px\u00a0\u00bb background_color=\u00a0\u00bb#00BAAD\u00a0\u00bb global_colors_info=\u00a0\u00bb{}\u00a0\u00bb theme_builder_area=\u00a0\u00bbpost_content\u00a0\u00bb]<\/p>\n<p>&nbsp;<\/p>\n<p style=\"text-align: center\"><span style=\"color: #333333\"><span style=\"color: #0000ff\"><span style=\"color: #ffffff\"><span style=\"text-decoration: underline\">Responsable dioc\u00e9saine du service des p\u00e8lerinage<\/span> : Mme Monique Besset &#8211; <\/span><a href=\"mailto:pelerinages@diocese17.fr\" target=\"_blank\" rel=\"noopener\"><span style=\"color: #ffffff\">pelerinages@diocese17.fr<\/span><\/a><\/span><\/span><\/p>\n<p>&nbsp;<\/p>\n<p>[\/et_pb_text][\/et_pb_column][\/et_pb_row][\/et_pb_section]<\/p>\n","protected":false},"excerpt":{"rendered":"<p>Faire un p\u00e8lerinage, c\u2019est \u00e9videmment partir de chez soi. Abraham est devenu le p\u00e8re des croyants parce qu\u2019il a r\u00e9pondu positivement \u00e0 la Parole de Dieu qui lui disait : [&hellip;]<\/p>\n","protected":false},"author":4,"featured_media":0,"parent":6623,"menu_order":0,"comment_status":"closed","ping_status":"closed","template":"","meta":{"_et_pb_use_builder":"on","_et_pb_old_content":"","_et_gb_content_width":"","footnotes":""},"class_list":["post-7317","page","type-page","status-publish","hentry"],"_links":{"self":[{"href":"https:\/\/catholiques17.fr\/oleron\/wp-json\/wp\/v2\/pages\/7317","targetHints":{"allow":["GET"]}}],"collection":[{"href":"https:\/\/catholiques17.fr\/oleron\/wp-json\/wp\/v2\/pages"}],"about":[{"href":"https:\/\/catholiques17.fr\/oleron\/wp-json\/wp\/v2\/types\/page"}],"author":[{"embeddable":true,"href":"https:\/\/catholiques17.fr\/oleron\/wp-json\/wp\/v2\/users\/4"}],"replies":[{"embeddable":true,"href":"https:\/\/catholiques17.fr\/oleron\/wp-json\/wp\/v2\/comments?post=7317"}],"version-history":[{"count":9,"href":"https:\/\/catholiques17.fr\/oleron\/wp-json\/wp\/v2\/pages\/7317\/revisions"}],"predecessor-version":[{"id":10766,"href":"https:\/\/catholiques17.fr\/oleron\/wp-json\/wp\/v2\/pages\/7317\/revisions\/10766"}],"up":[{"embeddable":true,"href":"https:\/\/catholiques17.fr\/oleron\/wp-json\/wp\/v2\/pages\/6623"}],"wp:attachment":[{"href":"https:\/\/catholiques17.fr\/oleron\/wp-json\/wp\/v2\/media?parent=7317"}],"curies":[{"name":"wp","href":"https:\/\/api.w.org\/{rel}","templated":true}]}}