{"id":6,"date":"2020-03-14T08:26:14","date_gmt":"2020-03-14T07:26:14","guid":{"rendered":"https:\/\/catholiques17.fr\/saintagnan\/?page_id=6"},"modified":"2026-04-11T14:37:07","modified_gmt":"2026-04-11T12:37:07","slug":"la-tremblade","status":"publish","type":"page","link":"https:\/\/catholiques17.fr\/oleron\/","title":{"rendered":"Paroisse d&rsquo;Ol\u00e9ron"},"content":{"rendered":"<p>[et_pb_section fb_built=\u00a0\u00bb1&Prime; _builder_version=\u00a0\u00bb4.16&Prime; background_image=\u00a0\u00bbhttps:\/\/catholiques17.fr\/saintagnan\/wp-content\/uploads\/sites\/30\/2021\/03\/carbon.png\u00a0\u00bb background_size=\u00a0\u00bbinitial\u00a0\u00bb background_repeat=\u00a0\u00bbrepeat\u00a0\u00bb custom_padding=\u00a0\u00bb48px|||||\u00a0\u00bb global_colors_info=\u00a0\u00bb{}\u00a0\u00bb][et_pb_row _builder_version=\u00a0\u00bb4.16&Prime; _module_preset=\u00a0\u00bbdefault\u00a0\u00bb global_colors_info=\u00a0\u00bb{}\u00a0\u00bb][et_pb_column type=\u00a0\u00bb4_4&Prime; _builder_version=\u00a0\u00bb4.16&Prime; _module_preset=\u00a0\u00bbdefault\u00a0\u00bb background_color=\u00a0\u00bb#FFFFFF\u00a0\u00bb custom_padding=\u00a0\u00bb20px|20px|20px|20px|true|true\u00a0\u00bb border_radii=\u00a0\u00bbon|10px|10px|10px|10px\u00a0\u00bb global_colors_info=\u00a0\u00bb{}\u00a0\u00bb][et_pb_text _builder_version=\u00a0\u00bb4.21.0&Prime; _module_preset=\u00a0\u00bbdefault\u00a0\u00bb text_text_color=\u00a0\u00bb#158996&Prime; text_font_size=\u00a0\u00bb18px\u00a0\u00bb global_colors_info=\u00a0\u00bb{}\u00a0\u00bb]<\/p>\n<p><span style=\"color: #666666\"><strong>Bienvenue sur le site de la paroisse d&rsquo;Ol\u00e9ron<\/strong><\/span><\/p>\n<p align=\"justify\"><span style=\"font-family: Arial, sans-serif;color: #666666\">Notre paroisse d\u2019Ol\u00e9ron est implant\u00e9e sur les communes de Saint Pierre, Dolus, St Georges, St Denis, Grand Village, le Ch\u00e2teau, Saint Trojan et La Br\u00e9e.<\/span><\/p>\n<p align=\"justify\"><span style=\"font-family: Arial, sans-serif;color: #666666\">Vous retrouverez ici toutes nos actualit\u00e9s, les horaires des messes et des \u00e9v\u00e9nements paroissiaux \/ dioc\u00e9sains ou encore les informations concernant une demande de sacrement : un bapt\u00eame, un mariage, une confession ou le sacrement des malades. Les modalit\u00e9s pour demander une intention de messe figurent page <em><a href=\"https:\/\/catholiques17.fr\/oleron\/les-services\/horaire-de-messe\/\">Horaires de messe<\/a><\/em>.<\/span><\/p>\n<p align=\"justify\"><span style=\"color: #666666\"><span style=\"font-family: Arial, sans-serif\">N\u2019h\u00e9sitez pas \u00e0 contacter Sylvie au 05 46 47 11 44 <\/span><span style=\"font-family: Arial, sans-serif\">ou en venant nous voir directement au secr\u00e9tariat de la paroisse : <span data-sheets-formula-bar-text-style=\"font-size:13px;color:#0c71c3;font-weight:normal;text-decoration:none;font-family:'Arial';font-style:normal;text-decoration-skip-ink:none;\">1 place Aziyad\u00e9,<\/span> St Pierre d\u2019Ol\u00e9ron.<\/span><\/span><\/p>\n<p align=\"justify\"><span style=\"font-family: Arial, sans-serif;color: #666666\"><span style=\"font-size: large\">En cas de d\u00e9c\u00e8s d\u2019un proche, c\u2019est l\u2019entreprise de pompes fun\u00e8bres que vous avez choisie qui prendra contact avec la paroisse.<\/span><br \/><\/span><\/p>\n<p align=\"justify\"><span style=\"font-family: Arial, sans-serif;color: #666666\"><span style=\"text-decoration: underline\">Permanence du secr\u00e9tariat<\/span> : du mardi au jeudi de 9h \u00e0 12h et de 14h \u00e0 17h, le vendredi de 9h \u00e0 12h.<\/span><span style=\"color: #0000ff\"><em>\u00a0<\/em><\/span><\/p>\n<p>[\/et_pb_text][\/et_pb_column][\/et_pb_row][et_pb_row column_structure=\u00a0\u00bb2_3,1_3&Prime; _builder_version=\u00a0\u00bb4.21.0&Prime; _module_preset=\u00a0\u00bbdefault\u00a0\u00bb custom_padding=\u00a0\u00bb42px|||||\u00a0\u00bb global_colors_info=\u00a0\u00bb{}\u00a0\u00bb][et_pb_column type=\u00a0\u00bb2_3&Prime; _builder_version=\u00a0\u00bb4.21.0&Prime; _module_preset=\u00a0\u00bbdefault\u00a0\u00bb background_color=\u00a0\u00bb#FFFFFF\u00a0\u00bb custom_padding=\u00a0\u00bb20px|20px|20px|20px|false|false\u00a0\u00bb border_radii=\u00a0\u00bbon|11px|11px|11px|11px\u00a0\u00bb border_width_all=\u00a0\u00bb1px\u00a0\u00bb border_color_all=\u00a0\u00bb#EA4740&Prime; box_shadow_style=\u00a0\u00bbpreset2&Prime; global_colors_info=\u00a0\u00bb{}\u00a0\u00bb][et_pb_text _builder_version=\u00a0\u00bb4.21.0&Prime; _module_preset=\u00a0\u00bbdefault\u00a0\u00bb header_font=\u00a0\u00bb|700|||||||\u00a0\u00bb header_text_color=\u00a0\u00bb#00baad\u00a0\u00bb background_color=\u00a0\u00bb#EA4740&Prime; border_radii=\u00a0\u00bboff|20px|20px||\u00a0\u00bb global_colors_info=\u00a0\u00bb{}\u00a0\u00bb]<\/p>\n<h1 style=\"text-align: center\"><span style=\"color: #ffffff\"><\/span><\/h1>\n<h1 style=\"text-align: center\"><span style=\"color: #ffffff\">Notre actualit\u00e9<\/span><\/h1>\n<p>[\/et_pb_text][et_pb_blog fullwidth=\u00a0\u00bboff\u00a0\u00bb posts_number=\u00a0\u00bb6&Prime; include_categories=\u00a0\u00bb6,5&Prime; meta_date=\u00a0\u00bbj M Y\u00a0\u00bb show_author=\u00a0\u00bboff\u00a0\u00bb _builder_version=\u00a0\u00bb4.21.0&Prime; _module_preset=\u00a0\u00bbdefault\u00a0\u00bb header_text_color=\u00a0\u00bb#0C71C3&Prime; meta_text_color=\u00a0\u00bb#FF8C00&Prime; border_color_all_image=\u00a0\u00bbRGBA(0,0,0,0)\u00a0\u00bb box_shadow_style=\u00a0\u00bbpreset2&Prime; box_shadow_style_image=\u00a0\u00bbpreset2&Prime; global_colors_info=\u00a0\u00bb{}\u00a0\u00bb][\/et_pb_blog][\/et_pb_column][et_pb_column type=\u00a0\u00bb1_3&Prime; _builder_version=\u00a0\u00bb4.21.0&Prime; _module_preset=\u00a0\u00bbdefault\u00a0\u00bb background_color=\u00a0\u00bb#FFFFFF\u00a0\u00bb custom_padding=\u00a0\u00bb20px|20px|20px|20px|false|false\u00a0\u00bb border_radii=\u00a0\u00bbon|10px|10px|10px|10px\u00a0\u00bb border_width_all=\u00a0\u00bb1px\u00a0\u00bb border_color_all=\u00a0\u00bb#EA4740&Prime; box_shadow_style=\u00a0\u00bbpreset2&Prime; global_colors_info=\u00a0\u00bb{}\u00a0\u00bb][et_pb_text _builder_version=\u00a0\u00bb4.21.0&Prime; _module_preset=\u00a0\u00bbdefault\u00a0\u00bb background_color=\u00a0\u00bb#EA4740&Prime; text_orientation=\u00a0\u00bbcenter\u00a0\u00bb background_layout=\u00a0\u00bbdark\u00a0\u00bb custom_padding=\u00a0\u00bb10px|10px|2px|10px|false|false\u00a0\u00bb border_radii=\u00a0\u00bboff|20px|20px||\u00a0\u00bb global_colors_info=\u00a0\u00bb{}\u00a0\u00bb]<\/p>\n<h2>Calendrier<\/h2>\n<p>[\/et_pb_text][et_pb_sidebar _builder_version=\u00a0\u00bb4.16&Prime; _module_preset=\u00a0\u00bbdefault\u00a0\u00bb custom_margin=\u00a0\u00bb||40px|||\u00a0\u00bb global_colors_info=\u00a0\u00bb{}\u00a0\u00bb][\/et_pb_sidebar][et_pb_text _builder_version=\u00a0\u00bb4.21.0&Prime; _module_preset=\u00a0\u00bbdefault\u00a0\u00bb background_color=\u00a0\u00bb#EA4740&Prime; text_orientation=\u00a0\u00bbcenter\u00a0\u00bb background_layout=\u00a0\u00bbdark\u00a0\u00bb custom_padding=\u00a0\u00bb10px|10px|2px|10px|false|false\u00a0\u00bb border_radii=\u00a0\u00bboff|20px|20px||\u00a0\u00bb global_colors_info=\u00a0\u00bb{}\u00a0\u00bb]<\/p>\n<h2>Nous contacter<\/h2>\n<p>[\/et_pb_text][et_pb_text _builder_version=\u00a0\u00bb4.21.0&Prime; _module_preset=\u00a0\u00bbdefault\u00a0\u00bb custom_margin=\u00a0\u00bb||39px|||\u00a0\u00bb global_colors_info=\u00a0\u00bb{}\u00a0\u00bb]<\/p>\n<p><span style=\"color: #0c71c3\"><strong>Presbyt\u00e8re<\/strong> :<\/span> <span data-sheets-formula-bar-text-style=\"font-size:13px;color:#0c71c3;font-weight:normal;text-decoration:none;font-family:'Arial';font-style:normal;text-decoration-skip-ink:none;\">1 place Aziyad\u00e9<\/span> \u00a0 \u00a0 \u00a0 \u00a0 \u00a0 \u00a0\u00a0 \u00a0 17310 St Pierre d&rsquo;Ol\u00e9ron<\/p>\n<p><strong><span style=\"color: #0c71c3\">T\u00e9l.<\/span><\/strong> 05 46 47 11 44<\/p>\n<p><span style=\"color: #0c71c3\"><strong>Mail\u00a0<\/strong>:<\/span> <a href=\"mailto:paroisse.oleron@free.fr\" target=\"_blank\" rel=\"noopener\">paroisse.oleron@free.fr<\/a><a href=\"mailto:paroissesaintgabriel@free.fr\"><span style=\"color: #00baad\"><\/span><\/a><\/p>\n<p><span style=\"color: #0c71c3\"><strong>Cur\u00e9<\/strong> :<\/span> M. l\u2019 Abb\u00e9 Ioan RUS<\/p>\n<p><span style=\"color: #0c71c3\"><strong>Permanences du secr\u00e9tariat : <\/strong><\/span><strong><br \/><\/strong><\/p>\n<ul>\n<li style=\"line-height: 100%\" align=\"left\"><span style=\"font-family: Arial, sans-serif\"> du mardi au jeudi: 9h-12h et 14h-17h<\/span><\/li>\n<li style=\"line-height: 100%\" align=\"left\"><span style=\"font-family: Arial, sans-serif\"> et le vendredi de 9h00 \u00e0 12h00<\/span><\/li>\n<\/ul>\n<p>[\/et_pb_text][et_pb_text _builder_version=\u00a0\u00bb4.21.0&Prime; _module_preset=\u00a0\u00bbdefault\u00a0\u00bb background_color=\u00a0\u00bb#EA4740&Prime; text_orientation=\u00a0\u00bbcenter\u00a0\u00bb background_layout=\u00a0\u00bbdark\u00a0\u00bb custom_padding=\u00a0\u00bb10px|10px|2px|10px|false|false\u00a0\u00bb link_option_url_new_window=\u00a0\u00bbon\u00a0\u00bb border_radii=\u00a0\u00bboff|20px|20px||\u00a0\u00bb global_colors_info=\u00a0\u00bb{}\u00a0\u00bb]<\/p>\n<h2>Trouvez un horaire<\/h2>\n<p>[\/et_pb_text][et_pb_image src=\u00a0\u00bbhttps:\/\/catholiques17.fr\/oleron\/wp-content\/uploads\/sites\/30\/2021\/04\/Messseinfo.png\u00a0\u00bb title_text=\u00a0\u00bbMessseinfo\u00a0\u00bb url=\u00a0\u00bbhttps:\/\/messes.info\/\u00a0\u00bb _builder_version=\u00a0\u00bb4.16&Prime; _module_preset=\u00a0\u00bbdefault\u00a0\u00bb custom_margin=\u00a0\u00bb-19px||39px|||\u00a0\u00bb global_colors_info=\u00a0\u00bb{}\u00a0\u00bb][\/et_pb_image][et_pb_text _builder_version=\u00a0\u00bb4.21.0&Prime; _module_preset=\u00a0\u00bbdefault\u00a0\u00bb background_color=\u00a0\u00bb#EA4740&Prime; text_orientation=\u00a0\u00bbcenter\u00a0\u00bb background_layout=\u00a0\u00bbdark\u00a0\u00bb custom_padding=\u00a0\u00bb10px|10px|2px|10px|false|false\u00a0\u00bb link_option_url_new_window=\u00a0\u00bbon\u00a0\u00bb border_radii=\u00a0\u00bboff|20px|20px||\u00a0\u00bb global_colors_info=\u00a0\u00bb{}\u00a0\u00bb]<\/p>\n<h2>L&rsquo;annuaire dioc\u00e9sain<\/h2>\n<p>[\/et_pb_text][et_pb_button button_url=\u00a0\u00bbhttps:\/\/catholiques17.fr\/annuaire-du-diocese\/?_page=1&amp;num=20&amp;sort=post_published%2Casc\u00a0\u00bb url_new_window=\u00a0\u00bbon\u00a0\u00bb button_text=\u00a0\u00bbConsulter en ligne\u00a0\u00bb button_alignment=\u00a0\u00bbcenter\u00a0\u00bb _builder_version=\u00a0\u00bb4.21.0&Prime; _module_preset=\u00a0\u00bbdefault\u00a0\u00bb custom_button=\u00a0\u00bbon\u00a0\u00bb button_text_color=\u00a0\u00bb#EA4740&Prime; button_border_radius=\u00a0\u00bb14px\u00a0\u00bb button_icon=\u00a0\u00bb&#xe026;||divi||400&Prime; global_colors_info=\u00a0\u00bb{}\u00a0\u00bb][\/et_pb_button][\/et_pb_column][\/et_pb_row][\/et_pb_section]<\/p>\n","protected":false},"excerpt":{"rendered":"<p>Bienvenue sur le site de la paroisse d&rsquo;Ol\u00e9ron Notre paroisse d\u2019Ol\u00e9ron est implant\u00e9e sur les communes de Saint Pierre, Dolus, St Georges, St Denis, Grand Village, le Ch\u00e2teau, Saint Trojan [&hellip;]<\/p>\n","protected":false},"author":1,"featured_media":0,"parent":0,"menu_order":0,"comment_status":"closed","ping_status":"closed","template":"","meta":{"_et_pb_use_builder":"on","_et_pb_old_content":"<!-- wp:paragraph -->\n<p><\/p>\n<!-- \/wp:paragraph -->\n\n<!-- wp:paragraph -->\n<p>Bienvenue dans le Doyenn\u00e9 de Rochefort<em>&nbsp;!<\/em><\/p>\n<!-- \/wp:paragraph -->\n\n<!-- wp:paragraph -->\n<p>Notre doyenn\u00e9 est compos\u00e9e des paroisses de Rochefort, saint-Agnant, Tonnay-Charente, Fouras, Marennes, Ol\u00e9ron. Il est riche historiquement avec le pass\u00e9 maritime de Rochefort remis \u00e0 l\u2019honneur gr\u00e2ce \u00e0 l\u2019Hermione. Il l\u2019est aussi par l\u2019histoire des martyrs des pontons de Rochefort et le sanctuaire de l\u2019\u00eele Madame.<\/p>\n<!-- \/wp:paragraph -->\n\n<!-- wp:paragraph -->\n<p>Il est riche g\u00e9ographiquement par ses plages et ses \u00eeles (Ol\u00e9ron et Aix); et \u00e9conomiquement et humainement par la pr\u00e9sence du monde ostr\u00e9icole mais aussi par le tourisme et le thermalisme.<\/p>\n<!-- \/wp:paragraph -->\n\n<!-- wp:paragraph -->\n<p>Un doyenn\u00e9 o\u00f9 il fait bon vivre et o\u00f9 les baptis\u00e9s prennent toute leur part \u00e0 la vie de ce territoire dynamique et tourn\u00e9 vers l\u2019oc\u00e9an.<\/p>\n<!-- \/wp:paragraph -->\n\n<!-- wp:separator -->\n<hr class=\"wp-block-separator\"\/>\n<!-- \/wp:separator -->\n\n<!-- wp:heading -->\n<h2>Nos derni\u00e8res actualit\u00e9s<\/h2>\n<!-- \/wp:heading -->\n\n<!-- wp:latest-posts {\"postLayout\":\"grid\",\"displayFeaturedImage\":true,\"featuredImageAlign\":\"center\",\"addLinkToFeaturedImage\":true} \/-->","_et_gb_content_width":"","footnotes":""},"class_list":["post-6","page","type-page","status-publish","hentry"],"_links":{"self":[{"href":"https:\/\/catholiques17.fr\/oleron\/wp-json\/wp\/v2\/pages\/6","targetHints":{"allow":["GET"]}}],"collection":[{"href":"https:\/\/catholiques17.fr\/oleron\/wp-json\/wp\/v2\/pages"}],"about":[{"href":"https:\/\/catholiques17.fr\/oleron\/wp-json\/wp\/v2\/types\/page"}],"author":[{"embeddable":true,"href":"https:\/\/catholiques17.fr\/oleron\/wp-json\/wp\/v2\/users\/1"}],"replies":[{"embeddable":true,"href":"https:\/\/catholiques17.fr\/oleron\/wp-json\/wp\/v2\/comments?post=6"}],"version-history":[{"count":126,"href":"https:\/\/catholiques17.fr\/oleron\/wp-json\/wp\/v2\/pages\/6\/revisions"}],"predecessor-version":[{"id":11442,"href":"https:\/\/catholiques17.fr\/oleron\/wp-json\/wp\/v2\/pages\/6\/revisions\/11442"}],"wp:attachment":[{"href":"https:\/\/catholiques17.fr\/oleron\/wp-json\/wp\/v2\/media?parent=6"}],"curies":[{"name":"wp","href":"https:\/\/api.w.org\/{rel}","templated":true}]}}