{"id":10512,"date":"2025-10-20T16:32:36","date_gmt":"2025-10-20T14:32:36","guid":{"rendered":"https:\/\/catholiques17.fr\/nieul\/?post_type=tribe_events&#038;p=10512"},"modified":"2025-10-20T16:32:36","modified_gmt":"2025-10-20T14:32:36","slug":"messe-pour-les-fideles-defunts-2","status":"publish","type":"tribe_events","link":"https:\/\/catholiques17.fr\/nieul\/event\/messe-pour-les-fideles-defunts-2\/","title":{"rendered":"Messe pour les fid\u00e8les d\u00e9funts"},"content":{"rendered":"<p>Le 2 novembre, apr\u00e8s avoir c\u00e9l\u00e9br\u00e9 tous les saints, nous prions pour nos\u00a0d\u00e9funts. Dans la lumi\u00e8re de la\u00a0Toussaint,\u00a0cette journ\u00e9e est\u00a0l\u2019occasion <strong>d\u2019affirmer et de vivre l\u2019esp\u00e9rance\u00a0en la vie \u00e9ternelle donn\u00e9e par la\u00a0r\u00e9surrection\u00a0du Christ<\/strong>.<\/p>\n","protected":false},"excerpt":{"rendered":"<p>Le 2 novembre, apr\u00e8s avoir c\u00e9l\u00e9br\u00e9 tous les saints, nous prions pour nos\u00a0d\u00e9funts. Dans la lumi\u00e8re de la\u00a0Toussaint,\u00a0cette journ\u00e9e est\u00a0l\u2019occasion d\u2019affirmer et de vivre l\u2019esp\u00e9rance\u00a0en la vie \u00e9ternelle donn\u00e9e par [&hellip;]<\/p>\n","protected":false},"author":4,"featured_media":6707,"template":"","meta":{"_et_pb_use_builder":"","_et_pb_old_content":"","_et_gb_content_width":"","_tribe_events_status":"","_tribe_events_status_reason":"","footnotes":""},"tags":[],"tribe_events_cat":[],"class_list":["post-10512","tribe_events","type-tribe_events","status-publish","has-post-thumbnail","hentry"],"_links":{"self":[{"href":"https:\/\/catholiques17.fr\/nieul\/wp-json\/wp\/v2\/tribe_events\/10512","targetHints":{"allow":["GET"]}}],"collection":[{"href":"https:\/\/catholiques17.fr\/nieul\/wp-json\/wp\/v2\/tribe_events"}],"about":[{"href":"https:\/\/catholiques17.fr\/nieul\/wp-json\/wp\/v2\/types\/tribe_events"}],"author":[{"embeddable":true,"href":"https:\/\/catholiques17.fr\/nieul\/wp-json\/wp\/v2\/users\/4"}],"version-history":[{"count":1,"href":"https:\/\/catholiques17.fr\/nieul\/wp-json\/wp\/v2\/tribe_events\/10512\/revisions"}],"predecessor-version":[{"id":10513,"href":"https:\/\/catholiques17.fr\/nieul\/wp-json\/wp\/v2\/tribe_events\/10512\/revisions\/10513"}],"wp:featuredmedia":[{"embeddable":true,"href":"https:\/\/catholiques17.fr\/nieul\/wp-json\/wp\/v2\/media\/6707"}],"wp:attachment":[{"href":"https:\/\/catholiques17.fr\/nieul\/wp-json\/wp\/v2\/media?parent=10512"}],"wp:term":[{"taxonomy":"post_tag","embeddable":true,"href":"https:\/\/catholiques17.fr\/nieul\/wp-json\/wp\/v2\/tags?post=10512"},{"taxonomy":"tribe_events_cat","embeddable":true,"href":"https:\/\/catholiques17.fr\/nieul\/wp-json\/wp\/v2\/tribe_events_cat?post=10512"}],"curies":[{"name":"wp","href":"https:\/\/api.w.org\/{rel}","templated":true}]}}