{"id":10510,"date":"2025-10-20T16:29:05","date_gmt":"2025-10-20T14:29:05","guid":{"rendered":"https:\/\/catholiques17.fr\/nieul\/?post_type=tribe_events&#038;p=10510"},"modified":"2025-10-20T16:29:05","modified_gmt":"2025-10-20T14:29:05","slug":"messe-de-la-toussaint-4","status":"publish","type":"tribe_events","link":"https:\/\/catholiques17.fr\/nieul\/event\/messe-de-la-toussaint-4\/","title":{"rendered":"Messe de la Toussaint"},"content":{"rendered":"<p>Comme son nom l\u2019indique, la\u00a0Toussaint\u00a0est la f\u00eate de tous les saints. <strong>Chaque 1er novembre, l\u2019\u00c9glise honore ainsi la foule innombrable de ceux et celles qui ont \u00e9t\u00e9 de vivants et lumineux t\u00e9moins du Christ.<\/strong><\/p>\n<p>Si un certain nombre d\u2019entre eux ont \u00e9t\u00e9 officiellement reconnus, \u00e0 l\u2019issue d\u2019une proc\u00e9dure dite de \u00ab canonisation \u00bb, et nous sont donn\u00e9s en mod\u00e8les, l\u2019\u00c9glise sait bien que beaucoup d\u2019autres ont \u00e9galement v\u00e9cu dans la fid\u00e9lit\u00e9 \u00e0 l\u2019\u00c9vangile et au service de tous. C\u2019est bien pourquoi, en ce jour de la Toussaint, les chr\u00e9tiens c\u00e9l\u00e8brent tous les saints, connus ou inconnus.<\/p>\n<p>Deux c\u00e9l\u00e9brations sont r\u00e9vues ce jour l\u00e0 dans notre paroisse :<\/p>\n<ul>\n<li>9h30 \u00e0 l&rsquo;Houmeau<\/li>\n<li>11h \u00e0 Nieul sur mer<\/li>\n<\/ul>\n","protected":false},"excerpt":{"rendered":"<p>Comme son nom l\u2019indique, la\u00a0Toussaint\u00a0est la f\u00eate de tous les saints. Chaque 1er novembre, l\u2019\u00c9glise honore ainsi la foule innombrable de ceux et celles qui ont \u00e9t\u00e9 de vivants et [&hellip;]<\/p>\n","protected":false},"author":4,"featured_media":10508,"template":"","meta":{"_et_pb_use_builder":"","_et_pb_old_content":"","_et_gb_content_width":"","_tribe_events_status":"","_tribe_events_status_reason":"","footnotes":""},"tags":[],"tribe_events_cat":[],"class_list":["post-10510","tribe_events","type-tribe_events","status-publish","has-post-thumbnail","hentry"],"_links":{"self":[{"href":"https:\/\/catholiques17.fr\/nieul\/wp-json\/wp\/v2\/tribe_events\/10510","targetHints":{"allow":["GET"]}}],"collection":[{"href":"https:\/\/catholiques17.fr\/nieul\/wp-json\/wp\/v2\/tribe_events"}],"about":[{"href":"https:\/\/catholiques17.fr\/nieul\/wp-json\/wp\/v2\/types\/tribe_events"}],"author":[{"embeddable":true,"href":"https:\/\/catholiques17.fr\/nieul\/wp-json\/wp\/v2\/users\/4"}],"version-history":[{"count":1,"href":"https:\/\/catholiques17.fr\/nieul\/wp-json\/wp\/v2\/tribe_events\/10510\/revisions"}],"predecessor-version":[{"id":10511,"href":"https:\/\/catholiques17.fr\/nieul\/wp-json\/wp\/v2\/tribe_events\/10510\/revisions\/10511"}],"wp:featuredmedia":[{"embeddable":true,"href":"https:\/\/catholiques17.fr\/nieul\/wp-json\/wp\/v2\/media\/10508"}],"wp:attachment":[{"href":"https:\/\/catholiques17.fr\/nieul\/wp-json\/wp\/v2\/media?parent=10510"}],"wp:term":[{"taxonomy":"post_tag","embeddable":true,"href":"https:\/\/catholiques17.fr\/nieul\/wp-json\/wp\/v2\/tags?post=10510"},{"taxonomy":"tribe_events_cat","embeddable":true,"href":"https:\/\/catholiques17.fr\/nieul\/wp-json\/wp\/v2\/tribe_events_cat?post=10510"}],"curies":[{"name":"wp","href":"https:\/\/api.w.org\/{rel}","templated":true}]}}