{"id":6604,"date":"2021-12-27T09:22:34","date_gmt":"2021-12-27T08:22:34","guid":{"rendered":"https:\/\/catholiques17.fr\/nieul\/?page_id=6604"},"modified":"2025-10-07T09:11:50","modified_gmt":"2025-10-07T07:11:50","slug":"cate-aumonerie","status":"publish","type":"page","link":"https:\/\/catholiques17.fr\/nieul\/vie-chretienne\/cate-aumonerie\/","title":{"rendered":"Cat\u00e9\/Aum\u00f4nerie"},"content":{"rendered":"<p>[et_pb_section fb_built=\u00a0\u00bb1&Prime; _builder_version=\u00a0\u00bb4.16&Prime; _module_preset=\u00a0\u00bbdefault\u00a0\u00bb custom_padding=\u00a0\u00bb4px|||||\u00a0\u00bb global_colors_info=\u00a0\u00bb{}\u00a0\u00bb theme_builder_area=\u00a0\u00bbpost_content\u00a0\u00bb][et_pb_row _builder_version=\u00a0\u00bb4.27.4&Prime; _module_preset=\u00a0\u00bbdefault\u00a0\u00bb global_colors_info=\u00a0\u00bb{}\u00a0\u00bb theme_builder_area=\u00a0\u00bbpost_content\u00a0\u00bb][et_pb_column type=\u00a0\u00bb4_4&Prime; _builder_version=\u00a0\u00bb4.27.4&Prime; _module_preset=\u00a0\u00bbdefault\u00a0\u00bb global_colors_info=\u00a0\u00bb{}\u00a0\u00bb theme_builder_area=\u00a0\u00bbpost_content\u00a0\u00bb][et_pb_image src=\u00a0\u00bbhttps:\/\/catholiques17.fr\/nieul\/wp-content\/uploads\/sites\/29\/2025\/09\/Cate.jpg\u00a0\u00bb title_text=\u00a0\u00bbCate\u0301\u00a0\u00bb align=\u00a0\u00bbcenter\u00a0\u00bb force_fullwidth=\u00a0\u00bbon\u00a0\u00bb _builder_version=\u00a0\u00bb4.27.4&Prime; _module_preset=\u00a0\u00bbdefault\u00a0\u00bb global_colors_info=\u00a0\u00bb{}\u00a0\u00bb theme_builder_area=\u00a0\u00bbpost_content\u00a0\u00bb][\/et_pb_image][\/et_pb_column][\/et_pb_row][et_pb_row _builder_version=\u00a0\u00bb4.16&Prime; _module_preset=\u00a0\u00bbdefault\u00a0\u00bb custom_padding=\u00a0\u00bb0px|||||\u00a0\u00bb global_colors_info=\u00a0\u00bb{}\u00a0\u00bb theme_builder_area=\u00a0\u00bbpost_content\u00a0\u00bb][et_pb_column type=\u00a0\u00bb4_4&Prime; _builder_version=\u00a0\u00bb4.16&Prime; _module_preset=\u00a0\u00bbdefault\u00a0\u00bb global_colors_info=\u00a0\u00bb{}\u00a0\u00bb theme_builder_area=\u00a0\u00bbpost_content\u00a0\u00bb][et_pb_text _builder_version=\u00a0\u00bb4.27.4&Prime; _module_preset=\u00a0\u00bbdefault\u00a0\u00bb custom_margin=\u00a0\u00bb||6px|||\u00a0\u00bb global_colors_info=\u00a0\u00bb{}\u00a0\u00bb theme_builder_area=\u00a0\u00bbpost_content\u00a0\u00bb]<\/p>\n<h3 style=\"text-align: center;\">La cat\u00e9ch\u00e8se est propos\u00e9e\u00a0<strong>aux enfants de maternelle et du primaire<\/strong>\u00a0:<\/h3>\n<p>&nbsp;<\/p>\n<ul>\n<li><strong>\u00e9veil \u00e0 la foi, pour les 4-7 ans<\/strong> : l\u2019enfant d\u00e9couvre J\u00e9sus avec ses parents et pendant les messes des familles \u00e0 Lagord (voir calendrier en page d\u2019accueil).<\/li>\n<li><strong>A partir du CE2<\/strong>, les enfants peuvent rejoindre un groupe de <strong>cat\u00e9ch\u00e8se<\/strong> pour d\u00e9couvrir qui est J\u00e9sus, \u00e9couter la Parole de Dieu, prier, c\u00e9l\u00e9brer avec d\u2019autres\u00a0:<\/li>\n<\/ul>\n<div align=\"justify\"><\/div>\n<p>[\/et_pb_text][et_pb_text _builder_version=\u00a0\u00bb4.27.4&Prime; _module_preset=\u00a0\u00bbdefault\u00a0\u00bb custom_margin=\u00a0\u00bb||-6px|||\u00a0\u00bb hover_enabled=\u00a0\u00bb0&Prime; global_colors_info=\u00a0\u00bb{}\u00a0\u00bb theme_builder_area=\u00a0\u00bbpost_content\u00a0\u00bb sticky_enabled=\u00a0\u00bb0&Prime;]<\/p>\n<p style=\"text-align: left;\"><strong>Pour le cat\u00e9, deux cr\u00e9neaux AU CHOIX : <\/strong>mercredi 17h-18h \u00e0 Nieul sur Mer &#8211;\u00a0jeudi 17h30-18h30 Lagord<\/p>\n<p>&nbsp;<\/p>\n<p>[\/et_pb_text][\/et_pb_column][\/et_pb_row][et_pb_row _builder_version=\u00a0\u00bb4.21.0&Prime; _module_preset=\u00a0\u00bbdefault\u00a0\u00bb custom_margin=\u00a0\u00bb|auto|25px|auto||\u00a0\u00bb global_colors_info=\u00a0\u00bb{}\u00a0\u00bb theme_builder_area=\u00a0\u00bbpost_content\u00a0\u00bb custom_padding=\u00a0\u00bb8px|||||\u00a0\u00bb][et_pb_column type=\u00a0\u00bb4_4&Prime; _builder_version=\u00a0\u00bb4.21.0&Prime; _module_preset=\u00a0\u00bbdefault\u00a0\u00bb global_colors_info=\u00a0\u00bb{}\u00a0\u00bb theme_builder_area=\u00a0\u00bbpost_content\u00a0\u00bb][et_pb_text _builder_version=\u00a0\u00bb4.27.4&Prime; _module_preset=\u00a0\u00bbdefault\u00a0\u00bb background_color=\u00a0\u00bbrgba(196,82,41,0.71)\u00a0\u00bb custom_padding=\u00a0\u00bb|10px||10px|false|true\u00a0\u00bb custom_padding_tablet=\u00a0\u00bb|10px||10px|false|true\u00a0\u00bb custom_padding_phone=\u00a0\u00bb|10px||10px|false|true\u00a0\u00bb custom_padding_last_edited=\u00a0\u00bbon|desktop\u00a0\u00bb global_colors_info=\u00a0\u00bb{}\u00a0\u00bb theme_builder_area=\u00a0\u00bbpost_content\u00a0\u00bb]<\/p>\n<p>&nbsp;<\/p>\n<h2 style=\"text-align: center;\"><span style=\"text-decoration: underline;\"><strong><span style=\"color: #ffffff; text-decoration: underline;\">INSCRIPTIONS 2025 &#8211; 2026<br \/><\/span><\/strong><\/span><\/h2>\n<p><span style=\"text-decoration: underline;\"><strong><span style=\"color: #ffffff; text-decoration: underline;\"><\/span><\/strong><\/span><\/p>\n<p style=\"text-align: center;\"><span style=\"color: #ffffff;\">Pour inscrire vos enfants au cat\u00e9, rien de plus simple, il suffit de cliquer\u00a0 <a href=\"https:\/\/forms.gle\/MDcQrNUKAYKUtAX68\" style=\"color: #ffffff;\"><span style=\"text-decoration: underline;\"><strong>ICI<\/strong><\/span><strong>\u00a0<\/strong><\/a>\u00a0<\/span><span style=\"color: #ffffff;\"><\/span><\/p>\n<p style=\"text-align: center;\"><span style=\"color: #ffffff;\"><strong>Les inscriptions restent possibles tout au long de l\u2019ann\u00e9e.<\/strong><\/span><\/p>\n<p style=\"text-align: center;\"><span style=\"color: #ffffff;\">N\u2019h\u00e9sitez pas \u00e0 nous contacter au 05 46 37 40 29 et \u00e0 laisser un message avec vos noms et coordonn\u00e9es t\u00e9l\u00e9phoniques ou nous envoyer un mail \u00e0\u00a0<a href=\"mailto:psaintgabriel.17@gmail.com\" style=\"color: #ffffff;\"><strong>psaintgabriel.17@gmail.com<\/strong><\/a><\/span><\/p>\n<p style=\"text-align: center;\"><strong><span style=\"color: #ffffff;\"><span style=\"text-decoration: underline;\"><\/span><\/span><\/strong><\/p>\n<p style=\"text-align: center;\">[\/et_pb_text][\/et_pb_column][\/et_pb_row][et_pb_row _builder_version=\u00a0\u00bb4.27.4&Prime; _module_preset=\u00a0\u00bbdefault\u00a0\u00bb global_colors_info=\u00a0\u00bb{}\u00a0\u00bb theme_builder_area=\u00a0\u00bbpost_content\u00a0\u00bb][et_pb_column type=\u00a0\u00bb4_4&Prime; _builder_version=\u00a0\u00bb4.27.4&Prime; _module_preset=\u00a0\u00bbdefault\u00a0\u00bb global_colors_info=\u00a0\u00bb{}\u00a0\u00bb theme_builder_area=\u00a0\u00bbpost_content\u00a0\u00bb][et_pb_divider color=\u00a0\u00bbrgba(10,98,132,0.48)\u00a0\u00bb divider_weight=\u00a0\u00bb4px\u00a0\u00bb _builder_version=\u00a0\u00bb4.27.4&Prime; _module_preset=\u00a0\u00bbdefault\u00a0\u00bb global_colors_info=\u00a0\u00bb{}\u00a0\u00bb theme_builder_area=\u00a0\u00bbpost_content\u00a0\u00bb][\/et_pb_divider][\/et_pb_column][\/et_pb_row][et_pb_row _builder_version=\u00a0\u00bb4.16&Prime; _module_preset=\u00a0\u00bbdefault\u00a0\u00bb custom_margin=\u00a0\u00bb25px|auto||auto||\u00a0\u00bb custom_padding=\u00a0\u00bb0px|||||\u00a0\u00bb global_colors_info=\u00a0\u00bb{}\u00a0\u00bb theme_builder_area=\u00a0\u00bbpost_content\u00a0\u00bb][et_pb_column type=\u00a0\u00bb4_4&Prime; _builder_version=\u00a0\u00bb4.16&Prime; _module_preset=\u00a0\u00bbdefault\u00a0\u00bb global_colors_info=\u00a0\u00bb{}\u00a0\u00bb theme_builder_area=\u00a0\u00bbpost_content\u00a0\u00bb][et_pb_image src=\u00a0\u00bbhttps:\/\/catholiques17.fr\/nieul\/wp-content\/uploads\/sites\/29\/2021\/12\/Bandeau-IMG_1025-retouche\u0301e-1024&#215;500-1.jpg\u00a0\u00bb title_text=\u00a0\u00bbBandeau-IMG_1025-retouche\u0301e-1024&#215;500-1&Prime; force_fullwidth=\u00a0\u00bbon\u00a0\u00bb _builder_version=\u00a0\u00bb4.16&Prime; _module_preset=\u00a0\u00bbdefault\u00a0\u00bb max_height_tablet=\u00a0\u00bb\u00a0\u00bb max_height_phone=\u00a0\u00bb\u00a0\u00bb max_height_last_edited=\u00a0\u00bbon|desktop\u00a0\u00bb custom_padding=\u00a0\u00bb9px||||false|false\u00a0\u00bb custom_padding_tablet=\u00a0\u00bb\u00a0\u00bb custom_padding_phone=\u00a0\u00bb\u00a0\u00bb custom_padding_last_edited=\u00a0\u00bbon|desktop\u00a0\u00bb border_radii=\u00a0\u00bbon|20px|20px|20px|20px\u00a0\u00bb global_colors_info=\u00a0\u00bb{}\u00a0\u00bb theme_builder_area=\u00a0\u00bbpost_content\u00a0\u00bb][\/et_pb_image][\/et_pb_column][\/et_pb_row][et_pb_row _builder_version=\u00a0\u00bb4.27.4&Prime; _module_preset=\u00a0\u00bbdefault\u00a0\u00bb global_colors_info=\u00a0\u00bb{}\u00a0\u00bb theme_builder_area=\u00a0\u00bbpost_content\u00a0\u00bb][et_pb_column type=\u00a0\u00bb4_4&Prime; _builder_version=\u00a0\u00bb4.27.4&Prime; _module_preset=\u00a0\u00bbdefault\u00a0\u00bb global_colors_info=\u00a0\u00bb{}\u00a0\u00bb theme_builder_area=\u00a0\u00bbpost_content\u00a0\u00bb][et_pb_text _builder_version=\u00a0\u00bb4.27.4&Prime; _module_preset=\u00a0\u00bbdefault\u00a0\u00bb global_colors_info=\u00a0\u00bb{}\u00a0\u00bb theme_builder_area=\u00a0\u00bbpost_content\u00a0\u00bb]<\/p>\n<p>Fond\u00e9e sur l\u2019\u00e9vangile,\u00a0<strong>l\u2019aum\u00f4nerie des coll\u00e9giens et des lyc\u00e9ens <\/strong>aide les jeunes \u00e0 se construire, \u00e0 grandir humainement et spirituellement avec un accompagnement sur toutes les dimensions de leur vie.<\/p>\n<p>Notre paroisse se rattache \u00e0 l&rsquo;aum\u00f4nerie du doyenn\u00e9 qui se d\u00e9roule le vendredi soir, tous les 15 jours, en p\u00e9riode scolaire \u00e0 l&rsquo;\u00e9glise Sainte Jeanne d&rsquo;Arc de F\u00e9tilly.\u00a0L&rsquo;aum\u00f4nerie commence le 26 septembre 2025.\u00a0<\/p>\n<p>Pour ce qui est de l\u2019horaire :\u00a0<\/p>\n<ul>\n<li>Coll\u00e8ge : 17h30-20h<\/li>\n<li>Lyc\u00e9e : 19h-21h30<\/li>\n<\/ul>\n<p>Etant donn\u00e9 que pour certain il est difficile d&rsquo;amener les enfants \u00e0 F\u00e9tilly, il est propos\u00e9 la possibilit\u00e9 de covoiturer pour l\u2019aller : d\u00e9part de l&rsquo;\u00e9glise de Nieul \u00e0 17h20 et ramassage \u00e0 l&rsquo;\u00e9glise de Lagord \u00e0 17h25.<\/p>\n<p>&nbsp;<\/p>\n<p style=\"text-align: center;\"><strong>Si vous \u00eates int\u00e9ress\u00e9, vous pouvez envoyer un mail \u00e0\u00a0<\/strong><a href=\"mailto:psaintgabriel.17@gmail.com\"><strong>psaintgabriel.17@gmail.com<\/strong><\/a><strong>, <\/strong><\/p>\n<p style=\"text-align: center;\"><strong>pr\u00e9cisant si vous avez besoin du covoiturage.\u00a0<\/strong><\/p>\n<p>[\/et_pb_text][\/et_pb_column][\/et_pb_row][et_pb_row _builder_version=\u00a0\u00bb4.27.4&Prime; _module_preset=\u00a0\u00bbdefault\u00a0\u00bb background_color=\u00a0\u00bbrgba(196,82,41,0.71)\u00a0\u00bb custom_padding=\u00a0\u00bb|5px||5px|false|false\u00a0\u00bb border_radii=\u00a0\u00bbon|10px|10px|10px|10px\u00a0\u00bb global_colors_info=\u00a0\u00bb{}\u00a0\u00bb theme_builder_area=\u00a0\u00bbpost_content\u00a0\u00bb][et_pb_column type=\u00a0\u00bb4_4&Prime; _builder_version=\u00a0\u00bb4.16&Prime; _module_preset=\u00a0\u00bbdefault\u00a0\u00bb global_colors_info=\u00a0\u00bb{}\u00a0\u00bb theme_builder_area=\u00a0\u00bbpost_content\u00a0\u00bb][et_pb_text _builder_version=\u00a0\u00bb4.17.6&Prime; _module_preset=\u00a0\u00bbdefault\u00a0\u00bb global_colors_info=\u00a0\u00bb{}\u00a0\u00bb theme_builder_area=\u00a0\u00bbpost_content\u00a0\u00bb]<\/p>\n<p style=\"text-align: center;\"><span style=\"color: #ffffff;\">Le service dioc\u00e9sain de la pastorale des jeunes propose des camps, p\u00e8lerinages et autres rassemblements <\/span><\/p>\n<p style=\"text-align: center;\"><span style=\"color: #ffffff;\">tout au long de l&rsquo;ann\u00e9e. Suivez l&rsquo;actualit\u00e9 des jeunes sur leur site<\/span> <a href=\"https:\/\/jeunes17.fr\/\" target=\"_blank\" rel=\"noopener\"><span style=\"text-decoration: underline; color: #ffffff;\"><strong>jeunes17.fr<\/strong><\/span><\/a><\/p>\n<p>[\/et_pb_text][\/et_pb_column][\/et_pb_row][\/et_pb_section]<\/p>\n","protected":false},"excerpt":{"rendered":"<p>La cat\u00e9ch\u00e8se est propos\u00e9e\u00a0aux enfants de maternelle et du primaire\u00a0: &nbsp; \u00e9veil \u00e0 la foi, pour les 4-7 ans : l\u2019enfant d\u00e9couvre J\u00e9sus avec ses parents et pendant les messes [&hellip;]<\/p>\n","protected":false},"author":4,"featured_media":0,"parent":6602,"menu_order":0,"comment_status":"closed","ping_status":"closed","template":"","meta":{"_et_pb_use_builder":"on","_et_pb_old_content":"","_et_gb_content_width":"","footnotes":""},"class_list":["post-6604","page","type-page","status-publish","hentry"],"_links":{"self":[{"href":"https:\/\/catholiques17.fr\/nieul\/wp-json\/wp\/v2\/pages\/6604","targetHints":{"allow":["GET"]}}],"collection":[{"href":"https:\/\/catholiques17.fr\/nieul\/wp-json\/wp\/v2\/pages"}],"about":[{"href":"https:\/\/catholiques17.fr\/nieul\/wp-json\/wp\/v2\/types\/page"}],"author":[{"embeddable":true,"href":"https:\/\/catholiques17.fr\/nieul\/wp-json\/wp\/v2\/users\/4"}],"replies":[{"embeddable":true,"href":"https:\/\/catholiques17.fr\/nieul\/wp-json\/wp\/v2\/comments?post=6604"}],"version-history":[{"count":29,"href":"https:\/\/catholiques17.fr\/nieul\/wp-json\/wp\/v2\/pages\/6604\/revisions"}],"predecessor-version":[{"id":10490,"href":"https:\/\/catholiques17.fr\/nieul\/wp-json\/wp\/v2\/pages\/6604\/revisions\/10490"}],"up":[{"embeddable":true,"href":"https:\/\/catholiques17.fr\/nieul\/wp-json\/wp\/v2\/pages\/6602"}],"wp:attachment":[{"href":"https:\/\/catholiques17.fr\/nieul\/wp-json\/wp\/v2\/media?parent=6604"}],"curies":[{"name":"wp","href":"https:\/\/api.w.org\/{rel}","templated":true}]}}