{"id":10803,"date":"2026-01-08T10:18:41","date_gmt":"2026-01-08T09:18:41","guid":{"rendered":"https:\/\/catholiques17.fr\/nieul\/?page_id=10803"},"modified":"2026-01-08T11:17:04","modified_gmt":"2026-01-08T10:17:04","slug":"catechese-jeunes-adultes","status":"publish","type":"page","link":"https:\/\/catholiques17.fr\/nieul\/vie-chretienne\/catechese-jeunes-adultes\/","title":{"rendered":"Cat\u00e9ch\u00e8se jeunes\/adultes"},"content":{"rendered":"<p>[et_pb_section fb_built=\u00a0\u00bb1&Prime; theme_builder_area=\u00a0\u00bbpost_content\u00a0\u00bb _builder_version=\u00a0\u00bb4.27.4&Prime; _module_preset=\u00a0\u00bbdefault\u00a0\u00bb custom_padding=\u00a0\u00bb6px|||||\u00a0\u00bb][et_pb_row _builder_version=\u00a0\u00bb4.27.4&Prime; _module_preset=\u00a0\u00bbdefault\u00a0\u00bb theme_builder_area=\u00a0\u00bbpost_content\u00a0\u00bb custom_padding=\u00a0\u00bb1px|||||\u00a0\u00bb][et_pb_column _builder_version=\u00a0\u00bb4.27.4&Prime; _module_preset=\u00a0\u00bbdefault\u00a0\u00bb type=\u00a0\u00bb4_4&Prime; theme_builder_area=\u00a0\u00bbpost_content\u00a0\u00bb][et_pb_image src=\u00a0\u00bbhttps:\/\/catholiques17.fr\/nieul\/wp-content\/uploads\/sites\/29\/2026\/01\/cross-2464934_1280.jpg\u00a0\u00bb _builder_version=\u00a0\u00bb4.27.4&Prime; _module_preset=\u00a0\u00bbdefault\u00a0\u00bb theme_builder_area=\u00a0\u00bbpost_content\u00a0\u00bb title_text=\u00a0\u00bbcross-2464934_1280&Prime; hover_enabled=\u00a0\u00bb0&Prime; sticky_enabled=\u00a0\u00bb0&Prime;][\/et_pb_image][\/et_pb_column][\/et_pb_row][et_pb_row _builder_version=\u00a0\u00bb4.27.4&Prime; _module_preset=\u00a0\u00bbdefault\u00a0\u00bb theme_builder_area=\u00a0\u00bbpost_content\u00a0\u00bb][et_pb_column _builder_version=\u00a0\u00bb4.27.4&Prime; _module_preset=\u00a0\u00bbdefault\u00a0\u00bb type=\u00a0\u00bb4_4&Prime; theme_builder_area=\u00a0\u00bbpost_content\u00a0\u00bb][et_pb_text _builder_version=\u00a0\u00bb4.27.4&Prime; _module_preset=\u00a0\u00bbdefault\u00a0\u00bb theme_builder_area=\u00a0\u00bbpost_content\u00a0\u00bb hover_enabled=\u00a0\u00bb0&Prime; sticky_enabled=\u00a0\u00bb0&Prime;]<\/p>\n<p><strong>Une initiation chr\u00e9tienne<\/strong><\/p>\n<p>A la paroisse Saint Gabriel se donne une cat\u00e9ch\u00e8se pour les adultes et les jeunes (\u00e0 partir de 14 ans).<\/p>\n<p>Ce ne sont ni des cours, ni des conf\u00e9rences didactiques mais une rencontre existentielle avec notre Seigneur J\u00e9sus-Christ qui est vivant, ressuscit\u00e9, pr\u00e9sent dans son Eglise \u00e0 travers la pr\u00e9dication.\u00a0Cette cat\u00e9ch\u00e8se est destin\u00e9e \u00e0 grandir dans la foi. Elle est une des modalit\u00e9s dioc\u00e9saines de l\u2019initiation chr\u00e9tienne et de la formation continue \u00e0 la foi.<\/p>\n<p>C\u2019est pourquoi les catholiques pratiquants sont invit\u00e9s \u00e0 ces rencontres.<\/p>\n<p>Pour autant, cette cat\u00e9ch\u00e8se ne pr\u00e9suppose rien. C\u2019est pourquoi un adulte ou un jeune n\u2019ayant pas la foi \u2013 ou non baptis\u00e9 \u2013 peut \u00e9couter la cat\u00e9ch\u00e8se et \u00eatre touch\u00e9 par l\u2019annonce de l\u2019amour et de la mis\u00e9ricorde de Dieu pour lui. Ces rencontres sont donc ouvertes \u00e0 toute personne, baptis\u00e9e ou non-baptis\u00e9e, catholique ou d\u2019une autre confession chr\u00e9tienne ou d\u2019une autre religion, croyante, agnostique ou ath\u00e9e, car toute personne peut conna\u00eetre J\u00e9sus-Christ.<\/p>\n<p>\u00ab\u00a0La foi vient par l\u2019\u00e9coute de la pr\u00e9dication du k\u00e9rygme, de la Bonne Nouvelle \u00bb. Rm 10,17 (Kerygma en grec signifie \u00ab Bonne Nouvelle \u00bb)<\/p>\n<p>[\/et_pb_text][\/et_pb_column][\/et_pb_row][et_pb_row _builder_version=\u00a0\u00bb4.27.4&Prime; _module_preset=\u00a0\u00bbdefault\u00a0\u00bb theme_builder_area=\u00a0\u00bbpost_content\u00a0\u00bb][et_pb_column _builder_version=\u00a0\u00bb4.27.4&Prime; _module_preset=\u00a0\u00bbdefault\u00a0\u00bb type=\u00a0\u00bb4_4&Prime; theme_builder_area=\u00a0\u00bbpost_content\u00a0\u00bb][et_pb_text _builder_version=\u00a0\u00bb4.27.4&Prime; _module_preset=\u00a0\u00bbdefault\u00a0\u00bb theme_builder_area=\u00a0\u00bbpost_content\u00a0\u00bb hover_enabled=\u00a0\u00bb0&Prime; sticky_enabled=\u00a0\u00bb0&Prime;]<\/p>\n<p><strong>Un itin\u00e9raire sur deux mois<\/strong><\/p>\n<p>Cet itin\u00e9raire liturgico-cat\u00e9ch\u00e9tique se d\u00e9roule sur deux mois, habituellement les lundi et jeudi soir de chaque semaine. Les rencontres sont anim\u00e9es par une \u00e9quipe de cat\u00e9chistes r\u00e9unie autour du cur\u00e9 ou de son vicaire.<\/p>\n<p>Elles sont libres et gratuites. Il n\u2019y a pas besoin de s\u2019inscrire.\u00a0Il n\u2019y a pas non plus d\u2019engagement : \u00e9videmment, nous vous encourageons \u00e0 suivre le cycle entier car la cat\u00e9ch\u00e8se est une construction, cependant chaque rencontre est ind\u00e9pendante et il n\u2019y a pas besoin d\u2019assister syst\u00e9matiquement \u00e0 toutes ; de m\u00eame, il est possible de la rejoindre en cours de route, m\u00eame en ayant manqu\u00e9 les premi\u00e8res s\u00e9ances.<\/p>\n<p>Ces cat\u00e9ch\u00e8ses ont lieu, si possible, une fois par an, g\u00e9n\u00e9ralement \u00e0 l\u2019automne ou en janvier \u00e0 une date communiqu\u00e9e sur ce site ainsi que par une banderole sur la fa\u00e7ade de l\u2019\u00e9glise.<\/p>\n<p>[\/et_pb_text][\/et_pb_column][\/et_pb_row][et_pb_row _builder_version=\u00a0\u00bb4.27.4&Prime; _module_preset=\u00a0\u00bbdefault\u00a0\u00bb theme_builder_area=\u00a0\u00bbpost_content\u00a0\u00bb background_color=\u00a0\u00bb#FF8C00&Prime; hover_enabled=\u00a0\u00bb0&Prime; sticky_enabled=\u00a0\u00bb0&Prime;][et_pb_column _builder_version=\u00a0\u00bb4.27.4&Prime; _module_preset=\u00a0\u00bbdefault\u00a0\u00bb type=\u00a0\u00bb4_4&Prime; theme_builder_area=\u00a0\u00bbpost_content\u00a0\u00bb][et_pb_text _builder_version=\u00a0\u00bb4.27.4&Prime; _module_preset=\u00a0\u00bbdefault\u00a0\u00bb theme_builder_area=\u00a0\u00bbpost_content\u00a0\u00bb hover_enabled=\u00a0\u00bb0&Prime; sticky_enabled=\u00a0\u00bb0&Prime; custom_padding_last_edited=\u00a0\u00bbon|desktop\u00a0\u00bb custom_padding=\u00a0\u00bb20px|20px|20px|20px|true|true\u00a0\u00bb custom_padding_tablet=\u00a0\u00bb20px|20px|20px|20px|true|true\u00a0\u00bb custom_padding_phone=\u00a0\u00bb20px|20px|20px|20px|true|true\u00a0\u00bb]<\/p>\n<p style=\"text-align: justify;\"><span style=\"color: #ffffff;\"><strong>Cette ann\u00e9e, les rencontres auront lieu les lundis et jeudis soir, \u00e0 19 h 30,\u00a0<\/strong><strong>\u00e0 partir du 19 janvier 2026,\u00a0<\/strong><strong>\u00e0 l\u2019\u00e9glise Notre Dame de L\u2019Assomption de Lagord. <\/strong>Vous pouvez passer par l\u2019\u00e9glise, ou garer dans la cour du 5 rue du cimeti\u00e8re et rentrer par la porte arri\u00e8re qui am\u00e8nes aux salles et aux toilettes.<\/span><\/p>\n<p style=\"text-align: center;\"><span style=\"color: #ffffff;\"><strong>Contact\u00a0:<\/strong> P. Danijel MLADINEO 07 68 14 33 48 et Manuel VELAZQUEZ 07 83 56 15 21<\/span><\/p>\n<p>[\/et_pb_text][\/et_pb_column][\/et_pb_row][\/et_pb_section]<\/p>\n","protected":false},"excerpt":{"rendered":"<p>Une initiation chr\u00e9tienne A la paroisse Saint Gabriel se donne une cat\u00e9ch\u00e8se pour les adultes et les jeunes (\u00e0 partir de 14 ans). Ce ne sont ni des cours, ni [&hellip;]<\/p>\n","protected":false},"author":4,"featured_media":0,"parent":6602,"menu_order":0,"comment_status":"closed","ping_status":"closed","template":"","meta":{"_et_pb_use_builder":"on","_et_pb_old_content":"","_et_gb_content_width":"","footnotes":""},"class_list":["post-10803","page","type-page","status-publish","hentry"],"_links":{"self":[{"href":"https:\/\/catholiques17.fr\/nieul\/wp-json\/wp\/v2\/pages\/10803","targetHints":{"allow":["GET"]}}],"collection":[{"href":"https:\/\/catholiques17.fr\/nieul\/wp-json\/wp\/v2\/pages"}],"about":[{"href":"https:\/\/catholiques17.fr\/nieul\/wp-json\/wp\/v2\/types\/page"}],"author":[{"embeddable":true,"href":"https:\/\/catholiques17.fr\/nieul\/wp-json\/wp\/v2\/users\/4"}],"replies":[{"embeddable":true,"href":"https:\/\/catholiques17.fr\/nieul\/wp-json\/wp\/v2\/comments?post=10803"}],"version-history":[{"count":4,"href":"https:\/\/catholiques17.fr\/nieul\/wp-json\/wp\/v2\/pages\/10803\/revisions"}],"predecessor-version":[{"id":10811,"href":"https:\/\/catholiques17.fr\/nieul\/wp-json\/wp\/v2\/pages\/10803\/revisions\/10811"}],"up":[{"embeddable":true,"href":"https:\/\/catholiques17.fr\/nieul\/wp-json\/wp\/v2\/pages\/6602"}],"wp:attachment":[{"href":"https:\/\/catholiques17.fr\/nieul\/wp-json\/wp\/v2\/media?parent=10803"}],"curies":[{"name":"wp","href":"https:\/\/api.w.org\/{rel}","templated":true}]}}