{"id":5844,"date":"2023-03-16T15:15:34","date_gmt":"2023-03-16T14:15:34","guid":{"rendered":"https:\/\/catholiques17.fr\/montlieu\/?page_id=5844"},"modified":"2023-03-23T14:49:55","modified_gmt":"2023-03-23T13:49:55","slug":"eglise-st-vincent-a-montguyon","status":"publish","type":"page","link":"https:\/\/catholiques17.fr\/montlieu\/eglise-st-vincent-a-montguyon\/","title":{"rendered":"Eglise St Vincent \u00e0 Montguyon"},"content":{"rendered":"<p>[et_pb_section fb_built=\u00a0\u00bb1&Prime; _builder_version=\u00a0\u00bb4.17.6&Prime; _module_preset=\u00a0\u00bbdefault\u00a0\u00bb custom_padding=\u00a0\u00bb8px|||||\u00a0\u00bb global_colors_info=\u00a0\u00bb{}\u00a0\u00bb theme_builder_area=\u00a0\u00bbet_body_layout\u00a0\u00bb][et_pb_row _builder_version=\u00a0\u00bb4.17.6&Prime; _module_preset=\u00a0\u00bbdefault\u00a0\u00bb custom_padding=\u00a0\u00bb14px|||||\u00a0\u00bb global_colors_info=\u00a0\u00bb{}\u00a0\u00bb theme_builder_area=\u00a0\u00bbet_body_layout\u00a0\u00bb][et_pb_column type=\u00a0\u00bb4_4&Prime; _builder_version=\u00a0\u00bb4.17.6&Prime; _module_preset=\u00a0\u00bbdefault\u00a0\u00bb global_colors_info=\u00a0\u00bb{}\u00a0\u00bb theme_builder_area=\u00a0\u00bbet_body_layout\u00a0\u00bb][et_pb_image src=\u00a0\u00bbhttps:\/\/catholiques17.fr\/montlieu\/wp-content\/uploads\/sites\/22\/2023\/03\/254_01.jpg\u00a0\u00bb title_text=\u00a0\u00bb254_01&Prime; align=\u00a0\u00bbcenter\u00a0\u00bb _builder_version=\u00a0\u00bb4.17.6&Prime; _module_preset=\u00a0\u00bbdefault\u00a0\u00bb animation_style=\u00a0\u00bbslide\u00a0\u00bb hover_enabled=\u00a0\u00bb0&Prime; border_radii=\u00a0\u00bbon|20px|20px|20px|20px\u00a0\u00bb global_colors_info=\u00a0\u00bb{}\u00a0\u00bb theme_builder_area=\u00a0\u00bbet_body_layout\u00a0\u00bb sticky_enabled=\u00a0\u00bb0&Prime;][\/et_pb_image][\/et_pb_column][\/et_pb_row][et_pb_row _builder_version=\u00a0\u00bb4.17.6&Prime; _module_preset=\u00a0\u00bbdefault\u00a0\u00bb global_colors_info=\u00a0\u00bb{}\u00a0\u00bb theme_builder_area=\u00a0\u00bbet_body_layout\u00a0\u00bb][et_pb_column type=\u00a0\u00bb4_4&Prime; _builder_version=\u00a0\u00bb4.17.6&Prime; _module_preset=\u00a0\u00bbdefault\u00a0\u00bb global_colors_info=\u00a0\u00bb{}\u00a0\u00bb theme_builder_area=\u00a0\u00bbet_body_layout\u00a0\u00bb][et_pb_text _builder_version=\u00a0\u00bb4.17.6&Prime; _module_preset=\u00a0\u00bbdefault\u00a0\u00bb hover_enabled=\u00a0\u00bb0&Prime; global_colors_info=\u00a0\u00bb{}\u00a0\u00bb theme_builder_area=\u00a0\u00bbet_body_layout\u00a0\u00bb sticky_enabled=\u00a0\u00bb0&Prime;]<\/p>\n<p align=\"justify\">L&rsquo;\u00e9glise Saint-Vincent de Montguyon n&rsquo;est pas en r\u00e9alit\u00e9 dans la ville, mais au lieu-dit de \u00abVassiac\u00bb. Jadis, existait dans la commune une \u00e9glise et une chapelle. D\u00e9truites, elles n&rsquo;ont jamais \u00e9t\u00e9 relev\u00e9es. Il existe toutefois un couvent fond\u00e9 par les ursulines flanqu\u00e9 d&rsquo;une chapelle o\u00f9 quelques offices \u00e9taient c\u00e9l\u00e9br\u00e9s, y compris apr\u00e8s leur d\u00e9part au d\u00e9but du XXe si\u00e8cle.<br \/>L&rsquo;\u00e9glise de Vassiac, de fondation ant\u00e9rieure \u00e0 1075, est construite en pierre de pays, dites \u00abgrison\u00bb. Plusieurs fois saccag\u00e9e, puis restaur\u00e9e, elle est des plus h\u00e9t\u00e9roclites. Elle a cependant tout gard\u00e9 de la rusticit\u00e9 des constructions de la r\u00e9gion.<br \/>Sa fa\u00e7ade archa\u00efque est tr\u00e8s d\u00e9grad\u00e9e de par la nature des mat\u00e9riaux de construction. Le portail, en plein cintre \u00e0 voussures, occupe la plus grande partie de la fa\u00e7ade. Les voussures ont \u00e9t\u00e9 refaites. Sur les chapiteaux se lisent difficilement des sculptures d&rsquo;animaux, de feuillages, de personnages et d&rsquo;entrelacs.<br \/>Au-dessus du portail, une corniche est port\u00e9e par quatorze modillons rong\u00e9s. Cet \u00e9tage est s\u00e9par\u00e9 du pignon par une corniche tr\u00e8s mutil\u00e9e.<br \/>Le clocher massif a servi de donjon entre les XIV et XVIe si\u00e8cles. Il est perc\u00e9 \u00e0 sa base d&rsquo;une grande fen\u00eatre ogivale et d&rsquo;une porte auxiliaire.<br \/>La nef et le carr\u00e9 du transept ont \u00e9t\u00e9 recouverts d&rsquo;une vo\u00fbte en b\u00e9ton arm\u00e9 1936\/1937.<br \/>De solides arcs \u00e0 plusieurs rouleaux, pos\u00e9s sur des pos\u00e9s sur pilastres ou sur des colonnes \u00e0 chapiteaux encadrent le c\u0153ur.<br \/>L&rsquo;<span>\u00a0<\/span><span class=\"bordure-pointillee\"><a target=\"_blank\" href=\"http:\/\/ch.lerolle.free.fr\/eglises17\/lexique.php#:~:text=abside\" rel=\"noopener\">abside<\/a><\/span><span>\u00a0<\/span>demi-circulaire \u00e9tait peinte, les seules traces qu\u2019ils en reste se trouvent autour de l&rsquo;encadrement de l&rsquo;ancienne porte qui conduit \u00e0 la sacristie. Mais la disparition de ces peintures a r\u00e9v\u00e9l\u00e9 une<span>\u00a0<\/span><span class=\"bordure-pointillee\"><a target=\"_blank\" href=\"http:\/\/ch.lerolle.free.fr\/eglises17\/lexique.php#:~:text=litre\" rel=\"noopener\">litre<\/a><\/span><span>\u00a0<\/span>fun\u00e9raire, dont les armoiries effac\u00e9es \u00e9taient probablement celles de la famille de La Rochefoucauld, seigneurs de Montguyon du XVe aux XVIIe si\u00e8cles. Elle est \u00e9clair\u00e9e par trois fen\u00eatres.<br \/>Celle du fond, ax\u00e9e, est perc\u00e9e dans un contrefort plat. Dans la chapelle sud, est fix\u00e9e une grande croix de mission dont le montant comme celui de Cl\u00e9rac, r\u00e9v\u00e8le la trace d&rsquo;innombrables c\u0153urs.<\/p>\n<p align=\"justify\">Vierge \u00e0 l\u2019enfant, statue, pierre peinte du XVIIIe si\u00e8cle.<br \/>Totalit\u00e9 de l&rsquo;\u00e9difice: Inscrit \u00e0 l&rsquo;inventaire suppl\u00e9mentaire des monuments historiques le 11 avri1 1947.<\/p>\n<p>[\/et_pb_text][\/et_pb_column][\/et_pb_row][et_pb_row column_structure=\u00a0\u00bb1_3,1_3,1_3&Prime; _builder_version=\u00a0\u00bb4.17.6&Prime; _module_preset=\u00a0\u00bbdefault\u00a0\u00bb global_colors_info=\u00a0\u00bb{}\u00a0\u00bb theme_builder_area=\u00a0\u00bbet_body_layout\u00a0\u00bb][et_pb_column type=\u00a0\u00bb1_3&Prime; _builder_version=\u00a0\u00bb4.17.6&Prime; _module_preset=\u00a0\u00bbdefault\u00a0\u00bb global_colors_info=\u00a0\u00bb{}\u00a0\u00bb theme_builder_area=\u00a0\u00bbet_body_layout\u00a0\u00bb][et_pb_image src=\u00a0\u00bbhttps:\/\/catholiques17.fr\/montlieu\/wp-content\/uploads\/sites\/22\/2023\/03\/254_03.jpg\u00a0\u00bb title_text=\u00a0\u00bb254_03&Prime; show_in_lightbox=\u00a0\u00bbon\u00a0\u00bb align=\u00a0\u00bbcenter\u00a0\u00bb _builder_version=\u00a0\u00bb4.17.6&Prime; _module_preset=\u00a0\u00bbdefault\u00a0\u00bb hover_enabled=\u00a0\u00bb0&Prime; border_radii=\u00a0\u00bbon|20px|20px|20px|20px\u00a0\u00bb border_width_all=\u00a0\u00bb1px\u00a0\u00bb border_color_all=\u00a0\u00bb#FF8C00&Prime; global_colors_info=\u00a0\u00bb{}\u00a0\u00bb theme_builder_area=\u00a0\u00bbet_body_layout\u00a0\u00bb sticky_enabled=\u00a0\u00bb0&Prime;][\/et_pb_image][\/et_pb_column][et_pb_column type=\u00a0\u00bb1_3&Prime; _builder_version=\u00a0\u00bb4.17.6&Prime; _module_preset=\u00a0\u00bbdefault\u00a0\u00bb global_colors_info=\u00a0\u00bb{}\u00a0\u00bb theme_builder_area=\u00a0\u00bbet_body_layout\u00a0\u00bb][et_pb_image src=\u00a0\u00bbhttps:\/\/catholiques17.fr\/montlieu\/wp-content\/uploads\/sites\/22\/2023\/03\/254_04.jpg\u00a0\u00bb title_text=\u00a0\u00bb254_04&Prime; show_in_lightbox=\u00a0\u00bbon\u00a0\u00bb align=\u00a0\u00bbcenter\u00a0\u00bb _builder_version=\u00a0\u00bb4.17.6&Prime; _module_preset=\u00a0\u00bbdefault\u00a0\u00bb hover_enabled=\u00a0\u00bb0&Prime; border_radii=\u00a0\u00bbon|20px|20px|20px|20px\u00a0\u00bb border_width_all=\u00a0\u00bb1px\u00a0\u00bb border_color_all=\u00a0\u00bb#FF8C00&Prime; global_colors_info=\u00a0\u00bb{}\u00a0\u00bb theme_builder_area=\u00a0\u00bbet_body_layout\u00a0\u00bb sticky_enabled=\u00a0\u00bb0&Prime;][\/et_pb_image][\/et_pb_column][et_pb_column type=\u00a0\u00bb1_3&Prime; _builder_version=\u00a0\u00bb4.17.6&Prime; _module_preset=\u00a0\u00bbdefault\u00a0\u00bb global_colors_info=\u00a0\u00bb{}\u00a0\u00bb theme_builder_area=\u00a0\u00bbet_body_layout\u00a0\u00bb][et_pb_image src=\u00a0\u00bbhttps:\/\/catholiques17.fr\/montlieu\/wp-content\/uploads\/sites\/22\/2023\/03\/254_02.jpg\u00a0\u00bb title_text=\u00a0\u00bb254_02&Prime; show_in_lightbox=\u00a0\u00bbon\u00a0\u00bb align=\u00a0\u00bbcenter\u00a0\u00bb _builder_version=\u00a0\u00bb4.17.6&Prime; _module_preset=\u00a0\u00bbdefault\u00a0\u00bb hover_enabled=\u00a0\u00bb0&Prime; border_radii=\u00a0\u00bbon|20px|20px|20px|20px\u00a0\u00bb border_width_all=\u00a0\u00bb1px\u00a0\u00bb border_color_all=\u00a0\u00bb#FF8C00&Prime; global_colors_info=\u00a0\u00bb{}\u00a0\u00bb theme_builder_area=\u00a0\u00bbet_body_layout\u00a0\u00bb sticky_enabled=\u00a0\u00bb0&Prime;][\/et_pb_image][\/et_pb_column][\/et_pb_row][\/et_pb_section]<\/p>\n","protected":false},"excerpt":{"rendered":"<p>L&rsquo;\u00e9glise Saint-Vincent de Montguyon n&rsquo;est pas en r\u00e9alit\u00e9 dans la ville, mais au lieu-dit de \u00abVassiac\u00bb. Jadis, existait dans la commune une \u00e9glise et une chapelle. D\u00e9truites, elles n&rsquo;ont jamais [&hellip;]<\/p>\n","protected":false},"author":4,"featured_media":0,"parent":0,"menu_order":0,"comment_status":"closed","ping_status":"closed","template":"","meta":{"_et_pb_use_builder":"on","_et_pb_old_content":"<!-- wp:divi\/placeholder \/-->","_et_gb_content_width":"","footnotes":""},"class_list":["post-5844","page","type-page","status-publish","hentry"],"_links":{"self":[{"href":"https:\/\/catholiques17.fr\/montlieu\/wp-json\/wp\/v2\/pages\/5844","targetHints":{"allow":["GET"]}}],"collection":[{"href":"https:\/\/catholiques17.fr\/montlieu\/wp-json\/wp\/v2\/pages"}],"about":[{"href":"https:\/\/catholiques17.fr\/montlieu\/wp-json\/wp\/v2\/types\/page"}],"author":[{"embeddable":true,"href":"https:\/\/catholiques17.fr\/montlieu\/wp-json\/wp\/v2\/users\/4"}],"replies":[{"embeddable":true,"href":"https:\/\/catholiques17.fr\/montlieu\/wp-json\/wp\/v2\/comments?post=5844"}],"version-history":[{"count":3,"href":"https:\/\/catholiques17.fr\/montlieu\/wp-json\/wp\/v2\/pages\/5844\/revisions"}],"predecessor-version":[{"id":6014,"href":"https:\/\/catholiques17.fr\/montlieu\/wp-json\/wp\/v2\/pages\/5844\/revisions\/6014"}],"wp:attachment":[{"href":"https:\/\/catholiques17.fr\/montlieu\/wp-json\/wp\/v2\/media?parent=5844"}],"curies":[{"name":"wp","href":"https:\/\/api.w.org\/{rel}","templated":true}]}}