{"id":5668,"date":"2023-02-04T14:46:07","date_gmt":"2023-02-04T13:46:07","guid":{"rendered":"https:\/\/catholiques17.fr\/montlieu\/?page_id=5668"},"modified":"2023-03-16T14:43:22","modified_gmt":"2023-03-16T13:43:22","slug":"le-lien-n-46-du-4-fevrier-au-2-avril-2023","status":"publish","type":"page","link":"https:\/\/catholiques17.fr\/montlieu\/actualites\/journal-paroissial-le-lien\/le-lien-n-46-du-4-fevrier-au-2-avril-2023\/","title":{"rendered":"Le Lien n\u00b0 46 du 4 f\u00e9vrier au 2 avril 2023"},"content":{"rendered":"\n<p class=\"has-text-align-center\">Chers paroissiens,<\/p>\n\n\n\n<p>Nous avons eu une belle f\u00eate de No\u00ebl, notamment parce qu\u2019il est toujours bon de se retrouver en famille pour ceux qui le peuvent, parce que c\u2019est une p\u00e9riode de vacances scolaires \u2026 mais surtout parce que la PROMESSE divine du SAUVEUR s\u2019est r\u00e9alis\u00e9e, et les \u00e9piphanies successives nous ont manifest\u00e9 que Dieu s\u2019\u00e9tait fait homme au milieu de nous.<\/p>\n\n\n\n<p>Ces \u00e9piphanies sont sp\u00e9cialement les suivantes&nbsp;:<\/p>\n\n\n\n<p>-la venue des Mages qui offrent \u00e0 l\u2019enfant l\u2019or, l\u2019encens et la myrrhe, et reconnaissant dans ce b\u00e9b\u00e9 qu\u2019il est bien Roi, Dieu, et que par le sacrifice de sa mort il sauvera le monde entier&nbsp;!<\/p>\n\n\n\n<p>-le Bapt\u00eame de J\u00e9sus au cours duquel la sainte Trinit\u00e9 se manifeste \u00e0 nos yeux et \u00e0 nos oreilles.<\/p>\n\n\n\n<p>-enfin les Noces de Cana o\u00f9 J\u00e9sus, changeant l\u2019eau en vin, manifeste par ce premier miracle sa domination sur toutes choses et donc sa divinit\u00e9.<\/p>\n\n\n\n<p>\u00ab&nbsp;Emmanuel&nbsp;\u00bb, Dieu-parmi-nous \u2026 quelle gr\u00e2ce, quelle bonne nouvelle \u2026 et quelle adoration cela implique de notre part, devant le Myst\u00e8re, devant DIEU&nbsp;!!!<\/p>\n\n\n\n<p>D\u00e9sormais nous suivons J\u00e9sus pas \u00e0 pas et, avec le Car\u00eame, nous nous attelons simplement \u00e0 mettre en \u0153uvre ce qu\u2019Il nous demande si souvent&nbsp;: \u00ab&nbsp;CONVERTISSEZ-VOUS&nbsp;!&nbsp;\u00bb, c\u2019est-\u00e0-dire \u00ab&nbsp;tournez-vous (compl\u00e8tement-totalement) vers Dieu&nbsp;\u00bb. Ainsi le Car\u00eame est-il vraiment un temps de gr\u00e2ce, un temps o\u00f9 nous nous d\u00e9centrons de nous-m\u00eames pour nous tourner vers Celui qui nous a tout donn\u00e9 et veut encore nous combler de la Vie, du Bonheur \u00e9ternel&nbsp;!<\/p>\n\n\n\n<p>Pour cela trois orientations nous sont propos\u00e9es&nbsp;: l\u2019aum\u00f4ne (ou partage), le je\u00fbne et la pri\u00e8re. Mais pourquoi ces trois orientations&nbsp;?<\/p>\n\n\n\n<p>Parce qu\u2019elles nous aident \u00e0 nous donner vraiment \u00e0 Dieu, \u00e0 nous dominer, \u00e0 devenir plus nous-m\u00eames pour pouvoir vraiment Lui offrir notre vie.<\/p>\n\n\n\n<p>Or notre vie se compose \u00e0 la fois des biens que nous avons, de notre propre corps et de notre volont\u00e9 (notre \u00e2me). Ainsi \u2026<\/p>\n\n\n\n<p>-par le partage ou aum\u00f4ne, nous sommes appel\u00e9s \u00e0 nous d\u00e9faire d\u2019une partie de nos biens, comme la petite veuve de l\u2019Evangile qui donne m\u00eame de son n\u00e9cessaire&nbsp;! Mais si nous donnions d\u00e9j\u00e0 notre superflu, ce ne serait pas si mal. Pour cela une \u0153uvre de Car\u00eame sera propos\u00e9e, pour des personnes particuli\u00e8rement d\u00e9munies et en n\u00e9cessit\u00e9 d\u2019\u00eatre aid\u00e9es.<\/p>\n\n\n\n<p>-par le je\u00fbne nous allons un peu plus loin, car ce ne sont plus nos biens ext\u00e9rieurs que nous offrons, mais une part de nous-m\u00eames \u00e0 travers notre corps. Nous nous abstenons de choses bonnes et permises (nourriture, TV, divertissements etc.) parce que ce n\u2019est pas cela qui doit nous faire vivre, mais Dieu est plus grand. A ce propos, il y a ce que l\u2019\u00e9glise nous demande&nbsp;(c\u2019est le minimum)&nbsp;: je\u00fbne du mercredi des cendres et du vendredi saint&nbsp;; et abstinence de viande le mercredi des cendres et les vendredis de Car\u00eame \u2026 finalement ce n\u2019est pas beaucoup et nous sommes appel\u00e9s \u00e0 offrir plus.<\/p>\n\n\n\n<p>-par la pri\u00e8re, dans laquelle nous demandons \u00ab&nbsp;<em>Que ta volont\u00e9 soit faite&nbsp;!<\/em>&nbsp;\u00bb, nous offrons encore plus que nos biens ou notre corps, mais notre volont\u00e9 m\u00eame&nbsp;: nous reconnaissons que Dieu est Bon et qu\u2019Il nous demande toujours ce qu\u2019il y a de mieux et qui me rendra, finalement le plus heureux&nbsp;! Quant \u00e0 la pri\u00e8re, nous pouvons bien s\u00fbr y \u00eatre plus assidus matin et soir (ce que nous faisons tous les jours de l\u2019ann\u00e9e), la paroisse proposera un chemin de croix chaque vendredi de Car\u00eame, mais nous pourrions aussi, en plus de la messe dominicale, venir de temps en temps en semaine ou prendre un cr\u00e9neau d\u2019adoration devant le Saint Sacrement&nbsp;: quel plaisir nous ferions \u00e0 J\u00e9sus en nous offrant ainsi \u00e0 Lui&nbsp;!<\/p>\n\n\n\n<p>Enfin, comme il est un point qui pose souvent question, il a paru bon d\u2019aborder, au cours d\u2019un entretien paroissial le mercredi 8 mars \u00e0 14 h 30, la question du Mal et de la Souffrance. Cet entretien est ind\u00e9pendant des entretiens mensuels habituels (qui auront lieu les 15 f\u00e9vrier et 22 mars).<\/p>\n\n\n\n<p>Mais plus que tout, unissons-nous autour et en J\u00e9sus par la pri\u00e8re et permettez-moi de vous b\u00e9nir X pour que nous abordions comme il faut ce saint temps de pr\u00e9paration \u00e0 la R\u00e9surrection.<\/p>\n\n\n\n<p>Votre cur\u00e9, abb\u00e9 R\u00e9mi VEILLON.<\/p>\n\n\n\n<p class=\"has-text-align-center\"><strong>&#8212;&#8212;&#8212;&#8212;&#8212;&#8212;&#8212;&#8212;&#8212;&#8212;&#8212;&#8212;&#8212;&#8212;&#8212;&#8212;&#8212;&#8212;&#8212;&#8212;&#8212;&#8212;&#8212;&#8212;&#8212;&#8212;&#8212;&#8212;&#8212;&#8212;&#8212;&#8212;&#8212;&#8212;&#8212;&#8212;&#8212;&#8212;&#8212;&#8212;&#8212;&#8212;&#8212;&#8212;&#8212;&#8212;&#8212;&#8212;&#8212;&#8212;&#8212;&#8212;&#8212;&#8212;&#8212;&#8212;&#8212;&#8212;&#8212;&#8212;&#8211;<\/strong><\/p>\n\n\n\n<p><strong><u>Hom\u00e9lie de saint Ast\u00e8re sur la conversion<\/u><\/strong><\/p>\n\n\n\n<p><strong>L\u2019ami des hommes.<\/strong><\/p>\n\n\n\n<p>Si vous voulez ressembler \u00e0 Dieu, vous qui avez \u00e9t\u00e9 cr\u00e9\u00e9s \u00e0 son image, imitez votre mod\u00e8le. Vous \u00eates chr\u00e9tiens et ce nom signifie ami des hommes : imitez l&rsquo;amour du Christ.<\/p>\n\n\n\n<p>Consid\u00e9rez les tr\u00e9sors de sa bont\u00e9. Puisqu&rsquo;il allait se manifester aux hommes par un homme, il envoya devant lui Jean proclamer la conversion et introduire au repentir ; auparavant il avait envoy\u00e9 tous les proph\u00e8tes pour enseigner la p\u00e9nitence.<\/p>\n\n\n\n<p>Puis, lorsqu&rsquo;il se manifesta, peu apr\u00e8s la venue de Jean, de sa propre voix pour montrer qui il \u00e9tait, il s&rsquo;\u00e9cria :&nbsp;<em>Venez \u00e0 moi, vous tous qui peinez sous le poids du fardeau, et moi je vous procurerai le repos<\/em>. Or, comment a-t-il accueilli ceux qui se rendirent \u00e0 son appel ? Il leur accorda facilement le pardon de leurs p\u00e9ch\u00e9s, la d\u00e9livrance instantan\u00e9e, imm\u00e9diate, de leurs peines. Le Verbe les sanctifia, l&rsquo;Esprit les marqua de son sceau ; l&rsquo;homme ancien fut enseveli, le nouveau fut engendr\u00e9 en ressuscitant par la gr\u00e2ce.<\/p>\n\n\n\n<p>Et ensuite ? L&rsquo;inconnu est devenu un familier, l&rsquo;\u00e9tranger un fils, le profane un initi\u00e9, l&rsquo;impie un consacr\u00e9.<\/p>\n\n\n\n<p>Imitons la pastorale du Ma\u00eetre. Penchons-nous sur les \u00c9vangiles : comme dans un miroir d\u00e9couvrons-y l&rsquo;id\u00e9al de la sollicitude et de la bont\u00e9.<\/p>\n\n\n\n<p>J&rsquo;y vois, en effet, dans les paraboles, dans des propos imag\u00e9s, le berger de cent brebis. L&rsquo;une d&rsquo;entre elles s&rsquo;est s\u00e9par\u00e9e du troupeau et s&rsquo;est \u00e9gar\u00e9e. Le berger ne resta pas avec celles qui demeuraient en bon ordre et sur le droit chemin. Il bondit \u00e0 la recherche de l&rsquo;\u00e9gar\u00e9e, franchit nombre de gorges et de pr\u00e9cipices, gravit des sommets rocheux, affronta courageusement les d\u00e9serts, jusqu&rsquo;\u00e0 ce qu&rsquo;il l&rsquo;e\u00fbt trouv\u00e9e.<\/p>\n\n\n\n<p>L&rsquo;ayant trouv\u00e9e, sans ne la frapper ni la pousser violemment pour la ramener au troupeau, il la mit sur son cou, la porta avec douceur et la fit revenir parmi ses compagnes, plus joyeux pour celle-ci que pour la foule des autres.<\/p>\n\n\n\n<p>Comprenons donc la r\u00e9alit\u00e9 cach\u00e9e sous ces images. Cette brebis n&rsquo;est pas r\u00e9ellement une brebis, et ce berger est tout autre chose qu&rsquo;un berger. Ce sont l\u00e0 des exemples qui nous enseignent des myst\u00e8res sacr\u00e9s. Ne d\u00e9sesp\u00e9rons pas facilement des hommes, ne laissons pas \u00e0 l&rsquo;abandon ceux qui sont en p\u00e9ril. Recherchons avec ardeur celui qui est expos\u00e9, ramenons-le sur le chemin, r\u00e9jouissons-nous de son retour et r\u00e9int\u00e9grons-le dans la communaut\u00e9 de ceux qui vivent en vrais fid\u00e8les.<\/p>\n\n\n\n<p class=\"has-text-align-left\">Amen.<br><strong>&#8212;&#8212;&#8212;&#8212;&#8212;&#8212;&#8212;&#8212;&#8212;&#8212;&#8212;&#8212;&#8212;&#8212;&#8212;&#8212;&#8212;&#8212;&#8212;&#8212;&#8212;&#8212;&#8212;&#8212;&#8212;&#8212;&#8212;&#8212;&#8212;&#8212;&#8212;&#8212;&#8212;&#8212;&#8212;&#8212;&#8212;&#8212;&#8212;&#8212;&#8212;&#8212;&#8212;&#8212;&#8212;&#8212;&#8212;&#8212;&#8212;&#8212;&#8212;&#8212;&#8212;&#8212;&#8212;&#8212;&#8212;&#8212;&#8212;&#8212;-<\/strong><\/p>\n\n\n\n<p><strong><u>Messes, enseignements \u2026<\/u><\/strong><\/p>\n\n\n\n<p><strong>Veill\u00e9e d\u2019adoration 3 au 4 f\u00e9vrier \u2026<\/strong><\/p>\n\n\n\n<p>Samedi 4 f\u00e9vrier\u00a0\u00a0\u00a0\u00a0\u00a0     \u00a0\u00a0\u00a0\u00a0 17h30  Confessions     18 h\u00a0\u00a0\u00a0\u00a0\u00a0\u00a0\u00a0\u00a0\u00a0\u00a0\u00a0\u00a0\u00a0\u00a0\u00a0\u00a0\u00a0\u00a0\u00a0\u00a0\u00a0\u00a0\u00a0\u00a0\u00a0\u00a0\u00a0\u00a0\u00a0\u00a0 Chevanceaux**<br><strong><u>Dimanche 5 f\u00e9vrier (5<sup>\u00e8me<\/sup> TO)\u00a0\u00a0\u00a0\u00a0\u00a0\u00a0\u00a0\u00a0\u00a0\u00a0\u00a0\u00a0\u00a0\u00a0\u00a0\u00a0\u00a0\u00a0\u00a0\u00a0\u00a0\u00a0\u00a0\u00a0\u00a0 10 h 30<\/u> \u00a0\u00a0\u00a0\u00a0\u00a0\u00a0\u00a0\u00a0\u00a0\u00a0\u00a0\u00a0\u00a0\u00a0\u00a0\u00a0\u00a0\u00a0\u00a0\u00a0\u00a0\u00a0\u00a0\u00a0 <u>Montlieu la Garde<\/u><\/strong><br>Mardi 7 f\u00e9vrier\u00a0\u00a0\u00a0\u00a0\u00a0\u00a0\u00a0\u00a0\u00a0\u00a0\u00a0\u00a0\u00a0\u00a0\u00a0\u00a0\u00a0\u00a0\u00a0\u00a0\u00a0\u00a0\u00a0\u00a0\u00a0\u00a0\u00a0\u00a0\u00a0\u00a0\u00a0\u00a0\u00a0\u00a0\u00a0\u00a0\u00a0   \u00a0\u00a0\u00a0\u00a0\u00a0\u00a0\u00a0\u00a0\u00a0\u00a0\u00a0\u00a0\u00a0 16 h\u00a0\u00a0\u00a0\u00a0\u00a0\u00a0\u00a0\u00a0\u00a0\u00a0\u00a0\u00a0\u00a0\u00a0\u00a0\u00a0\u00a0\u00a0\u00a0\u00a0\u00a0\u00a0\u00a0\u00a0\u00a0\u00a0\u00a0\u00a0\u00a0\u00a0 Ephad de Montlieu\u00a0\u00a0\u00a0\u00a0\u00a0\u00a0\u00a0\u00a0<br>Mercredi 8 f\u00e9vrier\u00a0\u00a0\u00a0\u00a0\u00a0\u00a0\u00a0\u00a0\u00a0\u00a0\u00a0\u00a0\u00a0\u00a0\u00a0\u00a0\u00a0\u00a0\u00a0\u00a0   \u00a0\u00a0\u00a0\u00a0\u00a0\u00a0\u00a0\u00a0\u00a0\u00a0\u00a0\u00a0\u00a0\u00a0\u00a0\u00a0\u00a0\u00a0\u00a0\u00a0\u00a0\u00a0\u00a0\u00a0\u00a0 18 h\u00a0\u00a0\u00a0\u00a0\u00a0\u00a0\u00a0\u00a0\u00a0\u00a0\u00a0\u00a0\u00a0\u00a0\u00a0\u00a0\u00a0\u00a0\u00a0\u00a0\u00a0\u00a0\u00a0\u00a0\u00a0\u00a0\u00a0\u00a0\u00a0\u00a0 Orignolles\u00a0\u00a0\u00a0\u00a0\u00a0\u00a0\u00a0\u00a0\u00a0\u00a0<br>Jeudi 9 f\u00e9vrier\u00a0\u00a0\u00a0\u00a0\u00a0\u00a0\u00a0\u00a0\u00a0\u00a0\u00a0\u00a0\u00a0\u00a0\u00a0\u00a0\u00a0\u00a0\u00a0\u00a0\u00a0\u00a0\u00a0\u00a0\u00a0\u00a0\u00a0\u00a0    \u00a0\u00a0\u00a0\u00a0\u00a0\u00a0\u00a0\u00a0\u00a0\u00a0\u00a0\u00a0\u00a0\u00a0\u00a0\u00a0\u00a0\u00a0\u00a0\u00a0\u00a0\u00a0\u00a0 <strong>18 h<\/strong>\u00a0\u00a0\u00a0\u00a0\u00a0\u00a0\u00a0\u00a0\u00a0\u00a0\u00a0\u00a0\u00a0\u00a0\u00a0\u00a0\u00a0\u00a0\u00a0\u00a0\u00a0\u00a0\u00a0\u00a0\u00a0\u00a0\u00a0\u00a0\u00a0\u00a0 oratoire\u00a0\u00a0<br>Vendredi 10 f\u00e9vrier\u00a0\u00a0\u00a0\u00a0\u00a0\u00a0\u00a0\u00a0\u00a0\u00a0\u00a0\u00a0\u00a0\u00a0\u00a0\u00a0\u00a0\u00a0\u00a0\u00a0\u00a0\u00a0\u00a0\u00a0\u00a0\u00a0\u00a0\u00a0\u00a0\u00a0\u00a0\u00a0  \u00a0\u00a0\u00a0\u00a0\u00a0\u00a0\u00a0\u00a0\u00a0\u00a0\u00a0 9 h \u00a0\u00a0\u00a0\u00a0\u00a0\u00a0\u00a0\u00a0\u00a0\u00a0\u00a0\u00a0\u00a0\u00a0\u00a0\u00a0\u00a0\u00a0\u00a0\u00a0\u00a0\u00a0\u00a0\u00a0\u00a0\u00a0\u00a0\u00a0\u00a0\u00a0\u00a0 oratoire + adoration\u00a0\u00a0\u00a0\u00a0\u00a0\u00a0<br>Samedi 11 f\u00e9vrier\u00a0\u00a0\u00a0 \u00a0\u00a0\u00a0\u00a0    \u00a0\u00a017h30   Confessions  18 h\u00a0\u00a0\u00a0\u00a0\u00a0\u00a0\u00a0\u00a0\u00a0\u00a0\u00a0\u00a0\u00a0\u00a0\u00a0\u00a0\u00a0\u00a0\u00a0\u00a0\u00a0\u00a0\u00a0\u00a0\u00a0\u00a0\u00a0\u00a0\u00a0\u00a0 Cl\u00e9rac**<br><strong><u>Dimanche 12 f\u00e9vrier (6\u00e8me TO)\u00a0\u00a0\u00a0\u00a0\u00a0\u00a0\u00a0\u00a0\u00a0\u00a0\u00a0\u00a0\u00a0\u00a0\u00a0\u00a0\u00a0\u00a0\u00a0\u00a0\u00a0\u00a0 10 h 30<\/u><\/strong>\u00a0\u00a0\u00a0\u00a0\u00a0\u00a0\u00a0\u00a0\u00a0\u00a0\u00a0\u00a0\u00a0\u00a0\u00a0\u00a0\u00a0\u00a0\u00a0\u00a0\u00a0\u00a0\u00a0\u00a0\u00a0 <strong>Montlieu la Garde<\/strong><br>Mardi 14 f\u00e9vrier (Sts Cyrille et M\u00e9thode)\u00a0\u00a0\u00a0\u00a0\u00a0\u00a0\u00a0\u00a0\u00a0 18 h\u00a0\u00a0\u00a0\u00a0\u00a0\u00a0\u00a0\u00a0\u00a0\u00a0\u00a0\u00a0\u00a0\u00a0\u00a0\u00a0\u00a0\u00a0\u00a0\u00a0\u00a0\u00a0\u00a0\u00a0\u00a0\u00a0\u00a0\u00a0\u00a0\u00a0 St Pierre du Palais<br>Mercredi 15 f\u00e9vrier\u00a0\u00a0\u00a0\u00a0\u00a0\u00a0\u00a0\u00a0\u00a0\u00a0\u00a0\u00a0\u00a0\u00a0\u00a0\u00a0\u00a0\u00a0\u00a0\u00a0\u00a0\u00a0\u00a0\u00a0\u00a0\u00a0\u00a0\u00a0\u00a0\u00a0\u00a0\u00a0\u00a0   \u00a0\u00a0\u00a0\u00a0\u00a0\u00a0\u00a0\u00a0\u00a0\u00a0 <em>14 h 30\u00a0\u00a0\u00a0\u00a0\u00a0\u00a0\u00a0\u00a0\u00a0\u00a0\u00a0\u00a0\u00a0\u00a0\u00a0\u00a0\u00a0\u00a0\u00a0\u00a0\u00a0\u00a0\u00a0\u00a0\u00a0 Entretien paroissial<\/em><br>     \u00a0\u00a0\u00a0\u00a0\u00a0\u00a0\u00a0\u00a0\u00a0\u00a0\u00a0\u00a0\u00a0\u00a0\u00a0\u00a0\u00a0\u00a0\u00a0\u00a0\u00a0\u00a0\u00a0\u00a0\u00a0\u00a0\u00a0\u00a0\u00a0\u00a0\u00a0\u00a0\u00a0\u00a0\u00a0\u00a0\u00a0\u00a0\u00a0\u00a0\u00a0\u00a0\u00a0\u00a0\u00a0\u00a0\u00a0\u00a0\u00a0\u00a0\u00a0\u00a0\u00a0\u00a0\u00a0\u00a0\u00a0\u00a0\u00a0\u00a0\u00a0\u00a0\u00a0\u00a0\u00a0\u00a0\u00a0\u00a0\u00a0\u00a0\u00a0\u00a0\u00a0\u00a0\u00a0 18 h\u00a0\u00a0\u00a0\u00a0\u00a0\u00a0\u00a0\u00a0\u00a0\u00a0\u00a0\u00a0\u00a0\u00a0\u00a0\u00a0\u00a0\u00a0\u00a0\u00a0\u00a0\u00a0\u00a0\u00a0\u00a0\u00a0\u00a0\u00a0\u00a0\u00a0 B\u00e9denac<br>Jeudi 16 f\u00e9vrier\u00a0\u00a0\u00a0\u00a0\u00a0\u00a0\u00a0\u00a0\u00a0\u00a0\u00a0\u00a0\u00a0\u00a0\u00a0\u00a0\u00a0\u00a0\u00a0\u00a0\u00a0\u00a0\u00a0\u00a0\u00a0\u00a0\u00a0\u00a0\u00a0\u00a0\u00a0\u00a0\u00a0\u00a0\u00a0\u00a0\u00a0\u00a0\u00a0\u00a0\u00a0\u00a0    \u00a0\u00a0\u00a0\u00a0\u00a0\u00a0\u00a0 9 h \u00a0\u00a0\u00a0\u00a0\u00a0\u00a0\u00a0\u00a0\u00a0\u00a0\u00a0\u00a0\u00a0\u00a0\u00a0\u00a0\u00a0\u00a0\u00a0\u00a0\u00a0\u00a0\u00a0\u00a0\u00a0\u00a0\u00a0\u00a0\u00a0\u00a0\u00a0 Oratoire<br>Vendredi 17 f\u00e9vrier\u00a0\u00a0\u00a0\u00a0\u00a0\u00a0\u00a0\u00a0\u00a0\u00a0\u00a0\u00a0\u00a0\u00a0\u00a0\u00a0\u00a0\u00a0\u00a0\u00a0\u00a0\u00a0   \u00a0\u00a0\u00a0\u00a0\u00a0\u00a0\u00a0\u00a0\u00a0\u00a0\u00a0\u00a0\u00a0\u00a0\u00a0\u00a0\u00a0\u00a0\u00a0\u00a0\u00a0 9 h \u00a0\u00a0\u00a0\u00a0\u00a0\u00a0\u00a0\u00a0\u00a0\u00a0\u00a0\u00a0\u00a0\u00a0\u00a0\u00a0\u00a0\u00a0\u00a0\u00a0\u00a0\u00a0\u00a0\u00a0\u00a0\u00a0\u00a0\u00a0\u00a0\u00a0\u00a0 oratoire + adoration<br>Samedi 18 f\u00e9vrier\u00a0\u00a0\u00a0  \u00a0\u00a0\u00a0\u00a0    \u00a0\u00a0\u00a0\u00a017h30  Confessions  18h\u00a0\u00a0\u00a0\u00a0\u00a0\u00a0\u00a0\u00a0\u00a0\u00a0\u00a0\u00a0\u00a0\u00a0\u00a0\u00a0\u00a0\u00a0\u00a0\u00a0\u00a0\u00a0\u00a0\u00a0\u00a0\u00a0\u00a0\u00a0\u00a0\u00a0\u00a0 Montguyon**<br><strong><u>Dimanche 19 f\u00e9vrier (7\u00e8me TO)\u00a0\u00a0\u00a0\u00a0\u00a0\u00a0\u00a0\u00a0 \u00a0\u00a0\u00a0\u00a0\u00a0\u00a0\u00a0\u00a0\u00a0\u00a0\u00a0\u00a0\u00a0 10 h 30<\/u><\/strong>\u00a0\u00a0\u00a0\u00a0\u00a0\u00a0\u00a0\u00a0\u00a0\u00a0\u00a0\u00a0\u00a0\u00a0\u00a0\u00a0\u00a0\u00a0\u00a0\u00a0\u00a0\u00a0\u00a0\u00a0\u00a0 <strong><u>Montlieu la Garde<\/u><\/strong><br>Mardi 21 f\u00e9vrier\u00a0\u00a0\u00a0\u00a0\u00a0\u00a0\u00a0\u00a0\u00a0\u00a0\u00a0\u00a0\u00a0\u00a0\u00a0\u00a0\u00a0\u00a0\u00a0\u00a0\u00a0\u00a0\u00a0\u00a0\u00a0\u00a0\u00a0\u00a0\u00a0\u00a0\u00a0\u00a0\u00a0\u00a0\u00a0\u00a0\u00a0\u00a0   \u00a0\u00a0\u00a0\u00a0\u00a0\u00a0\u00a0\u00a0\u00a0\u00a0 18 h \u00a0\u00a0\u00a0\u00a0\u00a0\u00a0\u00a0\u00a0\u00a0\u00a0\u00a0\u00a0\u00a0\u00a0\u00a0\u00a0\u00a0\u00a0\u00a0\u00a0\u00a0\u00a0\u00a0\u00a0\u00a0\u00a0\u00a0\u00a0\u00a0 Chantillac<br><strong>Mercredi 22 f\u00e9vrier \u2013 MERCREDI des CENDRES<\/strong>\u00a0:  jour de je\u00fbne et d\u2019abstinence<br>     \u00a0\u00a0\u00a0\u00a0\u00a0\u00a0\u00a0\u00a0\u00a0\u00a0\u00a0\u00a0\u00a0\u00a0\u00a0\u00a0\u00a0\u00a0\u00a0\u00a0\u00a0\u00a0\u00a0\u00a0\u00a0\u00a0\u00a0\u00a0\u00a0\u00a0\u00a0\u00a0\u00a0\u00a0\u00a0\u00a0\u00a0\u00a0\u00a0\u00a0\u00a0\u00a0\u00a0\u00a0\u00a0\u00a0\u00a0\u00a0\u00a0\u00a0\u00a0\u00a0\u00a0\u00a0\u00a0\u00a0\u00a0\u00a0\u00a0\u00a0\u00a0\u00a0\u00a0\u00a0\u00a0\u00a0\u00a0\u00a0\u00a0\u00a0\u00a0\u00a0\u00a0\u00a0\u00a0 18 h \u00a0\u00a0\u00a0\u00a0\u00a0\u00a0\u00a0\u00a0\u00a0\u00a0\u00a0\u00a0\u00a0\u00a0\u00a0\u00a0\u00a0\u00a0\u00a0\u00a0\u00a0\u00a0\u00a0\u00a0\u00a0\u00a0\u00a0\u00a0\u00a0 Montlieu la Garde (\u00e9glise)\u00a0\u00a0\u00a0\u00a0\u00a0\u00a0\u00a0\u00a0\u00a0<br>Jeudi 23 f\u00e9vrier\u00a0\u00a0\u00a0\u00a0\u00a0\u00a0\u00a0\u00a0\u00a0\u00a0\u00a0\u00a0\u00a0\u00a0\u00a0\u00a0\u00a0\u00a0\u00a0\u00a0\u00a0\u00a0\u00a0\u00a0\u00a0\u00a0\u00a0\u00a0\u00a0\u00a0\u00a0\u00a0\u00a0     \u00a0\u00a0\u00a0\u00a0\u00a0\u00a0\u00a0\u00a0\u00a0\u00a0\u00a0\u00a0\u00a0\u00a0\u00a0 9 h\u00a0\u00a0\u00a0\u00a0\u00a0\u00a0\u00a0\u00a0\u00a0\u00a0\u00a0\u00a0\u00a0\u00a0\u00a0\u00a0\u00a0\u00a0\u00a0\u00a0\u00a0\u00a0\u00a0\u00a0\u00a0\u00a0\u00a0\u00a0\u00a0\u00a0\u00a0\u00a0 Oratoire<br>Vendredi 24 f\u00e9vrier <strong>abstinence<\/strong>\u00a0\u00a0\u00a0\u00a0\u00a0\u00a0\u00a0\u00a0\u00a0\u00a0\u00a0\u00a0\u00a0\u00a0  \u00a0\u00a0\u00a0\u00a0\u00a0\u00a0\u00a0\u00a0\u00a0 9 h\u00a0\u00a0\u00a0\u00a0\u00a0\u00a0\u00a0\u00a0\u00a0\u00a0\u00a0\u00a0\u00a0\u00a0\u00a0\u00a0\u00a0\u00a0\u00a0\u00a0\u00a0\u00a0\u00a0\u00a0\u00a0\u00a0\u00a0\u00a0\u00a0\u00a0\u00a0\u00a0 Oratoire + adoration<br>\u00a0\u00a0\u00a0\u00a0\u00a0\u00a0\u00a0\u00a0\u00a0\u00a0\u00a0\u00a0\u00a0\u00a0\u00a0\u00a0\u00a0\u00a0\u00a0\u00a0\u00a0\u00a0\u00a0\u00a0\u00a0\u00a0\u00a0\u00a0\u00a0\u00a0\u00a0\u00a0\u00a0\u00a0\u00a0\u00a0\u00a0\u00a0\u00a0\u00a0\u00a0\u00a0\u00a0\u00a0\u00a0\u00a0\u00a0\u00a0\u00a0\u00a0\u00a0\u00a0\u00a0\u00a0\u00a0\u00a0\u00a0\u00a0\u00a0\u00a0\u00a0\u00a0\u00a0\u00a0\u00a0\u00a0\u00a0\u00a0\u00a0\u00a0\u00a0\u00a0\u00a0     \u00a0\u00a0 18 h \u00a0\u00a0\u00a0\u00a0\u00a0\u00a0\u00a0\u00a0\u00a0\u00a0 chemin de croix (lieu \u00e0 pr\u00e9ciser)\u00a0\u00a0\u00a0\u00a0\u00a0\u00a0<br>Samedi 25 f\u00e9vrier\u00a0\u00a0\u00a0\u00a0\u00a0\u00a0    \u00a0\u00a0\u00a0\u00a0\u00a017h30   Confessions\u00a0  18 h\u00a0\u00a0\u00a0\u00a0\u00a0\u00a0\u00a0\u00a0\u00a0\u00a0\u00a0\u00a0\u00a0\u00a0\u00a0\u00a0\u00a0\u00a0\u00a0\u00a0\u00a0\u00a0\u00a0\u00a0\u00a0\u00a0\u00a0\u00a0\u00a0\u00a0 Cercoux**<br><strong><u>Dimanche 26 f\u00e9vrier (1<sup>er<\/sup> du Car\u00eame)\u00a0\u00a0\u00a0\u00a0\u00a0\u00a0\u00a0\u00a0\u00a0\u00a0\u00a0\u00a0 10 h 30<\/u> \u00a0\u00a0\u00a0\u00a0\u00a0\u00a0\u00a0\u00a0\u00a0\u00a0\u00a0\u00a0\u00a0\u00a0\u00a0\u00a0\u00a0\u00a0\u00a0\u00a0\u00a0\u00a0\u00a0\u00a0 <u>Montlieu la Garde\u00a0\u00a0\u00a0\u00a0\u00a0\u00a0\u00a0\u00a0\u00a0<\/u><\/strong><br>Mardi 28 f\u00e9vrier\u00a0\u00a0\u00a0\u00a0\u00a0\u00a0\u00a0\u00a0\u00a0\u00a0\u00a0\u00a0\u00a0\u00a0\u00a0\u00a0\u00a0\u00a0\u00a0\u00a0\u00a0\u00a0\u00a0\u00a0\u00a0\u00a0\u00a0\u00a0\u00a0\u00a0\u00a0\u00a0\u00a0\u00a0\u00a0\u00a0\u00a0   \u00a0\u00a0\u00a0\u00a0\u00a0\u00a0\u00a0\u00a0\u00a0\u00a0\u00a0 18 h\u00a0\u00a0\u00a0\u00a0\u00a0\u00a0\u00a0\u00a0\u00a0\u00a0\u00a0\u00a0\u00a0\u00a0\u00a0\u00a0\u00a0\u00a0\u00a0\u00a0\u00a0\u00a0\u00a0\u00a0\u00a0\u00a0\u00a0\u00a0\u00a0\u00a0 Pouillac<br>Mercredi 1 mars\u00a0\u00a0\u00a0\u00a0\u00a0\u00a0\u00a0\u00a0\u00a0\u00a0\u00a0\u00a0\u00a0\u00a0\u00a0\u00a0\u00a0\u00a0\u00a0\u00a0\u00a0\u00a0\u00a0\u00a0\u00a0\u00a0\u00a0\u00a0\u00a0\u00a0\u00a0\u00a0\u00a0\u00a0\u00a0\u00a0\u00a0\u00a0   \u00a0\u00a0\u00a0\u00a0\u00a0\u00a0\u00a0\u00a0\u00a0\u00a0 18 h \u00a0\u00a0\u00a0\u00a0\u00a0\u00a0\u00a0\u00a0\u00a0\u00a0\u00a0\u00a0\u00a0\u00a0\u00a0\u00a0\u00a0\u00a0\u00a0\u00a0\u00a0\u00a0\u00a0\u00a0\u00a0\u00a0\u00a0\u00a0\u00a0 Sainte Colombe<br>Jeudi 2 mars\u00a0\u00a0\u00a0\u00a0\u00a0\u00a0\u00a0\u00a0\u00a0\u00a0\u00a0\u00a0\u00a0\u00a0\u00a0\u00a0\u00a0\u00a0\u00a0\u00a0\u00a0\u00a0\u00a0\u00a0    \u00a0\u00a0\u00a0\u00a0\u00a0\u00a0\u00a0\u00a0\u00a0\u00a0\u00a0\u00a0\u00a0\u00a0\u00a0\u00a0\u00a0\u00a0\u00a0\u00a0\u00a0\u00a0\u00a0\u00a0\u00a0\u00a0\u00a0\u00a0\u00a0\u00a0 9 h\u00a0\u00a0\u00a0\u00a0\u00a0\u00a0\u00a0\u00a0\u00a0\u00a0\u00a0\u00a0\u00a0\u00a0\u00a0\u00a0\u00a0\u00a0\u00a0\u00a0\u00a0\u00a0\u00a0\u00a0\u00a0\u00a0\u00a0\u00a0\u00a0\u00a0\u00a0\u00a0 oratoire<br>Vendredi 3 mars \u00a0\u00a0\u00a0\u00a0 <strong>abstinence\u00a0\u00a0\u00a0\u00a0\u00a0\u00a0\u00a0\u00a0\u00a0\u00a0\u00a0\u00a0\u00a0\u00a0\u00a0\u00a0\u00a0\u00a0\u00a0   \u00a0\u00a0\u00a0 <\/strong>9 h\u00a0\u00a0\u00a0\u00a0\u00a0\u00a0\u00a0\u00a0\u00a0\u00a0\u00a0\u00a0\u00a0\u00a0\u00a0\u00a0\u00a0\u00a0\u00a0\u00a0\u00a0\u00a0\u00a0\u00a0\u00a0\u00a0\u00a0\u00a0\u00a0\u00a0\u00a0\u00a0 oratoire + adoration<br>                                                                                 18 h \u00a0\u00a0\u00a0\u00a0\u00a0\u00a0\u00a0\u00a0\u00a0\u00a0 Chemin de croix (lieu \u00e0 pr\u00e9ciser)\u00a0\u00a0\u00a0\u00a0\u00a0\u00a0<br><strong>\u00a0\u00a0\u00a0\u00a0\u00a0\u00a0\u00a0\u00a0\u00a0\u00a0\u00a0\u00a0\u00a0\u00a0\u00a0\u00a0\u00a0\u00a0\u00a0\u00a0\u00a0\u00a0\u00a0\u00a0\u00a0\u00a0\u00a0\u00a0\u00a0\u00a0\u00a0\u00a0 Veill\u00e9e d\u2019adoration \u00a0\u00a0\u00a0\u00a0\u00a0\u00a0\u00a0\u00a0 cette nuit du 3 au 4 mars<\/strong><br>Samedi 4 mars\u00a0\u00a0\u00a0\u00a0\u00a0\u00a0\u00a0 \u00a0\u00a0\u00a0\u00a0\u00a0    \u00a0 17h30   confessions\u00a0   18 h\u00a0\u00a0\u00a0\u00a0\u00a0\u00a0\u00a0\u00a0\u00a0\u00a0\u00a0\u00a0\u00a0\u00a0\u00a0\u00a0\u00a0\u00a0\u00a0\u00a0\u00a0\u00a0\u00a0\u00a0\u00a0\u00a0\u00a0\u00a0\u00a0\u00a0 Chevanceaux**<br><strong><u>Dimanche 5 mars (2<sup>\u00e8me<\/sup> du Car\u00eame)\u00a0\u00a0\u00a0\u00a0\u00a0\u00a0\u00a0\u00a0\u00a0\u00a0\u00a0\u00a0\u00a0\u00a0 10 h 30<\/u>\u00a0\u00a0\u00a0\u00a0\u00a0\u00a0\u00a0\u00a0\u00a0\u00a0\u00a0\u00a0\u00a0\u00a0\u00a0\u00a0\u00a0\u00a0\u00a0\u00a0\u00a0\u00a0\u00a0\u00a0\u00a0 <u>Montlieu la Garde<\/u><\/strong>\u00a0\u00a0\u00a0\u00a0\u00a0\u00a0\u00a0\u00a0\u00a0<br>Mardi 7 mars\u00a0\u00a0\u00a0\u00a0\u00a0\u00a0\u00a0\u00a0\u00a0\u00a0\u00a0\u00a0\u00a0\u00a0\u00a0\u00a0\u00a0\u00a0\u00a0\u00a0\u00a0\u00a0\u00a0\u00a0\u00a0\u00a0\u00a0\u00a0\u00a0\u00a0\u00a0\u00a0\u00a0\u00a0\u00a0\u00a0\u00a0\u00a0\u00a0\u00a0\u00a0\u00a0\u00a0\u00a0    \u00a0\u00a0\u00a0\u00a0\u00a0\u00a0\u00a0\u00a0\u00a0 16 h \u00a0\u00a0\u00a0\u00a0\u00a0\u00a0\u00a0\u00a0\u00a0\u00a0\u00a0\u00a0\u00a0\u00a0\u00a0\u00a0\u00a0\u00a0\u00a0\u00a0\u00a0\u00a0\u00a0\u00a0\u00a0\u00a0\u00a0\u00a0\u00a0 Ephad de Montlieu (pas certain)<br><strong>Mercredi 8 mars<\/strong>\u00a0\u00a0\u00a0\u00a0\u00a0\u00a0\u00a0\u00a0\u00a0\u00a0\u00a0\u00a0\u00a0\u00a0\u00a0\u00a0\u00a0\u00a0\u00a0\u00a0\u00a0\u00a0\u00a0\u00a0\u00a0\u00a0\u00a0\u00a0\u00a0\u00a0\u00a0    \u00a0\u00a0\u00a0\u00a0\u00a0\u00a0\u00a0\u00a0\u00a0\u00a0\u00a0\u00a0\u00a0\u00a0\u00a0\u00a0 <strong><u>14 h 30<\/u> \u00a0\u00a0\u00a0\u00a0\u00a0\u00a0 <u>Entretien paroissial sp\u00e9cial sur la souffrance et le mal<\/u><\/strong><br>      \u00a0\u00a0\u00a0\u00a0\u00a0\u00a0\u00a0\u00a0\u00a0\u00a0\u00a0\u00a0\u00a0\u00a0\u00a0\u00a0\u00a0\u00a0\u00a0\u00a0\u00a0\u00a0\u00a0\u00a0\u00a0\u00a0\u00a0\u00a0\u00a0\u00a0\u00a0\u00a0\u00a0\u00a0\u00a0\u00a0\u00a0\u00a0\u00a0\u00a0\u00a0\u00a0\u00a0\u00a0\u00a0\u00a0\u00a0\u00a0\u00a0\u00a0\u00a0\u00a0\u00a0\u00a0\u00a0\u00a0\u00a0\u00a0\u00a0\u00a0\u00a0\u00a0\u00a0\u00a0\u00a0\u00a0\u00a0\u00a0\u00a0\u00a0\u00a0\u00a0\u00a0\u00a0\u00a0 18 h\u00a0\u00a0\u00a0\u00a0\u00a0\u00a0\u00a0\u00a0\u00a0\u00a0\u00a0\u00a0\u00a0\u00a0\u00a0\u00a0\u00a0\u00a0\u00a0\u00a0\u00a0\u00a0\u00a0\u00a0\u00a0\u00a0\u00a0\u00a0\u00a0\u00a0 Chepniers<br>Jeudi 9 mars\u00a0\u00a0\u00a0\u00a0\u00a0\u00a0\u00a0\u00a0\u00a0\u00a0\u00a0\u00a0\u00a0\u00a0\u00a0\u00a0\u00a0\u00a0\u00a0\u00a0\u00a0\u00a0\u00a0\u00a0\u00a0     \u00a0\u00a0\u00a0\u00a0\u00a0\u00a0\u00a0\u00a0\u00a0\u00a0\u00a0\u00a0\u00a0\u00a0\u00a0\u00a0\u00a0\u00a0\u00a0\u00a0\u00a0\u00a0\u00a0\u00a0\u00a0\u00a0\u00a0\u00a0\u00a0 9 h\u00a0\u00a0\u00a0\u00a0\u00a0\u00a0\u00a0\u00a0\u00a0\u00a0\u00a0\u00a0\u00a0\u00a0\u00a0\u00a0\u00a0\u00a0\u00a0\u00a0\u00a0\u00a0\u00a0\u00a0\u00a0\u00a0\u00a0\u00a0\u00a0\u00a0\u00a0\u00a0 Oratoire<br>Vendredi 10 mars\u00a0\u00a0\u00a0 <strong>abstinence<\/strong>\u00a0\u00a0\u00a0\u00a0\u00a0\u00a0\u00a0\u00a0\u00a0\u00a0\u00a0\u00a0\u00a0\u00a0  \u00a0\u00a0\u00a0\u00a0\u00a0\u00a0\u00a0\u00a0\u00a0 18 h\u00a0\u00a0\u00a0\u00a0\u00a0\u00a0\u00a0\u00a0\u00a0\u00a0\u00a0 chemin de croix (lieu \u00e0 pr\u00e9ciser)\u00a0\u00a0\u00a0\u00a0\u00a0\u00a0<br>Samedi 11 mars\u00a0\u00a0\u00a0\u00a0\u00a0\u00a0      \u00a0\u00a0 17h30  confessions\u00a0\u00a0\u00a0\u00a0\u00a0\u00a0\u00a0\u00a0 18h\u00a0\u00a0\u00a0\u00a0\u00a0\u00a0\u00a0\u00a0\u00a0\u00a0\u00a0\u00a0\u00a0\u00a0\u00a0\u00a0\u00a0\u00a0\u00a0\u00a0\u00a0\u00a0\u00a0\u00a0\u00a0\u00a0\u00a0\u00a0\u00a0\u00a0\u00a0 Cl\u00e9rac**<br><strong><u>Dimanche 12 mars (3<sup>\u00e8me<\/sup> du Car\u00eame)\u00a0\u00a0\u00a0\u00a0\u00a0\u00a0\u00a0\u00a0\u00a0\u00a0\u00a0\u00a0 10 h 30<\/u>\u00a0\u00a0\u00a0\u00a0\u00a0\u00a0\u00a0\u00a0\u00a0\u00a0\u00a0\u00a0\u00a0\u00a0\u00a0\u00a0\u00a0\u00a0\u00a0\u00a0\u00a0\u00a0\u00a0\u00a0\u00a0 <u>Montlieu la Garde<\/u><\/strong><br>Mardi 14 mars\u00a0\u00a0\u00a0\u00a0\u00a0\u00a0\u00a0\u00a0\u00a0\u00a0\u00a0\u00a0\u00a0\u00a0\u00a0\u00a0\u00a0\u00a0\u00a0\u00a0\u00a0\u00a0\u00a0\u00a0\u00a0\u00a0\u00a0\u00a0\u00a0\u00a0\u00a0    \u00a0\u00a0\u00a0\u00a0\u00a0\u00a0\u00a0\u00a0\u00a0\u00a0\u00a0\u00a0\u00a0\u00a0\u00a0\u00a0\u00a0\u00a0\u00a0\u00a0 18 h\u00a0\u00a0\u00a0\u00a0\u00a0\u00a0\u00a0\u00a0\u00a0\u00a0\u00a0\u00a0\u00a0\u00a0\u00a0\u00a0\u00a0\u00a0\u00a0\u00a0\u00a0\u00a0\u00a0\u00a0\u00a0\u00a0\u00a0\u00a0\u00a0\u00a0 Chatenet<br>Mercredi 15 mars\u00a0\u00a0\u00a0\u00a0\u00a0\u00a0\u00a0\u00a0\u00a0\u00a0\u00a0\u00a0\u00a0    \u00a0\u00a0\u00a0\u00a0\u00a0\u00a0\u00a0\u00a0\u00a0\u00a0\u00a0\u00a0\u00a0\u00a0\u00a0\u00a0\u00a0\u00a0\u00a0\u00a0\u00a0\u00a0\u00a0\u00a0\u00a0\u00a0\u00a0\u00a0\u00a0\u00a0\u00a0\u00a0\u00a0 18 h\u00a0\u00a0\u00a0\u00a0\u00a0\u00a0\u00a0\u00a0\u00a0\u00a0\u00a0\u00a0\u00a0\u00a0\u00a0\u00a0\u00a0\u00a0\u00a0\u00a0\u00a0\u00a0\u00a0\u00a0\u00a0\u00a0\u00a0\u00a0\u00a0\u00a0 B\u00e9denac\u00a0<br>Jeudi 16 mars\u00a0\u00a0\u00a0\u00a0\u00a0\u00a0\u00a0\u00a0\u00a0\u00a0\u00a0\u00a0\u00a0\u00a0\u00a0\u00a0     \u00a0\u00a0\u00a0\u00a0\u00a0\u00a0\u00a0\u00a0\u00a0\u00a0\u00a0\u00a0\u00a0\u00a0\u00a0\u00a0\u00a0\u00a0\u00a0\u00a0\u00a0\u00a0\u00a0\u00a0\u00a0\u00a0\u00a0\u00a0\u00a0\u00a0\u00a0 \u00a0\u00a0\u00a0\u00a0\u00a0 9 h\u00a0\u00a0\u00a0\u00a0\u00a0\u00a0\u00a0\u00a0\u00a0\u00a0\u00a0\u00a0\u00a0\u00a0\u00a0\u00a0\u00a0\u00a0\u00a0\u00a0\u00a0\u00a0\u00a0\u00a0\u00a0\u00a0\u00a0\u00a0\u00a0\u00a0\u00a0\u00a0 oratoire<br>Vendredi 17 mars\u00a0\u00a0\u00a0 <strong>abstinence<\/strong>\u00a0\u00a0\u00a0\u00a0\u00a0\u00a0\u00a0\u00a0\u00a0\u00a0\u00a0\u00a0\u00a0\u00a0   \u00a0\u00a0\u00a0\u00a0\u00a0\u00a0\u00a0\u00a0\u00a0 9 h\u00a0\u00a0\u00a0\u00a0\u00a0\u00a0\u00a0\u00a0\u00a0\u00a0\u00a0\u00a0\u00a0\u00a0\u00a0\u00a0\u00a0\u00a0\u00a0\u00a0\u00a0\u00a0\u00a0\u00a0\u00a0\u00a0\u00a0\u00a0\u00a0\u00a0\u00a0\u00a0 oratoire + adoration<br>                                                                      \u00a0\u00a0\u00a0\u00a0\u00a0\u00a0\u00a0\u00a0 \u00a0\u00a0\u00a0 18 h\u00a0\u00a0\u00a0\u00a0 chemin de croix (lieu \u00e0 pr\u00e9ciser)<br><a><u>Samedi 18 mars<\/u><\/a>\u00a0\u00a0\u00a0\u00a0\u00a0\u00a0 \u00a0     17h30   confessions\u00a0\u00a0\u00a0\u00a0\u00a0\u00a0\u00a0\u00a0\u00a0 18 h\u00a0\u00a0\u00a0\u00a0\u00a0\u00a0\u00a0\u00a0\u00a0\u00a0\u00a0\u00a0\u00a0\u00a0\u00a0\u00a0\u00a0\u00a0\u00a0\u00a0\u00a0\u00a0\u00a0\u00a0\u00a0\u00a0\u00a0\u00a0\u00a0\u00a0 Montguyon**<br><strong><u>Dimanche 19 mars dit de \u00ab\u00a0laetare\u00a0\u00bb\u00a0\u00a0\u00a0\u00a0\u00a0\u00a0\u00a0\u00a0\u00a0 \u00a0\u00a0\u00a0\u00a0\u00a0 10 h 30<\/u><\/strong> \u00a0\u00a0\u00a0\u00a0\u00a0\u00a0\u00a0\u00a0\u00a0\u00a0\u00a0\u00a0\u00a0\u00a0\u00a0\u00a0\u00a0\u00a0\u00a0\u00a0\u00a0\u00a0\u00a0\u00a0 <strong><u>Montlieu la Garde<\/u><\/strong><br><strong>Lundi 20 mars   Solennit\u00e9 de Saint JOSEPH\u00a0     18 h \u00a0\u00a0\u00a0\u00a0\u00a0\u00a0\u00a0\u00a0\u00a0\u00a0\u00a0\u00a0\u00a0\u00a0\u00a0\u00a0\u00a0\u00a0\u00a0\u00a0\u00a0\u00a0\u00a0\u00a0\u00a0\u00a0\u00a0\u00a0\u00a0 oratoire<\/strong><br>Mardi 21 mars\u00a0\u00a0\u00a0\u00a0\u00a0\u00a0\u00a0\u00a0\u00a0\u00a0\u00a0\u00a0\u00a0\u00a0\u00a0\u00a0\u00a0\u00a0\u00a0\u00a0\u00a0\u00a0\u00a0\u00a0\u00a0\u00a0\u00a0\u00a0\u00a0\u00a0\u00a0\u00a0\u00a0\u00a0\u00a0\u00a0\u00a0\u00a0\u00a0\u00a0\u00a0\u00a0\u00a0     \u00a0\u00a0\u00a0\u00a0\u00a0\u00a0\u00a0\u00a0 18 h\u00a0\u00a0\u00a0\u00a0\u00a0\u00a0\u00a0\u00a0\u00a0\u00a0\u00a0\u00a0\u00a0\u00a0\u00a0\u00a0\u00a0\u00a0\u00a0\u00a0\u00a0\u00a0\u00a0\u00a0\u00a0\u00a0\u00a0\u00a0\u00a0\u00a0 Neuvicq\u00a0\u00a0<br>Mercredi 22 mars\u00a0\u00a0\u00a0\u00a0\u00a0\u00a0\u00a0\u00a0\u00a0\u00a0\u00a0\u00a0\u00a0\u00a0\u00a0\u00a0     \u00a0\u00a0\u00a0\u00a0\u00a0\u00a0\u00a0\u00a0\u00a0\u00a0\u00a0\u00a0\u00a0\u00a0\u00a0\u00a0\u00a0\u00a0\u00a0\u00a0\u00a0\u00a0\u00a0\u00a0\u00a0\u00a0\u00a0\u00a0\u00a0\u00a0 <strong><u>14 h 30<\/u> \u00a0\u00a0\u00a0\u00a0\u00a0\u00a0\u00a0\u00a0\u00a0\u00a0\u00a0\u00a0\u00a0\u00a0\u00a0\u00a0\u00a0\u00a0\u00a0\u00a0\u00a0\u00a0\u00a0\u00a0 <u>entretien paroissial<\/u><\/strong><br>                                                                                    18 h\u00a0\u00a0\u00a0\u00a0\u00a0\u00a0\u00a0\u00a0\u00a0\u00a0\u00a0\u00a0\u00a0\u00a0\u00a0\u00a0\u00a0\u00a0\u00a0\u00a0\u00a0\u00a0\u00a0\u00a0\u00a0\u00a0\u00a0\u00a0\u00a0\u00a0 Orignolles<br>Jeudi 23 mars\u00a0\u00a0\u00a0\u00a0\u00a0\u00a0\u00a0\u00a0\u00a0\u00a0\u00a0\u00a0\u00a0\u00a0\u00a0\u00a0\u00a0\u00a0\u00a0\u00a0\u00a0\u00a0\u00a0\u00a0\u00a0\u00a0\u00a0\u00a0\u00a0\u00a0\u00a0\u00a0\u00a0\u00a0\u00a0       \u00a0\u00a0\u00a0\u00a0\u00a0\u00a0\u00a0\u00a0\u00a0\u00a0\u00a0\u00a0\u00a0\u00a0\u00a0\u00a0\u00a0 9 h\u00a0\u00a0\u00a0\u00a0\u00a0\u00a0\u00a0\u00a0\u00a0\u00a0\u00a0\u00a0\u00a0\u00a0\u00a0\u00a0\u00a0\u00a0\u00a0\u00a0\u00a0\u00a0\u00a0\u00a0\u00a0\u00a0\u00a0\u00a0\u00a0\u00a0\u00a0\u00a0 oratoire<br>Vendredi 24 mars\u00a0\u00a0\u00a0 <strong>abstinence<\/strong>\u00a0\u00a0\u00a0\u00a0\u00a0\u00a0\u00a0\u00a0\u00a0\u00a0\u00a0\u00a0\u00a0    \u00a0\u00a0\u00a0\u00a0\u00a0\u00a0\u00a0\u00a0\u00a0\u00a0 9 h\u00a0\u00a0\u00a0\u00a0\u00a0\u00a0\u00a0\u00a0\u00a0\u00a0\u00a0\u00a0\u00a0\u00a0\u00a0\u00a0\u00a0\u00a0\u00a0\u00a0\u00a0\u00a0\u00a0\u00a0\u00a0\u00a0\u00a0\u00a0\u00a0\u00a0\u00a0\u00a0 oratoire + adoration<br>\u00a0\u00a0\u00a0\u00a0\u00a0\u00a0\u00a0\u00a0\u00a0\u00a0\u00a0\u00a0\u00a0\u00a0\u00a0\u00a0\u00a0\u00a0\u00a0\u00a0\u00a0\u00a0\u00a0\u00a0\u00a0\u00a0\u00a0\u00a0\u00a0\u00a0\u00a0\u00a0\u00a0\u00a0\u00a0\u00a0\u00a0\u00a0\u00a0\u00a0\u00a0\u00a0\u00a0\u00a0\u00a0\u00a0\u00a0\u00a0\u00a0\u00a0\u00a0\u00a0\u00a0\u00a0\u00a0\u00a0\u00a0\u00a0\u00a0\u00a0\u00a0\u00a0\u00a0\u00a0\u00a0       \u00a0\u00a0\u00a0\u00a0\u00a0\u00a0\u00a0\u00a0\u00a0\u00a0  18 h\u00a0\u00a0\u00a0\u00a0\u00a0\u00a0\u00a0\u00a0\u00a0\u00a0\u00a0 chemin de croix (lieu \u00e0 pr\u00e9ciser)\u00a0\u00a0\u00a0\u00a0\u00a0\u00a0<br><strong>Samedi 25 mars ANNONCIATION\u00a0\u00a0\u00a0                  \u00a0 11 h\u00a0\u00a0\u00a0\u00a0\u00a0\u00a0\u00a0\u00a0\u00a0\u00a0\u00a0 Messe de l\u2019Annonciation \u00e0 l\u2019oratoire<\/strong><br>Samedi 25 mars\u00a0\u00a0\u00a0\u00a0\u00a0\u00a0\u00a0         17h30      \u00a0 confessions    18 h                                Cercoux<br>Dimanche 26 mars (5<sup>\u00e8me<\/sup> du Car\u00eame)\u00a0\u00a0\u00a0\u00a0\u00a0\u00a0\u00a0\u00a0 \u00a0\u00a0\u00a0\u00a0\u00a0\u00a0\u00a0 10 h 30 \u00a0\u00a0\u00a0\u00a0\u00a0\u00a0\u00a0\u00a0\u00a0\u00a0\u00a0\u00a0\u00a0\u00a0\u00a0\u00a0\u00a0\u00a0\u00a0\u00a0\u00a0\u00a0\u00a0\u00a0 Montlieu la Garde<br>Vendredi 31 mars\u00a0\u00a0\u00a0\u00a0\u00a0\u00a0\u00a0\u00a0\u00a0\u00a0\u00a0 <strong>abstinence<\/strong>\u00a0\u00a0\u00a0\u00a0\u00a0\u00a0\u00a0\u00a0\u00a0\u00a0\u00a0\u00a0\u00a0\u00a0\u00a0\u00a0\u00a0\u00a0\u00a0 18 h            chemin de croix (lieu \u00e0 pr\u00e9ciser)\u00a0\u00a0\u00a0<br>Samedi 1 avril \u00a0\u00a0\u00a0\u00a0\u00a0\u00a0\u00a0\u00a0           17h30       Confessions\u00a0\u00a0\u00a0\u00a018 h\u00a0\u00a0\u00a0\u00a0\u00a0\u00a0\u00a0\u00a0\u00a0\u00a0\u00a0\u00a0\u00a0\u00a0\u00a0\u00a0\u00a0\u00a0\u00a0\u00a0\u00a0\u00a0\u00a0\u00a0\u00a0\u00a0\u00a0\u00a0\u00a0\u00a0 Chevanceaux**<br><strong><u>Dimanche 2 avril\u00a0\u00a0\u00a0\u00a0 Dimanche des RAMEAUX et de la PASSION<\/u><\/strong><br>        \u00a0\u00a0\u00a0\u00a0\u00a0\u00a0\u00a0\u00a0\u00a0\u00a0\u00a0\u00a0\u00a0\u00a0\u00a0\u00a0\u00a0\u00a0\u00a0\u00a0\u00a0\u00a0\u00a0\u00a0\u00a0\u00a0\u00a0\u00a0\u00a0\u00a0\u00a0\u00a0\u00a0\u00a0\u00a0\u00a0\u00a0\u00a0\u00a0\u00a0\u00a0\u00a0\u00a0\u00a0\u00a0\u00a0\u00a0\u00a0\u00a0\u00a0\u00a0\u00a0\u00a0\u00a0\u00a0\u00a0\u00a0\u00a0\u00a0\u00a0\u00a0\u00a0\u00a0\u00a0\u00a0\u00a0\u00a0\u00a0\u00a0\u00a0\u00a0\u00a0\u00a0\u00a0\u00a0 <strong><u>10 h 15<\/u> \u00a0\u00a0\u00a0\u00a0\u00a0\u00a0\u00a0\u00a0\u00a0\u00a0\u00a0\u00a0\u00a0\u00a0\u00a0\u00a0\u00a0\u00a0\u00a0\u00a0\u00a0\u00a0\u00a0\u00a0 <u>b\u00e9n\u00e9diction des Rameaux.<\/u><\/strong><br><strong>\u00a0\u00a0\u00a0\u00a0\u00a0\u00a0\u00a0\u00a0\u00a0\u00a0\u00a0\u00a0\u00a0\u00a0\u00a0\u00a0\u00a0\u00a0\u00a0\u00a0\u00a0\u00a0\u00a0\u00a0\u00a0\u00a0\u00a0\u00a0\u00a0\u00a0\u00a0\u00a0\u00a0\u00a0\u00a0\u00a0\u00a0\u00a0\u00a0\u00a0\u00a0\u00a0\u00a0\u00a0\u00a0\u00a0\u00a0\u00a0\u00a0\u00a0\u00a0\u00a0\u00a0\u00a0\u00a0\u00a0\u00a0\u00a0\u00a0\u00a0\u00a0\u00a0\u00a0\u00a0\u00a0\u00a0\u00a0\u00a0\u00a0\u00a0        \u00a0\u00a0\u00a0\u00a0\u00a0 <u>10h30<\/u>\u00a0\u00a0\u00a0\u00a0\u00a0\u00a0\u00a0\u00a0\u00a0\u00a0\u00a0\u00a0\u00a0\u00a0\u00a0\u00a0\u00a0\u00a0\u00a0\u00a0\u00a0\u00a0\u00a0\u00a0\u00a0\u00a0\u00a0 <u>Montlieu La Garde<\/u><\/strong><\/p>\n\n\n\n<p>* le vendredi, lorsqu\u2019il y a messe \u00e0 Montlieu \u00e0 9 h 00, elle est toujours suivie de <strong><u>l\u2019adoration<\/u><\/strong> jusqu\u2019\u00e0 10 h.<br>** <strong><u>confessions le samedi<\/u><\/strong> avant la messe 17h30-18h<\/p>\n\n\n\n<p><strong><u>confessions<\/u><\/strong> toujours possibles, se renseigner et\/ou prendre rendez-vous au presbyt\u00e8re (06 62 73 65 58) pour se confesser ou parler avec m le cur\u00e9.<\/p>\n\n\n\n<p><strong><u>Entretiens Paroissiaux&nbsp;:<\/u><\/strong> <strong><em><u>Les mercredis 15 f\u00e9vrier et 22 mars<\/u><\/em><\/strong>, et en plus un entretien paroissial sp\u00e9cial sur le MAL et la SOUFFRANCE, <strong><em><u>le mercredi 8 mars<\/u><\/em><\/strong> au presbyt\u00e8re, \u00e0 14 h 30&nbsp;: Formation chr\u00e9tienne et r\u00e9ponse aux questions sur une dur\u00e9e de 1 h \u00e0 1 h 30. Pour mieux conna\u00eetre le Christ et son message, venons et accueillons la Parole&nbsp;!<\/p>\n\n\n\n<p><strong><u>Car\u00eame&nbsp;:<\/u><\/strong><\/p>\n\n\n\n<p><strong><u>Chemin de croix<\/u><\/strong> les vendredis de Car\u00eame \u00e0 18 h (lieux \u00e0 pr\u00e9ciser)<\/p>\n\n\n\n<p>Confessions \u00e9galement toujours possible avant ou apr\u00e8s les messes, sp\u00e9cialement en semaine.<\/p>\n\n\n\n<p>Entretiens paroissiaux un peu plus nombreux, voir ci-dessus. Avant messe du dimanche&nbsp;: \u00ab&nbsp;Seigneur apprend-nous \u00e0 prier&nbsp;\u00bb (Luc 11, 1).<br>les dimanches 26 f\u00e9vrier, 5, 12, 19 et 26 mars, de 9 h 45 \u00e0 10 h 25 \u2026 initiation \u00e0 la pri\u00e8re, \u00e9changes sur la pri\u00e8re et pri\u00e8re \u2026<\/p>\n\n\n\n<p><strong>&#8212;&#8212;&#8212;&#8212;&#8212;&#8212;&#8212;&#8212;&#8212;&#8212;&#8212;&#8212;&#8212;&#8212;&#8212;&#8212;&#8212;&#8212;&#8212;&#8212;&#8212;&#8212;&#8212;&#8212;&#8212;&#8212;&#8212;&#8212;&#8212;&#8212;&#8212;&#8212;&#8212;&#8212;&#8212;&#8212;&#8212;&#8212;&#8212;&#8212;&#8212;&#8212;&#8212;&#8212;&#8212;&#8212;&#8212;&#8212;&#8212;&#8212;&#8212;&#8212;&#8212;&#8212;&#8212;&#8212;&#8212;&#8212;&#8212;&#8212;&#8211;<\/strong><\/p>\n\n\n\n<p><strong>Paroisse Sainte Th\u00e9r\u00e8se de l\u2019Enfant J\u00e9sus \u2013 Montlieu La Garde<\/strong><\/p>\n\n\n\n<p><strong><u>Obs\u00e8ques en DECEMBRE 2022<\/u><\/strong><\/p>\n\n\n\n<p>28 novembre&nbsp;: Rina MENZATO&nbsp;, 91 ans, Neuvicq<br>29 novembre&nbsp;: Gis\u00e8le CLEMENCEAU, 94 ans, Chepniers<br>1<sup>er<\/sup> d\u00e9cembre&nbsp;: Huguette BERTET, 90 ans, Cl\u00e9rac<br>1<sup>er<\/sup> d\u00e9cembre&nbsp;: Pierre FAURE, 90 ans, Neuvicq<br>2 d\u00e9cembre&nbsp;: Francette MARTIN, 85 ans, St Pierre du Palais<br>8 d\u00e9cembre&nbsp;: Michel DUBRAUD, 88 ans, Orignolles<br>9 d\u00e9cembre&nbsp;: H\u00e9l\u00e8ne MORAT, 90 ans, Chepniers<br>16 d\u00e9cembre&nbsp;: Marie-Claude ELIE, 65 ans, Cercoux<br>20 d\u00e9cembre&nbsp;: Micheline SIMON, 88 ans, Montguyon<br>21 D\u00e9cembre&nbsp;: G\u00e9rard BOYER, 67 ans, Chevanceaux<br>22 d\u00e9cembre&nbsp;: Marius MENZATO,71 ans, Chatenet<br>26 d\u00e9cembre&nbsp;: Fran\u00e7oise DAVID, 65 ans, Cl\u00e9rac<br>29 d\u00e9cembre&nbsp;: Michel GODINAUD, 93 ans, Cercoux<br>29 d\u00e9cembre&nbsp;: Simone GROLIERE, 91 ans, Cercoux<br>30 d\u00e9cembre&nbsp;: Bernadette FOUCHEREAU, 65 ans, Montlieu La Garde<\/p>\n\n\n\n<p><strong><u>Obs\u00e8ques en JANVIER 2022<\/u><\/strong><\/p>\n\n\n\n<p>2 janvier&nbsp;: Blanche POURTEAU, 94 ans, Montlieu La Garde<br>3 janvier&nbsp;: Jacques FAGOT, 96 ans, Chepniers<br>12 janvier&nbsp;: Claude MARTINET, 93 ans, St Palais de N\u00e9grignac<br>13 janvier&nbsp;: Jean BOUCHET, 89 ans, Montlieu La Garde<br>16 janvier&nbsp;: Lucie SAUNIER, 93, Cercoux<br>17 janvier&nbsp;: Eliane AUBERTI, 93 ans, Montguyon<br>17 janvier&nbsp;: Armande PORTE, 90 ans, Montguyon<br>19 janvier&nbsp;: P\u00e8re Michel GROLLEAUD, 90 ans, Cl\u00e9rac<br>21 janvier&nbsp;: Claude MERLE, 94 ans, Montguyon<br>24 janvier&nbsp;: Michel PASQUET, 88 ans, St Pierre du Palais<br>27 janvier&nbsp;: Raymonde SARRAZIN, 92 ans, Montlieu La Garde<br>30 janvier&nbsp;: Michel ROUSSELOT, 69 ans, Orignolles<br>30 janvier&nbsp;: Ginette VIGNEAU, 97 ans, Chantillac<br>31 janvier&nbsp;: Patrick JULLION, 74 ans, Montlieu La Garde<\/p>\n\n\n\n<p><strong><u>Bapt\u00eames en DECEMBRE 2022<\/u><\/strong><\/p>\n\n\n\n<p>18 d\u00e9cembre&nbsp;: Elyna HERIAUD, Montlieu La Garde<\/p>\n\n\n\n<p><strong><u>Mariages<\/u><\/strong><\/p>\n\n\n\n<p>17 d\u00e9cembre&nbsp;: Tiphanie TAMPIE \u2013 Steven CHEVREUL, \u00e9glise de B\u00e9denac<\/p>\n\n\n\n<p><strong>&#8212;&#8212;&#8212;&#8212;&#8212;&#8212;&#8212;&#8212;&#8212;&#8212;&#8212;&#8212;&#8212;&#8212;&#8212;&#8212;&#8212;&#8212;&#8212;&#8212;&#8212;&#8212;&#8212;&#8212;&#8212;&#8212;&#8212;&#8212;&#8212;&#8212;&#8212;&#8212;&#8212;&#8212;&#8212;&#8212;&#8212;&#8212;&#8212;&#8212;&#8212;&#8212;&#8212;&#8212;&#8212;&#8212;&#8212;&#8212;&#8212;&#8212;&#8212;&#8212;&#8212;&#8212;&#8212;&#8212;&#8212;&#8212;&#8212;&#8212;<\/strong><\/p>\n\n\n\n<p><strong><u>Informations du dioc\u00e8se&nbsp;:<\/u><\/strong><\/p>\n\n\n\n<p>Dans le calendrier d&rsquo;\u00e9v\u00e9nements :<\/p>\n\n\n\n<p>&#8211; P\u00e8lerinage des p\u00e8res de famille <a href=\"https:\/\/catholiques17.fr\/event\/pelerinage-des-peres\/\">https:\/\/catholiques17.fr\/event\/pelerinage-des-peres\/<\/a><\/p>\n\n\n\n<p>&#8211; P\u00e8lerinage des m\u00e8res de famille <a href=\"https:\/\/catholiques17.fr\/event\/pelerinage-des-meres\/\">https:\/\/catholiques17.fr\/event\/pelerinage-des-meres\/<\/a><br><\/p>\n\n\n\n<p><strong>&#8212;&#8212;&#8212;&#8212;&#8212;&#8212;&#8212;&#8212;&#8212;&#8212;&#8212;&#8212;&#8212;&#8212;&#8212;&#8212;&#8212;&#8212;&#8212;&#8212;&#8212;&#8212;&#8212;&#8212;&#8212;&#8212;&#8212;&#8212;&#8212;&#8212;&#8212;&#8212;&#8212;&#8212;&#8212;&#8212;&#8212;&#8212;&#8212;&#8212;&#8212;&#8212;&#8212;&#8212;&#8212;&#8212;&#8212;&#8212;&#8212;&#8212;&#8212;&#8212;&#8212;&#8212;&#8212;&#8212;&#8212;&#8212;&#8212;&#8212;&#8211;<\/strong><\/p>\n\n\n\n<p>Le samedi 7 Janvier nous nous sommes retrouv\u00e9s \u00e0 l\u2019\u00e9glise de Saint Martin d Ary pour c\u00e9l\u00e9brer la f\u00eate de l\u2019\u00c9piphanie autour de la cr\u00e8che traditionnelle r\u00e9alis\u00e9e par Anne Marie et Nelly COUCHOURON.<br>Apr\u00e8s la messe c\u00e9l\u00e9br\u00e9e par le P\u00e8re R\u00e9mi VEILLON, nous avons partag\u00e9 le verre de l&rsquo;amiti\u00e9.<\/p>\n\n\n\n<div class=\"wp-block-group is-layout-constrained wp-block-group-is-layout-constrained\">\n<figure class=\"wp-block-gallery has-nested-images columns-default is-cropped wp-block-gallery-1 is-layout-flex wp-block-gallery-is-layout-flex\">\n<figure class=\"wp-block-image size-medium\"><img loading=\"lazy\" decoding=\"async\" width=\"240\" height=\"300\" data-id=\"5674\" src=\"https:\/\/catholiques17.fr\/montlieu\/wp-content\/uploads\/sites\/22\/2023\/02\/Resized_20221215_173719003-2-1-240x300.jpeg\" alt=\"\" class=\"wp-image-5674\" \/><\/figure>\n<\/figure>\n<\/div>\n\n\n\n<figure class=\"wp-block-gallery has-nested-images columns-default is-cropped wp-block-gallery-2 is-layout-flex wp-block-gallery-is-layout-flex\">\n<figure class=\"wp-block-image size-thumbnail\"><img loading=\"lazy\" decoding=\"async\" width=\"150\" height=\"150\" data-id=\"5675\" src=\"https:\/\/catholiques17.fr\/montlieu\/wp-content\/uploads\/sites\/22\/2023\/02\/20230107_153456-2-1-150x150.jpg\" alt=\"\" class=\"wp-image-5675\" \/><figcaption class=\"wp-element-caption\">Cr\u00e8che de St Martin d\u2019Ary<\/figcaption><\/figure>\n<\/figure>\n\n\n\n<p><\/p>\n\n\n\n<figure class=\"wp-block-gallery has-nested-images columns-default wp-block-gallery-3 is-layout-flex wp-block-gallery-is-layout-flex\">\n<figure class=\"wp-block-image size-full\"><img loading=\"lazy\" decoding=\"async\" width=\"800\" height=\"600\" data-id=\"5676\" src=\"https:\/\/catholiques17.fr\/montlieu\/wp-content\/uploads\/sites\/22\/2023\/02\/IMG_20230131_205328-1.jpg\" alt=\"\" class=\"wp-image-5676\" srcset=\"https:\/\/catholiques17.fr\/montlieu\/wp-content\/uploads\/sites\/22\/2023\/02\/IMG_20230131_205328-1.jpg 800w, https:\/\/catholiques17.fr\/montlieu\/wp-content\/uploads\/sites\/22\/2023\/02\/IMG_20230131_205328-1-480x360.jpg 480w\" sizes=\"(min-width: 0px) and (max-width: 480px) 480px, (min-width: 481px) 800px, 100vw\" \/><figcaption class=\"wp-element-caption\">Cr\u00e8che de Montlieu La Garde<\/figcaption><\/figure>\n<\/figure>\n\n\n\n<p>&nbsp;&nbsp;&nbsp;&nbsp;&nbsp;&nbsp;&nbsp;&nbsp;&nbsp;&nbsp;&nbsp;&nbsp;&nbsp;&nbsp;&nbsp;&nbsp;<\/p>\n\n\n\n<figure class=\"wp-block-gallery has-nested-images columns-default is-cropped wp-block-gallery-4 is-layout-flex wp-block-gallery-is-layout-flex\">\n<figure class=\"wp-block-image size-medium\"><img loading=\"lazy\" decoding=\"async\" width=\"300\" height=\"225\" data-id=\"5677\" src=\"https:\/\/catholiques17.fr\/montlieu\/wp-content\/uploads\/sites\/22\/2023\/02\/Creche-Cercoux-300x225.jpg\" alt=\"\" class=\"wp-image-5677\" \/><figcaption class=\"wp-element-caption\">Cr\u00e8che de Cercoux<\/figcaption><\/figure>\n<\/figure>\n\n\n\n<p><br><br><\/p>\n","protected":false},"excerpt":{"rendered":"<p>Chers paroissiens, Nous avons eu une belle f\u00eate de No\u00ebl, notamment parce qu\u2019il est toujours bon de se retrouver en famille pour ceux qui le peuvent, parce que c\u2019est une [&hellip;]<\/p>\n","protected":false},"author":31,"featured_media":0,"parent":4774,"menu_order":0,"comment_status":"closed","ping_status":"closed","template":"","meta":{"_et_pb_use_builder":"off","_et_pb_old_content":"","_et_gb_content_width":"","footnotes":""},"class_list":["post-5668","page","type-page","status-publish","hentry"],"_links":{"self":[{"href":"https:\/\/catholiques17.fr\/montlieu\/wp-json\/wp\/v2\/pages\/5668","targetHints":{"allow":["GET"]}}],"collection":[{"href":"https:\/\/catholiques17.fr\/montlieu\/wp-json\/wp\/v2\/pages"}],"about":[{"href":"https:\/\/catholiques17.fr\/montlieu\/wp-json\/wp\/v2\/types\/page"}],"author":[{"embeddable":true,"href":"https:\/\/catholiques17.fr\/montlieu\/wp-json\/wp\/v2\/users\/31"}],"replies":[{"embeddable":true,"href":"https:\/\/catholiques17.fr\/montlieu\/wp-json\/wp\/v2\/comments?post=5668"}],"version-history":[{"count":7,"href":"https:\/\/catholiques17.fr\/montlieu\/wp-json\/wp\/v2\/pages\/5668\/revisions"}],"predecessor-version":[{"id":5687,"href":"https:\/\/catholiques17.fr\/montlieu\/wp-json\/wp\/v2\/pages\/5668\/revisions\/5687"}],"up":[{"embeddable":true,"href":"https:\/\/catholiques17.fr\/montlieu\/wp-json\/wp\/v2\/pages\/4774"}],"wp:attachment":[{"href":"https:\/\/catholiques17.fr\/montlieu\/wp-json\/wp\/v2\/media?parent=5668"}],"curies":[{"name":"wp","href":"https:\/\/api.w.org\/{rel}","templated":true}]}}