{"id":4776,"date":"2021-03-25T14:32:13","date_gmt":"2021-03-25T13:32:13","guid":{"rendered":"https:\/\/catholiques17.fr\/montlieu\/?page_id=4776"},"modified":"2023-03-28T16:55:22","modified_gmt":"2023-03-28T14:55:22","slug":"et-si-nous-parlions-finance","status":"publish","type":"page","link":"https:\/\/catholiques17.fr\/montlieu\/actualites\/et-si-nous-parlions-finance\/","title":{"rendered":"Et si nous parlions finance ?"},"content":{"rendered":"[et_pb_section fb_built=\u00a0\u00bb1&Prime; admin_label=\u00a0\u00bbsection\u00a0\u00bb _builder_version=\u00a0\u00bb4.16&Prime; custom_padding=\u00a0\u00bb14px|||||\u00a0\u00bb global_colors_info=\u00a0\u00bb{}\u00a0\u00bb theme_builder_area=\u00a0\u00bbpost_content\u00a0\u00bb][et_pb_row _builder_version=\u00a0\u00bb4.17.6&Prime; _module_preset=\u00a0\u00bbdefault\u00a0\u00bb custom_padding=\u00a0\u00bb11px|||||\u00a0\u00bb global_colors_info=\u00a0\u00bb{}\u00a0\u00bb theme_builder_area=\u00a0\u00bbpost_content\u00a0\u00bb][et_pb_column type=\u00a0\u00bb4_4&Prime; _builder_version=\u00a0\u00bb4.17.6&Prime; _module_preset=\u00a0\u00bbdefault\u00a0\u00bb global_colors_info=\u00a0\u00bb{}\u00a0\u00bb theme_builder_area=\u00a0\u00bbpost_content\u00a0\u00bb][et_pb_image src=\u00a0\u00bbhttps:\/\/catholiques17.fr\/montlieu\/wp-content\/uploads\/sites\/22\/2023\/03\/money-gd8864a689_1920.jpg\u00a0\u00bb title_text=\u00a0\u00bbmoney-gd8864a689_1920&Prime; align=\u00a0\u00bbcenter\u00a0\u00bb _builder_version=\u00a0\u00bb4.17.6&Prime; _module_preset=\u00a0\u00bbdefault\u00a0\u00bb border_radii=\u00a0\u00bbon|20px|20px|20px|20px\u00a0\u00bb global_colors_info=\u00a0\u00bb{}\u00a0\u00bb theme_builder_area=\u00a0\u00bbpost_content\u00a0\u00bb][\/et_pb_image][\/et_pb_column][\/et_pb_row][et_pb_row _builder_version=\u00a0\u00bb4.17.6&Prime; _module_preset=\u00a0\u00bbdefault\u00a0\u00bb global_colors_info=\u00a0\u00bb{}\u00a0\u00bb theme_builder_area=\u00a0\u00bbpost_content\u00a0\u00bb][et_pb_column type=\u00a0\u00bb4_4&Prime; _builder_version=\u00a0\u00bb4.17.6&Prime; _module_preset=\u00a0\u00bbdefault\u00a0\u00bb global_colors_info=\u00a0\u00bb{}\u00a0\u00bb theme_builder_area=\u00a0\u00bbpost_content\u00a0\u00bb][et_pb_text _builder_version=\u00a0\u00bb4.17.6&Prime; _module_preset=\u00a0\u00bbdefault\u00a0\u00bb hover_enabled=\u00a0\u00bb0&Prime; global_colors_info=\u00a0\u00bb{}\u00a0\u00bb theme_builder_area=\u00a0\u00bbpost_content\u00a0\u00bb sticky_enabled=\u00a0\u00bb0&Prime;]<p><strong>Vous \u00eates attach\u00e9s aux valeurs chr\u00e9tiennes,\u00a0<\/strong>au message de paix et d\u2019amour transmis par l\u2019Evangile.\u00a0<strong>Vous souhaitez que l\u2019Eglise puisse poursuivre sa mission,\u00a0<\/strong>servante de tous les hommes et en particulier de ceux qui souffrent.<\/p>\n<p><strong>Vous \u00eates reconnaissant de la pr\u00e9sence\u00a0<\/strong><strong>de l\u2019Eglise \u00e0 chaque \u00e9tape de la vie.\u00a0<\/strong>Une pr\u00e9sence qui est rendue possible par l\u2019engagement des pr\u00eatres et des salari\u00e9s la\u00efcs mais aussi des nombreux b\u00e9n\u00e9voles qui les soutiennent, par l\u2019existence de lieux de culte et de rassemblement.<\/p>\n<p><strong>Vous aussi vous faites vivre ce message\u00a0<\/strong><strong>d\u2019esp\u00e9rance,\u00a0<\/strong>par votre engagement dans votre paroisse ou dans une communaut\u00e9 chr\u00e9tienne, par votre attitude vis-\u00e0-vis des autres, par votre pri\u00e8re\u2026\u00a0<strong>Votre don\u00a0<\/strong><strong>est \u00e9galement un moyen concret de manifester votre appartenance et votre attachement \u00e0 l\u2019Eglise catholique.<\/strong><\/p>\n<p><!-- \/wp:post-content --><\/p>\n<p><!-- wp:paragraph --><\/p>\n<p><!-- \/wp:paragraph --><\/p>\n<p><!-- wp:paragraph --><\/p>[\/et_pb_text][\/et_pb_column][\/et_pb_row][et_pb_row _builder_version=\u00a0\u00bb4.17.6&Prime; _module_preset=\u00a0\u00bbdefault\u00a0\u00bb global_colors_info=\u00a0\u00bb{}\u00a0\u00bb theme_builder_area=\u00a0\u00bbpost_content\u00a0\u00bb][et_pb_column type=\u00a0\u00bb4_4&Prime; _builder_version=\u00a0\u00bb4.17.6&Prime; _module_preset=\u00a0\u00bbdefault\u00a0\u00bb global_colors_info=\u00a0\u00bb{}\u00a0\u00bb theme_builder_area=\u00a0\u00bbpost_content\u00a0\u00bb][et_pb_text _builder_version=\u00a0\u00bb4.17.6&Prime; _module_preset=\u00a0\u00bbdefault\u00a0\u00bb min_height=\u00a0\u00bb243px\u00a0\u00bb custom_margin=\u00a0\u00bb||-34px||false|false\u00a0\u00bb custom_padding=\u00a0\u00bb||1px||false|false\u00a0\u00bb global_colors_info=\u00a0\u00bb{}\u00a0\u00bb theme_builder_area=\u00a0\u00bbpost_content\u00a0\u00bb]<h2><span style=\"color: #008080;\"><strong>Le saviez-vous\u00a0?<\/strong><\/span><\/h2>\n<p><span style=\"color: #008080;\"><strong><\/strong><\/span><\/p>\n<p><strong><em>L\u2019Eglise ne re\u00e7oit aucune subvention de l\u2019Etat ni du Vatican<\/em><\/strong><\/p>\n<p>Depuis la loi de 1905 dite de \u00ab s\u00e9paration des Eglises et de l\u2019Etat \u00bb, la r\u00e9mun\u00e9ration du clerg\u00e9 n\u2019est plus prise en charge par l\u2019Etat : ce sont les fid\u00e8les qui doivent l\u2019assumer int\u00e9gralement. Par ailleurs, les \u00e9glises construites avant 1905 appartiennent aux communes ou \u00e0 l\u2019Etat, mais la paroisse finance le fonctionnement des lieux (chauffage, \u00e9clairage, mobilier, sono\u2026). Les b\u00e2timents datant d\u2019apr\u00e8s 1905 sont eux totalement \u00e0 la charge des paroisses et des dioc\u00e8ses.<\/p>\n<p><!-- \/wp:paragraph --><\/p>\n<p><!-- wp:paragraph --><\/p>\n<p><!-- \/wp:paragraph --><\/p>\n<p><!-- wp:paragraph --><\/p>\n<p><!-- \/wp:paragraph --><\/p>\n<p><!-- wp:paragraph --><\/p>[\/et_pb_text][\/et_pb_column][\/et_pb_row][et_pb_row _builder_version=\u00a0\u00bb4.17.6&Prime; _module_preset=\u00a0\u00bbdefault\u00a0\u00bb custom_margin=\u00a0\u00bb-48px|auto||auto||\u00a0\u00bb global_colors_info=\u00a0\u00bb{}\u00a0\u00bb theme_builder_area=\u00a0\u00bbpost_content\u00a0\u00bb][et_pb_column type=\u00a0\u00bb4_4&Prime; _builder_version=\u00a0\u00bb4.17.6&Prime; _module_preset=\u00a0\u00bbdefault\u00a0\u00bb global_colors_info=\u00a0\u00bb{}\u00a0\u00bb theme_builder_area=\u00a0\u00bbpost_content\u00a0\u00bb][et_pb_text _builder_version=\u00a0\u00bb4.17.6&Prime; _module_preset=\u00a0\u00bbdefault\u00a0\u00bb background_color=\u00a0\u00bb#FF8C00&Prime; min_height=\u00a0\u00bb97.6px\u00a0\u00bb custom_margin_tablet=\u00a0\u00bb0px||||false|false\u00a0\u00bb custom_margin_phone=\u00a0\u00bb0px||||false|false\u00a0\u00bb custom_margin_last_edited=\u00a0\u00bbon|desktop\u00a0\u00bb custom_padding=\u00a0\u00bb0px|13px||13px|false|false\u00a0\u00bb border_radii=\u00a0\u00bboff|20px||20px|\u00a0\u00bb global_colors_info=\u00a0\u00bb{}\u00a0\u00bb theme_builder_area=\u00a0\u00bbpost_content\u00a0\u00bb]<p style=\"text-align: center;\"><span style=\"color: #ffffff;\"><strong><\/strong><\/span><\/p>\n<p style=\"text-align: center;\"><span style=\"color: #ffffff;\"><strong>Votre don au Denier est d\u00e9ductible de votre imp\u00f4t sur le revenu. <\/strong><\/span><\/p>\n<p style=\"text-align: center;\"><span style=\"color: #ffffff;\"><strong>Si vous \u00eates imposable, vous pouvez d\u00e9duire de votre imp\u00f4t 66 % de votre don au denier.<\/strong><\/span><\/p>\n<p style=\"text-align: center;\"><span style=\"color: #ffffff;\"><strong><\/strong><\/span><\/p>[\/et_pb_text][\/et_pb_column][\/et_pb_row][et_pb_row column_structure=\u00a0\u00bb1_2,1_2&Prime; _builder_version=\u00a0\u00bb4.17.6&Prime; _module_preset=\u00a0\u00bbdefault\u00a0\u00bb min_height=\u00a0\u00bb674.8px\u00a0\u00bb custom_margin=\u00a0\u00bb|auto|-25px|auto||\u00a0\u00bb global_colors_info=\u00a0\u00bb{}\u00a0\u00bb theme_builder_area=\u00a0\u00bbpost_content\u00a0\u00bb][et_pb_column type=\u00a0\u00bb1_2&Prime; _builder_version=\u00a0\u00bb4.17.6&Prime; _module_preset=\u00a0\u00bbdefault\u00a0\u00bb global_colors_info=\u00a0\u00bb{}\u00a0\u00bb theme_builder_area=\u00a0\u00bbpost_content\u00a0\u00bb][et_pb_text _builder_version=\u00a0\u00bb4.17.6&Prime; _module_preset=\u00a0\u00bbdefault\u00a0\u00bb custom_margin=\u00a0\u00bb||-149px||false|false\u00a0\u00bb custom_padding=\u00a0\u00bb||0px|||\u00a0\u00bb global_colors_info=\u00a0\u00bb{}\u00a0\u00bb theme_builder_area=\u00a0\u00bbpost_content\u00a0\u00bb]<p style=\"text-align: center;\"><span style=\"color: #ff6600;\"><strong>La qu\u00eate <\/strong>:\u00a0<strong>le don pour aider votre paroisse<\/strong><\/span><\/p>\n<p>La qu\u00eate est une ressource vitale pour votre paroisse : elle sert \u00e0 couvrir les frais de fonctionnement comme le chauffage, l\u2019\u00e9lectricit\u00e9, les assurances et imp\u00f4ts fonciers, le fleurissement de l\u2019\u00e9glise ou les diff\u00e9rentes activit\u00e9s pastorales.<\/p>\n<p>Certains dimanches, la qu\u00eate est affect\u00e9e \u00e0 un usage sp\u00e9cifique (comme les vocations ou les missions), on parle alors de \u00abqu\u00eate imp\u00e9r\u00e9e \u00bb.<\/p>\n<p><strong>Comment et combien donner ?<\/strong><\/p>\n<p>L\u2019Eglise invite les fid\u00e8les \u00e0 donner au moins 2\u20ac .\u00a0 Il est important \u00e9galement de sensibiliser les enfants \u00e0 ce geste, en leur donnant une pi\u00e8ce de 20 centimes par exemple \u00e0 mettre dans le panier.\u00a0<em>\u00ab Je m\u2019arrange pour venir avec 2 \u20ac quand je me rends \u00e0 la messe : ce n\u2019est pas de trop pour aider ma paroisse \u00e0 faire face \u00e0 ses charges. \u00bb Christine<\/em><\/p>\n<p><strong>Le saviez\u2014vous ?<\/strong> La qu\u00eate a un v\u00e9ritable sens liturgique dans le d\u00e9roulement de la messe. Au moment o\u00f9 le pr\u00eatre pr\u00e9sente \u00e0 Dieu le Pain et le Vin \u2013 l\u2019Offertoire -les fid\u00e8les, par l\u2019acte de don \u00e0 la qu\u00eate, offrent une partie du fruit de leur travail.<\/p>\n<p><!-- \/wp:paragraph --><\/p>\n<p><!-- wp:paragraph --><\/p>\n<p><!-- \/wp:paragraph --><\/p>\n<p><!-- wp:paragraph --><\/p>\n<p><!-- \/wp:paragraph --><\/p>\n<p><!-- wp:paragraph --><\/p>\n<p><!-- \/wp:paragraph --><\/p>\n<p><!-- wp:paragraph --><\/p>\n<p><!-- \/wp:paragraph --><\/p>\n<p><!-- wp:paragraph --><\/p>\n<p><!-- \/wp:paragraph --><\/p>\n<p><!-- wp:paragraph --><\/p>\n<p><!-- \/wp:paragraph --><\/p>\n<p><!-- wp:paragraph --><\/p>[\/et_pb_text][\/et_pb_column][et_pb_column type=\u00a0\u00bb1_2&Prime; _builder_version=\u00a0\u00bb4.17.6&Prime; _module_preset=\u00a0\u00bbdefault\u00a0\u00bb global_colors_info=\u00a0\u00bb{}\u00a0\u00bb theme_builder_area=\u00a0\u00bbpost_content\u00a0\u00bb][et_pb_text _builder_version=\u00a0\u00bb4.17.6&Prime; _module_preset=\u00a0\u00bbdefault\u00a0\u00bb custom_margin=\u00a0\u00bb||0px||false|false\u00a0\u00bb custom_padding=\u00a0\u00bb||0px||false|false\u00a0\u00bb global_colors_info=\u00a0\u00bb{}\u00a0\u00bb theme_builder_area=\u00a0\u00bbpost_content\u00a0\u00bb]<p style=\"text-align: center;\"><span style=\"color: #ff6600;\"><strong>Le casuel : <\/strong><\/span><\/p>\n<p style=\"text-align: center;\"><span style=\"color: #ff6600;\"><strong>le don des grands moments de la vie des catholiques<\/strong><\/span><\/p>\n<p>On appelle \u00ab casuel \u00bb la participation donn\u00e9e lors d\u2019un mariage ou de fun\u00e9railles. Par votre offrande, vous participez \u00e0 la vie de la communaut\u00e9 qui vous accueille.<\/p>\n<p>Le montant de votre participation est laiss\u00e9e \u00e0 votre libre choix. A titre indicatif sachez cependant qu\u2019une offrande de 200 \u20ac est recommand\u00e9e dans notre dioc\u00e8se de La Rochelle. Elle comprend des offrandes pour des messes qui seront c\u00e9l\u00e9br\u00e9es par un pr\u00eatre \u00e0 vos intentions.<\/p>\n<p>Que ceux qui le peuvent et qui le souhaitent donnent plus, pour permettre \u00e0 l\u2019Eglise d\u2019accueillir ceux qui donnent moins.<\/p>\n<p>Le terme casuel vient de cas, pour d\u00e9signer cette offrande que l\u2019on fait cas par cas, pour des c\u00e9r\u00e9monies bien identifi\u00e9es.<\/p>\n<p>Lors d\u2019un bapt\u00eame, il est \u00e9galement demand\u00e9 une offrande libre.<\/p>\n<p><!-- \/wp:paragraph --><\/p>\n<p><!-- wp:paragraph --><\/p>\n<p><!-- \/wp:paragraph --><\/p>\n<p><!-- wp:paragraph --><\/p>\n<p><!-- \/wp:paragraph --><\/p>\n<p><!-- wp:paragraph --><\/p>\n<p><!-- \/wp:paragraph --><\/p>\n<p><!-- wp:paragraph --><\/p>\n<p><!-- \/wp:paragraph --><\/p>\n<p><!-- wp:paragraph --><\/p>[\/et_pb_text][\/et_pb_column][\/et_pb_row][et_pb_row _builder_version=\u00a0\u00bb4.17.6&Prime; _module_preset=\u00a0\u00bbdefault\u00a0\u00bb custom_margin=\u00a0\u00bb||-5px||false|false\u00a0\u00bb global_colors_info=\u00a0\u00bb{}\u00a0\u00bb theme_builder_area=\u00a0\u00bbpost_content\u00a0\u00bb][et_pb_column type=\u00a0\u00bb4_4&Prime; _builder_version=\u00a0\u00bb4.17.6&Prime; _module_preset=\u00a0\u00bbdefault\u00a0\u00bb global_colors_info=\u00a0\u00bb{}\u00a0\u00bb theme_builder_area=\u00a0\u00bbpost_content\u00a0\u00bb][et_pb_button button_url=\u00a0\u00bbhttps:\/\/donnons-catholiques17.fr\/\u00a0\u00bb url_new_window=\u00a0\u00bbon\u00a0\u00bb button_text=\u00a0\u00bbJe soutiens la mission de l&rsquo;Eglise en Charente-Maritime\u00a0\u00bb button_alignment=\u00a0\u00bbcenter\u00a0\u00bb _builder_version=\u00a0\u00bb4.17.6&Prime; _module_preset=\u00a0\u00bbdefault\u00a0\u00bb custom_button=\u00a0\u00bbon\u00a0\u00bb button_text_color=\u00a0\u00bb#00BAAD\u00a0\u00bb button_icon=\u00a0\u00bb&#x3d;||divi||400&Prime; global_colors_info=\u00a0\u00bb{}\u00a0\u00bb theme_builder_area=\u00a0\u00bbpost_content\u00a0\u00bb][\/et_pb_button][\/et_pb_column][\/et_pb_row][et_pb_row column_structure=\u00a0\u00bb1_2,1_2&Prime; _builder_version=\u00a0\u00bb4.17.6&Prime; _module_preset=\u00a0\u00bbdefault\u00a0\u00bb min_height=\u00a0\u00bb617.4px\u00a0\u00bb custom_padding=\u00a0\u00bb||0px||false|false\u00a0\u00bb global_colors_info=\u00a0\u00bb{}\u00a0\u00bb theme_builder_area=\u00a0\u00bbpost_content\u00a0\u00bb][et_pb_column type=\u00a0\u00bb1_2&Prime; _builder_version=\u00a0\u00bb4.17.6&Prime; _module_preset=\u00a0\u00bbdefault\u00a0\u00bb global_colors_info=\u00a0\u00bb{}\u00a0\u00bb theme_builder_area=\u00a0\u00bbpost_content\u00a0\u00bb][et_pb_text _builder_version=\u00a0\u00bb4.17.6&Prime; _module_preset=\u00a0\u00bbdefault\u00a0\u00bb min_height=\u00a0\u00bb556px\u00a0\u00bb custom_padding=\u00a0\u00bb||0px||false|false\u00a0\u00bb global_colors_info=\u00a0\u00bb{}\u00a0\u00bb theme_builder_area=\u00a0\u00bbpost_content\u00a0\u00bb]<p><!-- wp:paragraph --><\/p>\n<p style=\"text-align: center;\"><span style=\"color: #ff6600;\"><strong>Le Denier de l\u2019Eglise : la contribution annuelle des catholiques \u00e0 la vie de leur Eglise<\/strong><\/span><\/p>\n<p style=\"text-align: left;\">Le Denier est la principale ressource du dioc\u00e8se. Cette collecte sert \u00e0 faire face \u00e0 ses besoins : r\u00e9mun\u00e9ration des pr\u00eatres et des la\u00efcs salari\u00e9s, organisation des activit\u00e9s pastorales. Votre don permet \u00e0 l\u2019Eglise d\u2019accomplir sa mission : annoncer la parole de Dieu, c\u00e9l\u00e9brer les grands moments de la vie et servir toute personne.<\/p>\n<p style=\"text-align: left;\"><strong>Comment et combien donner ?\u00a0<\/strong>Vous pouvez donner par ch\u00e8que, opter pour le pr\u00e9l\u00e8vement automatique ou faire un don en ligne\u00a0: ceci vous est indiqu\u00e9 dans l\u2019enveloppe que vous recevez tous les ans \u00e0 cette occasion.<\/p>\n<p style=\"text-align: left;\">L\u2019Eglise conseille de donner l\u2019\u00e9quivalent d\u2019une ou deux journ\u00e9es de travail mais le montant de votre participation rel\u00e8ve d\u2019un choix personnel.<\/p>\n<p style=\"text-align: left;\">Chaque don compte !<\/p>\n<p style=\"text-align: left;\"><em>\u00abA chaque \u00e9tape de ma vie, j\u2019ai toujours trouv\u00e9 un pr\u00eatre disponible pour m\u2019accompagner. Reconnaissante, j\u2019estime qu\u2019il est de mon devoir de catholique de soutenir l\u2019Eglise. \u00bb Bernadette<\/em><\/p>\n<p><!-- \/wp:paragraph --><\/p>\n<p><!-- wp:paragraph --><\/p>\n<p><!-- \/wp:paragraph --><\/p>\n<p><!-- wp:paragraph --><\/p>\n<p><!-- \/wp:paragraph --><\/p>\n<p><!-- wp:paragraph --><\/p>\n<p><!-- \/wp:paragraph --><\/p>\n<p><!-- wp:paragraph --><\/p>\n<p><!-- \/wp:paragraph --><\/p>\n<p><!-- wp:paragraph --><\/p>\n<p><!-- \/wp:paragraph --><\/p>\n<p><!-- wp:paragraph --><\/p>[\/et_pb_text][\/et_pb_column][et_pb_column type=\u00a0\u00bb1_2&Prime; _builder_version=\u00a0\u00bb4.17.6&Prime; _module_preset=\u00a0\u00bbdefault\u00a0\u00bb global_colors_info=\u00a0\u00bb{}\u00a0\u00bb theme_builder_area=\u00a0\u00bbpost_content\u00a0\u00bb][et_pb_text _builder_version=\u00a0\u00bb4.17.6&Prime; _module_preset=\u00a0\u00bbdefault\u00a0\u00bb min_height=\u00a0\u00bb557.4px\u00a0\u00bb custom_padding=\u00a0\u00bb||0px||false|false\u00a0\u00bb global_colors_info=\u00a0\u00bb{}\u00a0\u00bb theme_builder_area=\u00a0\u00bbpost_content\u00a0\u00bb]<p style=\"text-align: center;\"><span style=\"color: #ff6600;\"><strong>Les offrandes de messe <\/strong>:\u00a0<\/span><\/p>\n<p style=\"text-align: center;\"><span style=\"color: #ff6600;\"><strong>une intention de pri\u00e8re et un geste de partage <\/strong><\/span><\/p>\n<p style=\"text-align: center;\">Chaque messe est c\u00e9l\u00e9br\u00e9e pour l\u2019Eglise et pour le monde entier. A la demande des fid\u00e8les, le pr\u00eatre peut ajouter une intention particuli\u00e8re : confier \u00e0 la pri\u00e8re de la communaut\u00e9 un d\u00e9funt, un malade, un jeune couple, un nouveau baptis\u00e9 ou rendre gr\u00e2ce \u00e0 la Vierge Marie\u2026\u00a0Cette intention de messe est traditionnelle\u00adment accompagn\u00e9e d\u2019une offrande : il s\u2019agit d\u2019un acte de partage de la part des fid\u00e8les.<\/p>\n<p><!-- \/wp:paragraph --><\/p>\n<p><!-- wp:paragraph --><\/p>\n<p><strong>Comment et combien donner ? <\/strong>Vous pouvez adresser vos intentions de pri\u00e8re et vos offrandes \u00e0 l\u2019accueil de votre paroisse ou aupr\u00e8s de votre cur\u00e9. Le montant recommand\u00e9 en 2023 est de 18 \u20ac par messe.<\/p>\n<p><em>\u00ab\u00a0Chaque ann\u00e9e, <\/em>\u00e0\u00a0<em>l\u2019occasion de\u00a0<\/em>notre\u00a0<em>anniver\u00ad<\/em><em>saire\u00a0<\/em>de\u00a0<em>mariage,\u00a0<\/em><em>nous offrons une messe pour\u00a0<\/em><em>toute notre famille.\u00a0\u00bb<\/em>\u00a0<em>Agn\u00e8s et Henri <\/em><\/p>\n<p><strong>Le saviez\u2014vous ? <\/strong>Les offrandes pour les messes participent \u00e0 la vie mat\u00e9rielle des pr\u00eatres.<\/p>\n<p><!-- \/wp:paragraph --><\/p>\n<p><!-- wp:paragraph --><\/p>\n<p><!-- \/wp:paragraph --><\/p>\n<p><!-- wp:paragraph --><\/p>\n<p><!-- \/wp:paragraph --><\/p>\n<p><!-- wp:paragraph --><\/p>\n<p><!-- \/wp:paragraph --><\/p>\n<p><!-- wp:paragraph --><\/p>\n<p><!-- \/wp:paragraph --><\/p>\n<p><!-- wp:paragraph --><\/p>\n<p><!-- \/wp:paragraph --><\/p>\n<p><!-- wp:paragraph --><\/p>\n<p><!-- \/wp:paragraph --><\/p>\n<p><!-- wp:paragraph --><\/p>\n<p><!-- \/wp:paragraph --><\/p>\n<p><!-- wp:paragraph --><\/p>\n<p><!-- \/wp:paragraph --><\/p>\n<p><!-- wp:paragraph --><\/p>\n<p><!-- \/wp:paragraph --><\/p>\n<p><!-- wp:paragraph --><\/p>\n<p><!-- \/wp:paragraph --><\/p>\n<p><!-- wp:paragraph --><\/p>[\/et_pb_text][\/et_pb_column][\/et_pb_row][\/et_pb_section]<!-- \/wp:paragraph -->","protected":false},"excerpt":{"rendered":"<p>Vous \u00eates attach\u00e9s aux valeurs chr\u00e9tiennes,\u00a0au message de paix et d\u2019amour transmis par l\u2019Evangile.\u00a0Vous souhaitez que l\u2019Eglise puisse poursuivre sa mission,\u00a0servante de tous les hommes et en particulier de ceux [&hellip;]<\/p>\n","protected":false},"author":31,"featured_media":0,"parent":4769,"menu_order":0,"comment_status":"closed","ping_status":"closed","template":"","meta":{"_et_pb_use_builder":"on","_et_pb_old_content":"<!-- wp:paragraph -->\n<p><strong><em>Donner \u00e0 l\u2019Eglise,&nbsp;<\/em><\/strong><strong><em>un v\u00e9ritable acte de foi<\/em><\/strong><\/p>\n<!-- \/wp:paragraph -->\n\n<!-- wp:paragraph -->\n<p><strong>Vous \u00eates attach\u00e9s aux valeurs chr\u00e9tiennes,&nbsp;<\/strong>au message de paix et d\u2019amour transmis par l\u2019Evangile.&nbsp;<strong>Vous souhaitez que l\u2019Eglise puisse poursuivre sa mission,&nbsp;<\/strong>servante de tous les hommes et en particulier de ceux qui souffrent.<\/p>\n<!-- \/wp:paragraph -->\n\n<!-- wp:paragraph -->\n<p><strong>Vous \u00eates reconnaissant de la pr\u00e9sence&nbsp;<\/strong><strong>de l\u2019Eglise \u00e0 chaque \u00e9tape de la vie.&nbsp;<\/strong>Une pr\u00e9sence qui est rendue possible par l\u2019engagement des pr\u00eatres et des salari\u00e9s la\u00efcs mais aussi des nombreux b\u00e9n\u00e9voles qui les soutiennent, par l\u2019existence de lieux de culte et de rassemblement.<\/p>\n<!-- \/wp:paragraph -->\n\n<!-- wp:paragraph -->\n<p><strong>Vous aussi vous faites vivre ce message&nbsp;<\/strong><strong>d\u2019esp\u00e9rance,&nbsp;<\/strong>par votre engagement dans votre paroisse ou dans une communaut\u00e9 chr\u00e9tienne, par votre attitude vis-\u00e0-vis des autres, par votre pri\u00e8re\u2026&nbsp;<strong>Votre don&nbsp;<\/strong><strong>est \u00e9galement un moyen concret de manifester votre appartenance et votre attachement \u00e0 l\u2019Eglise catholique.<\/strong><\/p>\n<!-- \/wp:paragraph -->\n\n<!-- wp:paragraph -->\n<p><strong>Le saviez-vous&nbsp;?<\/strong><\/p>\n<!-- \/wp:paragraph -->\n\n<!-- wp:paragraph -->\n<p><strong><em>L\u2019Eglise ne re\u00e7oit aucune subvention de l\u2019Etat ni du Vatican<\/em><\/strong><\/p>\n<!-- \/wp:paragraph -->\n\n<!-- wp:paragraph -->\n<p>Depuis la loi de 1905 dite de \u00ab s\u00e9paration des Eglises et de l\u2019Etat \u00bb, la r\u00e9mun\u00e9ration du clerg\u00e9 n\u2019est plus prise en charge par l\u2019Etat : ce sont les fid\u00e8les qui doivent l\u2019assumer int\u00e9gralement. Par ailleurs, les \u00e9glises construites avant 1905 appartiennent aux communes ou \u00e0 l\u2019Etat, mais la paroisse finance le fonctionnement des lieux (chauffage, \u00e9clairage, mobilier, sono\u2026). Les b\u00e2timents datant d\u2019apr\u00e8s 1905 sont eux totalement \u00e0 la charge des paroisses et des dioc\u00e8ses.<\/p>\n<!-- \/wp:paragraph -->\n\n<!-- wp:paragraph -->\n<p>Votre don au Denier est d\u00e9ductible de votre imp\u00f4t sur le revenu. Si vous \u00eates imposable, vous pouvez d\u00e9duire de votre imp\u00f4t 66 % de votre don au denier.<\/p>\n<!-- \/wp:paragraph -->\n\n<!-- wp:paragraph -->\n<p><strong><em>La qu\u00eate<\/em><\/strong>:&nbsp;<strong>le don pour aider votre paroisse<\/strong><\/p>\n<!-- \/wp:paragraph -->\n\n<!-- wp:paragraph -->\n<p>La qu\u00eate est une ressource vitale pour votre paroisse : elle sert \u00e0 couvrir les frais de fonctionnement comme le chauffage, l\u2019\u00e9lectricit\u00e9, les assurances et imp\u00f4ts fonciers, le fleurissement de l\u2019\u00e9glise ou les diff\u00e9rentes activit\u00e9s pastorales.<\/p>\n<!-- \/wp:paragraph -->\n\n<!-- wp:paragraph -->\n<p>Certains dimanches, la qu\u00eate est affect\u00e9e \u00e0 un usage sp\u00e9cifique (comme les vocations ou les missions), on parle alors de \u00abqu\u00eate imp\u00e9r\u00e9e \u00bb.<\/p>\n<!-- \/wp:paragraph -->\n\n<!-- wp:paragraph -->\n<p>\u2022 Comment et combien donner ?<\/p>\n<!-- \/wp:paragraph -->\n\n<!-- wp:paragraph -->\n<p>L\u2019Eglise invite les fid\u00e8les \u00e0 donner au moins 2 E. Il est important \u00e9galement de sensibiliser les enfants \u00e0 ce geste, en leur donnant une pi\u00e8ce de 20 centimes par exemple \u00e0 mettre dans le panier.<\/p>\n<!-- \/wp:paragraph -->\n\n<!-- wp:paragraph -->\n<p>\u00ab je m\u2019arrange pour venir avec 2 \u20ac quand je me rends \u00e0 la messe : ce n\u2019est pas de trop pour aider ma paroisse \u00e0 faire face \u00e0 ses charges. \u00bbChristine<\/p>\n<!-- \/wp:paragraph -->\n\n<!-- wp:paragraph -->\n<p>Le saviez\u2014vous ? La qu\u00eate a un v\u00e9ritable sens liturgique dans le d\u00e9roulement de la messe. Au moment o\u00f9 le pr\u00eatre pr\u00e9sente \u00e0 Dieu le Pain et le Vin \u2013 l\u2019Offertoire -les fid\u00e8les, par l\u2019acte de don \u00e0 la qu\u00eate, offrent une partie du fruit de leur travail.<\/p>\n<!-- \/wp:paragraph -->\n\n<!-- wp:paragraph -->\n<p><strong><em>Le casuelle<\/em>: don des grands moments de la vie des catholiques<\/strong><\/p>\n<!-- \/wp:paragraph -->\n\n<!-- wp:paragraph -->\n<p>On appelle \u00ab casuel \u00bb la participation donn\u00e9e lors d\u2019un mariage ou de fun\u00e9railles. Par votre offrande, vous participez \u00e0 la vie de la communaut\u00e9 qui vous accueille.<\/p>\n<!-- \/wp:paragraph -->\n\n<!-- wp:paragraph -->\n<p>Le montant de votre participation est laiss\u00e9e \u00e0 votre libre choix. A titre indicatif sachez cependant qu\u2019une offrande de 200 \u20ac est recommand\u00e9e dans notre dioc\u00e8se de La Rochelle et Saintes. Elle comprend des offrandes pour des messes qui seront c\u00e9l\u00e9br\u00e9es par un pr\u00eatre \u00e0 vos intentions.<\/p>\n<!-- \/wp:paragraph -->\n\n<!-- wp:paragraph -->\n<p>Que ceux qui le peuvent et qui le souhaitent donnent plus, pour permettre \u00e0 l\u2019Eglise d\u2019accueillir ceux qui donnent moins.<\/p>\n<!-- \/wp:paragraph -->\n\n<!-- wp:paragraph -->\n<p>Le terme casuel vient de cas, pour d\u00e9signer cette offrande que l\u2019on fait cas par cas, pour des c\u00e9r\u00e9monies bien identifi\u00e9es.<\/p>\n<!-- \/wp:paragraph -->\n\n<!-- wp:paragraph -->\n<p>Lors d\u2019un bapt\u00eame, il est \u00e9galement demand\u00e9 une offrande libre.<\/p>\n<!-- \/wp:paragraph -->\n\n<!-- wp:paragraph -->\n<p><strong><em>Le Denier de l\u2019Eglise<\/em>: la contribution annuelle des catholiques \u00e0 la vie de leur Eglise<\/strong><\/p>\n<!-- \/wp:paragraph -->\n\n<!-- wp:paragraph -->\n<p>Le Denier est la principale ressource du dioc\u00e8se. Cette collecte sert \u00e0 faire face \u00e0 ses besoins : r\u00e9mun\u00e9ration des pr\u00eatres et des la\u00efcs salari\u00e9s, organisation des activit\u00e9s pastorales. Votre don permet \u00e0 l\u2019Eglise d\u2019accomplir sa mission : annoncer la parole de Dieu, c\u00e9l\u00e9brer les grands moments de la vie et servir toute personne.<\/p>\n<!-- \/wp:paragraph -->\n\n<!-- wp:paragraph -->\n<p>\u2022 Comment et combien donner ?<\/p>\n<!-- \/wp:paragraph -->\n\n<!-- wp:paragraph -->\n<p>Vous pouvez donner par ch\u00e8que, opter pour le pr\u00e9l\u00e8vement automatique ou faire un don en ligne&nbsp;: ceci vous est indiqu\u00e9 dans l\u2019enveloppe que vous recevez tous les ans \u00e0 cette occasion.<\/p>\n<!-- \/wp:paragraph -->\n\n<!-- wp:paragraph -->\n<p>L\u2019Eglise conseille de donner l\u2019\u00e9quivalent d\u2019une ou deux journ\u00e9es de travail mais le montant de votre participation rel\u00e8ve d\u2019un choix personnel.<\/p>\n<!-- \/wp:paragraph -->\n\n<!-- wp:paragraph -->\n<p>Chaque don compte !<\/p>\n<!-- \/wp:paragraph -->\n\n<!-- wp:paragraph -->\n<p>\u00abA chaque \u00e9tape de ma vie, j\u2019ai toujours trouv\u00e9 un pr\u00eatre disponible pour m\u2019accompagner. Reconnaissante, j\u2019estime qu\u2019il est de mon devoir de catholique de soutenir l\u2019Eglise. \u00bb Bernadette<\/p>\n<!-- \/wp:paragraph -->\n\n<!-- wp:paragraph -->\n<p><strong><em>Les offrandes de messe<\/em><\/strong>:&nbsp;<strong>une intention de pri\u00e8re et un geste de partage<\/strong><\/p>\n<!-- \/wp:paragraph -->\n\n<!-- wp:paragraph -->\n<p>Chaque messe est c\u00e9l\u00e9br\u00e9e pour l\u2019Eglise et pour le monde entier.<\/p>\n<!-- \/wp:paragraph -->\n\n<!-- wp:paragraph -->\n<p>A la demande des fid\u00e8les, le pr\u00eatre peut ajouter une intention particuli\u00e8re : confier \u00e0 la pri\u00e8re de la communaut\u00e9 un d\u00e9funt, un malade, un jeune couple, un nouveau baptis\u00e9 ou rendre gr\u00e2ce \u00e0 la Vierge Marie\u2026<\/p>\n<!-- \/wp:paragraph -->\n\n<!-- wp:paragraph -->\n<p>Cette intention de messe est traditionnelle\u00adment accompagn\u00e9e d\u2019une offrande : il s\u2019agit d\u2019un acte de partage de la part des fid\u00e8les.<\/p>\n<!-- \/wp:paragraph -->\n\n<!-- wp:paragraph -->\n<p>\u2022&nbsp;<strong>Comment et combien donner ?<\/strong><\/p>\n<!-- \/wp:paragraph -->\n\n<!-- wp:paragraph -->\n<p>Vous pouvez adresser vos intentions de pri\u00e8re et vos offrandes \u00e0 l\u2019accueil de votre paroisse ou aupr\u00e8s de votre cur\u00e9. Le montant recommand\u00e9 en 2019 est de 17 \u20ac par messe.<\/p>\n<!-- \/wp:paragraph -->\n\n<!-- wp:paragraph -->\n<p><em>\u00ab Chaque ann\u00e9e,&nbsp;<\/em>\u00e0&nbsp;<em>l\u2019occasion de&nbsp;<\/em>notre&nbsp;<em>anniver\u00ad<\/em><em>saire&nbsp;<\/em>de&nbsp;<em>mariage,&nbsp;<\/em><em>nous offrons une messe pour&nbsp;<\/em><em>toute notre famille.<\/em>&nbsp;\u00bb&nbsp;<strong><em>Agn\u00e8s et Henri<\/em><\/strong><\/p>\n<!-- \/wp:paragraph -->\n\n<!-- wp:paragraph -->\n<p><strong>Le saviez\u2014vous ?<\/strong><\/p>\n<!-- \/wp:paragraph -->\n\n<!-- wp:paragraph -->\n<p>Les offrandes pour les messes participent \u00e0 la vie mat\u00e9rielle des pr\u00eatres.<\/p>\n<!-- \/wp:paragraph -->","_et_gb_content_width":"","footnotes":""},"class_list":["post-4776","page","type-page","status-publish","hentry"],"_links":{"self":[{"href":"https:\/\/catholiques17.fr\/montlieu\/wp-json\/wp\/v2\/pages\/4776","targetHints":{"allow":["GET"]}}],"collection":[{"href":"https:\/\/catholiques17.fr\/montlieu\/wp-json\/wp\/v2\/pages"}],"about":[{"href":"https:\/\/catholiques17.fr\/montlieu\/wp-json\/wp\/v2\/types\/page"}],"author":[{"embeddable":true,"href":"https:\/\/catholiques17.fr\/montlieu\/wp-json\/wp\/v2\/users\/31"}],"replies":[{"embeddable":true,"href":"https:\/\/catholiques17.fr\/montlieu\/wp-json\/wp\/v2\/comments?post=4776"}],"version-history":[{"count":8,"href":"https:\/\/catholiques17.fr\/montlieu\/wp-json\/wp\/v2\/pages\/4776\/revisions"}],"predecessor-version":[{"id":6125,"href":"https:\/\/catholiques17.fr\/montlieu\/wp-json\/wp\/v2\/pages\/4776\/revisions\/6125"}],"up":[{"embeddable":true,"href":"https:\/\/catholiques17.fr\/montlieu\/wp-json\/wp\/v2\/pages\/4769"}],"wp:attachment":[{"href":"https:\/\/catholiques17.fr\/montlieu\/wp-json\/wp\/v2\/media?parent=4776"}],"curies":[{"name":"wp","href":"https:\/\/api.w.org\/{rel}","templated":true}]}}