{"id":4774,"date":"2021-03-25T14:31:33","date_gmt":"2021-03-25T13:31:33","guid":{"rendered":"https:\/\/catholiques17.fr\/montlieu\/?page_id=4774"},"modified":"2026-03-23T09:58:43","modified_gmt":"2026-03-23T08:58:43","slug":"journal-paroissial-le-lien","status":"publish","type":"page","link":"https:\/\/catholiques17.fr\/montlieu\/actualites\/journal-paroissial-le-lien\/","title":{"rendered":"Journal paroissial \u201cLe Lien\u201d"},"content":{"rendered":"[et_pb_section fb_built=\u00a0\u00bb1&Prime; admin_label=\u00a0\u00bbsection\u00a0\u00bb _builder_version=\u00a0\u00bb4.16&Prime; custom_padding=\u00a0\u00bb7px|||||\u00a0\u00bb global_colors_info=\u00a0\u00bb{}\u00a0\u00bb theme_builder_area=\u00a0\u00bbpost_content\u00a0\u00bb][et_pb_row _builder_version=\u00a0\u00bb4.17.6&Prime; _module_preset=\u00a0\u00bbdefault\u00a0\u00bb custom_padding=\u00a0\u00bb5px|||||\u00a0\u00bb global_colors_info=\u00a0\u00bb{}\u00a0\u00bb theme_builder_area=\u00a0\u00bbpost_content\u00a0\u00bb][et_pb_column type=\u00a0\u00bb4_4&Prime; _builder_version=\u00a0\u00bb4.17.6&Prime; _module_preset=\u00a0\u00bbdefault\u00a0\u00bb global_colors_info=\u00a0\u00bb{}\u00a0\u00bb theme_builder_area=\u00a0\u00bbpost_content\u00a0\u00bb][et_pb_image src=\u00a0\u00bbhttps:\/\/catholiques17.fr\/montlieu\/wp-content\/uploads\/sites\/22\/2023\/03\/newspaper-g9544236bd_1280.png\u00a0\u00bb title_text=\u00a0\u00bbnewspaper-g9544236bd_1280&Prime; align=\u00a0\u00bbcenter\u00a0\u00bb _builder_version=\u00a0\u00bb4.17.6&Prime; _module_preset=\u00a0\u00bbdefault\u00a0\u00bb animation_style=\u00a0\u00bbslide\u00a0\u00bb global_colors_info=\u00a0\u00bb{}\u00a0\u00bb theme_builder_area=\u00a0\u00bbpost_content\u00a0\u00bb][\/et_pb_image][\/et_pb_column][\/et_pb_row][et_pb_row _builder_version=\u00a0\u00bb4.17.6&Prime; _module_preset=\u00a0\u00bbdefault\u00a0\u00bb global_colors_info=\u00a0\u00bb{}\u00a0\u00bb theme_builder_area=\u00a0\u00bbpost_content\u00a0\u00bb][et_pb_column type=\u00a0\u00bb4_4&Prime; _builder_version=\u00a0\u00bb4.17.6&Prime; _module_preset=\u00a0\u00bbdefault\u00a0\u00bb global_colors_info=\u00a0\u00bb{}\u00a0\u00bb theme_builder_area=\u00a0\u00bbpost_content\u00a0\u00bb][et_pb_text _builder_version=\u00a0\u00bb4.27.4&Prime; _module_preset=\u00a0\u00bbdefault\u00a0\u00bb global_colors_info=\u00a0\u00bb{}\u00a0\u00bb theme_builder_area=\u00a0\u00bbpost_content\u00a0\u00bb]<h2 style=\"text-align: center\"><span style=\"color: #ff6600\"><strong>Quatre possibilit\u00e9s d\u2019avoir le journal paroissial :<\/strong><\/span><\/h2>\n<p><!-- \/wp:post-content --><\/p>\n<p><!-- wp:list --><\/p>\n<ul>\n<ul><!-- wp:list-item --><\/ul>\n<\/ul>\n<ul>\n<ul>\n<li><em>Gratuitement par Internet, en communiquant votre adresse de courriel \/mail au <strong>P\u00e8re Camille Coly<\/strong> <strong>paroisse.saintetheresemontlieu<\/strong><\/em><strong>@gmail.com<\/strong><em>, en pr\u00e9cisant : \u00ab P\u00e8re Camille, je suis d\u2019accord pour recevoir Le Lien par courriel\/mail, voici mon adresse internet : \u2026\u2026\u2026\u2026.\u2026@\u2026\u2026\u2026\u2026..\u2026\u2026\u00bb<\/em><\/li>\n<li><strong>10 \u20ac \/ an<\/strong> pour le recevoir \u00e0 la sortie d\u2019une c\u00e9l\u00e9bration (ch\u00e8que \u00e0 l\u2019ordre de\u00a0<strong>Paroisse Sainte Th\u00e9r\u00e8se\u00a0<\/strong>\u00e0 remettre \u00e0 la Maison Paroissiale de Montlieu la Garde<\/li>\n<li><strong>Par la poste en s\u2019abonnant pour le prix de\u00a015 Euros\u00a0par an<\/strong>. Envoyer un cheque \u00e9tabli \u00e0 l\u2019ordre de \u00ab Paroisse Sainte Th\u00e9r\u00e8se de l\u2019Enfant J\u00e9sus \u00bb en pr\u00e9cisant votre adresse postale.<\/li>\n<li><strong>2 \u20ac l\u2019unit\u00e9<\/strong> distribu\u00e9e \u00e0 la sortie d\u2019une c\u00e9l\u00e9bration<\/li>\n<\/ul>\n<\/ul>[\/et_pb_text][\/et_pb_column][\/et_pb_row][et_pb_row _builder_version=\u00a0\u00bb4.17.6&Prime; _module_preset=\u00a0\u00bbdefault\u00a0\u00bb global_colors_info=\u00a0\u00bb{}\u00a0\u00bb theme_builder_area=\u00a0\u00bbpost_content\u00a0\u00bb][et_pb_column type=\u00a0\u00bb4_4&Prime; _builder_version=\u00a0\u00bb4.17.6&Prime; _module_preset=\u00a0\u00bbdefault\u00a0\u00bb global_colors_info=\u00a0\u00bb{}\u00a0\u00bb theme_builder_area=\u00a0\u00bbpost_content\u00a0\u00bb][et_pb_divider color=\u00a0\u00bb#FF8C00&Prime; _builder_version=\u00a0\u00bb4.17.6&Prime; _module_preset=\u00a0\u00bbdefault\u00a0\u00bb background_color=\u00a0\u00bb#FFFFFF\u00a0\u00bb global_colors_info=\u00a0\u00bb{}\u00a0\u00bb theme_builder_area=\u00a0\u00bbpost_content\u00a0\u00bb][\/et_pb_divider][\/et_pb_column][\/et_pb_row][et_pb_row admin_label=\u00a0\u00bbrow\u00a0\u00bb _builder_version=\u00a0\u00bb4.16&Prime; global_colors_info=\u00a0\u00bb{}\u00a0\u00bb theme_builder_area=\u00a0\u00bbpost_content\u00a0\u00bb][et_pb_column type=\u00a0\u00bb4_4&Prime; _builder_version=\u00a0\u00bb4.16&Prime; custom_padding=\u00a0\u00bb|||\u00a0\u00bb global_colors_info=\u00a0\u00bb{}\u00a0\u00bb custom_padding__hover=\u00a0\u00bb|||\u00a0\u00bb theme_builder_area=\u00a0\u00bbpost_content\u00a0\u00bb][et_pb_text admin_label=\u00a0\u00bbText\u00a0\u00bb _builder_version=\u00a0\u00bb4.27.5&Prime; background_size=\u00a0\u00bbinitial\u00a0\u00bb background_position=\u00a0\u00bbtop_left\u00a0\u00bb background_repeat=\u00a0\u00bbrepeat\u00a0\u00bb custom_padding=\u00a0\u00bb1px|||||\u00a0\u00bb hover_enabled=\u00a0\u00bb0&Prime; global_colors_info=\u00a0\u00bb{}\u00a0\u00bb theme_builder_area=\u00a0\u00bbpost_content\u00a0\u00bb sticky_enabled=\u00a0\u00bb0&Prime;]<p><span style=\"color: #008080\"><strong><br \/><a href=\"https:\/\/catholiques17.fr\/montlieu\/wp-content\/uploads\/sites\/22\/2026\/03\/le-lien-60.pdf\" target=\"_blank\" rel=\"noopener\">Le Lien n\u00b0 60 mars 2026 &#8211; avril 2026<\/a><br \/><a href=\"https:\/\/catholiques17.fr\/montlieu\/wp-content\/uploads\/sites\/22\/2026\/01\/Le-Lien-n\u00b0-59.pdf\" target=\"_blank\" rel=\"noopener\">Le Lien n\u00b0 59 de septembre 2025 \u00e0 f\u00e9vrier 2026<\/a><br \/><a href=\"https:\/\/catholiques17.fr\/montlieu\/wp-content\/uploads\/sites\/22\/2025\/06\/Le-Lien-N\u00b0-58.pdf\" target=\"_blank\" rel=\"noopener\" title=\"Le Lien n\u00b0 58\">Le Lien n\u00b0 58 du 29 juin au 5 octobre 2025<\/a><br \/><a href=\"https:\/\/catholiques17.fr\/montlieu\/wp-content\/uploads\/sites\/22\/2025\/04\/Le-Lien-N\u00b0-57.pdf\" target=\"_blank\" rel=\"noopener\">Le Lien n\u00b0 57 du 26 avril au 29 juin 2025<\/a><br \/><a href=\"https:\/\/catholiques17.fr\/montlieu\/wp-content\/uploads\/sites\/22\/2025\/01\/Le-Lien-N\u00b0-56.pdf\" target=\"_blank\" rel=\"noopener\">Le Lien n\u00b0 56 du 26 janvier 2025 au 13 avril<\/a><br \/><a href=\"https:\/\/catholiques17.fr\/montlieu\/wp-content\/uploads\/sites\/22\/2024\/11\/Le-Lien-N\u00b0-55.pdf\" target=\"_blank\" rel=\"noopener\">Le Lien n\u00b0 55 17 novembre 2024 au 26 janvier 2025<\/a><br \/><a href=\"https:\/\/catholiques17.fr\/montlieu\/wp-content\/uploads\/sites\/22\/2024\/09\/Le-Lien-N\u00b0-54.pdf\" target=\"_blank\" rel=\"noopener\">Le Lien n\u00b0 54 <\/a>6 septembre &#8211; 10 novembre 2024<br \/><a href=\"https:\/\/catholiques17.fr\/montlieu\/wp-content\/uploads\/sites\/22\/2024\/06\/Le-Lien-n\u00b0-53.pdf\" target=\"_blank\" rel=\"noopener\">Le Lien n\u00b0 53 \u00e9t\u00e9 2024<\/a><br \/><a href=\"https:\/\/catholiques17.fr\/montlieu\/wp-content\/uploads\/sites\/22\/2024\/03\/Le-Lien-n\u00b0-52.pdf\" target=\"_blank\" rel=\"noopener\">Le Lien n\u00b0 52 avril &#8211; mai 2024<\/a><br \/><a href=\"https:\/\/catholiques17.fr\/montlieu\/wp-content\/uploads\/sites\/22\/2024\/01\/Le-Lien-n\u00b051.pdf\" target=\"_blank\" rel=\"noopener\">Le Lien n\u00b0 51 janvier &#8211; mars 2024<\/a><br \/><a href=\"https:\/\/catholiques17.fr\/montlieu\/wp-content\/uploads\/sites\/22\/2023\/11\/Le-Lien-n\u00b0-50.pdf\" target=\"_blank\" rel=\"noopener\">Le Lien n\u00b0 50 du 11 novembre au 16 janvier 2024<\/a><br \/><a href=\"https:\/\/catholiques17.fr\/montlieu\/wp-content\/uploads\/sites\/22\/2023\/09\/Le-Lien-N\u00b0-49.pdf\" target=\"_blank\" rel=\"noopener\">Le Lien n\u00b0 49 du 8 septembre au 17 novembre 2023<\/a><br \/><a href=\"https:\/\/catholiques17.fr\/montlieu\/wp-content\/uploads\/sites\/22\/2023\/09\/Le-Lien-N\u00b0-48.pdf\" target=\"_blank\" rel=\"noopener\">Le\u00a0 Lien n\u00b0 48 du 1er juin au 30 juillet 2023<\/a><br \/><\/strong><\/span><span style=\"color: #008080\"><strong><a href=\"https:\/\/catholiques17.fr\/montlieu\/wp-content\/uploads\/sites\/22\/2023\/04\/Le-Lien-N\u00b0-47.pdf\" target=\"_blank\" rel=\"noopener\">Le Lien n\u00b0 47 du 4 avril au 4 juin 2023<\/a><br \/><a href=\"https:\/\/catholiques17.fr\/montlieu\/le-lien-n-46-du-4-fevrier-au-2-avril-2023\/\" target=\"_blank\" rel=\"noreferrer noopener\" style=\"color: #008080\"><\/a><\/strong><\/span><span style=\"color: #008080\"><\/span><\/p>\n<p><!-- \/wp:list-item --><\/p>\n<p><!-- wp:paragraph --><\/p>\n<p><!-- \/wp:paragraph --><\/p>[\/et_pb_text][\/et_pb_column][\/et_pb_row][\/et_pb_section]","protected":false},"excerpt":{"rendered":"<p>Quatre possibilit\u00e9s d\u2019avoir le journal paroissial : Gratuitement par Internet, en communiquant votre adresse de courriel \/mail au P\u00e8re Camille Coly paroisse.saintetheresemontlieu@gmail.com, en pr\u00e9cisant : \u00ab P\u00e8re Camille, je suis [&hellip;]<\/p>\n","protected":false},"author":31,"featured_media":0,"parent":4769,"menu_order":0,"comment_status":"closed","ping_status":"closed","template":"","meta":{"_et_pb_use_builder":"on","_et_pb_old_content":"<!-- wp:paragraph -->\n<p><strong>Quatre possibilit\u00e9s d\u2019avoir le journal paroissial:<\/strong><\/p>\n<!-- \/wp:paragraph -->\n\n<!-- wp:list -->\n<ul><!-- wp:list-item -->\n<li><em>Gratuitement par Internet, en communiquant votre adresse de courriel \/mail au <strong>P\u00e8re R\u00e9mi VEILLON<\/strong>. <\/em><strong>abberemiveillon@gmail.com<\/strong><em>, en pr\u00e9cisant : \u00ab P\u00e8re R\u00e9mi, je suis d\u2019accord pour recevoir Le Lien par courriel\/mail, voici mon adresse internet : \u2026\u2026\u2026\u2026.\u2026@\u2026\u2026\u2026\u2026..\u2026\u2026\u00bb<\/em><\/li>\n<!-- \/wp:list-item -->\n\n<!-- wp:list-item -->\n<li><strong>10 \u20ac \/ an<\/strong> pour le recevoir \u00e0 la sortie d\u2019une c\u00e9l\u00e9bration (ch\u00e8que \u00e0 l\u2019ordre de&nbsp;<strong>Paroisse Sainte Th\u00e9r\u00e8se&nbsp;<\/strong>\u00e0 remettre \u00e0 la Maison Paroissiale de Montlieu la Garde<\/li>\n<!-- \/wp:list-item -->\n\n<!-- wp:list-item -->\n<li><strong>Par la poste en s\u2019abonnant pour le prix de&nbsp;15 Euros&nbsp;par an<\/strong>. Envoyer un cheque \u00e9tabli \u00e0 l\u2019ordre de \u00ab Paroisse Sainte Th\u00e9r\u00e8se de l\u2019Enfant J\u00e9sus \u00bb en pr\u00e9cisant votre adresse postale.<\/li>\n<!-- \/wp:list-item -->\n\n<!-- wp:list-item -->\n<li><strong>2 \u20ac l\u2019unit\u00e9<\/strong> distribu\u00e9e \u00e0 la sortie d\u2019une c\u00e9l\u00e9bration<\/li>\n<!-- \/wp:list-item --><\/ul>\n<!-- \/wp:list -->\n\n<!-- wp:separator {\"opacity\":\"css\"} -->\n<hr class=\"wp-block-separator has-css-opacity\" \/>\n<!-- \/wp:separator -->\n\n<!-- wp:paragraph -->\n<p><strong><a href=\"https:\/\/catholiques17.fr\/montlieu\/le-lien-n-46-du-4-fevrier-au-2-avril-2023\/\" target=\"_blank\" rel=\"noreferrer noopener\">Le Lien n\u00b0 46 du 4 f\u00e9vrier au 2 avril 2023<\/a><\/strong><br><a rel=\"noreferrer noopener\" href=\"https:\/\/catholiques17.fr\/montlieu\/le-lien-n45\/\" data-type=\"URL\" data-id=\"https:\/\/catholiques17.fr\/montlieu\/le-lien-n45\/\" target=\"_blank\"><strong>Le Lien n\u00b0 45  du 26 novembre au 4 f\u00e9vrier 2023<\/strong><\/a><br><a rel=\"noreferrer noopener\" href=\"https:\/\/catholiques17.fr\/montlieu\/le-lien-n-44-septembre-octobre-2022\/\" target=\"_blank\"><strong>Le Lien n\u00b0 44 septembre - octobre 2022<\/strong><\/a><br><strong><a rel=\"noreferrer noopener\" href=\"https:\/\/catholiques17.fr\/montlieu\/?page_id=5495\" data-type=\"URL\" data-id=\"https:\/\/catholiques17.fr\/montlieu\/?page_id=5495\" target=\"_blank\">Le Lien n\u00b0 43 juillet - ao\u00fbt 2022<\/a><\/strong><br><a rel=\"noreferrer noopener\" href=\"https:\/\/catholiques17.fr\/montlieu\/le-lien-n-42\/\" target=\"_blank\"><strong>Le Lien n\u00b0 42 mai - juin 2022<\/strong><\/a><br><strong><a rel=\"noreferrer noopener\" href=\"https:\/\/catholiques17.fr\/montlieu\/le-lien-n-41\/\" target=\"_blank\">Le Lien n\u00b0 41 mars - avril 2022<\/a><\/strong><br><a href=\"https:\/\/drive.google.com\/file\/d\/1HeYJCC0j1LRn503tBPRp0h3y0krrqZKI\/view?usp=sharing\"><strong>Le Lien n\u00b040 janvie<\/strong><\/a><a rel=\"noreferrer noopener\" href=\"https:\/\/drive.google.com\/file\/d\/1HeYJCC0j1LRn503tBPRp0h3y0krrqZKI\/view?usp=sharing\" target=\"_blank\"><strong>r - f\u00e9vreir 202<\/strong><\/a><a href=\"https:\/\/drive.google.com\/file\/d\/1HeYJCC0j1LRn503tBPRp0h3y0krrqZKI\/view?usp=sharing\"><strong>2<\/strong><\/a><br><a rel=\"noreferrer noopener\" href=\"https:\/\/drive.google.com\/file\/d\/1xcgqOg81FPiMK5s5mvLEyukuTx_b9XRa\/view?usp=sharing\" target=\"_blank\"><strong>Le Lien n\u00b0 39 novembre - d\u00e9cembre 2021<\/strong><\/a><br><a rel=\"noreferrer noopener\" href=\"https:\/\/drive.google.com\/file\/d\/1jiPPGKPsfDFFxh57CMNQBsthyuz8fsjZ\/view?usp=sharing\" target=\"_blank\"><strong>Le lien n\u00b0 38 septembre - octobre 2021<\/strong><\/a><br><strong><a rel=\"noreferrer noopener\" href=\"https:\/\/drive.google.com\/file\/d\/1i6r6-1uY2SeienVAOp0X4SKxUmzrqQeZ\/view?usp=sharing\" target=\"_blank\">Le Lien n\u00b0 37 juillet - ao\u00fbt 2021<\/a><\/strong><br><strong><a rel=\"noreferrer noopener\" href=\"https:\/\/drive.google.com\/file\/d\/1cAgoruRI4sA98Yk3Aym7GvRznvMDMyok\/view?usp=sharing\" target=\"_blank\">Le Lien n\u00b0 36 mai - juin 2021<\/a><\/strong><br><strong><a rel=\"noreferrer noopener\" href=\"https:\/\/drive.google.com\/file\/d\/1FXWNhMWAEhJh1BS9PqIDSooTGBDZF8lL\/view?usp=sharing\" target=\"_blank\">Le lien n\u00b0 35 mars \u2013 avril 2021<\/a><\/strong><br><strong><a rel=\"noreferrer noopener\" href=\"https:\/\/drive.google.com\/file\/d\/1zge-aCZeiLdEOhOe-UsDOjWz8iEGc_82\/view?usp=sharing\" target=\"_blank\">Le lien n\u00b0 34 janvier \u2013 f\u00e9vrier 2021<\/a><\/strong><br><a rel=\"noreferrer noopener\" href=\"https:\/\/drive.google.com\/file\/d\/1uSqA3J3rkqGBrRizLTiXac-ZYt8tWInD\/view\" target=\"_blank\"><strong>Le lien n\u00b0 33 novembre \u2013 d\u00e9cembre 2020<\/strong><\/a><br><strong><a rel=\"noreferrer noopener\" href=\"https:\/\/drive.google.com\/file\/d\/10d95b25yvMzlh7InX4e5JawISsFDto37\/view?usp=sharing\" target=\"_blank\">Le lien n\u00b0 32 septembre \u2013 octobre 2020<\/a><\/strong><br>L<strong><a rel=\"noreferrer noopener\" href=\"https:\/\/drive.google.com\/file\/d\/1Vv51xKFAW94olJk1bKjjuAzExzhAq0hK\/view?usp=sharing\" target=\"_blank\">e lien n\u00b0 31 juillet \u2013 ao\u00fbt 2020<\/a><\/strong><br><strong><a rel=\"noreferrer noopener\" href=\"https:\/\/drive.google.com\/file\/d\/1T7suPaIjD9j-WLWt3DjSZb3DkrsNhBvN\/view?usp=sharing\" target=\"_blank\">Le lien n\u00b030 \u2013 mai \u2013 juin 2020<\/a><\/strong><br><a rel=\"noreferrer noopener\" href=\"https:\/\/drive.google.com\/file\/d\/1mKYpT-LPZgbKoiICiflr38yJTiPsv4ib\/view?usp=sharing\" target=\"_blank\"><strong>Le lien n\u00b029 \u2013 mars \u2013 avril 2020<\/strong><\/a><br><a rel=\"noreferrer noopener\" href=\"https:\/\/drive.google.com\/file\/d\/1GAwONuEyj3QeC8nxiSr5dQe12MlY_TIE\/view?usp=sharing\" target=\"_blank\">Le lien n\u00b028 \u2013 janvier \u2013 f\u00e9vrier 202<\/a><a href=\"https:\/\/drive.google.com\/file\/d\/1GAwONuEyj3QeC8nxiSr5dQe12MlY_TIE\/view?usp=sharing\">0<\/a><br><a rel=\"noreferrer noopener\" href=\"https:\/\/drive.google.com\/file\/d\/1rp5cgkH_H1k5BY-fqBYh2mKnMvhGG1pv\/view?usp=sharing\" target=\"_blank\">Le lien n\u00b027 \u2013 novembre \u2013 d\u00e9cembre 2019<\/a><br><a rel=\"noreferrer noopener\" href=\"https:\/\/drive.google.com\/file\/d\/1nsRvic8p9kltisGYXjWsPSKpg3jX29nC\/view?usp=sharing\" target=\"_blank\">Le lien n\u00b026 \u2013 septembre_octobre 2019<\/a><br><a rel=\"noreferrer noopener\" href=\"https:\/\/catholiques17.fr\/haute-saintonge\/wp-content\/uploads\/sites\/8\/2019\/07\/Le-Lien-N-25.pdf\" target=\"_blank\">Le lien n\u00b025<\/a><br><a rel=\"noreferrer noopener\" href=\"https:\/\/catholiques17.fr\/haute-saintonge\/wp-content\/uploads\/sites\/8\/2019\/07\/Le-Lien-N-24.pdf\" target=\"_blank\">Le lien n\u00b024<\/a><br><a rel=\"noreferrer noopener\" href=\"https:\/\/catholiques17.fr\/haute-saintonge\/wp-content\/uploads\/sites\/8\/2019\/07\/Le-Lien-N-23.pdf\" target=\"_blank\">Le lien n\u00b023<\/a><br><a rel=\"noreferrer noopener\" href=\"https:\/\/catholiques17.fr\/haute-saintonge\/wp-content\/uploads\/sites\/8\/2019\/07\/Le-Lien-N-22.pdf\" target=\"_blank\">Le lien n\u00b022<\/a><br><a rel=\"noreferrer noopener\" href=\"https:\/\/catholiques17.fr\/haute-saintonge\/wp-content\/uploads\/sites\/8\/2019\/07\/Le-Lien-N-21.pdf\" target=\"_blank\">Le lien n\u00b021<\/a><br><a rel=\"noreferrer noopener\" href=\"https:\/\/catholiques17.fr\/haute-saintonge\/wp-content\/uploads\/sites\/8\/2019\/07\/Le-Lien-N-20.pdf\" target=\"_blank\">Le lien n\u00b020<\/a><br><a rel=\"noreferrer noopener\" href=\"https:\/\/catholiques17.fr\/haute-saintonge\/wp-content\/uploads\/sites\/8\/2019\/07\/Le-Lien-N-19.pdf\" target=\"_blank\">Le lien n\u00b019<\/a><br><a rel=\"noreferrer noopener\" href=\"https:\/\/catholiques17.fr\/haute-saintonge\/wp-content\/uploads\/sites\/8\/2019\/07\/Le-Lien-N-18.pdf\" target=\"_blank\">Le lien n\u00b018<\/a><br><a rel=\"noreferrer noopener\" href=\"https:\/\/catholiques17.fr\/haute-saintonge\/wp-content\/uploads\/sites\/8\/2019\/07\/Le-Lien-N-17.pdf\" target=\"_blank\">Le lien n\u00b017<\/a><br><a rel=\"noreferrer noopener\" href=\"https:\/\/catholiques17.fr\/haute-saintonge\/wp-content\/uploads\/sites\/8\/2019\/07\/Le-Lien-N-16.pdf\" target=\"_blank\">Le lien n\u00b016<\/a><br><a rel=\"noreferrer noopener\" href=\"https:\/\/catholiques17.fr\/haute-saintonge\/wp-content\/uploads\/sites\/8\/2019\/07\/Le-Lien-N-15.pdf\" target=\"_blank\">Le lien n\u00b015<\/a><br><a rel=\"noreferrer noopener\" href=\"https:\/\/catholiques17.fr\/haute-saintonge\/wp-content\/uploads\/sites\/8\/2019\/07\/Le-Lien-N-14.pdf\" target=\"_blank\">Le lien n\u00b014<\/a><br><a rel=\"noreferrer noopener\" href=\"https:\/\/catholiques17.fr\/haute-saintonge\/wp-content\/uploads\/sites\/8\/2019\/07\/Le-Lien-N-13.pdf\" target=\"_blank\">Le lien n\u00b013<\/a><br><a rel=\"noreferrer noopener\" href=\"https:\/\/catholiques17.fr\/haute-saintonge\/wp-content\/uploads\/sites\/8\/2019\/07\/Le-Lien-N-12.pdf\" target=\"_blank\">Le lien n\u00b012<\/a><br><a rel=\"noreferrer noopener\" href=\"https:\/\/catholiques17.fr\/haute-saintonge\/wp-content\/uploads\/sites\/8\/2019\/07\/Le-Lien-N-11.pdf\" target=\"_blank\">Le lien n\u00b011<\/a><br><a rel=\"noreferrer noopener\" href=\"https:\/\/catholiques17.fr\/haute-saintonge\/wp-content\/uploads\/sites\/8\/2019\/07\/Le-Lien-N-10.pdf\" target=\"_blank\">Le lien n\u00b010<\/a><br><a rel=\"noreferrer noopener\" href=\"https:\/\/drive.google.com\/file\/d\/1nsRvic8p9kltisGYXjWsPSKpg3jX29nC\/view?usp=sharing\" target=\"_blank\">Le lien n\u00b026 septembre_octobre 2019<\/a><br><a rel=\"noreferrer noopener\" href=\"https:\/\/catholiques17.fr\/haute-saintonge\/wp-content\/uploads\/sites\/8\/2019\/07\/Le-Lien-N-25.pdf\" target=\"_blank\">Le lien n\u00b025<\/a><br><a rel=\"noreferrer noopener\" href=\"https:\/\/catholiques17.fr\/haute-saintonge\/wp-content\/uploads\/sites\/8\/2019\/07\/Le-Lien-N-24.pdf\" target=\"_blank\">Le lien n\u00b024<\/a><br><a rel=\"noreferrer noopener\" href=\"https:\/\/catholiques17.fr\/haute-saintonge\/wp-content\/uploads\/sites\/8\/2019\/07\/Le-Lien-N-23.pdf\" target=\"_blank\">Le lien n\u00b023<\/a><br><a rel=\"noreferrer noopener\" href=\"https:\/\/catholiques17.fr\/haute-saintonge\/wp-content\/uploads\/sites\/8\/2019\/07\/Le-Lien-N-22.pdf\" target=\"_blank\">Le lien n\u00b022<\/a><br><a rel=\"noreferrer noopener\" href=\"https:\/\/catholiques17.fr\/haute-saintonge\/wp-content\/uploads\/sites\/8\/2019\/07\/Le-Lien-N-21.pdf\" target=\"_blank\">Le lien n\u00b021<\/a><br><a rel=\"noreferrer noopener\" href=\"https:\/\/catholiques17.fr\/haute-saintonge\/wp-content\/uploads\/sites\/8\/2019\/07\/Le-Lien-N-20.pdf\" target=\"_blank\">Le lien n\u00b020<\/a><br><a rel=\"noreferrer noopener\" href=\"https:\/\/catholiques17.fr\/haute-saintonge\/wp-content\/uploads\/sites\/8\/2019\/07\/Le-Lien-N-19.pdf\" target=\"_blank\">Le lien n\u00b019<\/a><br><a rel=\"noreferrer noopener\" href=\"https:\/\/catholiques17.fr\/haute-saintonge\/wp-content\/uploads\/sites\/8\/2019\/07\/Le-Lien-N-18.pdf\" target=\"_blank\">Le lien n\u00b018<\/a><br><a rel=\"noreferrer noopener\" href=\"https:\/\/catholiques17.fr\/haute-saintonge\/wp-content\/uploads\/sites\/8\/2019\/07\/Le-Lien-N-17.pdf\" target=\"_blank\">Le lien n\u00b017<\/a><br><a rel=\"noreferrer noopener\" href=\"https:\/\/catholiques17.fr\/haute-saintonge\/wp-content\/uploads\/sites\/8\/2019\/07\/Le-Lien-N-16.pdf\" target=\"_blank\">Le lien n\u00b016<\/a><br><a rel=\"noreferrer noopener\" href=\"https:\/\/catholiques17.fr\/haute-saintonge\/wp-content\/uploads\/sites\/8\/2019\/07\/Le-Lien-N-15.pdf\" target=\"_blank\">Le lien n\u00b015<\/a><br><a rel=\"noreferrer noopener\" href=\"https:\/\/catholiques17.fr\/haute-saintonge\/wp-content\/uploads\/sites\/8\/2019\/07\/Le-Lien-N-14.pdf\" target=\"_blank\">Le lien n\u00b014<\/a><br><a rel=\"noreferrer noopener\" href=\"https:\/\/catholiques17.fr\/haute-saintonge\/wp-content\/uploads\/sites\/8\/2019\/07\/Le-Lien-N-13.pdf\" target=\"_blank\">Le lien n\u00b013<\/a><br><a rel=\"noreferrer noopener\" href=\"https:\/\/catholiques17.fr\/haute-saintonge\/wp-content\/uploads\/sites\/8\/2019\/07\/Le-Lien-N-12.pdf\" target=\"_blank\">Le lien n\u00b012<\/a><br><a rel=\"noreferrer noopener\" href=\"https:\/\/catholiques17.fr\/haute-saintonge\/wp-content\/uploads\/sites\/8\/2019\/07\/Le-Lien-N-11.pdf\" target=\"_blank\">Le lien n\u00b011<\/a><br><a rel=\"noreferrer noopener\" href=\"https:\/\/catholiques17.fr\/haute-saintonge\/wp-content\/uploads\/sites\/8\/2019\/07\/Le-Lien-N-10.pdf\" target=\"_blank\">Le lien n\u00b010<\/a><\/p>\n<!-- \/wp:paragraph -->","_et_gb_content_width":"","footnotes":""},"class_list":["post-4774","page","type-page","status-publish","hentry"],"_links":{"self":[{"href":"https:\/\/catholiques17.fr\/montlieu\/wp-json\/wp\/v2\/pages\/4774","targetHints":{"allow":["GET"]}}],"collection":[{"href":"https:\/\/catholiques17.fr\/montlieu\/wp-json\/wp\/v2\/pages"}],"about":[{"href":"https:\/\/catholiques17.fr\/montlieu\/wp-json\/wp\/v2\/types\/page"}],"author":[{"embeddable":true,"href":"https:\/\/catholiques17.fr\/montlieu\/wp-json\/wp\/v2\/users\/31"}],"replies":[{"embeddable":true,"href":"https:\/\/catholiques17.fr\/montlieu\/wp-json\/wp\/v2\/comments?post=4774"}],"version-history":[{"count":56,"href":"https:\/\/catholiques17.fr\/montlieu\/wp-json\/wp\/v2\/pages\/4774\/revisions"}],"predecessor-version":[{"id":7294,"href":"https:\/\/catholiques17.fr\/montlieu\/wp-json\/wp\/v2\/pages\/4774\/revisions\/7294"}],"up":[{"embeddable":true,"href":"https:\/\/catholiques17.fr\/montlieu\/wp-json\/wp\/v2\/pages\/4769"}],"wp:attachment":[{"href":"https:\/\/catholiques17.fr\/montlieu\/wp-json\/wp\/v2\/media?parent=4774"}],"curies":[{"name":"wp","href":"https:\/\/api.w.org\/{rel}","templated":true}]}}